{"id":914,"date":"2022-01-12T12:29:56","date_gmt":"2022-01-12T11:29:56","guid":{"rendered":"https:\/\/agora.xtec.cat\/insaferrer\/?page_id=914"},"modified":"2025-11-03T13:04:49","modified_gmt":"2025-11-03T12:04:49","slug":"associacio-de-families-dalumnes-afa","status":"publish","type":"page","link":"https:\/\/agora.xtec.cat\/insaferrer\/linstitut\/associacio-de-families-dalumnes-afa\/","title":{"rendered":"Associaci\u00f3 de fam\u00edlies d&#8217;alumnes (AFA)"},"content":{"rendered":"<h5><a href=\"#qui_som\">Qui som<\/a><\/h5>\n<h5><a href=\"#que_fem\">Qu\u00e8 fem<\/a><\/h5>\n<h5><a href=\"#associat\">Associa&#8217;t!<\/a><\/h5>\n<h5><a href=\"#extraescolars\">Activitats Extraescolars<\/a><\/h5>\n<h5><a href=\"#comissio\">Comissions<\/a><\/h5>\n<h5><a href=\"#documents\">Documents<\/a><\/h5>\n<h5><a href=\"#actes\">Actes<\/a><\/h5>\n<h5><a href=\"#contacte\">Contacte<\/a><\/h5>\n<h5><a href=\"#info-families-afa\">Informaci\u00f3 per les fam\u00edlies<\/a><\/h5>\n<h5><a href=\"https:\/\/agora.xtec.cat\/insaferrer\/noticies-afa\">Not\u00edcies<\/a><\/h5>\n<p>&nbsp;<\/p>\n<h3>Espai de l&#8217;Associaci\u00f3 de Fam\u00edlies d&#8217;Alumnes de l&#8217;Institut Angeleta Ferrer<\/h3>\n<hr \/>\n<h4><a id=\"qui_som\"><\/a><br \/>\nQUI SOM?<\/h4>\n<p><strong>L\u2019AFA AF<\/strong> som una associaci\u00f3 sense afany de lucre que agrupa les fam\u00edlies de l\u2019alumnat de l\u2019Institut STEAM Angeleta Ferrer. El nostre objectiu principal \u00e9s treballar conjuntament amb l\u2019Institut per donar suport fam\u00edlies, educadors i alumnat en tot all\u00f2 que faci refer\u00e8ncia a l&#8217;experi\u00e8ncia educativa de les noies i nois matriculats al centre.<\/p>\n<p>Com a AFA, els <strong>valors<\/strong> que volem promoure estan dirigits a <strong>fomentar la diversitat<\/strong>, <strong>la inclusi\u00f3, la sostenibilitat i la cura pel medi ambient i les persones<\/strong>. Aquests valors seran sempre presents de manera transversal en els processos i les activitats que s\u2019organitzin al centre per part de l\u2019AFA.<\/p>\n<p>Pensem, que les fam\u00edlies que formen part del centre hem d\u2019associar-nos a l\u2019AFA per:<\/p>\n<ul>\n<li><strong>Tenir veu.<\/strong> L\u2019AFA \u00e9s un lloc on compartir inquietuds i fer propostes al consell escolar, al claustre de Mestres i entre les fam\u00edlies<\/li>\n<li><strong>Corresponsabilitzar-nos.<\/strong> Formar part de l\u2019AFA \u00e9s la oportunitat per entendre el funcionament del centre i co-educar.<\/li>\n<li><strong>Participar.<\/strong> Ser de l\u2019AFA suposa ser part de la vida de l\u2019Institut tot contribuint a la millora de l\u2019escola p\u00fablica.<\/li>\n<\/ul>\n<h5><\/h5>\n<h5>JUNTA DIRECTIVA<\/h5>\n<p><span style=\"font-weight: 400;\">Actualment, la junta directiva de l\u2019AFA la formem les seg\u00fcents persones:<\/span><\/p>\n<p><b>Javier Richarte<\/b><span style=\"font-weight: 400;\"> (Presid\u00e8ncia)<\/span><\/p>\n<p><b>Noem\u00ed Lozano<\/b><span style=\"font-weight: 400;\"> (Vicepresid\u00e8ncia)<\/span><\/p>\n<p><b>Laia Avil\u00e9s <\/b><span style=\"font-weight: 400;\">(Secret\u00e0ries)<\/span><\/p>\n<h4><a id=\"que_fem\"><\/a><br \/>\nQU\u00c8 FEM?<\/h4>\n<p><span style=\"font-weight: 400;\">La voluntat de l\u2019AFA AF \u00e9s treballar formant <\/span><b>grups mixtes integrats per fam\u00edlies, educadors i alumnat<\/b><span style=\"font-weight: 400;\"> en activitats que donin resposta a necessitats i contribueixin al b\u00e9 com\u00fa de la comunitat educativa.<\/span><\/p>\n<p><b>Us animem a engrescar-vos<\/b><span style=\"font-weight: 400;\"> i formar part d\u2019aquests grups de treball per aconseguir que es facin realitat!. Si esteu interessats envieu un correu electr\u00f2nic a <\/span><a href=\"mailto:afa@insaferrer.cat\"><span style=\"font-weight: 400;\">afa@insaferrer.cat<\/span><\/a> <b>Hi ha molt per fer i l\u2019impossible el decidim nosaltres!<\/b><\/p>\n<p><span style=\"font-weight: 400;\">Sapigueu que\u00a0 <\/span><b>qualsevol persona s\u00f2cia pot proposar constituir una comissi\u00f3<\/b><span style=\"font-weight: 400;\"> tot proposant un grup de treball a la Junta Directiva i exposant les activitats que es vulguin dur a terme. La Junta Directiva valorar\u00e0 la sostenibilitat de la proposta i la sotmetr\u00e0 a votaci\u00f3 en assemblea per a la seva aprovaci\u00f3.<\/span><\/p>\n<h4><a id=\"associat\"><\/a><br \/>\nASSOCIA&#8217;T!<\/h4>\n<p><span style=\"font-weight: 400;\">Per ser soci\/s\u00f2cia de l\u2019AFA cal pagar una quota de <\/span><b>35 euros per fam\u00edlia<\/b><span style=\"font-weight: 400;\">.<\/span><\/p>\n<p><span style=\"font-weight: 400;\">Aquests diners serviran per:<\/span><\/p>\n<ul>\n<li aria-level=\"2\"><span style=\"font-weight: 400;\">Cobrir despeses de <\/span><b>funcionament estructural.<\/b><\/li>\n<\/ul>\n<ul>\n<li aria-level=\"2\"><span style=\"font-weight: 400;\">\u00a0<\/span><b>Organitzar activitats<\/b><span style=\"font-weight: 400;\"> per cohesionar la comunitat de fam\u00edlies.<\/span><\/li>\n<\/ul>\n<ul>\n<li aria-level=\"2\"><span style=\"font-weight: 400;\">Fer aportacions per a la <\/span><b>millora d\u2019equipament<\/b><span style=\"font-weight: 400;\"> i recursos al centre.<\/span><\/li>\n<\/ul>\n<p dir=\"ltr\">Proposem una quota solid\u00e0ria de 35 euros per cobrir les despeses de fundaci\u00f3 (taxes, gestoria i quota FAPAC).<\/p>\n<p><strong style=\"font-family: inherit; font-size: 1em;\">Com associar-se?<\/strong><\/p>\n<p><span style=\"font-weight: 400;\">A principi de curs les fam\u00edlies rebran un Dinantia amb l\u2019opci\u00f3 de pagament dels 35\u20ac ( Aquelles fam\u00edlies que tinguin m\u00e9s d\u2019un alumne al centre, tot i que Dinantia us dona l\u2019opci\u00f3 de marcar tots els fills\/es, nom\u00e9s hauran de marcar-ne un i fer <strong>UN \u00daNIC<\/strong> pagament de 35\u20ac).<\/span><\/p>\n<p>D\u2019altra banda tamb\u00e9 segueix obert la via de pagament a trav\u00e9s del compte de l\u2019AFA \u201cES14 1550 0001 2700 1460 0027\u201d indicant curs i nom de l\u2019alumne (en cas d\u2019haver-hi germans\/germanes, poseu nom\u00e9s el nom d\u2019un d\u2019ells).<\/p>\n<h4 dir=\"auto\">Activitats Extraescolars<\/h4>\n<table style=\"border-collapse: collapse; width: 100%; height: 74px;\">\n<tbody>\n<tr style=\"height: 32px;\">\n<td style=\"width: 20%; height: 32px;\">VOLEIBOL I (INICIACI\u00d3)<\/td>\n<td style=\"width: 20%; height: 32px;\">1r i 2n<\/td>\n<td style=\"width: 20%; height: 32px;\">Dilluns i Dimecres<\/td>\n<td style=\"width: 20%; height: 32px;\">16:00 a 17:00 h<\/td>\n<td style=\"width: 20%; height: 32px;\">34\u20ac\/mes<\/td>\n<\/tr>\n<tr style=\"height: 32px;\">\n<td style=\"width: 20%; height: 10px;\">VOLEIBOL II **<\/td>\n<td style=\"width: 20%; height: 10px;\">1r\u00a0 i 2n<\/p>\n<p>3r i\u00a0 4t<\/td>\n<td style=\"width: 20%; height: 10px;\">Dimarts i Dijous<\/td>\n<td style=\"width: 20%; height: 10px;\">16:00 a 17:00 h<\/td>\n<td style=\"width: 20%; height: 10px;\">34\u20ac\/mes<\/td>\n<\/tr>\n<tr style=\"height: 32px;\">\n<td style=\"width: 20%; height: 32px;\">ENGLISH (MS &amp; MR LENGUAGE)<\/td>\n<td style=\"width: 20%; height: 32px;\">\u00a01r a 4t<\/td>\n<td style=\"width: 20%; height: 32px;\">Dimecres<\/td>\n<td style=\"width: 20%; height: 32px;\">16:00 a 17:30 h<\/td>\n<td style=\"width: 20%; height: 32px;\">42\u20ac\/mes<\/td>\n<\/tr>\n<tr>\n<td style=\"width: 20%;\">ARTS ESC\u00c8NIQUES<\/td>\n<td style=\"width: 20%;\">1r a 4t<\/td>\n<td style=\"width: 20%;\">Dimecres<\/td>\n<td style=\"width: 20%;\">16:00 a 17:30 h<\/td>\n<td style=\"width: 20%;\">30\u20ac\/mes<\/td>\n<\/tr>\n<\/tbody>\n<\/table>\n<p>**<em>Amb possibilitat de participar a la lliga CEEB de Voleibol. Hi haur\u00e0 d&#8217;haver alumnat interessat per formar un equip. Els costos d&#8217;inscripci\u00f3 a la lliga s&#8217;abonaran a part.<\/em><\/p>\n<p>Per inscriure-us haureu d&#8217;accedir al bot\u00f3 verd &#8220;Inscripcions per l&#8217;aplicatiu&#8221; al seg\u00fcent enlla\u00e7: <a href=\"https:\/\/www.abacserveis.com\/activitats-extraescolars\">https:\/\/www.abacserveis.com\/activitats-extraescolars<\/a><\/p>\n<h4><\/h4>\n<h4>COMISSIONS<\/h4>\n<ul>\n<li dir=\"ltr\">\n<p dir=\"ltr\" role=\"presentation\">Comissi\u00f3 Espai Migdia<span style=\"font-family: inherit; font-size: 1em;\"><br \/>\n<\/span><span style=\"font-family: inherit; font-size: 1em;\">correu electr\u00f2nic contacte: <\/span><a style=\"font-family: inherit; font-size: 1em;\" href=\"mailto:espaimigdiaafa@insaferrer.cat\" target=\"_blank\" rel=\"noopener\">espaimigdiaafa@insaferrer.cat<\/a><\/p>\n<\/li>\n<\/ul>\n<ul>\n<li dir=\"ltr\">\n<p dir=\"ltr\" role=\"presentation\">Comissi\u00f3 Coeducaci\u00f3<span style=\"font-family: inherit; font-size: 1em;\"><br \/>\n<\/span><span style=\"font-family: inherit; font-size: 1em;\">correu electr\u00f2nic contacte: \u00a0<\/span><a style=\"font-family: inherit; font-size: 1em;\" href=\"mailto:coeducacioafa@insaferrer.cat\" target=\"_blank\" rel=\"noopener\">coeducacioafa@insaferrer.cat<\/a><\/p>\n<\/li>\n<li dir=\"ltr\">\n<p dir=\"ltr\" role=\"presentation\">Comissi\u00f3 extraescolars<span style=\"font-family: inherit; font-size: 1em;\"><br \/>\n<\/span><span style=\"font-family: inherit; font-size: 1em;\">correu electr\u00f2nic contacte:\u00a0 <\/span><a style=\"font-family: inherit; font-size: 1em;\" href=\"mailto:extraescolarsafa@insaferrer.cat\" target=\"_blank\" rel=\"noopener\">extraescolarsafa@insaferrer.<wbr \/>cat<\/a><\/p>\n<\/li>\n<\/ul>\n<h4><a id=\"documents\"><\/a><br \/>\nDOCUMENTS<\/h4>\n<p><span style=\"font-weight: 400;\">Pots consultar els Estatuts Fundacionals <\/span><b><a href=\"https:\/\/drive.google.com\/file\/d\/1PEduJNbr_BnVh8VXflC8Ir7nMBMErTxm\/view?usp=sharing\">aqu\u00ed<\/a><\/b><\/p>\n<p><b>\u00a0<\/b><a id=\"actes\"><\/a><\/p>\n<h4>ACTES<\/h4>\n<p><span style=\"font-weight: 400;\">Pots consultar les actes de les assemblees aqu\u00ed:<\/span><\/p>\n<ul>\n<li><span style=\"font-weight: 400;\">Assemblea del 5\/04\/2022 <\/span><b><a href=\"https:\/\/drive.google.com\/file\/d\/12Ld2OWKIDAN4SpvLxgV-gOKSOfZhVDZD\/view?usp=sharing\">aqu\u00ed<\/a>\u00a0<\/b><\/li>\n<li>Assemblea del 22\/10\/2025 <strong><a href=\"https:\/\/drive.google.com\/file\/d\/1hhNi9EY4iX8AWbknxVuMOSodbmiD48Mr\/view?usp=sharing\">aqu\u00ed<\/a><\/strong><\/li>\n<\/ul>\n<h4><a id=\"contacte\"><\/a><br \/>\nCONTACTE<\/h4>\n<p>AFA CONTACTE: <a href=\"mailto:afa@insaferrer.cat\">afa@insaferrer.cat<\/a><\/p>\n<h4><a id=\"info-families-afa\"><\/a><br \/>\nINFORMACI\u00d3 PER LES FAM\u00cdLIES<\/h4>\n<p><strong>P\u00e0gines Web i aplicacions restringides als ordinadors de l&#8217;institut:<\/strong><\/p>\n<p>Des de\u00a0 l\u2019institut ,i a petici\u00f3 de les fam\u00edlies, ens informen que les p\u00e0gines web i aplicacions que des del wifi de l\u2019Angeleta tenen registrides s\u00f3n:<\/p>\n<ul>\n<li>Jocs:\n<ul>\n<li>Minecraft<\/li>\n<li>Second Life<\/li>\n<li>Steam<\/li>\n<li>Minijuegos<\/li>\n<li>altres webs de Jocs.<\/li>\n<\/ul>\n<\/li>\n<li>Xarxes socials:\n<ul>\n<li>Facebook<\/li>\n<li>Instagram<\/li>\n<li>Twitter<\/li>\n<\/ul>\n<\/li>\n<li>Contingut Streaming:\n<ul>\n<li>Netflix<\/li>\n<li>Filmin<\/li>\n<\/ul>\n<\/li>\n<li>Comunicacions:\n<ul>\n<li>Whatsapp<\/li>\n<li>Snapchat<\/li>\n<li>Hangouts<\/li>\n<\/ul>\n<\/li>\n<\/ul>\n<p>Les p\u00e1gines\u00a0i aplicacions que no s&#8217;inclouen en aquesta llista queden determinades per la xarxa del Departament d\u2019Educaci\u00f3 i Formaci\u00f3 Professional i l\u2019institut no ho pot modificar.<\/p>\n","protected":false},"excerpt":{"rendered":"<p><a href=\"#qui_som\">Qui som<\/a><br \/>\n<a href=\"#que_fem\">Qu\u00e8 fem<\/a><br \/>\n<a href=\"#associat\">Associa&#8217;t!<\/a><br \/>\n<a href=\"#extraescolars\">Activitats Extraescolars<\/a><br \/>\n<a href=\"#comissio\">Comissions<\/a><br \/>\n<a href=\"#documents\">Documents<\/a><br \/>\n<a href=\"#actes\">Actes<\/a><br \/>\n<a href=\"#contacte\">Contacte<\/a><br \/>\n<a href=\"#info-families-afa\">Informaci\u00f3 per les fam\u00edlies<\/a><br \/>\n<a href=\"https:\/\/agora.xtec.cat\/insaferrer\/noticies-afa\">Not\u00edcies<\/a><br \/>\n&nbsp;<br \/>\nEspai de l&#8217;Associaci\u00f3 de Fam\u00edlies d&#8217;Alumnes de l&#8217;Institut Angeleta Ferrer<\/p>\n<p><a id=\"qui_som\"><\/a><br \/>\nQUI SOM?<br \/>\nL\u2019AFA AF som una associaci\u00f3 sense afany de lucre que agrupa les fam\u00edlies de l\u2019alumnat de l\u2019Institut STEAM&hellip;  <a href=\"https:\/\/agora.xtec.cat\/insaferrer\/linstitut\/associacio-de-families-dalumnes-afa\/\" title=\"Read Associaci\u00f3 de fam\u00edlies d&#8217;alumnes (AFA)\">Llegeix m\u00e9s\u00bb<\/a><\/p>\n","protected":false},"author":3,"featured_media":0,"parent":19,"menu_order":0,"comment_status":"closed","ping_status":"closed","template":"page-templates\/side-menu.php","meta":{"_bbp_topic_count":0,"_bbp_reply_count":0,"_bbp_total_topic_count":0,"_bbp_total_reply_count":0,"_bbp_voice_count":0,"_bbp_anonymous_reply_count":0,"_bbp_topic_count_hidden":0,"_bbp_reply_count_hidden":0,"_bbp_forum_subforum_count":0,"footnotes":""},"class_list":["post-914","page","type-page","status-publish","hentry"],"post_mailing_queue_ids":[],"_links":{"self":[{"href":"https:\/\/agora.xtec.cat\/insaferrer\/wp-json\/wp\/v2\/pages\/914","targetHints":{"allow":["GET"]}}],"collection":[{"href":"https:\/\/agora.xtec.cat\/insaferrer\/wp-json\/wp\/v2\/pages"}],"about":[{"href":"https:\/\/agora.xtec.cat\/insaferrer\/wp-json\/wp\/v2\/types\/page"}],"author":[{"embeddable":true,"href":"https:\/\/agora.xtec.cat\/insaferrer\/wp-json\/wp\/v2\/users\/3"}],"replies":[{"embeddable":true,"href":"https:\/\/agora.xtec.cat\/insaferrer\/wp-json\/wp\/v2\/comments?post=914"}],"version-history":[{"count":7,"href":"https:\/\/agora.xtec.cat\/insaferrer\/wp-json\/wp\/v2\/pages\/914\/revisions"}],"predecessor-version":[{"id":3156,"href":"https:\/\/agora.xtec.cat\/insaferrer\/wp-json\/wp\/v2\/pages\/914\/revisions\/3156"}],"up":[{"embeddable":true,"href":"https:\/\/agora.xtec.cat\/insaferrer\/wp-json\/wp\/v2\/pages\/19"}],"wp:attachment":[{"href":"https:\/\/agora.xtec.cat\/insaferrer\/wp-json\/wp\/v2\/media?parent=914"}],"curies":[{"name":"wp","href":"https:\/\/api.w.org\/{rel}","templated":true}]}}