{"id":620,"date":"2021-09-18T17:56:18","date_gmt":"2021-09-18T15:56:18","guid":{"rendered":"https:\/\/agora.xtec.cat\/insaferrer\/?page_id=620"},"modified":"2023-09-05T11:24:18","modified_gmt":"2023-09-05T09:24:18","slug":"menjador-escolar","status":"publish","type":"page","link":"https:\/\/agora.xtec.cat\/insaferrer\/menjador-escolar\/","title":{"rendered":"Menjador escolar &#8211; Espai migdia"},"content":{"rendered":"<p>La prestaci\u00f3 del servei escolar de menjador a l&#8217;Institut est\u00e0 a c\u00e0rrec de l&#8217;empresa <a href=\"https:\/\/www.abacserveis.com\/espai-migdia\">\u00c0BAC<\/a>.<\/p>\n<p>Des d\u2019\u00c0bac proposen que l\u2019Espai Migdia \u00e9s molt m\u00e9s que un servei alimentari, \u00e9s un temps de lleure educatiu. La seva voluntat \u00e9s treballar transversalment amb l\u2019horari lectiu per donar coher\u00e8ncia a l&#8217;acci\u00f3 educativa del centre durant tot el seu horari, respectant, en tot moment, la subjectivitat i el ritme de cada nen i nena.<\/p>\n<p>\u00c0bac treballa els h\u00e0bits alimentaris estimulant l\u2019autonomia, i l\u2019inter\u00e8s per l\u2019alimentaci\u00f3 saludable, fent-los aix\u00ed m\u00e9s protagonistes de l\u2019acte social de menjar. Fomentem la vessant educativa per cultivar la curiositat per saber que hi ha al darrere dels diferents plats, el gust per menjar b\u00e9 en tots els sentits (sa, sostenible i just).<\/p>\n<h4>Atenci\u00f3 i comunicaci\u00f3 amb les fam\u00edlies<\/h4>\n<p>\u200bPer comunicar abs\u00e8ncies, \u00fas espor\u00e0dic, dietes astringents, especificitats de men\u00fa o altres incid\u00e8ncies de 8 h a 9 h del mat\u00ed via<br \/>\ncorreu electr\u00f2nic: info<span class=\"\">@abacserveis.com<\/span><\/p>\n<p>Tamb\u00e9 serveix per a <strong>comunicar-se amb coordinaci\u00f3 del menjador<\/strong> per cap incid\u00e8ncia, fer consultes relacionades amb el menjador, fer correccions en els dies d&#8217;assist\u00e8ncia a menjador o demanar alguna correcci\u00f3 en les dades banc\u00e0ries, funci\u00f3 que \u00fanicament poden fer les nostres coordinadores.<\/p>\n<p>Si necessiteu un contacte m\u00e9s personalitzat, podeu adre\u00e7ar-vos a:<\/p>\n<p style=\"padding-left: 80px;\">Tel: 933.601.044<br \/>\ninfo@abacserveis.com<\/p>\n<h4>Formulari d&#8217;inscripci\u00f3<\/h4>\n<p><a href=\"https:\/\/docs.google.com\/forms\/d\/e\/1FAIpQLSeJ1R52iXYJaUjKAFbYZomuYRBdI54a9JsM0OhqW87TWRQTIA\/viewform\">Formulari d&#8217;inscripci\u00f3<\/a><\/p>\n<p>&nbsp;<\/p>\n<p>&nbsp;<\/p>\n<p>&nbsp;<\/p>\n","protected":false},"excerpt":{"rendered":"<p>La prestaci\u00f3 del servei escolar de menjador a l&#8217;Institut est\u00e0 a c\u00e0rrec de l&#8217;empresa <a href=\"https:\/\/www.abacserveis.com\/espai-migdia\">\u00c0BAC<\/a>.<br \/>\nDes d\u2019\u00c0bac proposen que l\u2019Espai Migdia \u00e9s molt m\u00e9s que un servei alimentari, \u00e9s un temps de lleure educatiu. La seva voluntat \u00e9s treballar transversalment amb l\u2019horari lectiu per donar&hellip;  <a href=\"https:\/\/agora.xtec.cat\/insaferrer\/menjador-escolar\/\" title=\"Read Menjador escolar &#8211; Espai migdia\">Llegeix m\u00e9s\u00bb<\/a><\/p>\n","protected":false},"author":1,"featured_media":0,"parent":0,"menu_order":0,"comment_status":"closed","ping_status":"closed","template":"","meta":{"_bbp_topic_count":0,"_bbp_reply_count":0,"_bbp_total_topic_count":0,"_bbp_total_reply_count":0,"_bbp_voice_count":0,"_bbp_anonymous_reply_count":0,"_bbp_topic_count_hidden":0,"_bbp_reply_count_hidden":0,"_bbp_forum_subforum_count":0,"footnotes":""},"class_list":["post-620","page","type-page","status-publish","hentry"],"post_mailing_queue_ids":[],"_links":{"self":[{"href":"https:\/\/agora.xtec.cat\/insaferrer\/wp-json\/wp\/v2\/pages\/620","targetHints":{"allow":["GET"]}}],"collection":[{"href":"https:\/\/agora.xtec.cat\/insaferrer\/wp-json\/wp\/v2\/pages"}],"about":[{"href":"https:\/\/agora.xtec.cat\/insaferrer\/wp-json\/wp\/v2\/types\/page"}],"author":[{"embeddable":true,"href":"https:\/\/agora.xtec.cat\/insaferrer\/wp-json\/wp\/v2\/users\/1"}],"replies":[{"embeddable":true,"href":"https:\/\/agora.xtec.cat\/insaferrer\/wp-json\/wp\/v2\/comments?post=620"}],"version-history":[{"count":3,"href":"https:\/\/agora.xtec.cat\/insaferrer\/wp-json\/wp\/v2\/pages\/620\/revisions"}],"predecessor-version":[{"id":1757,"href":"https:\/\/agora.xtec.cat\/insaferrer\/wp-json\/wp\/v2\/pages\/620\/revisions\/1757"}],"wp:attachment":[{"href":"https:\/\/agora.xtec.cat\/insaferrer\/wp-json\/wp\/v2\/media?parent=620"}],"curies":[{"name":"wp","href":"https:\/\/api.w.org\/{rel}","templated":true}]}}