{"id":2296,"date":"2024-07-12T17:27:05","date_gmt":"2024-07-12T15:27:05","guid":{"rendered":"https:\/\/agora.xtec.cat\/insaferrer\/?page_id=2296"},"modified":"2024-08-31T11:34:48","modified_gmt":"2024-08-31T09:34:48","slug":"projecte-educatiu-de-centre","status":"publish","type":"page","link":"https:\/\/agora.xtec.cat\/insaferrer\/projecte-educatiu-de-centre\/","title":{"rendered":"Projecte educatiu de centre"},"content":{"rendered":"<p>Els objectius d\u2019ensenyament-aprenentatge de l\u2019Institut Angeleta Ferrer s\u00f3n la consecuci\u00f3 del curr\u00edculum vigent a Catalunya i l\u2019assoliment d\u2019un aprenentatge profund.<\/p>\n<h5><strong>Primer objectiu: Assoliment del curr\u00edculum competencial<\/strong><\/h5>\n<p>Com a centre educatiu p\u00fablic, l\u2019institut es regeix pel<a href=\"https:\/\/portaljuridic.gencat.cat\/ca\/document-del-pjur\/?documentId=938401\"> Decret 175\/2022<\/a>, de 27 de setembre de 2022, d&#8217;ordenaci\u00f3 dels ensenyaments de l&#8217;educaci\u00f3 b\u00e0sica que desenvolupa un curr\u00edculum centrat en <strong>l\u2019aprenentatge competencial<\/strong> (en l\u2019adquisici\u00f3 de la capacitat de mobilitzar coneixements, habilitats, actituds en diferents contextos); <strong>personalitzat<\/strong> (que permeti la participaci\u00f3 i aprenentatge de tot l\u2019alumnat tenint en compte la seva diversitat i inclusi\u00f3) i <strong>globalitzat<\/strong> (de manera que, no nom\u00e9s s\u2019interrelacionin els sabers de diversos camps de coneixement, sin\u00f3 que permetin abordar les situacions\/ problemes des de la seva complexitat). Per aquest motiu es dona sentit als aprenentatges a trav\u00e9s de vincular-los a situacions, q\u00fcestions i problemes reals que permetin afrontar amb \u00e8xit els principals reptes i desafiaments globals del segle XXI.<\/p>\n<h5><strong>Segon objectiu: Assoliment d\u2019un aprenentatge profund<\/strong><\/h5>\n<p>A l\u2019Institut Angeleta Ferrer valorem l\u2019enfocament anomenat \u201c<a href=\"https:\/\/deeper-learning.org\/\">aprenentatge m\u00e9s profund<\/a>\u201d que identifica un enfocament educatiu globalitzat a partir de sis aprenentatges b\u00e0sics que capaciten l\u2019alumnat per actuar amb \u00e8xit en un m\u00f3n complex i canviant:<\/p>\n<p><strong>1. Domini de compet\u00e8ncies b\u00e0siques<\/strong>: els estudiants posen atenci\u00f3 a desenvolupar compet\u00e8ncies i acostumen a centrar la seva base acad\u00e8mica en la lectura, l\u2019escriptura, la matem\u00e0tica i la ci\u00e8ncia. Se centren en la comprensi\u00f3 de principis i procediments clau i aprofiten els seus coneixements per desenvolupar noves tasques.<br \/>\n<strong>2. Pensament cr\u00edtic i resoluci\u00f3 de problemes:<\/strong> els estudiants pensen de forma cr\u00edtica, anal\u00edtica i creativa. Saben trobar, avaluar i sintetitzar la informaci\u00f3 per construir coneixements. S\u2019orienten a resoldre problemes complexos, afrontar reptes rellevants o crear productes en equip.<br \/>\n<strong>3. Col\u00b7laboraci\u00f3:<\/strong> els estudiants treballen i aprenen col\u00b7laborativament. Comuniquen i entenen diferents punts de vista i saben cooperar i treballar en equip per aconseguir objectius compartits.<br \/>\n<strong>4. Comunicaci\u00f3 efectiva:<\/strong> els estudiants es comuniquen de manera efectiva. Construeixen coneixements a trav\u00e9s de la interacci\u00f3 social, l\u2019escolta activa i el feedback positiu. Comuniquen els processos i els resultats del seu aprenentatge a la comunitat.<br \/>\n<strong>5. Aprenentatge autodirigit:<\/strong> els estudiants orienten el seu propi aprenentatge. Estableixen objectius, controlen el seu propi progr\u00e9s i reflexionen sobre els seus punts forts i les \u00e0rees de millora. Aprenen a veure els contratemps com a oportunitats de retroalimentaci\u00f3 i creixement.<br \/>\n<strong>6. Mentalitat acad\u00e8mica i de creixement:<\/strong> els estudiants amb mentalitat de creixement tenen una forta confian\u00e7a en ells mateixos. Confien en les seves pr\u00f2pies capacitats i creuen que el seu esfor\u00e7 els portar\u00e0 a aprendre, de manera que persisteixen per superar els obstacles. Tamb\u00e9 aprenen i es donen suport m\u00fatuament. Veuen la rellev\u00e0ncia dels seus treballs escolars per al m\u00f3n real i el seu \u00e8xit futur.<\/p>\n<h5><strong>Tercer objectiu: Desenvolupament de formaci\u00f3 docent i recerca educativa<\/strong><\/h5>\n<p>L\u2019Institut Angeleta Ferrer integra i vertebra l\u2019acci\u00f3 educativa pr\u00f2pia d\u2019un centre educatiu amb un<br \/>\n<a href=\"https:\/\/agora.xtec.cat\/insaferrer\/programa-angeleta-ferrer\/\">Programa de recerca cient\u00edfica i educativa, la innovaci\u00f3 pedag\u00f2gica i un projecte de formaci\u00f3 del<\/a><br \/>\nprofessorat. Per aquest motiu tamb\u00e9 assumeix objectius relacionats amb el Programa com els<br \/>\nseg\u00fcents:<br \/>\n1. Desenvolupa una formaci\u00f3 docent avan\u00e7ada en metodologies competencials i personalitzades.<br \/>\n2. Permet una actualitzaci\u00f3 cient\u00edfica i did\u00e0ctica del professorat del centre.<br \/>\n3. Contribueix al lideratge per a la transformaci\u00f3 de l\u2019educaci\u00f3 secund\u00e0ria.<br \/>\n4. Desenvolupa recerca educativa a peu d\u2019aula.<br \/>\n5. Catalitza un di\u00e0leg igualitari amb altres institucions (Universitats, Programes).<br \/>\n6. Fa disseminaci\u00f3 i difusi\u00f3 de nous coneixements i pr\u00e0ctiques de refer\u00e8ncia (Jornades)<br \/>\n7. Esdev\u00e9 un agent actiu a les xarxes internacionals de centres innovadors.<\/p>\n<h4>Projecte educatiu de centre<\/h4>\n<p><iframe loading=\"lazy\" src=\"https:\/\/docs.google.com\/presentation\/d\/e\/2PACX-1vQz634Ivoi6FIWo9qRopC_JHf-qCNGJAR6Yh9W8cVN-DWv7bMAExf-xX575L08weu1K3tyBsljRE5cZ\/embed?start=true&amp;loop=false&amp;delayms=1900\" width=\"1900\" height=\"750\" frameborder=\"0\" allowfullscreen=\"allowfullscreen\"><span data-mce-type=\"bookmark\" style=\"display: inline-block; width: 0px; overflow: hidden; line-height: 0;\" class=\"mce_SELRES_start\">\ufeff<\/span><\/iframe><\/p>\n<p>Projecte educatiu de centre aprovat pel Claustre i pel Consell Escolar el curs 2023-2024.<\/p>\n<p><a href=\"https:\/\/agora.xtec.cat\/insaferrer\/wp-content\/uploads\/usu2510\/2024\/07\/INS-ANGELETA-FERRER-Projecte-Educatiu-de-Centre-PEC-2024.pdf\">INS ANGELETA FERRER &#8211; Projecte Educatiu de Centre (PEC) 2024<\/a><\/p>\n","protected":false},"excerpt":{"rendered":"<p>Els objectius d\u2019ensenyament-aprenentatge de l\u2019Institut Angeleta Ferrer s\u00f3n la consecuci\u00f3 del curr\u00edculum vigent a Catalunya i l\u2019assoliment d\u2019un aprenentatge profund.<br \/>\nPrimer objectiu: Assoliment del curr\u00edculum competencial<br \/>\nCom a centre educatiu p\u00fablic, l\u2019institut es regeix pel<a href=\"https:\/\/portaljuridic.gencat.cat\/ca\/document-del-pjur\/?documentId=938401\"> Decret 175\/2022<\/a>, de 27 de setembre de 2022, d&#8217;ordenaci\u00f3 dels ensenyaments&hellip;  <a href=\"https:\/\/agora.xtec.cat\/insaferrer\/projecte-educatiu-de-centre\/\" title=\"Read Projecte educatiu de centre\">Llegeix m\u00e9s\u00bb<\/a><\/p>\n","protected":false},"author":3,"featured_media":0,"parent":0,"menu_order":0,"comment_status":"closed","ping_status":"closed","template":"page-templates\/side-menu.php","meta":{"_bbp_topic_count":0,"_bbp_reply_count":0,"_bbp_total_topic_count":0,"_bbp_total_reply_count":0,"_bbp_voice_count":0,"_bbp_anonymous_reply_count":0,"_bbp_topic_count_hidden":0,"_bbp_reply_count_hidden":0,"_bbp_forum_subforum_count":0,"footnotes":""},"class_list":["post-2296","page","type-page","status-publish","hentry"],"post_mailing_queue_ids":[],"_links":{"self":[{"href":"https:\/\/agora.xtec.cat\/insaferrer\/wp-json\/wp\/v2\/pages\/2296","targetHints":{"allow":["GET"]}}],"collection":[{"href":"https:\/\/agora.xtec.cat\/insaferrer\/wp-json\/wp\/v2\/pages"}],"about":[{"href":"https:\/\/agora.xtec.cat\/insaferrer\/wp-json\/wp\/v2\/types\/page"}],"author":[{"embeddable":true,"href":"https:\/\/agora.xtec.cat\/insaferrer\/wp-json\/wp\/v2\/users\/3"}],"replies":[{"embeddable":true,"href":"https:\/\/agora.xtec.cat\/insaferrer\/wp-json\/wp\/v2\/comments?post=2296"}],"version-history":[{"count":6,"href":"https:\/\/agora.xtec.cat\/insaferrer\/wp-json\/wp\/v2\/pages\/2296\/revisions"}],"predecessor-version":[{"id":2328,"href":"https:\/\/agora.xtec.cat\/insaferrer\/wp-json\/wp\/v2\/pages\/2296\/revisions\/2328"}],"wp:attachment":[{"href":"https:\/\/agora.xtec.cat\/insaferrer\/wp-json\/wp\/v2\/media?parent=2296"}],"curies":[{"name":"wp","href":"https:\/\/api.w.org\/{rel}","templated":true}]}}