{"id":19,"date":"2014-09-17T14:56:56","date_gmt":"2014-09-17T14:56:56","guid":{"rendered":"http:\/\/agora.xtec.cat\/insaferrer\/?page_id=19"},"modified":"2024-07-25T20:44:32","modified_gmt":"2024-07-25T18:44:32","slug":"linstitut","status":"publish","type":"page","link":"https:\/\/agora.xtec.cat\/insaferrer\/linstitut\/","title":{"rendered":"L&#8217;institut"},"content":{"rendered":"<p style=\"color: #444444;\">L\u2019<strong>Institut Angeleta Ferrer<\/strong> neix el curs 2021\/2022 amb la intenci\u00f3 de ser un centre integrat al barri de l\u2019Eixample, amb determinades singularitats:<\/p>\n<ul>\n<li style=\"color: #444444;\">comprom\u00e8s en l\u2019experimentaci\u00f3 de models avan\u00e7ats d\u2019aprenentatge: competencial, actiu, globalitzat i personalitzat.<\/li>\n<li style=\"color: #444444;\">amb especial inter\u00e8s per l\u2019aprenentatge STEAM, cient\u00edfic i tecnol\u00f2gic vinculat a la recerca dels centres BIST (<a href=\"https:\/\/bist.eu\/\">Barcelona Institute of Science and Technology<\/a>).<\/li>\n<li style=\"color: #444444;\">vinculat a la formaci\u00f3 i desenvolupament professional dels docents.<\/li>\n<li style=\"color: #444444;\">cercador de l\u2019equitat de g\u00e8nere, amb una especial atenci\u00f3 a la promoci\u00f3 de les noies en els aprenentatges STEAM.<\/li>\n<li style=\"color: #444444;\">vetllador de l\u2019equitat socioecon\u00f2mica de l\u2019alumnat i l\u2019educaci\u00f3 inclusiva, participativa, orientadora i oberta.<\/li>\n<li style=\"color: #444444;\">membre d\u2019una xarxa de centres educatius compromesos amb la transformaci\u00f3 educativa i la promoci\u00f3 de la cultura cient\u00edfico-tecnol\u00f2gica al conjunt de la societat.<\/li>\n<\/ul>\n<p style=\"text-align: center;\"><iframe loading=\"lazy\" title=\"YouTube video player\" src=\"https:\/\/www.youtube-nocookie.com\/embed\/ParhyIXOcgU?controls=0\" width=\"560\" height=\"315\" frameborder=\"0\" allowfullscreen=\"allowfullscreen\"><\/iframe><\/p>\n<div class=\"mceTemp\"><\/div>\n","protected":false},"excerpt":{"rendered":"<p>L\u2019Institut Angeleta Ferrer neix el curs 2021\/2022 amb la intenci\u00f3 de ser un centre integrat al barri de l\u2019Eixample, amb determinades singularitats:<\/p>\n<ul>\n<li style=\"color: #444444;\">comprom\u00e8s en l\u2019experimentaci\u00f3 de models avan\u00e7ats d\u2019aprenentatge: competencial, actiu, globalitzat i personalitzat.<\/li>\n<li style=\"color: #444444;\">amb especial inter\u00e8s per l\u2019aprenentatge STEAM, cient\u00edfic i tecnol\u00f2gic&hellip;  <a href=\"https:\/\/agora.xtec.cat\/insaferrer\/linstitut\/\" title=\"Read L&#8217;institut\">Llegeix m\u00e9s\u00bb<\/a><br \/>\n","protected":false},"author":1,"featured_media":0,"parent":0,"menu_order":0,"comment_status":"closed","ping_status":"closed","template":"","meta":{"_bbp_topic_count":0,"_bbp_reply_count":0,"_bbp_total_topic_count":0,"_bbp_total_reply_count":0,"_bbp_voice_count":0,"_bbp_anonymous_reply_count":0,"_bbp_topic_count_hidden":0,"_bbp_reply_count_hidden":0,"_bbp_forum_subforum_count":0,"footnotes":""},"class_list":["post-19","page","type-page","status-publish","hentry"],"post_mailing_queue_ids":[],"_links":{"self":[{"href":"https:\/\/agora.xtec.cat\/insaferrer\/wp-json\/wp\/v2\/pages\/19","targetHints":{"allow":["GET"]}}],"collection":[{"href":"https:\/\/agora.xtec.cat\/insaferrer\/wp-json\/wp\/v2\/pages"}],"about":[{"href":"https:\/\/agora.xtec.cat\/insaferrer\/wp-json\/wp\/v2\/types\/page"}],"author":[{"embeddable":true,"href":"https:\/\/agora.xtec.cat\/insaferrer\/wp-json\/wp\/v2\/users\/1"}],"replies":[{"embeddable":true,"href":"https:\/\/agora.xtec.cat\/insaferrer\/wp-json\/wp\/v2\/comments?post=19"}],"version-history":[{"count":4,"href":"https:\/\/agora.xtec.cat\/insaferrer\/wp-json\/wp\/v2\/pages\/19\/revisions"}],"predecessor-version":[{"id":1136,"href":"https:\/\/agora.xtec.cat\/insaferrer\/wp-json\/wp\/v2\/pages\/19\/revisions\/1136"}],"wp:attachment":[{"href":"https:\/\/agora.xtec.cat\/insaferrer\/wp-json\/wp\/v2\/media?parent=19"}],"curies":[{"name":"wp","href":"https:\/\/api.w.org\/{rel}","templated":true}]}}