{"id":1808,"date":"2023-12-28T17:35:59","date_gmt":"2023-12-28T16:35:59","guid":{"rendered":"https:\/\/agora.xtec.cat\/insaferrer\/?page_id=1808"},"modified":"2023-12-28T21:17:49","modified_gmt":"2023-12-28T20:17:49","slug":"programa-angeleta-ferrer","status":"publish","type":"page","link":"https:\/\/agora.xtec.cat\/insaferrer\/programa-angeleta-ferrer\/","title":{"rendered":"Programa STEAM Angeleta Ferrer"},"content":{"rendered":"<p>El <strong>Programa Angeleta Ferrer de recerca, innovaci\u00f3 educativa i formaci\u00f3 del professorat<\/strong> en l&#8217;\u00e0mbit de la ci\u00e8ncia, la tecnologia, l&#8217;enginyeria, les arts i les matem\u00e0tiques \u00e9s un recurs destinat a la millora del sistema educatiu que ha de permetre afavorir l&#8217;\u00e8xit educatiu de tot l&#8217;alumnat en l&#8217;\u00e0mbit STEAM, amb la finalitat de <strong>millorar les compet\u00e8ncies professionals docents i actualitzar les pr\u00e0ctiques educatives<\/strong>, generant un espai per a l&#8217;especialitzaci\u00f3 del professorat a trav\u00e9s de la innovaci\u00f3 organitzativa i metodol\u00f2gica, la recerca educativa i les evid\u00e8ncies aplicades a la pr\u00e0ctica docent.<\/p>\n<p>El Programa STEAM Angeleta Ferrer t\u00e9 una durada de tres cursos acad\u00e8mics i es desenvolupa a l&#8217;Institut Angeleta Ferrer de Barcelona. L&#8217;Institut Angeleta Ferrer, doncs, <strong>integra i vertebra l&#8217;acci\u00f3 educativa pr\u00f2pia d&#8217;un centre educatiu amb un projecte de recerca cient\u00edfica i educativa, la innovaci\u00f3 pedag\u00f2gica i un projecte de formaci\u00f3 del professorat.<\/strong><\/p>\n<p><img loading=\"lazy\" decoding=\"async\" class=\"size-full wp-image-1809 aligncenter\" src=\"https:\/\/agora.xtec.cat\/insaferrer\/wp-content\/uploads\/usu2510\/2023\/12\/aferrer.png\" alt=\"Programa Angeleta Ferrer\" width=\"470\" height=\"214\" srcset=\"https:\/\/agora.xtec.cat\/insaferrer\/wp-content\/uploads\/usu2510\/2023\/12\/aferrer.png 470w, https:\/\/agora.xtec.cat\/insaferrer\/wp-content\/uploads\/usu2510\/2023\/12\/aferrer-300x137.png 300w\" sizes=\"auto, (max-width: 470px) 100vw, 470px\" \/><\/p>\n<p>El Programa STEAM Angeleta Ferrer s&#8217;adscriu a la direcci\u00f3 general competent en mat\u00e8ria d&#8217;innovaci\u00f3 del Departament d&#8217;Educaci\u00f3 i t\u00e9 els objectius seg\u00fcents:<\/p>\n<p style=\"padding-left: 40px;\">a) Desenvolupar un model de col\u00b7laboraci\u00f3 entre els centres educatius i les entitats de recerca.<br \/>\nb) Desenvolupar un programa de formaci\u00f3 en el centre, de professorat, en l&#8217;\u00e0mbit STEAM, incorporant la recerca educativa i la innovaci\u00f3 permanent en contingut i metodologia.<br \/>\nc) Concretar models de refer\u00e8ncia per a la formaci\u00f3 i el desenvolupament professional de personal investigador que s&#8217;incorpori als centres educatius.<br \/>\nd) Definir i vertebrar la formaci\u00f3 docent, la innovaci\u00f3 pedag\u00f2gica, la recerca educativa i l&#8217;avaluaci\u00f3 del desenvolupament professional docent en un context de centre educatiu.<br \/>\ne) Esdevenir un agent rellevant i catalitzador en la transfer\u00e8ncia i la irradiaci\u00f3 de la cultura cientificotecnol\u00f2gica al conjunt del sistema educatiu i de la societat.<\/p>\n<p>&nbsp;<\/p>\n<p><img loading=\"lazy\" decoding=\"async\" class=\"aligncenter size-full wp-image-1776\" src=\"https:\/\/agora.xtec.cat\/insaferrer\/wp-content\/uploads\/usu2510\/2023\/10\/logo123-1.png\" alt=\"\" width=\"542\" height=\"178\" srcset=\"https:\/\/agora.xtec.cat\/insaferrer\/wp-content\/uploads\/usu2510\/2023\/10\/logo123-1.png 542w, https:\/\/agora.xtec.cat\/insaferrer\/wp-content\/uploads\/usu2510\/2023\/10\/logo123-1-300x99.png 300w\" sizes=\"auto, (max-width: 542px) 100vw, 542px\" \/><\/p>\n<p>&nbsp;<\/p>\n<p>El <strong>Programa STEAM Angeleta Ferrer<\/strong> es basa en l\u2019acord de govern <a href=\"https:\/\/dogc.gencat.cat\/ca\/document-del-dogc\/?documentId=956199\">ACORD GOV\/68\/2023<\/a>, de 28 de mar\u00e7, pel qual es crea el Programa temporal de recerca, innovaci\u00f3 educativa i formaci\u00f3 del professorat en l&#8217;\u00e0mbit de la ci\u00e8ncia, la tecnologia, l&#8217;enginyeria, les arts i les matem\u00e0tiques (STEAM).<\/p>\n","protected":false},"excerpt":{"rendered":"<p>El Programa Angeleta Ferrer de recerca, innovaci\u00f3 educativa i formaci\u00f3 del professorat en l&#8217;\u00e0mbit de la ci\u00e8ncia, la tecnologia, l&#8217;enginyeria, les arts i les matem\u00e0tiques \u00e9s un recurs destinat a la millora del sistema educatiu que ha de permetre afavorir l&#8217;\u00e8xit educatiu de tot l&#8217;alumnat&hellip;  <a href=\"https:\/\/agora.xtec.cat\/insaferrer\/programa-angeleta-ferrer\/\" title=\"Read Programa STEAM Angeleta Ferrer\">Llegeix m\u00e9s\u00bb<\/a><\/p>\n","protected":false},"author":3,"featured_media":0,"parent":0,"menu_order":0,"comment_status":"closed","ping_status":"closed","template":"page-templates\/side-menu.php","meta":{"_bbp_topic_count":0,"_bbp_reply_count":0,"_bbp_total_topic_count":0,"_bbp_total_reply_count":0,"_bbp_voice_count":0,"_bbp_anonymous_reply_count":0,"_bbp_topic_count_hidden":0,"_bbp_reply_count_hidden":0,"_bbp_forum_subforum_count":0,"footnotes":""},"class_list":["post-1808","page","type-page","status-publish","hentry"],"post_mailing_queue_ids":[],"_links":{"self":[{"href":"https:\/\/agora.xtec.cat\/insaferrer\/wp-json\/wp\/v2\/pages\/1808","targetHints":{"allow":["GET"]}}],"collection":[{"href":"https:\/\/agora.xtec.cat\/insaferrer\/wp-json\/wp\/v2\/pages"}],"about":[{"href":"https:\/\/agora.xtec.cat\/insaferrer\/wp-json\/wp\/v2\/types\/page"}],"author":[{"embeddable":true,"href":"https:\/\/agora.xtec.cat\/insaferrer\/wp-json\/wp\/v2\/users\/3"}],"replies":[{"embeddable":true,"href":"https:\/\/agora.xtec.cat\/insaferrer\/wp-json\/wp\/v2\/comments?post=1808"}],"version-history":[{"count":7,"href":"https:\/\/agora.xtec.cat\/insaferrer\/wp-json\/wp\/v2\/pages\/1808\/revisions"}],"predecessor-version":[{"id":2654,"href":"https:\/\/agora.xtec.cat\/insaferrer\/wp-json\/wp\/v2\/pages\/1808\/revisions\/2654"}],"wp:attachment":[{"href":"https:\/\/agora.xtec.cat\/insaferrer\/wp-json\/wp\/v2\/media?parent=1808"}],"curies":[{"name":"wp","href":"https:\/\/api.w.org\/{rel}","templated":true}]}}