{"id":922,"date":"2020-07-23T20:28:53","date_gmt":"2020-07-23T18:28:53","guid":{"rendered":"https:\/\/agora.xtec.cat\/ies-sagulla\/?page_id=922"},"modified":"2022-03-11T11:23:33","modified_gmt":"2022-03-11T10:23:33","slug":"eso","status":"publish","type":"page","link":"https:\/\/agora.xtec.cat\/ins-sagulla\/eso\/","title":{"rendered":"ESO"},"content":{"rendered":"<p>L&#8217;educaci\u00f3 secund\u00e0ria obligat\u00f2ria (ESO) compr\u00e8n quatre cursos acad\u00e8mics. Generalment s&#8217;inicia l&#8217;any natural en qu\u00e8 es compleixen 12 anys i s&#8217;acaba als 16, tot i que els alumnes tenen dret a romandre en el centre amb r\u00e8gim ordinari fins als 18.<\/p>\n<p>Durant els tres primers, els alumnes cursen mat\u00e8ries comunes, mat\u00e8ries optatives en base a tres itineraris, el Treball de S\u00edntesi i el Servei Comunitari.<\/p>\n<p>Pel que fa al darrer curs, a banda de les mat\u00e8ries comunes i les mat\u00e8ries optatives, l&#8217;alumnat ha de realitzar el Projecte de Recerca.<\/p>\n<p>Aqu\u00ed podeu donar un cop d&#8217;ull a la presentaci\u00f3 dels estudis d&#8217;ESO de la <strong>Jornada de Portes Obertes 2022<\/strong>:<\/p>\n<ul>\n<li><a href=\"https:\/\/agora.xtec.cat\/ins-sagulla\/wp-content\/uploads\/usu2114\/2022\/03\/presentacio-ESO-2022.pdf\">Presentaci\u00f3 ESO 2022<\/a><\/li>\n<li><a href=\"https:\/\/agora.xtec.cat\/ins-sagulla\/wp-content\/uploads\/usu2114\/2022\/03\/PREGUNTES-FREQUENTS-1r-ESO-22-23.pdf\">PREGUNTES FREQ\u00dcENTS 1r ESO 22-23<\/a><\/li>\n<\/ul>\n<p><a href=\"https:\/\/agora.xtec.cat\/ins-sagulla\/wp-content\/uploads\/usu2114\/2021\/01\/aula-sagulla.jpg\"><img loading=\"lazy\" decoding=\"async\" class=\"size-large wp-image-1953\" src=\"https:\/\/agora.xtec.cat\/ins-sagulla\/wp-content\/uploads\/usu2114\/2021\/01\/aula-sagulla-1024x685.jpg\" alt=\"\" width=\"1024\" height=\"685\" srcset=\"https:\/\/agora.xtec.cat\/ins-sagulla\/wp-content\/uploads\/usu2114\/2021\/01\/aula-sagulla.jpg 1024w, https:\/\/agora.xtec.cat\/ins-sagulla\/wp-content\/uploads\/usu2114\/2021\/01\/aula-sagulla-300x201.jpg 300w, https:\/\/agora.xtec.cat\/ins-sagulla\/wp-content\/uploads\/usu2114\/2021\/01\/aula-sagulla-768x514.jpg 768w\" sizes=\"auto, (max-width: 1024px) 100vw, 1024px\" \/><\/a><\/p>\n<p>&nbsp;<\/p>\n","protected":false},"excerpt":{"rendered":"<p>L&#8217;educaci\u00f3 secund\u00e0ria obligat\u00f2ria (ESO) compr\u00e8n quatre cursos acad\u00e8mics. Generalment s&#8217;inicia l&#8217;any natural en qu\u00e8 es compleixen 12 anys i s&#8217;acaba als 16, tot i que els alumnes tenen dret a romandre en el centre amb r\u00e8gim ordinari fins als 18.<br \/>\nDurant els tres primers, els alumnes&hellip;  <a href=\"https:\/\/agora.xtec.cat\/ins-sagulla\/eso\/\" title=\"Read ESO\">Llegeix m\u00e9s\u00bb<\/a><\/p>\n","protected":false},"author":1,"featured_media":0,"parent":0,"menu_order":0,"comment_status":"closed","ping_status":"closed","template":"","meta":{"_bbp_topic_count":0,"_bbp_reply_count":0,"_bbp_total_topic_count":0,"_bbp_total_reply_count":0,"_bbp_voice_count":0,"_bbp_anonymous_reply_count":0,"_bbp_topic_count_hidden":0,"_bbp_reply_count_hidden":0,"_bbp_forum_subforum_count":0,"footnotes":""},"class_list":["post-922","page","type-page","status-publish","hentry"],"post_mailing_queue_ids":[],"_links":{"self":[{"href":"https:\/\/agora.xtec.cat\/ins-sagulla\/wp-json\/wp\/v2\/pages\/922","targetHints":{"allow":["GET"]}}],"collection":[{"href":"https:\/\/agora.xtec.cat\/ins-sagulla\/wp-json\/wp\/v2\/pages"}],"about":[{"href":"https:\/\/agora.xtec.cat\/ins-sagulla\/wp-json\/wp\/v2\/types\/page"}],"author":[{"embeddable":true,"href":"https:\/\/agora.xtec.cat\/ins-sagulla\/wp-json\/wp\/v2\/users\/1"}],"replies":[{"embeddable":true,"href":"https:\/\/agora.xtec.cat\/ins-sagulla\/wp-json\/wp\/v2\/comments?post=922"}],"version-history":[{"count":3,"href":"https:\/\/agora.xtec.cat\/ins-sagulla\/wp-json\/wp\/v2\/pages\/922\/revisions"}],"predecessor-version":[{"id":20147,"href":"https:\/\/agora.xtec.cat\/ins-sagulla\/wp-json\/wp\/v2\/pages\/922\/revisions\/20147"}],"wp:attachment":[{"href":"https:\/\/agora.xtec.cat\/ins-sagulla\/wp-json\/wp\/v2\/media?parent=922"}],"curies":[{"name":"wp","href":"https:\/\/api.w.org\/{rel}","templated":true}]}}