{"id":653,"date":"2020-06-16T13:27:47","date_gmt":"2020-06-16T11:27:47","guid":{"rendered":"https:\/\/agora.xtec.cat\/ies-sagulla\/?page_id=653"},"modified":"2024-11-14T13:07:08","modified_gmt":"2024-11-14T12:07:08","slug":"atencio-persones-situacio-dependencia","status":"publish","type":"page","link":"https:\/\/agora.xtec.cat\/ins-sagulla\/cicles-formatius\/grau-mitja\/atencio-persones-situacio-dependencia\/","title":{"rendered":"CFGM Atenci\u00f3 Persones Situaci\u00f3 Depend\u00e8ncia"},"content":{"rendered":"<p>&nbsp;<\/p>\n<p><a href=\"https:\/\/agora.xtec.cat\/ins-sagulla\/wp-content\/uploads\/usu2114\/2024\/11\/BANNER-WEB-CFGM-APD.png\"><img loading=\"lazy\" decoding=\"async\" class=\"aligncenter wp-image-24302\" src=\"https:\/\/agora.xtec.cat\/ins-sagulla\/wp-content\/uploads\/usu2114\/2024\/11\/BANNER-WEB-CFGM-APD-300x75.png\" alt=\"\" width=\"916\" height=\"229\" srcset=\"https:\/\/agora.xtec.cat\/ins-sagulla\/wp-content\/uploads\/usu2114\/2024\/11\/BANNER-WEB-CFGM-APD-300x75.png 300w, https:\/\/agora.xtec.cat\/ins-sagulla\/wp-content\/uploads\/usu2114\/2024\/11\/BANNER-WEB-CFGM-APD-1024x256.png 1024w, https:\/\/agora.xtec.cat\/ins-sagulla\/wp-content\/uploads\/usu2114\/2024\/11\/BANNER-WEB-CFGM-APD-768x192.png 768w, https:\/\/agora.xtec.cat\/ins-sagulla\/wp-content\/uploads\/usu2114\/2024\/11\/BANNER-WEB-CFGM-APD-1536x384.png 1536w, https:\/\/agora.xtec.cat\/ins-sagulla\/wp-content\/uploads\/usu2114\/2024\/11\/BANNER-WEB-CFGM-APD.png 1920w\" sizes=\"auto, (max-width: 916px) 100vw, 916px\" \/><\/a><\/p>\n<table style=\"width: 99.3101%;\">\n<tbody>\n<tr>\n<td style=\"width: 27.3118%;\"><b>FAM\u00cdLIA PROFESSIONAL<\/b><\/p>\n<p><span style=\"font-weight: 400;\">Serveis socioculturals i a la comunitat<\/span><\/td>\n<td style=\"width: 114.409%;\"><b>T\u00cdTOL<\/b><\/p>\n<p><span style=\"font-weight: 400;\">T\u00e8cnic\/a en Atenci\u00f3 a persones en situaci\u00f3 de depend\u00e8ncia<\/span><\/td>\n<\/tr>\n<tr>\n<td style=\"width: 27.3118%;\"><b>NIVELL<\/b><\/p>\n<p><span style=\"font-weight: 400;\">Cicle formatiu de grau mitj\u00e0<\/span><\/td>\n<td style=\"width: 114.409%;\"><b>DURADA<\/b><\/p>\n<p><span style=\"font-weight: 400;\">1485 hores en el centre educatiu i 515 hores d&#8217;estada a l\u2019empresa. (distribu\u00efdes en 2 cursos acad\u00e8mics).<\/span><\/td>\n<\/tr>\n<tr>\n<td style=\"width: 27.3118%;\"><b>HORARI<\/b><\/p>\n<p><span style=\"font-weight: 400;\">Torn de tardes<\/span><\/td>\n<td style=\"width: 114.409%;\"><\/td>\n<\/tr>\n<\/tbody>\n<\/table>\n<p><b>COMPET\u00c8NCIA GENERAL<\/b><\/p>\n<p><span style=\"font-weight: 400;\">Aquests estudis capaciten per atendre les persones en situaci\u00f3 de depend\u00e8ncia, en l&#8217;\u00e0mbit domiciliari i institucional, a fi de mantenir i millorar la seva qualitat de vida, fent activitats assistencials, no sanit\u00e0ries, psicosocials i de suport a la gesti\u00f3 dom\u00e8stica, i aplicant mesures i normes de prevenci\u00f3 i seguretat i derivant-les a altres serveis quan calgui.<\/span><\/p>\n<table style=\"width: 99.6734%;\">\n<tbody>\n<tr>\n<td style=\"width: 100%;\"><b>SORTIDES ACAD\u00c8MIQUES<\/b><\/td>\n<\/tr>\n<tr>\n<td style=\"width: 100%;\"><span style=\"font-weight: 400;\">Amb aquests estudis s\u2019obt\u00e9 el t\u00edtol de <\/span><b>t\u00e8cnic\/a<\/b><span style=\"font-weight: 400;\"> , que permet accedir:<\/span><\/p>\n<ul>\n<li style=\"font-weight: 400;\" aria-level=\"1\"><span style=\"font-weight: 400;\">al batxillerat<\/span><\/li>\n<li style=\"font-weight: 400;\" aria-level=\"1\"><span style=\"font-weight: 400;\">a un cicle de grau superior de formaci\u00f3 professional<\/span><\/li>\n<\/ul>\n<\/td>\n<\/tr>\n<\/tbody>\n<\/table>\n<table style=\"width: 99.5463%;\">\n<tbody>\n<tr>\n<td style=\"width: 100%;\"><b>SORTIDES PROFESSIONALS<\/b><\/td>\n<\/tr>\n<tr>\n<td style=\"width: 100%;\"><span style=\"font-weight: 400;\">L<\/span><span style=\"font-weight: 400;\">a superaci\u00f3 d\u2019aquest cicle formatiu permet accedir al <\/span><b>m\u00f3n laboral <\/b><span style=\"font-weight: 400;\">com a:<\/span><\/p>\n<ul>\n<li style=\"font-weight: 400;\" aria-level=\"1\"><span style=\"font-weight: 400;\">Assistent o assistenta de persones en situaci\u00f3 de depend\u00e8ncia en institucions i\/o domicilis.<\/span><\/li>\n<li style=\"font-weight: 400;\" aria-level=\"1\"><span style=\"font-weight: 400;\">Governant\/a i Subgovernant\/a de persones en situaci\u00f3 de depend\u00e8ncia en institucions.<\/span><\/li>\n<li style=\"font-weight: 400;\" aria-level=\"1\"><span style=\"font-weight: 400;\">Auxiliar responsable de planta de resid\u00e8ncies de persones grans i persones amb discapacitat.<\/span><\/li>\n<li style=\"font-weight: 400;\" aria-level=\"1\"><span style=\"font-weight: 400;\">Auxiliar d\u2019ajuda a domicili.<\/span><\/li>\n<li style=\"font-weight: 400;\" aria-level=\"1\"><span style=\"font-weight: 400;\">Assistent\/a d\u2019atenci\u00f3 domicili\u00e0ria.<\/span><\/li>\n<li style=\"font-weight: 400;\" aria-level=\"1\"><span style=\"font-weight: 400;\">Treballador\/a familiar.<\/span><\/li>\n<li style=\"font-weight: 400;\" aria-level=\"1\"><span style=\"font-weight: 400;\">Auxiliar d\u2019educaci\u00f3 especial.<\/span><\/li>\n<li style=\"font-weight: 400;\" aria-level=\"1\"><span style=\"font-weight: 400;\">Assistent\/a personal.<\/span><\/li>\n<li style=\"font-weight: 400;\" aria-level=\"1\"><span style=\"font-weight: 400;\">Teleoperador\/a de teleassist\u00e8ncia.<\/span><\/li>\n<\/ul>\n<\/td>\n<\/tr>\n<\/tbody>\n<\/table>\n<table style=\"width: 99.7017%;\">\n<tbody>\n<tr>\n<td style=\"width: 100%;\"><b>ACC\u00c9S<\/b><\/td>\n<\/tr>\n<tr>\n<td style=\"width: 100%;\">Tenen acc\u00e9s directe al cicle les persones que compleixen algun dels requisits seg\u00fcents:<\/p>\n<ul>\n<li aria-level=\"1\">Graduat\/ada en educaci\u00f3 secund\u00e0ria obligat\u00f2ria.<\/li>\n<li aria-level=\"1\">T\u00e8cnic\/a b\u00e0sic\/a.<\/li>\n<li aria-level=\"1\">T\u00e8cnic\/a.<\/li>\n<li aria-level=\"1\">T\u00e8cnic\/a superior.<\/li>\n<li aria-level=\"1\">\u00a0T\u00e8cnic\/a auxiliar.<\/li>\n<li aria-level=\"1\">Batxillerat superior (plans educatius anteriors a la Llei org\u00e0nica 2\/2006, de 3 de maig).<\/li>\n<li aria-level=\"1\">Titulacions equivalents per accedir als cicles formatius de grau superior.<\/li>\n<\/ul>\n<p>O b\u00e9, haver superat:<\/p>\n<ul>\n<li aria-level=\"1\">Una oferta formativa de certificat professional inclosa enel cicle.<\/li>\n<li aria-level=\"1\">Un curs de formaci\u00f3 preparatori per a l&#8217;acc\u00e9s als cicles de grau mitj\u00e0.<\/li>\n<li aria-level=\"1\">Una prova d&#8217;acc\u00e9s.<\/li>\n<li aria-level=\"1\">El segon curs del primer cicle experimental de reforma dels ensenyaments mitjans.<\/li>\n<li aria-level=\"1\">El tercer curs del Pla 1963 o segon de comuns experimental dels ensenyaments d&#8217;arts aplicades i oficis art\u00edstics.<\/li>\n<li aria-level=\"1\">El segon curs de BUP, amb un m\u00e0xim de dues mat\u00e8ries suspeses.<\/li>\n<li aria-level=\"1\">Haver superat la prova d&#8217;acc\u00e9s a la universitat per a m\u00e9s grans de 25 o de 45 anys, o haver accedit a la universitat per tenir 40 anys o m\u00e9s i acreditar experi\u00e8ncia laboral o professional.<\/li>\n<li aria-level=\"1\">Altres estudis o cursos de formaci\u00f3 equivalents acad\u00e8micament.<\/li>\n<\/ul>\n<\/td>\n<\/tr>\n<\/tbody>\n<\/table>\n<table style=\"width: 99.9478%;\">\n<tbody>\n<tr>\n<td style=\"width: 100%;\"><b>M\u00d2DULS PROFESSIONALS<\/b><\/td>\n<\/tr>\n<\/tbody>\n<\/table>\n<p><b>1r CURS<\/b><\/p>\n<ul>\n<li style=\"font-weight: 400;\" aria-level=\"1\"><span style=\"font-weight: 400;\">0210. Organitzaci\u00f3 de l\u2019atenci\u00f3 a les persones en situaci\u00f3 de depend\u00e8ncia. (99h)<\/span><\/li>\n<li style=\"font-weight: 400;\" aria-level=\"1\"><span style=\"font-weight: 400;\">0212. Caracter\u00edstiques i necessitats de les persones en situaci\u00f3 de\u00a0 depend\u00e8ncia.(99h)<\/span><\/li>\n<li style=\"font-weight: 400;\" aria-level=\"1\"><span style=\"font-weight: 400;\">0213 Atenci\u00f3 i suport psicosocial.(198h)<\/span><\/li>\n<li style=\"font-weight: 400;\" aria-level=\"1\"><span style=\"font-weight: 400;\">0216 Atenci\u00f3 sanit\u00e0ria.(231h)<\/span><\/li>\n<li style=\"font-weight: 400;\" aria-level=\"1\"><span style=\"font-weight: 400;\">0217 Atenci\u00f3 higi\u00e8nica.(132h)<\/span><\/li>\n<li style=\"font-weight: 400;\" aria-level=\"1\"><span style=\"font-weight: 400;\">0020 Primers auxilis. (66h)<\/span><\/li>\n<li style=\"font-weight: 400;\" aria-level=\"1\"><span style=\"font-weight: 400;\">C056 Catal\u00e0\/Aran\u00e8s professional (66h)<\/span><\/li>\n<li style=\"font-weight: 400;\" aria-level=\"1\"><span style=\"font-weight: 400;\">0156. Angl\u00e8s Professional.(66h)<\/span><\/li>\n<li style=\"font-weight: 400;\" aria-level=\"1\"><span style=\"font-weight: 400;\">1664. Digitalitzaci\u00f3 aplicada als sectors productius.(33h)<\/span><\/li>\n<li style=\"font-weight: 400;\" aria-level=\"1\"><span style=\"font-weight: 400;\">1708 Sostenibilitat aplicada al sistema productiu.(33h)<\/span><\/li>\n<li style=\"font-weight: 400;\" aria-level=\"1\"><span style=\"font-weight: 400;\">1709 Itinerari personal per a l\u2019ocupabilitat I.(99h)<\/span><\/li>\n<\/ul>\n<p><b>2n CURS<\/b><\/p>\n<ul>\n<li style=\"font-weight: 400;\" aria-level=\"1\"><span style=\"font-weight: 400;\">0211 Destreses socials. (132h)<\/span><\/li>\n<li style=\"font-weight: 400;\" aria-level=\"1\"><span style=\"font-weight: 400;\">\u00a0\u00a00214 Suport en la comunicaci\u00f3.(99h)<\/span><\/li>\n<li style=\"font-weight: 400;\" aria-level=\"1\"><span style=\"font-weight: 400;\">0215 Suport domiciliari.(218h)<\/span><\/li>\n<li style=\"font-weight: 400;\" aria-level=\"1\"><span style=\"font-weight: 400;\">0831 Teleassist\u00e8ncia.(99h)<\/span><\/li>\n<li style=\"font-weight: 400;\" aria-level=\"1\"><span style=\"font-weight: 400;\">1710 Itinerari personal per a l\u2019ocupabilitat II.(66h)<\/span><\/li>\n<li style=\"font-weight: 400;\" aria-level=\"1\"><span style=\"font-weight: 400;\">1713 Projecte intermodular.(198h)<\/span><\/li>\n<li style=\"font-weight: 400;\" aria-level=\"1\"><span style=\"font-weight: 400;\">0000 M\u00f2dul professional optatiu.(66h)<\/span><\/li>\n<li style=\"font-weight: 400;\" aria-level=\"1\"><span style=\"font-weight: 400;\">Tutoria &#8211; 33 hores.\u00a0<\/span><\/li>\n<\/ul>\n<table style=\"width: 99.6675%; height: 141px;\">\n<tbody>\n<tr>\n<td style=\"width: 100%;\"><b>TRIA EDUCATIVA<\/b><\/td>\n<\/tr>\n<tr>\n<td style=\"width: 100%;\"><a href=\"https:\/\/triaeducativa.gencat.cat\/ca\/inici\/index.html\"><span style=\"font-weight: 400;\">https:\/\/triaeducativa.gencat.cat\/ca\/inici\/index.html<\/span><\/a><\/td>\n<\/tr>\n<\/tbody>\n<\/table>\n<p>&nbsp;<\/p>\n","protected":false},"excerpt":{"rendered":"<p>&nbsp;<br \/>\n<a href=\"https:\/\/agora.xtec.cat\/ins-sagulla\/wp-content\/uploads\/usu2114\/2024\/11\/BANNER-WEB-CFGM-APD.png\"><\/a><\/p>\n<p>FAM\u00cdLIA PROFESSIONAL<br \/>\nServeis socioculturals i a la comunitat<br \/>\nT\u00cdTOL<br \/>\nT\u00e8cnic\/a en Atenci\u00f3 a persones en situaci\u00f3 de depend\u00e8ncia<\/p>\n<p>NIVELL<br \/>\nCicle formatiu de grau mitj\u00e0<br \/>\nDURADA<br \/>\n1485 hores en el centre educatiu i 515 hores d&#8217;estada a l\u2019empresa. (distribu\u00efdes en 2 cursos acad\u00e8mics).<\/p>\n<p>HORARI<br \/>\nTorn de tardes<\/p>\n<p>COMPET\u00c8NCIA GENERAL<br \/>\nAquests estudis capaciten per atendre les persones&hellip;  <a href=\"https:\/\/agora.xtec.cat\/ins-sagulla\/cicles-formatius\/grau-mitja\/atencio-persones-situacio-dependencia\/\" title=\"Read CFGM Atenci\u00f3 Persones Situaci\u00f3 Depend\u00e8ncia\">Llegeix m\u00e9s\u00bb<\/a><\/p>\n","protected":false},"author":1,"featured_media":0,"parent":1968,"menu_order":0,"comment_status":"closed","ping_status":"closed","template":"page-templates\/side-menu.php","meta":{"_bbp_topic_count":0,"_bbp_reply_count":0,"_bbp_total_topic_count":0,"_bbp_total_reply_count":0,"_bbp_voice_count":0,"_bbp_anonymous_reply_count":0,"_bbp_topic_count_hidden":0,"_bbp_reply_count_hidden":0,"_bbp_forum_subforum_count":0,"footnotes":""},"class_list":["post-653","page","type-page","status-publish","hentry"],"post_mailing_queue_ids":[],"_links":{"self":[{"href":"https:\/\/agora.xtec.cat\/ins-sagulla\/wp-json\/wp\/v2\/pages\/653","targetHints":{"allow":["GET"]}}],"collection":[{"href":"https:\/\/agora.xtec.cat\/ins-sagulla\/wp-json\/wp\/v2\/pages"}],"about":[{"href":"https:\/\/agora.xtec.cat\/ins-sagulla\/wp-json\/wp\/v2\/types\/page"}],"author":[{"embeddable":true,"href":"https:\/\/agora.xtec.cat\/ins-sagulla\/wp-json\/wp\/v2\/users\/1"}],"replies":[{"embeddable":true,"href":"https:\/\/agora.xtec.cat\/ins-sagulla\/wp-json\/wp\/v2\/comments?post=653"}],"version-history":[{"count":6,"href":"https:\/\/agora.xtec.cat\/ins-sagulla\/wp-json\/wp\/v2\/pages\/653\/revisions"}],"predecessor-version":[{"id":24316,"href":"https:\/\/agora.xtec.cat\/ins-sagulla\/wp-json\/wp\/v2\/pages\/653\/revisions\/24316"}],"up":[{"embeddable":true,"href":"https:\/\/agora.xtec.cat\/ins-sagulla\/wp-json\/wp\/v2\/pages\/1968"}],"wp:attachment":[{"href":"https:\/\/agora.xtec.cat\/ins-sagulla\/wp-json\/wp\/v2\/media?parent=653"}],"curies":[{"name":"wp","href":"https:\/\/api.w.org\/{rel}","templated":true}]}}