{"id":3409,"date":"2021-06-17T12:24:05","date_gmt":"2021-06-17T10:24:05","guid":{"rendered":"https:\/\/agora.xtec.cat\/ins-sagulla\/?page_id=3409"},"modified":"2026-01-26T11:44:19","modified_gmt":"2026-01-26T10:44:19","slug":"titols-academics","status":"publish","type":"page","link":"https:\/\/agora.xtec.cat\/ins-sagulla\/secretaria\/tramits\/titols-academics\/","title":{"rendered":"T\u00edtols acad\u00e8mics"},"content":{"rendered":"<p>&nbsp;<\/p>\n<p>Els t\u00edtols acad\u00e8mics es poden sol.licitar a partir de la finalitzaci\u00f3 dels estudis, sense data l\u00edmit, un cop avaluat l&#8217;alumnat i tancades les Juntes d&#8217;Avaluaci\u00f3, nom\u00e9s cal esperar que es carreguin les dades a l&#8217;aplicatiu inform\u00e0tic.<\/p>\n<p>Els t\u00edtols d&#8217;<strong>ESO<\/strong> es tramiten d&#8217;ofici des del centre, s\u00f3n gratu\u00efts.<\/p>\n<p><strong>NOVETAT (MAIG-2025) BATXILLERAT:<\/strong><\/p>\n<p>Per a sol.licitar el t\u00edtol acad\u00e8mic de <strong>BATXILLERAT<\/strong> s&#8217;ha de demanar online mitjan\u00e7ant l&#8217;enlla\u00e7 <a href=\"https:\/\/objenv.gencat.cat\/v4\/public\/estadisticas\/link\/gencat_educacio\/1870\/1\/12044\/dda7d71ed94e321ef0e4e14b721f0eea\/\" target=\"_blank\" rel=\"noopener\" data-saferedirecturl=\"https:\/\/www.google.com\/url?q=https:\/\/objenv.gencat.cat\/v4\/public\/estadisticas\/link\/gencat_educacio\/1870\/1\/12044\/dda7d71ed94e321ef0e4e14b721f0eea\/&amp;source=gmail&amp;ust=1746697517049000&amp;usg=AOvVaw14Rh887e_fd8k-bPemfGNC\">Tramitaci\u00f3 de t\u00edtols acad\u00e8mics i professionals no universitaris<\/a><\/p>\n<p><strong>NOVETAT (GENER-2026) CICLES FORMATIUS:<\/strong><\/p>\n<p>Per a sol.licitar el t\u00edtol acad\u00e8mic de\u00a0<strong>CICLES FORMATIUS (FP)\u00a0<\/strong>s&#8217;ha de demanar <strong>a partir del 2 de febrer de 2026 <\/strong>online mitjan\u00e7ant l&#8217;enlla\u00e7 <a href=\"https:\/\/tramits.gencat.cat\/ca\/tramits\/tramits-temes\/titols-academics-no-universitaris\">https:\/\/tramits.gencat.cat\/ca\/tramits\/tramits-temes\/titols-academics-no-universitaris<\/a><\/p>\n<p><strong>IMPORTANT!! Un cop pagada la taxa us haureu de personar al centre passades 48 hores per tal que podem validar la sol.licitud i segellar el resguard perqu\u00e8 tingui validesa.<\/strong><\/p>\n<table width=\"590\">\n<tbody>\n<tr>\n<td><strong>DOCUMENTS D&#8217;IDENTITAT V\u00c0LIDS PER A LA<br \/>\nIDENTIFICACI\u00d3 D\u2019ALUMNAT<\/strong><\/td>\n<\/tr>\n<tr>\n<td colspan=\"2\"><em>1.- Alumnat de nacionalitat espanyola:<\/em><\/p>\n<p>&#8211; DNI en vigor<\/p>\n<p><em>2.- Alumnat nacional d\u2019un estat membre de la UE:<\/em><\/p>\n<p>&#8211; Carta d&#8217;identitat de l\u2019estat membre de la UE en vigor o passaport en vigor<br \/>\nEls estats membres de la UE s\u00f3n els seg\u00fcents:<br \/>\nhttps:\/\/europa.eu\/european-union\/about-eu\/countries_es<\/p>\n<p><em>3.- Alumnat nacional d\u2019un estat no membre de la UE:<\/em><\/p>\n<p>&#8211; NIE: s&#8217;ha d&#8217;acreditar necess\u00e0riament mitjan\u00e7ant la targeta de resid\u00e8ncia en vigor o passaport en vigor.<\/p>\n<p>Si un\/a alumne\/a t\u00e9 doble nacionalitat, i una d\u2019aquestes nacionalitats \u00e9s l\u2019espanyola, s\u2019ha d\u2019identificar sempre amb el DNI en vigor.<\/td>\n<\/tr>\n<\/tbody>\n<\/table>\n<p>&nbsp;<\/p>\n<p>&nbsp;<\/p>\n<p><strong>Duplicats t\u00edtols ESO, Batxillerat i Cicles Formatius:<\/strong><\/p>\n<p><a href=\"https:\/\/educacio.gencat.cat\/ca\/tramits\/tramits-temes\/titols-academics-no-universitaris\">https:\/\/educacio.gencat.cat\/ca\/tramits\/tramits-temes\/titols-academics-no-universitaris<\/a><\/p>\n<p>&nbsp;<\/p>\n<p>&nbsp;<\/p>\n<p>&nbsp;<\/p>\n","protected":false},"excerpt":{"rendered":"<p>&nbsp;<br \/>\nEls t\u00edtols acad\u00e8mics es poden sol.licitar a partir de la finalitzaci\u00f3 dels estudis, sense data l\u00edmit, un cop avaluat l&#8217;alumnat i tancades les Juntes d&#8217;Avaluaci\u00f3, nom\u00e9s cal esperar que es carreguin les dades a l&#8217;aplicatiu inform\u00e0tic.<br \/>\nEls t\u00edtols d&#8217;ESO es tramiten d&#8217;ofici des del centre, s\u00f3n&hellip;  <a href=\"https:\/\/agora.xtec.cat\/ins-sagulla\/secretaria\/tramits\/titols-academics\/\" title=\"Read T\u00edtols acad\u00e8mics\">Llegeix m\u00e9s\u00bb<\/a><\/p>\n","protected":false},"author":1,"featured_media":0,"parent":1010,"menu_order":0,"comment_status":"closed","ping_status":"closed","template":"page-templates\/side-menu.php","meta":{"_bbp_topic_count":0,"_bbp_reply_count":0,"_bbp_total_topic_count":0,"_bbp_total_reply_count":0,"_bbp_voice_count":0,"_bbp_anonymous_reply_count":0,"_bbp_topic_count_hidden":0,"_bbp_reply_count_hidden":0,"_bbp_forum_subforum_count":0,"footnotes":""},"class_list":["post-3409","page","type-page","status-publish","hentry"],"post_mailing_queue_ids":[],"_links":{"self":[{"href":"https:\/\/agora.xtec.cat\/ins-sagulla\/wp-json\/wp\/v2\/pages\/3409","targetHints":{"allow":["GET"]}}],"collection":[{"href":"https:\/\/agora.xtec.cat\/ins-sagulla\/wp-json\/wp\/v2\/pages"}],"about":[{"href":"https:\/\/agora.xtec.cat\/ins-sagulla\/wp-json\/wp\/v2\/types\/page"}],"author":[{"embeddable":true,"href":"https:\/\/agora.xtec.cat\/ins-sagulla\/wp-json\/wp\/v2\/users\/1"}],"replies":[{"embeddable":true,"href":"https:\/\/agora.xtec.cat\/ins-sagulla\/wp-json\/wp\/v2\/comments?post=3409"}],"version-history":[{"count":6,"href":"https:\/\/agora.xtec.cat\/ins-sagulla\/wp-json\/wp\/v2\/pages\/3409\/revisions"}],"predecessor-version":[{"id":25484,"href":"https:\/\/agora.xtec.cat\/ins-sagulla\/wp-json\/wp\/v2\/pages\/3409\/revisions\/25484"}],"up":[{"embeddable":true,"href":"https:\/\/agora.xtec.cat\/ins-sagulla\/wp-json\/wp\/v2\/pages\/1010"}],"wp:attachment":[{"href":"https:\/\/agora.xtec.cat\/ins-sagulla\/wp-json\/wp\/v2\/media?parent=3409"}],"curies":[{"name":"wp","href":"https:\/\/api.w.org\/{rel}","templated":true}]}}