{"id":3167,"date":"2021-05-25T12:16:17","date_gmt":"2021-05-25T10:16:17","guid":{"rendered":"https:\/\/agora.xtec.cat\/ins-sagulla\/?page_id=3167"},"modified":"2026-03-23T10:53:50","modified_gmt":"2026-03-23T09:53:50","slug":"cicles-formatius-grau-superior","status":"publish","type":"page","link":"https:\/\/agora.xtec.cat\/ins-sagulla\/secretaria\/preinscripcio-i-matricula\/cicles-formatius-grau-superior\/","title":{"rendered":"Cicles formatius Grau Superior"},"content":{"rendered":"<p>&nbsp;<\/p>\n<p>&nbsp;<\/p>\n<p><strong>MOLT IMPORTANT<\/strong>, consultar la informaci\u00f3 al web oficial de la Generalitat i fer el seguiment\u00a0 del calendari de tot el proc\u00e9s.<\/p>\n<p>La informaci\u00f3 oficial i l&#8217;acc\u00e9s a la sol.licitud de preinscripci\u00f3 la trobareu al seg\u00fcent enlla\u00e7:<\/p>\n<p><a href=\"https:\/\/preinscripcio.gencat.cat\/ca\/estudis\/fp-grau-superior\/inici\/\">https:\/\/preinscripcio.gencat.cat\/ca\/estudis\/fp-grau-superior\/inici\/<\/a><\/p>\n<p>&nbsp;<\/p>\n<p><strong>2026-2027 MATR\u00cdCULA\u00a0 ALUMNAT CICLES FORMATIUS DE GRAU SUPERIOR\u00a0 \u00a0 \u00a0<a href=\"https:\/\/agora.xtec.cat\/ins-sagulla\/wp-content\/uploads\/usu2114\/2025\/06\/nou.gif\"><img loading=\"lazy\" decoding=\"async\" class=\"alignnone wp-image-25090\" src=\"https:\/\/agora.xtec.cat\/ins-sagulla\/wp-content\/uploads\/usu2114\/2025\/06\/nou.gif\" alt=\"\" width=\"83\" height=\"52\" \/><\/a><\/strong><\/p>\n<p>Seguint les informacions oficials de la Web de la Generalitat, l\u2019alumnat assignat en qualsevol de les 2 tandes, <strong>ha de formalitzar la matr\u00edcula<\/strong> amb una confirmaci\u00f3 online en els per\u00edodes que s\u2019estableixen per a cada proc\u00e9s d\u2019assignaci\u00f3.<\/p>\n<p>Despr\u00e9s de la confirmaci\u00f3 de la matr\u00edcula, seguint les mateixes informacions,\u00a0<strong>s\u2019ha de completar al centre<\/strong> en els per\u00edodes que s\u2019estableixen per a cada proc\u00e9s. Cal posar-vos en contacte a trav\u00e9s del correu electr\u00f2nic<span class=\"\"><span class=\"\"> secretaria@institutsagulla.cat<\/span><\/span>\u00a0 i us farem arribar les instruccions, documentaci\u00f3, dia i franja hor\u00e0ria per a finalitzar el tr\u00e0mit de matr\u00edcula.<\/p>\n<p><strong>L\u2019alumnat que no compleixi amb ambd\u00f3s requisits, confirmaci\u00f3 online i completar matricula al centre, es considerar\u00e0 que renuncien a la pla\u00e7a.<\/strong><\/p>\n<p>&nbsp;<\/p>\n<p>&nbsp;<\/p>\n<p>&nbsp;<\/p>\n<p><strong>Publicaci\u00f3 oferta inicial Cicles Formatius Grau Superior<\/strong><\/p>\n<p><strong>Publicaci\u00f3 llista de sol.licituds amb la puntuaci\u00f3 provisional CFGS<\/strong><\/p>\n<p><strong>Publicaci\u00f3 llista puntuaci\u00f3 resoltes les reclamacions\u00a0<\/strong><\/p>\n<p><strong>Publicaci\u00f3 alumnes assignats al centre en 1\u00aa TANDA<\/strong><\/p>\n<p><strong>Publicaci\u00f3 alumnes preinscrits al centre amb indicaci\u00f3 de l&#8217;assignaci\u00f3 i ordre de petici\u00f3 de la 1\u00aa TANDA<\/strong><\/p>\n<p><strong>Publicaci\u00f3 oferta definitiva Cicles Formatius Grau Superior<\/strong><\/p>\n<p><strong>Publicaci\u00f3 alumnes assignats al centre en 2\u00aa TANDA<\/strong><\/p>\n<p><strong>Publicaci\u00f3 alumnes preinscrits al centre amb indicaci\u00f3 de l&#8217;assignaci\u00f3 i ordre de petici\u00f3 de la 2\u00aa TANDA<\/strong><\/p>\n<p>&nbsp;<\/p>\n<p>&nbsp;<\/p>\n<p>&nbsp;<\/p>\n<p>&nbsp;<\/p>\n<p>&nbsp;<\/p>\n<p>&nbsp;<\/p>\n<p>&nbsp;<\/p>\n","protected":false},"excerpt":{"rendered":"<p>&nbsp;<br \/>\n&nbsp;<br \/>\nMOLT IMPORTANT, consultar la informaci\u00f3 al web oficial de la Generalitat i fer el seguiment\u00a0 del calendari de tot el proc\u00e9s.<br \/>\nLa informaci\u00f3 oficial i l&#8217;acc\u00e9s a la sol.licitud de preinscripci\u00f3 la trobareu al seg\u00fcent enlla\u00e7:<br \/>\n<a href=\"https:\/\/preinscripcio.gencat.cat\/ca\/estudis\/fp-grau-superior\/inici\/\">https:\/\/preinscripcio.gencat.cat\/ca\/estudis\/fp-grau-superior\/inici\/<\/a><br \/>\n&nbsp;<br \/>\n2026-2027 MATR\u00cdCULA\u00a0 ALUMNAT CICLES FORMATIUS DE GRAU SUPERIOR\u00a0 \u00a0 \u00a0<a&hellip;  <a href=\"https:\/\/agora.xtec.cat\/ins-sagulla\/secretaria\/preinscripcio-i-matricula\/cicles-formatius-grau-superior\/\" title=\"Read Cicles formatius Grau Superior\">Llegeix m\u00e9s\u00bb<\/a><\/p>\n","protected":false},"author":1,"featured_media":0,"parent":1011,"menu_order":30,"comment_status":"closed","ping_status":"closed","template":"page-templates\/side-menu.php","meta":{"_bbp_topic_count":0,"_bbp_reply_count":0,"_bbp_total_topic_count":0,"_bbp_total_reply_count":0,"_bbp_voice_count":0,"_bbp_anonymous_reply_count":0,"_bbp_topic_count_hidden":0,"_bbp_reply_count_hidden":0,"_bbp_forum_subforum_count":0,"footnotes":""},"class_list":["post-3167","page","type-page","status-publish","hentry"],"post_mailing_queue_ids":[],"_links":{"self":[{"href":"https:\/\/agora.xtec.cat\/ins-sagulla\/wp-json\/wp\/v2\/pages\/3167","targetHints":{"allow":["GET"]}}],"collection":[{"href":"https:\/\/agora.xtec.cat\/ins-sagulla\/wp-json\/wp\/v2\/pages"}],"about":[{"href":"https:\/\/agora.xtec.cat\/ins-sagulla\/wp-json\/wp\/v2\/types\/page"}],"author":[{"embeddable":true,"href":"https:\/\/agora.xtec.cat\/ins-sagulla\/wp-json\/wp\/v2\/users\/1"}],"replies":[{"embeddable":true,"href":"https:\/\/agora.xtec.cat\/ins-sagulla\/wp-json\/wp\/v2\/comments?post=3167"}],"version-history":[{"count":7,"href":"https:\/\/agora.xtec.cat\/ins-sagulla\/wp-json\/wp\/v2\/pages\/3167\/revisions"}],"predecessor-version":[{"id":25633,"href":"https:\/\/agora.xtec.cat\/ins-sagulla\/wp-json\/wp\/v2\/pages\/3167\/revisions\/25633"}],"up":[{"embeddable":true,"href":"https:\/\/agora.xtec.cat\/ins-sagulla\/wp-json\/wp\/v2\/pages\/1011"}],"wp:attachment":[{"href":"https:\/\/agora.xtec.cat\/ins-sagulla\/wp-json\/wp\/v2\/media?parent=3167"}],"curies":[{"name":"wp","href":"https:\/\/api.w.org\/{rel}","templated":true}]}}