{"id":24700,"date":"2025-03-13T18:49:49","date_gmt":"2025-03-13T17:49:49","guid":{"rendered":"https:\/\/agora.xtec.cat\/ins-sagulla\/?page_id=24700"},"modified":"2025-03-21T15:34:53","modified_gmt":"2025-03-21T14:34:53","slug":"cfgs-documentacio-i-administracio-sanitaries","status":"publish","type":"page","link":"https:\/\/agora.xtec.cat\/ins-sagulla\/cfgs-documentacio-i-administracio-sanitaries\/","title":{"rendered":"CFGS Documentaci\u00f3 i Administraci\u00f3 Sanit\u00e0ries"},"content":{"rendered":"<p><a href=\"https:\/\/agora.xtec.cat\/ins-sagulla\/wp-content\/uploads\/usu2114\/2025\/03\/BANNER-WEB-CFGS-DAS.png\"><img loading=\"lazy\" decoding=\"async\" class=\"alignleft size-large wp-image-24707\" src=\"https:\/\/agora.xtec.cat\/ins-sagulla\/wp-content\/uploads\/usu2114\/2025\/03\/BANNER-WEB-CFGS-DAS-1024x256.png\" alt=\"\" width=\"1024\" height=\"256\" srcset=\"https:\/\/agora.xtec.cat\/ins-sagulla\/wp-content\/uploads\/usu2114\/2025\/03\/BANNER-WEB-CFGS-DAS-1024x256.png 1024w, https:\/\/agora.xtec.cat\/ins-sagulla\/wp-content\/uploads\/usu2114\/2025\/03\/BANNER-WEB-CFGS-DAS-300x75.png 300w, https:\/\/agora.xtec.cat\/ins-sagulla\/wp-content\/uploads\/usu2114\/2025\/03\/BANNER-WEB-CFGS-DAS-768x192.png 768w, https:\/\/agora.xtec.cat\/ins-sagulla\/wp-content\/uploads\/usu2114\/2025\/03\/BANNER-WEB-CFGS-DAS-1536x384.png 1536w, https:\/\/agora.xtec.cat\/ins-sagulla\/wp-content\/uploads\/usu2114\/2025\/03\/BANNER-WEB-CFGS-DAS.png 1920w\" sizes=\"auto, (max-width: 1024px) 100vw, 1024px\" \/><\/a><\/p>\n<p>&nbsp;<\/p>\n<table style=\"width: 100.354%;\">\n<tbody>\n<tr>\n<td style=\"width: 34.2444%;\"><b>FAM\u00cdLIA PROFESSIONAL<\/b><\/p>\n<p><span style=\"font-weight: 400;\">Sanitat<\/span><\/td>\n<td style=\"width: 125.712%;\"><b>T\u00cdTOL<\/b><\/p>\n<p><span style=\"font-weight: 400;\">T\u00e8cnic\/a superior en Documentaci\u00f3 i administraci\u00f3 sanit\u00e0ries<\/span><\/td>\n<\/tr>\n<tr>\n<td style=\"width: 34.2444%;\"><b>NIVELL<\/b><\/p>\n<p><span style=\"font-weight: 400;\">Cicle formatiu de grau superior<\/span><\/td>\n<td style=\"width: 125.712%;\"><b>DURADA<\/b><\/p>\n<p><span style=\"font-weight: 400;\">2000 hores (distribu\u00efdes en 2 cursos acad\u00e8mics)<\/span><\/td>\n<\/tr>\n<tr>\n<td style=\"width: 34.2444%;\"><b>HORARI<\/b><\/p>\n<p><span style=\"font-weight: 400;\">Torn de tardes<\/span><\/td>\n<td style=\"width: 125.712%;\"><\/td>\n<\/tr>\n<\/tbody>\n<\/table>\n<p>&nbsp;<\/p>\n<p><b>COMPET\u00c8NCIA GENERAL<\/b><\/p>\n<p><span style=\"font-weight: 400;\">La compet\u00e8ncia general d&#8217;aquest t\u00edtol consisteix a definir i organitzar processos de tractament de la informaci\u00f3 i documentaci\u00f3 cl\u00ednica, extraient i registrant dades, codificant-les i validant la informaci\u00f3, garantint el compliment de la normativa, aix\u00ed com intervenir en els processos d&#8217;atenci\u00f3 i gesti\u00f3 de pacients i de gesti\u00f3 administrativa en centres sanitaris.<\/span><\/p>\n<p>&nbsp;<\/p>\n<table style=\"width: 100.261%;\">\n<tbody>\n<tr>\n<td style=\"width: 100%;\"><b>SORTIDES ACAD\u00c8MIQUES<\/b><\/td>\n<\/tr>\n<tr>\n<td style=\"width: 100%;\"><span style=\"font-weight: 400;\">Amb aquests estudis s\u2019obt\u00e9 el t\u00edtol de <\/span><b>t\u00e8cnic\/a superior<\/b><span style=\"font-weight: 400;\"> , que permet:<\/span><\/p>\n<ul>\n<li style=\"font-weight: 400;\" aria-level=\"1\"><span style=\"font-weight: 400;\">accedir a qualsevol estudi universitari oficial de grau<\/span><\/li>\n<li style=\"font-weight: 400;\" aria-level=\"1\"><span style=\"font-weight: 400;\">obtenir la convalidaci\u00f3 de cr\u00e8dits universitaris ECTS (Per a m\u00e9s informaci\u00f3, consulteu el <\/span><a href=\"https:\/\/universitats.gencat.cat\/ca\/inici\"><span style=\"font-weight: 400;\">Canal Universitats<\/span><\/a><span style=\"font-weight: 400;\">)<\/span><\/li>\n<\/ul>\n<\/td>\n<\/tr>\n<\/tbody>\n<\/table>\n<p>&nbsp;<\/p>\n<table style=\"width: 100.242%;\">\n<tbody>\n<tr>\n<td style=\"width: 100%;\"><b>SORTIDES PROFESSIONALS<\/b><\/td>\n<\/tr>\n<tr>\n<td style=\"width: 100%;\"><span style=\"font-weight: 400;\">La superaci\u00f3 d\u2019aquest cicle formatiu permet accedir al <\/span><b>m\u00f3n laboral <\/b><span style=\"font-weight: 400;\">com a:<\/span><\/p>\n<ul>\n<li style=\"font-weight: 400;\" aria-level=\"1\"><span style=\"font-weight: 400;\">t\u00e8cnic o t\u00e8cnica superior en documentaci\u00f3 sanit\u00e0ria;<\/span><\/li>\n<li style=\"font-weight: 400;\" aria-level=\"1\"><span style=\"font-weight: 400;\">responsable t\u00e8cnic de codificaci\u00f3 de documentaci\u00f3 sanit\u00e0ria;<\/span><\/li>\n<li style=\"font-weight: 400;\" aria-level=\"1\"><span style=\"font-weight: 400;\">responsable t\u00e8cnic d&#8217;arxius d&#8217;hist\u00f2ries cl\u00edniques;<\/span><\/li>\n<li style=\"font-weight: 400;\" aria-level=\"1\"><span style=\"font-weight: 400;\">responsable t\u00e8cnic de tractament i disseny documental sanitari;<\/span><\/li>\n<li style=\"font-weight: 400;\" aria-level=\"1\"><span style=\"font-weight: 400;\">responsable t\u00e8cnic de sistemes d&#8217;informaci\u00f3 assistencial sanit\u00e0ria;<\/span><\/li>\n<li style=\"font-weight: 400;\" aria-level=\"1\"><span style=\"font-weight: 400;\">responsable t\u00e8cnic d&#8217;avaluaci\u00f3 i control de qualitat de la prestaci\u00f3 sanit\u00e0ria;<\/span><\/li>\n<li style=\"font-weight: 400;\" aria-level=\"1\"><span style=\"font-weight: 400;\">responsable t\u00e8cnic de gesti\u00f3 de processos administratius-cl\u00ednics;<\/span><\/li>\n<li style=\"font-weight: 400;\" aria-level=\"1\"><span style=\"font-weight: 400;\">responsable d&#8217;administraci\u00f3 d&#8217;unitats, departament o centres sanitaris;<\/span><\/li>\n<li style=\"font-weight: 400;\" aria-level=\"1\"><span style=\"font-weight: 400;\">assistent o assistenta d&#8217;equips de recerca biom\u00e8dica;<\/span><\/li>\n<li style=\"font-weight: 400;\" aria-level=\"1\"><span style=\"font-weight: 400;\">secretari o secret\u00e0ria de serveis sanitaris.<\/span><\/li>\n<\/ul>\n<\/td>\n<\/tr>\n<\/tbody>\n<\/table>\n<p>&nbsp;<\/p>\n<table>\n<tbody>\n<tr>\n<td><b>ACC\u00c9S<\/b><\/td>\n<\/tr>\n<tr>\n<td><span style=\"font-weight: 400;\">Per al curs 2024-2025, pots accedir als cicles de grau superior si compleixes algun dels requisits seg\u00fcents:<\/span><\/p>\n<ul>\n<li style=\"font-weight: 400;\" aria-level=\"1\"><span style=\"font-weight: 400;\">Tenir un d\u2019aquests t\u00edtols:<\/span>\n<ul>\n<li style=\"font-weight: 400;\" aria-level=\"2\"><span style=\"font-weight: 400;\">Batxillerat.<\/span><\/li>\n<li style=\"font-weight: 400;\" aria-level=\"2\"><span style=\"font-weight: 400;\">Batxillerat LOGSE.<\/span><\/li>\n<li style=\"font-weight: 400;\" aria-level=\"2\"><span style=\"font-weight: 400;\">BUP.<\/span><\/li>\n<li style=\"font-weight: 400;\" aria-level=\"2\"><span style=\"font-weight: 400;\">T\u00e8cnic\/a superior de formaci\u00f3 professional o grau universitari o equivalent.<\/span><\/li>\n<li style=\"font-weight: 400;\" aria-level=\"2\"><span style=\"font-weight: 400;\">T\u00e8cnic\/a especialista, t\u00e8cnic\/a superior o equivalent.<\/span><\/li>\n<li style=\"font-weight: 400;\" aria-level=\"2\"><span style=\"font-weight: 400;\">T\u00e8cnic\/a de grau mitj\u00e0 de formaci\u00f3 professional o t\u00edtol de t\u00e8cnic\/a o t\u00e8cnic\/a d&#8217;arts pl\u00e0stiques i disseny.<\/span><\/li>\n<\/ul>\n<\/li>\n<li style=\"font-weight: 400;\" aria-level=\"1\"><span style=\"font-weight: 400;\">O b\u00e9, haver superat:<\/span>\n<ul>\n<li style=\"font-weight: 400;\" aria-level=\"2\"><span style=\"font-weight: 400;\">Una oferta formativa de certificat professional inclosa en el cicle.<\/span><\/li>\n<li style=\"font-weight: 400;\" aria-level=\"2\"><span style=\"font-weight: 400;\">Un curs de formaci\u00f3 espec\u00edfic per a l\u2019acc\u00e9s als cicles de grau superior.<\/span><\/li>\n<li style=\"font-weight: 400;\" aria-level=\"2\"><span style=\"font-weight: 400;\">Una prova d&#8217;acc\u00e9s.<\/span><\/li>\n<li style=\"font-weight: 400;\" aria-level=\"2\"><span style=\"font-weight: 400;\">El segon curs de qualsevol modalitat de batxillerat experimental.<\/span><\/li>\n<li style=\"font-weight: 400;\" aria-level=\"2\"><span style=\"font-weight: 400;\">El COU o un curs preuniversitari.<\/span><\/li>\n<li style=\"font-weight: 400;\" aria-level=\"2\"><span style=\"font-weight: 400;\">Haver superat la prova d&#8217;acc\u00e9s a la universitat per a m\u00e9s grans de 25 o de 45 anys, o haver accedit a la universitat per tenir 40 anys o m\u00e9s i acreditar experi\u00e8ncia laboral o professional.<\/span><\/li>\n<\/ul>\n<\/li>\n<\/ul>\n<\/td>\n<\/tr>\n<\/tbody>\n<\/table>\n<p>&nbsp;<\/p>\n<table>\n<tbody>\n<tr>\n<td><b>M\u00d2DULS PROFESSIONALS<\/b><\/td>\n<\/tr>\n<\/tbody>\n<\/table>\n<p><b>Primer curs:<\/b><\/p>\n<ul>\n<li style=\"font-weight: 400;\" aria-level=\"1\"><span style=\"font-weight: 400;\">Ofim\u00e0tica i proc\u00e9s de la informaci\u00f3 &#8211; 231h<\/span><\/li>\n<li style=\"font-weight: 400;\" aria-level=\"1\"><span style=\"font-weight: 400;\">Gesti\u00f3 de pacients &#8211; 132h<\/span><\/li>\n<li style=\"font-weight: 400;\" aria-level=\"1\"><span style=\"font-weight: 400;\">Terminologia cl\u00ednica i patologia &#8211; 99h<\/span><\/li>\n<li style=\"font-weight: 400;\" aria-level=\"1\"><span style=\"font-weight: 400;\">Extracci\u00f3 de diagn\u00f2stics i procediments &#8211; 165h<\/span><\/li>\n<li style=\"font-weight: 400;\" aria-level=\"1\"><span style=\"font-weight: 400;\">Arxiu i documentaci\u00f3 sanitaris &#8211; 132h<\/span><\/li>\n<li style=\"font-weight: 400;\" aria-level=\"1\"><span style=\"font-weight: 400;\">Sistemes d\u2019informaci\u00f3 i classificaci\u00f3 sanitaris &#8211; 99h<\/span><\/li>\n<li style=\"font-weight: 400;\" aria-level=\"1\"><span style=\"font-weight: 400;\">Catal\u00e0 professional &#8211; 66h<\/span><\/li>\n<li style=\"font-weight: 400;\" aria-level=\"1\"><span style=\"font-weight: 400;\">Angl\u00e8s professional &#8211; 66h<\/span><\/li>\n<li style=\"font-weight: 400;\" aria-level=\"1\"><span style=\"font-weight: 400;\">Digitalitzaci\u00f3 aplicada als sectors productius &#8211; 33h<\/span><\/li>\n<li style=\"font-weight: 400;\" aria-level=\"1\"><span style=\"font-weight: 400;\">Sostenibilitat aplicada al sistema productiu &#8211; 33h<\/span><\/li>\n<li style=\"font-weight: 400;\" aria-level=\"1\"><span style=\"font-weight: 400;\">Itinerari personal per a l&#8217;ocupabilitat I &#8211; 99h<\/span><\/li>\n<li style=\"font-weight: 400;\" aria-level=\"1\"><span style=\"font-weight: 400;\">M\u00f2dul optatiu &#8211; 66h<\/span><\/li>\n<li style=\"font-weight: 400;\" aria-level=\"1\"><span style=\"font-weight: 400;\">Tutoria &#8211; 33h<\/span><\/li>\n<\/ul>\n<p><b>Segon curs:<\/b><\/p>\n<ul>\n<li style=\"font-weight: 400;\" aria-level=\"1\"><span style=\"font-weight: 400;\">Codificaci\u00f3 sanit\u00e0ria &#8211; 165h<\/span><\/li>\n<li style=\"font-weight: 400;\" aria-level=\"1\"><span style=\"font-weight: 400;\">Atenci\u00f3 psicosocial al pacient\/usuari &#8211; 66h<\/span><\/li>\n<li style=\"font-weight: 400;\" aria-level=\"1\"><span style=\"font-weight: 400;\">Validaci\u00f3 i explotaci\u00f3 de dades &#8211; 185h<\/span><\/li>\n<li style=\"font-weight: 400;\" aria-level=\"1\"><span style=\"font-weight: 400;\">Gesti\u00f3 administrativa sanit\u00e0ria &#8211; 99h<\/span><\/li>\n<li style=\"font-weight: 400;\" aria-level=\"1\"><span style=\"font-weight: 400;\">Itinerari personal per a l&#8217;ocupabilitat II &#8211; 66h<\/span><\/li>\n<li style=\"font-weight: 400;\" aria-level=\"1\"><span style=\"font-weight: 400;\">Projecte intermodular &#8211; 198h<\/span><\/li>\n<li style=\"font-weight: 400;\" aria-level=\"1\"><span style=\"font-weight: 400;\">Tutoria &#8211; 33h<\/span><\/li>\n<\/ul>\n<table style=\"width: 99.7098%;\">\n<tbody>\n<tr>\n<td style=\"width: 100%;\"><b>TRIA EDUCATIVA<\/b><\/td>\n<\/tr>\n<tr>\n<td style=\"width: 100%;\"><a href=\"https:\/\/triaeducativa.gencat.cat\/ca\/inici\/index.html\"><span style=\"font-weight: 400;\">https:\/\/triaeducativa.gencat.cat\/ca\/inici\/index.html<\/span><\/a><\/td>\n<\/tr>\n<\/tbody>\n<\/table>\n<p>&nbsp;<\/p>\n","protected":false},"excerpt":{"rendered":"<p><a href=\"https:\/\/agora.xtec.cat\/ins-sagulla\/wp-content\/uploads\/usu2114\/2025\/03\/BANNER-WEB-CFGS-DAS.png\"><\/a><br \/>\n&nbsp;<\/p>\n<p>FAM\u00cdLIA PROFESSIONAL<br \/>\nSanitat<br \/>\nT\u00cdTOL<br \/>\nT\u00e8cnic\/a superior en Documentaci\u00f3 i administraci\u00f3 sanit\u00e0ries<\/p>\n<p>NIVELL<br \/>\nCicle formatiu de grau superior<br \/>\nDURADA<br \/>\n2000 hores (distribu\u00efdes en 2 cursos acad\u00e8mics)<\/p>\n<p>HORARI<br \/>\nTorn de tardes<\/p>\n<p>&nbsp;<br \/>\nCOMPET\u00c8NCIA GENERAL<br \/>\nLa compet\u00e8ncia general d&#8217;aquest t\u00edtol consisteix a definir i organitzar processos de tractament de la informaci\u00f3 i documentaci\u00f3 cl\u00ednica, extraient i registrant dades, codificant-les&hellip;  <a href=\"https:\/\/agora.xtec.cat\/ins-sagulla\/cfgs-documentacio-i-administracio-sanitaries\/\" title=\"Read CFGS Documentaci\u00f3 i Administraci\u00f3 Sanit\u00e0ries\">Llegeix m\u00e9s\u00bb<\/a><\/p>\n","protected":false},"author":1,"featured_media":0,"parent":0,"menu_order":0,"comment_status":"closed","ping_status":"closed","template":"","meta":{"_bbp_topic_count":0,"_bbp_reply_count":0,"_bbp_total_topic_count":0,"_bbp_total_reply_count":0,"_bbp_voice_count":0,"_bbp_anonymous_reply_count":0,"_bbp_topic_count_hidden":0,"_bbp_reply_count_hidden":0,"_bbp_forum_subforum_count":0,"footnotes":""},"class_list":["post-24700","page","type-page","status-publish","hentry"],"post_mailing_queue_ids":[],"_links":{"self":[{"href":"https:\/\/agora.xtec.cat\/ins-sagulla\/wp-json\/wp\/v2\/pages\/24700","targetHints":{"allow":["GET"]}}],"collection":[{"href":"https:\/\/agora.xtec.cat\/ins-sagulla\/wp-json\/wp\/v2\/pages"}],"about":[{"href":"https:\/\/agora.xtec.cat\/ins-sagulla\/wp-json\/wp\/v2\/types\/page"}],"author":[{"embeddable":true,"href":"https:\/\/agora.xtec.cat\/ins-sagulla\/wp-json\/wp\/v2\/users\/1"}],"replies":[{"embeddable":true,"href":"https:\/\/agora.xtec.cat\/ins-sagulla\/wp-json\/wp\/v2\/comments?post=24700"}],"version-history":[{"count":5,"href":"https:\/\/agora.xtec.cat\/ins-sagulla\/wp-json\/wp\/v2\/pages\/24700\/revisions"}],"predecessor-version":[{"id":24790,"href":"https:\/\/agora.xtec.cat\/ins-sagulla\/wp-json\/wp\/v2\/pages\/24700\/revisions\/24790"}],"wp:attachment":[{"href":"https:\/\/agora.xtec.cat\/ins-sagulla\/wp-json\/wp\/v2\/media?parent=24700"}],"curies":[{"name":"wp","href":"https:\/\/api.w.org\/{rel}","templated":true}]}}