{"id":23323,"date":"2023-09-13T14:13:22","date_gmt":"2023-09-13T12:13:22","guid":{"rendered":"https:\/\/agora.xtec.cat\/ins-sagulla\/?page_id=23323"},"modified":"2024-11-13T12:02:40","modified_gmt":"2024-11-13T11:02:40","slug":"cfgm-farmacia-i-parafarmacia","status":"publish","type":"page","link":"https:\/\/agora.xtec.cat\/ins-sagulla\/cicles-formatius\/grau-mitja\/cfgm-farmacia-i-parafarmacia\/","title":{"rendered":"CFGM Farm\u00e0cia i Parafarm\u00e0cia"},"content":{"rendered":"<p><a href=\"https:\/\/agora.xtec.cat\/ins-sagulla\/wp-content\/uploads\/usu2114\/2024\/11\/Captura-de-pantalla-2024-11-13-a-las-11.53.48.png\"><img loading=\"lazy\" decoding=\"async\" class=\"wp-image-24290 aligncenter\" src=\"https:\/\/agora.xtec.cat\/ins-sagulla\/wp-content\/uploads\/usu2114\/2024\/11\/Captura-de-pantalla-2024-11-13-a-las-11.53.48-300x75.png\" alt=\"\" width=\"880\" height=\"220\" srcset=\"https:\/\/agora.xtec.cat\/ins-sagulla\/wp-content\/uploads\/usu2114\/2024\/11\/Captura-de-pantalla-2024-11-13-a-las-11.53.48-300x75.png 300w, https:\/\/agora.xtec.cat\/ins-sagulla\/wp-content\/uploads\/usu2114\/2024\/11\/Captura-de-pantalla-2024-11-13-a-las-11.53.48-768x191.png 768w, https:\/\/agora.xtec.cat\/ins-sagulla\/wp-content\/uploads\/usu2114\/2024\/11\/Captura-de-pantalla-2024-11-13-a-las-11.53.48-2048x509.png 2048w\" sizes=\"auto, (max-width: 880px) 100vw, 880px\" \/><\/a><\/p>\n<table style=\"width: 100.284%;\">\n<tbody>\n<tr>\n<td style=\"width: 50.9249%;\"><b>FAM\u00cdLIA PROFESSIONAL<\/b><\/p>\n<p><span style=\"font-weight: 400;\">Sanitat<\/span><\/td>\n<td style=\"width: 105.84%;\"><b>T\u00cdTOL<\/b><\/p>\n<p><span style=\"font-weight: 400;\">T\u00e8cnic\/a en Farm\u00e0cia i Parafarm\u00e0cia<\/span><\/td>\n<\/tr>\n<tr>\n<td style=\"width: 50.9249%;\"><b>NIVELL<\/b><\/p>\n<p><span style=\"font-weight: 400;\">Cicle formatiu de grau mitj\u00e0<\/span><\/td>\n<td style=\"width: 105.84%;\"><b>DURADA<\/b><\/p>\n<p><span style=\"font-weight: 400;\">2000 hores (distribu\u00efdes en 2 cursos acad\u00e8mics<\/span><\/td>\n<\/tr>\n<tr>\n<td style=\"width: 50.9249%;\"><b>HORARI<\/b><\/p>\n<p><span style=\"font-weight: 400;\">Torn de tardes<\/span><\/td>\n<td style=\"width: 105.84%;\"><\/td>\n<\/tr>\n<\/tbody>\n<\/table>\n<p><b>COMPET\u00c8NCIA GENERAL<\/b><\/p>\n<p style=\"text-align: justify;\"><span style=\"font-weight: 400;\">La compet\u00e8ncia general d&#8217;aquest t\u00edtol consisteix a assistir en la dispensaci\u00f3 i<\/span> <span style=\"font-weight: 400;\">elaboraci\u00f3 de productes farmac\u00e8utics i afins, i realitzar la venda de productes parafarmac\u00e8utics, fomentant la promoci\u00f3 de la salut i executant tasques administratives i de control de magatzem, complint amb les especificacions de qualitat, seguretat i protecci\u00f3 ambiental.<\/span><\/p>\n<table style=\"width: 100.286%;\">\n<tbody>\n<tr>\n<td style=\"width: 100%;\"><b>SORTIDES ACAD\u00c8MIQUES<\/b><\/td>\n<\/tr>\n<tr>\n<td style=\"width: 100%;\"><span style=\"font-weight: 400;\">Amb aquests estudis s\u2019obt\u00e9 el t\u00edtol de <\/span><b>t\u00e8cnic\/a<\/b><span style=\"font-weight: 400;\"> , que permet accedir:<\/span><\/p>\n<ul>\n<li style=\"font-weight: 400;\" aria-level=\"1\"><span style=\"font-weight: 400;\">al batxillerat<\/span><\/li>\n<li style=\"font-weight: 400;\" aria-level=\"1\"><span style=\"font-weight: 400;\">a un cicle de grau superior de formaci\u00f3 professional<\/span><\/li>\n<\/ul>\n<\/td>\n<\/tr>\n<\/tbody>\n<\/table>\n<table style=\"width: 100.237%;\">\n<tbody>\n<tr>\n<td style=\"width: 100%;\"><b>SORTIDES PROFESSIONALS<\/b><\/td>\n<\/tr>\n<tr>\n<td style=\"width: 100%;\">La superaci\u00f3 d\u2019aquest cicle formatiu permet accedir al <b>m\u00f3n laboral <\/b>com a:<\/p>\n<ul>\n<li aria-level=\"1\">t\u00e8cnic o t\u00e8cnica auxiliar de farm\u00e0cia;<\/li>\n<li aria-level=\"1\">t\u00e8cnic o t\u00e8cnica de farm\u00e0cia o de magatzem de medicaments, i t\u00e8cnic o t\u00e8cnica en una farm\u00e0cia hospital\u00e0ria o en un establiment de parafarm\u00e0cia<\/li>\n<\/ul>\n<\/td>\n<\/tr>\n<\/tbody>\n<\/table>\n<table style=\"width: 100.475%;\">\n<tbody>\n<tr>\n<td style=\"width: 100%;\"><b>ACC\u00c9S<\/b><\/td>\n<\/tr>\n<tr>\n<td style=\"width: 100%;\"><span style=\"font-weight: 400;\">Tenen acc\u00e9s directe al cicle les persones que compleixen algun dels requisits seg\u00fcents:<\/span><\/p>\n<ul>\n<li style=\"font-weight: 400;\" aria-level=\"1\"><span style=\"font-weight: 400;\">tenir el t\u00edtol de graduat en educaci\u00f3 secund\u00e0ria obligat\u00f2ria,<\/span><\/li>\n<li style=\"font-weight: 400;\" aria-level=\"1\"><span style=\"font-weight: 400;\">haver superat el curs espec\u00edfic per a l\u2019acc\u00e9s als cicles de grau mitj\u00e0,<\/span><\/li>\n<li style=\"font-weight: 400;\" aria-level=\"1\"><span style=\"font-weight: 400;\">tenir el t\u00edtol de t\u00e8cnic o de t\u00e8cnic auxiliar,<\/span><\/li>\n<li style=\"font-weight: 400;\" aria-level=\"1\"><span style=\"font-weight: 400;\">haver superat el segon curs del batxillerat unificat i polivalent (BUP),<\/span><\/li>\n<li style=\"font-weight: 400;\" aria-level=\"1\"><span style=\"font-weight: 400;\">tenir altres estudis equivalents a efectes acad\u00e8mics,<\/span><\/li>\n<li style=\"font-weight: 400;\" aria-level=\"1\"><span style=\"font-weight: 400;\">haver superat la prova d\u2019acc\u00e9s a la universitat per a m\u00e9s grans de 25 anys,<\/span><\/li>\n<li style=\"font-weight: 400;\" aria-level=\"1\"><span style=\"font-weight: 400;\">haver superat els m\u00f2duls obligatoris d\u2019un programa de qualificaci\u00f3 professional inicial (PQPI),<\/span><\/li>\n<li style=\"font-weight: 400;\" aria-level=\"1\"><span style=\"font-weight: 400;\">tenir un t\u00edtol per accedir a un cicle formatiu de grau superior.<\/span><\/li>\n<li style=\"font-weight: 400;\" aria-level=\"1\"><span style=\"font-weight: 400;\">Les persones que no compleixen cap dels requisits esmentats han de superar una prova d\u2019acc\u00e9s. Per presentar-s\u2019hi cal tenir com a m\u00ednim 17 anys l\u2019any en qu\u00e8 es fa la prova.<\/span><\/li>\n<\/ul>\n<\/td>\n<\/tr>\n<\/tbody>\n<\/table>\n<table>\n<tbody>\n<tr>\n<td><b>M\u00d2DULS PROFESSIONALS<\/b><\/td>\n<\/tr>\n<\/tbody>\n<\/table>\n<p><b>Primer curs:<\/b><\/p>\n<ul>\n<li style=\"font-weight: 400;\" aria-level=\"1\"><span style=\"font-weight: 400;\">Disposici\u00f3 i venda de productes &#8211; 66h<\/span><\/li>\n<li style=\"font-weight: 400;\" aria-level=\"1\"><span style=\"font-weight: 400;\">Oficina de farm\u00e0cia &#8211; 198h<\/span><\/li>\n<li style=\"font-weight: 400;\" aria-level=\"1\"><span style=\"font-weight: 400;\">Dispensaci\u00f3 de productes farmac\u00e8utics &#8211; 251h<\/span><\/li>\n<li style=\"font-weight: 400;\" aria-level=\"1\"><span style=\"font-weight: 400;\">Dispensaci\u00f3 de productes parafarmac\u00e8utics &#8211; 231h<\/span><\/li>\n<li style=\"font-weight: 400;\" aria-level=\"1\"><span style=\"font-weight: 400;\">Operacions b\u00e0siques de laboratori &#8211; 132<\/span><\/li>\n<li style=\"font-weight: 400;\" aria-level=\"1\"><span style=\"font-weight: 400;\">Anatomofisiologia i patologia b\u00e0siques &#8211; 99h<\/span><\/li>\n<li style=\"font-weight: 400;\" aria-level=\"1\"><span style=\"font-weight: 400;\">Catal\u00e0 professional &#8211; 66h<\/span><\/li>\n<li style=\"font-weight: 400;\" aria-level=\"1\"><span style=\"font-weight: 400;\">Angl\u00e8s professional &#8211; 66h<\/span><\/li>\n<li style=\"font-weight: 400;\" aria-level=\"1\"><span style=\"font-weight: 400;\">Digitalitzaci\u00f3 aplicada als sectors productius &#8211; 33h<\/span><\/li>\n<li style=\"font-weight: 400;\" aria-level=\"1\"><span style=\"font-weight: 400;\">Sostenibilitat aplicada al sistema productiu &#8211; 33h<\/span><\/li>\n<li style=\"font-weight: 400;\" aria-level=\"1\"><span style=\"font-weight: 400;\">Itinerari personal per a l&#8217;ocupabilitat I &#8211; 99h<\/span><\/li>\n<li style=\"font-weight: 400;\" aria-level=\"1\"><span style=\"font-weight: 400;\">Tutoria &#8211; 33h<\/span><\/li>\n<\/ul>\n<p><b>Segon curs:<\/b><\/p>\n<ul>\n<li style=\"font-weight: 400;\" aria-level=\"1\"><span style=\"font-weight: 400;\">Primers auxilis &#8211; 66h<\/span><\/li>\n<li style=\"font-weight: 400;\" aria-level=\"1\"><span style=\"font-weight: 400;\">Formulaci\u00f3 magistral &#8211; 198h<\/span><\/li>\n<li style=\"font-weight: 400;\" aria-level=\"1\"><span style=\"font-weight: 400;\">Promoci\u00f3 de la salut &#8211; 132h<\/span><\/li>\n<li style=\"font-weight: 400;\" aria-level=\"1\"><span style=\"font-weight: 400;\">Itinerari personal per a l&#8217;ocupabilitat II &#8211; 66h<\/span><\/li>\n<li style=\"font-weight: 400;\" aria-level=\"1\"><span style=\"font-weight: 400;\">Projecte intermodular &#8211; 198h<\/span><\/li>\n<li style=\"font-weight: 400;\" aria-level=\"1\"><span style=\"font-weight: 400;\">M\u00f2dul professional optatiu &#8211; 66h<\/span><\/li>\n<li style=\"font-weight: 400;\" aria-level=\"1\"><span style=\"font-weight: 400;\">Tutoria &#8211; 33h<\/span><\/li>\n<\/ul>\n<table style=\"width: 100.721%;\">\n<tbody>\n<tr>\n<td style=\"width: 100%;\"><b>TRIA EDUCATIVA<\/b><\/td>\n<\/tr>\n<tr>\n<td style=\"width: 100%;\"><a href=\"https:\/\/triaeducativa.gencat.cat\/ca\/inici\/index.html\">https:\/\/triaeducativa.gencat.cat\/ca\/inici\/index.html<\/a><\/td>\n<\/tr>\n<\/tbody>\n<\/table>\n","protected":false},"excerpt":{"rendered":"<p><a href=\"https:\/\/agora.xtec.cat\/ins-sagulla\/wp-content\/uploads\/usu2114\/2024\/11\/Captura-de-pantalla-2024-11-13-a-las-11.53.48.png\"><\/a><\/p>\n<p>FAM\u00cdLIA PROFESSIONAL<br \/>\nSanitat<br \/>\nT\u00cdTOL<br \/>\nT\u00e8cnic\/a en Farm\u00e0cia i Parafarm\u00e0cia<\/p>\n<p>NIVELL<br \/>\nCicle formatiu de grau mitj\u00e0<br \/>\nDURADA<br \/>\n2000 hores (distribu\u00efdes en 2 cursos acad\u00e8mics<\/p>\n<p>HORARI<br \/>\nTorn de tardes<\/p>\n<p>COMPET\u00c8NCIA GENERAL<br \/>\nLa compet\u00e8ncia general d&#8217;aquest t\u00edtol consisteix a assistir en la dispensaci\u00f3 i elaboraci\u00f3 de productes farmac\u00e8utics i afins, i realitzar la venda de productes parafarmac\u00e8utics, fomentant&hellip;  <a href=\"https:\/\/agora.xtec.cat\/ins-sagulla\/cicles-formatius\/grau-mitja\/cfgm-farmacia-i-parafarmacia\/\" title=\"Read CFGM Farm\u00e0cia i Parafarm\u00e0cia\">Llegeix m\u00e9s\u00bb<\/a><\/p>\n","protected":false},"author":1,"featured_media":0,"parent":1968,"menu_order":0,"comment_status":"closed","ping_status":"closed","template":"","meta":{"_bbp_topic_count":0,"_bbp_reply_count":0,"_bbp_total_topic_count":0,"_bbp_total_reply_count":0,"_bbp_voice_count":0,"_bbp_anonymous_reply_count":0,"_bbp_topic_count_hidden":0,"_bbp_reply_count_hidden":0,"_bbp_forum_subforum_count":0,"footnotes":""},"class_list":["post-23323","page","type-page","status-publish","hentry"],"post_mailing_queue_ids":[],"_links":{"self":[{"href":"https:\/\/agora.xtec.cat\/ins-sagulla\/wp-json\/wp\/v2\/pages\/23323","targetHints":{"allow":["GET"]}}],"collection":[{"href":"https:\/\/agora.xtec.cat\/ins-sagulla\/wp-json\/wp\/v2\/pages"}],"about":[{"href":"https:\/\/agora.xtec.cat\/ins-sagulla\/wp-json\/wp\/v2\/types\/page"}],"author":[{"embeddable":true,"href":"https:\/\/agora.xtec.cat\/ins-sagulla\/wp-json\/wp\/v2\/users\/1"}],"replies":[{"embeddable":true,"href":"https:\/\/agora.xtec.cat\/ins-sagulla\/wp-json\/wp\/v2\/comments?post=23323"}],"version-history":[{"count":7,"href":"https:\/\/agora.xtec.cat\/ins-sagulla\/wp-json\/wp\/v2\/pages\/23323\/revisions"}],"predecessor-version":[{"id":24297,"href":"https:\/\/agora.xtec.cat\/ins-sagulla\/wp-json\/wp\/v2\/pages\/23323\/revisions\/24297"}],"up":[{"embeddable":true,"href":"https:\/\/agora.xtec.cat\/ins-sagulla\/wp-json\/wp\/v2\/pages\/1968"}],"wp:attachment":[{"href":"https:\/\/agora.xtec.cat\/ins-sagulla\/wp-json\/wp\/v2\/media?parent=23323"}],"curies":[{"name":"wp","href":"https:\/\/api.w.org\/{rel}","templated":true}]}}