{"id":8740,"date":"2024-11-15T08:56:08","date_gmt":"2024-11-15T07:56:08","guid":{"rendered":"https:\/\/agora.xtec.cat\/ins-nauticabcn\/?page_id=8740"},"modified":"2026-03-12T08:10:52","modified_gmt":"2026-03-12T07:10:52","slug":"preinscripcio-i-matricula-cicle-final-vela-amb-aparell-lliure-curs-2025-2026","status":"publish","type":"page","link":"https:\/\/agora.xtec.cat\/ins-nauticabcn\/preinscripcio-i-matricula-cicle-final-vela-amb-aparell-lliure-curs-2025-2026\/","title":{"rendered":"Preinscripci\u00f3 i matr\u00edcula Cicle Final Vela amb aparell lliure curs 2025-2026"},"content":{"rendered":"<p><strong><span style=\"color: #ff9900;\">PREINSCRIPCI\u00d3 I MATR\u00cdCULA CICLES D&#8217;ESTUDIS ESPORTIUS<\/span><br \/>\n<\/strong><\/p>\n<table>\n<tbody>\n<tr>\n<td><a href=\"#a\"><strong>a) Dates clau i horari de preinscripci\u00f3 i matr\u00edcula<\/strong><\/a><\/td>\n<\/tr>\n<tr>\n<td><a href=\"#b\"><strong>b) Informaci\u00f3 general i requisits d&#8217;acc\u00e9s<\/strong><\/a><\/td>\n<\/tr>\n<tr>\n<td><a href=\"#c\"><strong>c) Proc\u00e9s preinscripci\u00f3<\/strong><\/a><\/td>\n<\/tr>\n<tr>\n<td><a href=\"#d\"><strong>d) Quadre de preus<\/strong><\/a><\/td>\n<\/tr>\n<tr>\n<td><a href=\"#e\"><strong>e) Documents de matr\u00edcula<\/strong><\/a><\/td>\n<\/tr>\n<\/tbody>\n<\/table>\n<p><strong>\u00a0<\/strong><\/p>\n<p><span style=\"color: #ff9900;\"><strong>CURS 2025-2026<\/strong><\/span><\/p>\n<ul>\n<li><strong>Cicle Final d&#8217;Ensenyaments esportius de Vela amb aparell lliure curs 2025-2026:<\/strong><\/li>\n<li><em>Quan fan la preinscripci\u00f3 a l\u2019Institut, els alumnes poden decidir si cursar nom\u00e9s la modalitat amb aparell lliure <strong>o cursar tamb\u00e9 la modalitat amb aparell fix<\/strong>.<\/em><em> En el cas de voler fer les dues modalitats, l\u2019alumnat ha de fer dues preinscripcions i dues matr\u00edcules, una per cada modalitat.<\/em><\/li>\n<\/ul>\n<p>Oferta Inicial 30 places.<strong><br \/>\n<\/strong><\/p>\n<p>&nbsp;<\/p>\n<p><span style=\"color: #3366ff;\"><strong><span id=\"a\">a) Dates clau i horari de preinscripci\u00f3 i matr\u00edcula<\/span><\/strong><\/span><\/p>\n<table style=\"width: 66.1227%;\" width=\"1050\">\n<tbody>\n<tr>\n<td style=\"width: 31.1725%;\"><strong>Cicle Formatiu<\/strong><\/td>\n<td style=\"width: 14.204%;\"><strong>Preinscripci\u00f3<\/strong><\/td>\n<td style=\"width: 14.3947%;\"><strong>Matr\u00edcula<\/strong><\/td>\n<td style=\"width: 16.2059%;\"><strong>Detall Preinscripci\u00f3<\/strong><\/td>\n<\/tr>\n<tr>\n<td style=\"width: 31.1725%;\">Cicle Final de CFGM Vela amb aparell lliure curs 2025-2026<\/td>\n<td style=\"width: 14.204%;\">del 13 al 28 de novembre<\/td>\n<td style=\"width: 14.3947%;\">del 9 al 14 de desembre<\/td>\n<td style=\"width: 16.2059%;\"><a href=\"https:\/\/agora.xtec.cat\/ins-nauticabcn\/wp-content\/uploads\/usu313\/2025\/11\/CALENDARI-DE-PREINSCRIPCIO-I-MATRICULA-GM-I-GS-ESTUDIS-ESPORTIUS-CURS-2025-2026.docx.pdf\" target=\"_blank\" rel=\"noopener\">Calendari preinscripci\u00f3<\/a><\/td>\n<\/tr>\n<\/tbody>\n<\/table>\n<p><span id=\"b\"><strong>Dates i horaris del curs:<\/strong><\/span><\/p>\n<p>de gener a juny del 2026 de 15 a 21:30 hores<\/p>\n<p>&nbsp;<\/p>\n<p><strong><span id=\"b\"><span style=\"color: #3366ff;\">b) Informaci\u00f3 General (requisits d\u2019acc\u00e9s i documentaci\u00f3)<\/span><br \/>\n<\/span><\/strong><\/p>\n<p><strong>2025-2026<\/strong><\/p>\n<p><a href=\"https:\/\/triaeducativa.gencat.cat\/ca\/estudis\/?vela-aparell-lliure&amp;p_id=995\" target=\"_blank\" rel=\"noopener\">Cicle Final CFGM Vela amb aparell lliure<\/a><\/p>\n<p><span id=\"c\" style=\"color: #ffffff;\">c<\/span><br \/>\n<span style=\"color: #3366ff;\"><strong>c) Proc\u00e9s de preinscripci\u00f3<\/strong><\/span><\/p>\n<p><span style=\"color: #ff9900;\"><strong>CURS 2024-2025<\/strong><\/span><\/p>\n<ul>\n<li>\n<h4><strong>Cicle Final d&#8217;Ensenyament esportiu CFGM de Vela amb aparell lliure:<\/strong><\/h4>\n<\/li>\n<\/ul>\n<p>Per fer la preinscripci\u00f3 als estudis esportius per al curs 24-25 (que inicien les classes al gener) cal:<\/p>\n<p><strong>PAS 1: Descarregar i emplenar sol\u00b7licitud de preinscripci\u00f3<\/strong> <strong>i escanejar-la amb la vostra documentaci\u00f3 personal<\/strong> <em>DNI de l&#8217;alumne, Targeta sanit\u00e0ria de l&#8217;alumne, Requisit d&#8217;acc\u00e9s (certificat superaci\u00f3 Cicle Inicial de Vela) <\/em>i en cas de menors d&#8217;edat adjuntar tamb\u00e9: <em>DNI del tutor\/a mare\/pare, Llibre de fam\u00edlia. El nostre codi de centre \u00e9s: 08074847<\/em><em><br \/>\n<\/em><\/p>\n<p><span style=\"color: #ff9900;\"><strong>Sol\u00b7licitud preinscripci\u00f3 d&#8217;estudis esportius clicant<\/strong><\/span> <a href=\"https:\/\/agora.xtec.cat\/ins-nauticabcn\/wp-content\/uploads\/usu313\/2025\/04\/Full-Preinscripcio-Esports-25-26.pdf\">aqu\u00ed<\/a><\/p>\n<p><strong>PAS 2: Omplir el formulari d&#8217;inscripci\u00f3, i adjuntar la sol\u00b7licitud de preinscripci\u00f3 juntament amb la vostra documentaci\u00f3 personal<\/strong> (podreu carregar tota la documentaci\u00f3 al mateix formulari d&#8217;inscripci\u00f3). Per omplir el formulari d&#8217;inscripci\u00f3 cal tenir un compte de Gmail (<a href=\"https:\/\/www.youtube.com\/watch?v=k77d2wRASDQ&amp;t=23s\" target=\"_blank\" rel=\"noopener\">Tutorial per fer un compte de gmail<\/a>)<\/p>\n<p><span style=\"color: #ff9900;\"><strong>Formulari d&#8217;inscripci\u00f3<\/strong><\/span> <strong>aqu\u00ed &#8211; FORMULARI TANCAT<\/strong><\/p>\n<h6><\/h6>\n<h6><strong><span style=\"color: #ff0000;\">MOLT IMPORTANT!<\/span> \u00e9s requisit imprescindible superar el Cicle Inicial de Vela per accedir al Cicle Final.<\/strong><\/h6>\n<p>&nbsp;<\/p>\n<p>Si necessites ajuda\u00a0 per realitzar aquesta preinscripci\u00f3 pots venir a la secretaria del centre en horari d&#8217;atenci\u00f3 al p\u00fablic (de dilluns a divendres de 9h a 13h i les tardes de dilluns i dimecres de 15h a 18h) i t&#8217;ajudarem.<\/p>\n<p>Podeu demanar <strong>informaci\u00f3 addicional<\/strong> a la secretaria de l&#8217;institut pels canals seg\u00fcents:<\/p>\n<ul>\n<li>Escriure un e-mail al nostre correu: <strong>a8074847<span class=\"\">@xtec.cat<\/span><\/strong><\/li>\n<li>Trucar al tel\u00e8fon de l&#8217;institut: <strong>93 884 60 74<\/strong><\/li>\n<\/ul>\n<p><strong>\u00a0<\/strong><\/p>\n<p><span id=\"d\" style=\"color: #ffffff;\">d<\/span><br \/>\n<strong><span style=\"color: #3366ff;\">d) Quadre de preus 2025\/2026<\/span><\/strong><\/p>\n<table>\n<tbody>\n<tr>\n<td><strong>Ensenyaments esportius de r\u00e8gim especial<\/strong><\/td>\n<td><strong>Quota material\u00a0<\/strong><\/td>\n<td><strong>Quota curricular<\/strong><\/td>\n<td><strong>Total quotes curs<\/strong><\/td>\n<\/tr>\n<tr>\n<td>Cicle Final (NA20) de Vela amb aparell lliure<\/td>\n<td>30\u20ac<\/td>\n<td><a href=\"https:\/\/agora.xtec.cat\/ins-nauticabcn\/wp-content\/uploads\/usu313\/2024\/11\/PP_vela_alliure_cfinal-MODIFICAT.pdf\" target=\"_blank\" rel=\"noopener\">1411,50\u20ac preu p\u00fablic<\/a><\/td>\n<td>1441,50\u20ac<\/td>\n<\/tr>\n<tr>\n<td>Amb ampliaci\u00f3 de matr\u00edcula per Cicle Final de Vela amb aparell fix<\/td>\n<td><\/td>\n<td><a href=\"https:\/\/agora.xtec.cat\/ins-nauticabcn\/wp-content\/uploads\/usu313\/2023\/11\/PP_vela_afix_cfinal.pdf\" target=\"_blank\" rel=\"noopener\">365,50\u20ac preu p\u00fablic<\/a><\/td>\n<td>1807\u20ac<\/td>\n<\/tr>\n<\/tbody>\n<\/table>\n<p><em>Pot haver variacions als preus de les quotes curriculars.<\/em><\/p>\n<p><span style=\"color: #ffffff;\"><strong><span id=\"e\">e<\/span><\/strong><\/span><\/p>\n<p><span style=\"color: #3366ff;\"><strong>e) Documents de matr\u00edcula<\/strong><\/span><\/p>\n<p><span style=\"color: #ff9900;\"><strong>CURS 2025-2026<\/strong><\/span><\/p>\n<p><a href=\"https:\/\/drive.google.com\/drive\/folders\/1tpcl1g9Ue-lzbmF5VWSf1abqlFYOoFhQ?usp=sharing\" target=\"_blank\" rel=\"noopener\"><strong>Documents matr\u00edcula GM de Vela amb aparell lliure<\/strong><\/a><strong><br \/>\n<\/strong><\/p>\n<p>&nbsp;<\/p>\n","protected":false},"excerpt":{"rendered":"<p>PREINSCRIPCI\u00d3 I MATR\u00cdCULA CICLES D&#8217;ESTUDIS ESPORTIUS<\/p>\n<p><a href=\"#a\">a) Dates clau i horari de preinscripci\u00f3 i matr\u00edcula<\/a><\/p>\n<p><a href=\"#b\">b) Informaci\u00f3 general i requisits d&#8217;acc\u00e9s<\/a><\/p>\n<p><a href=\"#c\">c) Proc\u00e9s preinscripci\u00f3<\/a><\/p>\n<p><a href=\"#d\">d) Quadre de preus<\/a><\/p>\n<p><a href=\"#e\">e) Documents de matr\u00edcula<\/a><\/p>\n<p>\u00a0<br \/>\nCURS 2025-2026<\/p>\n<ul>\n<li>Cicle Final d&#8217;Ensenyaments esportius de Vela amb aparell lliure curs 2025-2026:<\/li>\n<li>Quan fan la&hellip;  <a href=\"https:\/\/agora.xtec.cat\/ins-nauticabcn\/preinscripcio-i-matricula-cicle-final-vela-amb-aparell-lliure-curs-2025-2026\/\" title=\"Read Preinscripci\u00f3 i matr\u00edcula Cicle Final Vela amb aparell lliure curs 2025-2026\">Llegeix m\u00e9s\u00bb<\/a><br \/>\n","protected":false},"author":1,"featured_media":0,"parent":0,"menu_order":0,"comment_status":"closed","ping_status":"closed","template":"","meta":{"_bbp_topic_count":0,"_bbp_reply_count":0,"_bbp_total_topic_count":0,"_bbp_total_reply_count":0,"_bbp_voice_count":0,"_bbp_anonymous_reply_count":0,"_bbp_topic_count_hidden":0,"_bbp_reply_count_hidden":0,"_bbp_forum_subforum_count":0,"footnotes":""},"class_list":["post-8740","page","type-page","status-publish","hentry"],"post_mailing_queue_ids":[],"_links":{"self":[{"href":"https:\/\/agora.xtec.cat\/ins-nauticabcn\/wp-json\/wp\/v2\/pages\/8740","targetHints":{"allow":["GET"]}}],"collection":[{"href":"https:\/\/agora.xtec.cat\/ins-nauticabcn\/wp-json\/wp\/v2\/pages"}],"about":[{"href":"https:\/\/agora.xtec.cat\/ins-nauticabcn\/wp-json\/wp\/v2\/types\/page"}],"author":[{"embeddable":true,"href":"https:\/\/agora.xtec.cat\/ins-nauticabcn\/wp-json\/wp\/v2\/users\/1"}],"replies":[{"embeddable":true,"href":"https:\/\/agora.xtec.cat\/ins-nauticabcn\/wp-json\/wp\/v2\/comments?post=8740"}],"version-history":[{"count":6,"href":"https:\/\/agora.xtec.cat\/ins-nauticabcn\/wp-json\/wp\/v2\/pages\/8740\/revisions"}],"predecessor-version":[{"id":10475,"href":"https:\/\/agora.xtec.cat\/ins-nauticabcn\/wp-json\/wp\/v2\/pages\/8740\/revisions\/10475"}],"wp:attachment":[{"href":"https:\/\/agora.xtec.cat\/ins-nauticabcn\/wp-json\/wp\/v2\/media?parent=8740"}],"curies":[{"name":"wp","href":"https:\/\/api.w.org\/{rel}","templated":true}]}}