{"id":867,"date":"2016-04-10T22:02:36","date_gmt":"2016-04-10T20:02:36","guid":{"rendered":"http:\/\/agora.xtec.cat\/ins-nauticabcn\/?page_id=867"},"modified":"2024-02-20T08:49:39","modified_gmt":"2024-02-20T07:49:39","slug":"formacio-continua","status":"publish","type":"page","link":"https:\/\/agora.xtec.cat\/ins-nauticabcn\/estudis\/formacio-continua\/","title":{"rendered":"Formaci\u00f3 Cont\u00ednua i Ocupacional"},"content":{"rendered":"<p><strong>PER AQUEST CURS ESTEM PENDENTS DE LA PROGRAMACI\u00d3 DE L&#8217;OFERTA FORMATIVA.<\/strong><\/p>\n<p>A l&#8217;INB, tenim molt clar que si volem ser un referent en la n\u00e0utica esportiva i d&#8217;esbarjo, la nostra oferta formativa a l&#8217;alumnat, professionals i empreses del sector ha d&#8217;anar m\u00e9s enll\u00e0 de la formaci\u00f3 reglada.<\/p>\n<p>\u00c9s per aix\u00f2, que ens hem proposat a partir de les necessitats formatives i de perfils professionals que estem detectant al sector, dissenyar i oferir formaci\u00f3 m\u00e9s concreta i especialitzada, que complementi o ampli\u00ef a alumnes i treballadors\/es els seus itineraris professionals.<\/p>\n<p>En aquest apartat, anirem informant de tota l&#8217;oferta de formaci\u00f3 continua i ocupacional que hem realitzat o que tenim planificada:<\/p>\n<table style=\"width: 75.3095%; height: 67px;\">\n<tbody>\n<tr style=\"height: 31px;\">\n<td style=\"width: 14.3407%; height: 10px;\">\n<h5><strong>Cursos Actuals<\/strong><\/h5>\n<\/td>\n<td style=\"width: 8.66218%; height: 10px;\">\n<h5><strong>Inici<\/strong><\/h5>\n<\/td>\n<td style=\"width: 15.6882%; height: 10px;\">\n<h5><strong>Col\u00b7laborem<\/strong><strong>\u00a0amb<\/strong><\/h5>\n<\/td>\n<td style=\"width: 10.8758%; height: 10px;\">\n<h5><strong>Col\u00b7lectiu<\/strong><\/h5>\n<\/td>\n<td style=\"width: 12.9933%; height: 10px;\">\n<h5><strong>+ Informaci\u00f3 a:<\/strong><\/h5>\n<\/td>\n<\/tr>\n<tr style=\"height: 57px;\">\n<td style=\"width: 14.3407%; height: 57px;\"><\/td>\n<td style=\"width: 8.66218%; height: 57px;\"><\/td>\n<td style=\"width: 15.6882%; height: 57px;\"><\/td>\n<td style=\"width: 10.8758%; text-align: center; height: 57px;\"><\/td>\n<td style=\"width: 12.9933%; height: 57px;\"><\/td>\n<\/tr>\n<\/tbody>\n<\/table>\n<p>&nbsp;<\/p>\n<table style=\"width: 77.2778%;\">\n<tbody>\n<tr style=\"height: 31px;\">\n<td style=\"height: 31px; width: 34.5574%;\">\n<h5><strong>Cursos Realitzats<\/strong><\/h5>\n<\/td>\n<td style=\"height: 31px; text-align: center; width: 14.3126%;\">\n<h5><strong>Inici<\/strong><\/h5>\n<\/td>\n<td style=\"height: 31px; width: 22.6948%;\">\n<h5><strong>Col\u00b7laborem<\/strong><strong>\u00a0amb<\/strong><\/h5>\n<\/td>\n<td style=\"height: 31px; width: 21.1874%;\">\n<h5><strong>Col\u00b7lectiu<\/strong><\/h5>\n<\/td>\n<td style=\"width: 5.92938%;\"><\/td>\n<\/tr>\n<tr style=\"height: 31px;\">\n<td style=\"height: 31px; width: 34.5574%;\">Operador de moviments d\u2019embarcacions fora de l\u2019aigua (125h)<\/td>\n<td style=\"height: 31px; text-align: center; width: 14.3126%;\">04\/03\/2016<\/td>\n<td style=\"height: 31px; width: 22.6948%;\">Cambra\u00a0de Comer\u00e7 de Barcelona<\/td>\n<td style=\"text-align: center; height: 31px; width: 21.1874%;\">Garantia Juvenil (18 a 29 anys)<\/td>\n<td style=\"width: 5.92938%;\">\u00a0<a href=\"http:\/\/mmb.cat\/activitats\/curs-de-manteniment-de-motor-diesel\/\">MMB<\/a><\/td>\n<\/tr>\n<tr style=\"height: 31px;\">\n<td style=\"height: 31px; width: 34.5574%;\">Manteniment d\u2019embarcacions (120h)<\/td>\n<td style=\"height: 31px; text-align: center; width: 14.3126%;\">05\/09\/2016<\/td>\n<td style=\"height: 31px; width: 22.6948%;\">Federaci\u00f3 Catalana de Vela<\/td>\n<td style=\"text-align: center; height: 31px; width: 21.1874%;\">Inserci\u00f3 laboral<\/td>\n<td style=\"width: 5.92938%;\">\u00a0<a href=\"http:\/\/mmb.cat\/activitats\/curs-de-manteniment-de-motor-diesel\/\">MMB<\/a><\/td>\n<\/tr>\n<tr style=\"height: 31px;\">\n<td style=\"height: 31px; width: 34.5574%;\">Manteniment de motors diesel (12h)<\/td>\n<td style=\"height: 31px; text-align: center; width: 14.3126%;\">07\/11\/2016<\/td>\n<td style=\"height: 31px; width: 22.6948%;\">Museu Mar\u00edtim de Barcelona<\/td>\n<td style=\"text-align: center; height: 31px; width: 21.1874%;\">Propietaris d&#8217;embarcacions<\/td>\n<td style=\"width: 5.92938%;\">\u00a0<a href=\"http:\/\/mmb.cat\/activitats\/curs-de-manteniment-de-motor-diesel\/\">MMB<\/a><\/td>\n<\/tr>\n<tr style=\"height: 31px;\">\n<td style=\"height: 31px; width: 34.5574%;\">Manteniment d\u2019embarcacions de fibra (12h)<\/td>\n<td style=\"height: 31px; text-align: center; width: 14.3126%;\">12\/11\/2016<\/td>\n<td style=\"height: 31px; width: 22.6948%;\">Museu Mar\u00edtim de Barcelona<\/td>\n<td style=\"text-align: center; height: 31px; width: 21.1874%;\">Propietaris d&#8217;embarcacions<\/td>\n<td style=\"width: 5.92938%;\">\u00a0<a href=\"http:\/\/mmb.cat\/activitats\/curs-de-manteniment-de-motor-diesel\/\">MMB<\/a><\/td>\n<\/tr>\n<tr style=\"height: 31px;\">\n<td style=\"height: 31px; width: 34.5574%;\">Energia el\u00e8ctrica a bord (12h)<\/td>\n<td style=\"height: 31px; text-align: center; width: 14.3126%;\">23\/01\/2017<\/td>\n<td style=\"height: 31px; width: 22.6948%;\">Museu Mar\u00edtim de Barcelona<\/td>\n<td style=\"text-align: center; height: 31px; width: 21.1874%;\">Propietaris d&#8217;embarcacions<\/td>\n<td style=\"width: 5.92938%;\">\u00a0<a href=\"http:\/\/mmb.cat\/activitats\/curs-de-manteniment-de-motor-diesel\/\">MMB<\/a><\/td>\n<\/tr>\n<tr style=\"height: 31px;\">\n<td style=\"height: 31px; width: 34.5574%;\">Pintura i vernissos (12h)<\/td>\n<td style=\"height: 31px; text-align: center; width: 14.3126%;\">11\/02\/2017<\/td>\n<td style=\"height: 31px; width: 22.6948%;\">Museu Mar\u00edtim de Barcelona<\/td>\n<td style=\"text-align: center; height: 31px; width: 21.1874%;\">Propietaris d&#8217;embarcacions<\/td>\n<td style=\"width: 5.92938%;\">\u00a0<a href=\"http:\/\/mmb.cat\/activitats\/curs-de-manteniment-de-motor-diesel\/\">MMB<\/a><\/td>\n<\/tr>\n<tr style=\"height: 31px;\">\n<td style=\"height: 31px; width: 34.5574%;\">Manteniment de veles i eixarxia (8h)<\/td>\n<td style=\"height: 31px; text-align: center; width: 14.3126%;\">06\/03\/2017<\/td>\n<td style=\"height: 31px; width: 22.6948%;\">Museu Mar\u00edtim de Barcelona<\/td>\n<td style=\"text-align: center; height: 31px; width: 21.1874%;\">Propietaris d&#8217;embarcacions<\/td>\n<td style=\"width: 5.92938%;\">\u00a0<a href=\"http:\/\/mmb.cat\/activitats\/curs-de-manteniment-de-motor-diesel\/\">MMB<\/a><\/td>\n<\/tr>\n<tr style=\"height: 31px;\">\n<td style=\"height: 31px; width: 34.5574%;\">Manteniment de motors diesel (12h)<\/td>\n<td style=\"height: 31px; text-align: center; width: 14.3126%;\">20\/03\/2017<\/td>\n<td style=\"height: 31px; width: 22.6948%;\">Museu Mar\u00edtim de Barcelona<\/td>\n<td style=\"text-align: center; height: 31px; width: 21.1874%;\">\u00a0Propietaris d&#8217;embarcacions<\/td>\n<td style=\"width: 5.92938%;\">\u00a0<a href=\"http:\/\/mmb.cat\/activitats\/curs-de-manteniment-de-motor-diesel\/\">MMB<\/a><\/td>\n<\/tr>\n<tr style=\"height: 31px;\">\n<td style=\"height: 31px; width: 34.5574%;\">Fusteria N\u00e0utica (12h)<\/td>\n<td style=\"height: 31px; width: 14.3126%; text-align: center;\">15\/05\/2017<\/td>\n<td style=\"height: 31px; width: 22.6948%;\">\u00a0Museu Mar\u00edtim de Barcelona<\/td>\n<td style=\"text-align: center; height: 31px; width: 21.1874%;\">Propietaris d&#8217;embarcacions<\/td>\n<td style=\"width: 5.92938%;\">\u00a0<a href=\"http:\/\/mmb.cat\/activitats\/curs-de-manteniment-de-motor-diesel\/\">MMB<\/a><\/td>\n<\/tr>\n<tr style=\"height: 31px;\">\n<td style=\"height: 31px; width: 34.5574%;\">\u00a0Pintor\/a d&#8217;embarcacions d&#8217;esbarjo\u00a0(100h)<\/td>\n<td style=\"height: 31px; width: 14.3126%; text-align: center;\">\u00a026\/09\/2017<\/td>\n<td style=\"height: 31px; width: 22.6948%;\">Fundaci\u00f3 \u00c8xit i Cl\u00faster N\u00e0utic Bcn<\/td>\n<td style=\"text-align: center; height: 31px; width: 21.1874%;\">Inserci\u00f3 Professional<\/td>\n<td style=\"width: 5.92938%;\">\u00a0<a href=\"http:\/\/mmb.cat\/activitats\/curs-de-manteniment-de-motor-diesel\/\">MMB<\/a><\/td>\n<\/tr>\n<tr style=\"height: 31px;\">\n<td style=\"height: 31px; width: 34.5574%;\">\u00a0Construcci\u00f3 i reparaci\u00f3 en material compostos en embarcacions (130h)<\/td>\n<td style=\"height: 31px; width: 14.3126%; text-align: center;\">\u00a030\/10\/2017<\/td>\n<td style=\"height: 31px; width: 22.6948%;\">\u00a0Barcelona Activa<\/td>\n<td style=\"text-align: center; height: 31px; width: 21.1874%;\">Aturats de Barcelona<\/td>\n<td style=\"width: 5.92938%;\">\u00a0<a href=\"http:\/\/mmb.cat\/activitats\/curs-de-manteniment-de-motor-diesel\/\">MMB<\/a><\/td>\n<\/tr>\n<tr style=\"height: 31px;\">\n<td style=\"height: 31px; width: 34.5574%;\">Manteniment de motors diesel (12h)<\/td>\n<td style=\"height: 31px; width: 14.3126%; text-align: center;\">14\/10\/2017<\/td>\n<td style=\"height: 31px; width: 22.6948%;\">Museu Mar\u00edtim de Barcelona<\/td>\n<td style=\"text-align: center; height: 31px; width: 21.1874%;\">Propietaris d&#8217;embarcacions<\/td>\n<td style=\"width: 5.92938%;\">\u00a0<a href=\"http:\/\/mmb.cat\/activitats\/curs-de-manteniment-de-motor-diesel\/\">MMB<\/a><\/td>\n<\/tr>\n<tr style=\"height: 31px;\">\n<td style=\"height: 31px; width: 34.5574%;\">Manteniment de motors di\u00e8sel i foraborda (14h)<\/td>\n<td style=\"height: 31px; width: 14.3126%; text-align: center;\">22\/01\/2018<\/td>\n<td style=\"height: 31px; width: 22.6948%;\">Museu Mar\u00edtim de Barcelona<\/td>\n<td style=\"text-align: center; height: 31px; width: 21.1874%;\">Propietaris d&#8217;embarcacions<\/td>\n<td style=\"width: 5.92938%;\">\u00a0<a href=\"http:\/\/mmb.cat\/activitats\/curs-de-manteniment-de-motor-diesel\/\">MMB<\/a><\/td>\n<\/tr>\n<tr style=\"height: 31px;\">\n<td style=\"height: 31px; width: 34.5574%;\">Energia el\u00e8ctrica a bord (12h)<\/td>\n<td style=\"height: 31px; width: 14.3126%; text-align: center;\">19\/02\/2018<\/td>\n<td style=\"height: 31px; width: 22.6948%;\">Museu Mar\u00edtim de Barcelona<\/td>\n<td style=\"text-align: center; height: 31px; width: 21.1874%;\">Propietaris d&#8217;embarcacions<\/td>\n<td style=\"width: 5.92938%;\">\u00a0<a href=\"http:\/\/mmb.cat\/activitats\/curs-de-manteniment-de-motor-diesel\/\">MMB<\/a><\/td>\n<\/tr>\n<tr style=\"height: 31px;\">\n<td style=\"height: 31px; width: 34.5574%;\">Pintura i vernissos (12h)<\/td>\n<td style=\"height: 31px; width: 14.3126%; text-align: center;\">03\/03\/2018<\/td>\n<td style=\"height: 31px; width: 22.6948%;\">Museu Mar\u00edtim de Barcelona<\/td>\n<td style=\"text-align: center; height: 31px; width: 21.1874%;\">Propietaris d&#8217;embarcacions<\/td>\n<td style=\"width: 5.92938%;\">\u00a0<a href=\"http:\/\/mmb.cat\/activitats\/curs-de-manteniment-de-motor-diesel\/\">MMB<\/a><\/td>\n<\/tr>\n<tr style=\"height: 31px;\">\n<td style=\"height: 31px; width: 34.5574%;\">Manteniment de l&#8217;eixarxia i les veles (8h)<\/td>\n<td style=\"height: 31px; width: 14.3126%; text-align: center;\">12\/03\/2018<\/td>\n<td style=\"height: 31px; width: 22.6948%;\">Museu Mar\u00edtim de Barcelona<\/td>\n<td style=\"text-align: center; height: 31px; width: 21.1874%;\">Propietaris d&#8217;embarcacions<\/td>\n<td style=\"width: 5.92938%;\">\u00a0<a href=\"http:\/\/mmb.cat\/activitats\/curs-de-manteniment-de-motor-diesel\/\">MMB<\/a><\/td>\n<\/tr>\n<tr style=\"height: 31px;\">\n<td style=\"height: 31px; width: 34.5574%;\">Manteniment de vaixells de fusta (12h)<\/td>\n<td style=\"height: 31px; width: 14.3126%; text-align: center;\">07\/04\/2018<\/td>\n<td style=\"height: 31px; width: 22.6948%;\">Museu Mar\u00edtim de Barcelona<\/td>\n<td style=\"text-align: center; height: 31px; width: 21.1874%;\">Propietaris d&#8217;embarcacions<\/td>\n<td style=\"width: 5.92938%;\">\u00a0<a href=\"http:\/\/mmb.cat\/activitats\/curs-de-manteniment-de-motor-diesel\/\">MMB<\/a><\/td>\n<\/tr>\n<tr>\n<td style=\"width: 34.5574%;\">\u00a0Manteniment de motors diesel (12h)<\/td>\n<td style=\"width: 14.3126%; text-align: center;\">\u00a010\/11\/2018<\/td>\n<td style=\"width: 22.6948%;\">\u00a0Museu Mar\u00edtim de Barcelona<\/td>\n<td style=\"width: 21.1874%;\">\u00a0Propietaris d&#8217;embarcacions<\/td>\n<td style=\"width: 5.92938%;\">\u00a0<a href=\"http:\/\/mmb.cat\/activitats\/curs-de-manteniment-de-motor-diesel\/\">MMB<\/a><\/td>\n<\/tr>\n<\/tbody>\n<\/table>\n<table style=\"width: 79.3386%; height: 841px;\">\n<tbody>\n<tr style=\"height: 36px;\">\n<td style=\"height: 36px; width: 35.9399%;\">Curs manteniment de motors di\u00e8sel<\/td>\n<td style=\"height: 36px; width: 14.8775%;\">19\/10\/2019<\/td>\n<td style=\"height: 36px; width: 23.5599%;\">Museu Mar\u00edtim de Barcelona<\/td>\n<td style=\"height: 36px; width: 21.7511%;\">Propietaris d&#8217;embarcacions<\/td>\n<td style=\"height: 36px; width: 6.02002%;\"><a href=\"https:\/\/www.mmb.cat\/activitats\/tots-els-publics\/\">MMB<\/a><\/td>\n<\/tr>\n<tr style=\"height: 36px;\">\n<td style=\"height: 36px; width: 35.9399%;\">Curs d\u2019energia el\u00e8ctrica a bord<\/td>\n<td style=\"height: 36px; width: 14.8775%;\">16\/11\/2019<\/td>\n<td style=\"height: 36px; width: 23.5599%;\">Museu Mar\u00edtim de Barcelona<\/td>\n<td style=\"height: 36px; width: 21.7511%;\">Propietaris d&#8217;embarcacions<\/td>\n<td style=\"height: 36px; width: 6.02002%;\"><a href=\"https:\/\/www.mmb.cat\/activitats\/tots-els-publics\/\">MMB<\/a><\/td>\n<\/tr>\n<tr style=\"height: 36px;\">\n<td style=\"height: 36px; width: 35.9399%;\">Curs manteniment de vaixells de fibra<\/td>\n<td style=\"height: 36px; width: 14.8775%;\">16\/11\/2019<\/td>\n<td style=\"height: 36px; width: 23.5599%;\">Museu Mar\u00edtim de Barcelona<\/td>\n<td style=\"height: 36px; width: 21.7511%;\">Propietaris d&#8217;embarcacions<\/td>\n<td style=\"height: 36px; width: 6.02002%;\"><a href=\"https:\/\/www.mmb.cat\/activitats\/tots-els-publics\/\">MMB<\/a><\/td>\n<\/tr>\n<tr style=\"height: 36px;\">\n<td style=\"height: 36px; width: 35.9399%;\">Curs manteniment de veles i eix\u00e0rcia<\/td>\n<td style=\"height: 36px; width: 14.8775%;\">14\/12\/2019<\/td>\n<td style=\"height: 36px; width: 23.5599%;\">Museu Mar\u00edtim de Barcelona<\/td>\n<td style=\"height: 36px; width: 21.7511%;\">Propietaris d&#8217;embarcacions<\/td>\n<td style=\"height: 36px; width: 6.02002%;\"><a href=\"https:\/\/www.mmb.cat\/activitats\/tots-els-publics\/\">MMB<\/a><\/td>\n<\/tr>\n<tr style=\"height: 36px;\">\n<td style=\"height: 36px; width: 35.9399%;\">Curs manteniment de motors di\u00e8sel<\/td>\n<td style=\"height: 36px; width: 14.8775%;\">25\/01\/2020<\/td>\n<td style=\"height: 36px; width: 23.5599%;\">Museu Mar\u00edtim de Barcelona<\/td>\n<td style=\"height: 36px; width: 21.7511%;\">Propietaris d&#8217;embarcacions<\/td>\n<td style=\"height: 36px; width: 6.02002%;\"><a href=\"https:\/\/www.mmb.cat\/activitats\/tots-els-publics\/\">MMB<\/a><\/td>\n<\/tr>\n<tr style=\"height: 36px;\">\n<td style=\"height: 36px; width: 35.9399%;\">Curs d\u2019energia el\u00e8ctrica a bord<\/td>\n<td style=\"height: 36px; width: 14.8775%;\">22\/02\/2020<\/td>\n<td style=\"height: 36px; width: 23.5599%;\">Museu Mar\u00edtim de Barcelona<\/td>\n<td style=\"height: 36px; width: 21.7511%;\">Propietaris d&#8217;embarcacions<\/td>\n<td style=\"height: 36px; width: 6.02002%;\"><a href=\"https:\/\/www.mmb.cat\/activitats\/tots-els-publics\/\">MMB<\/a><\/td>\n<\/tr>\n<tr style=\"height: 36px;\">\n<td style=\"height: 36px; width: 35.9399%;\">Curs de pintura i vernissos<\/td>\n<td style=\"height: 36px; width: 14.8775%;\">21\/03\/2020<\/td>\n<td style=\"height: 36px; width: 23.5599%;\">Museu Mar\u00edtim de Barcelona<\/td>\n<td style=\"height: 36px; width: 21.7511%;\">Propietaris d&#8217;embarcacions<\/td>\n<td style=\"height: 36px; width: 6.02002%;\"><a href=\"https:\/\/www.mmb.cat\/activitats\/tots-els-publics\/\">MMB<\/a><\/td>\n<\/tr>\n<tr style=\"height: 36px;\">\n<td style=\"height: 36px; width: 35.9399%;\">Curs manteniment de cobertes de fusta del vaixell<\/td>\n<td style=\"height: 36px; width: 14.8775%;\">09\/05\/2020<\/td>\n<td style=\"height: 36px; width: 23.5599%;\">Museu Mar\u00edtim de Barcelona<\/td>\n<td style=\"height: 36px; width: 21.7511%;\">Propietaris d&#8217;embarcacions<\/td>\n<td style=\"height: 36px; width: 6.02002%;\"><a href=\"https:\/\/www.mmb.cat\/activitats\/tots-els-publics\/\">MMB<\/a><\/td>\n<\/tr>\n<tr style=\"height: 81px;\">\n<td style=\"width: 35.9399%; height: 81px;\">Fusteria N\u00e0utica<\/td>\n<td style=\"width: 14.8775%; height: 81px;\">12\/07\/2021<\/td>\n<td style=\"width: 23.5599%; height: 81px;\">BCN Activa<\/td>\n<td style=\"width: 21.7511%; height: 81px;\">Inserci\u00f3 laboral<\/td>\n<td style=\"width: 6.02002%; height: 81px;\"><a href=\"https:\/\/treball.barcelonactiva.cat\/porta22\/es\/assetsocupacio\/programes\/pagina51869\/reskilling-sectorial.do\" target=\"_blank\" rel=\"noopener\" data-saferedirecturl=\"https:\/\/www.google.com\/url?q=https:\/\/treball.barcelonactiva.cat\/porta22\/es\/assetsocupacio\/programes\/pagina51869\/reskilling-sectorial.do&amp;source=gmail&amp;ust=1633591873875000&amp;usg=AFQjCNGRm4NHLOFWBq42bLRrqQ85VY_u6w\">Barcelona Activa &#8211; Reskilling Sectorial<\/a><\/td>\n<\/tr>\n<tr style=\"height: 49px;\">\n<td style=\"width: 35.9399%; height: 49px;\">Electricitat del vaixell<\/td>\n<td style=\"width: 14.8775%; height: 49px;\">19\/07\/2021<\/td>\n<td style=\"width: 23.5599%; height: 49px;\">BCN Activa<\/td>\n<td style=\"width: 21.7511%; height: 49px;\">Inserci\u00f3 laboral<\/td>\n<td style=\"width: 6.02002%; height: 49px;\"><a href=\"https:\/\/treball.barcelonactiva.cat\/porta22\/es\/assetsocupacio\/programes\/pagina51869\/reskilling-sectorial.do\" target=\"_blank\" rel=\"noopener\" data-saferedirecturl=\"https:\/\/www.google.com\/url?q=https:\/\/treball.barcelonactiva.cat\/porta22\/es\/assetsocupacio\/programes\/pagina51869\/reskilling-sectorial.do&amp;source=gmail&amp;ust=1633591873875000&amp;usg=AFQjCNGRm4NHLOFWBq42bLRrqQ85VY_u6w\">Barcelona Activa &#8211; Reskilling Sectorial<\/a><\/td>\n<\/tr>\n<tr style=\"height: 49px;\">\n<td style=\"width: 35.9399%; height: 49px;\">Envernissat i pintura<\/td>\n<td style=\"width: 14.8775%; height: 49px;\">\u00a006\/09\/2021<\/td>\n<td style=\"width: 23.5599%; height: 49px;\">BCN Activa<\/td>\n<td style=\"width: 21.7511%; height: 49px;\">Inserci\u00f3 laboral<\/td>\n<td style=\"width: 6.02002%; height: 49px;\"><a href=\"https:\/\/treball.barcelonactiva.cat\/porta22\/es\/assetsocupacio\/programes\/pagina51869\/reskilling-sectorial.do\" target=\"_blank\" rel=\"noopener\" data-saferedirecturl=\"https:\/\/www.google.com\/url?q=https:\/\/treball.barcelonactiva.cat\/porta22\/es\/assetsocupacio\/programes\/pagina51869\/reskilling-sectorial.do&amp;source=gmail&amp;ust=1633591873875000&amp;usg=AFQjCNGRm4NHLOFWBq42bLRrqQ85VY_u6w\">Barcelona Activa &#8211; Reskilling Sectorial<\/a><\/td>\n<\/tr>\n<tr style=\"height: 49px;\">\n<td style=\"width: 35.9399%; height: 49px;\">Formaci\u00f3 i actualitzaci\u00f3 per socorristes<\/td>\n<td style=\"width: 14.8775%; height: 49px;\">13\/09\/2021<\/td>\n<td style=\"width: 23.5599%; height: 49px;\">BCN Activa i Federaci\u00f3 Catalana de Salvament i socorrisme<\/td>\n<td style=\"width: 21.7511%; height: 49px;\">Inserci\u00f3 laboral<\/td>\n<td style=\"width: 6.02002%; height: 49px;\"><a href=\"https:\/\/treball.barcelonactiva.cat\/porta22\/es\/assetsocupacio\/programes\/pagina51869\/reskilling-sectorial.do\" target=\"_blank\" rel=\"noopener\" data-saferedirecturl=\"https:\/\/www.google.com\/url?q=https:\/\/treball.barcelonactiva.cat\/porta22\/es\/assetsocupacio\/programes\/pagina51869\/reskilling-sectorial.do&amp;source=gmail&amp;ust=1633591873875000&amp;usg=AFQjCNGRm4NHLOFWBq42bLRrqQ85VY_u6w\">Barcelona Activa &#8211; Reskilling Sectorial<\/a><\/td>\n<\/tr>\n<tr style=\"height: 49px;\">\n<td style=\"width: 35.9399%; height: 49px;\">Animaci\u00f3 ludicoesportiva per a dinamitzadors de platja<\/td>\n<td style=\"width: 14.8775%; height: 49px;\">18\/09\/2021<\/td>\n<td style=\"width: 23.5599%; height: 49px;\">BCN Activa i Temps de lleure<\/td>\n<td style=\"width: 21.7511%; height: 49px;\">Inserci\u00f3 laboral<\/td>\n<td style=\"width: 6.02002%; height: 49px;\"><a href=\"https:\/\/treball.barcelonactiva.cat\/porta22\/es\/assetsocupacio\/programes\/pagina51869\/reskilling-sectorial.do\" target=\"_blank\" rel=\"noopener\" data-saferedirecturl=\"https:\/\/www.google.com\/url?q=https:\/\/treball.barcelonactiva.cat\/porta22\/es\/assetsocupacio\/programes\/pagina51869\/reskilling-sectorial.do&amp;source=gmail&amp;ust=1633591873875000&amp;usg=AFQjCNGRm4NHLOFWBq42bLRrqQ85VY_u6w\">Barcelona Activa &#8211; Reskilling Sectorial<\/a><\/td>\n<\/tr>\n<tr style=\"height: 31px;\">\n<td style=\"width: 35.9399%; height: 31px;\">Animaci\u00f3 ludicoesportiva per a dinamitzadors de platja<\/td>\n<td style=\"width: 14.8775%; height: 31px;\">16\/10\/2021<\/td>\n<td style=\"width: 23.5599%; height: 31px;\">BCN Activa i Temps de Lleure<\/td>\n<td style=\"width: 21.7511%; height: 31px;\">Inserci\u00f3 laboral<\/td>\n<td style=\"width: 6.02002%; height: 31px;\"><a href=\"https:\/\/treball.barcelonactiva.cat\/porta22\/es\/assetsocupacio\/programes\/pagina51869\/reskilling-sectorial.do\" target=\"_blank\" rel=\"noopener\" data-saferedirecturl=\"https:\/\/www.google.com\/url?q=https:\/\/treball.barcelonactiva.cat\/porta22\/es\/assetsocupacio\/programes\/pagina51869\/reskilling-sectorial.do&amp;source=gmail&amp;ust=1633591873875000&amp;usg=AFQjCNGRm4NHLOFWBq42bLRrqQ85VY_u6w\">Barcelona Activa &#8211; Reskilling Sectorial<\/a><\/td>\n<\/tr>\n<tr style=\"height: 49px;\">\n<td style=\"width: 35.9399%; height: 49px;\">Assist\u00e8ncia Sanit\u00e0ria Immediata<\/td>\n<td style=\"width: 14.8775%; height: 49px;\">18\/10\/2021<\/td>\n<td style=\"width: 23.5599%; height: 49px;\">BCN Activa i Creu Roja<\/td>\n<td style=\"width: 21.7511%; height: 49px;\">Inserci\u00f3 laboral<\/td>\n<td style=\"width: 6.02002%; height: 49px;\"><a href=\"https:\/\/treball.barcelonactiva.cat\/porta22\/es\/assetsocupacio\/programes\/pagina51869\/reskilling-sectorial.do\" target=\"_blank\" rel=\"noopener\" data-saferedirecturl=\"https:\/\/www.google.com\/url?q=https:\/\/treball.barcelonactiva.cat\/porta22\/es\/assetsocupacio\/programes\/pagina51869\/reskilling-sectorial.do&amp;source=gmail&amp;ust=1633591873875000&amp;usg=AFQjCNGRm4NHLOFWBq42bLRrqQ85VY_u6w\">Barcelona Activa &#8211; Reskilling Sectorial<\/a><\/td>\n<\/tr>\n<tr style=\"height: 49px;\">\n<td style=\"width: 35.9399%; height: 49px;\">Formaci\u00f3 i actualitzaci\u00f3 per socorristes<\/td>\n<td style=\"width: 14.8775%; height: 49px;\">20\/10\/2021<\/td>\n<td style=\"width: 23.5599%; height: 49px;\">BCN Activa i Federaci\u00f3 Catalana de Salvament i Socorrisme<\/td>\n<td style=\"width: 21.7511%; height: 49px;\">Inserci\u00f3 laboral<\/td>\n<td style=\"width: 6.02002%; height: 49px;\"><a href=\"https:\/\/treball.barcelonactiva.cat\/porta22\/es\/assetsocupacio\/programes\/pagina51869\/reskilling-sectorial.do\" target=\"_blank\" rel=\"noopener\" data-saferedirecturl=\"https:\/\/www.google.com\/url?q=https:\/\/treball.barcelonactiva.cat\/porta22\/es\/assetsocupacio\/programes\/pagina51869\/reskilling-sectorial.do&amp;source=gmail&amp;ust=1633591873875000&amp;usg=AFQjCNGRm4NHLOFWBq42bLRrqQ85VY_u6w\">Barcelona Activa &#8211; Reskilling Sectorial<\/a><\/td>\n<\/tr>\n<tr style=\"height: 49px;\">\n<td style=\"width: 35.9399%; height: 49px;\">Operador moviment d&#8217;embarcacions fora de l&#8217;aigua<\/td>\n<td style=\"width: 14.8775%; height: 49px;\">Novembre<\/td>\n<td style=\"width: 23.5599%; height: 49px;\">BCN Activa<\/td>\n<td style=\"width: 21.7511%; height: 49px;\">Inserci\u00f3 laboral<\/td>\n<td style=\"width: 6.02002%; height: 49px;\"><a href=\"https:\/\/treball.barcelonactiva.cat\/porta22\/es\/assetsocupacio\/programes\/pagina51869\/reskilling-sectorial.do\" target=\"_blank\" rel=\"noopener\" data-saferedirecturl=\"https:\/\/www.google.com\/url?q=https:\/\/treball.barcelonactiva.cat\/porta22\/es\/assetsocupacio\/programes\/pagina51869\/reskilling-sectorial.do&amp;source=gmail&amp;ust=1633591873875000&amp;usg=AFQjCNGRm4NHLOFWBq42bLRrqQ85VY_u6w\">Barcelona Activa &#8211; Reskilling Sectorial<\/a><\/td>\n<\/tr>\n<tr style=\"height: 49px;\">\n<td style=\"width: 35.9399%; height: 49px;\">Suport Vital B\u00e0sic (pendent novembre)<\/td>\n<td style=\"width: 14.8775%; height: 49px;\">Novembre<\/td>\n<td style=\"width: 23.5599%; height: 49px;\">BCN Activa i Creu Roja<\/td>\n<td style=\"width: 21.7511%; height: 49px;\">Inserci\u00f3 laboral<\/td>\n<td style=\"width: 6.02002%; height: 49px;\"><a href=\"https:\/\/treball.barcelonactiva.cat\/porta22\/es\/assetsocupacio\/programes\/pagina51869\/reskilling-sectorial.do\" target=\"_blank\" rel=\"noopener\" data-saferedirecturl=\"https:\/\/www.google.com\/url?q=https:\/\/treball.barcelonactiva.cat\/porta22\/es\/assetsocupacio\/programes\/pagina51869\/reskilling-sectorial.do&amp;source=gmail&amp;ust=1633591873875000&amp;usg=AFQjCNGRm4NHLOFWBq42bLRrqQ85VY_u6w\">Barcelona Activa &#8211; Reskilling Sectorial<\/a><\/td>\n<\/tr>\n<tr style=\"height: 49px;\">\n<td style=\"width: 35.9399%; height: 49px;\">Primera auxilis psicol\u00f2gics<\/td>\n<td style=\"width: 14.8775%; height: 49px;\">15\/11\/2021<\/td>\n<td style=\"width: 23.5599%; height: 49px;\">BCN Activa i Creu Roja<\/td>\n<td style=\"width: 21.7511%; height: 49px;\">Inserci\u00f3 laboral<\/td>\n<td style=\"width: 6.02002%; height: 49px;\"><a href=\"https:\/\/treball.barcelonactiva.cat\/porta22\/es\/assetsocupacio\/programes\/pagina51869\/reskilling-sectorial.do\" target=\"_blank\" rel=\"noopener\" data-saferedirecturl=\"https:\/\/www.google.com\/url?q=https:\/\/treball.barcelonactiva.cat\/porta22\/es\/assetsocupacio\/programes\/pagina51869\/reskilling-sectorial.do&amp;source=gmail&amp;ust=1633591873875000&amp;usg=AFQjCNGRm4NHLOFWBq42bLRrqQ85VY_u6w\">Barcelona Activa &#8211; Reskilling Sectorial<\/a><\/td>\n<\/tr>\n<\/tbody>\n<\/table>\n","protected":false},"excerpt":{"rendered":"<p>PER AQUEST CURS ESTEM PENDENTS DE LA PROGRAMACI\u00d3 DE L&#8217;OFERTA FORMATIVA.<br \/>\nA l&#8217;INB, tenim molt clar que si volem ser un referent en la n\u00e0utica esportiva i d&#8217;esbarjo, la nostra oferta formativa a l&#8217;alumnat, professionals i empreses del sector ha d&#8217;anar m\u00e9s enll\u00e0 de la formaci\u00f3&hellip;  <a href=\"https:\/\/agora.xtec.cat\/ins-nauticabcn\/estudis\/formacio-continua\/\" title=\"Read Formaci\u00f3 Cont\u00ednua i Ocupacional\">Llegeix m\u00e9s\u00bb<\/a><\/p>\n","protected":false},"author":1,"featured_media":0,"parent":195,"menu_order":50,"comment_status":"closed","ping_status":"closed","template":"page-templates\/side-menu.php","meta":{"_bbp_topic_count":0,"_bbp_reply_count":0,"_bbp_total_topic_count":0,"_bbp_total_reply_count":0,"_bbp_voice_count":0,"_bbp_anonymous_reply_count":0,"_bbp_topic_count_hidden":0,"_bbp_reply_count_hidden":0,"_bbp_forum_subforum_count":0,"footnotes":""},"class_list":["post-867","page","type-page","status-publish","hentry"],"post_mailing_queue_ids":[],"_links":{"self":[{"href":"https:\/\/agora.xtec.cat\/ins-nauticabcn\/wp-json\/wp\/v2\/pages\/867","targetHints":{"allow":["GET"]}}],"collection":[{"href":"https:\/\/agora.xtec.cat\/ins-nauticabcn\/wp-json\/wp\/v2\/pages"}],"about":[{"href":"https:\/\/agora.xtec.cat\/ins-nauticabcn\/wp-json\/wp\/v2\/types\/page"}],"author":[{"embeddable":true,"href":"https:\/\/agora.xtec.cat\/ins-nauticabcn\/wp-json\/wp\/v2\/users\/1"}],"replies":[{"embeddable":true,"href":"https:\/\/agora.xtec.cat\/ins-nauticabcn\/wp-json\/wp\/v2\/comments?post=867"}],"version-history":[{"count":3,"href":"https:\/\/agora.xtec.cat\/ins-nauticabcn\/wp-json\/wp\/v2\/pages\/867\/revisions"}],"predecessor-version":[{"id":7800,"href":"https:\/\/agora.xtec.cat\/ins-nauticabcn\/wp-json\/wp\/v2\/pages\/867\/revisions\/7800"}],"up":[{"embeddable":true,"href":"https:\/\/agora.xtec.cat\/ins-nauticabcn\/wp-json\/wp\/v2\/pages\/195"}],"wp:attachment":[{"href":"https:\/\/agora.xtec.cat\/ins-nauticabcn\/wp-json\/wp\/v2\/media?parent=867"}],"curies":[{"name":"wp","href":"https:\/\/api.w.org\/{rel}","templated":true}]}}