{"id":7977,"date":"2024-03-19T10:59:11","date_gmt":"2024-03-19T09:59:11","guid":{"rendered":"https:\/\/agora.xtec.cat\/ins-nauticabcn\/?page_id=7977"},"modified":"2026-04-27T13:23:09","modified_gmt":"2026-04-27T11:23:09","slug":"preinscripcio-i-matricula-grau-superior-vela-curs-2026-2027","status":"publish","type":"page","link":"https:\/\/agora.xtec.cat\/ins-nauticabcn\/preinscripcio-i-matricula-grau-superior-vela-curs-2026-2027\/","title":{"rendered":"Preinscripci\u00f3 i matr\u00edcula Grau Superior Vela aparell Fix curs 2026-2027"},"content":{"rendered":"<p><strong><span style=\"color: #ff9900;\">PREINSCRIPCI\u00d3 I MATR\u00cdCULA CICLES D&#8217;ESTUDIS ESPORTIUS<\/span><br \/>\n<\/strong><\/p>\n<table>\n<tbody>\n<tr>\n<td><a href=\"#a\"><strong>a) Dates clau i horari de preinscripci\u00f3 i matr\u00edcula<\/strong><\/a><\/td>\n<\/tr>\n<tr>\n<td><a href=\"#b\"><strong>b) Informaci\u00f3 general i requisits d&#8217;acc\u00e9s<\/strong><\/a><\/td>\n<\/tr>\n<tr>\n<td><a href=\"#c\"><strong>c) Proc\u00e9s preinscripci\u00f3<\/strong><\/a><\/td>\n<\/tr>\n<tr>\n<td><a href=\"#d\"><strong>d) Quadre de preus<\/strong><\/a><\/td>\n<\/tr>\n<tr>\n<td><a href=\"#e\"><strong>e) Documents de matr\u00edcula<\/strong><\/a><\/td>\n<\/tr>\n<\/tbody>\n<\/table>\n<p><strong>\u00a0<\/strong><\/p>\n<p><span style=\"color: #ff9900;\"><strong>CURS 2026-2027<\/strong><\/span><\/p>\n<ul>\n<li><strong>Bloc Espec\u00edfic Grau Superior d&#8217;Ensenyaments esportius de Vela amb aparell Fix curs 2026-2027:<\/strong><\/li>\n<\/ul>\n<p>Oferta Inicial <strong>30 places<\/strong><\/p>\n<p>&nbsp;<\/p>\n<p><span style=\"color: #3366ff;\"><strong><span id=\"a\">a) Dates clau i horari de preinscripci\u00f3 i matr\u00edcula<\/span><\/strong><\/span><\/p>\n<table style=\"width: 48.7124%; height: 131px;\" width=\"1050\">\n<tbody>\n<tr style=\"height: 53px;\">\n<td style=\"height: 53px;\"><strong>Cicle Formatiu<\/strong><\/td>\n<td style=\"height: 53px;\"><strong>Preinscripci\u00f3<\/strong><\/td>\n<td style=\"height: 53px;\"><strong>Matr\u00edcula<\/strong><\/td>\n<td style=\"height: 53px;\"><strong>Detall Preinscripci\u00f3<\/strong><\/td>\n<\/tr>\n<tr style=\"height: 78px;\">\n<td style=\"height: 78px;\">Grau Superior de Vela amb aparell Fix curs 2026-2027<\/td>\n<td style=\"height: 78px;\">Del 27 d&#8217;abril a l&#8217;1 de juny<\/td>\n<td style=\"height: 78px;\">Del 10 de juny al 17 de juliol<\/td>\n<td style=\"height: 78px;\"><a href=\"https:\/\/agora.xtec.cat\/ins-nauticabcn\/wp-content\/uploads\/usu313\/2026\/04\/CALENDARI-GS-SOS-VELA-FIX-VELA-LLIU-I-PIRAG.pdf\" target=\"_blank\" rel=\"noopener\">Calendari preinscripci\u00f3<\/a><\/td>\n<\/tr>\n<\/tbody>\n<\/table>\n<p><span id=\"b\"><strong>Dates i horaris del curs:<\/strong><\/span><\/p>\n<p>Bloc Com\u00fa: Inici octubre 2026, final al desembre (Semi presencial a la tarda de 15h a 21:30h)<\/p>\n<p>Bloc Espec\u00edfic: Inici de gener fins l\u2019abril del 2027 (Semi presencial a la tarda de 15h a 21:30h)<\/p>\n<p><strong><span id=\"b\"><span style=\"color: #3366ff;\">b) Informaci\u00f3 General (requisits d\u2019acc\u00e9s i documentaci\u00f3)<\/span><br \/>\n<\/span><\/strong><\/p>\n<p><span style=\"color: #000000;\"><strong>2026-2027<\/strong><\/span><\/p>\n<p><a href=\"https:\/\/triaeducativa.gencat.cat\/ca\/estudis\/?vela-aparell-fix&amp;p_id=2252\" target=\"_blank\" rel=\"noopener\">Grau Superior de Vela amb aparell Fix<\/a><\/p>\n<p><span id=\"c\" style=\"color: #ffffff;\">c<\/span><br \/>\n<span style=\"color: #3366ff;\"><strong>c) Proc\u00e9s de preinscripci\u00f3<\/strong><\/span><\/p>\n<p><span style=\"color: #ff9900;\"><strong>CURS 2026-2027<\/strong><\/span><\/p>\n<ul>\n<li>\n<h4><strong>Grau Superior d&#8217;Ensenyament esportiu de Vela amb aparell Fix:<br \/>\n<\/strong><\/h4>\n<\/li>\n<\/ul>\n<p>Per fer la preinscripci\u00f3 als estudis esportius per al curs 26-27 (que inicien les classes al setembre) cal:<\/p>\n<p><strong><span style=\"color: #ff0000;\">PAS 1:<\/span> Descarregar i emplenar sol\u00b7licitud de preinscripci\u00f3<\/strong> <strong>i escanejar-la amb la vostra documentaci\u00f3 personal<\/strong> <em>DNI de l&#8217;alumne, Targeta sanit\u00e0ria de l&#8217;alumne, requisit acad\u00e8mic d&#8217;acc\u00e9s (Batxillerat o equivalent m\u00e9s t\u00edtol Grau Mitj\u00e0 de Vela amb aparell Fix) <\/em>i en cas de menors d&#8217;edat adjuntar tamb\u00e9: <em>DNI del tutor\/a mare\/pare, Llibre de fam\u00edlia. <strong>El nostre codi de centre \u00e9s: 08074847<\/strong>.<\/em><em><br \/>\n<\/em><\/p>\n<p><span style=\"color: #ff9900;\"><strong>Sol\u00b7licitud preinscripci\u00f3 d&#8217;estudis esportius clicant<\/strong><\/span> <a href=\"https:\/\/agora.xtec.cat\/ins-nauticabcn\/wp-content\/uploads\/usu313\/2026\/04\/Solicitud-preinscripcio-ENSERE-26_27.pdf\" target=\"_blank\" rel=\"noopener\"><strong>aqu\u00ed<\/strong><\/a><\/p>\n<p><strong><span style=\"color: #ff0000;\">PAS 2:<\/span> Omplir el formulari d&#8217;inscripci\u00f3, i adjuntar la sol\u00b7licitud de preinscripci\u00f3 juntament amb la vostra documentaci\u00f3 personal<\/strong> (podreu carregar tota la documentaci\u00f3 al mateix formulari d&#8217;inscripci\u00f3). Per omplir el formulari d&#8217;inscripci\u00f3 cal tenir un compte de Gmail (<a href=\"https:\/\/www.youtube.com\/watch?v=k77d2wRASDQ&amp;t=23s\" target=\"_blank\" rel=\"noopener\">Tutorial per fer un compte de gmail<\/a>)<\/p>\n<p><span style=\"color: #ff9900;\"><strong>Formulari d&#8217;inscripci\u00f3<\/strong><\/span> <strong><a href=\"https:\/\/forms.gle\/QQ4rfxGq64u3kgXt7\" target=\"_blank\" rel=\"noopener\">aqu\u00ed<\/a>\u00a0<\/strong><\/p>\n<p>Si necessites ajuda\u00a0 per realitzar aquesta preinscripci\u00f3 pots venir a la secretaria del centre en horari d&#8217;atenci\u00f3 al p\u00fablic (de dilluns a divendres de 9h a 13h i les tardes de dilluns i dimecres de 15h a 18h) i t&#8217;ajudarem.<\/p>\n<p>Podeu demanar <strong>informaci\u00f3 addicional<\/strong> a la secretaria de l&#8217;institut pels canals seg\u00fcents:<\/p>\n<ul>\n<li>Escriure un e-mail al nostre correu: <strong>a8074847<span class=\"\">@xtec.cat<\/span><\/strong><\/li>\n<li>Trucar al tel\u00e8fon de l&#8217;institut: <strong>93 884 60 74<\/strong><\/li>\n<\/ul>\n<p><strong>\u00a0<\/strong><\/p>\n<p><span id=\"d\" style=\"color: #ffffff;\">d<\/span><br \/>\n<strong><span style=\"color: #3366ff;\">d) Quadre de preus 2026\/2027<\/span> <\/strong><\/p>\n<table style=\"width: 46.3202%; height: 108px;\">\n<tbody>\n<tr>\n<td style=\"width: 43.7757%;\"><strong>Ensenyaments esportius de r\u00e8gim especial<\/strong><\/td>\n<td style=\"width: 17.0999%;\"><strong>Quota material\u00a0<\/strong><\/td>\n<td style=\"width: 18.1943%;\"><strong>Quota curricular<\/strong><\/td>\n<td style=\"width: 19.1518%;\"><strong>Total quotes curs<\/strong><\/td>\n<\/tr>\n<tr>\n<td style=\"width: 43.7757%;\">Bloc Espec\u00edfic Grau Superior de Vela<\/td>\n<td style=\"width: 17.0999%;\">60\u20ac*<\/td>\n<td style=\"width: 18.1943%;\"><a href=\"https:\/\/agora.xtec.cat\/ins-nauticabcn\/wp-content\/uploads\/usu313\/2024\/03\/PP-gs-vela-amb-aparell-fix.pdf\" target=\"_blank\" rel=\"noopener\">1914\u20ac preu p\u00fablic<\/a><\/td>\n<td style=\"width: 19.1518%;\">1974\u20ac<\/td>\n<\/tr>\n<\/tbody>\n<\/table>\n<p><em>* La quota de material inclou: asseguran\u00e7a escolar, material escolar, intranet, control d\u2019assist\u00e8ncia, c\u00f2pies, manteniment inform\u00e0tic i borsa de treball.<\/em><\/p>\n<p><em>Pot haver variacions als preus de les quotes curriculars.<\/em><\/p>\n<p><span style=\"color: #ffffff;\"><strong><span id=\"e\">e<\/span><\/strong><\/span><\/p>\n<p><span style=\"color: #3366ff;\"><strong>e) Documents de matr\u00edcula<\/strong><\/span><\/p>\n<p><span style=\"color: #ff9900;\"><strong>CURS 2026-2027<\/strong><\/span><\/p>\n<p><strong>Documents matr\u00edcula Bloc Espec\u00edfic Grau Superior Vela amb aparell Fix <\/strong>aqu\u00ed<strong><br \/>\n<\/strong><\/p>\n<p>&nbsp;<\/p>\n<p>&nbsp;<\/p>\n<p><a href=\"https:\/\/agora.xtec.cat\/ins-nauticabcn\/wp-content\/uploads\/usu313\/2021\/10\/Horari-de-secretariaII_page-0001-e1634743535738.jpg\"><img loading=\"lazy\" decoding=\"async\" class=\"size-large wp-image-5586 aligncenter\" src=\"https:\/\/agora.xtec.cat\/ins-nauticabcn\/wp-content\/uploads\/usu313\/2021\/10\/Horari-de-secretariaII_page-0001-e1634743535738-1024x670.jpg\" alt=\"\" width=\"1024\" height=\"670\" srcset=\"https:\/\/agora.xtec.cat\/ins-nauticabcn\/wp-content\/uploads\/usu313\/2021\/10\/Horari-de-secretariaII_page-0001-e1634743535738-1024x670.jpg 1024w, https:\/\/agora.xtec.cat\/ins-nauticabcn\/wp-content\/uploads\/usu313\/2021\/10\/Horari-de-secretariaII_page-0001-e1634743535738-300x196.jpg 300w, https:\/\/agora.xtec.cat\/ins-nauticabcn\/wp-content\/uploads\/usu313\/2021\/10\/Horari-de-secretariaII_page-0001-e1634743535738-768x503.jpg 768w, https:\/\/agora.xtec.cat\/ins-nauticabcn\/wp-content\/uploads\/usu313\/2021\/10\/Horari-de-secretariaII_page-0001-e1634743535738.jpg 1241w\" sizes=\"auto, (max-width: 1024px) 100vw, 1024px\" \/><\/a><\/p>\n<p>&nbsp;<\/p>\n<p>&nbsp;<\/p>\n<p>&nbsp;<\/p>\n<p>&nbsp;<\/p>\n","protected":false},"excerpt":{"rendered":"<p>PREINSCRIPCI\u00d3 I MATR\u00cdCULA CICLES D&#8217;ESTUDIS ESPORTIUS<\/p>\n<p><a href=\"#a\">a) Dates clau i horari de preinscripci\u00f3 i matr\u00edcula<\/a><\/p>\n<p><a href=\"#b\">b) Informaci\u00f3 general i requisits d&#8217;acc\u00e9s<\/a><\/p>\n<p><a href=\"#c\">c) Proc\u00e9s preinscripci\u00f3<\/a><\/p>\n<p><a href=\"#d\">d) Quadre de preus<\/a><\/p>\n<p><a href=\"#e\">e) Documents de matr\u00edcula<\/a><\/p>\n<p>\u00a0<br \/>\nCURS 2026-2027<\/p>\n<ul>\n<li>Bloc Espec\u00edfic Grau Superior d&#8217;Ensenyaments esportius de Vela amb aparell Fix curs 2026-2027:<\/li>\n<\/ul>\n<p>Oferta&hellip;  <a href=\"https:\/\/agora.xtec.cat\/ins-nauticabcn\/preinscripcio-i-matricula-grau-superior-vela-curs-2026-2027\/\" title=\"Read Preinscripci\u00f3 i matr\u00edcula Grau Superior Vela aparell Fix curs 2026-2027\">Llegeix m\u00e9s\u00bb<\/a><\/p>\n","protected":false},"author":1,"featured_media":0,"parent":0,"menu_order":0,"comment_status":"closed","ping_status":"closed","template":"","meta":{"_bbp_topic_count":0,"_bbp_reply_count":0,"_bbp_total_topic_count":0,"_bbp_total_reply_count":0,"_bbp_voice_count":0,"_bbp_anonymous_reply_count":0,"_bbp_topic_count_hidden":0,"_bbp_reply_count_hidden":0,"_bbp_forum_subforum_count":0,"footnotes":""},"class_list":["post-7977","page","type-page","status-publish","hentry"],"post_mailing_queue_ids":[],"_links":{"self":[{"href":"https:\/\/agora.xtec.cat\/ins-nauticabcn\/wp-json\/wp\/v2\/pages\/7977","targetHints":{"allow":["GET"]}}],"collection":[{"href":"https:\/\/agora.xtec.cat\/ins-nauticabcn\/wp-json\/wp\/v2\/pages"}],"about":[{"href":"https:\/\/agora.xtec.cat\/ins-nauticabcn\/wp-json\/wp\/v2\/types\/page"}],"author":[{"embeddable":true,"href":"https:\/\/agora.xtec.cat\/ins-nauticabcn\/wp-json\/wp\/v2\/users\/1"}],"replies":[{"embeddable":true,"href":"https:\/\/agora.xtec.cat\/ins-nauticabcn\/wp-json\/wp\/v2\/comments?post=7977"}],"version-history":[{"count":6,"href":"https:\/\/agora.xtec.cat\/ins-nauticabcn\/wp-json\/wp\/v2\/pages\/7977\/revisions"}],"predecessor-version":[{"id":10678,"href":"https:\/\/agora.xtec.cat\/ins-nauticabcn\/wp-json\/wp\/v2\/pages\/7977\/revisions\/10678"}],"wp:attachment":[{"href":"https:\/\/agora.xtec.cat\/ins-nauticabcn\/wp-json\/wp\/v2\/media?parent=7977"}],"curies":[{"name":"wp","href":"https:\/\/api.w.org\/{rel}","templated":true}]}}