{"id":688,"date":"2016-03-12T08:33:46","date_gmt":"2016-03-12T07:33:46","guid":{"rendered":"http:\/\/agora.xtec.cat\/ins-nauticabcn\/?page_id=688"},"modified":"2020-03-10T16:55:14","modified_gmt":"2020-03-10T15:55:14","slug":"empreses-i-institucions","status":"publish","type":"page","link":"https:\/\/agora.xtec.cat\/ins-nauticabcn\/entorn\/empreses-i-institucions\/","title":{"rendered":"Empreses i Institucions"},"content":{"rendered":"<p>Aprofitant l`avantatge competitiu que suposa la nostra ubicaci\u00f3 i el nostre lligam amb les empreses i entitats del sector, estem promovem una incessant relaci\u00f3 amb el sector esportiu i professional, a fi d\u2019aportar valor afegit a la formaci\u00f3 dels alumnes, tant en el sentit tecnol\u00f2gic com en el de transmissi\u00f3 dels valors professionals, i facilitar aix\u00ed la r\u00e0pida incorporaci\u00f3 de les novetats tecnol\u00f2giques en els curr\u00edculums formatius. Aix\u00ed que malgrat que acabem d&#8217;iniciar el nostre viatge, ja hem establert unes s\u00f2lides col\u00b7laboracions amb les principals empreses i institucions de l\u2019\u00e0mbit n\u00e0utic, concretades en jornades t\u00e8cniques, visites, formaci\u00f3, pr\u00e0ctiques en entorns laborals, projectes de transfer\u00e8ncia de coneixement, competicions esportives, estades dels professors, incorporaci\u00f3 d\u2019especialistes, etc. &#8230;<\/p>\n<p>De entre les desenes de empreses i entitats que hem visitat i establert col\u00b7laboracions diverses, destaquem per la seva transcend\u00e8ncia les seg\u00fcents:<\/p>\n<p>&nbsp;<\/p>\n<p><img loading=\"lazy\" decoding=\"async\" class=\"alignleft wp-image-2542\" src=\"http:\/\/agora.xtec.cat\/ins-nauticabcn\/wp-content\/uploads\/usu313\/2016\/03\/Screen-Shot-05-27-18-at-10.59-AM.png\" alt=\"\" width=\"170\" height=\"104\" \/><\/p>\n<p>&nbsp;<\/p>\n<p>&nbsp;<\/p>\n<p>&nbsp;<\/p>\n<p><a href=\"http:\/\/www.fnob.org\/ca\"><strong>Fundaci\u00f3 Navegaci\u00f3 Oce\u00e0nica Barcelona<\/strong><\/a> (FNOB), \u00e9s una fundaci\u00f3 de l&#8217;Ajuntament de Barcelona, que com\u00a0a finalitat desenvolupar una s\u00e8rie de projectes destinats a fomentar i impulsar activitats relacionades amb la vela oce\u00e0nica d\u2019alta competici\u00f3.<\/p>\n<p><strong>Relaci\u00f3 amb l&#8217;INB: <\/strong>Amb la FNOB hem signat un conveni en el que establim l&#8217;\u00fas compartit d&#8217;una part de la seva nau, on estem portant a terme el refit i manteniment d&#8217;embarcacions oce\u00e0niques (Imoca, Base Minis)<span style=\"font-family: inherit; font-size: 1em;\">, a m\u00e9s de haver engegats diversos projectes de col\u00b7laboraci\u00f3 per a definir els perfils professionals i itineraris formatiu de l&#8217;\u00e0mbit n\u00e0utic, \u00fasos de tecnologies avan\u00e7ades d&#8217;emmotllament de fibra de carboni.<\/span><\/p>\n<p>&nbsp;<\/p>\n<p>&nbsp;<\/p>\n<p><a href=\"http:\/\/agora.xtec.cat\/ins-nauticabcn\/wp-content\/uploads\/usu313\/2015\/04\/Screen-Shot-02-27-16-at-09.44-PM1.jpg\"><img loading=\"lazy\" decoding=\"async\" class=\"alignleft wp-image-669\" src=\"http:\/\/agora.xtec.cat\/ins-nauticabcn\/wp-content\/uploads\/usu313\/2015\/04\/Screen-Shot-02-27-16-at-09.44-PM1.jpg\" alt=\"Screen Shot 02-27-16 at 09.44 PM\" width=\"269\" height=\"60\" srcset=\"https:\/\/agora.xtec.cat\/ins-nauticabcn\/wp-content\/uploads\/usu313\/2015\/04\/Screen-Shot-02-27-16-at-09.44-PM1.jpg 354w, https:\/\/agora.xtec.cat\/ins-nauticabcn\/wp-content\/uploads\/usu313\/2015\/04\/Screen-Shot-02-27-16-at-09.44-PM1-300x67.jpg 300w\" sizes=\"auto, (max-width: 269px) 100vw, 269px\" \/><\/a><\/p>\n<p>&nbsp;<\/p>\n<p>&nbsp;<\/p>\n<p><strong><a href=\"http:\/\/www.consorcielfar.org\/\">Consorci El Far<\/a><\/strong>. El Consorci el Far, va deixar d&#8217;existir el 2017. Va ser una entitat p\u00fablica que va centrar els seus esfor\u00e7os en promoure la cultura del mar de Barcelona mitjan\u00e7ant el desenvolupament d\u2019actuacions formatives, programes educatius i de difusi\u00f3; i impulsant projectes que obrien noves l\u00ednies de treball vinculades al sector n\u00e0utic i mar\u00edtim. Disposaven d&#8217;una escola de navegaci\u00f3 tradicional amb un estol d&#8217;embarcacions hist\u00f2riques.<\/p>\n<p><strong>Relaci\u00f3 amb l&#8217;INB:<\/strong>\u00a0El Consorci el Far ha estat la instituci\u00f3 clau a l\u2019hora de engegar i consolidar el projecte de l\u2019INB. Gr\u00e0cies a un conveni de col\u00b7laboraci\u00f3 entre el Consorci d\u2019Educaci\u00f3 de Barcelona, el Departament d\u2019Ensenyament i el Consorci El Far, s&#8217;estableix el marc legal de la creaci\u00f3 del nostre institut. Durant els nostres inicis ens han aportat la seva llarga experi\u00e8ncia en la formaci\u00f3 i promoci\u00f3 del sector n\u00e0utic i ens han facilitat l\u2019\u00fas de les seves instal\u00b7lacions per a ubicar la seu del nou institut.<\/p>\n<p>&nbsp;<\/p>\n<p><a href=\"http:\/\/agora.xtec.cat\/ins-nauticabcn\/wp-content\/uploads\/usu313\/2015\/04\/Screen-Shot-02-27-16-at-09.46-PM.jpg\"><img loading=\"lazy\" decoding=\"async\" class=\"alignleft wp-image-668\" src=\"http:\/\/agora.xtec.cat\/ins-nauticabcn\/wp-content\/uploads\/usu313\/2015\/04\/Screen-Shot-02-27-16-at-09.46-PM.jpg\" alt=\"Screen Shot 02-27-16 at 09.46 PM\" width=\"221\" height=\"72\" \/><\/a><\/p>\n<p>&nbsp;<\/p>\n<p>&nbsp;<\/p>\n<p><strong><a href=\"http:\/\/www.barcelonaclusternautic.cat\/ca\/home\">Barcelona Cl\u00faster N\u00e0utic<\/a>.\u00a0<\/strong>El Barcelona Cl\u00faster N\u00e0utic es constitueix al 2013 amb la vocaci\u00f3 de convertir l\u2019activitat n\u00e0utica en un dels motors de l\u2019economia de la ciutat, la seva \u00e0rea metropolitana i el pa\u00eds, aprofitant l\u2019exist\u00e8ncia d\u2019un sector on convergeixen ind\u00fastria, empreses, entitats i centres de recerca amb un alt potencial per generar riquesa i valor afegit.<\/p>\n<p><strong>Relaci\u00f3 amb l&#8217;INB:<\/strong> El Cl\u00faster N\u00e0utic, \u00e9s la nostra entitat de refer\u00e8ncia a l\u2019hora d\u2019entendre la evoluci\u00f3 del sector n\u00e0utic, tant a casa nostra com a nivell global. Especialment els vincles entre la ind\u00fastria n\u00e0utica, els nous usos de l\u2019esbarjo en n\u00e0utica, o les institucions n\u00e0utiques, al voltant de l\u2019\u00e0rea metropolitana de Barcelona. El president del Cl\u00faster N\u00e0utic, \u00e9s mebre del nostre Consell Escolar com a representant del sector n\u00e0utic. Tamb\u00e9 gr\u00e0cies a ells, formem part del grup de discussi\u00f3 de la Comunitat Europea <em>Network of maritime Training, <\/em>estudi per a crear una xarxa de acad\u00e8mies i instituts mar\u00edtims a la Mediterr\u00e0nia<em>.<\/em><\/p>\n<p>&nbsp;<\/p>\n<p><a href=\"http:\/\/agora.xtec.cat\/ins-nauticabcn\/wp-content\/uploads\/usu313\/2015\/04\/Screen-Shot-02-27-16-at-09.48-PM.jpg\"><img loading=\"lazy\" decoding=\"async\" class=\"alignleft wp-image-670\" src=\"http:\/\/agora.xtec.cat\/ins-nauticabcn\/wp-content\/uploads\/usu313\/2015\/04\/Screen-Shot-02-27-16-at-09.48-PM.jpg\" alt=\"Screen Shot 02-27-16 at 09.48 PM\" width=\"298\" height=\"55\" srcset=\"https:\/\/agora.xtec.cat\/ins-nauticabcn\/wp-content\/uploads\/usu313\/2015\/04\/Screen-Shot-02-27-16-at-09.48-PM.jpg 521w, https:\/\/agora.xtec.cat\/ins-nauticabcn\/wp-content\/uploads\/usu313\/2015\/04\/Screen-Shot-02-27-16-at-09.48-PM-300x55.jpg 300w\" sizes=\"auto, (max-width: 298px) 100vw, 298px\" \/><\/a><\/p>\n<p>&nbsp;<\/p>\n<p>&nbsp;<\/p>\n<p><strong><a href=\"http:\/\/www.fnb.upc.edu\/\">Facultat de N\u00e0utica (UPC)<\/a>.\u00a0<\/strong>La Facultat de N\u00e0utica \u00e9s l\u2019\u00fanic centre que ofereix formaci\u00f3 en els \u00e0mbits de l\u2019enginyeria naval i la marina civil (n\u00e0utica i transport mar\u00edtim, tecnologies marines) a Catalunya.<\/p>\n<p><strong>Relaci\u00f3 amb l&#8217;INB:<\/strong> Amb la Facultat de N\u00e0utica, a banda de treballa per a impulsar les vocacions n\u00e0utiques al nostre barri de la Barceloneta, estem desenvolupant projectes de recerca i transfer\u00e8ncia tecnol\u00f2gica en l\u2019\u00e0mbit de la propulsi\u00f3 naval h\u00edbrida. Estem tamb\u00e9 implantant itineraris formatius per a convalidar part dels seus estudis per a alumnes que hagin estudiat el GS de Sistemes de Navegaci\u00f3<\/p>\n<p>&nbsp;<\/p>\n<p><a href=\"http:\/\/agora.xtec.cat\/ins-nauticabcn\/wp-content\/uploads\/usu313\/2015\/04\/Screen-Shot-02-27-16-at-09.52-PM.jpg\"><img loading=\"lazy\" decoding=\"async\" class=\"alignleft wp-image-671\" src=\"http:\/\/agora.xtec.cat\/ins-nauticabcn\/wp-content\/uploads\/usu313\/2015\/04\/Screen-Shot-02-27-16-at-09.52-PM.jpg\" alt=\"Screen Shot 02-27-16 at 09.52 PM\" width=\"265\" height=\"48\" srcset=\"https:\/\/agora.xtec.cat\/ins-nauticabcn\/wp-content\/uploads\/usu313\/2015\/04\/Screen-Shot-02-27-16-at-09.52-PM.jpg 419w, https:\/\/agora.xtec.cat\/ins-nauticabcn\/wp-content\/uploads\/usu313\/2015\/04\/Screen-Shot-02-27-16-at-09.52-PM-300x54.jpg 300w\" sizes=\"auto, (max-width: 265px) 100vw, 265px\" \/><\/a><\/p>\n<p>&nbsp;<\/p>\n<p>&nbsp;<\/p>\n<p><strong><a href=\"http:\/\/www.mmb.cat\/\">Museu Mar\u00edtim de Barcelona<\/a>.\u00a0<\/strong>El Museu Mar\u00edtim de Barcelona, ubicat a l\u2019impressionant conjunt patrimonial de les Drassanes Reials \u00e9s un dels museus m\u00e9s importants de Catalunya.<\/p>\n<p><strong>Relaci\u00f3 amb l&#8217;INB:<\/strong> Amb el Museu Mar\u00edtim de Barcelona hem iniciat una important col\u00b7laboraci\u00f3 a fi de promoure i impulsar els estudis n\u00e0utics, aix\u00ed com de portar a terme projectes de forma conjunta<\/p>\n<p>&nbsp;<\/p>\n<p><img loading=\"lazy\" decoding=\"async\" class=\"alignleft wp-image-2538\" src=\"http:\/\/agora.xtec.cat\/ins-nauticabcn\/wp-content\/uploads\/usu313\/2016\/03\/Screen-Shot-05-27-18-at-10.47-AM.png\" alt=\"\" width=\"220\" height=\"74\" srcset=\"https:\/\/agora.xtec.cat\/ins-nauticabcn\/wp-content\/uploads\/usu313\/2016\/03\/Screen-Shot-05-27-18-at-10.47-AM.png 620w, https:\/\/agora.xtec.cat\/ins-nauticabcn\/wp-content\/uploads\/usu313\/2016\/03\/Screen-Shot-05-27-18-at-10.47-AM-300x101.png 300w\" sizes=\"auto, (max-width: 220px) 100vw, 220px\" \/><\/p>\n<p>&nbsp;<\/p>\n<p>&nbsp;<\/p>\n<p>&nbsp;<\/p>\n<p><strong><a href=\"http:\/\/placomunitaribarceloneta.org\/projectes\/barceloneta-proa-a-la-mar\/\">Barceloneta Proa a la mar<\/a>.<\/strong>\u00a0Iniciativa comunit\u00e0ria orientada al desenvolupament local del territori sorgida en el context de la Taula d&#8217;ocupaci\u00f3 de la Barceloneta.<\/p>\n<p><strong>Relaci\u00f3 amb l&#8217;INB: <\/strong>Formem part del grup motor de Proa a la Mar, en el qual promovem i dinamitzem actuacions locals relatives a la formaci\u00f3 i l&#8217;ocupaci\u00f3, sempre relacionades amb el barri i a la seva marinitat.<\/p>\n<p><img loading=\"lazy\" decoding=\"async\" class=\"wp-image-3770 size-thumbnail alignleft\" src=\"https:\/\/agora.xtec.cat\/ins-nauticabcn\/wp-content\/uploads\/usu313\/2020\/03\/mb92-150x150.png\" alt=\"\" width=\"150\" height=\"150\" srcset=\"https:\/\/agora.xtec.cat\/ins-nauticabcn\/wp-content\/uploads\/usu313\/2020\/03\/mb92-150x150.png 150w, https:\/\/agora.xtec.cat\/ins-nauticabcn\/wp-content\/uploads\/usu313\/2020\/03\/mb92.png 225w\" sizes=\"auto, (max-width: 150px) 100vw, 150px\" \/><\/p>\n<p>&nbsp;<\/p>\n<p>&nbsp;<\/p>\n<p>&nbsp;<\/p>\n<p>&nbsp;<\/p>\n<p><strong><a href=\"http:\/\/mb92.com\/\">Marina Barcelona 92<\/a>. <\/strong>E<span style=\"font-family: inherit; font-size: 1em; line-height: 1.6;\">mpresa dedicada a la reparaci\u00f3, manteniment i refit de grans iots (megaiots), ubicada al port de Barcelona, ocupant una superf\u00edcie de 76.000 m<\/span><sup style=\"font-family: inherit;\">2<\/sup><span style=\"font-family: inherit; font-size: 1em; line-height: 1.6;\">.<\/span><\/p>\n<p><strong>Relaci\u00f3 amb l&#8217;INB: <\/strong>Amb MB92 ens uneix una especial relaci\u00f3, al ser una de les empreses m\u00e9s importants de manteniment de grans iots de la Mediterr\u00e0nia, a m\u00e9s dels nostres ve\u00efns porta amb porta. Ens han ajudat a definir els perfils professionals que necessita el sector, aix\u00ed com a facilitar la difusi\u00f3 de l\u2019INB entre les seves empreses contractistes i el sector en general.<\/p>\n<p>&nbsp;<\/p>\n<p><a href=\"http:\/\/agora.xtec.cat\/ins-nauticabcn\/wp-content\/uploads\/usu313\/2015\/04\/Screen-Shot-02-27-16-at-10.05-PM.jpg\"><img loading=\"lazy\" decoding=\"async\" class=\"alignleft wp-image-675\" src=\"http:\/\/agora.xtec.cat\/ins-nauticabcn\/wp-content\/uploads\/usu313\/2015\/04\/Screen-Shot-02-27-16-at-10.05-PM.jpg\" alt=\"Screen Shot 02-27-16 at 10.05 PM\" width=\"94\" height=\"115\" \/><\/a><\/p>\n<p>&nbsp;<\/p>\n<p>&nbsp;<\/p>\n<p>&nbsp;<\/p>\n<p><strong><a href=\"http:\/\/www.maritimbarcelona.org\/\">Reial Club Mar\u00edtim de Barcelona<\/a>.\u00a0<\/strong>Club centenari, pioner en la promoci\u00f3 dels esports n\u00e0utics, ubicat al cor del Port de Barcelona, on destaca especialment per la promoci\u00f3 i l\u2019impuls pel rem a casa nostra.<\/p>\n<p><strong>Relaci\u00f3 amb l&#8217;INB:<\/strong> El RCMB, ens ha obert les seves portes des de el primer moment, i amb ells hem iniciat dos projectes de rehabilitaci\u00f3 d&#8217;embarcacions de rem hist\u00f2riques, aix\u00ed com diverses visites guiades.<\/p>\n<p>&nbsp;<\/p>\n<p>&nbsp;<\/p>\n<p>&nbsp;<\/p>\n<p><strong>ALTRES EMPRESES I ENTITATS<\/strong><\/p>\n<p>L&#8217;INB, a m\u00e9s del centenar d&#8217;empreses on portem els alumnes a realitzar les pr\u00e0ctiques, realitzem tamb\u00e9 col\u00b7laboracions amb:<\/p>\n<p>&nbsp;<\/p>\n<p><a href=\"http:\/\/agora.xtec.cat\/ins-nauticabcn\/wp-content\/uploads\/usu313\/2016\/03\/Screen-Shot-04-12-17-at-11.52-AM.png\"><img loading=\"lazy\" decoding=\"async\" class=\"aligncenter size-large wp-image-1453\" src=\"http:\/\/agora.xtec.cat\/ins-nauticabcn\/wp-content\/uploads\/usu313\/2016\/03\/Screen-Shot-04-12-17-at-11.52-AM-1024x234.png\" alt=\"Screen Shot 04-12-17 at 11.52 AM\" width=\"1024\" height=\"234\" srcset=\"https:\/\/agora.xtec.cat\/ins-nauticabcn\/wp-content\/uploads\/usu313\/2016\/03\/Screen-Shot-04-12-17-at-11.52-AM-1024x234.png 1024w, https:\/\/agora.xtec.cat\/ins-nauticabcn\/wp-content\/uploads\/usu313\/2016\/03\/Screen-Shot-04-12-17-at-11.52-AM-300x68.png 300w, https:\/\/agora.xtec.cat\/ins-nauticabcn\/wp-content\/uploads\/usu313\/2016\/03\/Screen-Shot-04-12-17-at-11.52-AM-768x175.png 768w, https:\/\/agora.xtec.cat\/ins-nauticabcn\/wp-content\/uploads\/usu313\/2016\/03\/Screen-Shot-04-12-17-at-11.52-AM.png 1157w\" sizes=\"auto, (max-width: 1024px) 100vw, 1024px\" \/><\/a><\/p>\n<p>&nbsp;<\/p>\n<p>&nbsp;<\/p>\n<p>&nbsp;<\/p>\n","protected":false},"excerpt":{"rendered":"<p>Aprofitant l`avantatge competitiu que suposa la nostra ubicaci\u00f3 i el nostre lligam amb les empreses i entitats del sector, estem promovem una incessant relaci\u00f3 amb el sector esportiu i professional, a fi d\u2019aportar valor afegit a la formaci\u00f3 dels alumnes, tant en el sentit tecnol\u00f2gic&hellip;  <a href=\"https:\/\/agora.xtec.cat\/ins-nauticabcn\/entorn\/empreses-i-institucions\/\" title=\"Read Empreses i Institucions\">Llegeix m\u00e9s\u00bb<\/a><\/p>\n","protected":false},"author":1,"featured_media":0,"parent":381,"menu_order":0,"comment_status":"closed","ping_status":"closed","template":"page-templates\/side-menu.php","meta":{"_bbp_topic_count":0,"_bbp_reply_count":0,"_bbp_total_topic_count":0,"_bbp_total_reply_count":0,"_bbp_voice_count":0,"_bbp_anonymous_reply_count":0,"_bbp_topic_count_hidden":0,"_bbp_reply_count_hidden":0,"_bbp_forum_subforum_count":0,"footnotes":""},"class_list":["post-688","page","type-page","status-publish","hentry"],"post_mailing_queue_ids":[],"_links":{"self":[{"href":"https:\/\/agora.xtec.cat\/ins-nauticabcn\/wp-json\/wp\/v2\/pages\/688","targetHints":{"allow":["GET"]}}],"collection":[{"href":"https:\/\/agora.xtec.cat\/ins-nauticabcn\/wp-json\/wp\/v2\/pages"}],"about":[{"href":"https:\/\/agora.xtec.cat\/ins-nauticabcn\/wp-json\/wp\/v2\/types\/page"}],"author":[{"embeddable":true,"href":"https:\/\/agora.xtec.cat\/ins-nauticabcn\/wp-json\/wp\/v2\/users\/1"}],"replies":[{"embeddable":true,"href":"https:\/\/agora.xtec.cat\/ins-nauticabcn\/wp-json\/wp\/v2\/comments?post=688"}],"version-history":[{"count":3,"href":"https:\/\/agora.xtec.cat\/ins-nauticabcn\/wp-json\/wp\/v2\/pages\/688\/revisions"}],"predecessor-version":[{"id":3771,"href":"https:\/\/agora.xtec.cat\/ins-nauticabcn\/wp-json\/wp\/v2\/pages\/688\/revisions\/3771"}],"up":[{"embeddable":true,"href":"https:\/\/agora.xtec.cat\/ins-nauticabcn\/wp-json\/wp\/v2\/pages\/381"}],"wp:attachment":[{"href":"https:\/\/agora.xtec.cat\/ins-nauticabcn\/wp-json\/wp\/v2\/media?parent=688"}],"curies":[{"name":"wp","href":"https:\/\/api.w.org\/{rel}","templated":true}]}}