{"id":2705,"date":"2018-11-05T11:28:31","date_gmt":"2018-11-05T10:28:31","guid":{"rendered":"http:\/\/agora.xtec.cat\/ins-nauticabcn\/?page_id=2705"},"modified":"2021-09-13T11:28:08","modified_gmt":"2021-09-13T09:28:08","slug":"proces-acreditat","status":"publish","type":"page","link":"https:\/\/agora.xtec.cat\/ins-nauticabcn\/serveis\/proces-acreditat\/","title":{"rendered":"Proc\u00e9s Acredita&#8217;t"},"content":{"rendered":"<h4><img loading=\"lazy\" decoding=\"async\" class=\"wp-image-3190 alignleft\" src=\"https:\/\/agora.xtec.cat\/ins-nauticabcn\/wp-content\/uploads\/usu313\/2019\/05\/acreditat.jpg\" alt=\"\" width=\"119\" height=\"119\" \/> <img loading=\"lazy\" decoding=\"async\" class=\"aligncenter wp-image-4940 \" src=\"https:\/\/agora.xtec.cat\/ins-nauticabcn\/wp-content\/uploads\/usu313\/2021\/04\/Logo-MEFP_UE.png\" alt=\"\" width=\"359\" height=\"83\" srcset=\"https:\/\/agora.xtec.cat\/ins-nauticabcn\/wp-content\/uploads\/usu313\/2021\/04\/Logo-MEFP_UE.png 520w, https:\/\/agora.xtec.cat\/ins-nauticabcn\/wp-content\/uploads\/usu313\/2021\/04\/Logo-MEFP_UE-300x69.png 300w\" sizes=\"auto, (max-width: 359px) 100vw, 359px\" \/><\/h4>\n<p>&nbsp;<\/p>\n<p>&nbsp;<\/p>\n<h4><span style=\"color: #008080;\"><b><span style=\"color: #333399;\"><span style=\"color: #3366ff;\">INFORMACI\u00d3 PROC\u00c9S ACREDITA\u2019T<\/span>\u00a0 \u00a0<\/span> \u00a0 \u00a0 \u00a0 \u00a0 \u00a0 \u00a0 \u00a0 \u00a0 \u00a0 \u00a0 \u00a0\u00a0<\/b><\/span><\/h4>\n<p>Per consultar informaci\u00f3 sobre <strong>NOVES CONVOCAT\u00d2RIES<\/strong> del proc\u00e9s Acredita&#8217;t consulta <a href=\"http:\/\/acreditat.gencat.cat\/ca\/convocatories\/\">aqu\u00ed.<\/a><\/p>\n<p>_________________________________________________________________________________________________________________________________________________________________________________________________<br \/>\n<b><\/b><\/p>\n<h4><span style=\"color: #000080;\"><b>EN RELACI\u00d3 AL PROC\u00c9S ACREDITA&#8217;T 20-21<\/b><\/span><\/h4>\n<h4><span style=\"color: #ff6600;\"><b>Inscripci\u00f3 al ROPEC i SOC<\/b><\/span><\/h4>\n<p><span style=\"font-weight: 400;\">Amb el <\/span><b>Certificat d&#8217;Unitats de Compet\u00e8ncia<\/b><span style=\"font-weight: 400;\"> (recordeu: amb totes les UCs d&#8217;una Qualificaci\u00f3 demostrades) que veu rebre per correu electr\u00f2nic a finals de juny 2021, podeu fer la <\/span><b>sol\u00b7licitud de registre al ROPEC (via telem\u00e0tica)<\/b><span style=\"font-weight: 400;\">.<\/span><a href=\"https:\/\/agora.xtec.cat\/ins-nauticabcn\/wp-content\/uploads\/usu313\/2020\/07\/8461_01_infografia_ROPEC.pdf\"> <span style=\"font-weight: 400;\">+info<\/span><\/a><\/p>\n<p><span style=\"font-weight: 400;\">Es recomanable que les persones <\/span><b>Acreditades en Ioga<\/b><span style=\"font-weight: 400;\">, sol\u00b7liciteu tamb\u00e9 el <\/span><b>Certificat de Professionalitat al SOC<\/b><span style=\"font-weight: 400;\">.<\/span><a href=\"https:\/\/agora.xtec.cat\/ins-nauticabcn\/wp-content\/uploads\/usu313\/2020\/07\/Com-sol%C2%B7licitar-Certificat-professionalitat_SOC.pdf\"> <span style=\"font-weight: 400;\">+info<\/span><\/a><\/p>\n<p>&#8212;&#8212;&#8212;&#8212;&#8212;&#8212;&#8212;&#8212;&#8212;&#8212;&#8212;&#8212;&#8212;&#8212;&#8212;&#8212;&#8212;&#8212;&#8212;&#8212;&#8212;&#8212;&#8212;&#8212;&#8212;&#8212;&#8212;&#8212;&#8212;&#8212;&#8212;&#8212;&#8212;&#8212;&#8212;&#8212;&#8212;&#8212;&#8212;&#8212;&#8212;&#8212;&#8212;&#8212;&#8212;&#8212;&#8212;&#8212;&#8212;&#8212;&#8212;&#8212;&#8212;&#8212;&#8212;&#8212;&#8212;&#8212;&#8212;&#8212;&#8212;&#8212;&#8212;&#8212;&#8212;&#8212;&#8212;&#8212;&#8212;&#8212;&#8212;&#8212;&#8212;&#8212;&#8212;&#8212;&#8212;&#8212;-<\/p>\n<h6><span style=\"color: #808080;\"><b>Dijous 17 de juny de 2021 &#8211;<\/b><b>\u00a0 PUBLICACI\u00d3 DELS RESULTATS DEFINITIUS DE LA FASE D&#8217;AVALUACI\u00d3 ACREDITA&#8217;T 20\/21<\/b><\/span><\/h6>\n<h5><span style=\"font-weight: 400; color: #808080;\">En el seg\u00fcent enlla\u00e7 pots consultar, amb el teu codi d\u2019inscripci\u00f3, el Resultat Definitiu de la Fase d\u2019Avaluaci\u00f3:<\/span><\/h5>\n<p><span style=\"color: #808080;\"><a style=\"color: #808080;\" href=\"https:\/\/agora.xtec.cat\/ins-nauticabcn\/wp-content\/uploads\/usu313\/2021\/06\/Resultats-Def-sense-noms.pdf\"><span style=\"font-weight: 400;\">RESULTATS DEFINITIUS FASE D\u2019AVALUACI\u00d3 20\/21<\/span><\/a><\/span><\/p>\n<p><span style=\"color: #808080;\"><b>Seg\u00fcents dates a tenir en compte:<\/b><\/span><\/p>\n<ul>\n<li style=\"font-weight: 400;\" aria-level=\"1\"><span style=\"color: #808080;\"><span style=\"font-weight: 400;\">Entre el <\/span><b>17 i 20 de juny<\/b><span style=\"font-weight: 400;\"> rebr\u00e0s un correu amb <\/span><b>documentaci\u00f3 per signar<\/b><span style=\"font-weight: 400;\">, necess\u00e0ria per poder expedir el teu certificat.<\/span><\/span><\/li>\n<li><span style=\"color: #808080;\"><span style=\"font-weight: 400;\">Entre el <\/span><b>21 i 25 de juny<\/b><span style=\"font-weight: 400;\"> rebr\u00e0s un correu amb el <\/span><b>Certificat d\u2019Acreditaci\u00f3 de Compet\u00e8ncies <\/b><span style=\"font-weight: 400;\">i les <\/span><b>orientacions per inscriure&#8217;s al ROPEC<\/b><span style=\"font-weight: 400;\">.<\/span><\/span><\/li>\n<\/ul>\n<p><span style=\"color: #808080;\">&#8212;&#8212;&#8212;&#8212;&#8212;&#8212;&#8212;&#8212;&#8212;&#8212;&#8212;&#8212;&#8212;&#8212;&#8212;&#8212;&#8212;&#8212;&#8212;&#8212;&#8212;&#8212;&#8212;&#8212;&#8212;&#8212;&#8212;&#8212;&#8212;&#8212;&#8212;&#8212;&#8212;&#8212;&#8212;&#8212;&#8212;&#8212;&#8212;&#8212;&#8212;&#8212;&#8212;&#8212;&#8212;&#8212;&#8212;&#8212;&#8212;&#8212;&#8212;&#8212;&#8212;&#8212;&#8212;&#8212;&#8212;&#8212;&#8212;&#8212;&#8212;&#8212;&#8212;&#8212;&#8212;&#8212;&#8212;&#8212;&#8212;&#8212;&#8212;&#8212;&#8212;&#8212;&#8212;&#8212;&#8212;&#8212;&#8211;<\/span><\/p>\n<p><span style=\"color: #808080;\"><strong>Divendres 11 de juny de 2021<\/strong> &#8211;\u00a0 <strong>PUBLICACI\u00d3 DELS RESULTATS PROVISIONALS DE LA FASE D&#8217;AVALUACI\u00d3 ACREDITA&#8217;T 20\/21<\/strong><\/span><\/p>\n<h5><span style=\"font-weight: 400; color: #808080;\">En el seg\u00fcent enlla\u00e7 pots consultar, amb el teu codi d\u2019inscripci\u00f3, el Resultat Provisional de la Fase d\u2019Avaluaci\u00f3:<\/span><\/h5>\n<p><span style=\"color: #808080;\"><a style=\"color: #808080;\" href=\"https:\/\/agora.xtec.cat\/ins-nauticabcn\/wp-content\/uploads\/usu313\/2021\/06\/Resultats-sense-nom.pdf\"><span style=\"font-weight: 400;\">RESULTATS PROVISIONALS FASE D\u2019AVALUACI\u00d3 20\/21<\/span><\/a><\/span><\/p>\n<p><span style=\"color: #808080;\"><b>Per\u00edode de reclamacions:<\/b> <b>14, 15 i 16 de juny<\/b><span style=\"font-weight: 400;\"> de 2021. En cas que vulguis presentar una reclamaci\u00f3, has d\u2019omplir i signar el Model de Reclamaci\u00f3 i fer-ho arribar a l\u2019adre\u00e7a acreditat@institutdenautica.barcelona<\/span><\/span><\/p>\n<p><span style=\"color: #808080;\"><a style=\"color: #808080;\" href=\"https:\/\/agora.xtec.cat\/ins-nauticabcn\/wp-content\/uploads\/usu313\/2021\/06\/model-reclamacio-1GE05-1.pdf\"><span style=\"font-weight: 400;\">Model de Reclamaci\u00f3 Fase d\u2019Avaluaci\u00f3<\/span><\/a><\/span><\/p>\n<p><span style=\"color: #808080;\"><b>Seg\u00fcents dates a tenir en compte:<\/b><\/span><\/p>\n<ul>\n<li style=\"font-weight: 400;\" aria-level=\"1\"><span style=\"color: #808080;\"><b>Dijous 17 de juny:<\/b> <b>Publicaci\u00f3 del Resultats Definitius<\/b><span style=\"font-weight: 400;\"> de la Fase d\u2019Avaluaci\u00f3 20\/21<\/span><\/span><\/li>\n<li style=\"font-weight: 400;\" aria-level=\"1\"><span style=\"color: #808080;\"><span style=\"font-weight: 400;\">Entre el <\/span><b>17 i 20 de juny<\/b><span style=\"font-weight: 400;\"> rebr\u00e0s un correu amb <\/span><b>documentaci\u00f3 per signar<\/b><span style=\"font-weight: 400;\">, necess\u00e0ria per poder expedir el teu certificat.<\/span><\/span><\/li>\n<li style=\"font-weight: 400;\" aria-level=\"1\"><span style=\"color: #808080;\"><span style=\"font-weight: 400;\">Entre el <\/span><b>21 i 25 de juny<\/b><span style=\"font-weight: 400;\"> rebr\u00e0s un correu amb el <\/span><b>Certificat d\u2019Acreditaci\u00f3 de Compet\u00e8ncies <\/b><span style=\"font-weight: 400;\">i les <\/span><b>orientacions per inscriure&#8217;s al ROPEC<\/b><span style=\"font-weight: 400;\">.<\/span><\/span><\/li>\n<\/ul>\n<p><span style=\"color: #808080;\">&#8212;&#8212;&#8212;&#8212;&#8212;&#8212;&#8212;&#8212;&#8212;&#8212;&#8212;&#8212;&#8212;&#8212;&#8212;&#8212;&#8212;&#8212;&#8212;&#8212;&#8212;&#8212;&#8212;&#8212;&#8212;&#8212;&#8212;&#8212;&#8212;&#8212;&#8212;&#8212;&#8212;&#8212;&#8212;&#8212;&#8212;&#8212;&#8212;&#8212;&#8212;&#8212;&#8212;&#8212;&#8212;&#8212;&#8212;&#8212;&#8212;&#8212;&#8212;&#8212;&#8212;&#8212;&#8212;&#8212;&#8212;&#8212;&#8212;&#8212;&#8212;&#8212;&#8212;&#8212;&#8212;&#8212;&#8212;&#8212;&#8212;&#8212;&#8212;&#8212;&#8212;&#8212;&#8212;&#8212;&#8212;&#8212;&#8211;<\/span><\/p>\n<p><span style=\"color: #808080;\"><b>27 d&#8217;abril de 2021 &#8211;<\/b>\u00a0<b>PUBLICACI\u00d3 DE L&#8217;ASSIGNACI\u00d3 DE TRIBUNALS PER LA FASE D&#8217;AVALUACI\u00d3<\/b><\/span><\/p>\n<p><span style=\"color: #808080;\">En el seg\u00fcent enlla\u00e7 pots consultar amb el teu codi d&#8217;inscripci\u00f3,\u00a0 la<b>\u00a0data i hora assignada<\/b>\u00a0per a l&#8217;entrevista d&#8217;avaluaci\u00f3.<\/span><\/p>\n<p><span style=\"color: #808080;\"><a style=\"color: #808080;\" href=\"https:\/\/agora.xtec.cat\/ins-nauticabcn\/wp-content\/uploads\/usu313\/2021\/04\/WEB-Dates-i-horaris_TRIBUNALS-AVALUACI\u00d3_QP-IOGA_INB_-ACREDITA\u2019T-2020-21.pdf\" target=\"_blank\" rel=\"noopener noreferrer\">Tribunals IOGA<\/a><\/span><\/p>\n<p><span style=\"color: #808080;\"><a style=\"color: #808080;\" href=\"https:\/\/agora.xtec.cat\/ins-nauticabcn\/wp-content\/uploads\/usu313\/2021\/04\/WEB-Dates-i-horaris_TRIBUNALS-AVALUACI\u00d3_QP-SOS_INB_-ACREDITA\u2019T-2020-21.pdf\" target=\"_blank\" rel=\"noopener noreferrer\">Tribunals SOS<\/a><\/span><\/p>\n<p><span style=\"color: #808080;\">Recorda que\u00a0 <strong>a<\/strong><b>questa prova d\u2019avaluaci\u00f3 \u00e9s d\u2019assist\u00e8ncia obligat\u00f2ria i no \u00e9s pot modificar la data.\u00a0<\/b>\u00c9s un\u00a0<b>examen oficial\u00a0<\/b>i per tant, si et cal, pots sol\u00b7licitar un justificant d&#8217;assist\u00e8ncia.<\/span><\/p>\n<p><span style=\"color: #808080;\">&#8212;&#8212;&#8212;&#8212;&#8212;&#8212;&#8212;&#8212;&#8212;&#8212;&#8212;&#8212;&#8212;&#8212;&#8212;&#8212;&#8212;&#8212;&#8212;&#8212;&#8212;&#8212;&#8212;&#8212;&#8212;&#8212;&#8212;&#8212;&#8212;&#8212;&#8212;&#8212;&#8212;&#8212;&#8212;&#8212;&#8212;&#8212;&#8212;&#8212;&#8212;&#8212;&#8212;&#8212;&#8212;&#8212;&#8212;&#8212;&#8212;&#8212;&#8212;&#8212;&#8212;&#8212;&#8212;&#8212;&#8212;&#8212;&#8212;&#8212;&#8212;&#8212;&#8212;&#8212;&#8212;&#8212;&#8212;&#8212;&#8212;&#8212;&#8212;&#8212;&#8212;&#8212;&#8212;&#8212;&#8212;&#8212;&#8211;<\/span><\/p>\n<p><span style=\"color: #808080;\"><b>21 d&#8217;abril &#8211; PUBLICACI\u00d3 DEL LLISTAT DEFINITU D\u2019ADMESOS I EXCLOSOS A LA FASE D\u2019AVALUACI\u00d3<\/b><\/span><\/p>\n<p><span style=\"color: #808080;\"><a style=\"color: #808080;\" href=\"https:\/\/agora.xtec.cat\/ins-nauticabcn\/wp-content\/uploads\/usu313\/2021\/04\/LLISTAT-DEF-AVALUACIO-IOGA_publicar.pdf\" target=\"_blank\" rel=\"noopener noreferrer\">LLISTA DEFINITIU D\u2019ADMESOS\/ES I EXCLOSOS\/ES &#8211; \u00c0MBIT IOGA\u00a0<\/a><\/span><\/p>\n<p><span style=\"color: #808080;\"><a style=\"color: #808080;\" href=\"https:\/\/agora.xtec.cat\/ins-nauticabcn\/wp-content\/uploads\/usu313\/2021\/04\/LLISTAT-DEF-AVALUACIO-SOS_publicar.pdf\">LLISTA DEFINITIU D\u2019ADMESOS\/ES I EXCLOSOS\/ES &#8211; \u00c0MBIT SALVAMENT I SOCORRISME<\/a><\/span><\/p>\n<p><span style=\"color: #808080;\"><strong>INFORMACI\u00d3 A TENIR EN COMPTE PER A LA FASE D&#8217;AVALUACI\u00d3 (del 26\/04 al 11\/06)<\/strong><\/span><\/p>\n<p><span style=\"color: #808080;\">Els propers dies rebr\u00e0s dos emails referents a la prova d&#8217;avaluaci\u00f3 de l&#8217;Acredita&#8217;t:<\/span><\/p>\n<ul>\n<li aria-level=\"1\"><span style=\"color: #808080;\"><b>Email 1:<\/b> Amb <b>INFORMACI\u00d3 B\u00c0SICA<\/b> de la prova d&#8217;avaluaci\u00f3: quan i com ser\u00e0 i l\u2019enlla\u00e7 per <b>RESERVAR DIA I DATA<\/b> de la prova.<\/span><\/li>\n<\/ul>\n<ul>\n<li aria-level=\"1\"><span style=\"color: #808080;\"><b>Email 2:<\/b> El rebr\u00e0s 2-4 dies abans de la data reservada per a la sessi\u00f3 d\u2019avaluaci\u00f3.\u00a0 Es un email Invitaci\u00f3 que t&#8217;envia el Tribunal d&#8217;avaluaci\u00f3 amb una <b>INVITACI\u00d3 a la prova<\/b>, que ser\u00e0 VIRTUAL.<\/span><\/li>\n<\/ul>\n<p><span style=\"color: #808080;\">\u00c9s important que conservis els dos emails i responguis conforme l&#8217;has rebut.<\/span><\/p>\n<p><span style=\"color: #808080;\"><b>Quan he de fer la prova d\u2019avaluaci\u00f3?<\/b><\/span><\/p>\n<p><span style=\"color: #808080;\">Com que estem en aquesta situaci\u00f3, la normativa estableix que l&#8217;entrevista d&#8217;avaluaci\u00f3 s&#8217;ha de fer de forma VIRTUAL<\/span><\/p>\n<p><span style=\"color: #808080;\"><b>Com sol\u00b7licitar la data i hora de la prova d\u2019avaluaci\u00f3?<\/b><\/span><\/p>\n<p><span style=\"color: #808080;\">Mitjan\u00e7ant un <strong>Doodle<\/strong> que rebr\u00e0s per correu.<\/span><\/p>\n<p><span style=\"color: #808080;\">El<b> termini per sol\u00b7licitar aquesta prova<\/b> \u00e9s <b>diumenge 25 d\u2019abril<\/b> de 2021.<\/span><\/p>\n<p><span style=\"color: #808080;\">El <strong>dimarts 27 d\u2019abril publicarem a la web les reserves fetes<\/strong> i podreu consultar-ho amb el vostre codi d\u2019inscripci\u00f3.<\/span><\/p>\n<p><span style=\"color: #808080;\"><b>On i com he d&#8217;accedir a l&#8217;entrevista virtual d\u2019avaluaci\u00f3?<\/b><\/span><\/p>\n<p><span style=\"color: #808080;\"><b>Entre 2 i 4 dies abans de la data reservada,\u00a0 rebr\u00e0s un altre correu electr\u00f2nic, de part d&#8217;un membre del tribunal, la invitaci\u00f3 a l&#8217;entrevista,<\/b> amb un enlla\u00e7 per connectar-te el dia de l&#8217;avaluaci\u00f3.\u00a0 Quan el rebis, obre&#8217;l i \u00e9s necessari que <b>marquis la casella SI,<\/b> per confirmar la teva participaci\u00f3.<\/span><\/p>\n<p><span style=\"color: #808080;\"><b>Aquesta prova d&#8217;avaluaci\u00f3 \u00e9s d&#8217;assist\u00e8ncia obligat\u00f2ria<\/b>; \u00e9s un examen oficial; per tant, si et cal, pots sol\u00b7licitar un justificant d&#8217;assist\u00e8ncia.<\/span><\/p>\n<p><span style=\"color: #808080;\"><b>En qu\u00e8 consisteix la prova d&#8217;avaluaci\u00f3?<\/b><\/span><\/p>\n<p><span style=\"color: #808080;\">L&#8217;avaluaci\u00f3 \u00e9s una <b>ENTREVISTA VIRTUAL<\/b> que et faran 2 avaluadors\/es a trav\u00e9s del <b>MEET<\/b><b>.\u00a0<\/b><\/span><\/p>\n<p><span style=\"color: #808080;\">Aquesta entrevista tindr\u00e0 una durada m\u00e0xima de 45 minuts, distribu\u00efda de la forma seg\u00fcent:<\/span><\/p>\n<ul>\n<li aria-level=\"1\"><span style=\"color: #808080;\">5 minuts de presentaci\u00f3 de l&#8217;aspirant ( nom, a qu\u00e8 et dediques, motivacions, itinerari formatiu, professional,..)<\/span><\/li>\n<li aria-level=\"1\"><span style=\"color: #808080;\">25 a 35 minuts de preguntes de les diferents unitats de compet\u00e8ncia que es volen acreditar i si escau, alguna demostraci\u00f3 pr\u00e0ctica.<\/span><\/li>\n<\/ul>\n<p><span style=\"color: #808080;\"><b>Qu\u00e8 cal tenir preparat el dia de la prova?<\/b><\/span><\/p>\n<ul>\n<li aria-level=\"1\"><span style=\"color: #808080;\">Ordinador o m\u00f2bil amb c\u00e0mera i micr\u00f2fon activats.<\/span><\/li>\n<li aria-level=\"1\"><span style=\"color: #808080;\">Connexi\u00f3 a internet.<\/span><\/li>\n<li aria-level=\"1\"><span style=\"color: #808080;\">Connecteu-vos 10 minuts abans de l\u2019hora de l\u2019entrevista i sol\u00b7liciteu acc\u00e9s mitjan\u00e7ant l\u2019enlla\u00e7 que rebreu en el correu.<\/span><\/li>\n<li aria-level=\"1\"><span style=\"color: #808080;\">Tingueu obert el correu electr\u00f2nic i el tel\u00e8fon m\u00f2bil a m\u00e0, per si us hem de contactar en cas que hi hagi algun problema.<\/span><\/li>\n<li aria-level=\"1\"><span style=\"color: #808080;\">Tingueu preparat material de suport per si cal una demostraci\u00f3 pr\u00e0ctica (esterilla ioga, paper i boli) i si voleu mostrar alguna imatge o altre document de la vostra activitat professional.<\/span><\/li>\n<\/ul>\n<p>&nbsp;<\/p>\n<hr \/>\n<p><span style=\"color: #808080;\"><b>14 d&#8217;abril &#8211; PUBLICACI\u00d3 DEL LLISTAT PROVISIONAL D\u2019ADMESOS I EXCLOSOS A LA FASE D\u2019AVALUACI\u00d3<\/b><\/span><\/p>\n<p><span style=\"color: #808080;\"><a style=\"color: #808080;\" href=\"https:\/\/agora.xtec.cat\/ins-nauticabcn\/wp-content\/uploads\/usu313\/2021\/04\/LLISTAT-PROV-AVALUACIO-IOGA_publicar.pdf\" target=\"_blank\" rel=\"noopener noreferrer\">LLISTA PROVISIONAL D\u2019ADMESOS\/ES I EXCLOSOS\/ES &#8211; \u00c0MBIT IOGA\u00a0<\/a><\/span><\/p>\n<p><span style=\"color: #808080;\"><a style=\"color: #808080;\" href=\"https:\/\/agora.xtec.cat\/ins-nauticabcn\/wp-content\/uploads\/usu313\/2021\/04\/LLISTAT-PROV-AVALUACIO-SOS_publicar.pdf\" target=\"_blank\" rel=\"noopener noreferrer\">LLISTA PROVISIONAL D\u2019ADMESOS\/ES I EXCLOSOS\/ES &#8211; \u00c0MBIT SALVAMENT I SOCORRISME<\/a><\/span><\/p>\n<p><span style=\"color: #808080;\"><b>Seg\u00fcents dates a tenir en compte:<\/b><\/span><\/p>\n<ul>\n<li aria-level=\"1\"><span style=\"color: #808080;\"><b>Per\u00edode de reclamacions: <\/b>comprova si has estat acceptat\/ada en el <b>Llistat provisional.<\/b> Si no hi fossis, tindr\u00e0s<b> fins al 19 d\u2019abril per reclamar<\/b>. Comprova-ho amb el n\u00ba de sol\u00b7licitud (AAC\u2026) que tens des del principi.<\/span><\/li>\n<li aria-level=\"1\"><span style=\"color: #808080;\">El<b> dimecres 21 d\u2019abril a la tarda<\/b>: comprova a la web si apareixes en el <b>Llistat definitiu.<\/b><\/span><\/li>\n<li aria-level=\"1\"><span style=\"color: #808080;\">A finals del mes d\u2019abril (<b>entre el 21 i 30 d\u2019abril<\/b>), rebr\u00e0s un correu des d\u2019Acredita\u2019t amb un <b>Doodle<\/b>, per <b>seleccionar dia i hora per a la prova d\u2019avaluaci\u00f3<\/b>.<\/span><\/li>\n<\/ul>\n<p>&nbsp;<\/p>\n<hr \/>\n<p><span style=\"color: #808080;\"><strong>7 d&#8217;abril de 2021 &#8211; INFORMACI\u00d3 SOBRE LA INSCRIPCI\u00d3 A LA FASE D&#8217;AVALUACI\u00d3<\/strong><\/span><\/p>\n<p><span style=\"color: #808080;\">Al llarg del dia d\u2019avui, rebr\u00e0s un correu amb les <b>instruccions per formalitzar la inscripci\u00f3 a la FASE D\u2019AVALUACI\u00d3<\/b> i els seg\u00fcents documents:<\/span><\/p>\n<ul>\n<li aria-level=\"1\"><span style=\"color: #808080;\"><b>Informe de l&#8217;assessor\/a<\/b><\/span><\/li>\n<li aria-level=\"1\"><span style=\"color: #808080;\"><b>Full d&#8217;inscripci\u00f3 a la fase d&#8217;avaluaci\u00f3<\/b><\/span><\/li>\n<\/ul>\n<p><span style=\"color: #808080;\"><b>Del 7 a l\u201911 d\u2019abril (ambd\u00f3s inclosos)- INSCRIPCI\u00d3 A LA FASE D\u2019AVALUACI\u00d3\u00a0<\/b><\/span><\/p>\n<p><span style=\"color: #808080;\"><b>IMPORTANT!<\/b><b> Has de fer arribar per correu electr\u00f2nic al teu\/teva assessor\/a els seg\u00fcents documents, com a m\u00e0xim fins al diumenge 11 d\u2019abril:<\/b><\/span><\/p>\n<ul>\n<li aria-level=\"2\"><span style=\"color: #808080;\">l\u2019<b>Informe de l\u2019assessor\/a escanejat, degudament signat.<\/b><\/span><\/li>\n<li aria-level=\"2\"><span style=\"color: #808080;\">El <b>full d\u2019inscripci\u00f3 escanejat, <\/b>degudament omplert i signat<\/span><\/li>\n<li aria-level=\"2\"><span style=\"color: #808080;\">El <b>resguard de pagament<\/b>\u00a0 i <b>documentaci\u00f3 justificativa<\/b> (en cas de bonificaci\u00f3 o exempci\u00f3)<\/span><\/li>\n<\/ul>\n<p><span style=\"color: #808080;\"><b>Els tres documents anteriors s\u00f3n imprescindibles per formalitzar la inscripci\u00f3 a la fase d\u2019avaluaci\u00f3<\/b><\/span><\/p>\n<p><span style=\"color: #808080;\"><b>Seg\u00fcents dates a tenir en compte:<\/b><\/span><\/p>\n<ul>\n<li aria-level=\"1\"><span style=\"color: #808080;\"><b>El dimecres 14 d\u2019abril a la tarda: <\/b>comprova a la web si has estat acceptat\/ada en el <b>Llistat provisional.<\/b> Si no hi fossis, tindr\u00e0s<b> fins al 19 d\u2019abril per reclamar<\/b>. \u00a0 Comprova-ho amb el n\u00ba de sol\u00b7licitud (AAC\u2026) que tens des del principi.<\/span><\/li>\n<li aria-level=\"1\"><span style=\"color: #808080;\">El<b> dimecres 21 d\u2019abril a la tarda<\/b>: comprova a la web si apareixes en el <b>Llistat definitiu.<\/b><\/span><\/li>\n<li aria-level=\"1\"><span style=\"color: #808080;\">A finals del mes d\u2019abril (<b>entre el 21 i 30 d\u2019abril<\/b>), rebr\u00e0s un correu des d\u2019Acredita\u2019t amb un <b>Doodle<\/b>, per <b>seleccionar dia i hora per a la prova d\u2019avaluaci\u00f3<\/b>.<\/span><\/li>\n<\/ul>\n<p>&nbsp;<\/p>\n<p><span style=\"color: #808080;\">__________________________________________________________________________________________________________________________________________________________<\/span><\/p>\n<p><span style=\"color: #808080;\"><b>19 de febrer a la tarda &#8211; PUBLICACI\u00d3 DEL LLISTAT DEFINITIU D\u2019ADMESOS I EXCLOSOS A LA FASE D\u2019ASSESSORAMENT<\/b><\/span><\/p>\n<p><span style=\"color: #808080;\"><a style=\"color: #808080;\" href=\"https:\/\/agora.xtec.cat\/ins-nauticabcn\/wp-content\/uploads\/usu313\/2021\/02\/LLISTAT-DEF-ASS-IOGA_publicar.pdf\">LLISTA DEFINITIVA D\u2019ADMESOS\/ES I EXCLOSOS\/ES &#8211; \u00c0MBIT IOGA\u00a0<\/a><\/span><\/p>\n<p><span style=\"color: #808080;\"><a style=\"color: #808080;\" href=\"https:\/\/agora.xtec.cat\/ins-nauticabcn\/wp-content\/uploads\/usu313\/2021\/02\/LLISTAT-DEF-ASS-SOS_publicar1.pdf\">LLISTA DEFINITIVA D\u2019ADMESOS\/ES I EXCLOSOS\/ES &#8211; \u00c0MBIT SALVAMENT I SOCORRISME<\/a><\/span><\/p>\n<p><span style=\"color: #808080;\"><b>Properes dates a tenir en compte:\u00a0<\/b><\/span><\/p>\n<p><span style=\"color: #808080;\"><b>Del 22 de febrer al 26 de mar\u00e7 &#8211; <\/b><b>FASE D\u2019ASSESSORAMENT\u00a0<\/b><\/span><\/p>\n<p><span style=\"color: #808080;\">La fase d\u2019assessorament \u00e9s obligat\u00f2ria per a tots els aspirants. La funci\u00f3 de l\u2019assessor\/a ser\u00e0 ajudar-te i orientar-te en aquest proc\u00e9s per a qu\u00e8 puguis acreditar una o diverses (en el cas que sigui possible) qualificacions professionals.\u00a0 <b>Comen\u00e7arem amb una reuni\u00f3 virtual i obligat\u00f2ria.<\/b><\/span><\/p>\n<p><span style=\"color: #808080;\"><b>Com sol\u00b7licitar aquesta reuni\u00f3?<\/b><\/span><\/p>\n<p><span style=\"color: #808080;\"><b>Entre el 22 i 26 de febrer,<\/b><b> l<\/b><b>\u2019assessor\/a es posar\u00e0 en contacte amb tu<\/b> per correu electr\u00f2nic i <b>t\u2019indicar\u00e0 els passos a seguir per reservar data i hora de l\u2019entrevista.<\/b><\/span><\/p>\n<p><span style=\"color: #808080;\"><b>Documents obligatoris que haur\u00e0s d&#8217;enviar escanejats a l\u2019assessor\/a:<\/b><\/span><\/p>\n<p>&nbsp;<\/p>\n<ul>\n<li style=\"list-style-type: none;\">\n<ul>\n<li style=\"list-style-type: none;\">\n<ul>\n<li style=\"list-style-type: none;\">\n<ul>\n<li style=\"list-style-type: none;\">\n<ul>\n<li aria-level=\"1\"><span style=\"color: #808080;\"><strong>Dossier<\/strong> de traject\u00f2ria professional impr\u00e8s i omplert en catal\u00e0 o castell\u00e0. <a style=\"color: #808080;\" href=\"https:\/\/agora.xtec.cat\/ins-nauticabcn\/wp-content\/uploads\/usu313\/2021\/02\/Dossier-Traject\u00f2ria_V02_20_bilingue.pdf\">(enlla\u00e7 dossier)<\/a><\/span><\/li>\n<\/ul>\n<\/li>\n<\/ul>\n<\/li>\n<\/ul>\n<\/li>\n<\/ul>\n<\/li>\n<\/ul>\n<ul>\n<li style=\"list-style-type: none;\">\n<ul>\n<li style=\"list-style-type: none;\">\n<ul>\n<li style=\"list-style-type: none;\">\n<ul>\n<li style=\"list-style-type: none;\">\n<ul>\n<li aria-level=\"1\"><span style=\"color: #808080;\"><strong>Q\u00fcestionaris<\/strong> d\u2019autoavaluaci\u00f3 en catal\u00e0 <a style=\"color: #808080;\" href=\"http:\/\/srvcnpbs.xtec.cat\/icqp\/autoaval_form\/\">(enlla\u00e7)<\/a> o castell\u00e0 <a style=\"color: #808080;\" href=\"https:\/\/www.todofp.es\/acreditacion-de-competencias\/espacio-orientadores-asesores-evaluadores\/actividades-fisicas-y-deportivas.html\">(enlla\u00e7)<\/a> (amb el full de Resultat final n\u2019hi ha prou).<\/span><\/li>\n<\/ul>\n<\/li>\n<\/ul>\n<\/li>\n<\/ul>\n<\/li>\n<\/ul>\n<\/li>\n<\/ul>\n<ul>\n<li style=\"list-style-type: none;\">\n<ul>\n<li style=\"list-style-type: none;\">\n<ul>\n<li style=\"list-style-type: none;\">\n<ul>\n<li style=\"list-style-type: none;\">\n<ul>\n<li aria-level=\"1\"><span style=\"color: #808080;\">C\u00f2pia escanejada de documents pendents (en el cas que no els hagis lliurat).<\/span><\/li>\n<\/ul>\n<\/li>\n<\/ul>\n<\/li>\n<\/ul>\n<\/li>\n<\/ul>\n<\/li>\n<\/ul>\n<ul>\n<li style=\"list-style-type: none;\">\n<ul>\n<li style=\"list-style-type: none;\">\n<ul>\n<li style=\"list-style-type: none;\">\n<ul>\n<li style=\"list-style-type: none;\">\n<ul>\n<li aria-level=\"2\"><span style=\"color: #808080;\"><strong>Contractes<\/strong> de feina, de la vida laboral i dels certificats d\u2019empresa.\u00a0 Recorda que en el certificat d\u2019empresa \u00e9s molt important que apareguin amb detall les tasques i hores que has realitzat en l\u2019empresa.<\/span><\/li>\n<\/ul>\n<\/li>\n<\/ul>\n<\/li>\n<\/ul>\n<\/li>\n<\/ul>\n<\/li>\n<\/ul>\n<ul>\n<li style=\"list-style-type: none;\">\n<ul>\n<li style=\"list-style-type: none;\">\n<ul>\n<li style=\"list-style-type: none;\">\n<ul>\n<li style=\"list-style-type: none;\">\n<ul>\n<li aria-level=\"2\"><span style=\"color: #808080;\">Certificats de cursos formaci\u00f3 relacionada amb la teva qualificaci\u00f3 professional. Recorda que \u00e9s molt important que en aquests certificats apareguin les hores i els continguts de cada curs realitzat.<\/span><\/li>\n<\/ul>\n<\/li>\n<\/ul>\n<\/li>\n<\/ul>\n<\/li>\n<\/ul>\n<\/li>\n<\/ul>\n<ul>\n<li style=\"list-style-type: none;\">\n<ul>\n<li style=\"list-style-type: none;\">\n<ul>\n<li style=\"list-style-type: none;\">\n<ul>\n<li style=\"list-style-type: none;\">\n<ul>\n<li aria-level=\"2\"><span style=\"color: #808080;\">El teu <strong>DNI<\/strong>.<\/span><\/li>\n<\/ul>\n<\/li>\n<\/ul>\n<\/li>\n<\/ul>\n<\/li>\n<\/ul>\n<\/li>\n<\/ul>\n<p>&nbsp;<\/p>\n<p><span style=\"color: #808080;\">&#8212;&#8212;&#8212;&#8212;&#8212;&#8212;&#8212;&#8212;&#8212;&#8212;&#8212;&#8212;&#8212;&#8212;&#8212;&#8212;&#8212;&#8212;&#8212;&#8212;&#8212;&#8212;&#8212;&#8212;&#8212;&#8212;&#8212;&#8212;&#8212;&#8212;&#8212;&#8212;&#8212;&#8212;&#8212;&#8212;&#8212;&#8212;&#8212;&#8212;&#8212;&#8212;&#8212;&#8212;&#8212;&#8212;&#8212;&#8212;&#8212;&#8212;&#8212;&#8212;&#8212;&#8212;&#8212;&#8212;&#8212;&#8212;&#8212;&#8212;&#8212;&#8212;&#8212;&#8212;&#8212;&#8212;&#8212;&#8212;&#8212;&#8212;&#8212;&#8212;&#8212;&#8212;&#8212;&#8212;&#8212;&#8212;-<\/span><\/p>\n<p><span style=\"color: #808080;\"><b>12 de febrer &#8211; PUBLICACI\u00d3 DEL LLISTAT PROVISIONAL D\u2019ADMESOS I EXCLOSOS A LA FASE D\u2019ASSESSORAMENT. <\/b>\u00a0Comprova-ho amb el n\u00ba de sol\u00b7licitud d&#8217;inscripci\u00f3 al proc\u00e9s:<\/span><\/p>\n<p><span style=\"color: #808080;\"><a style=\"color: #808080;\" href=\"https:\/\/agora.xtec.cat\/ins-nauticabcn\/wp-content\/uploads\/usu313\/2021\/02\/LLISTAT-PROV-ASS-IOGA_publicar1.pdf\">LLISTA PROVISIONAL D\u2019ADMESOS\/ES I EXCLOSOS\/ES FASE D&#8217;ASSESSORAMENT &#8211; \u00c0MBIT IOGA\u00a0<\/a><\/span><\/p>\n<p><span style=\"color: #808080;\"><a style=\"color: #808080;\" href=\"https:\/\/agora.xtec.cat\/ins-nauticabcn\/wp-content\/uploads\/usu313\/2021\/02\/LLISTAT-PROV-ASS-SOS_publicar.pdf\">LLISTA PROVISIONAL D\u2019ADMESOS\/ES I EXCLOSOS\/ES FASE D&#8217;ASSESSORAMENT &#8211; \u00c0MBIT SALVAMENT I SOCORRISME<\/a><\/span><\/p>\n<p><span style=\"color: #808080;\">En el cas d&#8217;apar\u00e8ixer com a excl\u00f2s\/a <b>teniu els dies 15, 16 I 17 de febrer <\/b>per <b>reclamar. <\/b>Cal que ompliu el Full de Reclamaci\u00f3 <a style=\"color: #808080;\" href=\"https:\/\/agora.xtec.cat\/ins-nauticabcn\/wp-content\/uploads\/usu313\/2021\/02\/Sol\u00b7licitud-de-reclamaci\u00f3-A523_V02_18.pdf\">(enlla\u00e7)<\/a> a l\u2019adre\u00e7a que correspongui segons el vostre \u00e0mbit:<\/span><\/p>\n<p style=\"text-align: center;\"><span style=\"color: #808080;\"><b><i>INB_SOS_Acredita20-21@institutdenautica.barcelona<\/i><\/b><\/span><\/p>\n<p style=\"text-align: center;\"><span style=\"color: #808080;\"><b><i>INB_IOGA_Acredita20-21@institutdenautica.barcelona<\/i><\/b><\/span><\/p>\n<p><span style=\"color: #808080;\"><strong>Properes dates a tenir en compte:<\/strong><\/span><\/p>\n<p><span style=\"color: #808080;\"><b>19 de febrer &#8211; PUBLICACI\u00d3 DEL LLISTAT DEFINITIU D\u2019ADMESOS\/ES I EXCLOSOS\/ES A LA FASE D\u2019ASSESSORAMENT<\/b><\/span><\/p>\n<p><span style=\"color: #808080;\"><b>Del 22 al 26 de mar\u00e7 &#8211; FASE D\u2019ASSESSORAMENT <\/b>(L\u2019assessor\/a es posar\u00e0 en contacte amb vosaltres per tal de programar la primera entrevista)<\/span><\/p>\n<p>&nbsp;<\/p>\n<p><span style=\"color: #808080;\">&#8212;&#8212;&#8212;&#8212;&#8212;&#8212;&#8212;&#8212;&#8212;&#8212;&#8212;&#8212;&#8212;&#8212;&#8212;&#8212;&#8212;&#8212;&#8212;&#8212;&#8212;&#8212;&#8212;&#8212;&#8212;&#8212;&#8212;&#8212;&#8212;&#8212;&#8212;&#8212;&#8212;&#8212;&#8212;&#8212;&#8212;&#8212;&#8212;&#8212;&#8212;&#8212;&#8212;&#8212;&#8212;&#8212;&#8212;&#8212;&#8212;&#8212;&#8212;&#8212;&#8212;&#8212;&#8212;&#8212;&#8212;&#8212;&#8212;&#8212;&#8212;&#8212;&#8212;&#8212;&#8212;&#8212;&#8212;&#8212;&#8212;&#8212;&#8212;&#8212;&#8212;&#8212;&#8212;&#8212;&#8212;&#8212;-<\/span><\/p>\n<p><span style=\"color: #808080;\"><b>Del 4 al 9 de febrer incl\u00f2s- INSCRIPCI\u00d3 A LA FASE D\u2019ASSESSORAMENT<\/b><b>\u00a0<\/b><\/span><\/p>\n<p><span style=\"color: #808080;\"><b>Passos que has de seguir:<\/b><\/span><\/p>\n<ul>\n<li aria-level=\"1\"><span style=\"color: #808080;\">Rebr\u00e0s un <b>correu amb les instruccions<\/b> per inscriure\u2019t i fer el pagament a la Fase d\u2019Assessorament.<\/span><\/li>\n<li aria-level=\"1\"><span style=\"color: #808080;\"><b>Envia&#8217;ns <\/b>el <b>resguard de pagament\u00a0 i documentaci\u00f3 justificativa (en cas de bonificaci\u00f3 o exempci\u00f3)<\/b><b> , a l&#8217;adre\u00e7a (segons \u00e0mbit):<\/b><\/span><\/li>\n<\/ul>\n<p style=\"text-align: center;\"><span style=\"color: #808080;\"><b><i>INB_SOS_Acredita20-21@institutdenautica.barcelona<\/i><\/b><\/span><\/p>\n<p style=\"text-align: center;\"><span style=\"color: #808080;\"><b><i>INB_IOGA_Acredita20-21@institutdenautica.barcelona<\/i><\/b><\/span><\/p>\n<p><span style=\"color: #808080;\"><b>IMPORTANT! Consulteu el Calendari per saber les dates de PUBLICACI\u00d3 DEL LLISTAT PROVISIONAL\u00a0 i de les dates de reclamaci\u00f3<\/b><\/span><\/p>\n<p>&nbsp;<\/p>\n<p><span style=\"color: #808080;\">&#8212;&#8212;&#8212;&#8212;&#8212;&#8212;&#8212;&#8212;&#8212;&#8212;&#8212;&#8212;&#8212;&#8212;&#8212;&#8212;&#8212;&#8212;&#8212;&#8212;&#8212;&#8212;&#8212;&#8212;&#8212;&#8212;&#8212;&#8212;&#8212;&#8212;&#8212;&#8212;&#8212;&#8212;&#8212;&#8212;&#8212;&#8212;&#8212;&#8212;&#8212;&#8212;&#8212;&#8212;&#8212;&#8212;&#8212;&#8212;&#8212;&#8212;&#8212;&#8212;&#8212;&#8212;&#8212;&#8212;&#8212;&#8212;&#8212;&#8212;&#8212;&#8212;&#8212;&#8212;&#8212;&#8212;&#8212;&#8212;&#8212;&#8212;&#8212;&#8212;&#8212;&#8212;&#8212;&#8212;&#8212;&#8212;&#8211;<\/span><\/p>\n<p><span style=\"color: #808080;\"><b>3 de febrer de 2021- REUNI\u00d3 INFORMATIVA SOBRE EL PROC\u00c9S ACREDITA\u2019T 20-21 A L&#8217;INSTITUT DE N\u00c0UTICA DE BARCELONA<\/b><\/span><\/p>\n<p><span style=\"color: #808080;\">Si no vas poder assistir a les reunions informatives o si et queda algun dubte, aqu\u00ed tens disponible tota la informaci\u00f3!<\/span><\/p>\n<ul>\n<li aria-level=\"1\"><span style=\"color: #808080;\"><b>Resum de la informaci\u00f3 (fases, dates, preus, documents,&#8230;) <\/b><a style=\"color: #808080;\" href=\"https:\/\/agora.xtec.cat\/ins-nauticabcn\/wp-content\/uploads\/usu313\/2021\/02\/Sessi\u00f3-informativa-Acreditat_INB_2020-21.pdf\"><strong>Enlla\u00e7 Sessi\u00f3 informativa<\/strong><\/a><\/span><\/li>\n<li aria-level=\"1\"><span style=\"color: #808080;\"><b>Documents per a la FASE D\u2019ASSESSORAMENT<\/b>:<\/span>\n<ul>\n<li aria-level=\"2\"><span style=\"color: #808080;\"><b>Dossier de Traject\u00f2ria Professional <\/b>(cal enviar-lo al teu\/teva assessor\/a en la 1\u00aa reuni\u00f3 d\u2019assessorament) <a style=\"color: #808080;\" href=\"https:\/\/agora.xtec.cat\/ins-nauticabcn\/wp-content\/uploads\/usu313\/2021\/02\/Dossier-Traject\u00f2ria_V02_20_bilingue.pdf\"><strong>Enlla\u00e7 Dossier (biling\u00fce)<\/strong><\/a><\/span><\/li>\n<li aria-level=\"2\"><span style=\"color: #808080;\"><b>Autoavaluacions <\/b>(cal enviar els resultats al teu\/teva assessor\/a en la 1\u00aa reuni\u00f3 d\u2019assessorament)<\/span>\n<ul>\n<li aria-level=\"3\"><span style=\"color: #808080;\"><a style=\"color: #808080;\" href=\"http:\/\/srvcnpbs.xtec.cat\/icqp\/autoaval_form\/\">Versi\u00f3 catal\u00e0<\/a> (al men\u00fa de l\u2019esquerra teniu la pestanya per avaluar les compet\u00e8ncies t\u00e8cniques i les compet\u00e8ncies clau)<\/span><\/li>\n<li aria-level=\"3\"><span style=\"color: #808080;\"><a style=\"color: #808080;\" href=\"https:\/\/www.todofp.es\/acreditacion-de-competencias\/espacio-orientadores-asesores-evaluadores\/actividades-fisicas-y-deportivas.html\">Versi\u00f3n castellano<\/a> (selecciona la UC de tu Cualificaci\u00f3n Profesional)<\/span><\/li>\n<\/ul>\n<\/li>\n<\/ul>\n<\/li>\n<\/ul>\n<p><span style=\"color: #808080;\">&#8212;&#8212;&#8212;&#8212;&#8212;&#8212;&#8212;&#8212;&#8212;&#8212;&#8212;&#8212;&#8212;&#8212;&#8212;&#8212;&#8212;&#8212;&#8212;&#8212;&#8212;&#8212;&#8212;&#8212;&#8212;&#8212;&#8212;&#8212;&#8212;&#8212;&#8212;&#8212;&#8212;&#8212;&#8212;&#8212;&#8212;&#8212;&#8212;&#8212;&#8212;&#8212;&#8212;&#8212;&#8212;&#8212;&#8212;&#8212;&#8212;&#8212;&#8212;&#8212;&#8212;&#8212;&#8212;&#8212;&#8212;&#8212;&#8212;&#8212;&#8212;&#8212;&#8212;&#8212;&#8212;&#8212;&#8212;&#8212;&#8212;&#8212;&#8212;&#8212;&#8212;&#8212;&#8212;&#8212;&#8212;&#8212;&#8212;-<\/span><\/p>\n<p><span style=\"color: #808080;\"><b>ATENCI\u00d3! SESSI\u00d3 INFORMATIVA (aquesta sessi\u00f3 va destinada \u00fanicament als aspirants que en el LLISTAT DEFINITIU DE PREINSCRIPCI\u00d3 (publicat el 17 de desembre), han estat assignats a <\/b><b>l&#8217;Institut<\/b><b> de N\u00e0utica de Barcelona.\u00a0La resta d&#8217;aspirants han d&#8217;estar pendents de la informaci\u00f3 que es publica en la web del centre assignat)<\/b><\/span><\/p>\n<p><span style=\"color: #808080;\">La data de la sessi\u00f3 informativa \u00e9s:<\/span><\/p>\n<p style=\"text-align: center;\"><span style=\"color: #808080;\"><strong>DIMARTS, 2 de FEBRER de 16 a 17.30 hores *<\/strong><\/span><\/p>\n<p style=\"text-align: center;\"><span style=\"color: #808080;\"><strong>DIMECRES, 3 de FEBRER de 9.30 a 11 hores*<\/strong><\/span><\/p>\n<p><span style=\"color: #808080;\"><em>* Aquestes dates es poden veure modificades.\u00a0 Consulteu aquesta web durant la setmana anterior a la reuni\u00f3 per si es produeix algun canvi en la data.<\/em><\/span><\/p>\n<ul style=\"list-style-type: circle;\">\n<li><span style=\"color: #808080;\">Ser\u00e0 una <strong>sessi\u00f3 VIRTUAL.\u00a0<\/strong><\/span><\/li>\n<li><span style=\"color: #808080;\"><strong>Dos dies abans de la data marcada<\/strong> <strong>rebreu, per correu electr\u00f2nic,<\/strong> la convocat\u00f2ria per a un <strong>Meet.<\/strong><\/span><\/li>\n<li><span style=\"color: #808080;\"><strong>Nom\u00e9s heu d&#8217;assistir a UNA de les dues dates de reuni\u00f3<\/strong>.\u00a0 La informaci\u00f3 ser\u00e0 la mateixa en ambdues reunions.<\/span><\/li>\n<li><span style=\"color: #808080;\">En aquesta sessi\u00f3, rebreu informaci\u00f3 sobre:<\/span><\/li>\n<\/ul>\n<p style=\"padding-left: 80px;\"><span style=\"color: #808080;\">\uf0d8 Els calendaris i l\u2019organitzaci\u00f3 de les fases del procediment, i els preus p\u00fablics establerts per la fase d\u2019assessorament i els de l\u2019avaluaci\u00f3.<\/span><br \/>\n<span style=\"color: #808080;\">\uf0d8 El procediment per formalitzar la inscripci\u00f3 a la fase d\u2019assessorament<\/span><br \/>\n<span style=\"color: #808080;\">\uf0d8 Informaci\u00f3 t\u00e8cnica i\/o espec\u00edfica sobre el referent que vols acreditar<\/span><br \/>\n<span style=\"color: #808080;\">compet\u00e8ncies.<\/span><\/p>\n<h6><span style=\"color: #808080;\"><strong>CALENDARI ORIENTATIU DE LES SEG\u00dcENTS FASES DEL PROC\u00c9S ACREDITA&#8217;T (aquestes dates es poden veure modificades)<\/strong><\/span><\/h6>\n<ul style=\"list-style-type: disc;\">\n<li><span style=\"color: #808080;\">\u00a0Febrer &#8211; mar\u00e7: per\u00edode de la fase d&#8217;assessorament.<\/span><\/li>\n<li><span style=\"color: #808080;\">\u00a0Abril &#8211; juny: per\u00edode de la fase d&#8217;avaluaci\u00f3.<\/span><\/li>\n<li><span style=\"color: #808080;\">\u00a0Juny &#8211; juliol: entrega dels certificats<\/span><\/li>\n<\/ul>\n<h5><span style=\"color: #808080;\">&#8212;&#8212;&#8212;&#8212;&#8212;&#8212;&#8212;&#8212;&#8212;&#8212;&#8212;&#8212;&#8212;&#8212;&#8212;&#8212;&#8212;&#8212;&#8212;&#8212;&#8212;&#8212;&#8212;&#8212;&#8212;&#8212;&#8212;&#8212;&#8212;&#8212;&#8212;&#8212;&#8212;&#8212;&#8212;&#8212;-<\/span><\/h5>\n<h5><span style=\"color: #808080;\">17 de desembre de 2020 &#8211; PUBLICACI\u00d3 DELS LLISTATS DEFINITIUS D&#8217;ADMESOS I EXCLOSOS A LA FASE DE PREINSCRIPCI\u00d3 AL PROC\u00c9S ACREDITA&#8217;T.<\/span><\/h5>\n<p><span style=\"color: #808080;\"><strong>ATENCI\u00d3!<\/strong> Tot i haver fet la inscripci\u00f3 a l&#8217;Institut de N\u00e0utica de Barcelona, a causa de l&#8217;elevat nombre de sol\u00b7licituds, l&#8217;ICQP ha ubicat a tots els aspirants acceptats en diferents centres seus. <strong>A partir d&#8217;ara cada aspirant ha d&#8217;estar pendent de les publicacions de la web del centre assignat.<\/strong><\/span><\/p>\n<p><span style=\"color: #808080;\">Consulteu l&#8217;<strong>estat de la vostra sol\u00b7licitud (adm\u00e8s o excl\u00f2s) i el centre on heu estat assignats<\/strong>, amb el codi de la sol\u00b7licitud d&#8217;inscripci\u00f3 al proc\u00e9s.<\/span><\/p>\n<ul style=\"list-style-type: disc;\">\n<li><span style=\"color: #808080;\"><a style=\"color: #808080;\" href=\"https:\/\/agora.xtec.cat\/ins-nauticabcn\/wp-content\/uploads\/usu313\/2020\/12\/Admesos-definitiva.pdf\">Llistat d&#8217;admesos<\/a><\/span><\/li>\n<li><span style=\"color: #808080;\"><a style=\"color: #808080;\" href=\"https:\/\/agora.xtec.cat\/ins-nauticabcn\/wp-content\/uploads\/usu313\/2020\/12\/Exclosos-definitiva.pdf\">Llistat d&#8217;exclosos<\/a><\/span><\/li>\n<\/ul>\n<h5><span style=\"color: #808080;\">&#8212;&#8212;&#8212;&#8212;&#8212;&#8212;&#8212;&#8212;&#8212;&#8212;&#8212;&#8212;&#8212;&#8212;&#8212;&#8212;&#8212;&#8212;&#8212;&#8212;&#8212;&#8212;&#8212;&#8212;&#8212;&#8212;&#8212;&#8212;&#8212;&#8212;&#8212;&#8212;&#8212;&#8212;&#8212;&#8212;&#8211;<\/span><\/h5>\n<h5><span style=\"color: #808080;\"><strong>18 de novembre de 20202 &#8211; PUBLICACI\u00d3 DELS LLISTATS PROVISIONALS D&#8217;ADMESOS I EXCLOSOS A LA FASE DE PREINSCRIPCI\u00d3 AL PROC\u00c9S ACREDITA&#8217;T<\/strong><\/span><\/h5>\n<p><span style=\"color: #808080;\">Consulteu l&#8217;estat de la vostra sol\u00b7licitud (adm\u00e8s o excl\u00f2s) amb el codi de la sol\u00b7licitud d&#8217;inscripci\u00f3 al proc\u00e9s.<\/span><\/p>\n<p><span style=\"color: #808080;\"><strong>\u00c0MBIT SALVAMENT I SOCORRISME:<\/strong><\/span><\/p>\n<ul>\n<li><span style=\"color: #808080;\"><a style=\"color: #808080;\" href=\"https:\/\/agora.xtec.cat\/ins-nauticabcn\/wp-content\/uploads\/usu313\/2020\/11\/C\u00f2pia-de-N\u00e0utica_admesos_salvament-i-socorrisme.pdf\">Llistat d&#8217;admesos<\/a><\/span><\/li>\n<li><span style=\"color: #808080;\"><a style=\"color: #808080;\" href=\"https:\/\/agora.xtec.cat\/ins-nauticabcn\/wp-content\/uploads\/usu313\/2020\/11\/C\u00f2pia-de-N\u00e0utica_Llistes-provisionals_exclosos_SS.pdf\">Llistat d&#8217;exclosos<\/a><\/span><\/li>\n<\/ul>\n<p><span style=\"color: #808080;\"><strong>\u00c0MBIT IOGA:<\/strong><\/span><\/p>\n<ul>\n<li><span style=\"color: #808080;\"><a style=\"color: #808080;\" href=\"https:\/\/agora.xtec.cat\/ins-nauticabcn\/wp-content\/uploads\/usu313\/2020\/11\/C\u00f2pia-de-Nautica_admesos_ioga.pdf\">Llistat d&#8217;admesos<\/a><\/span><\/li>\n<li><span style=\"color: #808080;\"><a style=\"color: #808080;\" href=\"https:\/\/agora.xtec.cat\/ins-nauticabcn\/wp-content\/uploads\/usu313\/2020\/11\/C\u00f2pia-de-N\u00e0utica_Llistes-provisionals_exclosos_Ioga.pdf\">Llistat d&#8217;exclosos<\/a><\/span><\/li>\n<\/ul>\n<p><span style=\"color: #808080;\"><strong>\u00c0MBIT\u00a0 ENSENYAMENT I \u00c0NIMACI\u00d3 SOCIESPORTIVA:<\/strong><\/span><\/p>\n<ul>\n<li><span style=\"color: #808080;\"><a style=\"color: #808080;\" href=\"https:\/\/agora.xtec.cat\/ins-nauticabcn\/wp-content\/uploads\/usu313\/2020\/11\/C\u00f2pia-de-Nautica_admesos_ensenyament-i-animaci\u00f3-socioesportiva.pdf\">Llistat d&#8217;admesos<\/a><\/span><\/li>\n<li><span style=\"color: #808080;\"><a style=\"color: #808080;\" href=\"https:\/\/agora.xtec.cat\/ins-nauticabcn\/wp-content\/uploads\/usu313\/2020\/11\/C\u00f2pia-de-N\u00e0utica_Llistes-provisionals_exclosos_EAS.pdf\">Llistat d&#8217;exclosos<\/a><\/span><\/li>\n<\/ul>\n<h5><span style=\"color: #808080;\"><strong>PRESENTACI\u00d3 D&#8217;AL\u00b7LEGACIONS : <\/strong><\/span><\/h5>\n<p><span style=\"color: #808080;\">Les persones interessades en presentar una al\u00b7legaci\u00f3 disposeu de tres dies h\u00e0bils <strong>a partir del dia seg\u00fcent de la data de publicaci\u00f3 (19, 20 i 23 de novembre)<\/strong><\/span><\/p>\n<p><span style=\"color: #808080;\">Cal aportar la documentaci\u00f3 que escaigui, juntament amb la <a style=\"color: #808080;\" href=\"https:\/\/agora.xtec.cat\/ins-nauticabcn\/wp-content\/uploads\/usu313\/2020\/11\/Sol\u00b7licitud-de-reclamaci\u00f3-A523_V02_18.pdf\">sol\u00b7licitud d&#8217;al\u00b7legaci\u00f3<\/a><\/span><\/p>\n<p><span style=\"color: #808080;\">Les al\u00b7legacions s&#8217;han de <strong>presentar per correu electr\u00f2nic<\/strong> a l&#8217;adre\u00e7a del vostre \u00e0mbit:<\/span><\/p>\n<p><span style=\"color: #808080;\"><b><em>INB_SOS_Acredita20-21@institutdenautica.barcelona<\/em><\/b><\/span><\/p>\n<p><span style=\"color: #808080;\"><b> <em>INB_IOGA_Acredita20-21@institutdenautica.barcelona<\/em><\/b><\/span><\/p>\n<p><span style=\"color: #808080;\"><b> <em>INB_EAS_Acredita20-21@institutdenautica.barcelona<\/em><\/b><\/span><\/p>\n<h5><span style=\"color: #808080;\"><strong>PUBLICACI\u00d3 DELS RESULTATS DEFINITIUS A LA FASE DE PREINSCRIPCI\u00d3<\/strong><\/span><\/h5>\n<p><span style=\"color: #808080;\">La publicaci\u00f3 dels resultats definitius de la fase d&#8217;inscripci\u00f3 ser\u00e0<strong> a partir del 17 de desembre<\/strong>.<\/span><\/p>\n<p><span style=\"color: #808080;\">&#8212;&#8212;&#8212;&#8212;&#8212;&#8212;&#8212;&#8212;&#8212;&#8212;&#8212;&#8212;&#8212;&#8212;&#8212;&#8212;&#8212;&#8212;&#8212;&#8212;&#8212;&#8212;&#8212;&#8212;&#8212;&#8212;&#8212;&#8212;&#8212;&#8212;&#8212;&#8212;&#8212;&#8212;&#8212;&#8212;&#8212;&#8212;&#8212;&#8212;&#8212;&#8212;&#8212;&#8212;&#8212;&#8212;&#8212;&#8212;&#8212;&#8212;&#8212;&#8212;&#8212;&#8212;&#8212;&#8212;&#8212;&#8212;&#8212;&#8212;&#8212;&#8212;&#8212;&#8212;&#8212;&#8212;&#8212;&#8212;&#8212;&#8212;&#8212;&#8212;&#8212;&#8212;-<\/span><\/p>\n<p><span style=\"color: #808080;\"><b>CALENDARI DE PREINSCRIPCI\u00d3 AL PROC\u00c9S ACREDITA\u2019T 20\/21<\/b><\/span><\/p>\n<ul>\n<li style=\"font-weight: 400;\"><span style=\"color: #808080;\"><b>Termini de presentaci\u00f3 de la sol\u00b7licitud de preinscripci\u00f3: de l&#8217;1 al 28 de setembre de 2020<\/b><span style=\"font-weight: 400;\">. <\/span><span style=\"font-weight: 400;\">ATENCI\u00d3! <\/span><span style=\"font-weight: 400;\">Cada persona pot presentar la preinscripci\u00f3 per a un \u00e0mbit. La presentaci\u00f3 de la preinscripci\u00f3 per m\u00e9s d&#8217;un \u00e0mbit, comporta l&#8217;anul\u00b7laci\u00f3 de totes les sol\u00b7licituds presentades per la mateixa persona.<\/span><\/span><\/li>\n<li style=\"font-weight: 400;\"><span style=\"color: #808080;\"><b>Termini d&#8217;enviament de la documentaci\u00f3 justificativa al centre seleccionat en primera opci\u00f3: del 3 al 30 de setembre de 2020<\/b><span style=\"font-weight: 400;\"> (ambd\u00f3s inclosos). Cal enviar <\/span><span style=\"font-weight: 400;\">el resguard de la sol\u00b7licitud i la documentaci\u00f3 justificativa de les dades al\u00b7legades a la sol\u00b7licitud telem\u00e0tica. <\/span><span style=\"font-weight: 400;\">Aquesta documentaci\u00f3 es presentar\u00e0 mitjan\u00e7ant correu electr\u00f2nic, un cop escanejada, al centre escollit en primera opci\u00f3.\u00a0<\/span><\/span><\/li>\n<li style=\"font-weight: 400;\"><span style=\"color: #808080;\"><span style=\"font-weight: 400;\">Les persones admeses hauran de <\/span><b>presentar els documents originals<\/b><span style=\"font-weight: 400;\"> quan el centre ho requereixi.<\/span><\/span><\/li>\n<li style=\"font-weight: 400;\"><span style=\"color: #808080;\"><b>AV\u00cdS! La Publicaci\u00f3 dels resultats provisionals<\/b><span style=\"font-weight: 400;\"><strong> d&#8217;admesos, en llista d&#8217;espera, i exclosos<\/strong> de la preinscripci\u00f3: <\/span><strong>al llarg del dia 18 de novembre de 2020.<\/strong><\/span><\/li>\n<li style=\"font-weight: 400;\"><span style=\"color: #808080;\"><span style=\"font-weight: 400;\">Termini de<\/span><b> reclamacions: tres dies h\u00e0bils,<\/b><span style=\"font-weight: 400;\"> a partir de l&#8217;endem\u00e0 de la publicaci\u00f3 del resultat provisional de la preinscripci\u00f3.<\/span><\/span><\/li>\n<li style=\"font-weight: 400;\"><span style=\"color: #808080;\"><b>Publicaci\u00f3 dels resultats definitius<\/b><span style=\"font-weight: 400;\"> d&#8217;admesos, en llista d&#8217;espera, i exclosos de la preinscripci\u00f3: <\/span><b>a partir del 17 de desembre<\/b><span style=\"font-weight: 400;\">.<\/span><\/span><\/li>\n<\/ul>\n<p><span style=\"color: #808080;\"><b>INFORMACI\u00d3 \u00c0MBITS CONVOCATS A L\u2019INB<\/b><\/span><\/p>\n<p><span style=\"font-weight: 400; color: #808080;\">A l&#8217;Institut de N\u00e0utica s\u2019hi\u00a0 pot presentar tothom qui vulgui obtenir una acreditaci\u00f3 oficial en algun dels seg\u00fcents \u00e0mbits:<\/span><\/p>\n<ul>\n<li style=\"font-weight: 400;\"><span style=\"color: #808080;\"><b>\u00c0mbit de Salvament i Socorrisme, oferim 30 places<\/b><b> (m\u00e9s informaci\u00f3 <a style=\"color: #808080;\" href=\"https:\/\/agora.xtec.cat\/ins-nauticabcn\/wp-content\/uploads\/usu313\/2020\/07\/Salvament_Socorrisme_Aspirant.pdf\">consulta aqu\u00ed<\/a><\/b><b>), si tens m\u00e9s dubtes ens pots escriure a l&#8217;adre\u00e7a <em>INB_SOS_Acredita20-21@institutdenautica.barcelona\u00a0<\/em>i et contestarem a partir de l&#8217;1 de setembre<\/b><\/span><\/li>\n<li style=\"font-weight: 400;\"><span style=\"color: #808080;\"><b>\u00c0mbit de Condicionament F\u00edsic (Instructor en Ioga), oferim 30 places <\/b><b>\u00a0(m\u00e9s informaci\u00f3 <a style=\"color: #808080;\" href=\"https:\/\/agora.xtec.cat\/ins-nauticabcn\/wp-content\/uploads\/usu313\/2020\/07\/Ioga_Aspirant.pdf\">consulta aqu\u00ed<\/a><\/b><b>), si tens m\u00e9s dubtes ens pots escriure a l&#8217;adre\u00e7a <em>INB_IOGA_Acredita20-21@institutdenautica.barcelona <\/em>i et contestarem a partir de l&#8217;1 de setembre<\/b><\/span><\/li>\n<li style=\"font-weight: 400;\"><span style=\"color: #808080;\"><b>\u00c0mbit Animaci\u00f3 Socioesportiva, oferim 10 places <\/b><b>(m\u00e9s informaci\u00f3 <a style=\"color: #808080;\" href=\"https:\/\/agora.xtec.cat\/ins-nauticabcn\/wp-content\/uploads\/usu313\/2020\/07\/Ensenyament_Animacio_Socioesportiva_Aspirant.pdf\">consulta aqu\u00ed<\/a><\/b><b>), si tens m\u00e9s dubtes ens pots escriure a l&#8217;adre\u00e7a <em>INB_EAS_Acredita20-21@institutdenautica.barcelona <\/em>i et contestarem a partir de l&#8217;1 de setembre<\/b><\/span><\/li>\n<\/ul>\n<p><span style=\"color: #808080;\"><b>INFORMACI\u00d3 PROCEDIMENT DE PREINSCRIPCI\u00d3<\/b><\/span><\/p>\n<p><span style=\"color: #808080;\"><span style=\"font-weight: 400;\">Per participar-hi cal emplenar telem\u00e0ticament la sol\u00b7licitud de preinscripci\u00f3 (<\/span><a style=\"color: #808080;\" href=\"https:\/\/web.gencat.cat\/ca\/tramits\/tramits-temes\/4243_Acreditat-00001.html?moda=1\"><span style=\"font-weight: 400;\">aqu\u00ed<\/span><\/a><span style=\"font-weight: 400;\">) <\/span><b>i enviar<\/b> <b>per correu electr\u00f2nic (<\/b>a l&#8217;adre\u00e7a que correspongui de les que tens m\u00e9s amunt<b>):<\/b><\/span><\/p>\n<ul>\n<li><span style=\"color: #808080;\"><strong>La sol\u00b7licitud de preinscripci\u00f3<\/strong><\/span><\/li>\n<li><span style=\"color: #808080;\"><b>El document Presentaci\u00f3 de la documentaci\u00f3 justificativa <\/b>(el teniu en aquest enlla\u00e7, <a style=\"color: #808080;\" href=\"https:\/\/agora.xtec.cat\/ins-nauticabcn\/wp-content\/uploads\/usu313\/2020\/09\/documentacio_justificativa-1.pdf\">aqu\u00ed<\/a>).<\/span><\/li>\n<li><span style=\"color: #808080;\"><b>La documentaci\u00f3<\/b> <b>justificativa<\/b><span style=\"font-weight: 400;\"> dels requisits de participaci\u00f3, un cop escanejada, al centre escollit (consulta centres <\/span><a style=\"color: #808080;\" href=\"http:\/\/acreditat.gencat.cat\/ca\/aacp-202007\/instituts-places\/\"><span style=\"font-weight: 400;\">aqu\u00ed<\/span><\/a><span style=\"font-weight: 400;\">). Les persones admeses hauran de presentar els documents originals quan el centre ho requereixi.<\/span><\/span><\/li>\n<\/ul>\n<p><span style=\"color: #808080;\"><b>PER A M\u00c9S INFORMACI\u00d3<\/b><\/span><\/p>\n<p><span style=\"color: #808080;\"><span style=\"font-weight: 400;\">La informaci\u00f3 detallada sobre els \u00e0mbits, les places que es convoquen i els centres on es du a terme el procediment es pot consultar al web Acreditat i als punts d&#8217;informaci\u00f3 i orientaci\u00f3 (<\/span><a style=\"color: #808080;\" href=\"http:\/\/acreditat.gencat.cat\/ca\/index.html\"><span style=\"font-weight: 400;\">aqu\u00ed<\/span><\/a><span style=\"font-weight: 400;\">).<\/span><\/span><\/p>\n<p><span style=\"color: #808080;\">&#8212;&#8212;&#8212;&#8212;&#8212;&#8212;&#8212;&#8212;&#8212;&#8212;&#8212;&#8212;&#8212;&#8212;&#8212;&#8212;&#8212;&#8212;&#8212;&#8212;&#8212;&#8212;&#8212;&#8212;&#8212;&#8212;&#8212;&#8212;&#8212;&#8212;&#8212;&#8212;&#8212;&#8212;&#8212;&#8212;&#8212;&#8212;&#8212;&#8212;&#8212;&#8212;&#8212;&#8212;&#8212;&#8212;&#8212;&#8212;&#8212;&#8212;&#8212;&#8212;&#8212;&#8212;&#8212;&#8212;&#8212;&#8212;&#8212;&#8212;&#8212;&#8212;<\/span><\/p>\n<h4><span style=\"color: #808080;\"><strong>INFORMACI\u00d3 PER ALS ASPIRANTS DEL PROC\u00c9S ACREDITA\u2019T 19\/20<\/strong><\/span><\/h4>\n<h5><span style=\"color: #808080;\"><strong>Inscripci\u00f3 al ROPEC<\/strong><\/span><\/h5>\n<p><span style=\"color: #808080;\">Una vegada tingueu el<strong>\u00a0Certificat d\u2019Unitats de Compet\u00e8ncia<\/strong>\u00a0(amb totes les UCs d\u2019una Qualificaci\u00f3 demostrades) podeu fer la\u00a0<strong>sol\u00b7licitud de registre al ROPEC (via telem\u00e0tica)<\/strong>.\u00a0<a style=\"color: #808080;\" href=\"https:\/\/agora.xtec.cat\/ins-nauticabcn\/wp-content\/uploads\/usu313\/2020\/07\/8461_01_infografia_ROPEC.pdf\" target=\"_blank\" rel=\"noopener noreferrer\" data-saferedirecturl=\"https:\/\/www.google.com\/url?q=https:\/\/agora.xtec.cat\/ins-nauticabcn\/wp-content\/uploads\/usu313\/2020\/07\/8461_01_infografia_ROPEC.pdf&amp;source=gmail&amp;ust=1601458623003000&amp;usg=AFQjCNHZVOo614melgMhl6Zo306__kXWmA\">+info<\/a><\/span><\/p>\n<h5><span style=\"color: #808080;\"><strong>Sol\u00b7licitud del Certificat de Professionalitat al SOC<\/strong><\/span><\/h5>\n<p><span style=\"color: #808080;\">Per als qui esteu interessats, i \u00e9s molt recomanable per a les persones <strong>Acreditades en Ioga<\/strong>, sol\u00b7liciteu tamb\u00e9 el\u00a0<strong>Certificat de Professionalitat al SOC<\/strong>.\u00a0<a style=\"color: #808080;\" href=\"https:\/\/agora.xtec.cat\/ins-nauticabcn\/wp-content\/uploads\/usu313\/2020\/07\/Com-sol%C2%B7licitar-Certificat-professionalitat_SOC.pdf\" target=\"_blank\" rel=\"noopener noreferrer\" data-saferedirecturl=\"https:\/\/www.google.com\/url?q=https:\/\/agora.xtec.cat\/ins-nauticabcn\/wp-content\/uploads\/usu313\/2020\/07\/Com-sol%25C2%25B7licitar-Certificat-professionalitat_SOC.pdf&amp;source=gmail&amp;ust=1601458623003000&amp;usg=AFQjCNFpwV2xSpq9UmL2FdATA0_9dHzKWg\">+info<\/a><\/span><\/p>\n<p>&nbsp;<\/p>\n<p>&nbsp;<\/p>\n<p>&nbsp;<\/p>\n<p>&nbsp;<\/p>\n<p>&nbsp;<\/p>\n<p>&nbsp;<\/p>\n<p>&nbsp;<\/p>\n<p>&nbsp;<\/p>\n<p>&nbsp;<\/p>\n<p>&nbsp;<\/p>\n","protected":false},"excerpt":{"rendered":"<p>\n&nbsp;<br \/>\n&nbsp;<br \/>\nINFORMACI\u00d3 PROC\u00c9S ACREDITA\u2019T\u00a0 \u00a0 \u00a0 \u00a0 \u00a0 \u00a0 \u00a0 \u00a0 \u00a0 \u00a0 \u00a0 \u00a0 \u00a0\u00a0<br \/>\nPer consultar informaci\u00f3 sobre NOVES CONVOCAT\u00d2RIES del proc\u00e9s Acredita&#8217;t consulta <a href=\"http:\/\/acreditat.gencat.cat\/ca\/convocatories\/\">aqu\u00ed.<\/a><br \/>\n_________________________________________________________________________________________________________________________________________________________________________________________________<\/p>\n<p>EN RELACI\u00d3 AL PROC\u00c9S ACREDITA&#8217;T 20-21<br \/>\nInscripci\u00f3 al ROPEC i SOC<br \/>\nAmb el Certificat d&#8217;Unitats de Compet\u00e8ncia (recordeu: amb totes les&hellip;  <a href=\"https:\/\/agora.xtec.cat\/ins-nauticabcn\/serveis\/proces-acreditat\/\" title=\"Read Proc\u00e9s Acredita&#8217;t\">Llegeix m\u00e9s\u00bb<\/a><\/p>\n","protected":false},"author":1,"featured_media":0,"parent":63,"menu_order":4,"comment_status":"closed","ping_status":"closed","template":"page-templates\/side-menu.php","meta":{"_bbp_topic_count":0,"_bbp_reply_count":0,"_bbp_total_topic_count":0,"_bbp_total_reply_count":0,"_bbp_voice_count":0,"_bbp_anonymous_reply_count":0,"_bbp_topic_count_hidden":0,"_bbp_reply_count_hidden":0,"_bbp_forum_subforum_count":0,"footnotes":""},"class_list":["post-2705","page","type-page","status-publish","hentry"],"post_mailing_queue_ids":[],"_links":{"self":[{"href":"https:\/\/agora.xtec.cat\/ins-nauticabcn\/wp-json\/wp\/v2\/pages\/2705","targetHints":{"allow":["GET"]}}],"collection":[{"href":"https:\/\/agora.xtec.cat\/ins-nauticabcn\/wp-json\/wp\/v2\/pages"}],"about":[{"href":"https:\/\/agora.xtec.cat\/ins-nauticabcn\/wp-json\/wp\/v2\/types\/page"}],"author":[{"embeddable":true,"href":"https:\/\/agora.xtec.cat\/ins-nauticabcn\/wp-json\/wp\/v2\/users\/1"}],"replies":[{"embeddable":true,"href":"https:\/\/agora.xtec.cat\/ins-nauticabcn\/wp-json\/wp\/v2\/comments?post=2705"}],"version-history":[{"count":3,"href":"https:\/\/agora.xtec.cat\/ins-nauticabcn\/wp-json\/wp\/v2\/pages\/2705\/revisions"}],"predecessor-version":[{"id":5529,"href":"https:\/\/agora.xtec.cat\/ins-nauticabcn\/wp-json\/wp\/v2\/pages\/2705\/revisions\/5529"}],"up":[{"embeddable":true,"href":"https:\/\/agora.xtec.cat\/ins-nauticabcn\/wp-json\/wp\/v2\/pages\/63"}],"wp:attachment":[{"href":"https:\/\/agora.xtec.cat\/ins-nauticabcn\/wp-json\/wp\/v2\/media?parent=2705"}],"curies":[{"name":"wp","href":"https:\/\/api.w.org\/{rel}","templated":true}]}}