{"id":2657,"date":"2018-10-18T13:51:31","date_gmt":"2018-10-18T11:51:31","guid":{"rendered":"http:\/\/agora.xtec.cat\/ins-nauticabcn\/?page_id=2657"},"modified":"2026-04-10T09:43:03","modified_gmt":"2026-04-10T07:43:03","slug":"estades-a-lestranger","status":"publish","type":"page","link":"https:\/\/agora.xtec.cat\/ins-nauticabcn\/serveis\/programes-europeus\/estades-a-lestranger\/","title":{"rendered":"Estades a l&#8217;estranger"},"content":{"rendered":"<h4>Estades a l&#8217;estranger<\/h4>\n<p>L\u2019alumnat de l\u2019Institut de N\u00e0utica de Barcelona poden optar a fer una estada a l\u2019estranger per fer les pr\u00e0ctiques a empreses. Tindran el reconeixement autom\u00e0tic dels cr\u00e8dits associats al m\u00f2dul de pr\u00e0ctiques d\u2019estada a l\u2019empresa del curr\u00edculum de la seva especialitat.<\/p>\n<p>Per aprofitar al m\u00e0xim l\u2019estada a l\u2019estranger, tots l\u2019alumnat haur\u00e0 de tenir un nivell m\u00ednim d\u2019angl\u00e8s, i superar una prova espec\u00edfica.<br \/>\nAl Departament de programes europeus es pot trobar tota la informaci\u00f3 i orientaci\u00f3 que es necessita per poder demanar aquesta estada i requisits. Aquest departament treballa conjuntament amb tot el professorat per ajudar a millorar el nivell angl\u00e8s dels alumnes (tan a nivell general com de cada especialitat).<\/p>\n<p>El departament de programes europeus tamb\u00e9 s\u2019encarrega de promoure la mobilitat del professorat per participar en cursos o tallers i despr\u00e9s compartir les seves experi\u00e8ncies amb la resta de la<br \/>\ncomunitat educativa.<\/p>\n<p><strong>Informaci\u00f3 important relacionada amb el projecte Erasmus+:<\/strong><\/p>\n<p><a href=\"https:\/\/agora.xtec.cat\/ins-nauticabcn\/wp-content\/uploads\/usu313\/2025\/12\/01-Que-es-erasmus-v2_CAT.pdf\" target=\"_blank\" rel=\"noopener\">Qu\u00e8 \u00e9s Erasmus+<\/a><\/p>\n<p><a href=\"https:\/\/agora.xtec.cat\/ins-nauticabcn\/wp-content\/uploads\/usu313\/2025\/12\/02-FAQs_CAT.pdf\" target=\"_blank\" rel=\"noopener\">FAQs<\/a><\/p>\n<p><a href=\"https:\/\/agora.xtec.cat\/ins-nauticabcn\/wp-content\/uploads\/usu313\/2024\/12\/03-Informacio-Candidats-v2-Catala.pdf\" target=\"_blank\" rel=\"noopener\">Informaci\u00f3 Candidats<\/a><\/p>\n<p><a href=\"https:\/\/agora.xtec.cat\/ins-nauticabcn\/wp-content\/uploads\/usu313\/2025\/12\/04-convocatories-v7_desembre_CURS-25_26.docx-Documents-de-Google.pdf\" target=\"_blank\" rel=\"noopener\">Convocat\u00f2ries Projecte Erasmus +. Convocat\u00f2ria Desembre<\/a><\/p>\n<p><span style=\"color: #ff6600;\">10\/04\/2026 <strong>NOVETAT<\/strong> !!<\/span> <a href=\"https:\/\/agora.xtec.cat\/ins-nauticabcn\/wp-content\/uploads\/usu313\/2026\/04\/Erasmus-Abril-2026-v.3.pdf\" target=\"_blank\" rel=\"noopener\">Convocat\u00f2ries Projecte Erasmus +. Convocat\u00f2ria Abril<\/a><\/p>\n<p>Pots trobar la sol\u00b7licitud de l&#8217;alumne\/a per participar en el Projecte Erasmus + aqu\u00ed &#8211; <em>Formulari tancat<\/em><\/p>\n<p><strong>Per qualsevol consulta respecte als programes europeus, beques o ajudes us podeu adre\u00e7ar al Departament de Programes europeus:<\/strong><\/p>\n<p><strong><em>\u00a0 \u00a0 \u00a0 Institut de N\u00e0utica de Barcelona. C\/ de l\u2019escar 6-8, planta baixa<\/em><\/strong><\/p>\n<p><strong><em>\u00a0 \u00a0\u00a0\u00a0 Oscar Vi\u00f1es Estebanell<br \/>\n<\/em><\/strong><\/p>\n<p><strong><em>\u00a0 \u00a0 \u00a0 Email: mobilityprograms@<wbr \/>institutdenautica.barcelona<\/em><\/strong><\/p>\n<p><a href=\"https:\/\/agora.xtec.cat\/ins-nauticabcn\/wp-content\/uploads\/usu313\/2020\/12\/Projectes-realitzats-ERASMUS.pdf\">Projectes realitzats<\/a><\/p>\n<p><a href=\"https:\/\/agora.xtec.cat\/ins-nauticabcn\/categoria\/erasmus\/\">Mobilitats fetes<\/a><\/p>\n<p><img loading=\"lazy\" decoding=\"async\" class=\"aligncenter size-full wp-image-5906\" src=\"https:\/\/agora.xtec.cat\/ins-nauticabcn\/wp-content\/uploads\/usu313\/2022\/03\/logo-ERASMUS-NOU3.png\" alt=\"\" width=\"421\" height=\"120\" srcset=\"https:\/\/agora.xtec.cat\/ins-nauticabcn\/wp-content\/uploads\/usu313\/2022\/03\/logo-ERASMUS-NOU3.png 421w, https:\/\/agora.xtec.cat\/ins-nauticabcn\/wp-content\/uploads\/usu313\/2022\/03\/logo-ERASMUS-NOU3-300x86.png 300w\" sizes=\"auto, (max-width: 421px) 100vw, 421px\" \/><\/p>\n","protected":false},"excerpt":{"rendered":"<p>Estades a l&#8217;estranger<br \/>\nL\u2019alumnat de l\u2019Institut de N\u00e0utica de Barcelona poden optar a fer una estada a l\u2019estranger per fer les pr\u00e0ctiques a empreses. Tindran el reconeixement autom\u00e0tic dels cr\u00e8dits associats al m\u00f2dul de pr\u00e0ctiques d\u2019estada a l\u2019empresa del curr\u00edculum de la seva especialitat.<br \/>\nPer aprofitar al&hellip;  <a href=\"https:\/\/agora.xtec.cat\/ins-nauticabcn\/serveis\/programes-europeus\/estades-a-lestranger\/\" title=\"Read Estades a l&#8217;estranger\">Llegeix m\u00e9s\u00bb<\/a><\/p>\n","protected":false},"author":1,"featured_media":0,"parent":814,"menu_order":0,"comment_status":"closed","ping_status":"closed","template":"","meta":{"_bbp_topic_count":0,"_bbp_reply_count":0,"_bbp_total_topic_count":0,"_bbp_total_reply_count":0,"_bbp_voice_count":0,"_bbp_anonymous_reply_count":0,"_bbp_topic_count_hidden":0,"_bbp_reply_count_hidden":0,"_bbp_forum_subforum_count":0,"footnotes":""},"class_list":["post-2657","page","type-page","status-publish","hentry"],"post_mailing_queue_ids":[],"_links":{"self":[{"href":"https:\/\/agora.xtec.cat\/ins-nauticabcn\/wp-json\/wp\/v2\/pages\/2657","targetHints":{"allow":["GET"]}}],"collection":[{"href":"https:\/\/agora.xtec.cat\/ins-nauticabcn\/wp-json\/wp\/v2\/pages"}],"about":[{"href":"https:\/\/agora.xtec.cat\/ins-nauticabcn\/wp-json\/wp\/v2\/types\/page"}],"author":[{"embeddable":true,"href":"https:\/\/agora.xtec.cat\/ins-nauticabcn\/wp-json\/wp\/v2\/users\/1"}],"replies":[{"embeddable":true,"href":"https:\/\/agora.xtec.cat\/ins-nauticabcn\/wp-json\/wp\/v2\/comments?post=2657"}],"version-history":[{"count":7,"href":"https:\/\/agora.xtec.cat\/ins-nauticabcn\/wp-json\/wp\/v2\/pages\/2657\/revisions"}],"predecessor-version":[{"id":10521,"href":"https:\/\/agora.xtec.cat\/ins-nauticabcn\/wp-json\/wp\/v2\/pages\/2657\/revisions\/10521"}],"up":[{"embeddable":true,"href":"https:\/\/agora.xtec.cat\/ins-nauticabcn\/wp-json\/wp\/v2\/pages\/814"}],"wp:attachment":[{"href":"https:\/\/agora.xtec.cat\/ins-nauticabcn\/wp-json\/wp\/v2\/media?parent=2657"}],"curies":[{"name":"wp","href":"https:\/\/api.w.org\/{rel}","templated":true}]}}