{"id":10192,"date":"2025-11-26T09:11:03","date_gmt":"2025-11-26T08:11:03","guid":{"rendered":"https:\/\/agora.xtec.cat\/ins-nauticabcn\/?page_id=10192"},"modified":"2025-12-01T10:45:52","modified_gmt":"2025-12-01T09:45:52","slug":"llei-de-proteccio-de-dades","status":"publish","type":"page","link":"https:\/\/agora.xtec.cat\/ins-nauticabcn\/transparencia-de-centre\/llei-de-proteccio-de-dades\/","title":{"rendered":"Llei de protecci\u00f3 de dades"},"content":{"rendered":"<h3><span style=\"color: #00ccff;\">Llei de protecci\u00f3 de dades<\/span><\/h3>\n<h3><span style=\"color: #00ccff;\">Qui \u00e9s el responsable del tractament de les seves dades personals?<\/span><\/h3>\n<ul>\n<li aria-level=\"2\"><b>Responsable del tractament<\/b>: Institut de N\u00e0utica de Barcelona<\/li>\n<li aria-level=\"2\"><b>CIF<\/b>: S-08005071-B<\/li>\n<li aria-level=\"2\"><b>Adre\u00e7a postal:<\/b> C\/Escar 6-8\u00a0 \u2013 Edifici SEU \u2013 08039 Barcelona<\/li>\n<li aria-level=\"2\"><b>Adre\u00e7a electr\u00f2nica<\/b>: a8074847<span class=\"atwho-query\">@xt<\/span>ec.cat<\/li>\n<li aria-level=\"2\"><b>Tel\u00e8fon<\/b>: 93 8846074<\/li>\n<\/ul>\n<h4><span style=\"color: #00ccff;\">Amb quina finalitat tractem les seves dades personals?<\/span><\/h4>\n<ul>\n<li aria-level=\"1\">Realitzar la gesti\u00f3 acad\u00e8mica.<\/li>\n<li aria-level=\"1\">Controlar i gestionar els usuaris i els serveis que es presten.<\/li>\n<li aria-level=\"1\">Difondre i promoure els serveis i activitats del centre.<\/li>\n<li aria-level=\"1\">Contactar amb els usuaris i obtenir l&#8217;opini\u00f3, la qualitat i les caracter\u00edstiques dels serveis prestats.<\/li>\n<li aria-level=\"1\">Explotar les dades amb finalitats d&#8217;estudi i estad\u00edstica.<\/li>\n<li aria-level=\"1\">Captar, gravar, transmetre, conservar i emmagatzemar les imatges de les persones que accedeixen als espais comuns del centre per garantir la seva seguretat i la dels seus b\u00e9ns.<\/li>\n<\/ul>\n<h4><span style=\"color: #00ccff;\">\u00c9s obligatori proporcionar tota la informaci\u00f3 sol\u00b7licitada en els formularis de la p\u00e0gina web?<\/span><\/h4>\n<p>\u00c9s possible que en els formularis de la nostra p\u00e0gina web se us sol\u00b7licitin determinades dades personals per poder processar la vostra sol\u00b7licitud o consulta. L\u2019omissi\u00f3 de determinades dades pot comportar que no puguem atendre adequadament la vostra sol\u00b7licitud o que aquesta no pugui ser tramitada.<\/p>\n<p>En qualsevol cas, en els formularis de recollida de dades estar\u00e0 indicat quines dades s\u00f3n obligat\u00f2ries i quines s\u00f3n opcionals. Si no proporcioneu les dades obligat\u00f2ries o ho feu de manera inexacta, l\u2019Institut de N\u00e0utica de Barcelona, no podr\u00e0 tramitar correctament la vostra petici\u00f3 i, en conseq\u00fc\u00e8ncia, el centre no ser\u00e0 responsable de cap manera per la no prestaci\u00f3 o la prestaci\u00f3 incompleta dels serveis sol\u00b7licitats. Per tant, heu de garantir que les dades que ens faciliteu s\u00f3n veraces i estan actualitzades en tot moment.<\/p>\n<h4><span style=\"color: #00ccff;\">Quant de temps conservarem les seves dades personals?<\/span><\/h4>\n<p>Les dades personals es conservaran mentre duri la finalitat per la qual van ser prestades i no se sol\u00b7liciti la seva supressi\u00f3 o revocaci\u00f3.<\/p>\n<h4><span style=\"color: #00ccff;\">Quina \u00e9s la legitimaci\u00f3 pel tractament de les seves dades personals?<\/span><\/h4>\n<p>La base legal pel tractament de les seves dades \u00e9s el consentiment prestat mitjan\u00e7ant l\u2019acceptaci\u00f3 de la cl\u00e0usula de tractament de dades.<\/p>\n<h4><span style=\"color: #00ccff;\">A quins destinataris es comunicaran les seves dades?<\/span><\/h4>\n<p>No se cediran dades a tercers, excepte obligaci\u00f3 legal. En cas de tenir intenci\u00f3 de fer-ho, es recavaria primer l\u2019autoritzaci\u00f3 de les persones afectades.<\/p>\n<h4><span style=\"color: #00ccff;\">Quins son els seus drets en relaci\u00f3 amb les seves dades personals?<\/span><\/h4>\n<p>La persona interessada pot exercir el dret d\u2019acc\u00e9s a les seves dades personals, aix\u00ed com sol\u00b7licitar la rectificaci\u00f3 de les dades inexactes o, si escau, sol\u00b7licitar la seva supressi\u00f3 quan les dades ja no siguin necess\u00e0ries per a les finalitats que van ser recollides. Tamb\u00e9 podr\u00e0 sol\u00b7licitar la limitaci\u00f3, portabilitat i oposici\u00f3 del tractament de les seves dades en determinades circumst\u00e0ncies i per motius relacionats amb la seva situaci\u00f3 particular. Igualment, t\u00e9 el dret a revocar el seu consentiment en qualsevol moment sense que aix\u00f2 afecti de manera retroactiva al tractament de dades personals realitzat fins al moment.<\/p>\n<p>Aquesta persona podr\u00e0 exercir els seus drets referits al par\u00e0graf anterior, en els termes i condicions previstes a la legislaci\u00f3 vigent, a trav\u00e9s d\u2019una sol\u00b7licitud en suport paper al domicili fiscal de l\u2019Institut de N\u00e0utica de Barcelona.<\/p>\n<p><i>En el sup\u00f2sit que no obtingui una resposta satisfact\u00f2ria o desitgi formular una reclamaci\u00f3 o obtenir m\u00e9s informaci\u00f3 respecte a qualsevol d\u2019aquests drets, pot acudir a l\u2019<\/i><a href=\"https:\/\/apdcat.gencat.cat\/ca\/inici\"><i>Autoritat Catalana de Protecci\u00f3 de Dades<\/i><\/a><i>.<\/i><\/p>\n<h4><span style=\"color: #00ccff;\">Quines mesures de seguretat t\u00e9 implementades l\u2019entitat?<\/span><\/h4>\n<p>L\u2019Institut de N\u00e0utica de Barcelona informa que t\u00e9 implantades les mesures d\u2019informaci\u00f3 de seguretat t\u00e8cnica i organitzatives necess\u00e0ries per garantir la seguretat de les dades de car\u00e0cter personal de la persona usu\u00e0ria i evitar la seva alteraci\u00f3, p\u00e8rdua, tractament i\/o acc\u00e9s no autoritzat amb l\u2019estat de la tecnologia, la naturalesa de les dades emmagatzemades i els riscos que estan exposats, tant si provenen de l\u2019acci\u00f3 humana o del medi f\u00edsic o natural, de conformitat amb el que preveu la normativa vigent.<\/p>\n<h5><span style=\"color: #00ccff;\">Informaci\u00f3 addicional sobre el tractament de protecci\u00f3 de dades<\/span><\/h5>\n<ul>\n<li aria-level=\"2\"><a href=\"https:\/\/educacio.gencat.cat\/ca\/departament\/proteccio-dades\/informacio-addicional-tractaments\/llista-responsables\/\">Departament d\u2019Educaci\u00f3<\/a><\/li>\n<li aria-level=\"2\"><a href=\"https:\/\/www.edubcn.cat\/ca\/el_consorci\/proteccio_de_dades_personals\">Consorci d\u2019Educaci\u00f3 de Barcelona<\/a><\/li>\n<\/ul>\n","protected":false},"excerpt":{"rendered":"<p>Llei de protecci\u00f3 de dades<br \/>\nQui \u00e9s el responsable del tractament de les seves dades personals?<\/p>\n<ul>\n<li aria-level=\"2\">Responsable del tractament: Institut de N\u00e0utica de Barcelona<\/li>\n<li aria-level=\"2\">CIF: S-08005071-B<\/li>\n<li aria-level=\"2\">Adre\u00e7a postal: C\/Escar 6-8\u00a0 \u2013 Edifici SEU \u2013 08039 Barcelona<\/li>\n<li aria-level=\"2\">Adre\u00e7a electr\u00f2nica: a8074847@xtec.cat<\/li>\n<li aria-level=\"2\">Tel\u00e8fon: 93 8846074<\/li>\n<\/ul>\n<p>Amb quina finalitat tractem les&hellip;  <a href=\"https:\/\/agora.xtec.cat\/ins-nauticabcn\/transparencia-de-centre\/llei-de-proteccio-de-dades\/\" title=\"Read Llei de protecci\u00f3 de dades\">Llegeix m\u00e9s\u00bb<\/a><\/p>\n","protected":false},"author":1,"featured_media":0,"parent":9920,"menu_order":0,"comment_status":"closed","ping_status":"closed","template":"","meta":{"_bbp_topic_count":0,"_bbp_reply_count":0,"_bbp_total_topic_count":0,"_bbp_total_reply_count":0,"_bbp_voice_count":0,"_bbp_anonymous_reply_count":0,"_bbp_topic_count_hidden":0,"_bbp_reply_count_hidden":0,"_bbp_forum_subforum_count":0,"footnotes":""},"class_list":["post-10192","page","type-page","status-publish","hentry"],"post_mailing_queue_ids":[],"_links":{"self":[{"href":"https:\/\/agora.xtec.cat\/ins-nauticabcn\/wp-json\/wp\/v2\/pages\/10192","targetHints":{"allow":["GET"]}}],"collection":[{"href":"https:\/\/agora.xtec.cat\/ins-nauticabcn\/wp-json\/wp\/v2\/pages"}],"about":[{"href":"https:\/\/agora.xtec.cat\/ins-nauticabcn\/wp-json\/wp\/v2\/types\/page"}],"author":[{"embeddable":true,"href":"https:\/\/agora.xtec.cat\/ins-nauticabcn\/wp-json\/wp\/v2\/users\/1"}],"replies":[{"embeddable":true,"href":"https:\/\/agora.xtec.cat\/ins-nauticabcn\/wp-json\/wp\/v2\/comments?post=10192"}],"version-history":[{"count":5,"href":"https:\/\/agora.xtec.cat\/ins-nauticabcn\/wp-json\/wp\/v2\/pages\/10192\/revisions"}],"predecessor-version":[{"id":10217,"href":"https:\/\/agora.xtec.cat\/ins-nauticabcn\/wp-json\/wp\/v2\/pages\/10192\/revisions\/10217"}],"up":[{"embeddable":true,"href":"https:\/\/agora.xtec.cat\/ins-nauticabcn\/wp-json\/wp\/v2\/pages\/9920"}],"wp:attachment":[{"href":"https:\/\/agora.xtec.cat\/ins-nauticabcn\/wp-json\/wp\/v2\/media?parent=10192"}],"curies":[{"name":"wp","href":"https:\/\/api.w.org\/{rel}","templated":true}]}}