{"id":10052,"date":"2025-11-17T17:15:04","date_gmt":"2025-11-17T16:15:04","guid":{"rendered":"https:\/\/agora.xtec.cat\/ins-nauticabcn\/?page_id=10052"},"modified":"2026-04-27T13:23:53","modified_gmt":"2026-04-27T11:23:53","slug":"grau-superior-vela-amb-aparell-fix","status":"publish","type":"page","link":"https:\/\/agora.xtec.cat\/ins-nauticabcn\/grau-superior-vela-amb-aparell-fix\/","title":{"rendered":"Grau Superior Vela amb aparell Fix"},"content":{"rendered":"<p><span style=\"color: #ff6600;\"><strong>Oferta formativa 2026-2027:<\/strong><\/span><\/p>\n<p><a href=\"https:\/\/agora.xtec.cat\/ins-nauticabcn\/preinscripcio-i-matricula-grau-superior-vela-curs-2026-2027\/\" target=\"_blank\" rel=\"noopener\"><strong>GRUP Bloc Com\u00fa: Inici octubre 2026, final al desembre (Semi presencial a la tarda de 15h a 21:30h)<\/strong><\/a><\/p>\n<p><a href=\"https:\/\/agora.xtec.cat\/ins-nauticabcn\/preinscripcio-i-matricula-grau-superior-vela-curs-2026-2027\/\" target=\"_blank\" rel=\"noopener\"><strong>GRUP Bloc Espec\u00edfic: Inici de gener fins l&#8217;abril del 2027 (Semi presencial a la tarda de 15h a 21:30h)<\/strong><\/a><\/p>\n<p><span style=\"color: #ff6600;\"><strong>Oferta formativa 2025-2026:<\/strong><\/span><\/p>\n<p>Grup 10 Bloc Com\u00fa del 06\/10\/25 al 03\/12\/25 (torn de mat\u00ed presencial)<\/p>\n<p>Grup 10 Bloc Espec\u00edfic de gener a juny del 2026 de 15 a 21:30 hores<\/p>\n<p><a href=\"https:\/\/agora.xtec.cat\/ins-nauticabcn\/preinscripcio-i-matricula-grau-superior-vela-curs-2025-2026\/\" target=\"_blank\" rel=\"noopener\">Preinscripci\u00f3 i matr\u00edcula Bloc Espec\u00edfic Grau Superior de Vela amb aparell Fix 2025-2026<\/a><\/p>\n<p>&nbsp;<\/p>\n<p><span style=\"color: #ff6600;\"><strong>Per saber-ne m\u00e9s:<\/strong><\/span><\/p>\n<p>Aquests estudis capaciten per programar, dirigir i coordinar l&#8217;entrenament esportiu d&#8217;esportistes de vela amb aparell fix i equips d&#8217;esportistes en competicions de nivell mitj\u00e0 i alt; coordinar els recursos humans i materials en l&#8217;activitat de vela amb aparell fix i dirigir escoles de vela amb aparell fix. Tenen una durada de <strong>750 hores<\/strong>, distribu\u00efdes en <strong>un curs <\/strong>acad\u00e8mic.<\/p>\n<ul>\n<li><a href=\"https:\/\/agora.xtec.cat\/ins-nauticabcn\/wp-content\/uploads\/usu313\/2026\/01\/TEGS____NAA0_CA.pdf\" target=\"_blank\" rel=\"noopener\">Fitxa dels Estudis<\/a><\/li>\n<li><a href=\"https:\/\/triaeducativa.gencat.cat\/ca\/estudis\/?vela-aparell-fix&amp;p_id=2252\" target=\"_blank\" rel=\"noopener\">Informaci\u00f3 Estudis Esportius<\/a> (informaci\u00f3 sobre requisits d\u2019acc\u00e9s, etc)<\/li>\n<li><a href=\"https:\/\/agora.xtec.cat\/ins-nauticabcn\/wp-content\/uploads\/usu313\/2021\/04\/PREUS-GS-Vela.pdf\" target=\"_blank\" rel=\"noopener\">Preus p\u00fablics <\/a>(informaci\u00f3 provisional a falta de preus oficials per al curs 25-26)<\/li>\n<\/ul>\n<p>&nbsp;<\/p>\n<p><img loading=\"lazy\" decoding=\"async\" class=\"size-large wp-image-1584 aligncenter\" src=\"https:\/\/agora.xtec.cat\/ins-nauticabcn\/wp-content\/uploads\/usu313\/2017\/05\/Vela6-1024x768.jpg\" alt=\"\" width=\"1024\" height=\"768\" srcset=\"https:\/\/agora.xtec.cat\/ins-nauticabcn\/wp-content\/uploads\/usu313\/2017\/05\/Vela6.jpg 1024w, https:\/\/agora.xtec.cat\/ins-nauticabcn\/wp-content\/uploads\/usu313\/2017\/05\/Vela6-300x225.jpg 300w, https:\/\/agora.xtec.cat\/ins-nauticabcn\/wp-content\/uploads\/usu313\/2017\/05\/Vela6-768x576.jpg 768w, https:\/\/agora.xtec.cat\/ins-nauticabcn\/wp-content\/uploads\/usu313\/2017\/05\/Vela6-200x150.jpg 200w\" sizes=\"auto, (max-width: 1024px) 100vw, 1024px\" \/><\/p>\n","protected":false},"excerpt":{"rendered":"<p>Oferta formativa 2026-2027:<br \/>\n<a href=\"https:\/\/agora.xtec.cat\/ins-nauticabcn\/preinscripcio-i-matricula-grau-superior-vela-curs-2026-2027\/\" target=\"_blank\" rel=\"noopener\">GRUP Bloc Com\u00fa: Inici octubre 2026, final al desembre (Semi presencial a la tarda de 15h a 21:30h)<\/a><br \/>\n<a href=\"https:\/\/agora.xtec.cat\/ins-nauticabcn\/preinscripcio-i-matricula-grau-superior-vela-curs-2026-2027\/\" target=\"_blank\" rel=\"noopener\">GRUP Bloc Espec\u00edfic: Inici de gener fins l&#8217;abril del 2027 (Semi presencial a la tarda de 15h a 21:30h)<\/a><br \/>\nOferta formativa&hellip;  <a href=\"https:\/\/agora.xtec.cat\/ins-nauticabcn\/grau-superior-vela-amb-aparell-fix\/\" title=\"Read Grau Superior Vela amb aparell Fix\">Llegeix m\u00e9s\u00bb<\/a><\/p>\n","protected":false},"author":1,"featured_media":0,"parent":0,"menu_order":0,"comment_status":"closed","ping_status":"closed","template":"","meta":{"_bbp_topic_count":0,"_bbp_reply_count":0,"_bbp_total_topic_count":0,"_bbp_total_reply_count":0,"_bbp_voice_count":0,"_bbp_anonymous_reply_count":0,"_bbp_topic_count_hidden":0,"_bbp_reply_count_hidden":0,"_bbp_forum_subforum_count":0,"footnotes":""},"class_list":["post-10052","page","type-page","status-publish","hentry"],"post_mailing_queue_ids":[],"_links":{"self":[{"href":"https:\/\/agora.xtec.cat\/ins-nauticabcn\/wp-json\/wp\/v2\/pages\/10052","targetHints":{"allow":["GET"]}}],"collection":[{"href":"https:\/\/agora.xtec.cat\/ins-nauticabcn\/wp-json\/wp\/v2\/pages"}],"about":[{"href":"https:\/\/agora.xtec.cat\/ins-nauticabcn\/wp-json\/wp\/v2\/types\/page"}],"author":[{"embeddable":true,"href":"https:\/\/agora.xtec.cat\/ins-nauticabcn\/wp-json\/wp\/v2\/users\/1"}],"replies":[{"embeddable":true,"href":"https:\/\/agora.xtec.cat\/ins-nauticabcn\/wp-json\/wp\/v2\/comments?post=10052"}],"version-history":[{"count":6,"href":"https:\/\/agora.xtec.cat\/ins-nauticabcn\/wp-json\/wp\/v2\/pages\/10052\/revisions"}],"predecessor-version":[{"id":10679,"href":"https:\/\/agora.xtec.cat\/ins-nauticabcn\/wp-json\/wp\/v2\/pages\/10052\/revisions\/10679"}],"wp:attachment":[{"href":"https:\/\/agora.xtec.cat\/ins-nauticabcn\/wp-json\/wp\/v2\/media?parent=10052"}],"curies":[{"name":"wp","href":"https:\/\/api.w.org\/{rel}","templated":true}]}}