{"id":10050,"date":"2025-11-17T17:14:20","date_gmt":"2025-11-17T16:14:20","guid":{"rendered":"https:\/\/agora.xtec.cat\/ins-nauticabcn\/?page_id=10050"},"modified":"2026-04-27T10:17:31","modified_gmt":"2026-04-27T08:17:31","slug":"cicle-final-vela-amb-aparell-fix","status":"publish","type":"page","link":"https:\/\/agora.xtec.cat\/ins-nauticabcn\/cicle-final-vela-amb-aparell-fix\/","title":{"rendered":"Cicle Final Vela amb aparell Fix"},"content":{"rendered":"<p><span style=\"color: #ff6600;\"><strong>Oferta formativa 2026-2027:<\/strong><\/span><\/p>\n<ul>\n<li>Cicle Final\n<ul>\n<li>GRUP: Inici del curs gener 2027 fins el juny 2027 (Semi presencial tardes de 15h a 21:30h)<\/li>\n<\/ul>\n<\/li>\n<\/ul>\n<p><span style=\"color: #ff6600;\"><strong>Oferta formativa 2025-2026:<\/strong><\/span><\/p>\n<ul>\n<li>Cicle Final\n<ul>\n<li>Grup 16 Bloc Com\u00fa del 12\/01\/26 al 03\/03\/26 (horari de mat\u00ed presencial)<\/li>\n<li>Grup 19 Bloc Com\u00fa del 12\/01\/26 al 03\/03\/26 (horari de tarda en format virtual)<\/li>\n<\/ul>\n<\/li>\n<\/ul>\n<ul>\n<li>Preinscripci\u00f3 i matr\u00edcula Cicle Final curs 2025-2026<\/li>\n<\/ul>\n<p>&nbsp;<\/p>\n<p><span style=\"color: #ff6600;\"><strong>Per saber-ne m\u00e9s:<\/strong><\/span><\/p>\n<p>El <strong>cicle final<\/strong> capacita per organitzar, adaptar, dirigir i dinamitzar l&#8217;entrenament b\u00e0sic i el perfeccionament t\u00e8cnic en l&#8217;etapa de tecnificaci\u00f3 esportiva de la vela en embarcacions amb aparell fix; governar embarcacions d&#8217;esbarjo de fins a dotze metres; organitzar, acompanyar i tutelar els regatistes durant la participaci\u00f3 en activitats, competicions i esdeveniments propis d&#8217;aquest nivell. T\u00e9 una durada de <strong>600 hores<\/strong>.<\/p>\n<ul>\n<li style=\"list-style-type: none;\">\n<ul>\n<li><a href=\"https:\/\/agora.xtec.cat\/ins-nauticabcn\/wp-content\/uploads\/usu313\/2026\/01\/TEGM____NA10_CA.pdf\" target=\"_blank\" rel=\"noopener\">Fitxa dels Estudis<\/a><\/li>\n<li><a href=\"https:\/\/triaeducativa.gencat.cat\/ca\/estudis\/?vela-aparell-fix&amp;p_id=994\" target=\"_blank\" rel=\"noopener\">Informaci\u00f3 Estudis Esportius<\/a> (informaci\u00f3 sobre requisits d&#8217;acc\u00e9s, etc)<\/li>\n<li><a href=\"https:\/\/agora.xtec.cat\/ins-nauticabcn\/wp-content\/uploads\/usu313\/2023\/11\/PP_vela_afix_cfinal.pdf\" target=\"_blank\" rel=\"noopener\">Preus p\u00fablics Cicle Final <\/a>(informaci\u00f3 provisional a falta de preus oficials per al curs 25-26)<\/li>\n<li><a href=\"https:\/\/sites.google.com\/institutdenautica.barcelona\/ensenyamentsesportius\/home\">Blog del GM de Vela<\/a><\/li>\n<\/ul>\n<\/li>\n<\/ul>\n\n\t\t<style type=\"text\/css\">\n\t\t\t#gallery-1 {\n\t\t\t\tmargin: auto;\n\t\t\t}\n\t\t\t#gallery-1 .gallery-item {\n\t\t\t\tfloat: left;\n\t\t\t\tmargin-top: 10px;\n\t\t\t\ttext-align: center;\n\t\t\t\twidth: 100%;\n\t\t\t}\n\t\t\t#gallery-1 img {\n\t\t\t\tborder: 2px solid #cfcfcf;\n\t\t\t}\n\t\t\t#gallery-1 .gallery-caption {\n\t\t\t\tmargin-left: 0;\n\t\t\t}\n\t\t\t\/* see gallery_shortcode() in wp-includes\/media.php *\/\n\t\t<\/style>\n\t\t<div id='gallery-1' class='gallery galleryid-10050 gallery-columns-1 gallery-size-large'><dl class='gallery-item'>\n\t\t\t<dt class='gallery-icon landscape'>\n\t\t\t\t<a href='https:\/\/agora.xtec.cat\/ins-nauticabcn\/wp-content\/uploads\/usu313\/2017\/05\/Vela2.jpg'><img loading=\"lazy\" decoding=\"async\" width=\"1024\" height=\"768\" src=\"https:\/\/agora.xtec.cat\/ins-nauticabcn\/wp-content\/uploads\/usu313\/2017\/05\/Vela2-1024x768.jpg\" class=\"attachment-large size-large\" alt=\"\" srcset=\"https:\/\/agora.xtec.cat\/ins-nauticabcn\/wp-content\/uploads\/usu313\/2017\/05\/Vela2.jpg 1024w, https:\/\/agora.xtec.cat\/ins-nauticabcn\/wp-content\/uploads\/usu313\/2017\/05\/Vela2-300x225.jpg 300w, https:\/\/agora.xtec.cat\/ins-nauticabcn\/wp-content\/uploads\/usu313\/2017\/05\/Vela2-768x576.jpg 768w, https:\/\/agora.xtec.cat\/ins-nauticabcn\/wp-content\/uploads\/usu313\/2017\/05\/Vela2-200x150.jpg 200w\" sizes=\"auto, (max-width: 1024px) 100vw, 1024px\" \/><\/a>\n\t\t\t<\/dt><\/dl><br style=\"clear: both\" \/>\n\t\t<\/div>\n\n","protected":false},"excerpt":{"rendered":"<p>Oferta formativa 2026-2027:<\/p>\n<ul>\n<li>Cicle Final\n<ul>\n<li>GRUP: Inici del curs gener 2027 fins el juny 2027 (Semi presencial tardes de 15h a 21:30h)<\/li>\n<\/ul>\n<\/li>\n<\/ul>\n<p>Oferta formativa 2025-2026:<\/p>\n<ul>\n<li>Cicle Final\n<ul>\n<li>Grup 16 Bloc Com\u00fa del 12\/01\/26 al 03\/03\/26 (horari de mat\u00ed presencial)<\/li>\n<li>Grup 19 Bloc Com\u00fa del 12\/01\/26 al 03\/03\/26 (horari de tarda en&hellip;  <a href=\"https:\/\/agora.xtec.cat\/ins-nauticabcn\/cicle-final-vela-amb-aparell-fix\/\" title=\"Read Cicle Final Vela amb aparell Fix\">Llegeix m\u00e9s\u00bb<\/a><br \/>\n","protected":false},"author":1,"featured_media":0,"parent":0,"menu_order":0,"comment_status":"closed","ping_status":"closed","template":"","meta":{"_bbp_topic_count":0,"_bbp_reply_count":0,"_bbp_total_topic_count":0,"_bbp_total_reply_count":0,"_bbp_voice_count":0,"_bbp_anonymous_reply_count":0,"_bbp_topic_count_hidden":0,"_bbp_reply_count_hidden":0,"_bbp_forum_subforum_count":0,"footnotes":""},"class_list":["post-10050","page","type-page","status-publish","hentry"],"post_mailing_queue_ids":[],"_links":{"self":[{"href":"https:\/\/agora.xtec.cat\/ins-nauticabcn\/wp-json\/wp\/v2\/pages\/10050","targetHints":{"allow":["GET"]}}],"collection":[{"href":"https:\/\/agora.xtec.cat\/ins-nauticabcn\/wp-json\/wp\/v2\/pages"}],"about":[{"href":"https:\/\/agora.xtec.cat\/ins-nauticabcn\/wp-json\/wp\/v2\/types\/page"}],"author":[{"embeddable":true,"href":"https:\/\/agora.xtec.cat\/ins-nauticabcn\/wp-json\/wp\/v2\/users\/1"}],"replies":[{"embeddable":true,"href":"https:\/\/agora.xtec.cat\/ins-nauticabcn\/wp-json\/wp\/v2\/comments?post=10050"}],"version-history":[{"count":6,"href":"https:\/\/agora.xtec.cat\/ins-nauticabcn\/wp-json\/wp\/v2\/pages\/10050\/revisions"}],"predecessor-version":[{"id":10630,"href":"https:\/\/agora.xtec.cat\/ins-nauticabcn\/wp-json\/wp\/v2\/pages\/10050\/revisions\/10630"}],"wp:attachment":[{"href":"https:\/\/agora.xtec.cat\/ins-nauticabcn\/wp-json\/wp\/v2\/media?parent=10050"}],"curies":[{"name":"wp","href":"https:\/\/api.w.org\/{rel}","templated":true}]}}