{"id":10044,"date":"2025-11-17T17:09:59","date_gmt":"2025-11-17T16:09:59","guid":{"rendered":"https:\/\/agora.xtec.cat\/ins-nauticabcn\/?page_id=10044"},"modified":"2026-04-27T13:00:59","modified_gmt":"2026-04-27T11:00:59","slug":"cicle-inicial-vela-amb-aparell-fix","status":"publish","type":"page","link":"https:\/\/agora.xtec.cat\/ins-nauticabcn\/cicle-inicial-vela-amb-aparell-fix\/","title":{"rendered":"Cicle Inicial Vela amb aparell Fix i Lliure"},"content":{"rendered":"<p><span style=\"color: #ff6600;\"><strong>Oferta formativa 2026-2027:<\/strong><\/span><\/p>\n<ul>\n<li>Cicle Inicial\n<ul>\n<li><strong><a href=\"https:\/\/agora.xtec.cat\/ins-nauticabcn\/preinscripcio-i-matricula-cicle-inicial-vela-curs-2026-2027\/\" target=\"_blank\" rel=\"noopener\">GRUP: Inici del curs a l\u2019octubre, final del curs desembre (Semi-presencial tardes i caps de setmana de 15h a 21:30h)<\/a><\/strong><\/li>\n<li>GRUP: Inici del curs al mar\u00e7, final del curs finals abril &#8211; Intensiu Setmana Santa (Semi-presencial tardes i caps de setmana de 15h a 21:30h)<\/li>\n<li>GRUP: Inici del curs al mar\u00e7, final del curs finals abril &#8211; Intensiu Setmana Santa (Semi-presencial tardes i caps de setmana de 15h a 21:30h)<\/li>\n<li>GRUP: Inici al maig 27, final juny 27 &#8211; Alumnat FP (Presencial matins de 8h a 14:30h)<\/li>\n<li>GRUP: Inici al juny 27, final juliol 27 &#8211; Intensiu estiu (Semi-presencial tardes i caps de setmana de 15h a 21:30h)<\/li>\n<li>GRUP: Inici al juny 27, final juliol 27 &#8211; Intensiu estiu (Semi-presencial tardes i caps de setmana de 15h a 21:30h)<\/li>\n<\/ul>\n<\/li>\n<\/ul>\n<p><span style=\"color: #ff6600;\"><strong>Oferta formativa 2025-2026:<\/strong><\/span><\/p>\n<ul>\n<li>Cicle Inicial\n<ul>\n<li>G2 Bloc Com\u00fa del 15\/09\/25 al 03\/10\/25. Bloc Espec\u00edfic 14\/10\/25 al 01\/12\/25 (horari de mat\u00ed presencial)<\/li>\n<li>G6 Bloc Com\u00fa del 06\/10\/25 al 24\/10\/25 (horari de tarda en format virtual). Bloc Espec\u00edfic 27\/10\/25 al 03\/12\/25 (horari de tarda presencial)<\/li>\n<li>G7 Bloc Com\u00fa del 06\/10\/25 al 24\/10\/25 (horari de tarda en format virtual). Bloc Espec\u00edfic 27\/10\/25 al 03\/12\/25 (horari de tarda presencial)<\/li>\n<li>G22 Bloc Com\u00fa del 09\/03\/26 al 26\/03\/26 (horari de tarda en format virtual) i Bloc Espec\u00edfic del 28 de mar\u00e7 al 26 d&#8217;abril<\/li>\n<li>Grup 24 Bloc Com\u00fa del 27\/04\/26 al 20\/05\/26 (horari de tarda en format virtual)<\/li>\n<li><a href=\"https:\/\/agora.xtec.cat\/ins-nauticabcn\/preinscripcio-i-matricula-cicle-inicial-vela-maig-2026-per-alumnat-de-cicles-formatius\/\" target=\"_blank\" rel=\"noopener\"><strong>G25 Bloc Espec\u00edfic del 26\/05\/26 al 02\/06\/26 (horari de mat\u00ed presencial)<\/strong><\/a><\/li>\n<li><a href=\"https:\/\/agora.xtec.cat\/ins-nauticabcn\/preinscripcio-i-matricula-intensiu-estiu-cicle-inicial-vela\/\" target=\"_blank\" rel=\"noopener\"><strong>G27 Bloc Com\u00fa de l&#8217;01\/06\/26 al 18\/06\/26\u00a0 (horari de tarda en format virtual). Bloc Espec\u00edfic del 22\/06\/26 al 13\/07\/2026 (tarda presencial i caps de setmana)<\/strong><\/a><\/li>\n<li><a href=\"https:\/\/agora.xtec.cat\/ins-nauticabcn\/preinscripcio-i-matricula-intensiu-estiu-cicle-inicial-vela\/\" target=\"_blank\" rel=\"noopener\"><strong>G28 (Maresme) Bloc Com\u00fa de l&#8217;01\/06\/26 al 18\/06\/26\u00a0 (horari de tarda en format virtual). Bloc Espec\u00edfic del 22\/06\/26 al 13\/07\/2026 (tarda presencial i caps de setmana)<\/strong><\/a><\/li>\n<\/ul>\n<\/li>\n<\/ul>\n<p><span style=\"color: #ff6600;\"><strong>Per saber-ne m\u00e9s:<\/strong><\/span><\/p>\n<p>El <strong>cicle inicial<\/strong> d&#8217;aquests estudis capacita per dinamitzar, instruir i concretar la iniciaci\u00f3 esportiva de la vela; governar embarcacions d&#8217;esbarjo de fins vuit metres, i organitzar, acompanyar i tutelar els esportistes i usuaris durant la participaci\u00f3 en activitats, competicions i esdeveniments propis d&#8217;aquest nivell, utilitzant embarcacions amb aparell fix i lliure. T\u00e9 una durada de <strong>500 hores<\/strong>. Si se supera el curs, s&#8217;obt\u00e9 el certificat de cicle inicial de Vela amb Aparell Fix i Vela amb Aparell Lliure, que \u00e9s com\u00fa a les dues especialitats de Vela.<\/p>\n<ul>\n<li style=\"list-style-type: none;\">\n<ul>\n<li><a href=\"https:\/\/agora.xtec.cat\/ins-nauticabcn\/wp-content\/uploads\/usu313\/2026\/01\/TEGM____NA10_CA.pdf\" target=\"_blank\" rel=\"noopener\">Fitxa dels Estudis<\/a><\/li>\n<li><a href=\"https:\/\/triaeducativa.gencat.cat\/ca\/estudis\/?vela-aparell-fix&amp;p_id=994\" target=\"_blank\" rel=\"noopener\">Informaci\u00f3 Estudis Esportius<\/a> (informaci\u00f3 sobre requisits d&#8217;acc\u00e9s, etc)<\/li>\n<li><a href=\"https:\/\/triaeducativa.gencat.cat\/ca\/proves\/proves-acces\/esportius\/esportius-prova-especifica\/vela\/\" target=\"_blank\" rel=\"noopener\">Proves espec\u00edfiques d&#8217;acc\u00e9s<\/a><\/li>\n<li><a href=\"https:\/\/agora.xtec.cat\/ins-nauticabcn\/wp-content\/uploads\/usu313\/2024\/02\/cicle-inicial-vela.pdf\" target=\"_blank\" rel=\"noopener\">Preus p\u00fablics Cicle Inicial <\/a>(informaci\u00f3 provisional a falta de preus oficials per al curs 25-26)<\/li>\n<li><a href=\"https:\/\/sites.google.com\/institutdenautica.barcelona\/ensenyamentsesportius\/home\">Blog del GM de Vela<\/a><\/li>\n<\/ul>\n<\/li>\n<\/ul>\n\n\t\t<style type=\"text\/css\">\n\t\t\t#gallery-1 {\n\t\t\t\tmargin: auto;\n\t\t\t}\n\t\t\t#gallery-1 .gallery-item {\n\t\t\t\tfloat: left;\n\t\t\t\tmargin-top: 10px;\n\t\t\t\ttext-align: center;\n\t\t\t\twidth: 100%;\n\t\t\t}\n\t\t\t#gallery-1 img {\n\t\t\t\tborder: 2px solid #cfcfcf;\n\t\t\t}\n\t\t\t#gallery-1 .gallery-caption {\n\t\t\t\tmargin-left: 0;\n\t\t\t}\n\t\t\t\/* see gallery_shortcode() in wp-includes\/media.php *\/\n\t\t<\/style>\n\t\t<div id='gallery-1' class='gallery galleryid-10044 gallery-columns-1 gallery-size-large'><dl class='gallery-item'>\n\t\t\t<dt class='gallery-icon landscape'>\n\t\t\t\t<a href='https:\/\/agora.xtec.cat\/ins-nauticabcn\/wp-content\/uploads\/usu313\/2017\/05\/Vela2.jpg'><img loading=\"lazy\" decoding=\"async\" width=\"1024\" height=\"768\" src=\"https:\/\/agora.xtec.cat\/ins-nauticabcn\/wp-content\/uploads\/usu313\/2017\/05\/Vela2-1024x768.jpg\" class=\"attachment-large size-large\" alt=\"\" srcset=\"https:\/\/agora.xtec.cat\/ins-nauticabcn\/wp-content\/uploads\/usu313\/2017\/05\/Vela2.jpg 1024w, https:\/\/agora.xtec.cat\/ins-nauticabcn\/wp-content\/uploads\/usu313\/2017\/05\/Vela2-300x225.jpg 300w, https:\/\/agora.xtec.cat\/ins-nauticabcn\/wp-content\/uploads\/usu313\/2017\/05\/Vela2-768x576.jpg 768w, https:\/\/agora.xtec.cat\/ins-nauticabcn\/wp-content\/uploads\/usu313\/2017\/05\/Vela2-200x150.jpg 200w\" sizes=\"auto, (max-width: 1024px) 100vw, 1024px\" \/><\/a>\n\t\t\t<\/dt><\/dl><br style=\"clear: both\" \/>\n\t\t<\/div>\n\n","protected":false},"excerpt":{"rendered":"<p>Oferta formativa 2026-2027:<\/p>\n<ul>\n<li>Cicle Inicial\n<ul>\n<li><a href=\"https:\/\/agora.xtec.cat\/ins-nauticabcn\/preinscripcio-i-matricula-cicle-inicial-vela-curs-2026-2027\/\" target=\"_blank\" rel=\"noopener\">GRUP: Inici del curs a l\u2019octubre, final del curs desembre (Semi-presencial tardes i caps de setmana de 15h a 21:30h)<\/a><\/li>\n<li>GRUP: Inici del curs al mar\u00e7, final del curs finals abril &#8211; Intensiu Setmana Santa (Semi-presencial tardes i caps de&hellip;  <a href=\"https:\/\/agora.xtec.cat\/ins-nauticabcn\/cicle-inicial-vela-amb-aparell-fix\/\" title=\"Read Cicle Inicial Vela amb aparell Fix i Lliure\">Llegeix m\u00e9s\u00bb<\/a><br \/>\n","protected":false},"author":1,"featured_media":0,"parent":0,"menu_order":0,"comment_status":"closed","ping_status":"closed","template":"","meta":{"_bbp_topic_count":0,"_bbp_reply_count":0,"_bbp_total_topic_count":0,"_bbp_total_reply_count":0,"_bbp_voice_count":0,"_bbp_anonymous_reply_count":0,"_bbp_topic_count_hidden":0,"_bbp_reply_count_hidden":0,"_bbp_forum_subforum_count":0,"footnotes":""},"class_list":["post-10044","page","type-page","status-publish","hentry"],"post_mailing_queue_ids":[],"_links":{"self":[{"href":"https:\/\/agora.xtec.cat\/ins-nauticabcn\/wp-json\/wp\/v2\/pages\/10044","targetHints":{"allow":["GET"]}}],"collection":[{"href":"https:\/\/agora.xtec.cat\/ins-nauticabcn\/wp-json\/wp\/v2\/pages"}],"about":[{"href":"https:\/\/agora.xtec.cat\/ins-nauticabcn\/wp-json\/wp\/v2\/types\/page"}],"author":[{"embeddable":true,"href":"https:\/\/agora.xtec.cat\/ins-nauticabcn\/wp-json\/wp\/v2\/users\/1"}],"replies":[{"embeddable":true,"href":"https:\/\/agora.xtec.cat\/ins-nauticabcn\/wp-json\/wp\/v2\/comments?post=10044"}],"version-history":[{"count":6,"href":"https:\/\/agora.xtec.cat\/ins-nauticabcn\/wp-json\/wp\/v2\/pages\/10044\/revisions"}],"predecessor-version":[{"id":10663,"href":"https:\/\/agora.xtec.cat\/ins-nauticabcn\/wp-json\/wp\/v2\/pages\/10044\/revisions\/10663"}],"wp:attachment":[{"href":"https:\/\/agora.xtec.cat\/ins-nauticabcn\/wp-json\/wp\/v2\/media?parent=10044"}],"curies":[{"name":"wp","href":"https:\/\/api.w.org\/{rel}","templated":true}]}}