{"id":77,"date":"2014-09-18T10:29:25","date_gmt":"2014-09-18T09:29:25","guid":{"rendered":"http:\/\/agora.xtec.cat\/ins-intermunicipal\/?page_id=77"},"modified":"2024-09-05T10:08:43","modified_gmt":"2024-09-05T08:08:43","slug":"transport-escolar","status":"publish","type":"page","link":"https:\/\/agora.xtec.cat\/ins-intermunicipal\/serveis\/transport-escolar\/","title":{"rendered":"Transport escolar"},"content":{"rendered":"<div>\n<p><em>*Actualitzaci\u00f3 05\/09\/2024<\/em><\/p>\n<p>Us informem que el Consell Comarcal\u00a0ha publicat a la web el llistat de l&#8217;alumnat autoritzat i els horaris de les parades de les rutes escolars, en concret a:\u00a0<a href=\"https:\/\/www.ccapenedes.cat\/ensenyament\/transport-escolar-rutes-parades-i-horaris-del-servei-de-transport-escolar\/llistat-alumnat-amb-transport-escolar-curs-2024-2025\">LLISTAT ALUMNAT AMB TRANSPORT ESCOLAR CURS 2024-2025 \u2014 Alt Pened\u00e8s (ccapenedes.cat)<\/a><\/p>\n<p>L&#8217;alumnat que no ha fet la corresponent sol\u00b7licitud en el termini establert, pot fer-la a partir de l&#8217;1 de setembre de 2024. Quan s&#8217;hagi tramitat la sol\u00b7licitud, la fam\u00edlia rebr\u00e0 un SMS informant de la ruta adjudicada i del dia que podr\u00e0 comen\u00e7ar a fer \u00fas del servei.<\/p>\n<p><strong>L&#8217;alumnat d&#8217;estudis postobligatoris<\/strong>, d&#8217;acord amb les bases reguladores, rebran un SMS del 16 al 20 de setembre informant si tenen transport escolar i la ruta assignada o b\u00e9 estan en llista d&#8217;espera. En cas de tenir pla\u00e7a,<strong>\u00a0l&#8217;inici del servei ser\u00e0 a partir del 23 de setembre de 2024\u00a0<\/strong>(informaci\u00f3 que tamb\u00e9 estar\u00e0 especificada a l&#8217;SMS).<\/p>\n<\/div>\n<hr \/>\n<p><strong>Informaci\u00f3 transport escolar 24\/25<\/strong><\/p>\n<p>\u00danicament han de fer la sol\u00b7licitud, les seg\u00fcents persones interessades en la utilitzaci\u00f3 de places de transport escolar:<\/p>\n<p>&#8211; Alumnat d\u2019ESO amb transport escolar no obligatori (TENO)<br \/>\n&#8211; Alumnat d\u2019ESO de nova incorporaci\u00f3 i matr\u00edcula al centre escolar (TEC i TENO)<br \/>\n&#8211; Alumnat que repeteix 4rt d\u2019ESO<br \/>\n&#8211; Alumnat d\u2019ESO amb transport escolar obligatori (TEC) i amb continu\u00eftat al centre el curs 2024\/2025 que NO consta al llistat del centre del programa de gesti\u00f3 PIGAIM<br \/>\n&#8211; Alumnat d\u2019estudis postobligatoris<\/p>\n<p>La sol\u00b7licitud de transport escolar ser\u00e0 \u00fanica per a cada alumne\/a i caldr\u00e0 presentar-la telem\u00e0ticament mitjan\u00e7ant la p\u00e0gina web del CCAP (<a href=\"http:\/\/www.ccapenedes.cat\/\" target=\"_blank\" rel=\"noopener\" data-saferedirecturl=\"https:\/\/www.google.com\/url?q=http:\/\/www.ccapenedes.cat&amp;source=gmail&amp;ust=1714547878204000&amp;usg=AOvVaw1NRUvaEreMd4gAyrgC2FII\">www.ccapenedes.cat<\/a>).<\/p>\n<div dir=\"ltr\">Els terminis per a la presentaci\u00f3 de sol\u00b7licituds s\u00f3n els seg\u00fcents:<\/div>\n<div dir=\"ltr\"><\/div>\n<ul>\n<li dir=\"ltr\">Alumnat d\u2019ESO (TENO) de nova incorporaci\u00f3 al centre escolar i\/o alumnat que no resideixi a la comarca de l&#8217;Alt Pened\u00e8s: <strong><strong>del 27 de juny al 3 de juliol de 2024<\/strong><\/strong><\/li>\n<li dir=\"ltr\">TRANSPORT ESCOLAR OBLIGATORI (TEC) &#8211; GRATU\u00cfT: <strong>del 27 de juny al 3 de juliol de 2024<\/strong><br \/>\n&#8211; Alumnat d&#8217;ESO (TEC) de nova incorporaci\u00f3 i matr\u00edcula al centre escolar<br \/>\n&#8211; Alumnat que repeteix 4rt d\u2019ESO (TEC)<br \/>\n&#8211; Alumnat d&#8217;ESO (TEC) amb continu\u00eftat al centre escolar el curs 2024-2025 que NO CONSTA al llistat del centre del programa de gesti\u00f3 PIGAIM<\/li>\n<li dir=\"ltr\">TRANSPORT ESCOLAR POSTOBLIGATORI &#8211; NO GRATU\u00cfT: <strong>del 2 al 31 de juliol de 2024<\/strong><br \/>\n&#8211; Alumnat d\u2019estudis postobligatoris<\/li>\n<\/ul>\n<div dir=\"ltr\"><\/div>\n<div dir=\"ltr\">L\u2019alumnat amb<span style=\"color: #000000;\">\u00a0transport escolar obligatori, que\u00a0a<\/span>ctualment cursa els nivells de 1er, 2n i 3r d\u2019ESO i\u00a0<u>amb continu\u00eftat al centre escolar\u00a0<\/u>\u00a0<b>NO<\/b> hauran de fer la sol\u00b7licitud del servei de transport escolar OBLIGATORI (TEC), es far\u00e0 directament des del Centre.<\/div>\n<div class=\"gmail_default\"><\/div>\n<div class=\"gmail_default\"><\/div>\n","protected":false},"excerpt":{"rendered":"<p>*Actualitzaci\u00f3 05\/09\/2024<br \/>\nUs informem que el Consell Comarcal\u00a0ha publicat a la web el llistat de l&#8217;alumnat autoritzat i els horaris de les parades de les rutes escolars, en concret a:\u00a0<a href=\"https:\/\/www.ccapenedes.cat\/ensenyament\/transport-escolar-rutes-parades-i-horaris-del-servei-de-transport-escolar\/llistat-alumnat-amb-transport-escolar-curs-2024-2025\">LLISTAT ALUMNAT AMB TRANSPORT ESCOLAR CURS 2024-2025 \u2014 Alt Pened\u00e8s (ccapenedes.cat)<\/a><br \/>\nL&#8217;alumnat que no ha fet la&hellip;  <a href=\"https:\/\/agora.xtec.cat\/ins-intermunicipal\/serveis\/transport-escolar\/\" title=\"Read Transport escolar\">Llegeix m\u00e9s\u00bb<\/a><\/p>\n","protected":false},"author":1,"featured_media":0,"parent":63,"menu_order":50,"comment_status":"closed","ping_status":"closed","template":"page-templates\/side-menu.php","meta":{"_bbp_topic_count":0,"_bbp_reply_count":0,"_bbp_total_topic_count":0,"_bbp_total_reply_count":0,"_bbp_voice_count":0,"_bbp_anonymous_reply_count":0,"_bbp_topic_count_hidden":0,"_bbp_reply_count_hidden":0,"_bbp_forum_subforum_count":0,"footnotes":""},"class_list":["post-77","page","type-page","status-publish","hentry"],"post_mailing_queue_ids":[],"_links":{"self":[{"href":"https:\/\/agora.xtec.cat\/ins-intermunicipal\/wp-json\/wp\/v2\/pages\/77","targetHints":{"allow":["GET"]}}],"collection":[{"href":"https:\/\/agora.xtec.cat\/ins-intermunicipal\/wp-json\/wp\/v2\/pages"}],"about":[{"href":"https:\/\/agora.xtec.cat\/ins-intermunicipal\/wp-json\/wp\/v2\/types\/page"}],"author":[{"embeddable":true,"href":"https:\/\/agora.xtec.cat\/ins-intermunicipal\/wp-json\/wp\/v2\/users\/1"}],"replies":[{"embeddable":true,"href":"https:\/\/agora.xtec.cat\/ins-intermunicipal\/wp-json\/wp\/v2\/comments?post=77"}],"version-history":[{"count":6,"href":"https:\/\/agora.xtec.cat\/ins-intermunicipal\/wp-json\/wp\/v2\/pages\/77\/revisions"}],"predecessor-version":[{"id":3460,"href":"https:\/\/agora.xtec.cat\/ins-intermunicipal\/wp-json\/wp\/v2\/pages\/77\/revisions\/3460"}],"up":[{"embeddable":true,"href":"https:\/\/agora.xtec.cat\/ins-intermunicipal\/wp-json\/wp\/v2\/pages\/63"}],"wp:attachment":[{"href":"https:\/\/agora.xtec.cat\/ins-intermunicipal\/wp-json\/wp\/v2\/media?parent=77"}],"curies":[{"name":"wp","href":"https:\/\/api.w.org\/{rel}","templated":true}]}}