{"id":748,"date":"2023-02-28T13:55:36","date_gmt":"2023-02-28T12:55:36","guid":{"rendered":"https:\/\/agora.xtec.cat\/ins-intermunicipal\/?page_id=748"},"modified":"2023-03-10T09:29:16","modified_gmt":"2023-03-10T08:29:16","slug":"cfgs","status":"publish","type":"page","link":"https:\/\/agora.xtec.cat\/ins-intermunicipal\/cfgs\/","title":{"rendered":"Fam\u00edlia de Serveis Socioculturals i a la Comunitat"},"content":{"rendered":"<table style=\"border-collapse: collapse; width: 100%;\">\n<tbody>\n<tr>\n<td style=\"width: 22.8789%;\">\n<h4><a href=\"https:\/\/agora.xtec.cat\/ins-intermunicipal\/wp-content\/uploads\/usu2220\/2023\/02\/FPGM-FPGS-ServeisSocioculturalsALaComunitat-e1677514333114.png\"><img loading=\"lazy\" decoding=\"async\" class=\"aligncenter wp-image-742 size-thumbnail\" src=\"https:\/\/agora.xtec.cat\/ins-intermunicipal\/wp-content\/uploads\/usu2220\/2023\/02\/FPGM-FPGS-ServeisSocioculturalsALaComunitat-e1677514333114-150x150.png\" alt=\"\" width=\"150\" height=\"150\" \/><\/a><\/h4>\n<\/td>\n<td style=\"width: 77.1211%;\">\n<h2>CFGM d&#8217;Atenci\u00f3 a les persones en Situaci\u00f3 de Depend\u00e8ncia<\/h2>\n<h2>CFGS d&#8217;Educaci\u00f3 Infantil<\/h2>\n<h2>CFGS d&#8217;Integraci\u00f3 Social <em><strong>(Nou)<\/strong><\/em><\/h2>\n<\/td>\n<\/tr>\n<\/tbody>\n<\/table>\n<hr \/>\n<h6>Horari: torn de tarda<\/h6>\n<table style=\"border-collapse: collapse; width: 100%;\">\n<tbody>\n<tr>\n<td style=\"width: 22.8789%;\" colspan=\"2\">\n<h4>CFGM d&#8217;Atenci\u00f3 a les persones en Situaci\u00f3 de Depend\u00e8ncia<\/h4>\n<p>Aquests estudis capaciten per atendre les persones en situaci\u00f3 de depend\u00e8ncia, en l&#8217;\u00e0mbit domiciliari i institucional, a fi de mantenir i millorar la seva qualitat de vida, fent activitats assistencials, no sanit\u00e0ries, psicosocials i de suport a la gesti\u00f3 dom\u00e8stica, i aplicant mesures i normes de prevenci\u00f3 i seguretat i derivant-les a altres serveis quan calgui.<\/p>\n<p>Tenen una durada de 2.000 hores distribu\u00efdes en dos cursos acad\u00e8mics.<\/p>\n<p>Aquest estudi substitueix<strong>\u00a0<\/strong>el cicle Atenci\u00f3 Sociosanit\u00e0ria (LOGSE).<\/p>\n<p>M\u00e9s informaci\u00f3 a la web del Departament: <a href=\"https:\/\/triaeducativa.gencat.cat\/ca\/estudis\/?atencio-persones-situacio-dependencia&amp;p_id=1570\" target=\"_blank\" rel=\"noopener\">Atenci\u00f3 a les persones en situaci\u00f3 de Depend\u00e8ncia<\/a><\/td>\n<\/tr>\n<\/tbody>\n<\/table>\n<table style=\"border-collapse: collapse; width: 100%;\">\n<tbody>\n<tr>\n<td style=\"width: 22.9514%;\" colspan=\"2\">\n<h4>CFGS d&#8217;Educaci\u00f3 infantil<\/h4>\n<p>Aquests estudis postobligatoris capaciten dissenyar, posar en marxa i avaluar projectes i programes educatius d&#8217;atenci\u00f3 a la inf\u00e0ncia en el primer cicle d&#8217;educaci\u00f3 infantil en l&#8217;\u00e0mbit formal, d&#8217;acord amb la proposta pedag\u00f2gica elaborada per un mestre o mestra.<\/p>\n<p>La durada \u00e9s de 2.000 hores distribu\u00efdes en dos cursos<strong>\u00a0<\/strong>acad\u00e8mics.<\/p>\n<p>Aquest estudi\u00a0substitueix\u00a0el cicle Educaci\u00f3 Infantil (LOGSE).<\/p>\n<p>M\u00e9s informaci\u00f3 a la web del Departament: <a href=\"https:\/\/triaeducativa.gencat.cat\/ca\/estudis\/?educacio-infantil&amp;p_id=200\" target=\"_blank\" rel=\"noopener\">Educaci\u00f3 Infantil<\/a><\/td>\n<\/tr>\n<\/tbody>\n<\/table>\n<table style=\"border-collapse: collapse; width: 100%;\">\n<tbody>\n<tr>\n<td style=\"width: 22.9514%;\" colspan=\"2\">\n<h4>CFGS d&#8217;integraci\u00f3 Social <em>(Nou)<\/em><\/h4>\n<p>Aquests estudis capaciten per programar, organitzar, implementar i avaluar les intervencions d&#8217;integraci\u00f3 social aplicant estrat\u00e8gies i t\u00e8cniques espec\u00edfiques, promovent la igualtat d&#8217;oportunitats, actuant en tot moment amb una actitud de respecte cap a les persones destinat\u00e0ries i garantint la creaci\u00f3 d&#8217;entorns segurs tant per a les persones destinat\u00e0ries com per al professional.<\/p>\n<p>La durada \u00e9s de 2.000 hores distribu\u00efdes en dos cursos<strong>\u00a0<\/strong>acad\u00e8mics.<\/p>\n<p>Aquest estudi\u00a0substitueix\u00a0el cicle Integraci\u00f3 Social (LOGSE).<\/p>\n<p>M\u00e9s informaci\u00f3 a la web del Departament: <a href=\"https:\/\/triaeducativa.gencat.cat\/ca\/estudis\/?integracio-social&amp;p_id=2055\" target=\"_blank\" rel=\"noopener\">Integraci\u00f3 Social<\/a><\/td>\n<\/tr>\n<\/tbody>\n<\/table>\n","protected":false},"excerpt":{"rendered":"<p><a href=\"https:\/\/agora.xtec.cat\/ins-intermunicipal\/wp-content\/uploads\/usu2220\/2023\/02\/FPGM-FPGS-ServeisSocioculturalsALaComunitat-e1677514333114.png\"><\/a><\/p>\n<p>CFGM d&#8217;Atenci\u00f3 a les persones en Situaci\u00f3 de Depend\u00e8ncia<br \/>\nCFGS d&#8217;Educaci\u00f3 Infantil<br \/>\nCFGS d&#8217;Integraci\u00f3 Social (Nou)<\/p>\n<p>Horari: torn de tarda<\/p>\n<p>CFGM d&#8217;Atenci\u00f3 a les persones en Situaci\u00f3 de Depend\u00e8ncia<br \/>\nAquests estudis capaciten per atendre les persones en situaci\u00f3 de depend\u00e8ncia, en l&#8217;\u00e0mbit domiciliari i institucional, a fi de mantenir&hellip;  <a href=\"https:\/\/agora.xtec.cat\/ins-intermunicipal\/cfgs\/\" title=\"Read Fam\u00edlia de Serveis Socioculturals i a la Comunitat\">Llegeix m\u00e9s\u00bb<\/a><\/p>\n","protected":false},"author":6,"featured_media":0,"parent":0,"menu_order":0,"comment_status":"closed","ping_status":"closed","template":"","meta":{"_bbp_topic_count":0,"_bbp_reply_count":0,"_bbp_total_topic_count":0,"_bbp_total_reply_count":0,"_bbp_voice_count":0,"_bbp_anonymous_reply_count":0,"_bbp_topic_count_hidden":0,"_bbp_reply_count_hidden":0,"_bbp_forum_subforum_count":0,"footnotes":""},"class_list":["post-748","page","type-page","status-publish","hentry"],"post_mailing_queue_ids":[],"_links":{"self":[{"href":"https:\/\/agora.xtec.cat\/ins-intermunicipal\/wp-json\/wp\/v2\/pages\/748","targetHints":{"allow":["GET"]}}],"collection":[{"href":"https:\/\/agora.xtec.cat\/ins-intermunicipal\/wp-json\/wp\/v2\/pages"}],"about":[{"href":"https:\/\/agora.xtec.cat\/ins-intermunicipal\/wp-json\/wp\/v2\/types\/page"}],"author":[{"embeddable":true,"href":"https:\/\/agora.xtec.cat\/ins-intermunicipal\/wp-json\/wp\/v2\/users\/6"}],"replies":[{"embeddable":true,"href":"https:\/\/agora.xtec.cat\/ins-intermunicipal\/wp-json\/wp\/v2\/comments?post=748"}],"version-history":[{"count":4,"href":"https:\/\/agora.xtec.cat\/ins-intermunicipal\/wp-json\/wp\/v2\/pages\/748\/revisions"}],"predecessor-version":[{"id":782,"href":"https:\/\/agora.xtec.cat\/ins-intermunicipal\/wp-json\/wp\/v2\/pages\/748\/revisions\/782"}],"wp:attachment":[{"href":"https:\/\/agora.xtec.cat\/ins-intermunicipal\/wp-json\/wp\/v2\/media?parent=748"}],"curies":[{"name":"wp","href":"https:\/\/api.w.org\/{rel}","templated":true}]}}