{"id":43,"date":"2014-09-17T16:45:07","date_gmt":"2014-09-17T16:45:07","guid":{"rendered":"http:\/\/agora.xtec.cat\/ins-intermunicipal\/?page_id=43"},"modified":"2025-05-15T09:34:32","modified_gmt":"2025-05-15T07:34:32","slug":"consell-escolar","status":"publish","type":"page","link":"https:\/\/agora.xtec.cat\/ins-intermunicipal\/linstitut\/consell-escolar\/","title":{"rendered":"Consell escolar"},"content":{"rendered":"<p style=\"text-align: justify;\">El Consell Escolar \u00e9s l\u2019\u00f2rgan de participaci\u00f3 de la comunitat educativa en el govern del centre i \u00e9s, tamb\u00e9, l\u2019\u00f2rgan de programaci\u00f3, seguiment i avaluaci\u00f3 general de les seves activitats. En formen part representants de l\u2019Equip Directiu, el Professorat, les Fam\u00edlies, l\u2019Alumnat, l\u2019Ajuntament, l\u2019AMPA, el Personal d\u2019Administraci\u00f3 i Serveis i el Personal d\u2019atenci\u00f3 Educativa. Actualment, el Consell Escolar de l\u2019Institut Intermunicipal del Pened\u00e8s est\u00e0 constitu\u00eft pels seg\u00fcents representants:<\/p>\n<table width=\"0\">\n<tbody>\n<tr>\n<td style=\"background-color: #e5fae1;\" width=\"131\"><span style=\"color: #008000;\"><strong>EQUIP DIRECTIU<\/strong><\/span><\/td>\n<td width=\"451\">Sergi Badenes Romo (Director)<br \/>\nMontse Enajas Tobella (Cap d\u2019Estudis d\u2019ESO i Batxillerat)<br \/>\nN\u00faria P\u00e9rez Sellar\u00e8s (Cap d&#8217;Estudis adjunta)<br \/>\n<span style=\"background-color: transparent; font-family: inherit; font-size: inherit; text-transform: initial;\">Eva M. Garrote Fern\u00e1ndez (Cap d&#8217;Estudis de Cicles Formatius)<\/span><br \/>\nRoger P\u00e9rez Brufau (Coordinador Pedag\u00f2gic)<br \/>\nPep Bertran Casas (Secretari)<\/td>\n<\/tr>\n<tr>\n<td style=\"background-color: #e5fae1;\" width=\"131\"><span style=\"color: #008000;\"><strong>PROFESSORAT<\/strong><\/span><\/td>\n<td style=\"text-align: justify;\" width=\"451\">Miquel Arnal Espinal, Marta Casals Fontanet, Pau Mart\u00ednez Mu\u00f1oz, Albert Mercader Rovira, Neus Querol Carrob\u00e9, N\u00faria Ro\u00e9 Ros, Oriol Torrents Cabestany, Neus Vives Duran i Vanesa Mir\u00f3 M\u00e9ndez.<\/td>\n<\/tr>\n<tr>\n<td style=\"background-color: #e5fae1;\" width=\"131\"><span style=\"color: #008000;\"><strong>FAM\u00cdLIES<\/strong><\/span><\/td>\n<td style=\"text-align: justify;\" width=\"451\">M\u00f2nica Artigas Rod\u00e9s, Montse Pausa Tena, Laia S\u00e1ez Forns, M. Carmen Torres Blanco<\/td>\n<\/tr>\n<tr>\n<td style=\"background-color: #e5fae1;\" width=\"131\"><span style=\"color: #008000;\"><strong>AMPA<\/strong><\/span><\/td>\n<td width=\"451\">\u00a0Yolanda Soldado Mart\u00ed<\/td>\n<\/tr>\n<tr>\n<td style=\"background-color: #e5fae1;\" width=\"131\"><span style=\"color: #008000;\"><strong>ALUMNES<\/strong><\/span><\/td>\n<td style=\"text-align: justify;\" width=\"451\">L\u00eddia \u00c1lvarez Celma, Ot Cayuela Carb\u00f3, Ivet Iglesias Liria, Francisco Tamayo Garc\u00eda<\/td>\n<\/tr>\n<tr>\n<td style=\"background-color: #e5fae1;\" width=\"131\"><span style=\"color: #008000;\"><strong>AJUNTAMENT<\/strong><\/span><\/td>\n<td width=\"451\">\u00a0Laia Albiol Pavon<\/td>\n<\/tr>\n<tr>\n<td style=\"background-color: #e5fae1;\" width=\"131\"><span style=\"color: #008000;\"><strong>PAS<\/strong><\/span><\/td>\n<td width=\"451\"><strong>\u00a0<\/strong>Amat Centelles Vendrell<\/td>\n<\/tr>\n<tr>\n<td style=\"background-color: #e5fae1;\" width=\"131\"><span style=\"color: #008000;\"><strong>PAE<\/strong><\/span><\/td>\n<td width=\"451\">Gerard Pinyol Carbonell<\/td>\n<\/tr>\n<\/tbody>\n<\/table>\n","protected":false},"excerpt":{"rendered":"<p>El Consell Escolar \u00e9s l\u2019\u00f2rgan de participaci\u00f3 de la comunitat educativa en el govern del centre i \u00e9s, tamb\u00e9, l\u2019\u00f2rgan de programaci\u00f3, seguiment i avaluaci\u00f3 general de les seves activitats. En formen part representants de l\u2019Equip Directiu, el Professorat, les Fam\u00edlies, l\u2019Alumnat, l\u2019Ajuntament, l\u2019AMPA, el&hellip;  <a href=\"https:\/\/agora.xtec.cat\/ins-intermunicipal\/linstitut\/consell-escolar\/\" title=\"Read Consell escolar\">Llegeix m\u00e9s\u00bb<\/a><\/p>\n","protected":false},"author":1,"featured_media":0,"parent":19,"menu_order":40,"comment_status":"closed","ping_status":"closed","template":"page-templates\/side-menu.php","meta":{"_bbp_topic_count":0,"_bbp_reply_count":0,"_bbp_total_topic_count":0,"_bbp_total_reply_count":0,"_bbp_voice_count":0,"_bbp_anonymous_reply_count":0,"_bbp_topic_count_hidden":0,"_bbp_reply_count_hidden":0,"_bbp_forum_subforum_count":0,"footnotes":""},"class_list":["post-43","page","type-page","status-publish","hentry"],"post_mailing_queue_ids":[],"_links":{"self":[{"href":"https:\/\/agora.xtec.cat\/ins-intermunicipal\/wp-json\/wp\/v2\/pages\/43","targetHints":{"allow":["GET"]}}],"collection":[{"href":"https:\/\/agora.xtec.cat\/ins-intermunicipal\/wp-json\/wp\/v2\/pages"}],"about":[{"href":"https:\/\/agora.xtec.cat\/ins-intermunicipal\/wp-json\/wp\/v2\/types\/page"}],"author":[{"embeddable":true,"href":"https:\/\/agora.xtec.cat\/ins-intermunicipal\/wp-json\/wp\/v2\/users\/1"}],"replies":[{"embeddable":true,"href":"https:\/\/agora.xtec.cat\/ins-intermunicipal\/wp-json\/wp\/v2\/comments?post=43"}],"version-history":[{"count":6,"href":"https:\/\/agora.xtec.cat\/ins-intermunicipal\/wp-json\/wp\/v2\/pages\/43\/revisions"}],"predecessor-version":[{"id":4764,"href":"https:\/\/agora.xtec.cat\/ins-intermunicipal\/wp-json\/wp\/v2\/pages\/43\/revisions\/4764"}],"up":[{"embeddable":true,"href":"https:\/\/agora.xtec.cat\/ins-intermunicipal\/wp-json\/wp\/v2\/pages\/19"}],"wp:attachment":[{"href":"https:\/\/agora.xtec.cat\/ins-intermunicipal\/wp-json\/wp\/v2\/media?parent=43"}],"curies":[{"name":"wp","href":"https:\/\/api.w.org\/{rel}","templated":true}]}}