{"id":4118,"date":"2025-01-28T17:52:16","date_gmt":"2025-01-28T16:52:16","guid":{"rendered":"https:\/\/agora.xtec.cat\/ins-intermunicipal\/?page_id=4118"},"modified":"2025-01-29T11:36:07","modified_gmt":"2025-01-29T10:36:07","slug":"programa-ulae","status":"publish","type":"page","link":"https:\/\/agora.xtec.cat\/ins-intermunicipal\/programa-ulae\/","title":{"rendered":"Programa ULAE"},"content":{"rendered":"<p style=\"text-align: justify;\"><span style=\"color: #000000;\"><span style=\"font-family: Calibri, sans-serif;\"><span style=\"font-size: large;\">Una de les actuacions previstes en el desplegament del <\/span><\/span><\/span><strong><a href=\"https:\/\/educacio.gencat.cat\/ca\/departament\/linies-estrategiques\/pla-llengua-catalana\/index.html\" target=\"_blank\" rel=\"noopener\">Pla de promoci\u00f3 de l\u2019\u00fas de la llengua catalana als centres educatius<\/a><\/strong> <span style=\"color: #000000;\"><span style=\"font-family: Calibri, sans-serif;\"><span style=\"font-size: large;\">\u00e9s el taller de sensibilitzaci\u00f3 <\/span><\/span><\/span><a href=\"https:\/\/innovacio.xtec.gencat.cat\/programa\/3022\" target=\"_blank\" rel=\"noopener\">ULAE<\/a><span style=\"color: #000000;\"><span style=\"font-family: Calibri, sans-serif;\"><span style=\"font-size: large;\"> (Usos Ling\u00fc\u00edstics en l\u2019\u00c0mbit Educatiu) en el qual el nostre institut hi participa tant l\u2019actual any acad\u00e8mic<\/span><\/span><\/span> <span style=\"color: #000000;\"><span style=\"font-family: Calibri, sans-serif;\"><span style=\"font-size: large;\">2024-2025 com el seg\u00fcent, 2025-2026.<\/span><\/span><\/span><\/p>\n<p style=\"text-align: justify;\"><span style=\"color: #444444;\"><span style=\"font-family: Open Sans, Arial, Helvetica, sans-serif;\"><span style=\"font-size: xx-small;\"><span style=\"color: #000000;\"><span style=\"font-family: Calibri, sans-serif;\"><span style=\"font-size: large;\">Es tracta d\u2019un taller de sensibilitzaci\u00f3 que t\u00e9 com a objectiu proporcionar eines per millorar la gesti\u00f3 de la diversitat ling\u00fc\u00edstica en els centres educatius i incentivar l\u2019aprenentatge i l\u2019\u00fas del catal\u00e0 a <\/span><\/span><\/span><span style=\"color: #000000;\"><span style=\"font-family: Calibri, sans-serif;\"><span style=\"font-size: large;\">les escoles i instituts<\/span><\/span><\/span><span style=\"color: #000000;\"><span style=\"font-family: Calibri, sans-serif;\"><span style=\"font-size: large;\"> com un valor d\u2019enriquiment compartit, alhora que es vol generar en el<\/span><\/span><\/span><span style=\"color: #000000;\"><span style=\"font-family: Calibri, sans-serif;\"><span style=\"font-size: large;\">s<\/span><\/span><\/span><span style=\"color: #000000;\"><span style=\"font-family: Calibri, sans-serif;\"><span style=\"font-size: large;\"> centre<\/span><\/span><\/span><span style=\"color: #000000;\"><span style=\"font-family: Calibri, sans-serif;\"><span style=\"font-size: large;\">s<\/span><\/span><\/span><span style=\"color: #000000;\"><span style=\"font-family: Calibri, sans-serif;\"><span style=\"font-size: large;\"> una din\u00e0mica de reflexi\u00f3 continuada sobre els usos ling\u00fc\u00edstics.<\/span><\/span><\/span><\/span><\/span><\/span><\/p>\n<p style=\"text-align: justify;\"><span style=\"color: #000000;\"><span style=\"font-family: Calibri, sans-serif;\"><span style=\"font-size: large;\">Al seu torn, aquesta reflexi\u00f3 es materialitzar\u00e0 en l\u2019establiment d\u2019uns primers objectius de millora i d\u2019actuacions per a assolir-los, per tal que <\/span><\/span><\/span><span style=\"color: #000000;\"><span style=\"font-family: Calibri, sans-serif;\"><span style=\"font-size: large;\">cada <\/span><\/span><\/span><span style=\"color: #000000;\"><span style=\"font-family: Calibri, sans-serif;\"><span style=\"font-size: large;\">centre consensu\u00ef i apliqui estrat\u00e8gies organitzatives i metodol\u00f2giques, encaminades <\/span><\/span><\/span><span style=\"color: #000000;\"><span style=\"font-family: Calibri, sans-serif;\"><span style=\"font-size: large;\">a dos <\/span><\/span><\/span><span style=\"color: #000000;\"><span style=\"font-family: Calibri, sans-serif;\"><span style=\"font-size: large;\">grans prop\u00f2sits<\/span><\/span><\/span><span style=\"color: #000000;\"><span style=\"font-family: Calibri, sans-serif;\"><span style=\"font-size: large;\">:<\/span><\/span><\/span><\/p>\n<p style=\"text-align: justify;\"><span style=\"color: #000000;\"><span style=\"font-family: Calibri, sans-serif;\"><span style=\"font-size: large;\">&#8211; <\/span><\/span><\/span><span style=\"color: #000000;\"><span style=\"font-family: Calibri, sans-serif;\"><span style=\"font-size: large;\">Permetre que tot l\u2019alumnat assoleixi una s\u00f2lida compet\u00e8ncia comunicativa en catal\u00e0, castell\u00e0 i almenys en una llengua estrangera.<\/span><\/span><\/span><\/p>\n<p style=\"text-align: justify;\"><span style=\"color: #000000;\"><span style=\"font-family: Calibri, sans-serif;\"><span style=\"font-size: large;\">&#8211; Garantir que la llengua catalana sigui l\u2019eix vertebrador d\u2019una escola diversa i pluriling\u00fce.<\/span><\/span><\/span><\/p>\n<p style=\"text-align: justify;\"><span style=\"color: #000000;\"><span style=\"font-family: Calibri, sans-serif;\"><span style=\"font-size: large;\">Aix\u00ed mateix, caldr\u00e0 que les decisions que se\u2019n desprenguin es revisin i es repensin regularment per adaptar-les a un context educatiu que es troba en permanent proc\u00e9s de transformaci\u00f3.<\/span><\/span><\/span><\/p>\n<p style=\"text-align: justify;\"><span style=\"color: #000000;\"><span style=\"font-family: Calibri, sans-serif;\"><span style=\"font-size: large;\">El pla s\u2019estructura en 5 sessions<\/span><\/span><\/span><span style=\"color: #000000;\"><span style=\"font-family: Calibri, sans-serif;\"><span style=\"font-size: large;\">.<\/span><\/span><\/span><span style=\"color: #000000;\"><span style=\"font-family: Calibri, sans-serif;\"><span style=\"font-size: large;\"> A la primera sessi\u00f3 es treballa el punt de partida del centre. <\/span><\/span><\/span><span style=\"color: #000000;\"><span style=\"font-family: Calibri, sans-serif;\"><span style=\"font-size: large;\">L<\/span><\/span><\/span><span style=\"color: #000000;\"><span style=\"font-family: Calibri, sans-serif;\"><span style=\"font-size: large;\">a segona sessi\u00f3 <\/span><\/span><\/span><span style=\"color: #000000;\"><span style=\"font-family: Calibri, sans-serif;\"><span style=\"font-size: large;\">s\u2019enfoca<\/span><\/span><\/span><span style=\"color: #000000;\"><span style=\"font-family: Calibri, sans-serif;\"><span style=\"font-size: large;\"> a parlar per aprendre la llengua; a continuaci\u00f3, a la tercera, <\/span><\/span><\/span><span style=\"color: #000000;\"><span style=\"font-family: Calibri, sans-serif;\"><span style=\"font-size: large;\">es recorda que <\/span><\/span><\/span><span style=\"color: #000000;\"><span style=\"font-family: Calibri, sans-serif;\"><span style=\"font-size: large;\">el docent <\/span><\/span><\/span><span style=\"color: #000000;\"><span style=\"font-family: Calibri, sans-serif;\"><span style=\"font-size: large;\">\u00e9s un<\/span><\/span><\/span><span style=\"color: #000000;\"><span style=\"font-family: Calibri, sans-serif;\"><span style=\"font-size: large;\"> model ling\u00fc\u00edstic <\/span><\/span><\/span><span style=\"color: #000000;\"><span style=\"font-family: Calibri, sans-serif;\"><span style=\"font-size: large;\">en <\/span><\/span><\/span><span style=\"color: #000000;\"><span style=\"font-family: Calibri, sans-serif;\"><span style=\"font-size: large;\">una escola diversa. A la quarta sessi\u00f3 es treballa la llengua i la comunicaci\u00f3 amb les fam\u00edlies i l\u2019entorn educatiu i per \u00faltim, a la cinquena sessi\u00f3, <\/span><\/span><\/span><span style=\"color: #000000;\"><span style=\"font-family: Calibri, sans-serif;\"><span style=\"font-size: large;\">es focalitza en el fet <\/span><\/span><\/span><span style=\"color: #000000;\"><span style=\"font-family: Calibri, sans-serif;\"><span style=\"font-size: large;\">que la llengua catalana esdevingui l\u2019eix vertebrador d<\/span><\/span><\/span><span style=\"color: #000000;\"><span style=\"font-family: Calibri, sans-serif;\"><span style=\"font-size: large;\">e l\u2019actuaci\u00f3 educativa.<\/span><\/span><\/span><\/p>\n","protected":false},"excerpt":{"rendered":"<p>Una de les actuacions previstes en el desplegament del <a href=\"https:\/\/educacio.gencat.cat\/ca\/departament\/linies-estrategiques\/pla-llengua-catalana\/index.html\" target=\"_blank\" rel=\"noopener\">Pla de promoci\u00f3 de l\u2019\u00fas de la llengua catalana als centres educatius<\/a> \u00e9s el taller de sensibilitzaci\u00f3 <a href=\"https:\/\/innovacio.xtec.gencat.cat\/programa\/3022\" target=\"_blank\" rel=\"noopener\">ULAE<\/a> (Usos Ling\u00fc\u00edstics en l\u2019\u00c0mbit Educatiu) en el qual el nostre institut hi&hellip;  <a href=\"https:\/\/agora.xtec.cat\/ins-intermunicipal\/programa-ulae\/\" title=\"Read Programa ULAE\">Llegeix m\u00e9s\u00bb<\/a><\/p>\n","protected":false},"author":6,"featured_media":0,"parent":0,"menu_order":0,"comment_status":"closed","ping_status":"closed","template":"","meta":{"_bbp_topic_count":0,"_bbp_reply_count":0,"_bbp_total_topic_count":0,"_bbp_total_reply_count":0,"_bbp_voice_count":0,"_bbp_anonymous_reply_count":0,"_bbp_topic_count_hidden":0,"_bbp_reply_count_hidden":0,"_bbp_forum_subforum_count":0,"footnotes":""},"class_list":["post-4118","page","type-page","status-publish","hentry"],"post_mailing_queue_ids":[],"_links":{"self":[{"href":"https:\/\/agora.xtec.cat\/ins-intermunicipal\/wp-json\/wp\/v2\/pages\/4118","targetHints":{"allow":["GET"]}}],"collection":[{"href":"https:\/\/agora.xtec.cat\/ins-intermunicipal\/wp-json\/wp\/v2\/pages"}],"about":[{"href":"https:\/\/agora.xtec.cat\/ins-intermunicipal\/wp-json\/wp\/v2\/types\/page"}],"author":[{"embeddable":true,"href":"https:\/\/agora.xtec.cat\/ins-intermunicipal\/wp-json\/wp\/v2\/users\/6"}],"replies":[{"embeddable":true,"href":"https:\/\/agora.xtec.cat\/ins-intermunicipal\/wp-json\/wp\/v2\/comments?post=4118"}],"version-history":[{"count":3,"href":"https:\/\/agora.xtec.cat\/ins-intermunicipal\/wp-json\/wp\/v2\/pages\/4118\/revisions"}],"predecessor-version":[{"id":4122,"href":"https:\/\/agora.xtec.cat\/ins-intermunicipal\/wp-json\/wp\/v2\/pages\/4118\/revisions\/4122"}],"wp:attachment":[{"href":"https:\/\/agora.xtec.cat\/ins-intermunicipal\/wp-json\/wp\/v2\/media?parent=4118"}],"curies":[{"name":"wp","href":"https:\/\/api.w.org\/{rel}","templated":true}]}}