{"id":3664,"date":"2024-10-14T13:31:58","date_gmt":"2024-10-14T11:31:58","guid":{"rendered":"https:\/\/agora.xtec.cat\/ins-intermunicipal\/?page_id=3664"},"modified":"2024-10-14T13:45:48","modified_gmt":"2024-10-14T11:45:48","slug":"aula-creactiva","status":"publish","type":"page","link":"https:\/\/agora.xtec.cat\/ins-intermunicipal\/aula-creactiva\/","title":{"rendered":"Programa Aula CreActiva"},"content":{"rendered":"<p style=\"text-align: justify;\"><span style=\"font-weight: 400;\">L\u2019Aula Creactiva vol promoure la creaci\u00f3 d\u2019entorns i experi\u00e8ncies d\u2019aprenentatge significatives que afavoreixin el desenvolupament de l\u2019alumnat com a persones cr\u00edtiques, responsables i transformadores del seu entorn, amb un paper clau en la resoluci\u00f3 de reptes del m\u00f3n real mitjan\u00e7ant solucions creatives i innovadores.<\/span><\/p>\n<p style=\"text-align: justify;\"><span style=\"font-weight: 400;\">Pret\u00e9n ser l\u2019espai de refer\u00e8ncia del nostre institut que permeti impulsar l\u2019aprenentatge amb sentit a trav\u00e9s del treball interdisciplinari i els plantejaments de la metodologia &#8220;maker\u201d i de les possibilitats educatives de la fabricaci\u00f3 digital.<\/span><\/p>\n<p><span style=\"color: #339966;\"><b>Objectius de l&#8217;Aula Creactiva:<\/b><\/span><\/p>\n<ul>\n<li style=\"font-weight: 400;\" aria-level=\"1\"><span style=\"font-weight: 400;\">Impulsar la metodologia Maker (Aprendre fent) a les aules fent \u00fas de les noves tecnologies.<\/span><\/li>\n<li style=\"font-weight: 400;\" aria-level=\"1\"><span style=\"font-weight: 400;\">Promoure el treball interdisciplinari dins del claustre a trav\u00e9s dels equips docents.<\/span><\/li>\n<li style=\"font-weight: 400;\" aria-level=\"1\"><span style=\"font-weight: 400;\">Ser l\u2019espai de refer\u00e8ncia de la transformaci\u00f3 educativa, tant per l\u2019alumnat com pel professorat.<\/span><\/li>\n<\/ul>\n","protected":false},"excerpt":{"rendered":"<p>L\u2019Aula Creactiva vol promoure la creaci\u00f3 d\u2019entorns i experi\u00e8ncies d\u2019aprenentatge significatives que afavoreixin el desenvolupament de l\u2019alumnat com a persones cr\u00edtiques, responsables i transformadores del seu entorn, amb un paper clau en la resoluci\u00f3 de reptes del m\u00f3n real mitjan\u00e7ant solucions creatives i innovadores.<br \/>\nPret\u00e9n ser&hellip;  <a href=\"https:\/\/agora.xtec.cat\/ins-intermunicipal\/aula-creactiva\/\" title=\"Read Programa Aula CreActiva\">Llegeix m\u00e9s\u00bb<\/a><\/p>\n","protected":false},"author":6,"featured_media":0,"parent":0,"menu_order":0,"comment_status":"closed","ping_status":"closed","template":"","meta":{"_bbp_topic_count":0,"_bbp_reply_count":0,"_bbp_total_topic_count":0,"_bbp_total_reply_count":0,"_bbp_voice_count":0,"_bbp_anonymous_reply_count":0,"_bbp_topic_count_hidden":0,"_bbp_reply_count_hidden":0,"_bbp_forum_subforum_count":0,"footnotes":""},"class_list":["post-3664","page","type-page","status-publish","hentry"],"post_mailing_queue_ids":[],"_links":{"self":[{"href":"https:\/\/agora.xtec.cat\/ins-intermunicipal\/wp-json\/wp\/v2\/pages\/3664","targetHints":{"allow":["GET"]}}],"collection":[{"href":"https:\/\/agora.xtec.cat\/ins-intermunicipal\/wp-json\/wp\/v2\/pages"}],"about":[{"href":"https:\/\/agora.xtec.cat\/ins-intermunicipal\/wp-json\/wp\/v2\/types\/page"}],"author":[{"embeddable":true,"href":"https:\/\/agora.xtec.cat\/ins-intermunicipal\/wp-json\/wp\/v2\/users\/6"}],"replies":[{"embeddable":true,"href":"https:\/\/agora.xtec.cat\/ins-intermunicipal\/wp-json\/wp\/v2\/comments?post=3664"}],"version-history":[{"count":4,"href":"https:\/\/agora.xtec.cat\/ins-intermunicipal\/wp-json\/wp\/v2\/pages\/3664\/revisions"}],"predecessor-version":[{"id":3669,"href":"https:\/\/agora.xtec.cat\/ins-intermunicipal\/wp-json\/wp\/v2\/pages\/3664\/revisions\/3669"}],"wp:attachment":[{"href":"https:\/\/agora.xtec.cat\/ins-intermunicipal\/wp-json\/wp\/v2\/media?parent=3664"}],"curies":[{"name":"wp","href":"https:\/\/api.w.org\/{rel}","templated":true}]}}