{"id":2788,"date":"2024-04-30T11:53:04","date_gmt":"2024-04-30T09:53:04","guid":{"rendered":"https:\/\/agora.xtec.cat\/ins-intermunicipal\/?page_id=2788"},"modified":"2024-07-12T12:06:02","modified_gmt":"2024-07-12T10:06:02","slug":"beques-i-ajuts-a-lescolaritzacio-curs-2024-25","status":"publish","type":"page","link":"https:\/\/agora.xtec.cat\/ins-intermunicipal\/beques-i-ajuts-a-lescolaritzacio-curs-2024-25\/","title":{"rendered":"Beques i ajuts a l&#8217;escolaritzaci\u00f3 &#8211; Curs 2024\/25"},"content":{"rendered":"<p><strong>Beques per alumnat NESE Curs 2024\/25<\/strong><\/p>\n<p style=\"font-weight: 400;\">Us informem que s\u2019ha publicat la convocat\u00f2ria d\u2019ajuts per alumnat amb necessitat espec\u00edfica de suport educatiu per al curs\u00a0<strong>2024-25<\/strong>.<\/p>\n<p style=\"font-weight: 400;\">\u00a0Informaci\u00f3 a destacar:<\/p>\n<ul style=\"font-weight: 400;\">\n<li>Termini de presentaci\u00f3 de sol\u00b7licituds:\u00a0<strong>del 30 d&#8217;abril al 13 de setembre de 2024<\/strong>.<\/li>\n<li>Segueix vigent el &#8220;Subsidi per a despeses generals derivades de discapacitat&#8221; de\u00a0<u>400\u20ac<\/u><\/li>\n<li>Els llindars econ\u00f2mics s&#8217;han incrementat aquest any en un\u00a0<strong>5%\u00a0<\/strong>( llindars per Unitat Familiar:\u00a0 p\u00e0g. 4)\u00a0 &#8211; Requisits econ\u00f2mics i situaci\u00f3 familiar\u00a0 a 31\/12\/2023<\/li>\n<li>Novetat: la discapacitat per poder sol\u00b7licitar l\u2019ajut es reconeix amb un\u00a0<strong>grau m\u00ednim del\u00a025%<\/strong>\u00a0&#8211; p\u00e0g. 1\u00a0 (Per\u00f2 atenci\u00f3, per\u00a0<u>desgravar<\/u>\u00a0al c\u00e0lcul de la renda la situaci\u00f3 de discapacitat segueix sent un\u00a0<strong>33%<\/strong>\u00a0a 31\/12\/2023\u00a0 -p\u00e0g. 6 &#8220;Deduccions&#8221;)<\/li>\n<\/ul>\n<p style=\"font-weight: 400;\">Trobareu m\u00e9s informaci\u00f3 sobre aquest tr\u00e0mit en els enlla\u00e7os del Ministerio de Educaci\u00f3n y Formaci\u00f3n Profesional i del Departament d&#8217;Educaci\u00f3:<\/p>\n<p style=\"font-weight: 400;\"><a href=\"https:\/\/www.becaseducacion.gob.es\/becas-y-ayudas.html\" data-saferedirecturl=\"https:\/\/www.google.com\/url?q=https:\/\/www.becaseducacion.gob.es\/becas-y-ayudas.html&amp;source=gmail&amp;ust=1714735984888000&amp;usg=AOvVaw2PtXMm2OXWcQV9Ns9XhAf3\">https:\/\/www.becaseducacion.gob.es\/becas-y-ayudas.html<\/a><\/p>\n<p style=\"font-weight: 400;\"><a href=\"https:\/\/educacio.gencat.cat\/ca\/serveis-tramits\/beques\/ajuts-nese\/\" data-saferedirecturl=\"https:\/\/www.google.com\/url?q=https:\/\/educacio.gencat.cat\/ca\/serveis-tramits\/beques\/ajuts-nese\/&amp;source=gmail&amp;ust=1714735984888000&amp;usg=AOvVaw2W4njNK6xCBTyZzFloWVDF\">https:\/\/educacio.gencat.cat\/ca\/serveis-tramits\/beques\/ajuts-nese\/<\/a><\/p>\n<hr \/>\n<p><strong>Beques estudis postobligatoris (FP, Batxillerat, altres) Curs 2024\/25<\/strong><\/p>\n<p>Beques convocades pel Ministeri d\u2019Educaci\u00f3 i Formaci\u00f3 Professional per a estudiants que el curs acad\u00e8mic 2024-2025 cursaran ensenyaments postobligatoris.<\/p>\n<p>A qui va dirigit?<\/p>\n<p>A estudiants dels seg\u00fcents\u00a0<strong>ensenyaments postobligatoris i superiors no universitaris<\/strong>:<\/p>\n<ul class=\"llista-especial\">\n<li>Primers i segons cursos de batxillerat<\/li>\n<li>Formaci\u00f3 professional de grau mitj\u00e0 i de grau superior<\/li>\n<li>Ensenyaments art\u00edstics professionals<\/li>\n<li>Ensenyaments esportius<\/li>\n<li>Ensenyaments art\u00edstics superiors<\/li>\n<li>Estudis d\u2019idiomes en escoles oficials (inclosa la modalitat de dist\u00e0ncia)<\/li>\n<li>Cursos d\u2019acc\u00e9s i cursos de preparaci\u00f3 per a les proves d\u2019acc\u00e9s a la formaci\u00f3 professional i cursos de formaci\u00f3 espec\u00edfics per a l\u2019acc\u00e9s als cicles de grau mitj\u00e0 i de grau superior impartits en centres p\u00fablics i en centres privats<\/li>\n<li>Cicles formatius de grau b\u00e0sic<\/li>\n<\/ul>\n<p><em>** No es concedir\u00e0 beca als alumnes que repeteixin curs ni als que a l\u2019avaluaci\u00f3 de juny els hi va quedar m\u00e9s d\u2019una mat\u00e8ria suspesa.<\/em><\/p>\n<p>Termini per presentar la\u00a0<strong><a href=\"https:\/\/educacio.gencat.cat\/ca\/tramits\/tramits-temes\/247-beques-ministerio-postobligatoris?moda=1\" target=\"_blank\" rel=\"noopener\">sol\u00b7licitud<\/a><\/strong>:\u00a0<strong>del 19 de mar\u00e7 a les 9 hores fins al 10 de maig de 2024 a les 15 hores<\/strong><b>.<\/b><\/p>\n<p>M\u00e9s informaci\u00f3:\u00a0\u00a0<a href=\"https:\/\/educacio.gencat.cat\/ca\/serveis-tramits\/beques\/beques-postobligatoris\/\" target=\"_blank\" rel=\"noopener noreferrer\">Departament d\u2019Educaci\u00f3<\/a><\/p>\n<p><a href=\"http:\/\/web.gencat.cat\/ca\/tramits\/tramits-temes\/Beques-de-caracter-general-per-a-estudis-postobligatoris?category=7449fd1c-a82c-11e3-a972-000c29052e2c&amp;vmode=normativa\" target=\"_blank\" rel=\"noopener noreferrer\">Normativa aplicable<\/a><\/p>\n<hr \/>\n<p><strong>Ajuts a l&#8217;escolaritzaci\u00f3 &#8211; Ajuntament de Sant Lloren\u00e7 d&#8217;Hortons:<\/strong> <strong><a href=\"https:\/\/drive.google.com\/drive\/folders\/12G0FK_hl5EfRFhYRxLcN5ZRUh6Ah8iTY?usp=drive_link\" target=\"_blank\" rel=\"noopener\">sol\u00b7licitud<\/a><\/strong><\/p>\n<p><strong>Ajuts a l&#8217;escolaritzaci\u00f3 &#8211; Ajuntament de Sant Sadurn\u00ed d&#8217;Anoia: <a href=\"https:\/\/santsadurni.cat\/document.php?id=20789\" target=\"_blank\" rel=\"noopener\">sol\u00b7licitud<\/a><\/strong><\/p>\n","protected":false},"excerpt":{"rendered":"<p>Beques per alumnat NESE Curs 2024\/25<br \/>\nUs informem que s\u2019ha publicat la convocat\u00f2ria d\u2019ajuts per alumnat amb necessitat espec\u00edfica de suport educatiu per al curs\u00a02024-25.<br \/>\n\u00a0Informaci\u00f3 a destacar:<\/p>\n<ul style=\"font-weight: 400;\">\n<li>Termini de presentaci\u00f3 de sol\u00b7licituds:\u00a0del 30 d&#8217;abril al 13 de setembre de 2024.<\/li>\n<li>Segueix vigent el &#8220;Subsidi per a&hellip;  <a href=\"https:\/\/agora.xtec.cat\/ins-intermunicipal\/beques-i-ajuts-a-lescolaritzacio-curs-2024-25\/\" title=\"Read Beques i ajuts a l&#8217;escolaritzaci\u00f3 &#8211; Curs 2024\/25\">Llegeix m\u00e9s\u00bb<\/a><br \/>\n","protected":false},"author":6,"featured_media":0,"parent":0,"menu_order":0,"comment_status":"closed","ping_status":"closed","template":"","meta":{"_bbp_topic_count":0,"_bbp_reply_count":0,"_bbp_total_topic_count":0,"_bbp_total_reply_count":0,"_bbp_voice_count":0,"_bbp_anonymous_reply_count":0,"_bbp_topic_count_hidden":0,"_bbp_reply_count_hidden":0,"_bbp_forum_subforum_count":0,"footnotes":""},"class_list":["post-2788","page","type-page","status-publish","hentry"],"post_mailing_queue_ids":[],"_links":{"self":[{"href":"https:\/\/agora.xtec.cat\/ins-intermunicipal\/wp-json\/wp\/v2\/pages\/2788","targetHints":{"allow":["GET"]}}],"collection":[{"href":"https:\/\/agora.xtec.cat\/ins-intermunicipal\/wp-json\/wp\/v2\/pages"}],"about":[{"href":"https:\/\/agora.xtec.cat\/ins-intermunicipal\/wp-json\/wp\/v2\/types\/page"}],"author":[{"embeddable":true,"href":"https:\/\/agora.xtec.cat\/ins-intermunicipal\/wp-json\/wp\/v2\/users\/6"}],"replies":[{"embeddable":true,"href":"https:\/\/agora.xtec.cat\/ins-intermunicipal\/wp-json\/wp\/v2\/comments?post=2788"}],"version-history":[{"count":4,"href":"https:\/\/agora.xtec.cat\/ins-intermunicipal\/wp-json\/wp\/v2\/pages\/2788\/revisions"}],"predecessor-version":[{"id":3352,"href":"https:\/\/agora.xtec.cat\/ins-intermunicipal\/wp-json\/wp\/v2\/pages\/2788\/revisions\/3352"}],"wp:attachment":[{"href":"https:\/\/agora.xtec.cat\/ins-intermunicipal\/wp-json\/wp\/v2\/media?parent=2788"}],"curies":[{"name":"wp","href":"https:\/\/api.w.org\/{rel}","templated":true}]}}