{"id":2691,"date":"2024-04-23T13:06:06","date_gmt":"2024-04-23T11:06:06","guid":{"rendered":"https:\/\/agora.xtec.cat\/ins-intermunicipal\/?page_id=2691"},"modified":"2024-07-19T11:45:31","modified_gmt":"2024-07-19T09:45:31","slug":"formacio-professional","status":"publish","type":"page","link":"https:\/\/agora.xtec.cat\/ins-intermunicipal\/formacio-professional\/","title":{"rendered":"FORMACI\u00d3 PROFESSIONAL"},"content":{"rendered":"<p><span style=\"color: #008000;\"><strong>Distribuci\u00f3 de mat\u00e8ries a la Formaci\u00f3 Professional (sessions de 60 minuts):<\/strong><\/span><\/p>\n<table style=\"width: 53.8397%; height: 769px;\">\n<tbody>\n<tr style=\"height: 36px;\">\n<td style=\"background-color: #e5fae1; width: 74.1454%; height: 36px; text-align: center; vertical-align: middle;\" colspan=\"6\"><span style=\"text-decoration: underline;\"><span style=\"color: #008000;\"><b><br \/>\n<\/b><\/span><\/span><strong><span style=\"color: #008000;\">FAM\u00cdLIA D&#8217;ADMINISTRACI\u00d3 I GESTI\u00d3<\/span><\/strong><\/td>\n<\/tr>\n<tr style=\"height: 32px;\">\n<td style=\"height: 32px; background-color: #e5fae1;\" colspan=\"4\"><span style=\"text-decoration: underline;\"><span style=\"color: #008000;\"><b>CFGM de Gesti\u00f3 Administrativa <\/b><\/span><\/span><span style=\"color: #008000;\"><b>(2 cursos)<\/b><\/span><\/td>\n<td style=\"height: 32px; background-color: #e5fae1; width: 12.3636%; text-align: center;\"><strong><span style=\"color: #008000;\">AD1<\/span><\/strong><\/td>\n<td style=\"height: 32px; background-color: #e5fae1; width: 12.3636%; text-align: center;\"><strong><span style=\"color: #008000;\">AD2<\/span><\/strong><\/td>\n<\/tr>\n<tr style=\"height: 10px;\">\n<td style=\"height: 10px; width: 74.1454%;\" colspan=\"4\"><span style=\"color: #008000;\"><strong>0437 &#8211; Comunicaci\u00f3 empresarial i atenci\u00f3 al client<\/strong><\/span><\/td>\n<td style=\"height: 10px; width: 12.3636%; text-align: center;\"><span style=\"color: #008000;\"><strong>3<\/strong><\/span><\/td>\n<td style=\"height: 10px; width: 12.3636%; text-align: center;\"><span style=\"color: #008000;\"><strong>&#8211;<\/strong><\/span><\/td>\n<\/tr>\n<tr style=\"height: 11px;\">\n<td style=\"height: 11px; width: 74.1454%;\" colspan=\"4\"><span style=\"color: #008000;\"><strong>0438 &#8211; Operacions administratives de compravenda<\/strong><\/span><\/td>\n<td style=\"height: 11px; width: 12.3636%; text-align: center;\"><span style=\"color: #008000;\"><strong>4<\/strong><\/span><\/td>\n<td style=\"height: 11px; width: 12.3636%; text-align: center;\"><span style=\"color: #008000;\"><strong>&#8211;<\/strong><\/span><\/td>\n<\/tr>\n<tr style=\"height: 10px;\">\n<td style=\"height: 10px; width: 74.1454%;\" colspan=\"4\"><span style=\"color: #008000;\"><strong>0439 &#8211; Empresa i Administraci\u00f3<\/strong><\/span><\/td>\n<td style=\"height: 10px; width: 12.3636%; text-align: center;\"><span style=\"color: #008000;\"><strong>3<\/strong><\/span><\/td>\n<td style=\"height: 10px; width: 12.3636%; text-align: center;\"><span style=\"color: #008000;\"><strong>&#8211;<\/strong><\/span><\/td>\n<\/tr>\n<tr style=\"height: 14px;\">\n<td style=\"height: 14px; width: 74.1454%;\" colspan=\"4\"><span style=\"color: #008000;\"><strong>0440 &#8211; Tractament inform\u00e0tic de la informaci\u00f3<\/strong><\/span><\/td>\n<td style=\"height: 14px; width: 12.3636%; text-align: center;\"><span style=\"color: #008000;\"><strong>5<\/strong><\/span><\/td>\n<td style=\"height: 14px; width: 12.3636%; text-align: center;\"><span style=\"color: #008000;\"><strong>&#8211;<\/strong><\/span><\/td>\n<\/tr>\n<tr style=\"height: 10px;\">\n<td style=\"height: 10px; width: 74.1454%;\" colspan=\"4\"><span style=\"color: #008000;\"><strong>0441 &#8211; T\u00e8cnica comptable<\/strong><\/span><\/td>\n<td style=\"height: 10px; width: 12.3636%; text-align: center;\"><span style=\"color: #008000;\"><strong>3<\/strong><\/span><\/td>\n<td style=\"height: 10px; width: 12.3636%; text-align: center;\"><span style=\"color: #008000;\"><strong>&#8211;<\/strong><\/span><\/td>\n<\/tr>\n<tr style=\"height: 10px;\">\n<td style=\"height: 10px; width: 74.1454%;\" colspan=\"4\"><span style=\"color: #008000;\"><strong>0442 &#8211; Operacions administratives de recursos humans<\/strong><\/span><\/td>\n<td style=\"height: 10px; width: 12.3636%; text-align: center;\"><span style=\"color: #008000;\"><strong>3<\/strong><\/span><\/td>\n<td style=\"height: 10px; width: 12.3636%; text-align: center;\"><span style=\"color: #008000;\"><strong>&#8211;<\/strong><\/span><\/td>\n<\/tr>\n<tr style=\"height: 10px;\">\n<td style=\"height: 10px; width: 74.1454%;\" colspan=\"4\"><span style=\"color: #008000;\"><strong>C056 &#8211; Catal\u00e0 professional<\/strong><\/span><\/td>\n<td style=\"height: 10px; width: 12.3636%; text-align: center;\"><span style=\"color: #008000;\"><strong>2<\/strong><\/span><\/td>\n<td style=\"height: 10px; width: 12.3636%; text-align: center;\"><span style=\"color: #008000;\"><strong>&#8211;<\/strong><\/span><\/td>\n<\/tr>\n<tr style=\"height: 10px;\">\n<td style=\"height: 10px; width: 74.1454%;\" colspan=\"4\"><span style=\"color: #008000;\"><strong>1709 &#8211; Itinerari personal per a l\u2019ocupabilitat I<\/strong><\/span><\/td>\n<td style=\"height: 10px; width: 12.3636%; text-align: center;\"><span style=\"color: #008000;\"><strong>3<\/strong><\/span><\/td>\n<td style=\"height: 10px; width: 12.3636%; text-align: center;\"><span style=\"color: #008000;\"><strong>&#8211;<\/strong><\/span><\/td>\n<\/tr>\n<tr style=\"height: 10px;\">\n<td style=\"height: 22px; width: 74.1454%;\" colspan=\"4\"><span style=\"color: #008000;\"><strong>MP03 &#8211; Operacions administratives de recursos humans<\/strong><\/span><\/td>\n<td style=\"height: 22px; width: 12.3636%; text-align: center;\"><span style=\"color: #008000;\"><strong>&#8211;<\/strong><\/span><\/td>\n<td style=\"height: 22px; width: 12.3636%; text-align: center;\"><span style=\"color: #008000;\"><strong>3<\/strong><\/span><\/td>\n<\/tr>\n<tr style=\"height: 10px;\">\n<td style=\"height: 14px; width: 74.1454%;\" colspan=\"4\"><span style=\"color: #008000;\"><strong>MP04 &#8211; Operacions auxiliars de gesti\u00f3 de tresoreria<\/strong><\/span><\/td>\n<td style=\"height: 14px; width: 12.3636%; text-align: center;\"><span style=\"color: #008000;\"><strong>&#8211;<\/strong><\/span><\/td>\n<td style=\"height: 14px; width: 12.3636%; text-align: center;\"><span style=\"color: #008000;\"><strong>4<\/strong><\/span><\/td>\n<\/tr>\n<tr style=\"height: 10px;\">\n<td style=\"height: 22px; width: 74.1454%;\" colspan=\"4\"><span style=\"color: #008000;\"><strong>MP06 &#8211; Tractament de la documentaci\u00f3 comptable<\/strong><\/span><\/td>\n<td style=\"height: 22px; width: 12.3636%; text-align: center;\"><span style=\"color: #008000;\"><strong>&#8211;<\/strong><\/span><\/td>\n<td style=\"height: 22px; width: 12.3636%; text-align: center;\"><span style=\"color: #008000;\"><strong>4<\/strong><\/span><\/td>\n<\/tr>\n<tr style=\"height: 10px;\">\n<td style=\"height: 22px; width: 74.1454%;\" colspan=\"4\"><span style=\"color: #008000;\"><strong>MP07 &#8211; Tractament inform\u00e0tic de la informaci\u00f3<\/strong><\/span><\/td>\n<td style=\"height: 22px; width: 12.3636%; text-align: center;\"><span style=\"color: #008000;\"><strong>&#8211;<\/strong><\/span><\/td>\n<td style=\"height: 22px; width: 12.3636%; text-align: center;\"><span style=\"color: #008000;\"><strong>3<\/strong><\/span><\/td>\n<\/tr>\n<tr style=\"height: 10px;\">\n<td style=\"height: 20px; width: 74.1454%;\" colspan=\"4\"><span style=\"color: #008000;\"><strong>MP10 &#8211; Empresa a l&#8217;aula<\/strong><\/span><\/td>\n<td style=\"height: 20px; width: 12.3636%; text-align: center;\"><span style=\"color: #008000;\"><strong>&#8211;<\/strong><\/span><\/td>\n<td style=\"height: 20px; width: 12.3636%; text-align: center;\"><span style=\"color: #008000;\"><strong>8<\/strong><\/span><\/td>\n<\/tr>\n<tr style=\"height: 10px;\">\n<td style=\"height: 10px; width: 74.1454%;\" colspan=\"4\"><span style=\"color: #008000;\"><strong>MP12 &#8211; Formaci\u00f3 en centres de treball<\/strong><\/span><\/td>\n<td style=\"height: 10px; width: 12.3636%; text-align: center;\"><span style=\"color: #008000;\"><strong>&#8211;<\/strong><\/span><\/td>\n<td style=\"height: 10px; width: 12.3636%; text-align: center;\"><span style=\"color: #008000;\"><strong>416 (total)<\/strong><\/span><\/td>\n<\/tr>\n<tr style=\"height: 25px;\">\n<td style=\"height: 25px; width: 74.1454%; background-color: #e5fae1;\" colspan=\"4\"><span style=\"text-decoration: underline;\"><span style=\"color: #008000;\"><b>CFGS d\u2019Administraci\u00f3 i Finances (2 cursos)<\/b><\/span><\/span><\/td>\n<td style=\"height: 25px; width: 12.3636%; text-align: center; background-color: #e5fae1;\"><span style=\"color: #008000;\"><strong>AF1<\/strong><\/span><\/td>\n<td style=\"height: 25px; width: 12.3636%; text-align: center; background-color: #e5fae1;\"><span style=\"color: #008000;\"><strong>AF2<\/strong><\/span><\/td>\n<\/tr>\n<tr style=\"height: 29px;\">\n<td style=\"height: 29px; width: 74.1454%;\" colspan=\"4\"><span style=\"color: #008000;\"><strong>0647 &#8211; Gesti\u00f3 de la documentaci\u00f3 jur\u00eddica i empresarial<\/strong><\/span><\/td>\n<td style=\"height: 29px; width: 12.3636%; text-align: center;\"><span style=\"color: #008000;\"><strong>2<\/strong><\/span><\/td>\n<td style=\"height: 29px; width: 12.3636%; text-align: center;\"><span style=\"color: #008000;\"><strong>&#8211;<\/strong><\/span><\/td>\n<\/tr>\n<tr style=\"height: 26px;\">\n<td style=\"height: 26px; width: 74.1454%;\" colspan=\"4\"><span style=\"color: #008000;\"><strong>0649 &#8211; Ofim\u00e0tica i proc\u00e9s de la informaci\u00f3<\/strong><\/span><\/td>\n<td style=\"height: 26px; width: 12.3636%; text-align: center;\"><span style=\"color: #008000;\"><strong>4<\/strong><\/span><\/td>\n<td style=\"height: 26px; width: 12.3636%; text-align: center;\"><span style=\"color: #008000;\"><strong>&#8211;<\/strong><\/span><\/td>\n<\/tr>\n<tr style=\"height: 26px;\">\n<td style=\"height: 26px; width: 74.1454%;\" colspan=\"4\"><span style=\"color: #008000;\"><strong>0650 &#8211; Proc\u00e9s integral de l\u2019activitat empresarial<\/strong><\/span><\/td>\n<td style=\"height: 26px; width: 12.3636%; text-align: center;\"><span style=\"color: #008000;\"><strong>4<\/strong><\/span><\/td>\n<td style=\"height: 26px; width: 12.3636%; text-align: center;\"><span style=\"color: #008000;\"><strong>&#8211;<\/strong><\/span><\/td>\n<\/tr>\n<tr style=\"height: 19px;\">\n<td style=\"height: 19px; width: 74.1454%;\" colspan=\"4\"><span style=\"color: #008000;\"><strong>0651 &#8211; Comunicaci\u00f3 i atenci\u00f3 al client<\/strong><\/span><\/td>\n<td style=\"height: 19px; width: 12.3636%; text-align: center;\"><span style=\"color: #008000;\"><strong>4<\/strong><\/span><\/td>\n<td style=\"height: 19px; width: 12.3636%; text-align: center;\"><span style=\"color: #008000;\"><strong>&#8211;<\/strong><\/span><\/td>\n<\/tr>\n<tr style=\"height: 38px;\">\n<td style=\"height: 38px; width: 74.1454%;\" colspan=\"4\"><span style=\"color: #008000;\"><strong>0652 &#8211; Gesti\u00f3 de recursos humans<\/strong><\/span><\/td>\n<td style=\"height: 38px; width: 12.3636%; text-align: center;\"><span style=\"color: #008000;\"><strong>2<\/strong><\/span><\/td>\n<td style=\"height: 38px; width: 12.3636%; text-align: center;\"><span style=\"color: #008000;\"><strong>&#8211;<\/strong><\/span><\/td>\n<\/tr>\n<tr style=\"height: 17px;\">\n<td style=\"height: 17px; width: 74.1454%;\" colspan=\"4\"><span style=\"color: #008000;\"><strong>0655 &#8211; Gesti\u00f3 log\u00edstica i comercial<\/strong><\/span><\/td>\n<td style=\"height: 17px; width: 12.3636%; text-align: center;\"><span style=\"color: #008000;\"><strong>2<\/strong><\/span><\/td>\n<td style=\"height: 17px; width: 12.3636%; text-align: center;\"><span style=\"color: #008000;\"><strong>&#8211;<\/strong><\/span><\/td>\n<\/tr>\n<tr style=\"height: 22px;\">\n<td style=\"height: 22px; width: 74.1454%;\" colspan=\"4\"><span style=\"color: #008000;\"><strong>C076 &#8211; Catal\u00e0 professional<\/strong><\/span><\/td>\n<td style=\"height: 22px; width: 12.3636%; text-align: center;\"><span style=\"color: #008000;\"><strong>2<\/strong><\/span><\/td>\n<td style=\"height: 22px; width: 12.3636%; text-align: center;\"><span style=\"color: #008000;\"><strong>&#8211;<\/strong><\/span><\/td>\n<\/tr>\n<tr style=\"height: 30px;\">\n<td style=\"height: 30px; width: 74.1454%;\" colspan=\"4\"><span style=\"color: #008000;\"><strong>0179 &#8211; Angl\u00e8s professional<\/strong><\/span><\/td>\n<td style=\"height: 30px; width: 12.3636%; text-align: center;\"><span style=\"color: #008000;\"><strong>2<\/strong><\/span><\/td>\n<td style=\"height: 30px; width: 12.3636%; text-align: center;\"><span style=\"color: #008000;\"><strong>&#8211;<\/strong><\/span><\/td>\n<\/tr>\n<tr style=\"height: 18px;\">\n<td style=\"height: 18px; width: 74.1454%;\" colspan=\"4\"><span style=\"color: #008000;\"><strong>1709 &#8211; Itinerari personal per a l\u2019ocupabilitat I<\/strong><\/span><\/td>\n<td style=\"height: 18px; width: 12.3636%; text-align: center;\"><span style=\"color: #008000;\"><strong>3<\/strong><\/span><\/td>\n<td style=\"height: 18px; width: 12.3636%; text-align: center;\"><span style=\"color: #008000;\"><strong>&#8211;<\/strong><\/span><\/td>\n<\/tr>\n<tr style=\"height: 27px;\">\n<td style=\"height: 27px; width: 74.1454%;\" colspan=\"4\"><span style=\"color: #008000;\"><strong>MP04 &#8211; Recursos humans i responsabilitat social corporativa<\/strong><\/span><\/td>\n<td style=\"height: 27px; width: 12.3636%; text-align: center;\"><span style=\"color: #008000;\"><strong>&#8211;<\/strong><\/span><\/td>\n<td style=\"height: 27px; width: 12.3636%; text-align: center;\"><span style=\"color: #008000;\"><strong>2<\/strong><\/span><\/td>\n<\/tr>\n<tr style=\"height: 22px;\">\n<td style=\"height: 22px; width: 74.1454%;\" colspan=\"4\"><span style=\"color: #008000;\"><strong>MP08 &#8211; Gesti\u00f3 financera<\/strong><\/span><\/td>\n<td style=\"height: 22px; width: 12.3636%; text-align: center;\"><span style=\"color: #008000;\"><strong>&#8211;<\/strong><\/span><\/td>\n<td style=\"height: 22px; width: 12.3636%; text-align: center;\"><span style=\"color: #008000;\"><strong>4<\/strong><\/span><\/td>\n<\/tr>\n<tr style=\"height: 26px;\">\n<td style=\"height: 26px; width: 74.1454%;\" colspan=\"4\"><span style=\"color: #008000;\"><strong>MP09 &#8211; Comptabilitat i fiscalitat<\/strong><\/span><\/td>\n<td style=\"height: 26px; width: 12.3636%; text-align: center;\"><span style=\"color: #008000;\"><strong>&#8211;<\/strong><\/span><\/td>\n<td style=\"height: 26px; width: 12.3636%; text-align: center;\"><span style=\"color: #008000;\"><strong>3<\/strong><\/span><\/td>\n<\/tr>\n<tr style=\"height: 31px;\">\n<td style=\"height: 31px; width: 74.1454%;\" colspan=\"4\"><span style=\"color: #008000;\"><strong>MP10 &#8211; Gesti\u00f3 log\u00edstica i comercial<\/strong><\/span><\/td>\n<td style=\"height: 31px; width: 12.3636%; text-align: center;\"><span style=\"color: #008000;\"><strong>&#8211;<\/strong><\/span><\/td>\n<td style=\"height: 31px; width: 12.3636%; text-align: center;\"><span style=\"color: #008000;\"><strong>3<\/strong><\/span><\/td>\n<\/tr>\n<tr style=\"height: 17px;\">\n<td style=\"height: 17px; width: 74.1454%;\" colspan=\"4\"><span style=\"color: #008000;\"><strong>MP11 &#8211; Simulaci\u00f3 empresarial<\/strong><\/span><\/td>\n<td style=\"height: 17px; width: 12.3636%; text-align: center;\"><span style=\"color: #008000;\"><strong>&#8211;<\/strong><\/span><\/td>\n<td style=\"height: 17px; width: 12.3636%; text-align: center;\"><span style=\"color: #008000;\"><strong>3<\/strong><\/span><\/td>\n<\/tr>\n<tr style=\"height: 10px;\">\n<td style=\"height: 10px; width: 74.1454%;\" colspan=\"4\"><span style=\"color: #008000;\"><strong>MP13 &#8211; Projecte d\u2019administraci\u00f3 i finances<\/strong><\/span><\/td>\n<td style=\"height: 10px; width: 12.3636%; text-align: center;\"><span style=\"color: #008000;\"><strong>&#8211;<\/strong><\/span><\/td>\n<td style=\"height: 10px; width: 12.3636%; text-align: center;\"><span style=\"color: #008000;\"><strong>8<\/strong><\/span><\/td>\n<\/tr>\n<tr style=\"height: 10px;\">\n<td style=\"height: 10px; width: 74.1454%;\" colspan=\"4\"><span style=\"color: #008000;\"><strong>MP14 &#8211; Formaci\u00f3 en centres de treball<\/strong><\/span><\/td>\n<td style=\"height: 10px; width: 12.3636%; text-align: center;\"><span style=\"color: #008000;\"><strong>&#8211;<\/strong><\/span><\/td>\n<td style=\"height: 10px; width: 12.3636%; text-align: center;\"><span style=\"color: #008000;\"><strong>416 (total)<\/strong><\/span><\/td>\n<\/tr>\n<\/tbody>\n<\/table>\n<table style=\"width: 53.6747%; height: 639px;\">\n<tbody>\n<tr style=\"height: 48px;\">\n<td style=\"background-color: #e5fae1; width: 97.297877%; text-align: center; vertical-align: bottom; height: 48px;\" colspan=\"6\"><span style=\"color: #008000;\"><strong>FAM\u00cdLIA DE SANITAT<\/strong><\/span><\/td>\n<\/tr>\n<tr style=\"height: 33px;\">\n<td style=\"background-color: #e5fae1; vertical-align: bottom; text-align: left; height: 33px; width: 79.597127%;\" colspan=\"4\"><span style=\"text-decoration: underline;\"><span style=\"color: #008000;\"><strong>PFI d&#8217;Auxiliar en Centres Sanitaris <\/strong><\/span><\/span><span style=\"color: #008000;\"><strong>(1 curs)<\/strong><\/span><\/td>\n<td style=\"background-color: #e5fae1; text-align: center; vertical-align: bottom; height: 33px; width: 17.70075%;\" colspan=\"2\"><span style=\"color: #008000;\"><strong>PFI<\/strong><\/span><\/td>\n<\/tr>\n<tr style=\"height: 10px;\">\n<td style=\"height: 10px; background-color: #e5fae1; text-align: center; vertical-align: bottom; width: 97.297877%;\" colspan=\"6\"><span style=\"color: #008000;\"><strong>M\u00f2duls de Formaci\u00f3 Professional<\/strong><\/span><span style=\"color: #008000;\"><strong><br \/>\n<\/strong><\/span><\/td>\n<\/tr>\n<tr style=\"height: 10px;\">\n<td style=\"height: 10px; width: 79.597127%;\" colspan=\"4\"><span style=\"color: #008000;\"><strong>MFP2251 &#8211; Organitzaci\u00f3, comunicaci\u00f3 i trasllat de documentaci\u00f3, materials i equips d&#8217;un centre sanitari<\/strong><\/span><\/td>\n<td style=\"text-align: center; height: 10px; width: 17.70075%;\" colspan=\"2\"><span style=\"color: #008000;\"><strong>2<\/strong><\/span><\/td>\n<\/tr>\n<tr style=\"height: 37px;\">\n<td style=\"width: 79.597127%; height: 37px;\" colspan=\"4\"><span style=\"color: #008000;\"><strong>MFP2252 &#8211; Mobilitzaci\u00f3 i trasllat de pacients en centres sanitaris<\/strong><\/span><\/td>\n<td style=\"text-align: center; width: 17.70075%; height: 37px;\" colspan=\"2\"><span style=\"color: #008000;\"><strong>5<\/strong><\/span><\/td>\n<\/tr>\n<tr style=\"height: 30px;\">\n<td style=\"width: 79.597127%; height: 30px;\" colspan=\"4\"><span style=\"color: #008000;\"><strong>MFPE039 &#8211; Trasllat de pacients en serveis especials d&#8217;un centre sanitari<\/strong><\/span><\/td>\n<td style=\"text-align: center; width: 17.70075%; height: 30px;\" colspan=\"2\"><span style=\"color: #008000;\"><strong>3<\/strong><\/span><\/td>\n<\/tr>\n<tr style=\"height: 22px;\">\n<td style=\"height: 22px; width: 79.597127%;\" colspan=\"4\"><span style=\"color: #008000;\"><strong>MFPE040 &#8211; Habilitats comunicatives en centres sanitaris<\/strong><\/span><\/td>\n<td style=\"text-align: center; height: 22px; width: 17.70075%;\" colspan=\"2\"><span style=\"color: #008000;\"><strong>2<\/strong><\/span><\/td>\n<\/tr>\n<tr>\n<td style=\"width: 79.597127%;\" colspan=\"4\"><span style=\"color: #008000;\"><strong>MFPE042 &#8211; Primers auxilis<\/strong><\/span><\/td>\n<td style=\"text-align: center; width: 17.70075%;\" colspan=\"2\"><span style=\"color: #008000;\"><strong>3<\/strong><\/span><\/td>\n<\/tr>\n<tr style=\"height: 12px;\">\n<td style=\"width: 79.597127%; height: 12px;\" colspan=\"4\"><span style=\"color: #008000;\"><strong>MP1 &#8211; Projecte Integrat<\/strong><\/span><\/td>\n<td style=\"text-align: center; width: 17.70075%; height: 12px;\" colspan=\"2\"><span style=\"color: #008000;\"><strong>1<\/strong><\/span><\/td>\n<\/tr>\n<tr style=\"height: 10px;\">\n<td style=\"height: 10px; width: 79.597127%;\" colspan=\"4\"><span style=\"color: #008000;\"><strong>MFCT &#8211; Formaci\u00f3 en Centres de Treball<\/strong><\/span><\/td>\n<td style=\"text-align: center; height: 10px; width: 17.70075%;\" colspan=\"2\"><span style=\"color: #008000;\"><strong>200 (total)<\/strong><\/span><\/td>\n<\/tr>\n<tr style=\"height: 22px;\">\n<td style=\"width: 97.297877%; height: 22px; background-color: #e5fae1; text-align: center; vertical-align: bottom;\" colspan=\"6\"><span style=\"color: #008000;\"><strong>M\u00f2duls de Formaci\u00f3 General<\/strong><\/span><span style=\"color: #008000;\"><strong><br \/>\n<\/strong><\/span><\/td>\n<\/tr>\n<tr>\n<td style=\"width: 79.597127%;\" colspan=\"4\"><strong><span style=\"color: #008000;\">MPRL &#8211; Formaci\u00f3 b\u00e0sica en prevenci\u00f3 de riscos laborals<\/span><\/strong><\/td>\n<td style=\"text-align: center; width: 17.70075%;\" colspan=\"2\"><span style=\"color: #008000;\"><strong>1<\/strong><\/span><\/td>\n<\/tr>\n<tr style=\"height: 22px;\">\n<td style=\"height: 22px;\" colspan=\"4\"><span style=\"color: #008000;\"><strong>MFG1 &#8211; Estrat\u00e8gies i eines de comunicaci\u00f3<\/strong><\/span><\/td>\n<td style=\"height: 22px; text-align: center;\" colspan=\"2\"><span style=\"color: #008000;\"><strong>5<\/strong><\/span><\/td>\n<\/tr>\n<tr style=\"height: 15px;\">\n<td style=\"width: 79.597127%; height: 15px;\" colspan=\"4\"><span style=\"color: #008000;\"><strong>MFG2 &#8211; Entorn social i territorial<\/strong><\/span><\/td>\n<td style=\"width: 17.70075%; height: 15px; text-align: center;\" colspan=\"2\"><span style=\"color: #008000;\"><strong>1<\/strong><\/span><\/td>\n<\/tr>\n<tr style=\"height: 28px;\">\n<td style=\"width: 79.597127%; height: 28px;\" colspan=\"4\"><span style=\"color: #008000;\"><strong>MFG3 &#8211; Estrat\u00e8gies i eines de matem\u00e0tiques<\/strong><\/span><\/td>\n<td style=\"width: 17.70075%; height: 28px; text-align: center;\" colspan=\"2\"><span style=\"color: #008000;\"><strong>3<\/strong><\/span><\/td>\n<\/tr>\n<tr style=\"height: 10px;\">\n<td style=\"width: 79.597127%; height: 10px;\" colspan=\"4\"><span style=\"color: #008000;\"><strong>MF4 &#8211; Incorporaci\u00f3 al m\u00f3n professional<\/strong><\/span><\/td>\n<td style=\"width: 17.70075%; height: 10px; text-align: center;\" colspan=\"2\"><span style=\"color: #008000;\"><strong>2<\/strong><\/span><\/td>\n<\/tr>\n<tr style=\"height: 26px;\">\n<td style=\"background-color: #e5fae1; width: 79.597127%; height: 26px;\" colspan=\"4\"><span style=\"text-decoration: underline;\"><span style=\"color: #008000;\"><b>CFGM de Farm\u00e0cia i Parafarm\u00e0cia <\/b><\/span><\/span><span style=\"color: #008000;\"><b>(2 cursos)<\/b><\/span><\/td>\n<td style=\"text-align: center; background-color: #e5fae1; width: 7.48175%; height: 26px;\"><span style=\"color: #008000;\"><b>FAR1<\/b><\/span><\/td>\n<td style=\"text-align: center; background-color: #e5fae1; width: 10.219%; height: 26px;\"><span style=\"color: #008000;\"><b>FAR2<\/b><\/span><\/td>\n<\/tr>\n<tr style=\"height: 16px;\">\n<td style=\"width: 79.597127%; height: 16px;\" colspan=\"4\"><span style=\"color: #008000;\"><strong>0061 &#8211; Anatomofisiolog\u00eda i patologia b\u00e0siques<\/strong><\/span><\/td>\n<td style=\"width: 7.48175%; height: 16px; text-align: center;\"><span style=\"color: #008000;\"><strong>3<\/strong><\/span><\/td>\n<td style=\"width: 10.219%; height: 16px; text-align: center;\"><span style=\"color: #008000;\"><strong>&#8211;<\/strong><\/span><\/td>\n<\/tr>\n<tr style=\"height: 18px;\">\n<td style=\"width: 79.597127%; height: 18px;\" colspan=\"4\"><span style=\"color: #008000;\"><strong>0099 &#8211; Disposici\u00f3 i venda de productes<\/strong><\/span><\/td>\n<td style=\"width: 7.48175%; height: 18px; text-align: center;\"><span style=\"color: #008000;\"><strong>1<\/strong><\/span><\/td>\n<td style=\"width: 10.219%; height: 18px; text-align: center;\"><span style=\"color: #008000;\"><strong>&#8211;<\/strong><\/span><\/td>\n<\/tr>\n<tr style=\"height: 16px;\">\n<td style=\"width: 79.597127%; height: 16px;\" colspan=\"4\"><span style=\"color: #008000;\"><strong>0100 &#8211; Oficina de farm\u00e0cia<\/strong><\/span><\/td>\n<td style=\"width: 7.48175%; height: 16px; text-align: center;\"><span style=\"color: #008000;\"><strong>3<\/strong><\/span><\/td>\n<td style=\"width: 10.219%; height: 16px; text-align: center;\"><span style=\"color: #008000;\"><strong>&#8211;<\/strong><\/span><\/td>\n<\/tr>\n<tr style=\"height: 25px;\">\n<td style=\"width: 79.597127%; height: 25px;\" colspan=\"4\"><span style=\"color: #008000;\"><strong>0101 &#8211; Dispensaci\u00f3 de productes farmac\u00e8utics<\/strong><\/span><\/td>\n<td style=\"width: 7.48175%; height: 25px; text-align: center;\"><span style=\"color: #008000;\"><strong>4<\/strong><\/span><\/td>\n<td style=\"width: 10.219%; height: 25px; text-align: center;\"><span style=\"color: #008000;\"><strong>&#8211;<\/strong><\/span><\/td>\n<\/tr>\n<tr style=\"height: 21px;\">\n<td style=\"width: 79.597127%; height: 21px;\" colspan=\"4\"><span style=\"color: #008000;\"><strong>0102 &#8211; Dispensaci\u00f3 de productes parafarmac\u00e8utics<\/strong><\/span><\/td>\n<td style=\"width: 7.48175%; height: 21px; text-align: center;\"><span style=\"color: #008000;\"><strong>4<\/strong><\/span><\/td>\n<td style=\"width: 10.219%; height: 21px; text-align: center;\"><span style=\"color: #008000;\"><strong>&#8211;<\/strong><\/span><\/td>\n<\/tr>\n<tr style=\"height: 10px;\">\n<td style=\"width: 79.597127%; height: 10px;\" colspan=\"4\"><span style=\"color: #008000;\"><strong>0103 &#8211; Operacions b\u00e0siques de laboratori<\/strong><\/span><\/td>\n<td style=\"width: 7.48175%; height: 10px; text-align: center;\"><span style=\"color: #008000;\"><strong>4<\/strong><\/span><\/td>\n<td style=\"width: 10.219%; height: 10px; text-align: center;\"><span style=\"color: #008000;\"><strong>&#8211;<\/strong><\/span><\/td>\n<\/tr>\n<tr style=\"height: 20px;\">\n<td style=\"width: 79.597127%; height: 20px;\" colspan=\"4\"><span style=\"color: #008000;\"><strong>C056 &#8211; Catal\u00e0 professional<\/strong><\/span><\/td>\n<td style=\"width: 7.48175%; height: 20px; text-align: center;\"><span style=\"color: #008000;\"><strong>2<\/strong><\/span><\/td>\n<td style=\"width: 10.219%; height: 20px; text-align: center;\"><span style=\"color: #008000;\"><strong>&#8211;<\/strong><\/span><\/td>\n<\/tr>\n<tr style=\"height: 19px;\">\n<td style=\"width: 79.597127%; height: 19px;\" colspan=\"4\"><span style=\"color: #008000;\"><strong>1664 &#8211; Digitalitzaci\u00f3 aplicada als sectors productius<\/strong><\/span><\/td>\n<td style=\"width: 7.48175%; height: 19px; text-align: center;\"><span style=\"color: #008000;\"><strong>1<\/strong><\/span><\/td>\n<td style=\"width: 10.219%; height: 19px; text-align: center;\"><span style=\"color: #008000;\"><strong>&#8211;<\/strong><\/span><\/td>\n<\/tr>\n<tr style=\"height: 10px;\">\n<td style=\"width: 79.597127%; height: 10px;\" colspan=\"4\"><span style=\"color: #008000;\"><strong>1709 &#8211; Itinerari personal per a l\u2019ocupabilitat I<\/strong><\/span><\/td>\n<td style=\"width: 7.48175%; height: 10px; text-align: center;\"><span style=\"color: #008000;\"><strong>3<\/strong><\/span><\/td>\n<td style=\"width: 10.219%; height: 10px; text-align: center;\"><span style=\"color: #008000;\"><strong>&#8211;<\/strong><\/span><\/td>\n<\/tr>\n<tr style=\"height: 15px;\">\n<td style=\"width: 79.597127%; height: 15px;\" colspan=\"4\"><span style=\"color: #008000;\"><strong>MP04 &#8211; Formulaci\u00f3 magistral<\/strong><\/span><\/td>\n<td style=\"width: 7.48175%; height: 15px; text-align: center;\"><span style=\"color: #008000;\"><strong>&#8211;<\/strong><\/span><\/td>\n<td style=\"width: 10.219%; height: 15px; text-align: center;\"><span style=\"color: #008000;\"><strong>4<\/strong><\/span><\/td>\n<\/tr>\n<tr style=\"height: 19px;\">\n<td style=\"width: 79.597127%; height: 19px;\" colspan=\"4\"><span style=\"color: #008000;\"><strong>MP05 &#8211; Promoci\u00f3 de la salut<\/strong><\/span><\/td>\n<td style=\"width: 7.48175%; height: 19px; text-align: center;\"><span style=\"color: #008000;\"><strong>&#8211;<\/strong><\/span><\/td>\n<td style=\"width: 10.219%; height: 19px; text-align: center;\"><span style=\"color: #008000;\"><strong>3<\/strong><\/span><\/td>\n<\/tr>\n<tr style=\"height: 10px;\">\n<td style=\"width: 79.597127%; height: 10px;\" colspan=\"4\"><span style=\"color: #008000;\"><strong>MP08 &#8211; Primers auxilis<\/strong><\/span><\/td>\n<td style=\"width: 7.48175%; height: 10px; text-align: center;\"><span style=\"color: #008000;\"><strong>&#8211;<\/strong><\/span><\/td>\n<td style=\"width: 10.219%; height: 10px; text-align: center;\"><span style=\"color: #008000;\"><strong>2<\/strong><\/span><\/td>\n<\/tr>\n<tr style=\"height: 23px;\">\n<td style=\"width: 79.597127%; height: 23px;\" colspan=\"4\"><span style=\"color: #008000;\"><strong>MP11 &#8211; Empresa i iniciativa emprenedora<\/strong><\/span><\/td>\n<td style=\"width: 7.48175%; height: 23px; text-align: center;\"><span style=\"color: #008000;\"><strong>&#8211;<\/strong><\/span><\/td>\n<td style=\"width: 10.219%; height: 23px; text-align: center;\"><span style=\"color: #008000;\"><strong>2<\/strong><\/span><\/td>\n<\/tr>\n<tr style=\"height: 20px;\">\n<td style=\"width: 79.597127%; height: 20px;\" colspan=\"4\"><span style=\"color: #008000;\"><strong>MP12 &#8211; Angl\u00e8s t\u00e8cnic<\/strong><\/span><\/td>\n<td style=\"width: 7.48175%; height: 20px; text-align: center;\"><span style=\"color: #008000;\"><strong>&#8211;<\/strong><\/span><\/td>\n<td style=\"width: 10.219%; height: 20px; text-align: center;\"><span style=\"color: #008000;\"><strong>3<\/strong><\/span><\/td>\n<\/tr>\n<tr style=\"height: 24px;\">\n<td style=\"width: 79.597127%; height: 24px;\" colspan=\"4\"><span style=\"color: #008000;\"><strong>MP13 &#8211; S\u00edntesi<\/strong><\/span><\/td>\n<td style=\"width: 7.48175%; height: 24px; text-align: center;\"><span style=\"color: #008000;\"><strong>&#8211;<\/strong><\/span><\/td>\n<td style=\"width: 10.219%; height: 24px; text-align: center;\"><span style=\"color: #008000;\"><strong>8<\/strong><\/span><\/td>\n<\/tr>\n<tr style=\"height: 18px;\">\n<td style=\"width: 79.597127%; height: 18px;\" colspan=\"4\"><span style=\"color: #008000;\"><strong>MP14 &#8211; Formaci\u00f3 en centres de treball<\/strong><\/span><\/td>\n<td style=\"width: 7.48175%; height: 18px; text-align: center;\"><span style=\"color: #008000;\"><strong>&#8211;<\/strong><\/span><\/td>\n<td style=\"width: 10.219%; height: 18px; text-align: center;\"><span style=\"color: #008000;\"><strong>416 (total)<\/strong><\/span><\/td>\n<\/tr>\n<\/tbody>\n<\/table>\n<table style=\"width: 53.8073%; height: 1332px;\">\n<tbody>\n<tr style=\"height: 64px;\">\n<td style=\"width: 77.8089%; background-color: #e5fae1; vertical-align: bottom; height: 64px; text-align: center;\" colspan=\"6\"><span style=\"color: #008000;\"><b>FAM\u00cdLIA DE SERVEIS SOCIOCULTURALS I A LA COMUNITAT<br \/>\n<\/b><\/span><span style=\"color: #008000;\"><b><br \/>\n<\/b><\/span><\/td>\n<\/tr>\n<tr style=\"height: 11px;\">\n<td style=\"height: 11px; background-color: #e5fae1;\" colspan=\"4\"><span style=\"color: #008000;\"><b><span style=\"text-decoration: underline;\">CFGM d&#8217;Atenci\u00f3 a Persones en Situaci\u00f3 de <\/span><span style=\"text-decoration: underline;\">Depend\u00e8ncia<\/span>\u00a0 \u00a0 \u00a0 (2 cursos)<\/b><\/span><\/td>\n<td style=\"width: 10.8696%; text-align: center; height: 11px; background-color: #e5fae1;\"><span style=\"color: #008000;\"><b>AD1<\/b><\/span><\/td>\n<td style=\"width: 10.1449%; text-align: center; height: 11px; background-color: #e5fae1;\"><span style=\"color: #008000;\"><b>AD2<\/b><\/span><\/td>\n<\/tr>\n<tr style=\"height: 36px;\">\n<td style=\"width: 77.8089%; height: 36px;\" colspan=\"4\"><span style=\"color: #008000;\"><strong>0210 &#8211; Organitzaci\u00f3 de l\u2019atenci\u00f3 a les persones en situaci\u00f3 de depend\u00e8ncia<\/strong><\/span><\/td>\n<td style=\"width: 10.8696%; height: 36px; text-align: center;\"><span style=\"color: #008000;\"><strong>2<\/strong><\/span><\/td>\n<td style=\"width: 10.1449%; height: 36px; text-align: center;\"><span style=\"color: #008000;\"><strong>&#8211;<\/strong><\/span><\/td>\n<\/tr>\n<tr style=\"height: 48px;\">\n<td style=\"width: 77.8089%; height: 48px;\" colspan=\"4\"><span style=\"color: #008000;\"><strong style=\"background-color: #f9f9f9;\">0212 &#8211; Caracter\u00edstiques i necessitats de les persones en situaci\u00f3 de depend\u00e8ncia<\/strong><strong><br \/>\n<\/strong><\/span><\/td>\n<td style=\"width: 10.8696%; text-align: center; height: 48px;\"><span style=\"color: #008000;\"><strong>3<\/strong><\/span><\/td>\n<td style=\"width: 10.1449%; text-align: center; height: 48px;\"><span style=\"color: #008000;\"><strong>&#8211;<\/strong><\/span><\/td>\n<\/tr>\n<tr style=\"height: 10px;\">\n<td style=\"height: 10px; width: 77.8089%;\" colspan=\"4\"><span style=\"color: #008000;\"><strong>0214 &#8211; Suport en la comunicaci\u00f3<\/strong><\/span><\/td>\n<td style=\"width: 10.8696%; height: 10px; text-align: center;\"><span style=\"color: #008000;\"><strong>2<\/strong><\/span><\/td>\n<td style=\"width: 10.1449%; height: 10px; text-align: center;\"><span style=\"color: #008000;\"><strong>&#8211;<\/strong><\/span><\/td>\n<\/tr>\n<tr style=\"height: 10px;\">\n<td style=\"width: 77.8089%; height: 10px;\" colspan=\"4\"><span style=\"color: #008000;\"><strong>0215 &#8211; Suport domiciliari<\/strong><\/span><\/td>\n<td style=\"width: 10.8696%; height: 10px; text-align: center;\"><span style=\"color: #008000;\"><strong>4<\/strong><\/span><\/td>\n<td style=\"width: 10.1449%; height: 10px; text-align: center;\"><span style=\"color: #008000;\"><strong>&#8211;<\/strong><\/span><\/td>\n<\/tr>\n<tr style=\"height: 10px;\">\n<td style=\"width: 77.8089%; height: 28px;\" colspan=\"4\"><span style=\"color: #008000;\"><strong>0216 &#8211; Atenci\u00f3 sanit\u00e0ria<\/strong><\/span><\/td>\n<td style=\"width: 10.8696%; height: 28px; text-align: center;\"><span style=\"color: #008000;\"><strong>5<\/strong><\/span><\/td>\n<td style=\"width: 10.1449%; height: 28px; text-align: center;\"><span style=\"color: #008000;\"><strong>&#8211;<\/strong><\/span><\/td>\n<\/tr>\n<tr style=\"height: 10px;\">\n<td style=\"width: 77.8089%; height: 30px;\" colspan=\"4\"><span style=\"color: #008000;\"><strong>0217 &#8211; Atenci\u00f3 higi\u00e8nica<\/strong><\/span><\/td>\n<td style=\"width: 10.8696%; height: 30px; text-align: center;\"><span style=\"color: #008000;\"><strong>2<\/strong><\/span><\/td>\n<td style=\"width: 10.1449%; height: 30px; text-align: center;\"><span style=\"color: #008000;\"><strong>&#8211;<\/strong><\/span><\/td>\n<\/tr>\n<tr style=\"height: 10px;\">\n<td style=\"width: 77.8089%; height: 29px;\" colspan=\"4\"><span style=\"color: #008000;\"><strong>0020 &#8211; Primers Auxilis<\/strong><\/span><\/td>\n<td style=\"width: 10.8696%; height: 29px; text-align: center;\"><span style=\"color: #008000;\"><strong>2<\/strong><\/span><\/td>\n<td style=\"width: 10.1449%; height: 29px; text-align: center;\"><span style=\"color: #008000;\"><strong>&#8211;<\/strong><\/span><\/td>\n<\/tr>\n<tr style=\"height: 10px;\">\n<td style=\"width: 77.8089%; height: 35px;\" colspan=\"4\"><span style=\"color: #008000;\"><strong>C056 &#8211; Catal\u00e0 professional<\/strong><\/span><\/td>\n<td style=\"width: 10.8696%; height: 35px; text-align: center;\"><span style=\"color: #008000;\"><strong>2<\/strong><\/span><\/td>\n<td style=\"width: 10.1449%; height: 35px; text-align: center;\"><span style=\"color: #008000;\"><strong>&#8211;<\/strong><\/span><\/td>\n<\/tr>\n<tr style=\"height: 10px;\">\n<td style=\"width: 77.8089%; height: 36px;\" colspan=\"4\"><span style=\"color: #008000;\"><strong>1709 &#8211; Itinerari personal per a l\u2019ocupabilitat I<\/strong><\/span><\/td>\n<td style=\"width: 10.8696%; height: 36px; text-align: center;\"><span style=\"color: #008000;\"><strong>3<\/strong><\/span><\/td>\n<td style=\"width: 10.1449%; height: 36px; text-align: center;\"><span style=\"color: #008000;\"><strong>&#8211;<\/strong><\/span><\/td>\n<\/tr>\n<tr style=\"height: 10px;\">\n<td style=\"width: 77.8089%; height: 33px;\" colspan=\"4\"><span style=\"color: #008000;\"><strong>MP04 &#8211; Atenci\u00f3 i suport psicosocial<\/strong><\/span><\/td>\n<td style=\"width: 10.8696%; height: 33px; text-align: center;\"><span style=\"color: #008000;\"><strong>&#8211;<\/strong><\/span><\/td>\n<td style=\"width: 10.1449%; height: 33px; text-align: center;\"><span style=\"color: #008000;\"><strong>5<\/strong><\/span><\/td>\n<\/tr>\n<tr style=\"height: 10px;\">\n<td style=\"width: 77.8089%; height: 31px;\" colspan=\"4\"><span style=\"color: #008000;\"><strong>MP07 &#8211; Suport domiciliari<\/strong><\/span><\/td>\n<td style=\"width: 10.8696%; height: 31px; text-align: center;\"><span style=\"color: #008000;\"><strong>&#8211;<\/strong><\/span><\/td>\n<td style=\"width: 10.1449%; height: 31px; text-align: center;\"><span style=\"color: #008000;\"><strong>5<\/strong><\/span><\/td>\n<\/tr>\n<tr style=\"height: 10px;\">\n<td style=\"width: 77.8089%; height: 25px;\" colspan=\"4\"><span style=\"color: #008000;\"><strong>MP08 &#8211; Suport en la comunicaci\u00f3<\/strong><\/span><\/td>\n<td style=\"width: 10.8696%; height: 25px; text-align: center;\"><span style=\"color: #008000;\"><strong>&#8211;<\/strong><\/span><\/td>\n<td style=\"width: 10.1449%; height: 25px; text-align: center;\"><span style=\"color: #008000;\"><strong>2<\/strong><\/span><\/td>\n<\/tr>\n<tr style=\"height: 10px;\">\n<td style=\"width: 77.8089%; height: 36px;\" colspan=\"4\"><span style=\"color: #008000;\"><strong>MP12 &#8211; Empresa i iniciativa emprenedora<\/strong><\/span><\/td>\n<td style=\"width: 10.8696%; height: 36px; text-align: center;\"><span style=\"color: #008000;\"><strong>&#8211;<\/strong><\/span><\/td>\n<td style=\"width: 10.1449%; height: 36px; text-align: center;\"><span style=\"color: #008000;\"><strong>2<\/strong><\/span><\/td>\n<\/tr>\n<tr style=\"height: 10px;\">\n<td style=\"width: 77.8089%; height: 31px;\" colspan=\"4\"><span style=\"color: #008000;\"><strong>MP14 &#8211; S\u00edntesi<\/strong><\/span><\/td>\n<td style=\"width: 10.8696%; height: 31px; text-align: center;\"><span style=\"color: #008000;\"><strong>&#8211;<\/strong><\/span><\/td>\n<td style=\"width: 10.1449%; height: 31px; text-align: center;\"><span style=\"color: #008000;\"><strong>7<\/strong><\/span><\/td>\n<\/tr>\n<tr style=\"height: 10px;\">\n<td style=\"width: 77.8089%; height: 10px;\" colspan=\"4\"><span style=\"color: #008000;\"><strong>MP15 &#8211; Formaci\u00f3 en centres de treball<\/strong><\/span><\/td>\n<td style=\"width: 10.8696%; height: 10px; text-align: center;\"><span style=\"color: #008000;\"><strong>&#8211;<\/strong><\/span><\/td>\n<td style=\"width: 10.1449%; height: 10px; text-align: center;\"><span style=\"color: #008000;\"><strong>449 (total)<\/strong><\/span><\/td>\n<\/tr>\n<tr style=\"height: 10px;\">\n<td style=\"width: 77.8089%; height: 28px; background-color: #e5fae1;\" colspan=\"4\"><span style=\"text-decoration: underline; color: #008000;\"><b>CFGS d\u2019Educaci\u00f3 Infantil (<\/b><\/span><span style=\"color: #008000;\"><b>2 cursos)<\/b><\/span><\/td>\n<td style=\"width: 10.8696%; height: 28px; text-align: center; background-color: #e5fae1;\"><span style=\"color: #008000;\"><b>EI1<\/b><\/span><\/td>\n<td style=\"width: 10.1449%; height: 28px; text-align: center; background-color: #e5fae1;\"><span style=\"color: #008000;\"><b>EI2<\/b><\/span><\/td>\n<\/tr>\n<tr style=\"height: 10px;\">\n<td style=\"width: 77.8089%; height: 28px;\" colspan=\"4\"><span style=\"color: #008000;\"><strong>0011 &#8211; Did\u00e0ctica de l\u2019educaci\u00f3 infantil<\/strong><\/span><\/td>\n<td style=\"width: 10.8696%; height: 28px; text-align: center;\"><span style=\"color: #008000;\"><strong>4<\/strong><\/span><\/td>\n<td style=\"width: 10.1449%; height: 28px; text-align: center;\"><span style=\"color: #008000;\"><strong>&#8211;<\/strong><\/span><\/td>\n<\/tr>\n<tr style=\"height: 10px;\">\n<td style=\"width: 77.8089%; height: 28px;\" colspan=\"4\"><span style=\"color: #008000;\"><strong>0012 &#8211; Autonomia personal i salut infantil<\/strong><\/span><\/td>\n<td style=\"width: 10.8696%; height: 28px; text-align: center;\"><span style=\"color: #008000;\"><strong>4<\/strong><\/span><\/td>\n<td style=\"width: 10.1449%; height: 28px; text-align: center;\"><span style=\"color: #008000;\"><strong>&#8211;<\/strong><\/span><\/td>\n<\/tr>\n<tr style=\"height: 10px;\">\n<td style=\"width: 77.8089%; height: 37px;\" colspan=\"4\"><span style=\"color: #008000;\"><strong>0014 &#8211; Expressi\u00f3 i comunicaci\u00f3<\/strong><\/span><\/td>\n<td style=\"width: 10.8696%; height: 37px; text-align: center;\"><span style=\"color: #008000;\"><strong>3<\/strong><\/span><\/td>\n<td style=\"width: 10.1449%; height: 37px; text-align: center;\"><span style=\"color: #008000;\"><strong>&#8211;<\/strong><\/span><\/td>\n<\/tr>\n<tr style=\"height: 10px;\">\n<td style=\"width: 77.8089%; height: 26px;\" colspan=\"4\"><span style=\"color: #008000;\"><strong>0015 &#8211; Desenvolupament cognitiu i motriu<\/strong><\/span><\/td>\n<td style=\"width: 10.8696%; height: 26px; text-align: center;\"><span style=\"color: #008000;\"><strong>3<\/strong><\/span><\/td>\n<td style=\"width: 10.1449%; height: 26px; text-align: center;\"><span style=\"color: #008000;\"><strong>&#8211;<\/strong><\/span><\/td>\n<\/tr>\n<tr style=\"height: 10px;\">\n<td style=\"width: 77.8089%; height: 24px;\" colspan=\"4\"><span style=\"color: #008000;\"><strong>0016 &#8211; Desenvolupament socioafectiu<\/strong><\/span><\/td>\n<td style=\"width: 10.8696%; height: 24px; text-align: center;\"><span style=\"color: #008000;\"><strong>3<\/strong><\/span><\/td>\n<td style=\"width: 10.1449%; height: 24px; text-align: center;\"><span style=\"color: #008000;\"><strong>&#8211;<\/strong><\/span><\/td>\n<\/tr>\n<tr style=\"height: 10px;\">\n<td style=\"width: 77.8089%; height: 10px;\" colspan=\"4\"><span style=\"color: #008000;\"><strong>0020 &#8211; Primers auxilis<\/strong><\/span><\/td>\n<td style=\"width: 10.8696%; height: 10px; text-align: center;\"><span style=\"color: #008000;\"><strong>2<\/strong><\/span><\/td>\n<td style=\"width: 10.1449%; height: 10px; text-align: center;\"><span style=\"color: #008000;\"><strong>&#8211;<\/strong><\/span><\/td>\n<\/tr>\n<tr style=\"height: 33px;\">\n<td style=\"width: 77.8089%; height: 33px;\" colspan=\"4\"><span style=\"color: #008000;\"><strong>0179 &#8211; Angl\u00e8s professional<\/strong><\/span><\/td>\n<td style=\"width: 10.8696%; text-align: center; height: 33px;\"><span style=\"color: #008000;\"><strong>2<\/strong><\/span><\/td>\n<td style=\"width: 10.1449%; text-align: center; height: 33px;\"><span style=\"color: #008000;\"><strong>&#8211;<\/strong><\/span><\/td>\n<\/tr>\n<tr style=\"height: 10px;\">\n<td style=\"height: 21px; width: 77.8089%;\" colspan=\"4\"><span style=\"color: #008000;\"><strong>C076 &#8211; Catal\u00e0 professional<\/strong><\/span><\/td>\n<td style=\"width: 10.8696%; height: 21px; text-align: center;\"><span style=\"color: #008000;\"><strong>2<\/strong><\/span><\/td>\n<td style=\"width: 10.1449%; height: 21px; text-align: center;\"><span style=\"color: #008000;\"><strong>&#8211;<\/strong><\/span><\/td>\n<\/tr>\n<tr style=\"height: 10px;\">\n<td style=\"width: 77.8089%; height: 14px;\" colspan=\"4\"><span style=\"color: #008000;\"><strong>1709 &#8211; Itinerari personal per a l\u2019ocupabilitat I<\/strong><\/span><\/td>\n<td style=\"width: 10.8696%; height: 14px; text-align: center;\"><span style=\"color: #008000;\"><strong>3<\/strong><\/span><\/td>\n<td style=\"width: 10.1449%; height: 14px; text-align: center;\"><span style=\"color: #008000;\"><strong>&#8211;<\/strong><\/span><\/td>\n<\/tr>\n<tr style=\"height: 10px;\">\n<td style=\"width: 77.8089%; height: 10px;\" colspan=\"4\"><span style=\"color: #008000;\"><strong>MP01 &#8211; Intervenci\u00f3 amb fam\u00edlies i atenci\u00f3 als infants en risc social<\/strong><\/span><\/td>\n<td style=\"width: 10.8696%; height: 10px; text-align: center;\"><span style=\"color: #008000;\"><strong>&#8211;<\/strong><\/span><\/td>\n<td style=\"width: 10.1449%; height: 10px; text-align: center;\"><span style=\"color: #008000;\"><strong>3<\/strong><\/span><\/td>\n<\/tr>\n<tr style=\"height: 10px;\">\n<td style=\"width: 77.8089%; height: 25px;\" colspan=\"4\"><span style=\"color: #008000;\"><strong>MP04 &#8211; El joc infantil i la seva metodologia<\/strong><\/span><\/td>\n<td style=\"width: 10.8696%; height: 25px; text-align: center;\"><span style=\"color: #008000;\"><strong>&#8211;<\/strong><\/span><\/td>\n<td style=\"width: 10.1449%; height: 25px; text-align: center;\"><span style=\"color: #008000;\"><strong>5<\/strong><\/span><\/td>\n<\/tr>\n<tr style=\"height: 10px;\">\n<td style=\"width: 77.8089%; height: 24px;\" colspan=\"4\"><span style=\"color: #008000;\"><strong>MP08 &#8211; Habilitats socials<\/strong><\/span><\/td>\n<td style=\"width: 10.8696%; height: 24px; text-align: center;\"><span style=\"color: #008000;\"><strong>&#8211;<\/strong><\/span><\/td>\n<td style=\"width: 10.1449%; height: 24px; text-align: center;\"><span style=\"color: #008000;\"><strong>4<\/strong><\/span><\/td>\n<\/tr>\n<tr style=\"height: 10px;\">\n<td style=\"width: 77.8089%; height: 27px;\" colspan=\"4\"><span style=\"color: #008000;\"><strong>MP11 &#8211; Empresa i iniciativa emprenedora<\/strong><\/span><\/td>\n<td style=\"width: 10.8696%; height: 27px; text-align: center;\"><span style=\"color: #008000;\"><strong>&#8211;<\/strong><\/span><\/td>\n<td style=\"width: 10.1449%; height: 27px; text-align: center;\"><span style=\"color: #008000;\"><strong>2<\/strong><\/span><\/td>\n<\/tr>\n<tr style=\"height: 10px;\">\n<td style=\"width: 77.8089%; height: 35px;\" colspan=\"4\"><span style=\"color: #008000;\"><strong>MP12 &#8211; Projecte d\u2019atenci\u00f3 a la infantesa<\/strong><\/span><\/td>\n<td style=\"width: 10.8696%; height: 35px; text-align: center;\"><span style=\"color: #008000;\"><strong>&#8211;<\/strong><\/span><\/td>\n<td style=\"width: 10.1449%; height: 35px; text-align: center;\"><span style=\"color: #008000;\"><strong>7<\/strong><\/span><\/td>\n<\/tr>\n<tr style=\"height: 10px;\">\n<td style=\"width: 77.8089%; height: 10px;\" colspan=\"4\"><span style=\"color: #008000;\"><strong>MP13 &#8211; Formaci\u00f3 en centres de treball<\/strong><\/span><\/td>\n<td style=\"width: 10.8696%; height: 10px; text-align: center;\"><span style=\"color: #008000;\"><strong>&#8211;<\/strong><\/span><\/td>\n<td style=\"width: 10.1449%; height: 10px; text-align: center;\"><span style=\"color: #008000;\"><strong>449 (total)<\/strong><\/span><\/td>\n<\/tr>\n<tr style=\"height: 10px;\">\n<td style=\"width: 77.8089%; height: 17px; background-color: #e5fae1;\" colspan=\"4\"><span style=\"color: #008000;\"><span style=\"text-decoration: underline;\"><b>CFGS d\u2019Integraci\u00f3 Social <\/b><\/span><b>(2 cursos)<\/b><\/span><\/td>\n<td style=\"width: 10.8696%; height: 17px; background-color: #e5fae1; text-align: center;\"><span style=\"color: #008000;\"><b>TIS1<\/b><\/span><\/td>\n<td style=\"width: 10.1449%; height: 17px; background-color: #e5fae1; text-align: center;\"><span style=\"color: #008000;\"><b>TIS2<\/b><\/span><\/td>\n<\/tr>\n<tr style=\"height: 10px;\">\n<td style=\"width: 77.8089%; height: 30px;\" colspan=\"4\"><span style=\"color: #008000;\"><strong>0337 &#8211; Context de la intervenci\u00f3 social<\/strong><\/span><\/td>\n<td style=\"width: 10.8696%; height: 30px; text-align: center;\"><span style=\"color: #008000;\"><strong>3<\/strong><\/span><\/td>\n<td style=\"width: 10.1449%; height: 30px; text-align: center;\"><span style=\"color: #008000;\"><strong>&#8211;<\/strong><\/span><\/td>\n<\/tr>\n<tr style=\"height: 10px;\">\n<td style=\"width: 77.8089%; height: 28px;\" colspan=\"4\"><span style=\"color: #008000;\"><strong>0338 &#8211; Atenci\u00f3 a les unitats de conviv\u00e8ncia<\/strong><\/span><\/td>\n<td style=\"width: 10.8696%; height: 28px; text-align: center;\"><span style=\"color: #008000;\"><strong>3<\/strong><\/span><\/td>\n<td style=\"width: 10.1449%; height: 28px; text-align: center;\"><span style=\"color: #008000;\"><strong>&#8211;<\/strong><\/span><\/td>\n<\/tr>\n<tr style=\"height: 10px;\">\n<td style=\"width: 77.8089%; height: 21px;\" colspan=\"4\"><span style=\"color: #008000;\"><strong>0341 &#8211; Suport a la intervenci\u00f3 educativa<\/strong><\/span><\/td>\n<td style=\"width: 10.8696%; height: 21px; text-align: center;\"><span style=\"color: #008000;\"><strong>2<\/strong><\/span><\/td>\n<td style=\"width: 10.1449%; height: 21px; text-align: center;\"><span style=\"color: #008000;\"><strong>&#8211;<\/strong><\/span><\/td>\n<\/tr>\n<tr style=\"height: 10px;\">\n<td style=\"width: 77.8089%; height: 28px;\" colspan=\"4\"><span style=\"color: #008000;\"><strong>0342 &#8211; Promoci\u00f3 de l\u2019autonomia personal<\/strong><\/span><\/td>\n<td style=\"width: 10.8696%; height: 28px; text-align: center;\"><span style=\"color: #008000;\"><strong>3<\/strong><\/span><\/td>\n<td style=\"width: 10.1449%; height: 28px; text-align: center;\"><span style=\"color: #008000;\"><strong>&#8211;<\/strong><\/span><\/td>\n<\/tr>\n<tr style=\"height: 10px;\">\n<td style=\"width: 77.8089%; height: 10px;\" colspan=\"4\"><span style=\"color: #008000;\"><strong>0344 &#8211; Metodologia de la intervenci\u00f3 social<\/strong><\/span><\/td>\n<td style=\"width: 10.8696%; height: 10px; text-align: center;\"><span style=\"color: #008000;\"><strong>2<\/strong><\/span><\/td>\n<td style=\"width: 10.1449%; height: 10px; text-align: center;\"><span style=\"color: #008000;\"><strong>&#8211;<\/strong><\/span><\/td>\n<\/tr>\n<tr style=\"height: 10px;\">\n<td style=\"width: 77.8089%; height: 18px;\" colspan=\"4\"><span style=\"color: #008000;\"><strong>0017 &#8211; Habilitats socials<\/strong><\/span><\/td>\n<td style=\"width: 10.8696%; height: 18px; text-align: center;\"><span style=\"color: #008000;\"><strong>2<\/strong><\/span><\/td>\n<td style=\"width: 10.1449%; height: 18px; text-align: center;\"><span style=\"color: #008000;\"><strong>&#8211;<\/strong><\/span><\/td>\n<\/tr>\n<tr style=\"height: 10px;\">\n<td style=\"width: 77.8089%; height: 14px;\" colspan=\"4\"><span style=\"color: #008000;\"><strong>0020 &#8211; Primers auxilis<\/strong><\/span><\/td>\n<td style=\"width: 10.8696%; height: 14px; text-align: center;\"><span style=\"color: #008000;\"><strong>2<\/strong><\/span><\/td>\n<td style=\"width: 10.1449%; height: 14px; text-align: center;\"><span style=\"color: #008000;\"><strong>&#8211;<\/strong><\/span><\/td>\n<\/tr>\n<tr style=\"height: 10px;\">\n<td style=\"width: 77.8089%; height: 10px;\" colspan=\"4\"><span style=\"color: #008000;\"><strong>0343 &#8211; Sistemes augmentatius i alternatius de comunicaci\u00f3<\/strong><\/span><\/td>\n<td style=\"width: 10.8696%; height: 10px; text-align: center;\"><span style=\"color: #008000;\"><strong>3<\/strong><\/span><\/td>\n<td style=\"width: 10.1449%; height: 10px; text-align: center;\"><span style=\"color: #008000;\"><strong>&#8211;<\/strong><\/span><\/td>\n<\/tr>\n<tr style=\"height: 10px;\">\n<td style=\"width: 77.8089%; height: 24px;\" colspan=\"4\"><span style=\"color: #008000;\"><strong>1709 &#8211; Itinerari personal per a l\u2019ocupabilitat I<\/strong><\/span><\/td>\n<td style=\"width: 10.8696%; height: 24px; text-align: center;\"><span style=\"color: #008000;\"><strong>3<\/strong><\/span><\/td>\n<td style=\"width: 10.1449%; height: 24px; text-align: center;\"><span style=\"color: #008000;\"><strong>&#8211;<\/strong><\/span><\/td>\n<\/tr>\n<tr style=\"height: 10px;\">\n<td style=\"width: 77.8089%; height: 18px;\" colspan=\"4\"><span style=\"color: #008000;\"><strong>0179 &#8211; Angl\u00e8s professional<\/strong><\/span><\/td>\n<td style=\"width: 10.8696%; height: 18px; text-align: center;\"><span style=\"color: #008000;\"><strong>2<\/strong><\/span><\/td>\n<td style=\"width: 10.1449%; height: 18px; text-align: center;\"><span style=\"color: #008000;\"><strong>&#8211;<\/strong><\/span><\/td>\n<\/tr>\n<tr style=\"height: 10px;\">\n<td style=\"width: 77.8089%; height: 21px;\" colspan=\"4\"><span style=\"color: #008000;\"><strong>MP04 &#8211; Inserci\u00f3 sociolaboral<\/strong><\/span><\/td>\n<td style=\"width: 10.8696%; height: 21px; text-align: center;\"><span style=\"color: #008000;\"><strong>&#8211;<\/strong><\/span><\/td>\n<td style=\"width: 10.1449%; height: 21px; text-align: center;\"><span style=\"color: #008000;\"><strong>5<\/strong><\/span><\/td>\n<\/tr>\n<tr style=\"height: 10px;\">\n<td style=\"width: 77.8089%; height: 22px;\" colspan=\"4\"><span style=\"color: #008000;\"><strong>MP08 &#8211; Mediaci\u00f3 comunit\u00e0ria<\/strong><\/span><\/td>\n<td style=\"width: 10.8696%; height: 22px; text-align: center;\"><span style=\"color: #008000;\"><strong>&#8211;<\/strong><\/span><\/td>\n<td style=\"width: 10.1449%; height: 22px; text-align: center;\"><span style=\"color: #008000;\"><strong>3<\/strong><\/span><\/td>\n<\/tr>\n<tr style=\"height: 10px;\">\n<td style=\"width: 77.8089%; height: 32px;\" colspan=\"4\"><span style=\"color: #008000;\"><strong>MP09 &#8211; Habilitats socials<\/strong><\/span><\/td>\n<td style=\"width: 10.8696%; height: 32px; text-align: center;\"><span style=\"color: #008000;\"><strong>&#8211;<\/strong><\/span><\/td>\n<td style=\"width: 10.1449%; height: 32px; text-align: center;\"><span style=\"color: #008000;\"><strong>4<\/strong><\/span><\/td>\n<\/tr>\n<tr style=\"height: 10px;\">\n<td style=\"width: 77.8089%; height: 30px;\" colspan=\"4\"><span style=\"color: #008000;\"><strong>MP12 &#8211; Empresa i iniciativa emprenedora<\/strong><\/span><\/td>\n<td style=\"width: 10.8696%; height: 30px; text-align: center;\"><span style=\"color: #008000;\"><strong>&#8211;<\/strong><\/span><\/td>\n<td style=\"width: 10.1449%; height: 30px; text-align: center;\"><span style=\"color: #008000;\"><strong>2<\/strong><\/span><\/td>\n<\/tr>\n<tr style=\"height: 10px;\">\n<td style=\"width: 77.8089%; height: 16px;\" colspan=\"4\"><span style=\"color: #008000;\"><strong>MP13 &#8211; Projecte d\u2019integraci\u00f3 social<\/strong><\/span><\/td>\n<td style=\"width: 10.8696%; height: 16px; text-align: center;\"><span style=\"color: #008000;\"><strong>&#8211;<\/strong><\/span><\/td>\n<td style=\"width: 10.1449%; height: 16px; text-align: center;\"><span style=\"color: #008000;\"><strong>7<\/strong><\/span><\/td>\n<\/tr>\n<tr style=\"height: 10px;\">\n<td style=\"width: 77.8089%; height: 35px;\" colspan=\"4\"><span style=\"color: #008000;\"><strong>MP14 &#8211; Formaci\u00f3 en centres de treball<\/strong><\/span><\/td>\n<td style=\"width: 10.8696%; height: 35px; text-align: center;\"><span style=\"color: #008000;\"><strong>&#8211;<\/strong><\/span><\/td>\n<td style=\"width: 10.1449%; height: 35px; text-align: center;\"><span style=\"color: #008000;\"><strong>449 (total)<\/strong><\/span><\/td>\n<\/tr>\n<\/tbody>\n<\/table>\n<p>&nbsp;<\/p>\n","protected":false},"excerpt":{"rendered":"<p>Distribuci\u00f3 de mat\u00e8ries a la Formaci\u00f3 Professional (sessions de 60 minuts):<\/p>\n<p>FAM\u00cdLIA D&#8217;ADMINISTRACI\u00d3 I GESTI\u00d3<\/p>\n<p>CFGM de Gesti\u00f3 Administrativa (2 cursos)<br \/>\nAD1<br \/>\nAD2<\/p>\n<p>0437 &#8211; Comunicaci\u00f3 empresarial i atenci\u00f3 al client<br \/>\n3<br \/>\n&#8211;<\/p>\n<p>0438 &#8211; Operacions administratives de compravenda<br \/>\n4<br \/>\n&#8211;<\/p>\n<p>0439 &#8211; Empresa i Administraci\u00f3<br \/>\n3<br \/>\n&#8211;<\/p>\n<p>0440 &#8211; Tractament inform\u00e0tic de la informaci\u00f3<br \/>\n5<br \/>\n&#8211;<\/p>\n<p>0441 &#8211; T\u00e8cnica comptable<br \/>\n3<br \/>\n&#8211;<\/p>\n<p>0442 &#8211;&hellip;  <a href=\"https:\/\/agora.xtec.cat\/ins-intermunicipal\/formacio-professional\/\" title=\"Read FORMACI\u00d3 PROFESSIONAL\">Llegeix m\u00e9s\u00bb<\/a><\/p>\n","protected":false},"author":6,"featured_media":0,"parent":0,"menu_order":0,"comment_status":"closed","ping_status":"closed","template":"","meta":{"_bbp_topic_count":0,"_bbp_reply_count":0,"_bbp_total_topic_count":0,"_bbp_total_reply_count":0,"_bbp_voice_count":0,"_bbp_anonymous_reply_count":0,"_bbp_topic_count_hidden":0,"_bbp_reply_count_hidden":0,"_bbp_forum_subforum_count":0,"footnotes":""},"class_list":["post-2691","page","type-page","status-publish","hentry"],"post_mailing_queue_ids":[],"_links":{"self":[{"href":"https:\/\/agora.xtec.cat\/ins-intermunicipal\/wp-json\/wp\/v2\/pages\/2691","targetHints":{"allow":["GET"]}}],"collection":[{"href":"https:\/\/agora.xtec.cat\/ins-intermunicipal\/wp-json\/wp\/v2\/pages"}],"about":[{"href":"https:\/\/agora.xtec.cat\/ins-intermunicipal\/wp-json\/wp\/v2\/types\/page"}],"author":[{"embeddable":true,"href":"https:\/\/agora.xtec.cat\/ins-intermunicipal\/wp-json\/wp\/v2\/users\/6"}],"replies":[{"embeddable":true,"href":"https:\/\/agora.xtec.cat\/ins-intermunicipal\/wp-json\/wp\/v2\/comments?post=2691"}],"version-history":[{"count":6,"href":"https:\/\/agora.xtec.cat\/ins-intermunicipal\/wp-json\/wp\/v2\/pages\/2691\/revisions"}],"predecessor-version":[{"id":3381,"href":"https:\/\/agora.xtec.cat\/ins-intermunicipal\/wp-json\/wp\/v2\/pages\/2691\/revisions\/3381"}],"wp:attachment":[{"href":"https:\/\/agora.xtec.cat\/ins-intermunicipal\/wp-json\/wp\/v2\/media?parent=2691"}],"curies":[{"name":"wp","href":"https:\/\/api.w.org\/{rel}","templated":true}]}}