{"id":21,"date":"2014-09-17T16:14:14","date_gmt":"2014-09-17T16:14:14","guid":{"rendered":"http:\/\/agora.xtec.cat\/ins-intermunicipal\/?page_id=21"},"modified":"2023-01-30T12:56:21","modified_gmt":"2023-01-30T11:56:21","slug":"on-som","status":"publish","type":"page","link":"https:\/\/agora.xtec.cat\/ins-intermunicipal\/linstitut\/on-som\/","title":{"rendered":"On som"},"content":{"rendered":"<h4 class=\"vc_custom_heading\">Institut Intermunicipal del Pened\u00e8s<\/h4>\n<p class=\"vc_custom_heading\">Pla\u00e7a Santiago Rusi\u00f1ol, s\/n<br \/>\n08770 Sant Sadurn\u00ed d&#8217;Anoia<br \/>\nTel\u00e8fon: 93 891 20 61<br \/>\nCorreu electr\u00f2nic de Centre:<a href=\"mailto:a8077472@xtec.cat\"> a8077472@xtec.cat<\/a><\/p>\n<p><iframe loading=\"lazy\" style=\"border: 0;\" src=\"https:\/\/www.google.com\/maps\/embed?pb=!1m18!1m12!1m3!1d1257.8833802394063!2d1.7806164418054393!3d41.42256042408118!2m3!1f0!2f0!3f0!3m2!1i1024!2i768!4f13.1!3m3!1m2!1s0x12a47cce77db86e1%3A0xd4358bd05032df2e!2sInstitut+Public+Escola+Intermunicipal+Del+Pened%C3%A9s!5e0!3m2!1ses!2ses!4v1499078081951\" width=\"500\" height=\"500\" frameborder=\"0\" allowfullscreen=\"allowfullscreen\"><\/iframe><\/p>\n<p><strong>Com arribar-hi:<br \/>\n<\/strong><\/p>\n<ul>\n<li>Per tren: Estaci\u00f3 de tren Sant Sadurn\u00ed d&#8217;Anoia<\/li>\n<li>Per bus: L\u00ednies Monbus des de Barcelona<\/li>\n<\/ul>\n<p><strong>Escoles adscrites a l&#8217;institut:<br \/>\n<\/strong>Escola Sant Jeroni (Sant Pere de Riudebitlles), Escola J. J. R\u00e0fols (Torrelavit), Escola La Pau (Sant Sadurn\u00ed d&#8217;Anoia), El Carme &#8211; Vedruna (Sant Sadurn\u00ed d&#8217;Anoia), IE Jacint Verdaguer (Sant Sadurn\u00ed d&#8217;Anoia), Escola Sants Abd\u00f3 i Sen\u00e9n (El Pla del Pened\u00e8s), Escola Montcau (Ordal), Escola Subirats (Lavern), Escola Pau Casals (Sant Lloren\u00e7 d&#8217;Hortons).<\/p>\n","protected":false},"excerpt":{"rendered":"<p>Institut Intermunicipal del Pened\u00e8s<br \/>\nPla\u00e7a Santiago Rusi\u00f1ol, s\/n<br \/>\n08770 Sant Sadurn\u00ed d&#8217;Anoia<br \/>\nTel\u00e8fon: 93 891 20 61<br \/>\nCorreu electr\u00f2nic de Centre:<a href=\"mailto:a8077472@xtec.cat\"> a8077472@xtec.cat<\/a><\/p>\n<p>Com arribar-hi:<\/p>\n<ul>\n<li>Per tren: Estaci\u00f3 de tren Sant Sadurn\u00ed d&#8217;Anoia<\/li>\n<li>Per bus: L\u00ednies Monbus des de Barcelona<\/li>\n<\/ul>\n<p>Escoles adscrites a l&#8217;institut:<br \/>\nEscola Sant Jeroni (Sant Pere de Riudebitlles), Escola J. J.&hellip;  <a href=\"https:\/\/agora.xtec.cat\/ins-intermunicipal\/linstitut\/on-som\/\" title=\"Read On som\">Llegeix m\u00e9s\u00bb<\/a><\/p>\n","protected":false},"author":1,"featured_media":0,"parent":19,"menu_order":10,"comment_status":"closed","ping_status":"closed","template":"page-templates\/side-menu.php","meta":{"_bbp_topic_count":0,"_bbp_reply_count":0,"_bbp_total_topic_count":0,"_bbp_total_reply_count":0,"_bbp_voice_count":0,"_bbp_anonymous_reply_count":0,"_bbp_topic_count_hidden":0,"_bbp_reply_count_hidden":0,"_bbp_forum_subforum_count":0,"footnotes":""},"class_list":["post-21","page","type-page","status-publish","hentry"],"post_mailing_queue_ids":[],"_links":{"self":[{"href":"https:\/\/agora.xtec.cat\/ins-intermunicipal\/wp-json\/wp\/v2\/pages\/21","targetHints":{"allow":["GET"]}}],"collection":[{"href":"https:\/\/agora.xtec.cat\/ins-intermunicipal\/wp-json\/wp\/v2\/pages"}],"about":[{"href":"https:\/\/agora.xtec.cat\/ins-intermunicipal\/wp-json\/wp\/v2\/types\/page"}],"author":[{"embeddable":true,"href":"https:\/\/agora.xtec.cat\/ins-intermunicipal\/wp-json\/wp\/v2\/users\/1"}],"replies":[{"embeddable":true,"href":"https:\/\/agora.xtec.cat\/ins-intermunicipal\/wp-json\/wp\/v2\/comments?post=21"}],"version-history":[{"count":6,"href":"https:\/\/agora.xtec.cat\/ins-intermunicipal\/wp-json\/wp\/v2\/pages\/21\/revisions"}],"predecessor-version":[{"id":1208,"href":"https:\/\/agora.xtec.cat\/ins-intermunicipal\/wp-json\/wp\/v2\/pages\/21\/revisions\/1208"}],"up":[{"embeddable":true,"href":"https:\/\/agora.xtec.cat\/ins-intermunicipal\/wp-json\/wp\/v2\/pages\/19"}],"wp:attachment":[{"href":"https:\/\/agora.xtec.cat\/ins-intermunicipal\/wp-json\/wp\/v2\/media?parent=21"}],"curies":[{"name":"wp","href":"https:\/\/api.w.org\/{rel}","templated":true}]}}