{"id":1392,"date":"2023-11-10T12:09:37","date_gmt":"2023-11-10T11:09:37","guid":{"rendered":"https:\/\/agora.xtec.cat\/ins-intermunicipal\/?page_id=1392"},"modified":"2025-10-29T13:04:16","modified_gmt":"2025-10-29T12:04:16","slug":"organigrama","status":"publish","type":"page","link":"https:\/\/agora.xtec.cat\/ins-intermunicipal\/linstitut\/organigrama\/","title":{"rendered":"Organigrama"},"content":{"rendered":"<p><a href=\"https:\/\/agora.xtec.cat\/ins-intermunicipal\/wp-content\/uploads\/usu2220\/2025\/10\/ORGANIGRAMA-2025-26-4.png\"><img loading=\"lazy\" decoding=\"async\" class=\"alignnone wp-image-5291\" src=\"https:\/\/agora.xtec.cat\/ins-intermunicipal\/wp-content\/uploads\/usu2220\/2025\/10\/ORGANIGRAMA-2025-26-4-300x213.png\" alt=\"\" width=\"578\" height=\"410\" srcset=\"https:\/\/agora.xtec.cat\/ins-intermunicipal\/wp-content\/uploads\/usu2220\/2025\/10\/ORGANIGRAMA-2025-26-4-300x213.png 300w, https:\/\/agora.xtec.cat\/ins-intermunicipal\/wp-content\/uploads\/usu2220\/2025\/10\/ORGANIGRAMA-2025-26-4-1024x727.png 1024w, https:\/\/agora.xtec.cat\/ins-intermunicipal\/wp-content\/uploads\/usu2220\/2025\/10\/ORGANIGRAMA-2025-26-4-768x545.png 768w, https:\/\/agora.xtec.cat\/ins-intermunicipal\/wp-content\/uploads\/usu2220\/2025\/10\/ORGANIGRAMA-2025-26-4-1536x1090.png 1536w, https:\/\/agora.xtec.cat\/ins-intermunicipal\/wp-content\/uploads\/usu2220\/2025\/10\/ORGANIGRAMA-2025-26-4-2048x1454.png 2048w\" sizes=\"auto, (max-width: 578px) 100vw, 578px\" \/><\/a><\/p>\n<p>&nbsp;<\/p>\n<table style=\"border-collapse: collapse; width: 53.7109%; height: 231px;\">\n<tbody>\n<tr>\n<td style=\"width: 100%; background-color: #b8e6bb; text-align: center;\" colspan=\"2\"><span style=\"color: #000000;\"><strong>EQUIP DIRECTIU<\/strong><\/span><\/td>\n<\/tr>\n<tr>\n<td style=\"width: 68.7273%; text-align: left; background-color: #e5fae1;\"><span style=\"color: #000000;\"><strong>Director<\/strong><\/span><\/td>\n<td style=\"width: 31.2727%; text-align: left;\"><span style=\"color: #000000;\">Sergi Badenes<\/span><\/td>\n<\/tr>\n<tr>\n<td style=\"width: 68.7273%; text-align: left; background-color: #e5fae1;\"><span style=\"color: #000000;\"><strong>Cap d&#8217;Estudis d&#8217;ESO i Batxillerat<\/strong><\/span><\/td>\n<td style=\"width: 31.2727%; text-align: left;\"><span style=\"color: #000000;\">Montse Enajas<\/span><\/td>\n<\/tr>\n<tr>\n<td style=\"width: 68.7273%; text-align: left; background-color: #e5fae1;\"><span style=\"color: #000000;\"><strong>Cap d&#8217;Estudis d&#8217;FP<\/strong><\/span><\/td>\n<td style=\"width: 31.2727%; text-align: left;\"><span style=\"color: #000000;\">Eva M. Garrote<\/span><\/td>\n<\/tr>\n<tr>\n<td style=\"width: 68.7273%; text-align: left; background-color: #e5fae1;\"><span style=\"color: #000000;\"><strong>Cap d&#8217;Estudis adjunta<\/strong><\/span><\/td>\n<td style=\"width: 31.2727%; text-align: left;\"><span style=\"color: #000000;\">N\u00faria P\u00e9rez<\/span><\/td>\n<\/tr>\n<tr>\n<td style=\"width: 68.7273%; text-align: left; background-color: #e5fae1;\"><span style=\"color: #000000;\"><strong>Coordinador Pedag\u00f2gic<\/strong><\/span><\/td>\n<td style=\"width: 31.2727%; text-align: left;\"><span style=\"color: #000000;\">Joan Julibert<\/span><\/td>\n<\/tr>\n<tr>\n<td style=\"width: 68.7273%; text-align: left; background-color: #e5fae1;\"><span style=\"color: #000000;\"><strong>Secretari<\/strong><\/span><\/td>\n<td style=\"width: 31.2727%; text-align: left;\"><span style=\"color: #000000;\">Pep Bertran<\/span><\/td>\n<\/tr>\n<\/tbody>\n<\/table>\n<table style=\"height: 290px; width: 53.7109%; border-collapse: collapse;\">\n<tbody>\n<tr>\n<td style=\"width: 100%; background-color: #f5f293; text-align: center;\" colspan=\"2\"><span style=\"color: #000000;\"><strong>CAPS DE DEPARTAMENT D&#8217;ESO I BATXILLERAT<\/strong><\/span><\/td>\n<\/tr>\n<tr>\n<td style=\"width: 68.5455%; background-color: #faf8d4;\"><span style=\"color: #000000;\"><strong>Ci\u00e8ncies + Educaci\u00f3 F\u00edsica<\/strong><\/span><\/td>\n<td style=\"width: 31.4545%;\"><span style=\"color: #000000;\">Cinta Oliv\u00e9<\/span><\/td>\n<\/tr>\n<tr>\n<td style=\"width: 68.5455%; background-color: #faf8d4;\"><span style=\"color: #000000;\"><strong>Humanitats<\/strong> (Ci\u00e8ncies Socials + Filosofia)<strong> + M\u00fasica<\/strong><\/span><\/td>\n<td style=\"width: 31.4545%;\"><span style=\"color: #000000;\">Manuel Morillo<\/span><\/td>\n<\/tr>\n<tr>\n<td style=\"width: 68.5455%; background-color: #faf8d4;\"><span style=\"color: #000000;\"><strong>Lleng\u00fces\u00a0<\/strong>(Castell\u00e0 + Catal\u00e0 + Cl\u00e0ssiques)<\/span><\/td>\n<td style=\"width: 31.4545%;\"><span style=\"color: #000000;\">V\u00edctor Perx\u00e9s<\/span><\/td>\n<\/tr>\n<tr>\n<td style=\"width: 68.5455%; background-color: #faf8d4;\"><span style=\"color: #000000;\"><strong>Lleng\u00fces Estrangeres <\/strong>(Angl\u00e8s + Franc\u00e8s)<\/span><\/td>\n<td style=\"width: 31.4545%;\"><span style=\"color: #000000;\">Pen\u00e9lope Pecho<\/span><\/td>\n<\/tr>\n<tr>\n<td style=\"width: 68.5455%; background-color: #faf8d4;\"><span style=\"color: #000000;\"><strong>Matem\u00e0tiques + Economia<\/strong><\/span><\/td>\n<td style=\"width: 31.4545%;\"><span style=\"color: #000000;\">Isaac Mudarra<\/span><\/td>\n<\/tr>\n<tr>\n<td style=\"width: 68.5455%; background-color: #faf8d4;\"><span style=\"color: #000000;\"><strong>Orientaci\u00f3 i Diversitat<\/strong><\/span><\/td>\n<td style=\"width: 31.4545%;\"><span style=\"color: #000000;\">Marta S\u00e1ez<\/span><\/td>\n<\/tr>\n<tr>\n<td style=\"width: 68.5455%; background-color: #faf8d4;\"><span style=\"color: #000000;\"><strong>Tecnologia+ Educaci\u00f3 Pl\u00e0stica, Visual i Audiovisual<\/strong><\/span><\/td>\n<td style=\"width: 31.4545%;\"><span style=\"color: #000000;\">Neus Querol<\/span><\/td>\n<\/tr>\n<\/tbody>\n<\/table>\n<table style=\"border-collapse: collapse; width: 53.7109%; height: 205px;\">\n<tbody>\n<tr style=\"height: 47px;\">\n<td style=\"width: 100%; background-color: #c5e8fc; text-align: center; height: 47px;\" colspan=\"2\"><span style=\"color: #000000;\"><strong>CAPS DE DEPARTAMENT DE FORMACI\u00d3 PROFESSIONAL<\/strong><\/span><\/td>\n<\/tr>\n<tr style=\"height: 32px;\">\n<td style=\"width: 64.1352%; background-color: #dcedf7; height: 32px;\"><span style=\"color: #000000;\"><strong>Administraci\u00f3 i Gesti\u00f3<\/strong><\/span><\/td>\n<td style=\"width: 35.8648%; height: 32px;\">Anna Tom\u00e0s<\/td>\n<\/tr>\n<tr style=\"height: 47px;\">\n<td style=\"width: 64.1352%; background-color: #dcedf7; height: 47px;\"><span style=\"color: #000000;\"><strong>Sanitat<\/strong><\/span><\/td>\n<td style=\"width: 35.8648%; height: 47px;\">Elisabeth Fresneda<\/td>\n<\/tr>\n<tr style=\"height: 47px;\">\n<td style=\"width: 64.1352%; background-color: #dcedf7; height: 47px;\"><span style=\"color: #000000;\"><strong>Serveis Socioculturals i a la Comunitat<\/strong><\/span><\/td>\n<td style=\"width: 35.8648%; height: 47px;\">Bianca Ferret<\/td>\n<\/tr>\n<\/tbody>\n<\/table>\n<table style=\"border-collapse: collapse; width: 53.7109%; height: 320px;\">\n<tbody>\n<tr style=\"height: 32px;\">\n<td style=\"width: 100%; background-color: #f5f293; text-align: center; height: 32px;\" colspan=\"2\"><span style=\"color: #000000;\"><strong>COORDINACIONS D&#8217;ESO I BATXILLERAT<\/strong><\/span><\/td>\n<\/tr>\n<tr style=\"height: 32px;\">\n<td style=\"width: 68.7273%; background-color: #faf8d4; height: 32px;\"><span style=\"color: #000000;\"><strong>Coordinaci\u00f3 de 1r d&#8217;ESO<\/strong><\/span><\/td>\n<td style=\"width: 31.2727%; height: 32px;\"><span style=\"color: #000000;\">Tom\u00e0s Labrador<\/span><\/td>\n<\/tr>\n<tr style=\"height: 32px;\">\n<td style=\"width: 68.7273%; background-color: #faf8d4; height: 32px;\"><span style=\"color: #000000;\"><strong>Coordinaci\u00f3 de 2n d&#8217;ESO<\/strong><\/span><\/td>\n<td style=\"width: 31.2727%; height: 32px;\">Sandra Orp\u00ed<\/td>\n<\/tr>\n<tr style=\"height: 32px;\">\n<td style=\"width: 68.7273%; background-color: #faf8d4; height: 32px;\"><span style=\"color: #000000;\"><strong>Coordinaci\u00f3 de 3r d&#8217;ESO<\/strong><\/span><\/td>\n<td style=\"width: 31.2727%; height: 32px;\"><span style=\"color: #000000;\">Al\u00edcia Mansilla<\/span><\/td>\n<\/tr>\n<tr style=\"height: 32px;\">\n<td style=\"width: 68.7273%; background-color: #faf8d4; height: 32px;\"><span style=\"color: #000000;\"><strong>Coordinaci\u00f3 de 4t d&#8217;ESO<\/strong><\/span><\/td>\n<td style=\"width: 31.2727%; height: 32px;\"><span style=\"color: #000000;\">F\u00e8lix Pardo<\/span><\/td>\n<\/tr>\n<tr style=\"height: 32px;\">\n<td style=\"width: 68.7273%; background-color: #faf8d4; height: 32px;\"><span style=\"color: #000000;\"><strong>Coordinaci\u00f3 de 1r de Batxillerat<\/strong><\/span><\/td>\n<td style=\"width: 31.2727%; height: 32px;\">Merc\u00e8 Mompel<\/td>\n<\/tr>\n<tr style=\"height: 32px;\">\n<td style=\"width: 68.7273%; background-color: #faf8d4; height: 32px;\"><span style=\"color: #000000;\"><strong>Coordinaci\u00f3 de 2n de Batxillerat<\/strong><\/span><\/td>\n<td style=\"width: 31.2727%; height: 32px;\">Nerea Moya<\/td>\n<\/tr>\n<tr style=\"height: 32px;\">\n<td style=\"width: 68.7273%; background-color: #faf8d4; height: 32px;\"><strong>Coordinaci\u00f3 d&#8217;ILEC\u00a0<\/strong><\/td>\n<td style=\"width: 31.2727%; height: 32px;\">N\u00faria Ro\u00e9<\/td>\n<\/tr>\n<tr style=\"height: 32px;\">\n<td style=\"width: 68.7273%; background-color: #faf8d4; height: 32px;\"><span style=\"color: #000000;\"><strong>Coordinaci\u00f3 de Projectes<\/strong><\/span><\/td>\n<td style=\"width: 31.2727%; height: 32px;\">Oriol Rovira<\/td>\n<\/tr>\n<tr style=\"height: 32px;\">\n<td style=\"width: 68.7273%; background-color: #faf8d4; height: 32px;\"><span style=\"color: #000000;\"><strong>Coordinaci\u00f3 del PDC<\/strong><\/span><\/td>\n<td style=\"width: 31.2727%; height: 32px;\">Roger Ravent\u00f3s<\/td>\n<\/tr>\n<\/tbody>\n<\/table>\n<table style=\"border-collapse: collapse; width: 53.7109%; height: 363px;\">\n<tbody>\n<tr style=\"height: 32px;\">\n<td style=\"width: 100%; background-color: #c5e8fc; text-align: center; height: 32px;\" colspan=\"2\"><span style=\"color: #000000;\"><strong>COORDINACIONS DE FORMACI\u00d3 PROFESSIONAL<\/strong><\/span><\/td>\n<\/tr>\n<tr style=\"height: 47px;\">\n<td style=\"width: 68.9091%; background-color: #dcedf7; height: 47px;\"><span style=\"font-weight: 400;\">Coordinaci\u00f3 d\u2019Assessorament d\u2019Empreses d\u2019FP<\/span><\/td>\n<td style=\"width: 31.0909%; height: 47px;\"><span style=\"font-weight: 400;\">Neus Vives<\/span><\/td>\n<\/tr>\n<tr style=\"height: 47px;\">\n<td style=\"width: 68.9091%; background-color: #dcedf7; height: 47px;\"><span style=\"font-weight: 400;\">Coordinaci\u00f3 de Continguts Web i Xarxes Socials d\u2019FP<\/span><\/td>\n<td style=\"width: 31.0909%; height: 47px;\"><span style=\"font-weight: 400;\">Albert Mercader<\/span><\/td>\n<\/tr>\n<tr style=\"height: 47px;\">\n<td style=\"width: 68.9091%; background-color: #dcedf7; height: 47px;\"><span style=\"font-weight: 400;\">Coordinaci\u00f3 de FOL i d\u2019Orientaci\u00f3 i Diversitat<\/span><\/td>\n<td style=\"width: 31.0909%; height: 47px;\"><span style=\"font-weight: 400;\">Montse Lamo<\/span><\/td>\n<\/tr>\n<tr style=\"height: 47px;\">\n<td style=\"width: 68.9091%; background-color: #dcedf7; height: 47px;\"><span style=\"font-weight: 400;\">Coordinaci\u00f3 d\u2019FP i Cap de Seminari de SSC<\/span><\/td>\n<td style=\"width: 31.0909%; height: 47px;\"><span style=\"font-weight: 400;\">Maria Pareja<\/span><\/td>\n<\/tr>\n<tr style=\"height: 47px;\">\n<td style=\"width: 68.9091%; background-color: #dcedf7; height: 47px;\"><span style=\"font-weight: 400;\">Coordinaci\u00f3 de Formaci\u00f3 en Centres de Treball (FCT-DUAL)<\/span><\/td>\n<td style=\"width: 31.0909%; height: 47px;\"><span style=\"font-weight: 400;\">Adri\u00e0 Hern\u00e1ndez<\/span><\/td>\n<\/tr>\n<tr style=\"height: 32px;\">\n<td style=\"width: 68.9091%; background-color: #dcedf7; height: 32px;\"><strong><span style=\"font-weight: 400;\">Coordinaci\u00f3 d\u2019Innova FP<\/span><\/strong><\/td>\n<td style=\"width: 31.0909%; height: 32px;\"><span style=\"font-weight: 400;\">Adri\u00e1n Zurita<\/span><\/td>\n<\/tr>\n<tr style=\"height: 32px;\">\n<td style=\"width: 68.9091%; background-color: #dcedf7; height: 32px;\"><strong><span style=\"font-weight: 400;\">Coordinaci\u00f3 de Mobilitat FP<\/span><\/strong><\/td>\n<td style=\"width: 31.0909%; height: 32px;\"><span style=\"font-weight: 400;\">Vanesa Mir\u00f3<\/span><\/td>\n<\/tr>\n<tr style=\"height: 32px;\">\n<td style=\"width: 68.9091%; background-color: #dcedf7; height: 32px;\"><strong><span style=\"font-weight: 400;\">Coordinaci\u00f3 de Qualitat FP<\/span><\/strong><\/td>\n<td style=\"width: 31.0909%; height: 32px;\"><span style=\"font-weight: 400;\">Gemma Bartolom\u00e9<\/span><\/td>\n<\/tr>\n<\/tbody>\n<\/table>\n<table style=\"border-collapse: collapse; width: 53.7109%; height: 280px;\">\n<tbody>\n<tr style=\"height: 32px;\">\n<td style=\"width: 100%; background-color: #b8e6bb; text-align: center; height: 32px;\" colspan=\"2\"><span style=\"color: #000000;\"><strong>COORDINACIONS GENERALS<\/strong><\/span><\/td>\n<\/tr>\n<tr style=\"height: 32px;\">\n<td style=\"width: 69.0909%; background-color: #e5fae1; height: 32px;\"><span style=\"color: #000000;\"><strong>Coordinaci\u00f3 Digital<\/strong><\/span><\/td>\n<td style=\"width: 30.9091%; height: 32px;\">Pere Vendrell<\/td>\n<\/tr>\n<tr style=\"height: 32px;\">\n<td style=\"width: 69.0909%; background-color: #e5fae1; height: 32px;\"><span style=\"color: #000000;\"><strong>Coordinaci\u00f3 LIC i Biblioteca<\/strong><\/span><\/td>\n<td style=\"width: 30.9091%; height: 32px;\">N\u00faria Nebot<\/td>\n<\/tr>\n<tr style=\"height: 47px;\">\n<td style=\"width: 69.0909%; background-color: #e5fae1; height: 47px;\"><span style=\"color: #000000;\"><strong>Coordinaci\u00f3 de Coeducaci\u00f3, Conviv\u00e8ncia i Benestar<\/strong><\/span><\/td>\n<td style=\"width: 30.9091%; height: 47px;\">Aura Gum\u00e0<\/td>\n<\/tr>\n<tr style=\"height: 32px;\">\n<td style=\"width: 69.0909%; background-color: #e5fae1; height: 32px;\"><span style=\"color: #000000;\"><strong>Coordinaci\u00f3 de Riscos Laborals<\/strong><\/span><\/td>\n<td style=\"width: 30.9091%; height: 32px;\"><span style=\"color: #000000;\">Elisabet Redondo<\/span><\/td>\n<\/tr>\n<\/tbody>\n<\/table>\n<table style=\"border-collapse: collapse; width: 53.8086%; height: 322px;\">\n<tbody>\n<tr>\n<td style=\"width: 100%; background-color: #f5f293; text-align: center;\" colspan=\"5\"><span style=\"color: #000000;\"><strong>TUTORIES D&#8217;ESO<\/strong><\/span><\/td>\n<\/tr>\n<tr>\n<td style=\"width: 17.1347%; background-color: #faf8d4;\"><\/td>\n<td style=\"width: 20.8596%; text-align: center; background-color: #faf8d4;\"><span style=\"color: #000000;\"><strong>1r d&#8217;ESO<\/strong><\/span><\/td>\n<td style=\"width: 20.4298%; text-align: center; background-color: #faf8d4;\"><span style=\"color: #000000;\"><strong>2n d&#8217;ESO<\/strong><\/span><\/td>\n<td style=\"width: 20.4298%; text-align: center; background-color: #faf8d4;\"><span style=\"color: #000000;\"><strong>3r d&#8217;ESO<\/strong><\/span><\/td>\n<td style=\"width: 21.1461%; text-align: center; background-color: #faf8d4;\"><span style=\"color: #000000;\"><strong>4t d&#8217;ESO<\/strong><\/span><\/td>\n<\/tr>\n<tr>\n<td style=\"width: 17.1347%; background-color: #faf8d4;\"><span style=\"color: #000000;\"><strong>Grup A<\/strong><\/span><\/td>\n<td style=\"width: 20.8596%;\"><span style=\"font-weight: 400;\">Pau Mart\u00ednez<\/span><\/td>\n<td style=\"width: 20.4298%;\"><span style=\"font-weight: 400;\">Carme Vall\u00e8s<\/span><\/td>\n<td style=\"width: 20.4298%;\"><span style=\"font-weight: 400;\">Montse Rubio<\/span><\/td>\n<td style=\"width: 21.1461%;\"><span style=\"font-weight: 400;\">Anna Massana<\/span><\/td>\n<\/tr>\n<tr>\n<td style=\"width: 17.1347%; background-color: #faf8d4;\"><span style=\"color: #000000;\"><strong>Grup B<\/strong><\/span><\/td>\n<td style=\"width: 20.8596%;\"><span style=\"font-weight: 400;\">Nausica De Gibert<\/span><\/td>\n<td style=\"width: 20.4298%;\"><span style=\"font-weight: 400;\">Susanna Castellsegu\u00e9<\/span><\/td>\n<td style=\"width: 20.4298%;\"><span style=\"font-weight: 400;\">Txell Vila<\/span><\/td>\n<td style=\"width: 21.1461%;\"><span style=\"font-weight: 400;\">Maite Rosell<\/span><\/td>\n<\/tr>\n<tr>\n<td style=\"width: 17.1347%; background-color: #faf8d4;\"><span style=\"color: #000000;\"><strong>Grup C<\/strong><\/span><\/td>\n<td style=\"width: 20.8596%; text-align: center; vertical-align: middle;\">Marta Virgili<\/td>\n<td style=\"width: 20.4298%;\"><span style=\"font-weight: 400;\">Nat\u00e0lia Gordon<\/span><\/td>\n<td style=\"width: 20.4298%;\"><span style=\"font-weight: 400;\">Jordi Castell\u00e0<\/span><\/td>\n<td style=\"width: 21.1461%;\"><span style=\"font-weight: 400;\">Oriol Torrents<\/span><\/td>\n<\/tr>\n<tr>\n<td style=\"width: 17.1347%; background-color: #faf8d4;\"><span style=\"color: #000000;\"><strong>Grup D<\/strong><\/span><\/td>\n<td style=\"width: 20.8596%;\"><span style=\"font-weight: 400;\">Joan Pau Bra\u00f1es<\/span><\/td>\n<td style=\"width: 20.4298%;\"><span style=\"font-weight: 400;\">Montserrat Roig<\/span><\/td>\n<td style=\"width: 20.4298%;\"><span style=\"font-weight: 400;\">Victoria Navarro<\/span><\/td>\n<td style=\"width: 21.1461%;\"><span style=\"font-weight: 400;\">Eunice Linares<\/span><\/td>\n<\/tr>\n<tr>\n<td style=\"width: 17.1347%; background-color: #faf8d4;\"><span style=\"color: #000000;\"><strong>Grup E<\/strong><\/span><\/td>\n<td style=\"width: 20.8596%;\"><span style=\"font-weight: 400;\">Merc\u00e8 Sadurn\u00ed<\/span><\/td>\n<td style=\"width: 20.4298%;\"><span style=\"font-weight: 400;\">Nerea Tena<\/span><\/td>\n<td style=\"width: 20.4298%;\"><span style=\"font-weight: 400;\">David Royo<\/span><\/td>\n<td style=\"width: 21.1461%;\"><span style=\"font-weight: 400;\">Pere Roig<\/span><\/td>\n<\/tr>\n<tr>\n<td style=\"width: 17.1347%; background-color: #faf8d4;\"><span style=\"color: #000000;\"><strong>Grup F<\/strong><\/span><\/td>\n<td style=\"width: 20.8596%; text-align: center; vertical-align: middle;\">&#8211;<\/td>\n<td style=\"width: 20.4298%; text-align: center; vertical-align: middle;\">&#8211;<\/td>\n<td style=\"width: 20.4298%;\"><span style=\"font-weight: 400;\">Vicent Mart\u00ednez<\/span><\/td>\n<td style=\"width: 21.1461%;\"><span style=\"font-weight: 400;\">Marta Casals<\/span><\/td>\n<\/tr>\n<tr>\n<td style=\"width: 17.1347%; background-color: #faf8d4;\"><span style=\"color: #000000;\"><strong>PDC<\/strong><\/span><\/td>\n<td style=\"width: 20.8596%; text-align: center; vertical-align: middle;\">&#8211;<\/td>\n<td style=\"width: 20.4298%; text-align: center; vertical-align: middle;\">&#8211;<\/td>\n<td style=\"width: 41.5759%; text-align: center; vertical-align: middle;\" colspan=\"2\">Roger Ravent\u00f3s<\/td>\n<\/tr>\n<tr>\n<td style=\"width: 17.1347%; background-color: #faf8d4;\"><span style=\"color: #000000;\"><strong>SIEI<\/strong><\/span><\/td>\n<td style=\"width: 82.8653%; text-align: center; vertical-align: middle;\" colspan=\"4\">Sara Trapero<\/td>\n<\/tr>\n<tr>\n<td style=\"width: 17.1347%; background-color: #faf8d4;\"><span style=\"color: #000000;\"><strong>Aula d&#8217;Acollida<\/strong><\/span><\/td>\n<td style=\"width: 82.8653%; text-align: center; vertical-align: middle;\" colspan=\"4\">Llu\u00eds Arnabat<\/td>\n<\/tr>\n<\/tbody>\n<\/table>\n<table style=\"border-collapse: collapse; width: 53.775%; height: 192px;\">\n<tbody>\n<tr style=\"height: 32px;\">\n<td style=\"width: 100%; height: 32px; background-color: #f5f293; text-align: center;\" colspan=\"4\"><span style=\"color: #000000;\"><strong>TUTORIES DE BATXILLERAT<\/strong><\/span><\/td>\n<\/tr>\n<tr style=\"height: 32px;\">\n<td style=\"width: 40.4494%; height: 32px; background-color: #faf8d4;\" colspan=\"2\"><\/td>\n<td style=\"width: 29.9661%; text-align: center; height: 32px; background-color: #faf8d4;\"><span style=\"color: #000000;\"><strong>1r de Batxillerat<\/strong><\/span><\/td>\n<td style=\"width: 29.5845%; height: 32px; background-color: #faf8d4; text-align: center;\"><span style=\"color: #000000;\"><strong>2n de Batxillerat<\/strong><\/span><\/td>\n<\/tr>\n<tr style=\"height: 32px;\">\n<td style=\"width: 25%; height: 64px; background-color: #faf8d4;\" rowspan=\"2\"><span style=\"color: #000000;\"><strong>Ci\u00e8ncies i Tecnologia<\/strong><\/span><\/td>\n<td style=\"width: 15.4494%; height: 32px; background-color: #faf8d4;\"><span style=\"color: #000000;\"><strong>Grup A<\/strong><\/span><\/td>\n<td style=\"width: 29.9661%; height: 32px; text-align: center; vertical-align: middle;\">Montse Belmonte<\/td>\n<td style=\"width: 29.5845%; height: 32px; text-align: center; vertical-align: middle;\">Esther Canales<\/td>\n<\/tr>\n<tr style=\"height: 32px;\">\n<td style=\"width: 15.4494%; height: 32px; background-color: #faf8d4;\"><span style=\"color: #000000;\"><strong>Grup B<\/strong><\/span><\/td>\n<td style=\"width: 29.9661%; height: 32px; text-align: center; vertical-align: middle;\">Francesc Forcada<\/td>\n<td style=\"width: 29.5845%; height: 32px; text-align: center; vertical-align: middle;\">Conxita Busquet<\/td>\n<\/tr>\n<tr style=\"height: 32px;\">\n<td style=\"width: 25%; height: 64px; background-color: #faf8d4;\" rowspan=\"2\"><span style=\"color: #000000;\"><strong>Humanitats i Ci\u00e8ncies Socials<\/strong><\/span><\/td>\n<td style=\"width: 15.4494%; height: 32px; background-color: #faf8d4;\"><span style=\"color: #000000;\"><strong>Grup C<\/strong><\/span><\/td>\n<td style=\"width: 29.9661%; height: 32px; text-align: center; vertical-align: middle;\">Pilar Pallar\u00e8s<\/td>\n<td style=\"width: 29.5845%; height: 32px; text-align: center; vertical-align: middle;\">Jordi Quintana<\/td>\n<\/tr>\n<tr style=\"height: 32px;\">\n<td style=\"width: 15.4494%; height: 32px; background-color: #faf8d4;\"><span style=\"color: #000000;\"><strong>Grup D<\/strong><\/span><\/td>\n<td style=\"width: 29.9661%; height: 32px; text-align: center; vertical-align: middle;\"><span style=\"color: #000000;\">Miquel Arnal<\/span><\/td>\n<td style=\"width: 29.5845%; height: 32px; text-align: center; vertical-align: middle;\">Mar\u00eda Jos\u00e9 Cano<\/td>\n<\/tr>\n<\/tbody>\n<\/table>\n<table style=\"border-collapse: collapse; width: 53.775039%; height: 97px;\">\n<tbody>\n<tr>\n<td style=\"width: 20%; background-color: #f5f293; text-align: center;\" colspan=\"5\"><span style=\"color: #000000;\"><strong>ORIENTACI\u00d3 D&#8217;ESO I BATXILLERAT<\/strong><\/span><\/td>\n<\/tr>\n<tr>\n<td style=\"width: 20%; text-align: center; background-color: #faf8d4;\"><span style=\"color: #000000;\"><strong>1r d&#8217;ESO<\/strong><\/span><\/td>\n<td style=\"width: 20%; text-align: center; background-color: #faf8d4;\"><span style=\"color: #000000;\"><strong>2n d&#8217;ESO<\/strong><\/span><\/td>\n<td style=\"width: 20%; text-align: center; background-color: #faf8d4;\"><span style=\"color: #000000;\"><strong>3r d&#8217;ESO<\/strong><\/span><\/td>\n<td style=\"width: 20%; text-align: center; background-color: #faf8d4;\"><span style=\"color: #000000;\"><strong>4t d&#8217;ESO<\/strong><\/span><\/td>\n<td style=\"width: 20%; text-align: center; background-color: #faf8d4;\"><span style=\"color: #000000;\"><strong>Batxillerat<\/strong><\/span><\/td>\n<\/tr>\n<tr>\n<td style=\"width: 20%; text-align: center; vertical-align: middle;\">Rosabel Porras<\/td>\n<td style=\"width: 20%; text-align: center; vertical-align: middle;\"><span style=\"color: #ff0000;\"><span style=\"color: #000000;\">Jolie Cruz<\/span><\/span><\/td>\n<td style=\"width: 20%; text-align: center; vertical-align: middle;\">Aida Peces<\/td>\n<td style=\"width: 20%; text-align: center; vertical-align: middle;\">Marta S\u00e1ez<\/td>\n<td style=\"width: 20%; text-align: center; vertical-align: middle;\">Nerea Moya<\/td>\n<\/tr>\n<\/tbody>\n<\/table>\n<table style=\"border-collapse: collapse; width: 53.697997%; height: 281px;\">\n<tbody>\n<tr style=\"height: 32px;\">\n<td style=\"width: 100%; height: 32px; background-color: #c5e8fc; text-align: center;\" colspan=\"4\"><span style=\"color: #000000;\"><strong>TUTORIES DE FORMACI\u00d3 PROFESSIONAL<\/strong><\/span><\/td>\n<\/tr>\n<tr style=\"height: 32px;\">\n<td style=\"width: 59.4692%; height: 32px; background-color: #dcedf7;\" colspan=\"2\"><\/td>\n<td style=\"width: 20.122%; text-align: center; height: 32px; background-color: #dcedf7;\"><span style=\"color: #000000;\"><strong>1r curs<\/strong><\/span><\/td>\n<td style=\"width: 20.4089%; text-align: center; height: 32px; background-color: #dcedf7;\"><span style=\"color: #000000;\"><strong>2n curs<\/strong><\/span><\/td>\n<\/tr>\n<tr style=\"height: 31px;\">\n<td style=\"width: 21.8436%; height: 62px; background-color: #dcedf7;\" rowspan=\"2\"><span style=\"color: #000000;\"><strong>Fam\u00edlia d&#8217;Administraci\u00f3 i Gesti\u00f3<\/strong><\/span><\/td>\n<td style=\"width: 37.6255%; height: 31px; background-color: #dcedf7;\"><span style=\"color: #000000;\"><strong>CFPM de Gesti\u00f3 Administrativa<\/strong><\/span><\/td>\n<td style=\"width: 20.122%; height: 31px; text-align: center;\">Adri\u00e1n Zurita<\/td>\n<td style=\"width: 20.4089%; height: 31px; text-align: center;\">Jaume Trilla<\/td>\n<\/tr>\n<tr style=\"height: 31px;\">\n<td style=\"width: 37.6255%; height: 31px; background-color: #dcedf7;\"><span style=\"color: #000000;\"><strong>CFPS d&#8217;Administraci\u00f3 i Finances<\/strong><\/span><\/td>\n<td style=\"width: 20.122%; height: 31px; text-align: center;\">Maribel Gallego<\/td>\n<td style=\"width: 20.4089%; height: 31px; text-align: center;\">Enric Pitarch<\/td>\n<\/tr>\n<tr style=\"height: 31px;\">\n<td style=\"width: 21.8436%; height: 62px; background-color: #dcedf7;\" rowspan=\"2\"><span style=\"color: #000000;\"><strong>Fam\u00edlia de Sanitat<\/strong><\/span><\/td>\n<td style=\"width: 37.6255%; height: 31px; background-color: #dcedf7;\"><span style=\"color: #000000;\"><strong>PFI d&#8217;Auxiliar en Centres Sanitaris<\/strong><\/span><\/td>\n<td style=\"width: 20.122%; height: 31px; text-align: center;\"><span style=\"font-weight: 400;\">Anna Bartrol\u00ed<\/span><\/td>\n<td style=\"width: 20.4089%; height: 31px; text-align: center;\">&#8211;<\/td>\n<\/tr>\n<tr style=\"height: 31px;\">\n<td style=\"width: 37.6255%; height: 31px; background-color: #dcedf7;\"><span style=\"color: #000000;\"><strong>CFPM de Farm\u00e0cia i Parafarm\u00e0cia<\/strong><\/span><\/td>\n<td style=\"width: 20.122%; height: 31px; text-align: center;\"><span style=\"font-weight: 400;\">David Biedma<\/span><\/td>\n<td style=\"width: 20.4089%; height: 31px; text-align: center;\"><span style=\"font-weight: 400;\">Roser Sivill<\/span><\/td>\n<\/tr>\n<tr style=\"height: 31px;\">\n<td style=\"width: 21.8436%; height: 93px; background-color: #dcedf7;\" rowspan=\"3\"><span style=\"color: #000000;\"><strong>Fam\u00edlia de Serveis Socioculturals i a la Comunitat<\/strong><\/span><\/td>\n<td style=\"width: 37.6255%; height: 31px; background-color: #dcedf7;\"><span style=\"color: #000000;\"><strong>CFPM d&#8217;Atenci\u00f3 a Persones en Situaci\u00f3 de Depend\u00e8ncia<\/strong><\/span><\/td>\n<td style=\"width: 20.122%; height: 31px; text-align: center;\"><span style=\"font-weight: 400;\">Irene Ram\u00edrez<\/span><\/td>\n<td style=\"width: 20.4089%; height: 31px; text-align: center;\"><span style=\"font-weight: 400;\">Marianela Ru\u00edz<\/span><\/td>\n<\/tr>\n<tr style=\"height: 31px;\">\n<td style=\"width: 37.6255%; height: 31px; background-color: #dcedf7;\"><span style=\"color: #000000;\"><strong>CFPS d&#8217;Educaci\u00f3 Infantil<\/strong><\/span><\/td>\n<td style=\"width: 20.122%; height: 31px; text-align: center;\"><span style=\"font-weight: 400;\">Rub\u00e9n Molina<\/span><\/td>\n<td style=\"width: 20.4089%; height: 31px; text-align: center;\"><span style=\"font-weight: 400;\">Ricard Arnau<\/span><\/td>\n<\/tr>\n<tr style=\"height: 31px;\">\n<td style=\"width: 37.6255%; height: 31px; background-color: #dcedf7;\"><span style=\"color: #000000;\"><strong>CFPS d&#8217;Integraci\u00f3 Social<\/strong><\/span><\/td>\n<td style=\"width: 20.122%; height: 31px; text-align: center;\">Annabel Romero<\/td>\n<td style=\"width: 20.4089%; height: 31px; text-align: center;\"><span style=\"font-weight: 400;\">Elsa Valencia<\/span><\/td>\n<\/tr>\n<\/tbody>\n<\/table>\n<table style=\"border-collapse: collapse; width: 53.698%; height: 725px;\">\n<tbody>\n<tr style=\"height: 32px;\">\n<td style=\"width: 49.4863%; background-color: #f5f293; height: 32px; text-align: center;\" colspan=\"3\"><strong>PROFESSORAT D&#8217;ESO I BATXILLERAT<\/strong><\/td>\n<\/tr>\n<tr style=\"height: 32px;\">\n<td style=\"background-color: #faf8d4; text-align: justify; height: 32px; width: 49.4863%;\" colspan=\"3\"><strong>Ci\u00e8ncies + Educaci\u00f3 F\u00edsica<\/strong><\/td>\n<\/tr>\n<tr style=\"height: 50px;\">\n<td style=\"width: 1.52207%; height: 50px; text-align: justify;\" colspan=\"3\"><strong>Ci\u00e8ncies Naturals: <span style=\"font-weight: 400;\">Montse Belmonte, Jordi Castell\u00e0, \u00c0lex Mart\u00ed, Merc\u00e8 Mompel, Cinta Oliv\u00e9, Oriol Rovira i Oriol Torrents.<\/span><\/strong><\/td>\n<\/tr>\n<tr style=\"height: 46px;\">\n<td style=\"width: 1.52207%; height: 46px; text-align: justify;\" colspan=\"3\"><strong>F\u00edsica i Qu\u00edmica: <span style=\"font-weight: 400;\">Josep Perea, Maite Rosell, David Royo i Gemma Vendrell.<\/span><\/strong><\/td>\n<\/tr>\n<tr style=\"height: 46px;\">\n<td style=\"width: 1.52207%; height: 46px; text-align: justify;\" colspan=\"3\"><strong>Educaci\u00f3 F\u00edsica: <span style=\"font-weight: 400;\">Llu\u00eds Arnabat, Carles Espinach, Anna Massana i Merc\u00e8 Sadurn\u00ed<\/span><\/strong><span style=\"background-color: #fcfcfc;\">.<\/span><span style=\"background-color: #fcfcfc;\"><br \/>\n<\/span><\/td>\n<\/tr>\n<tr style=\"height: 32px;\">\n<td style=\"background-color: #faf8d4; height: 32px; width: 49.4863%;\" colspan=\"3\"><strong>Humanitats + M\u00fasica<\/strong><\/td>\n<\/tr>\n<tr style=\"height: 32px;\">\n<td style=\"width: 1.52207%; height: 32px; text-align: justify;\" colspan=\"3\"><strong>Ci\u00e8ncies Socials: <span style=\"font-weight: 400;\">Pep Bertran, Indira Centellas, Miquel Juanola, Margarida Llavina, Pau Mart\u00ednez, Jordi Quintana, Mireia Rib\u00e9 i Meritxell Vila<\/span><\/strong><strong style=\"text-align: justify;\"><span style=\"font-weight: 400;\">.<\/span><\/strong><\/td>\n<\/tr>\n<tr style=\"height: 32px;\">\n<td style=\"width: 1.52207%; height: 32px; text-align: justify;\" colspan=\"3\"><strong>Filosofia: <span style=\"font-weight: 400;\">Griselda Jorba, Manuel Morillo i F\u00e8lix Pardo<\/span><\/strong><strong style=\"text-align: justify;\"><span style=\"font-weight: 400;\"><strong style=\"text-align: justify;\"><span style=\"font-weight: 400;\">.<\/span><\/strong><br \/>\n<\/span><\/strong><\/td>\n<\/tr>\n<tr style=\"height: 32px;\">\n<td style=\"width: 1.52207%; height: 32px; text-align: justify;\" colspan=\"3\"><strong>M\u00fasica: <span style=\"font-weight: 400;\">Gemma Gayete i Ariadna S\u00e1nchez<\/span><\/strong>.<\/td>\n<\/tr>\n<tr style=\"height: 32px;\">\n<td style=\"background-color: #faf8d4; height: 32px; text-align: justify;\" colspan=\"3\"><strong>Lleng\u00fces<\/strong><\/td>\n<\/tr>\n<tr>\n<td colspan=\"3\"><strong style=\"text-align: justify;\"><strong>Castell\u00e0: <span style=\"font-weight: 400;\">Marta Angl\u00e8s, Mar\u00eda Jos\u00e9 Cano, Susanna Castellsegu\u00e9, Eduardo Felipe, J\u00falia Junyent, N\u00faria Ro\u00e9 i Montserrat Rubio<\/span><\/strong><\/strong><span style=\"font-family: inherit; font-size: 1em;\">. \u00a0<\/span><\/td>\n<\/tr>\n<tr>\n<td colspan=\"3\"><strong style=\"text-align: justify;\"><strong>Catal\u00e0: <span style=\"font-weight: 400;\">Miquel Arnal, J\u00falia Junyent, Nat\u00e0lia Gordon, Alicia Mansilla, Pilar Pallar\u00e8s, V\u00edctor Perx\u00e9s, Anna Vall\u00e8s i Carme Vall\u00e8s<\/span><\/strong><\/strong><span style=\"font-family: inherit; font-size: 1em;\">.<\/span><\/td>\n<\/tr>\n<tr>\n<td colspan=\"3\"><strong style=\"text-align: justify;\"><strong>Cl\u00e0ssiques:\u00a0<\/strong><\/strong><span style=\"font-family: inherit; font-size: 1em;\">Susanna Castellsegu\u00e9 i Pilar Pallar\u00e8s.<\/span><\/td>\n<\/tr>\n<tr style=\"height: 32px;\">\n<td style=\"background-color: #faf8d4; height: 32px; text-align: justify;\" colspan=\"3\"><strong>Lleng\u00fces estrangeres<\/strong><\/td>\n<\/tr>\n<tr>\n<td style=\"text-align: justify;\" colspan=\"3\"><b style=\"text-align: justify;\">Angl\u00e8s:<\/b><span style=\"text-align: justify;\"> <span style=\"font-weight: 400;\">Esther Canales, Montserrat Catas\u00fas, Andreu Garc\u00eda, Tom\u00e0s Labrador, Eunice Linares, Maria Victoria Navarro, N\u00faria Nebot, Pen\u00e9lope Pecho i Marta Virgili<\/span>.<\/span><\/td>\n<\/tr>\n<tr>\n<td colspan=\"3\"><b>Franc\u00e8s:<\/b> Montse Parellada.<\/td>\n<\/tr>\n<tr style=\"height: 32px;\">\n<td style=\"background-color: #faf8d4; height: 32px;\" colspan=\"3\"><strong>Matem\u00e0tiques + Economia<\/strong><\/td>\n<\/tr>\n<tr>\n<td style=\"text-align: justify;\" colspan=\"3\"><b style=\"text-align: justify;\">Matem\u00e0tiques:<\/b><span style=\"font-weight: 400;\"><span style=\"font-weight: 400;\"> Pere Alonso, Sergi Badenes, Joan Pau Bra\u00f1es, Conxita Busquet, Marta Casals, Marta Cosconera, Francesc Forcada, Isaac Mudarra, Pere Roig i Sandra Orp\u00ed<\/span><\/span>.<\/td>\n<\/tr>\n<tr>\n<td colspan=\"3\"><b>Economia:<\/b> <span style=\"font-weight: 400;\">Joan Julibert i Vicent Mart\u00ednez<\/span>.<\/td>\n<\/tr>\n<tr style=\"height: 32px;\">\n<td style=\"background-color: #faf8d4; width: 49.4863%; height: 32px;\" colspan=\"3\"><strong>Orientaci\u00f3 i Diversitat<\/strong><\/td>\n<\/tr>\n<tr style=\"height: 32px;\">\n<td style=\"background-color: #fcfcfc; width: 49.486301%; height: 32px; text-align: justify;\" colspan=\"3\"><span style=\"font-weight: 400;\">Llu\u00eds Arnabat, Jolie Cruz, Gemma Gayete, Nerea Moya, Aida Peces, N\u00faria P\u00e9rez, Rosabel Porras, Roger Ravent\u00f3s, Alicia Torres, Sara Trapero i Marta S\u00e1ez<\/span>.<\/td>\n<\/tr>\n<tr style=\"height: 32px;\">\n<td style=\"background-color: #faf8d4; height: 32px;\" colspan=\"3\"><strong>Tecnologia + Educaci\u00f3 Pl\u00e0stica, Visual i Audiovisual<\/strong><\/td>\n<\/tr>\n<tr>\n<td colspan=\"3\"><b style=\"text-align: justify;\">Tecnologia:<\/b><span style=\"font-weight: 400;\"> Pere Alonso, Sergi Badenes, Montse Enajas, Nausica De Gibert, Neus Querol, Oriol Rovira, Nerea Tena, Oriol Torrents i Pere Vendrell.<\/span><\/td>\n<\/tr>\n<tr>\n<td style=\"text-align: justify;\" colspan=\"3\"><strong style=\"text-align: justify;\"><b>Educaci\u00f3 Pl\u00e0stica, Visual i Audiovisual: <span style=\"font-weight: 400;\">Cristina Borrellas, Aura Gum\u00e0 i Montserrat Roig<\/span><\/b><span style=\"font-weight: 400;\">.<\/span><\/strong><\/td>\n<\/tr>\n<\/tbody>\n<\/table>\n<table style=\"border-collapse: collapse; width: 53.7037%; height: 389px;\">\n<tbody>\n<tr style=\"height: 32px;\">\n<td style=\"width: 100%; background-color: #c5e8fc; text-align: center; height: 32px;\"><strong>PROFESSORAT DE FORMACI\u00d3 PROFESSIONAL<\/strong><\/td>\n<\/tr>\n<tr style=\"height: 32px;\">\n<td style=\"width: 100%; background-color: #dcedf7; height: 32px;\"><strong>Administraci\u00f3 i Gesti\u00f3<\/strong><\/td>\n<\/tr>\n<tr style=\"height: 61px;\">\n<td style=\"width: 100%; text-align: justify; height: 61px;\"><span style=\"font-weight: 400;\">Naiara Asensio, Pep Bertran, Maribel Gallego, Eva M. Garrote, Virginia Gracia, S\u00edlvia Grimau, Enric Pitarch Gim\u00e9nez, Bet Redondo, Jaume Joan Trilla, Anna Tom\u00e0s i Adri\u00e1n Zurita.<\/span><\/td>\n<\/tr>\n<tr style=\"height: 32px;\">\n<td style=\"width: 100%; background-color: #dcedf7; height: 32px;\"><strong>Sanitat<\/strong><\/td>\n<\/tr>\n<tr style=\"height: 46px;\">\n<td style=\"width: 100%; text-align: justify; height: 46px;\"><span style=\"font-weight: 400;\">Anna Bartrol\u00ed, David Biedma, Tamara Cort\u00e9s, Elizabeth Fresneda, Virginia Gracia, Adri\u00e0 Hern\u00e1ndez, Bet Redondo i Roser Sivill.<\/span><\/td>\n<\/tr>\n<tr style=\"height: 32px;\">\n<td style=\"width: 100%; background-color: #dcedf7; height: 32px;\"><strong>Serveis Socioculturals i a la Comunitat<\/strong><\/td>\n<\/tr>\n<tr style=\"height: 76px;\">\n<td style=\"width: 100%; text-align: justify; height: 76px;\"><span style=\"font-weight: 400;\">Ricard Arnau, Naiara Asensio, Gemma Bartolom\u00e9, Herena Coma, Bianca Ferret, Silvia Garc\u00eda, Montse Lamo, Albert Mercader, Vanesa Mir\u00f3, Rub\u00e9n Molina, Maria Pareja, Irene Ram\u00edrez, Bet Redondo, Annabel Romero, Marianela Ru\u00edz, Elsa Valencia i Neus Vives.<\/span><\/td>\n<\/tr>\n<\/tbody>\n<\/table>\n<table style=\"border-collapse: collapse; width: 53.6062%; height: 221px;\">\n<tbody>\n<tr>\n<td style=\"width: 100%; background-color: #f5f293; text-align: center;\"><strong>PERSONAL D&#8217;ATENCI\u00d3 EDUCATIVA (PAE)<\/strong><\/td>\n<\/tr>\n<tr>\n<td style=\"width: 100%; background-color: #faf8d4;\"><strong>Auxiliars d&#8217;Educaci\u00f3 Especial<\/strong><\/td>\n<\/tr>\n<tr>\n<td style=\"width: 100%;\"><span style=\"font-weight: 400;\">Laura Hidalgo i Adri\u00e0 Ramon.<\/span><\/td>\n<\/tr>\n<tr>\n<td style=\"width: 100%; background-color: #faf8d4;\"><strong>Educador d&#8217;Educaci\u00f3 Especial<\/strong><\/td>\n<\/tr>\n<tr>\n<td style=\"width: 100%;\"><span style=\"font-weight: 400;\">Ana Rojas.<\/span><\/td>\n<\/tr>\n<tr>\n<td style=\"width: 100%; background-color: #faf8d4;\"><strong>Vetllador<\/strong><\/td>\n<\/tr>\n<tr>\n<td style=\"width: 100%;\"><span style=\"font-weight: 400;\">Berta Fern\u00e1ndez.<\/span><\/td>\n<\/tr>\n<\/tbody>\n<\/table>\n<table style=\"border-collapse: collapse; width: 53.6062%; height: 266px;\">\n<tbody>\n<tr style=\"height: 32px;\">\n<td style=\"width: 100%; height: 32px; background-color: #b8e6bb; text-align: center;\"><strong>PERSONAL D&#8217;ADMINISTRACI\u00d3 I SERVEIS (PAS)<\/strong><\/td>\n<\/tr>\n<tr style=\"height: 32px;\">\n<td style=\"width: 100%; height: 32px; background-color: #e5fae1;\"><strong>Administraci\u00f3<\/strong><\/td>\n<\/tr>\n<tr style=\"height: 32px;\">\n<td style=\"width: 100%; height: 32px;\">M\u00f2nica Llopart, Isabel del R\u00edo i Merc\u00e8 Sabat\u00e9.<\/td>\n<\/tr>\n<tr style=\"height: 32px;\">\n<td style=\"width: 100%; height: 32px; background-color: #e5fae1;\"><strong>Consergeria<\/strong><\/td>\n<\/tr>\n<tr style=\"height: 32px;\">\n<td style=\"width: 100%; height: 32px;\"><span style=\"font-weight: 400;\">Marta Garcia i Ali Trari.<\/span><\/td>\n<\/tr>\n<tr style=\"height: 32px;\">\n<td style=\"width: 100%; height: 32px; background-color: #e5fae1;\"><strong>Inform\u00e0tica<\/strong><\/td>\n<\/tr>\n<tr style=\"height: 32px;\">\n<td style=\"width: 100%; height: 32px;\">Amat Centelles<\/td>\n<\/tr>\n<tr style=\"height: 32px;\">\n<td style=\"width: 100%; height: 32px; background-color: #e5fae1;\"><strong>Neteja<\/strong><\/td>\n<\/tr>\n<tr style=\"height: 32px;\">\n<td style=\"width: 100%; height: 10px; text-align: justify;\"><span style=\"font-weight: 400;\">Catalina Fuentes, Antonia Ortiz, David P\u00e9rez i Bego\u00f1a Rodr\u00edguez<\/span>.<\/td>\n<\/tr>\n<\/tbody>\n<\/table>\n<p>&nbsp;<\/p>\n<p>&nbsp;<\/p>\n<p>&nbsp;<\/p>\n<p>&nbsp;<\/p>\n<p>&nbsp;<\/p>\n<p>&nbsp;<\/p>\n<p>&nbsp;<\/p>\n<p>&nbsp;<\/p>\n<p>&nbsp;<\/p>\n","protected":false},"excerpt":{"rendered":"<p><a href=\"https:\/\/agora.xtec.cat\/ins-intermunicipal\/wp-content\/uploads\/usu2220\/2025\/10\/ORGANIGRAMA-2025-26-4.png\"><\/a><br \/>\n&nbsp;<\/p>\n<p>EQUIP DIRECTIU<\/p>\n<p>Director<br \/>\nSergi Badenes<\/p>\n<p>Cap d&#8217;Estudis d&#8217;ESO i Batxillerat<br \/>\nMontse Enajas<\/p>\n<p>Cap d&#8217;Estudis d&#8217;FP<br \/>\nEva M. Garrote<\/p>\n<p>Cap d&#8217;Estudis adjunta<br \/>\nN\u00faria P\u00e9rez<\/p>\n<p>Coordinador Pedag\u00f2gic<br \/>\nJoan Julibert<\/p>\n<p>Secretari<br \/>\nPep Bertran<\/p>\n<p>CAPS DE DEPARTAMENT D&#8217;ESO I BATXILLERAT<\/p>\n<p>Ci\u00e8ncies + Educaci\u00f3 F\u00edsica<br \/>\nCinta Oliv\u00e9<\/p>\n<p>Humanitats (Ci\u00e8ncies Socials + Filosofia) + M\u00fasica<br \/>\nManuel Morillo<\/p>\n<p>Lleng\u00fces\u00a0(Castell\u00e0 + Catal\u00e0 + Cl\u00e0ssiques)<br \/>\nV\u00edctor Perx\u00e9s<\/p>\n<p>Lleng\u00fces Estrangeres (Angl\u00e8s + Franc\u00e8s)<br \/>\nPen\u00e9lope Pecho<\/p>\n<p>Matem\u00e0tiques&hellip;  <a href=\"https:\/\/agora.xtec.cat\/ins-intermunicipal\/linstitut\/organigrama\/\" title=\"Read Organigrama\">Llegeix m\u00e9s\u00bb<\/a><\/p>\n","protected":false},"author":6,"featured_media":0,"parent":19,"menu_order":0,"comment_status":"closed","ping_status":"closed","template":"","meta":{"_bbp_topic_count":0,"_bbp_reply_count":0,"_bbp_total_topic_count":0,"_bbp_total_reply_count":0,"_bbp_voice_count":0,"_bbp_anonymous_reply_count":0,"_bbp_topic_count_hidden":0,"_bbp_reply_count_hidden":0,"_bbp_forum_subforum_count":0,"footnotes":""},"class_list":["post-1392","page","type-page","status-publish","hentry"],"post_mailing_queue_ids":[],"_links":{"self":[{"href":"https:\/\/agora.xtec.cat\/ins-intermunicipal\/wp-json\/wp\/v2\/pages\/1392","targetHints":{"allow":["GET"]}}],"collection":[{"href":"https:\/\/agora.xtec.cat\/ins-intermunicipal\/wp-json\/wp\/v2\/pages"}],"about":[{"href":"https:\/\/agora.xtec.cat\/ins-intermunicipal\/wp-json\/wp\/v2\/types\/page"}],"author":[{"embeddable":true,"href":"https:\/\/agora.xtec.cat\/ins-intermunicipal\/wp-json\/wp\/v2\/users\/6"}],"replies":[{"embeddable":true,"href":"https:\/\/agora.xtec.cat\/ins-intermunicipal\/wp-json\/wp\/v2\/comments?post=1392"}],"version-history":[{"count":7,"href":"https:\/\/agora.xtec.cat\/ins-intermunicipal\/wp-json\/wp\/v2\/pages\/1392\/revisions"}],"predecessor-version":[{"id":5298,"href":"https:\/\/agora.xtec.cat\/ins-intermunicipal\/wp-json\/wp\/v2\/pages\/1392\/revisions\/5298"}],"up":[{"embeddable":true,"href":"https:\/\/agora.xtec.cat\/ins-intermunicipal\/wp-json\/wp\/v2\/pages\/19"}],"wp:attachment":[{"href":"https:\/\/agora.xtec.cat\/ins-intermunicipal\/wp-json\/wp\/v2\/media?parent=1392"}],"curies":[{"name":"wp","href":"https:\/\/api.w.org\/{rel}","templated":true}]}}