{"id":771,"date":"2022-03-05T16:59:23","date_gmt":"2022-03-05T15:59:23","guid":{"rendered":"https:\/\/agora.xtec.cat\/ilb\/?page_id=771"},"modified":"2025-12-17T16:51:38","modified_gmt":"2025-12-17T15:51:38","slug":"cfgs-transport-i-logistica","status":"publish","type":"page","link":"https:\/\/agora.xtec.cat\/ilb\/cicles-formatius-de-grau-superior-3\/cfgs-transport-i-logistica\/","title":{"rendered":"CFGS Transport i Log\u00edstica"},"content":{"rendered":"<p><a href=\"https:\/\/agora.xtec.cat\/ilb\/wp-content\/uploads\/usu2296\/2022\/03\/Foto_10_port.jpg\"><img loading=\"lazy\" decoding=\"async\" class=\"alignnone size-large wp-image-811\" src=\"https:\/\/agora.xtec.cat\/ilb\/wp-content\/uploads\/usu2296\/2022\/03\/Foto_10_port-1024x681.jpg\" alt=\"\" width=\"1024\" height=\"681\" srcset=\"https:\/\/agora.xtec.cat\/ilb\/wp-content\/uploads\/usu2296\/2022\/03\/Foto_10_port-1024x681.jpg 1024w, https:\/\/agora.xtec.cat\/ilb\/wp-content\/uploads\/usu2296\/2022\/03\/Foto_10_port-300x200.jpg 300w, https:\/\/agora.xtec.cat\/ilb\/wp-content\/uploads\/usu2296\/2022\/03\/Foto_10_port-768x511.jpg 768w, https:\/\/agora.xtec.cat\/ilb\/wp-content\/uploads\/usu2296\/2022\/03\/Foto_10_port-1536x1022.jpg 1536w, https:\/\/agora.xtec.cat\/ilb\/wp-content\/uploads\/usu2296\/2022\/03\/Foto_10_port.jpg 1920w\" sizes=\"auto, (max-width: 1024px) 100vw, 1024px\" \/><\/a><\/p>\n<p><b>T\u00e8cnic\/a superior en transport i log\u00edstica<\/b><\/p>\n<p><b><i>Cicle formatiu de grau superior<\/i><\/b><\/p>\n<p><b>FAM\u00cdLIA: <\/b><span style=\"font-weight: 400;\">comer\u00e7 i m\u00e0rqueting<\/span> <span style=\"font-weight: 400;\"> \u00a0 <strong>DURADA<\/strong>: 2000 hores<\/span><span style=\"font-family: inherit; font-size: 1em;\">\u00a0 (en el centre i l\u2019empresa)<\/span><\/p>\n<p><b>N\u00ba DE CURSOS:<\/b><span style=\"font-weight: 400;\"> 2 cursos<\/span><\/p>\n<p><b>METODOLOGIA:<\/b><span style=\"font-weight: 400;\"> metodologies actives d\u2019aprenentatge<\/span><\/p>\n<p><b>HORARI: <\/b>Mat\u00ed (Primer curs) &#8211; Tarda (Primer curs &#8211; Segon curs)<\/p>\n<p><b>PREU EN CONCEPTE DE MATR\u00cdCULA I MATERIAL:\u00a0<\/b><span style=\"font-weight: 400;\">360 \u20ac de matr\u00edcula + 80 \u20ac de material (pagament \u00fanic a principi de curs, no hi ha quota mensual)<\/span><\/p>\n<p><span style=\"font-weight: 400;\">Actualment les empreses han de ser capaces no nom\u00e9s d\u2019oferir un bon producte sin\u00f3 tamb\u00e9 de posicionar-lo a qualsevol lloc a un preu competitiu. El cost del transport i de la distribuci\u00f3 dels productes \u00e9s una component important del seu preu, per tant, \u00e9s indispensable fer-ne una bona gesti\u00f3. La globalitzaci\u00f3 dels mercats, d\u2019una banda, i el fet que cada vegada hi ha m\u00e9s empreses que confien la seva log\u00edstica a empreses especialitzades, de l\u2019altra, ha fet que en els \u00faltims anys el creixement de les empreses relacionades amb el transport i la log\u00edstica com ara operadors log\u00edstics, transit\u00e0ries, consignat\u00e0ries, ag\u00e8ncies duaneres, ag\u00e8ncies de transport, etc. hagi estat espectacular.<\/span><\/p>\n<p><strong>FP DUAL:<\/strong><b><\/b><\/p>\n<p><span style=\"font-weight: 400;\">El cicle s\u2019ofereix en modalitat dual. Combina la formaci\u00f3 al centre educatiu amb l\u2019activitat a l\u2019empresa:<\/span><\/p>\n<ul>\n<li style=\"list-style-type: none;\">\n<ul style=\"list-style-type: circle;\">\n<li><span style=\"font-weight: 400;\">El temps que l\u2019alumne\/a realitza a l\u2019empresa ( 1.000 h) t\u00e9 reconeixement acad\u00e8mic.<\/span><\/li>\n<li><span style=\"font-weight: 400;\">L&#8217;estada a l&#8217;empresa es realitza en el marc d&#8217;una beca d&#8217;estudis que permet remunerar a l&#8217;alumne\/a per les hores efectives a l&#8217;empresa.<\/span><\/li>\n<li>L\u2019alumne\/a que no fa la formaci\u00f3 dual ha de fer el m\u00f2dul de Formaci\u00f3 en Centres de Treball (FCT) i el de Projecte Comer\u00e7 Internacional.<\/li>\n<\/ul>\n<\/li>\n<\/ul>\n<p><strong>MODALITATS MATR\u00cdCULA:<\/strong><b><\/b><\/p>\n<p><span style=\"font-weight: 400;\">Es pot fer la matr\u00edcula del cicle complet o b\u00e9 matricular-se de m\u00f2duls solts o unitats formatives soltes. Tamb\u00e9 es pot realitzar matr\u00edcula en <a href=\"https:\/\/triaeducativa.gencat.cat\/ca\/fp\/cataleg-serveis\/matricula-semipresencial\/\">modalitat semipresencial<\/a> per tal de facilitar l\u2019assist\u00e8ncia a les persones que no poden assistir presencialment a totes les hores lectives (per feina, per tenir cura d&#8217;altres persones o per qualsevol altra circumst\u00e0ncia excepcional). La incompatibilitat amb l&#8217;horari lectiu s&#8217;ha d&#8217;acreditar documentalment.\u00a0<\/span><\/p>\n<p><span style=\"font-weight: 400;\">Per a m\u00e9s informaci\u00f3 consulteu el <a href=\"https:\/\/xtec.gencat.cat\/ca\/curriculum\/professionals\/fp\/comcursar\/\">web del Departament d\u2019Educaci\u00f3<\/a><\/span><span style=\"font-weight: 400;\"><br \/>\n<\/span><\/p>\n<p><b>CONDICIONS D\u2019ACC\u00c9S:<\/b><\/p>\n<p><span style=\"font-weight: 400;\">Tenen acc\u00e9s directe al cicle les persones que compleixen algun dels requisits seg\u00fcents:<\/span><\/p>\n<ul>\n<li style=\"list-style-type: none;\">\n<ul>\n<li style=\"font-weight: 400;\" aria-level=\"1\"><span style=\"font-weight: 400;\">tenir el t\u00edtol de batxillerat,<\/span><\/li>\n<li style=\"font-weight: 400;\" aria-level=\"1\"><span style=\"font-weight: 400;\">tenir el t\u00edtol de t\u00e8cnic de formaci\u00f3 professional o d\u2019arts pl\u00e0stiques i disseny, t\u00e8cnic superior de formaci\u00f3 professional o d&#8217;arts pl\u00e0stiques i disseny o t\u00e8cnic especialista,<\/span><\/li>\n<li style=\"font-weight: 400;\" aria-level=\"1\"><span style=\"font-weight: 400;\">haver superat el segon curs de batxillerat de qualsevol modalitat de batxillerat experimental,<\/span><\/li>\n<li style=\"font-weight: 400;\" aria-level=\"1\"><span style=\"font-weight: 400;\">haver superat el curs d&#8217;orientaci\u00f3 universit\u00e0ria (COU) o el preuniversitari,<\/span><\/li>\n<li style=\"font-weight: 400;\" aria-level=\"1\"><span style=\"font-weight: 400;\">tenir el t\u00edtol de batxillerat per haver cursat el batxillerat unificat polivalent (BUP),<\/span><\/li>\n<li style=\"font-weight: 400;\" aria-level=\"1\"><span style=\"font-weight: 400;\">tenir qualsevol titulaci\u00f3 universit\u00e0ria o una d&#8217;equivalent, o<\/span><\/li>\n<li style=\"font-weight: 400;\" aria-level=\"1\"><span style=\"font-weight: 400;\">haver superat la prova d&#8217;acc\u00e9s a la universitat per a m\u00e9s grans de 25 anys o de 45 anys, o haver accedit a la universitat per haver acreditat experi\u00e8ncia laboral o professional tenint complerts 40 anys d&#8217;edat.<\/span><\/li>\n<\/ul>\n<\/li>\n<\/ul>\n<p><span style=\"font-weight: 400;\">Les persones que no compleixen cap dels requisits esmentats han de superar una <\/span><a href=\"https:\/\/educacio.gencat.cat\/ca\/serveis-tramits\/proves\/proves-acces\/gs-fp\/\"><span style=\"font-weight: 400;\">prova d&#8217;acc\u00e9s<\/span><\/a><span style=\"font-weight: 400;\">. Per presentar-s&#8217;hi cal tenir complerts 19 anys o b\u00e9 complir-los durant l&#8217;any natural en qu\u00e8 es realitza la prova.<\/span><\/p>\n<p><b>PLA D\u2019ESTUDIS <em>(Curr\u00edculum nou)<\/em>:<\/b><\/p>\n<table style=\"border-collapse: collapse; width: 74.7092%; height: 352px;\">\n<tbody>\n<tr style=\"height: 32px;\">\n<td style=\"width: 63.2076%; height: 32px;\"><strong>M\u00f2dul professional<\/strong><\/td>\n<td style=\"width: 11.5023%; text-align: center; height: 32px;\"><strong>Total hores<\/strong><\/td>\n<\/tr>\n<tr style=\"height: 32px;\">\n<td style=\"width: 63.2076%; height: 32px;\">0622 Transport internacional de mercaderies<\/td>\n<td style=\"width: 11.5023%; text-align: center; height: 32px;\">99<\/td>\n<\/tr>\n<tr style=\"height: 32px;\">\n<td style=\"width: 63.2076%; height: 32px;\">0623 Gesti\u00f3 econ\u00f2mica i financera de l&#8217;empresa<\/td>\n<td style=\"width: 11.5023%; text-align: center; height: 32px;\">99<\/td>\n<\/tr>\n<tr style=\"height: 32px;\">\n<td style=\"width: 63.2076%; height: 32px;\">0625 Log\u00edstica d&#8217;emmagatzematge<\/td>\n<td style=\"width: 11.5023%; text-align: center; height: 32px;\">66<\/td>\n<\/tr>\n<tr style=\"height: 32px;\">\n<td style=\"width: 63.2076%; height: 32px;\">0627 Gesti\u00f3 administrativa del comer\u00e7 internacional<\/td>\n<td style=\"width: 11.5023%; text-align: center; height: 32px;\">132<\/td>\n<\/tr>\n<tr style=\"height: 32px;\">\n<td style=\"width: 63.2076%; height: 32px;\">0179 Angl\u00e8s Professional<\/td>\n<td style=\"width: 11.5023%; text-align: center; height: 32px;\">66<\/td>\n<\/tr>\n<tr>\n<td style=\"width: 63.2076%;\">Angl\u00e8s Professional II<\/td>\n<td style=\"width: 11.5023%; text-align: center;\">66<\/td>\n<\/tr>\n<tr style=\"height: 32px;\">\n<td style=\"width: 63.2076%; height: 32px;\">C002 Segona llengua estrangera (Franc\u00e8s)<\/td>\n<td style=\"width: 11.5023%; text-align: center; height: 32px;\">66<\/td>\n<\/tr>\n<tr style=\"height: 32px;\">\n<td style=\"width: 63.2076%; height: 32px;\">1665 Digitalitzaci\u00f3 aplicada als sectors productius<\/td>\n<td style=\"width: 11.5023%; text-align: center; height: 32px;\">33<\/td>\n<\/tr>\n<tr style=\"height: 32px;\">\n<td style=\"width: 63.2076%; height: 32px;\">1708 Sostenibilitat apliada al sistema productiu<\/td>\n<td style=\"width: 11.5023%; text-align: center; height: 32px;\">33<\/td>\n<\/tr>\n<tr style=\"height: 32px;\">\n<td style=\"width: 63.2076%; height: 32px;\">1709 IPO I<\/td>\n<td style=\"width: 11.5023%; text-align: center; height: 32px;\">99<\/td>\n<\/tr>\n<tr style=\"height: 32px;\">\n<td style=\"width: 63.2076%; height: 32px;\">Tutoria<\/td>\n<td style=\"width: 11.5023%; text-align: center; height: 32px;\">33<\/td>\n<\/tr>\n<tr>\n<td style=\"width: 63.2076%;\"><strong>Total primer curs<\/strong><\/td>\n<td style=\"width: 11.5023%; text-align: center;\"><strong>792<\/strong><\/td>\n<\/tr>\n<\/tbody>\n<\/table>\n<p><b>PLA D\u2019ESTUDIS <em>(Curr\u00edculum antic)<\/em>:<\/b><\/p>\n<p>&nbsp;<\/p>\n<table style=\"width: 75.20481160272429%; height: 1023px;\">\n<tbody>\n<tr style=\"height: 57px;\">\n<td style=\"width: 55.53822152886115%; height: 57px;\"><b>\u00a0<\/b><\/td>\n<td style=\"width: 32.13728549141966%; height: 57px;\">\n<p style=\"text-align: center;\"><b>Promoci\u00f3 2020 en endavant<\/b><\/p>\n<\/td>\n<td style=\"width: 17.628705148205928%; height: 57px;\"><b>\u00a0<\/b><\/td>\n<\/tr>\n<tr style=\"height: 111px;\">\n<td style=\"width: 55.53822152886115%; height: 111px;\"><b>\u00a0<\/b><b>M\u00f2duls professionals<\/b><\/td>\n<td style=\"width: 32.13728549141966%; height: 111px;\"><b>\u00a0<\/b><\/p>\n<p style=\"text-align: center;\"><b>1r curs<\/b><\/p>\n<\/td>\n<td style=\"width: 17.628705148205928%; height: 111px;\">\n<p style=\"text-align: center;\"><b>\u00a0<\/b><\/p>\n<p style=\"text-align: center;\"><b>2n curs<\/b><\/p>\n<\/td>\n<\/tr>\n<tr style=\"height: 57px;\">\n<td style=\"width: 55.53822152886115%; height: 57px;\"><b>01 Comercialitzaci\u00f3 del transport i la log\u00edstica<\/b><\/td>\n<td style=\"width: 32.13728549141966%; height: 57px; text-align: center;\"><b>\u00a0<\/b><\/td>\n<td style=\"width: 17.628705148205928%; height: 57px; text-align: center;\"><b>X<\/b><\/td>\n<\/tr>\n<tr style=\"height: 57px;\">\n<td style=\"width: 55.53822152886115%; height: 57px;\"><b>02\u00a0 Gesti\u00f3 administrativa del comer\u00e7 internacional<\/b><\/td>\n<td style=\"width: 32.13728549141966%; height: 57px; text-align: center;\"><b>X<\/b><\/td>\n<td style=\"width: 17.628705148205928%; height: 57px; text-align: center;\"><b>\u00a0<\/b><\/td>\n<\/tr>\n<tr style=\"height: 57px;\">\n<td style=\"width: 55.53822152886115%; height: 57px;\"><b>03 Gesti\u00f3 administrativa del transport i la log\u00edstica<\/b><\/td>\n<td style=\"width: 32.13728549141966%; height: 57px; text-align: center;\"><b>\u00a0<\/b><\/td>\n<td style=\"width: 17.628705148205928%; height: 57px; text-align: center;\"><b>X<\/b><\/td>\n<\/tr>\n<tr style=\"height: 57px;\">\n<td style=\"width: 55.53822152886115%; height: 57px;\"><b>04 Gesti\u00f3 econ\u00f2mica i financera de l\u2019empresa<\/b><\/td>\n<td style=\"width: 32.13728549141966%; height: 57px; text-align: center;\"><b>X<\/b><\/td>\n<td style=\"width: 17.628705148205928%; height: 57px; text-align: center;\"><b>\u00a0<\/b><\/td>\n<\/tr>\n<tr style=\"height: 57px;\">\n<td style=\"width: 55.53822152886115%; height: 57px;\"><b>05 Log\u00edstica d\u2019aprovisionament<\/b><\/td>\n<td style=\"width: 32.13728549141966%; height: 57px; text-align: center;\"><b>\u00a0<\/b><\/td>\n<td style=\"width: 17.628705148205928%; height: 57px; text-align: center;\"><b>X<\/b><\/td>\n<\/tr>\n<tr style=\"height: 57px;\">\n<td style=\"width: 55.53822152886115%; height: 57px;\"><b>06 Log\u00edstica d\u2019emmagatzematge<\/b><\/td>\n<td style=\"width: 32.13728549141966%; height: 57px; text-align: center;\"><b>X<\/b><\/td>\n<td style=\"width: 17.628705148205928%; height: 57px; text-align: center;\"><b>\u00a0<\/b><\/td>\n<\/tr>\n<tr style=\"height: 57px;\">\n<td style=\"width: 55.53822152886115%; height: 57px;\"><b>07 Organitzaci\u00f3 del transport de mercaderies<\/b><\/td>\n<td style=\"width: 32.13728549141966%; height: 57px; text-align: center;\"><b>\u00a0<\/b><\/td>\n<td style=\"width: 17.628705148205928%; height: 57px; text-align: center;\"><b>X<\/b><\/td>\n<\/tr>\n<tr style=\"height: 57px;\">\n<td style=\"width: 55.53822152886115%; height: 57px;\"><b>08 Organitzaci\u00f3 del transport de viatgers<\/b><\/td>\n<td style=\"width: 32.13728549141966%; height: 57px; text-align: center;\"><b>\u00a0<\/b><\/td>\n<td style=\"width: 17.628705148205928%; height: 57px; text-align: center;\"><b>X<\/b><\/td>\n<\/tr>\n<tr style=\"height: 57px;\">\n<td style=\"width: 55.53822152886115%; height: 57px;\"><b>09 Transport internacional de mercaderies<\/b><\/td>\n<td style=\"width: 32.13728549141966%; height: 57px; text-align: center;\"><b>X<\/b><\/td>\n<td style=\"width: 17.628705148205928%; height: 57px; text-align: center;\"><b>\u00a0<\/b><\/td>\n<\/tr>\n<tr style=\"height: 57px;\">\n<td style=\"width: 55.53822152886115%; height: 57px;\"><b>10 Organitzaci\u00f3 d\u2019altres serveis de transport<\/b><\/td>\n<td style=\"width: 32.13728549141966%; height: 57px; text-align: center;\"><b>\u00a0<\/b><\/td>\n<td style=\"width: 17.628705148205928%; height: 57px; text-align: center;\"><b>X<\/b><\/td>\n<\/tr>\n<tr style=\"height: 57px;\">\n<td style=\"width: 55.53822152886115%; height: 57px;\"><b>11<\/b> <b>Angl\u00e8s<\/b><\/td>\n<td style=\"width: 32.13728549141966%; height: 57px; text-align: center;\"><b>X<\/b><\/td>\n<td style=\"width: 17.628705148205928%; height: 57px; text-align: center;\"><\/td>\n<\/tr>\n<tr style=\"height: 57px;\">\n<td style=\"width: 55.53822152886115%; height: 57px;\"><b>12 Segona llengua estrangera<\/b><\/td>\n<td style=\"width: 32.13728549141966%; height: 57px; text-align: center;\"><b>X<\/b><\/td>\n<td style=\"width: 17.628705148205928%; height: 57px; text-align: center;\"><\/td>\n<\/tr>\n<tr style=\"height: 57px;\">\n<td style=\"width: 55.53822152886115%; height: 57px;\"><b>13 Formaci\u00f3 i orientaci\u00f3 laboral<\/b><\/td>\n<td style=\"width: 32.13728549141966%; height: 57px; text-align: center;\"><b>X<\/b><\/td>\n<td style=\"width: 17.628705148205928%; height: 57px; text-align: center;\"><b>\u00a0<\/b><\/td>\n<\/tr>\n<tr style=\"height: 57px;\">\n<td style=\"width: 55.53822152886115%; height: 57px;\"><b>14 <\/b><b>Projecte de transport i log\u00edstica<\/b><\/td>\n<td style=\"width: 32.13728549141966%; height: 57px; text-align: center;\"><b>\u00a0<\/b><\/td>\n<td style=\"width: 17.628705148205928%; height: 57px; text-align: center;\"><b>X<\/b><\/td>\n<\/tr>\n<tr style=\"height: 57px;\">\n<td style=\"width: 55.53822152886115%; height: 57px;\"><b>15 Formaci\u00f3 en centres de treball<\/b><\/td>\n<td style=\"width: 32.13728549141966%; height: 57px; text-align: center;\"><b>\u00a0<\/b><\/td>\n<td style=\"width: 17.628705148205928%; height: 57px; text-align: center;\"><b>X<\/b><\/td>\n<\/tr>\n<\/tbody>\n<\/table>\n<p>&nbsp;<\/p>\n<p><b>3r curs (curs pont per obtenir el t\u00edtol de T\u00c8CNIC SUPERIOR EN COMER\u00c7 INTERNACIONAL)<\/b><\/p>\n<table>\n<tbody>\n<tr>\n<td><b>\u00a0<\/b><b>M\u00f2dul<\/b><\/td>\n<\/tr>\n<tr>\n<td><b>M-02: Finan\u00e7ament internacional<\/b><\/td>\n<\/tr>\n<tr>\n<td><b>M-03: Mitjans de pagament internacional<\/b><\/td>\n<\/tr>\n<tr>\n<td><b>M-07: M\u00e0rqueting internacional<\/b><\/td>\n<\/tr>\n<tr>\n<td><b>M-08: Sistema d&#8217;informaci\u00f3 de mercats<\/b><\/td>\n<\/tr>\n<tr>\n<td><b>M-09: Negociaci\u00f3 internacional<\/b><\/td>\n<\/tr>\n<tr>\n<td><b>M-10: Comer\u00e7 digital internacional<\/b><\/p>\n<p><b>M-14: Projecte de comer\u00e7 internacional<\/b><\/td>\n<\/tr>\n<tr>\n<td><b>M-15: Formaci\u00f3 en centres de treball<\/b><\/p>\n<p><b>\u00a0<\/b><\/td>\n<\/tr>\n<\/tbody>\n<\/table>\n<p><b>POTS OPTAR PER:<\/b><\/p>\n<p><span style=\"font-weight: 400;\">Una formaci\u00f3 professional d\u2019excel\u00b7l\u00e8ncia i d\u2019un alt nivell de qualitat.<\/span><\/p>\n<p><b>QUINA SER\u00c0 LA MEVA FORMACI\u00d3?:<\/b><\/p>\n<p><span style=\"font-weight: 400;\">Aquest\/a professional tindr\u00e0 la capacitat de:<\/span><\/p>\n<ol>\n<li style=\"list-style-type: none;\">\n<ol style=\"list-style-type: lower-alpha;\">\n<li><span style=\"font-weight: 400;\">Organitzar, gestionar i controlar les operacions del transport de mercaderies i de viatgers a nivell nacional i internacional, i planificar i gestionar les activitats log\u00edstiques d&#8217;una empresa, d&#8217;acord amb la normativa vigent i els objectius establerts per la direcci\u00f3 de l&#8217;empresa, en el marc de la qualitat, la seguretat i el respecte mediambiental. \u00c9s formar\u00e0 professionalment en:<\/span><\/li>\n<li><span style=\"font-weight: 400;\">Aplicar la normativa nacional i internacional vigent en la gesti\u00f3 de les empreses de transport de mercaderies i viatgers, adaptant-se als canvis normatius freq\u00fcents per complir amb els requisits de capacitat professional, econ\u00f2mica i d\u2019honorabilitat exigits en el sector.<\/span><\/li>\n<li><span style=\"font-weight: 400;\">Realitzar les gestions necess\u00e0ries per la constituci\u00f3 i posada en marxa d\u2019una empresa de transport i log\u00edstica de mercaderies i\/o viatgers ajustant-se a les caracter\u00edstiques i obligacions derivades de la forma jur\u00eddica seleccionada.<\/span><\/li>\n<li><span style=\"font-weight: 400;\">Obtenir els recursos financers necessaris realitzant les gestions de concessi\u00f3 de cr\u00e8dits, pr\u00e9stec, avals i subvencions disponibles per la seva aplicaci\u00f3 en el desenvolupament de l\u2019activitat.<\/span><\/li>\n<li><span style=\"font-weight: 400;\">Organitzar els departaments d\u2019una empresa de transport i log\u00edstica de mercaderies i\/o viatgers determinant els recursos humans i materials necessaris per acomplir amb els objectius establerts per la direcci\u00f3 de l\u2019empresa.<\/span><\/li>\n<li><span style=\"font-weight: 400;\">Elaborar i gestionar els plans de transport, els plans de producci\u00f3, els plans d\u2019operacions i fluxos de magatzem i els tr\u00e0fics diaris, assignant els recursos humans i materials i subcontractant amb empreses, si \u00e9s necessari, per optimitzar el nivell de servei establert pel client.<\/span><\/li>\n<li><span style=\"font-weight: 400;\">Realitzar la planificaci\u00f3 de rutes de llarga dist\u00e0ncia i la confecci\u00f3 de rutes de repartiment seleccionant la millor combinaci\u00f3 possible de mitjans de transport, subcontractant el servei si fos necessari, minimitzant temps i recorreguts i realitzant el seguiment de flotes de vehicles i mercaderies de forma que es garanteixi el tr\u00e0nsit per diferents pa\u00efsos i la integritat i de les mercaderies i viatgers, per assegurar el nivell de satisfacci\u00f3 i la qualitat del servei prestat al client.<\/span><\/li>\n<li><span style=\"font-weight: 400;\">Realitzar les gestions administratives que garanteixin el tr\u00e0nsit o el transport internacional de les mercaderies i\/o viatgers entre diferents pa\u00efsos i modes de transport i controlar els documents que s\u2019exigeixen en cada cas, comprovant que s\u2019ajusten a la normativa vigent aplicable i a les especificacions rebudes.<\/span><\/li>\n<li><span style=\"font-weight: 400;\">Organitzar els departament de comercialitzaci\u00f3 d\u2019una empresa de transport i log\u00edstica de mercaderies i\/o viatgers i elaborar el pla de vendes realitzant la distribuci\u00f3 de recursos humans i material per complir amb els objectius i processos establerts per la direcci\u00f3 de l\u2019empresa.<\/span><\/li>\n<li><span style=\"font-weight: 400;\">Obtenir, organitzar i gestionar informaci\u00f3 rellevant del mercat de serveis de transport i log\u00edstica aplicant les t\u00e8cniques d\u2019investigaci\u00f3 comercial de prospecci\u00f3 de mercats que permetin con\u00e8ixer l\u2019estructura i les necessitats del mercat, els tipus de clients i la compet\u00e8ncia existent per realitzar la presa de decisions del pla de m\u00e0rqueting.<\/span><\/li>\n<li><span style=\"font-weight: 400;\">Promocionar i difondre els serveis de transport i log\u00edstics aplicant t\u00e8cniques i estrat\u00e8gies de m\u00e0rqueting i de gesti\u00f3 de relacions amb clients per garantir els objectius de comercialitzaci\u00f3 dissenyats per la direcci\u00f3 de l\u2019empresa.<\/span><\/li>\n<li><span style=\"font-weight: 400;\">Realitzar els proc\u00e9s de venda del servei de transport i de log\u00edstica i elaborar la documentaci\u00f3 t\u00e8cnica derivada de la venda, organitzant la cartera de clients, en angl\u00e8s si \u00e9s el cas, aplicant t\u00e8cniques de negociaci\u00f3 i venda proactiva i elaborant pressupostos adaptats a les necessitats dels client per complir els objectius aprovats per l\u2019organitzaci\u00f3.<\/span><\/li>\n<li><span style=\"font-weight: 400;\">Gestionar les relacions amb clients, en angl\u00e8s si \u00e9s el cas, realitzant els seguiment de les operacions per satisfer les seves demandes, incid\u00e8ncies, i reclamacions, de forma adequada, assegurant el nivell de servei prestat.<\/span><\/li>\n<li><span style=\"font-weight: 400;\">Organitzar l\u2019emmagatzematge de les mercaderies en les condicions que en garanteixin la integritat i l\u2019aprofitament \u00f2ptim dels mitjans i espais disponibles, d\u2019acord amb els procediments establerts.<\/span><\/li>\n<li><span style=\"font-weight: 400;\">Realitzar i controlar l\u2019aprovisionament de materials i mercaderies en els plans de producci\u00f3 i distribuci\u00f3, assegurant la quantitat, qualitat, lloc i terminis per complir amb els objectius establerts per l\u2019organitzaci\u00f3 i\/o pels clients.<\/span><\/li>\n<li><span style=\"font-weight: 400;\">Realitzar la gesti\u00f3 administrativa d\u2019operacions d\u2019importaci\u00f3 i exportaci\u00f3, i d\u2019introducci\u00f3 i expedici\u00f3 de mercaderies.<\/span><\/li>\n<\/ol>\n<\/li>\n<\/ol>\n<p><b>EN FINALITZAR ELS MEUS ESTUDIS, QU\u00c8 PUC FER?:<\/b><\/p>\n<ol>\n<li style=\"font-weight: 400;\" aria-level=\"1\"><span style=\"font-weight: 400;\">Continuar estudiant:<\/span><\/li>\n<\/ol>\n<p><span style=\"font-weight: 400;\">Amb aquests estudis s\u2019obt\u00e9 el t\u00edtol de t\u00e8cnic o t\u00e8cnica superior, que permet accedir:<\/span><\/p>\n<ul>\n<li style=\"list-style-type: none;\">\n<ul>\n<li style=\"font-weight: 400;\" aria-level=\"1\"><span style=\"font-weight: 400;\">a qualsevol estudi universitari oficial de grau o<\/span><\/li>\n<li style=\"font-weight: 400;\" aria-level=\"1\"><span style=\"font-weight: 400;\">al m\u00f3n laboral.\u00a0<\/span><\/li>\n<\/ul>\n<\/li>\n<\/ul>\n<p><span style=\"font-weight: 400;\">Amb aquests estudis s&#8217;obt\u00e9 el t\u00edtol de t\u00e8cnic superior o t\u00e8cnica superior, que permet accedir a qualsevol estudi universitari oficial de grau. Les persones que s&#8217;han graduat en un cicle formatiu de grau superior poden obtenir la convalidaci\u00f3 de cr\u00e8dits universitaris ECTS.<\/span><\/p>\n<p><span style=\"font-weight: 400;\">Per a m\u00e9s informaci\u00f3, consulteu el <\/span><a href=\"https:\/\/universitats.gencat.cat\/ca\/acces-universitat\/acces-segons-perfils-estudiants\/estudiant-cicle-formatiu\/\"><span style=\"font-weight: 400;\">Canal Universitats<\/span><\/a><\/p>\n<p><span style=\"font-weight: 400;\">2. Optar per les seg\u00fcents sortides professionals:<\/span><\/p>\n<p><span style=\"font-weight: 400;\">La superaci\u00f3 d&#8217;aquest cicle formatiu permet accedir al m\u00f3n laboral com a:<\/span><\/p>\n<ul>\n<li style=\"list-style-type: none;\">\n<ul>\n<li style=\"font-weight: 400;\" aria-level=\"1\"><span style=\"font-weight: 400;\">Cap de tr\u00e0nsit d&#8217;empreses de transport de viatgers per carretera. Cap d&#8217;operacions.<\/span><\/li>\n<li style=\"font-weight: 400;\" aria-level=\"1\"><span style=\"font-weight: 400;\">Gerent de l&#8217;empresa de transport.<\/span><\/li>\n<li style=\"font-weight: 400;\" aria-level=\"1\"><span style=\"font-weight: 400;\">Inspector de transport de viatgers per carretera.<\/span><\/li>\n<li style=\"font-weight: 400;\" aria-level=\"1\"><span style=\"font-weight: 400;\">Cap d&#8217;estaci\u00f3 d&#8217;autobusos.<\/span><\/li>\n<li style=\"font-weight: 400;\" aria-level=\"1\"><span style=\"font-weight: 400;\">Gestor de transport per carretera.<\/span><\/li>\n<li style=\"font-weight: 400;\" aria-level=\"1\"><span style=\"font-weight: 400;\">Comercial de serveis de transport per carretera.<\/span><\/li>\n<li style=\"font-weight: 400;\" aria-level=\"1\"><span style=\"font-weight: 400;\">Administratiu de servei de transport per carretera.<\/span><\/li>\n<li style=\"font-weight: 400;\" aria-level=\"1\"><span style=\"font-weight: 400;\">Gerent d&#8217;empreses de transport per carretera.<\/span><\/li>\n<li style=\"font-weight: 400;\" aria-level=\"1\"><span style=\"font-weight: 400;\">Cap de circulaci\u00f3.<\/span><\/li>\n<li style=\"font-weight: 400;\" aria-level=\"1\"><span style=\"font-weight: 400;\">Agent de transports.<\/span><\/li>\n<li style=\"font-weight: 400;\" aria-level=\"1\"><span style=\"font-weight: 400;\">Agent de c\u00e0rrega.<\/span><\/li>\n<li style=\"font-weight: 400;\" aria-level=\"1\"><span style=\"font-weight: 400;\">Cap de tr\u00e0nsit en activitats de transport.<\/span><\/li>\n<li style=\"font-weight: 400;\" aria-level=\"1\"><span style=\"font-weight: 400;\">Cap d&#8217;administraci\u00f3 en transport terrestre, aeri, mar\u00edtim i multimodal.<\/span><\/li>\n<li style=\"font-weight: 400;\" aria-level=\"1\"><span style=\"font-weight: 400;\">Cap de tr\u00e0nsit en activitats de transport combinat.<\/span><\/li>\n<li style=\"font-weight: 400;\" aria-level=\"1\"><span style=\"font-weight: 400;\">Comercial de serveis de transport.<\/span><\/li>\n<li style=\"font-weight: 400;\" aria-level=\"1\"><span style=\"font-weight: 400;\">Operador de transport porta a porta.<\/span><\/li>\n<li style=\"font-weight: 400;\" aria-level=\"1\"><span style=\"font-weight: 400;\">Transitari.<\/span><\/li>\n<li style=\"font-weight: 400;\" aria-level=\"1\"><span style=\"font-weight: 400;\">Consignatari de vaixells.<\/span><\/li>\n<li style=\"font-weight: 400;\" aria-level=\"1\"><span style=\"font-weight: 400;\">Operador log\u00edstic.<\/span><\/li>\n<li style=\"font-weight: 400;\" aria-level=\"1\"><span style=\"font-weight: 400;\">Cap de magatzem.<\/span><\/li>\n<li style=\"font-weight: 400;\" aria-level=\"1\"><span style=\"font-weight: 400;\">T\u00e8cnic en log\u00edstica del transport.<\/span><\/li>\n<li style=\"font-weight: 400;\" aria-level=\"1\"><span style=\"font-weight: 400;\">Coordinador log\u00edstic.<\/span><\/li>\n<li style=\"font-weight: 400;\" aria-level=\"1\"><span style=\"font-weight: 400;\">T\u00e8cnic en log\u00edstica inversa.<\/span><\/li>\n<\/ul>\n<\/li>\n<\/ul>\n<p style=\"text-align: right;\"><em><span style=\"color: #0000ff;\"><strong>Rumb al teu futur<\/strong><\/span><\/em><\/p>\n<p style=\"text-align: right;\"><em><span style=\"color: #0000ff;\"><strong>ILB \u2013 connected to change<\/strong><\/span><\/em><\/p>\n<p>&nbsp;<\/p>\n","protected":false},"excerpt":{"rendered":"<p><a href=\"https:\/\/agora.xtec.cat\/ilb\/wp-content\/uploads\/usu2296\/2022\/03\/Foto_10_port.jpg\"><\/a><br \/>\nT\u00e8cnic\/a superior en transport i log\u00edstica<br \/>\nCicle formatiu de grau superior<br \/>\nFAM\u00cdLIA: comer\u00e7 i m\u00e0rqueting  \u00a0 DURADA: 2000 hores\u00a0 (en el centre i l\u2019empresa)<br \/>\nN\u00ba DE CURSOS: 2 cursos<br \/>\nMETODOLOGIA: metodologies actives d\u2019aprenentatge<br \/>\nHORARI: Mat\u00ed (Primer curs) &#8211; Tarda (Primer curs &#8211; Segon curs)<br \/>\nPREU EN CONCEPTE DE MATR\u00cdCULA&hellip;  <a href=\"https:\/\/agora.xtec.cat\/ilb\/cicles-formatius-de-grau-superior-3\/cfgs-transport-i-logistica\/\" title=\"Read CFGS Transport i Log\u00edstica\">Llegeix m\u00e9s\u00bb<\/a><\/p>\n","protected":false},"author":1,"featured_media":0,"parent":799,"menu_order":0,"comment_status":"closed","ping_status":"closed","template":"","meta":{"_bbp_topic_count":0,"_bbp_reply_count":0,"_bbp_total_topic_count":0,"_bbp_total_reply_count":0,"_bbp_voice_count":0,"_bbp_anonymous_reply_count":0,"_bbp_topic_count_hidden":0,"_bbp_reply_count_hidden":0,"_bbp_forum_subforum_count":0,"footnotes":""},"class_list":["post-771","page","type-page","status-publish","hentry"],"post_mailing_queue_ids":[],"_links":{"self":[{"href":"https:\/\/agora.xtec.cat\/ilb\/wp-json\/wp\/v2\/pages\/771","targetHints":{"allow":["GET"]}}],"collection":[{"href":"https:\/\/agora.xtec.cat\/ilb\/wp-json\/wp\/v2\/pages"}],"about":[{"href":"https:\/\/agora.xtec.cat\/ilb\/wp-json\/wp\/v2\/types\/page"}],"author":[{"embeddable":true,"href":"https:\/\/agora.xtec.cat\/ilb\/wp-json\/wp\/v2\/users\/1"}],"replies":[{"embeddable":true,"href":"https:\/\/agora.xtec.cat\/ilb\/wp-json\/wp\/v2\/comments?post=771"}],"version-history":[{"count":6,"href":"https:\/\/agora.xtec.cat\/ilb\/wp-json\/wp\/v2\/pages\/771\/revisions"}],"predecessor-version":[{"id":4635,"href":"https:\/\/agora.xtec.cat\/ilb\/wp-json\/wp\/v2\/pages\/771\/revisions\/4635"}],"up":[{"embeddable":true,"href":"https:\/\/agora.xtec.cat\/ilb\/wp-json\/wp\/v2\/pages\/799"}],"wp:attachment":[{"href":"https:\/\/agora.xtec.cat\/ilb\/wp-json\/wp\/v2\/media?parent=771"}],"curies":[{"name":"wp","href":"https:\/\/api.w.org\/{rel}","templated":true}]}}