{"id":3637,"date":"2024-09-06T13:09:26","date_gmt":"2024-09-06T11:09:26","guid":{"rendered":"https:\/\/agora.xtec.cat\/ifp-alguero\/?page_id=3637"},"modified":"2024-09-06T13:12:51","modified_gmt":"2024-09-06T11:12:51","slug":"proves-dacces-especifiques-cicles-darts-plastiques-i-disseny-2024-convocatories-ordinaria-dincidencies-i-extraordinaria","status":"publish","type":"page","link":"https:\/\/agora.xtec.cat\/ifp-alguero\/estudis\/informacio-sobre-lacces-als-estudis\/proves-dacces-especifiques-cicles-darts-plastiques-i-disseny-2024-convocatories-ordinaria-dincidencies-i-extraordinaria\/","title":{"rendered":"Proves d&#8217;acc\u00e9s espec\u00edfiques cicles d&#8217;Arts Pl\u00e0stiques i Disseny 2024 &#8211; Convocat\u00f2ries ordin\u00e0ria, d&#8217;incid\u00e8ncies i extraordin\u00e0ria"},"content":{"rendered":"<p>El Departament d&#8217;Educaci\u00f3 convoca les proves que has de superar si vols accedir a\u00a0<strong>cicles de grau mitj\u00e0 o grau superior d&#8217;arts pl\u00e0stiques i disseny<\/strong>.<\/p>\n<p>L&#8217;IFP ANTONI ALGUER\u00d3 \u00e9s seu de les proves d&#8217;acc\u00e9s. Al nostre centre oferim tamb\u00e9 els cicles CFAM d&#8217;Assist\u00e8ncia al Producte Gr\u00e0fic Interactiu i CFGS de Gr\u00e0fica Publicit\u00e0ria.<\/p>\n<h3><strong>GRAU MITJ\u00c0<\/strong><\/h3>\n<p>TOTA LA INFORMACI\u00d3: <a href=\"https:\/\/triaeducativa.gencat.cat\/ca\/proves\/proves-acces\/apd\/apd-gm\/\" target=\"_blank\" rel=\"noopener\">https:\/\/triaeducativa.gencat.cat\/ca\/proves\/proves-acces\/apd\/apd-gm\/<\/a><\/p>\n<h5><strong>CONVOCAT\u00d2RIA ORDINARIA 2024<\/strong><\/h5>\n<p><strong>Requisits:<\/strong><\/p>\n<p>Les persones que tenen el t\u00edtol de graduat d&#8217;educaci\u00f3 secund\u00e0ria obligat\u00f2ria (o un t\u00edtol equivalent a efectes d&#8217;acc\u00e9s) nom\u00e9s han de fer la part espec\u00edfica de la prova. Les persones que es troben a l&#8217;\u00faltim curs d&#8217;un d&#8217;aquests t\u00edtols tamb\u00e9 poden fer la prova i han d&#8217;acreditar que tenen el t\u00edtol en el proc\u00e9s de matr\u00edcula.<\/p>\n<p>Les persones que no tenen el t\u00edtol de graduat d&#8217;educaci\u00f3 secund\u00e0ria obligat\u00f2ria (o equivalent) han de fer les dues parts de la prova: la part comuna i la part espec\u00edfica. Per inscriure&#8217;s a la prova cal tenir 17 anys o m\u00e9s (o complir-los l&#8217;any 2024).<\/p>\n<p><strong>DATES CLAU:<\/strong><\/p>\n<ul>\n<li><strong>Inscripci\u00f3:<\/strong> del 7 (a partir de les 9 h) al 18 de mar\u00e7 de 2024<\/li>\n<li><strong>Pagament de la taxa:<\/strong> fins al 19 de mar\u00e7 de 2024 (abans de les 22 h)<\/li>\n<li><strong>Llista provisional d&#8217;admesos i exclosos:<\/strong> a partir del 2 d&#8217;abril de 2024<\/li>\n<li><strong>Presentaci\u00f3 de la documentaci\u00f3 al centre:<\/strong> del 3 al 16 d&#8217;abril de 2024 (en horari d&#8217;atenci\u00f3 al p\u00fablic)<\/li>\n<li><strong>Llista definitiva d&#8217;admesos i exclosos:<\/strong> a partir del 23 d&#8217;abril de 2024<\/li>\n<li><strong>Prova espec\u00edfica: <\/strong>8 de maig de 2024 a les 16 h (dues hores, en un \u00fanic bloc temporal)<\/li>\n<li><strong>Qualificacions provisionals: <\/strong>a partir del 24 de maig de 2024<\/li>\n<li><strong>Termini per presentar reclamacions al centre: <\/strong>del 27 al 29 de maig de 2024 (en horari d&#8217;atenci\u00f3 al p\u00fablic)<\/li>\n<li><strong>Qualificacions definitives:<\/strong> a partir del 31 de maig de 2024<\/li>\n<\/ul>\n<p><a href=\"https:\/\/agora.xtec.cat\/ifp-alguero\/wp-content\/uploads\/usu2575\/2024\/04\/GSA_009_ADMESOS_EXCLOSOS_GSA_009_Admesos_Exclosos_2024-AGM-03-ANONIMA.pdf\" target=\"_blank\" rel=\"noopener\"><strong>LLISTA PROVISIONAL D&#8217;ADMESSOS I EXCLOSOS GRAU MITJ\u00c0<\/strong><\/a><\/p>\n<p><a href=\"https:\/\/agora.xtec.cat\/ifp-alguero\/wp-content\/uploads\/usu2575\/2024\/04\/GSA_009_ADMESOS_EXCLOSOS_GSA_009_Admesos_Exclosos_2024-AGM-03.pdf\" target=\"_blank\" rel=\"noopener\"><strong>LLISTA DEFINITIVA D&#8217;ADMESSOS I EXCLOSOS GRAU MITJ\u00c0<\/strong><\/a><\/p>\n<p><a href=\"https:\/\/agora.xtec.cat\/ifp-alguero\/wp-content\/uploads\/usu2575\/2024\/05\/rwservlet_ano.pdf\" target=\"_blank\" rel=\"noopener\"><strong>QUALIFICACIONS PROVISIONALS GRAU MITJ\u00c0<\/strong><\/a><\/p>\n<p><a href=\"https:\/\/agora.xtec.cat\/ifp-alguero\/wp-content\/uploads\/usu2575\/2024\/05\/Qualificacions_Definitives_ano.pdf\" target=\"_blank\" rel=\"noopener\"><strong>QUALIFICACIONS DEFINITIVES GRAU MITJ\u00c0<\/strong><\/a><\/p>\n<h5><strong>CONVOCAT\u00d2RIA D&#8217;INCID\u00c8NCIES 2024<\/strong><\/h5>\n<ul>\n<li><strong>Inscripci\u00f3:<\/strong> no m\u00e9s tard de les 12 h del 7 de maig de 2024<\/li>\n<li><strong>Llista d&#8217;admesos i exclosos:<\/strong> no m\u00e9s tard del 10 de maig de 2024<\/li>\n<li><strong>Prova:<\/strong> 16 de maig de 2024 a les 9.30 h<\/li>\n<\/ul>\n<h5><strong>CONVOCAT\u00d2RIA EXTRAORDIN\u00c0RIA 2024<\/strong><\/h5>\n<ul>\n<li><strong>Inscripci\u00f3:<\/strong> del 23 (a partir de les 9 h) al 30 de maig de 2024<\/li>\n<li><strong>Llista provisional d&#8217;admesos i exclosos:<\/strong> a partir del 4 de juny de 2024<\/li>\n<li><strong>Presentaci\u00f3 de la documentaci\u00f3 al centre:<\/strong> del 5 al 18 de juny de 2024 (en horari d&#8217;atenci\u00f3 al p\u00fablic)<\/li>\n<li><strong>Llista definitiva d&#8217;admesos i exclosos:<\/strong> a partir del 19 de juny de 2024<\/li>\n<li><strong>Proves:<\/strong> 20 de juny de 2024 a les 9.30 h<\/li>\n<li><strong>Qualificacions provisionals: <\/strong>a partir del 28 de juny de 2024.<\/li>\n<li><strong>Termini per presentar reclamacions al centre: <\/strong>de l&#8217;1 al 3 de juliol de 2024 (en horari d&#8217;atenci\u00f3 al p\u00fablic)<\/li>\n<li><strong>Qualificacions definitives:<\/strong> a partir del 5 de juliol de 2024<\/li>\n<\/ul>\n<p><a href=\"https:\/\/agora.xtec.cat\/ifp-alguero\/wp-content\/uploads\/usu2575\/2024\/06\/GSA_009_ADMESOS_EXCLOSOS_GSA_009_Admesos_Exclosos_2024-AGM-05.pdf\" target=\"_blank\" rel=\"noopener\"><strong>LLISTA PROVISIONAL D&#8217;ADMESSOS I EXCLOSOS GRAU MITJ\u00c0<\/strong><\/a><\/p>\n<p><a href=\"https:\/\/agora.xtec.cat\/ifp-alguero\/wp-content\/uploads\/usu2575\/2024\/06\/GSA_009_ADMESOS_EXCLOSOS_GSA_009_Admesos_Exclosos_2024-AGM-05-1_DEFINITiu.pdf\" target=\"_blank\" rel=\"noopener\"><strong>LLISTA DEFINITIVA D&#8217;ADMESSOS I EXCLOSOS GRAU MITJ\u00c0<\/strong><\/a><\/p>\n<p><a href=\"https:\/\/agora.xtec.cat\/ifp-alguero\/wp-content\/uploads\/usu2575\/2024\/06\/QualificacionsProvisionals_CFGM_Ano.pdf\" target=\"_blank\" rel=\"noopener\"><strong>QUALIFICACIONS PROVISIONALS GRAU MITJ\u00c0<\/strong><\/a><\/p>\n<p><a href=\"https:\/\/agora.xtec.cat\/ifp-alguero\/wp-content\/uploads\/usu2575\/2024\/07\/QualificacionsDefinitives_CFGM_Ano_DEF.pdf\" target=\"_blank\" rel=\"noopener\"><strong>QUALIFICACIONS DEFINITIVES GRAU MITJ\u00c0<\/strong><\/a><\/p>\n<h5><strong>CONVOCAT\u00d2RIA DE SETEMBRE 2024<\/strong><\/h5>\n<ul>\n<li><strong>Inscripci\u00f3:<\/strong> del 2 al 6 de setembre de 2024<\/li>\n<li><strong>Llista provisional d&#8217;admesos i exclosos:<\/strong> 10 de setembre de 2024<\/li>\n<li><strong>Presentaci\u00f3 de la documentaci\u00f3 al centre:<\/strong> de l&#8217;11 al 24 de setembre de 2024 (en horari d&#8217;atenci\u00f3 al p\u00fablic)<\/li>\n<li><strong>Llista definitiva d&#8217;admesos i exclosos:<\/strong> 26 de setembre de 2024<\/li>\n<li><strong>Proves:<\/strong> 27 de setembre de 2024 a les 9.30 h<\/li>\n<li><strong>Qualificacions provisionals: <\/strong>3 d&#8217;octubre de 2024.<\/li>\n<li><strong>Termini per presentar reclamacions al centre: <\/strong>del 4 al 7 d&#8217;octubre de 2024 (en horari d&#8217;atenci\u00f3 al p\u00fablic)<\/li>\n<li><strong>Qualificacions definitives:<\/strong> a partir del 9 d&#8217;octubre de 2024<\/li>\n<\/ul>\n<h3><strong>GRAU SUPERIOR<\/strong><\/h3>\n<p>TOTA LA INFORMACI\u00d3: <a href=\"https:\/\/triaeducativa.gencat.cat\/ca\/proves\/proves-acces\/apd\/apd-gs\/\" target=\"_blank\" rel=\"noopener\">https:\/\/triaeducativa.gencat.cat\/ca\/proves\/proves-acces\/apd\/apd-gs\/<\/a><\/p>\n<h5><strong>CONVOCAT\u00d2RIA ORDINARIA 2024<\/strong><\/h5>\n<p><strong>Requisits:<\/strong><\/p>\n<p>Les persones que tenen el t\u00edtol de\u00a0<strong>batxillerat<\/strong>\u00a0o un\u00a0<a title=\"t\u00edtol equivalent\" href=\"https:\/\/triaeducativa.gencat.cat\/ca\/artistics-esportius\/apd\/equivalencies-acces-cicles\/index.html\" target=\"_blank\" rel=\"noopener\">t\u00edtol equivalent<\/a>\u00a0a efectes d&#8217;acc\u00e9s, nom\u00e9s han de fer la\u00a0<strong>part espec\u00edfica<\/strong>\u00a0de la prova. Les persones que es troben a l&#8217;\u00faltim curs d&#8217;un d&#8217;aquests t\u00edtols tamb\u00e9 poden fer la prova i han d&#8217;acreditar que tenen la titulaci\u00f3 en el proc\u00e9s de matr\u00edcula.<\/p>\n<p>Les persones que no tenen el t\u00edtol de batxillerat han de fer les dues parts de la prova: la\u00a0<strong>part comuna<\/strong>\u00a0i la\u00a0<strong>part espec\u00edfica<\/strong>. En aquest cas, es poden inscriure a la prova les persones que tenen\u00a0<strong>19 anys<\/strong>\u00a0o m\u00e9s (o els compleixen l&#8217;any 2024).<\/p>\n<p><strong>DATES CLAU:<\/strong><\/p>\n<ul>\n<li><strong>Inscripci\u00f3:<\/strong> del 7 (a partir de les 9 h) al 18 de mar\u00e7 de 2024<\/li>\n<li><strong>Pagament de la taxa:<\/strong> fins al 19 de mar\u00e7 de 2024 (abans de les 22 h)<\/li>\n<li><strong>Llista provisional d&#8217;admesos i exclosos:<\/strong> a partir del 4 d&#8217;abril de 2024<\/li>\n<li><strong>Presentaci\u00f3 de la documentaci\u00f3 al centre:<\/strong> del 5 al 18 d&#8217;abril de 2024 (en horari d&#8217;atenci\u00f3 al p\u00fablic)<\/li>\n<li><strong>Llista definitiva d&#8217;admesos i exclosos:<\/strong> a partir del 25 d&#8217;abril de 2024<\/li>\n<li><strong>Prova espec\u00edfica: <\/strong>15 de maig de 2024 a les 16 h<\/li>\n<li><strong>Qualificacions provisionals:<\/strong>a partir del 3 de juny de 2024<\/li>\n<li><strong>Termini per presentar reclamacions al centre:<\/strong>del 4 al 6 de juny de 2024 (en horari d&#8217;atenci\u00f3 al p\u00fablic)<\/li>\n<li><strong>Qualificacions definitives:<\/strong> a partir del 10 de juny de 2024<\/li>\n<\/ul>\n<p><a href=\"https:\/\/agora.xtec.cat\/ifp-alguero\/wp-content\/uploads\/usu2575\/2024\/04\/GSA_009_ADMESOS_EXCLOSOS_GSA_009_Admesos_Exclosos_2024-AGS-03-ANONIMA.pdf\" target=\"_blank\" rel=\"noopener\"><strong>LLISTA PROVISIONAL D&#8217;ADMESSOS I EXCLOSOS GRAU SUPERIOR<\/strong><\/a><\/p>\n<p><a href=\"https:\/\/agora.xtec.cat\/ifp-alguero\/wp-content\/uploads\/usu2575\/2024\/04\/GSA_009_ADMESOS_EXCLOSOS_GSA_009_Admesos_Exclosos_2024-AGS-03.pdf\" target=\"_blank\" rel=\"noopener\"><strong>LLISTA DEFINITIVA D&#8217;ADMESSOS I EXCLOSOS GRAU SUPERIOR<\/strong><\/a><\/p>\n<p><a href=\"https:\/\/agora.xtec.cat\/ifp-alguero\/wp-content\/uploads\/usu2575\/2024\/06\/Qualificacions_Provisionals_provesAcces_Maig_CFGS_Ano.pdf\" target=\"_blank\" rel=\"noopener\"><strong>QUALIFICACIONS PROVISIONALS GRAU SUPERIOR<\/strong><\/a><\/p>\n<p><a href=\"https:\/\/agora.xtec.cat\/ifp-alguero\/wp-content\/uploads\/usu2575\/2024\/06\/Qualificacions_Definitives_provesAcces_Maig_CFGS_Ano.pdf\" target=\"_blank\" rel=\"noopener\"><strong>QUALIFICACIONS DEFINITIVES GRAU SUPERIOR<\/strong><\/a><\/p>\n<h5><strong>CONVOCAT\u00d2RIA D&#8217;INCID\u00c8NCIES 2024<\/strong><\/h5>\n<ul>\n<li><strong>Inscripci\u00f3:<\/strong> no m\u00e9s tard de les 12 h del 14 de maig de 2024<\/li>\n<li><strong>Llista d&#8217;admesos i exclosos:<\/strong> no m\u00e9s tard del 17 de maig de 2024<\/li>\n<li><strong>Prova:<\/strong> 22 de maig de 2024 a les 16 h<\/li>\n<\/ul>\n<h5><strong>CONVOCAT\u00d2RIA EXTRAORDIN\u00c0RIA 2024<\/strong><\/h5>\n<ul>\n<li><strong>Inscripci\u00f3:<\/strong> del 23 (a partir de les 9 h) al 30 de maig de 2024<\/li>\n<li><strong>Llista provisional d&#8217;admesos i exclosos:<\/strong> a partir del 4 de juny de 2024<\/li>\n<li><strong>Presentaci\u00f3 de la documentaci\u00f3 al centre:<\/strong> del 5 al 18 de juny de 2024 (en horari d&#8217;atenci\u00f3 al p\u00fablic)<\/li>\n<li><strong>Llista definitiva d&#8217;admesos i exclosos:<\/strong> a partir del 19 de juny de 2024<\/li>\n<li><strong>Proves:<\/strong> 26 de juny de 2024 a les 9.30 h<\/li>\n<li><strong>Qualificacions provisionals: <\/strong>a partir del 28 de juny de 2024.<\/li>\n<li><strong>Termini per presentar reclamacions al centre: <\/strong>de l&#8217;1 al 3 de juliol de 2024 (en horari d&#8217;atenci\u00f3 al p\u00fablic)<\/li>\n<li><strong>Qualificacions definitives:<\/strong> a partir del 5 de juliol de 2024<\/li>\n<\/ul>\n<p><a href=\"https:\/\/agora.xtec.cat\/ifp-alguero\/wp-content\/uploads\/usu2575\/2024\/06\/GSA_009_ADMESOS_EXCLOSOS_GSA_009_Admesos_Exclosos_2024-AGS-05_ano.pdf\" target=\"_blank\" rel=\"noopener\"><strong>LLISTA PROVISIONAL D&#8217;ADMESSOS I EXCLOSOS GRAU SUPERIOR<\/strong><\/a><\/p>\n<p><a href=\"https:\/\/agora.xtec.cat\/ifp-alguero\/wp-content\/uploads\/usu2575\/2024\/06\/GSA_009_ADMESOS_EXCLOSOS_GSA_009_Admesos_Exclosos_2024-AGS-05_ano_DEFINITIU.pdf\" target=\"_blank\" rel=\"noopener\"><strong>LLISTA DEFINITIVA D&#8217;ADMESSOS I EXCLOSOS GRAU SUPERIOR<\/strong><\/a><\/p>\n<p><a href=\"https:\/\/agora.xtec.cat\/ifp-alguero\/wp-content\/uploads\/usu2575\/2024\/06\/QualificacionsProvisionals_CFGS_Ano.pdf\" target=\"_blank\" rel=\"noopener\"><strong>QUALIFICACIONS PROVISIONALS GRAU SUPERIOR<\/strong><\/a><\/p>\n<p><a href=\"https:\/\/agora.xtec.cat\/ifp-alguero\/wp-content\/uploads\/usu2575\/2024\/07\/QualificacionsDefinitives_CFGS_Ano_DEF.pdf\" target=\"_blank\" rel=\"noopener\"><strong>QUALIFICACIONS DEFINITIVES GRAU SUPERIOR<\/strong><\/a><\/p>\n<h5><strong>CONVOCAT\u00d2RIA DE SETEMBRE 2024<\/strong><\/h5>\n<ul>\n<li><strong>Inscripci\u00f3:<\/strong> del 2 al 6 de setembre de 2024<\/li>\n<li><strong>Llista provisional d&#8217;admesos i exclosos:<\/strong> 10 de setembre de 2024<\/li>\n<li><strong>Presentaci\u00f3 de la documentaci\u00f3 al centre:<\/strong> de l&#8217;11 al 24 de setembre de 2024 (en horari d&#8217;atenci\u00f3 al p\u00fablic)<\/li>\n<li><strong>Llista definitiva d&#8217;admesos i exclosos:<\/strong> 26 de setembre de 2024<\/li>\n<li><strong>Proves:<\/strong> 27 de setembre de 2024 a les 9.30 h<\/li>\n<li><strong>Qualificacions provisionals: <\/strong>3 d&#8217;octubre de 2024.<\/li>\n<li><strong>Termini per presentar reclamacions al centre: <\/strong>del 4 al 7 d&#8217;octubre de 2024 (en horari d&#8217;atenci\u00f3 al p\u00fablic)<\/li>\n<li><strong>Qualificacions definitives:<\/strong> a partir del 9 d&#8217;octubre de 2024<\/li>\n<\/ul>\n","protected":false},"excerpt":{"rendered":"<p>El Departament d&#8217;Educaci\u00f3 convoca les proves que has de superar si vols accedir a\u00a0cicles de grau mitj\u00e0 o grau superior d&#8217;arts pl\u00e0stiques i disseny.<br \/>\nL&#8217;IFP ANTONI ALGUER\u00d3 \u00e9s seu de les proves d&#8217;acc\u00e9s. Al nostre centre oferim tamb\u00e9 els cicles CFAM d&#8217;Assist\u00e8ncia al Producte Gr\u00e0fic Interactiu&hellip;  <a href=\"https:\/\/agora.xtec.cat\/ifp-alguero\/estudis\/informacio-sobre-lacces-als-estudis\/proves-dacces-especifiques-cicles-darts-plastiques-i-disseny-2024-convocatories-ordinaria-dincidencies-i-extraordinaria\/\" title=\"Read Proves d&#8217;acc\u00e9s espec\u00edfiques cicles d&#8217;Arts Pl\u00e0stiques i Disseny 2024 &#8211; Convocat\u00f2ries ordin\u00e0ria, d&#8217;incid\u00e8ncies i extraordin\u00e0ria\">Llegeix m\u00e9s\u00bb<\/a><\/p>\n","protected":false},"author":1,"featured_media":0,"parent":1219,"menu_order":0,"comment_status":"closed","ping_status":"closed","template":"","meta":{"_bbp_topic_count":0,"_bbp_reply_count":0,"_bbp_total_topic_count":0,"_bbp_total_reply_count":0,"_bbp_voice_count":0,"_bbp_anonymous_reply_count":0,"_bbp_topic_count_hidden":0,"_bbp_reply_count_hidden":0,"_bbp_forum_subforum_count":0,"footnotes":""},"class_list":["post-3637","page","type-page","status-publish","hentry"],"post_mailing_queue_ids":[],"_links":{"self":[{"href":"https:\/\/agora.xtec.cat\/ifp-alguero\/wp-json\/wp\/v2\/pages\/3637","targetHints":{"allow":["GET"]}}],"collection":[{"href":"https:\/\/agora.xtec.cat\/ifp-alguero\/wp-json\/wp\/v2\/pages"}],"about":[{"href":"https:\/\/agora.xtec.cat\/ifp-alguero\/wp-json\/wp\/v2\/types\/page"}],"author":[{"embeddable":true,"href":"https:\/\/agora.xtec.cat\/ifp-alguero\/wp-json\/wp\/v2\/users\/1"}],"replies":[{"embeddable":true,"href":"https:\/\/agora.xtec.cat\/ifp-alguero\/wp-json\/wp\/v2\/comments?post=3637"}],"version-history":[{"count":1,"href":"https:\/\/agora.xtec.cat\/ifp-alguero\/wp-json\/wp\/v2\/pages\/3637\/revisions"}],"predecessor-version":[{"id":3639,"href":"https:\/\/agora.xtec.cat\/ifp-alguero\/wp-json\/wp\/v2\/pages\/3637\/revisions\/3639"}],"up":[{"embeddable":true,"href":"https:\/\/agora.xtec.cat\/ifp-alguero\/wp-json\/wp\/v2\/pages\/1219"}],"wp:attachment":[{"href":"https:\/\/agora.xtec.cat\/ifp-alguero\/wp-json\/wp\/v2\/media?parent=3637"}],"curies":[{"name":"wp","href":"https:\/\/api.w.org\/{rel}","templated":true}]}}