{"id":2625,"date":"2023-07-28T18:26:45","date_gmt":"2023-07-28T16:26:45","guid":{"rendered":"https:\/\/agora.xtec.cat\/ifp-alguero\/?page_id=2625"},"modified":"2025-07-10T12:46:24","modified_gmt":"2025-07-10T10:46:24","slug":"moduls-pfi-auxiliar-en-arts-grafiques-i-serigafia-as","status":"publish","type":"page","link":"https:\/\/agora.xtec.cat\/ifp-alguero\/estudis\/distribucio-de-moduls-pel-curs-2025-2026\/moduls-pfi-auxiliar-en-arts-grafiques-i-serigafia-as\/","title":{"rendered":"M\u00f2duls PFI Auxiliar en Arts Gr\u00e0fiques i Serigafia (AS)"},"content":{"rendered":"<h3>M\u00f2duls i hores<br \/>\nCurs 2025-2026<\/h3>\n<p>&nbsp;<\/p>\n<table dir=\"ltr\" style=\"width: 857px;\" border=\"1\" cellspacing=\"0\" cellpadding=\"0\" data-sheets-root=\"1\">\n<colgroup>\n<col width=\"140\" \/>\n<col width=\"440\" \/>\n<col width=\"100\" \/>\n<col width=\"100\" \/>\n<col width=\"100\" \/><\/colgroup>\n<tbody>\n<tr>\n<td style=\"background-color: #dcdcdc; width: 127px;\" data-sheets-value=\"{&quot;1&quot;:2,&quot;2&quot;:&quot;Codi&quot;}\"><strong>Codi<\/strong><\/td>\n<td style=\"background-color: #dcdcdc; width: 435px;\" data-sheets-value=\"{&quot;1&quot;:2,&quot;2&quot;:&quot;M\u00f2dul professional&quot;}\"><strong>M\u00f2dul professional<\/strong><\/td>\n<td style=\"text-align: center; background-color: #dcdcdc; width: 98px;\" data-sheets-value=\"{&quot;1&quot;:2,&quot;2&quot;:&quot;Hores centre&quot;}\"><strong>Hores centre<\/strong><\/td>\n<td style=\"text-align: center; background-color: #dcdcdc; width: 99px;\" data-sheets-value=\"{&quot;1&quot;:2,&quot;2&quot;:&quot;Hores empresa&quot;}\"><strong>Hores empresa<\/strong><\/td>\n<td style=\"text-align: center; background-color: #dcdcdc; width: 98px;\" data-sheets-value=\"{&quot;1&quot;:2,&quot;2&quot;:&quot;Hores totals MP&quot;}\"><strong>Hores totals<\/strong><\/td>\n<\/tr>\n<tr>\n<td>MP01<br \/>\n(3124)<\/td>\n<td>Treballs de reprografia<\/td>\n<td style=\"text-align: center;\">119 h<\/td>\n<td style=\"text-align: center;\">66 h<\/td>\n<td style=\"text-align: center;\"><strong>185 h<\/strong><\/td>\n<\/tr>\n<tr>\n<td>MP02<br \/>\n(3125)<\/td>\n<td>Acabats en reprografia i finalitzaci\u00f3 de productes gr\u00e0fics<\/td>\n<td style=\"text-align: center;\">130 h<\/td>\n<td style=\"text-align: center;\">68 h<\/td>\n<td style=\"text-align: center;\"><strong>198 h<\/strong><\/td>\n<\/tr>\n<tr>\n<td>MP03<br \/>\n(3127)<\/td>\n<td>Operacions de producci\u00f3 gr\u00e0fica<\/td>\n<td style=\"text-align: center;\">99 h<\/td>\n<td style=\"text-align: center;\">66 h<\/td>\n<td style=\"text-align: center;\"><strong>165 h<\/strong><\/td>\n<\/tr>\n<tr>\n<td>MP04<br \/>\n(MFPE007)<\/td>\n<td>T\u00e8cniques de serigrafia<\/td>\n<td style=\"text-align: center;\">47 h<\/td>\n<td style=\"text-align: center;\">0 h<\/td>\n<td style=\"text-align: center;\"><strong>47 h<\/strong><\/td>\n<\/tr>\n<tr>\n<td><em>MP05<\/em><\/td>\n<td><em>Formaci\u00f3 en centres de treball<\/em><\/td>\n<td style=\"text-align: center;\"><em>0 h<\/em><\/td>\n<td style=\"text-align: center;\"><em>200 h *<\/em><\/td>\n<td style=\"text-align: center;\"><em><strong>200 h *<\/strong><\/em><\/td>\n<\/tr>\n<tr>\n<td>MP06<br \/>\n(MP)<\/td>\n<td>Projecte<\/td>\n<td style=\"text-align: center;\">25 h<\/td>\n<td style=\"text-align: center;\">0 h<\/td>\n<td style=\"text-align: center;\"><strong>25 h<\/strong><\/td>\n<\/tr>\n<tr>\n<td>MP07<br \/>\n(MPRL)<\/td>\n<td>Formaci\u00f3 b\u00e0sica en prevenci\u00f3 de riscos laborals<\/td>\n<td style=\"text-align: center;\">30 h<\/td>\n<td style=\"text-align: center;\">0 h<\/td>\n<td style=\"text-align: center;\"><strong>30 h<\/strong><\/td>\n<\/tr>\n<tr>\n<td>MP08<br \/>\n(MFG1)<\/td>\n<td>Estrat\u00e8gies i eines de comunicaci\u00f3<\/td>\n<td style=\"text-align: center;\">110 h<\/td>\n<td style=\"text-align: center;\">0 h<\/td>\n<td style=\"text-align: center;\"><strong>110 h<\/strong><\/td>\n<\/tr>\n<tr>\n<td>MP09<br \/>\n(MFG2)<\/td>\n<td>Entorn social i territorial<\/td>\n<td style=\"text-align: center;\">45 h<\/td>\n<td style=\"text-align: center;\">0 h<\/td>\n<td style=\"text-align: center;\"><strong>45 h<\/strong><\/td>\n<\/tr>\n<tr>\n<td>MP10<br \/>\n(MFG3)<\/td>\n<td>Estrat\u00e8gies i eines matem\u00e0tiques<\/td>\n<td style=\"text-align: center;\">110 h<\/td>\n<td style=\"text-align: center;\">0 h<\/td>\n<td style=\"text-align: center;\"><strong>110 h<\/strong><\/td>\n<\/tr>\n<tr>\n<td>MP11<br \/>\n(MFG4)<\/td>\n<td>Incorporaci\u00f3 al m\u00f3n professional<\/td>\n<td style=\"text-align: center;\">50 h<\/td>\n<td style=\"text-align: center;\">0 h<\/td>\n<td style=\"text-align: center;\"><strong>50 h<\/strong><\/td>\n<\/tr>\n<tr>\n<td>MP12<\/td>\n<td>Tutoria<\/td>\n<td style=\"text-align: center;\">35 h<\/td>\n<td style=\"text-align: center;\">0 h<\/td>\n<td style=\"text-align: center;\"><strong>35 h<\/strong><\/td>\n<\/tr>\n<\/tbody>\n<\/table>\n<p><em>* Les hores indicades s\u00f3n la suma de les &#8220;hores empresa&#8221; dels altres m\u00f2duls<\/em><\/p>\n<p><a href=\"https:\/\/xtec.gencat.cat\/ca\/curriculum\/professionals\/pfi\/curriculum-a-partir-del-curs-2024-2025\/\">Web XTEC on trobar els disseny curriculars dels ensenyaments dels Programes de formaci\u00f3 i inserci\u00f3 (PFI)<\/a><\/p>\n<p>&nbsp;<\/p>\n","protected":false},"excerpt":{"rendered":"<p>M\u00f2duls i hores<br \/>\nCurs 2025-2026<br \/>\n&nbsp;<\/p>\n<p>Codi<br \/>\nM\u00f2dul professional<br \/>\nHores centre<br \/>\nHores empresa<br \/>\nHores totals<\/p>\n<p>MP01<br \/>\n(3124)<br \/>\nTreballs de reprografia<br \/>\n119 h<br \/>\n66 h<br \/>\n185 h<\/p>\n<p>MP02<br \/>\n(3125)<br \/>\nAcabats en reprografia i finalitzaci\u00f3 de productes gr\u00e0fics<br \/>\n130 h<br \/>\n68 h<br \/>\n198 h<\/p>\n<p>MP03<br \/>\n(3127)<br \/>\nOperacions de producci\u00f3 gr\u00e0fica<br \/>\n99 h<br \/>\n66 h<br \/>\n165 h<\/p>\n<p>MP04<br \/>\n(MFPE007)<br \/>\nT\u00e8cniques de serigrafia<br \/>\n47 h<br \/>\n0 h<br \/>\n47 h<\/p>\n<p>MP05<br \/>\nFormaci\u00f3 en centres de treball<br \/>\n0 h<br \/>\n200 h *<br \/>\n200 h *<\/p>\n<p>MP06<br \/>\n(MP)<br \/>\nProjecte<br \/>\n25 h<br \/>\n0 h<br \/>\n25&hellip;  <a href=\"https:\/\/agora.xtec.cat\/ifp-alguero\/estudis\/distribucio-de-moduls-pel-curs-2025-2026\/moduls-pfi-auxiliar-en-arts-grafiques-i-serigafia-as\/\" title=\"Read M\u00f2duls PFI Auxiliar en Arts Gr\u00e0fiques i Serigafia (AS)\">Llegeix m\u00e9s\u00bb<\/a><\/p>\n","protected":false},"author":1,"featured_media":0,"parent":4458,"menu_order":0,"comment_status":"closed","ping_status":"closed","template":"page-templates\/side-menu.php","meta":{"_bbp_topic_count":0,"_bbp_reply_count":0,"_bbp_total_topic_count":0,"_bbp_total_reply_count":0,"_bbp_voice_count":0,"_bbp_anonymous_reply_count":0,"_bbp_topic_count_hidden":0,"_bbp_reply_count_hidden":0,"_bbp_forum_subforum_count":0,"footnotes":""},"class_list":["post-2625","page","type-page","status-publish","hentry"],"post_mailing_queue_ids":[],"_links":{"self":[{"href":"https:\/\/agora.xtec.cat\/ifp-alguero\/wp-json\/wp\/v2\/pages\/2625","targetHints":{"allow":["GET"]}}],"collection":[{"href":"https:\/\/agora.xtec.cat\/ifp-alguero\/wp-json\/wp\/v2\/pages"}],"about":[{"href":"https:\/\/agora.xtec.cat\/ifp-alguero\/wp-json\/wp\/v2\/types\/page"}],"author":[{"embeddable":true,"href":"https:\/\/agora.xtec.cat\/ifp-alguero\/wp-json\/wp\/v2\/users\/1"}],"replies":[{"embeddable":true,"href":"https:\/\/agora.xtec.cat\/ifp-alguero\/wp-json\/wp\/v2\/comments?post=2625"}],"version-history":[{"count":6,"href":"https:\/\/agora.xtec.cat\/ifp-alguero\/wp-json\/wp\/v2\/pages\/2625\/revisions"}],"predecessor-version":[{"id":4578,"href":"https:\/\/agora.xtec.cat\/ifp-alguero\/wp-json\/wp\/v2\/pages\/2625\/revisions\/4578"}],"up":[{"embeddable":true,"href":"https:\/\/agora.xtec.cat\/ifp-alguero\/wp-json\/wp\/v2\/pages\/4458"}],"wp:attachment":[{"href":"https:\/\/agora.xtec.cat\/ifp-alguero\/wp-json\/wp\/v2\/media?parent=2625"}],"curies":[{"name":"wp","href":"https:\/\/api.w.org\/{rel}","templated":true}]}}