{"id":2199,"date":"2023-05-02T14:25:21","date_gmt":"2023-05-02T12:25:21","guid":{"rendered":"https:\/\/agora.xtec.cat\/ifp-alguero\/?page_id=2199"},"modified":"2023-07-27T09:20:35","modified_gmt":"2023-07-27T07:20:35","slug":"preinscripcio-al-curs-pfi-dauxiliar-darts-grafiques-i-serigrafia-curs-2023-2024","status":"publish","type":"page","link":"https:\/\/agora.xtec.cat\/ifp-alguero\/estudis\/preinscripcio-al-curs-pfi-dauxiliar-darts-grafiques-i-serigrafia-curs-2023-2024\/","title":{"rendered":"Preinscripci\u00f3 i matr\u00edcula al curs PFI d&#8217;Auxiliar d&#8217;arts gr\u00e0fiques i serigrafia \u2013 Curs 2023-2024"},"content":{"rendered":"<p>Tota aquesta informaci\u00f3 es pot trobar ampliada\u00a0<a href=\"https:\/\/preinscripcio.gencat.cat\/ca\/estudis\/pfi\/inici\/\">al web de la Generalitat de Catalunya<\/a>.<\/p>\n<p>&nbsp;<\/p>\n<h2 class=\"panel-title\">Proc\u00e9s de preinscripci\u00f3 a un PFI<\/h2>\n<p>Els centres educatius de Catalunya ofereixen una quantitat limitada de places. Si el nombre de sol\u00b7licituds que s&#8217;han fet en un centre determinat \u00e9s superior al nombre de places que ofereix aquest mateix centre, pot passar que algun dels alumnes que l&#8217;h\u00e0giu triat com a primera opci\u00f3 no hi obtingueu pla\u00e7a.<\/p>\n<p>Per tant, com que alguns centres tenen una demanda d&#8217;inscripcions superior al nombre de matr\u00edcules que poden oferir, \u00e9s important que feu constar, en la sol\u00b7licitud, el m\u00e0xim nombre de centres que s&#8217;ajusten a les vostres prioritats, fins a un total de 10, ordenats segons les vostres prefer\u00e8ncies.<\/p>\n<p>Les sol\u00b7licituds s&#8217;ordenen segons la puntuaci\u00f3 obtinguda a trav\u00e9s dels diferents criteris de prioritat establerts per als programes de formaci\u00f3 i inserci\u00f3.<\/p>\n<p>&nbsp;<\/p>\n<h2>Com fer la preinscripci\u00f3<\/h2>\n<p><strong>Cal presentar les sol\u00b7licitud del 2 al 12 de maig de 2023.<\/strong><\/p>\n<p>\u00c9s molt important respectar les dates, perqu\u00e8 les sol\u00b7licituds que es presentin fora d&#8217;aquest termini perdran totes les prioritats que haurien pogut tenir a l&#8217;hora d&#8217;obtenir la pla\u00e7a. Els criteris de prioritat serveixen per donar una puntuaci\u00f3 a cada sol\u00b7licitud. D&#8217;aquesta manera s&#8217;estableix l&#8217;ordre d&#8217;acc\u00e9s a les places de cada centre.<\/p>\n<p>Podeu consultar tots els detalls de com fer la sol\u00b7licitud de preinscripci\u00f3 <a href=\"https:\/\/preinscripcio.gencat.cat\/ca\/estudis\/pfi\/preinscriute\/sollicitud\/\">en aquest web de la Generalitat de Catalunya<\/a>.<\/p>\n<p>&nbsp;<\/p>\n<h2>Quins s\u00f3n els criteris de prioritat per accedir als programes de formaci\u00f3 i inserci\u00f3?<\/h2>\n<p><strong>1. Proximitat del domicili al lloc on es fa el programa,<br \/>\n<\/strong>Segon les zones educatives establertes:<\/p>\n<ul>\n<li style=\"list-style-type: none;\">\n<ul style=\"list-style-type: disc;\">\n<li>Si el domicili es troba dins la zona educativa 1 del centre se sumen 30 punts.<\/li>\n<li>Si el domicili es troba dins la zona educativa 2 del centre se sumen 15 punts.<\/li>\n<\/ul>\n<\/li>\n<\/ul>\n<p><strong>2. Participaci\u00f3 per primera vegada en programes de formaci\u00f3 i inserci\u00f3.<br \/>\n<\/strong>Si no has cursat un programa de qualificaci\u00f3 professi\u00f3 inicial (PQPI), ni un programa de formaci\u00f3 i inserci\u00f3, ni un cicle de formaci\u00f3 professional, se sumen 20 punts.<\/p>\n<p><strong>3. Anys d&#8217;escolaritzaci\u00f3 a l&#8217;ESO.<\/strong><br \/>\nPer cada any cursat a l&#8217;ESO, l&#8217;alumne o alumna sol\u00b7licitant sumar\u00e0 5 punts.<\/p>\n<ul>\n<li style=\"list-style-type: none;\">\n<ul style=\"list-style-type: disc;\">\n<li>Segons quin sigui l&#8217;\u00faltim curs fet a l&#8217;ESO:<\/li>\n<\/ul>\n<\/li>\n<\/ul>\n<ul>\n<li style=\"list-style-type: none;\">\n<ul>\n<li style=\"list-style-type: none;\">\n<ul style=\"list-style-type: circle;\">\n<li>Si l&#8217;\u00faltim curs realitzat \u00e9s quart d&#8217;ESO, se sumen 20 punts.<\/li>\n<li>Si l&#8217;\u00faltim curs realitzat \u00e9s tercer d&#8217;ESO, se sumen 10 punts.<\/li>\n<li>Si l&#8217;\u00faltim curs realitzat \u00e9s segon d&#8217;ESO, se sumen 5 punts.<\/li>\n<\/ul>\n<\/li>\n<\/ul>\n<\/li>\n<\/ul>\n<ul>\n<li style=\"list-style-type: none;\">\n<ul style=\"list-style-type: disc;\">\n<li>Formaci\u00f3 per a persones adultes: se sumen 10 punts si ha estat escolaritzat tot el curs i 5 punts si ho ha estat parcialment. Si acredita el nivell 1 del curr\u00edculum d&#8217;ESO, se sumen 5 punts.<\/li>\n<\/ul>\n<\/li>\n<\/ul>\n<p>4. <strong>Entrevista per valorar l&#8217;adequaci\u00f3 del programa<br \/>\n<\/strong>Segons\u00a0la situaci\u00f3, els interessos, la motivaci\u00f3 i les aptituds de l&#8217;alumne o alumna, aix\u00ed com la manca d&#8217;experi\u00e8ncia laboral. Segons els resultats de l&#8217;entrevista es poden aconseguir: 0, 10, 20 o 30 punts.<\/p>\n<p>&nbsp;<\/p>\n<h2>Calendari<\/h2>\n<h4>Preinscripci\u00f3<\/h4>\n<ul>\n<li style=\"list-style-type: none;\">\n<ul>\n<li style=\"list-style-type: none;\">\n<ul style=\"list-style-type: disc;\">\n<li><strong>28 d&#8217;abril de 2023: oferta inicial de places<\/strong><br \/>\nPublicaci\u00f3 de l&#8217;oferta de places per centre i curs.<\/li>\n<li><strong>Del 2 al 12 de maig de 2023: presentaci\u00f3 de sol\u00b7licituds<\/strong><br \/>\n\u00c9s molt important respectar les dates, perqu\u00e8 les sol\u00b7licituds que es presentin fora d&#8217;aquest termini perdran totes les prioritats que haurien pogut tenir a l&#8217;hora d&#8217;obtenir la pla\u00e7a. Els criteris de prioritat serveixen per donar una puntuaci\u00f3 a cada sol\u00b7licitud. D&#8217;aquesta manera s&#8217;estableix l&#8217;ordre d&#8217;acc\u00e9s a les places de cada centre.<\/li>\n<li><strong>Del 2 al 23 de maig de 2023: entrevistes d&#8217;orientaci\u00f3 i valoraci\u00f3<\/strong><br \/>\nEs tracta d&#8217;entrevistes d&#8217;orientaci\u00f3 i valoraci\u00f3 de l&#8217;adequaci\u00f3 del programa a la situaci\u00f3, els interessos, motivaci\u00f3 i aptituds de l&#8217;alumne\/a aix\u00ed com a la seva manca d&#8217;experi\u00e8ncia laboral. Tindran lloc segons la convocat\u00f2ria individual feta pel centre.<\/li>\n<li><strong>25 de maig de 2023: llista de sol\u00b7licituds amb la puntuaci\u00f3 provisional<\/strong><br \/>\nUn cop acabat el per\u00edode de presentaci\u00f3 de sol\u00b7licituds, els centres educatius estudien cadascuna de les peticions que han rebut: n&#8217;analitzen les dades, els criteris de prioritat que les fam\u00edlies demanen que es tinguin en compte, i tamb\u00e9 els documents justificatius. Tot seguit, publiquen la llista de sol\u00b7licituds amb els barems provisionals. En aquesta llista hi ha les sol\u00b7licituds ordenades alfab\u00e8ticament amb la puntuaci\u00f3 que ha rebut cada sol\u00b7licitud en aplicar-hi el barem.<\/li>\n<li><strong>25 de maig de 2023: sorteig per resoldre les sol\u00b7licituds de preinscripci\u00f3 empatades en punts<\/strong><br \/>\nEl nombre de places a cada centre educatiu \u00e9s limitat. Si el nombre de peticions supera el d&#8217;alumnes que el centre educatiu pot acollir, cal aplicar un sistema de desempat entre les sol\u00b7licituds que tenen la mateixa puntuaci\u00f3. Per fer-ho, s&#8217;obt\u00e9 un n\u00famero per sorteig a partir del qual s&#8217;ordenen totes les peticions empatades en punts, tenint en compte el n\u00famero de desempat que s&#8217;ha assignat a cada sol\u00b7licitud. El sorteig tindr\u00e0 lloc a les 11 hores, als serveis centrals del Departament d&#8217;Educaci\u00f3 (Via Augusta, 202-226, Barcelona).<\/li>\n<li><strong>Del 26 de maig al 2 de juny de 2023: presentaci\u00f3 de reclamacions<\/strong><br \/>\nDurant aquest per\u00edode, si detectes alguna errada o anomalia en el barem assignat, pots presentar una reclamaci\u00f3.<\/li>\n<li><strong>8 de juny de 2023: llista de sol\u00b7licituds amb la puntuaci\u00f3 un cop resoltes les reclamacions<\/strong><br \/>\nUn cop resoltes totes les reclamacions presentades, el centre educatiu publica la llista ordenada de sol\u00b7licituds amb la puntuaci\u00f3 i el n\u00famero de desempat corresponent.<\/li>\n<li><strong>28 de juny de 2023: oferta final de places<\/strong><br \/>\nPublicaci\u00f3 del nombre de places per centre i curs.<\/li>\n<li><strong>28 de juny de 2023: llista d&#8217;alumnes admesos<\/strong><br \/>\nFinalment, publicaci\u00f3 de la llista d&#8217;alumnes admesos al centre.<\/li>\n<\/ul>\n<\/li>\n<\/ul>\n<\/li>\n<\/ul>\n<h4>Matr\u00edcula<\/h4>\n<ul>\n<li style=\"list-style-type: none;\">\n<ul>\n<li style=\"list-style-type: none;\">\n<ul style=\"list-style-type: disc;\">\n<li><strong>Del 3 al 14 de juliol de 2023: matriculaci\u00f3<\/strong><br \/>\nUn cop s&#8217;ha publicat la llista d&#8217;alumnes admesos en cada centre, comen\u00e7a el per\u00edode de matriculaci\u00f3 dels alumnes preinscrits amb pla\u00e7a assignada.<\/li>\n<\/ul>\n<\/li>\n<\/ul>\n<\/li>\n<\/ul>\n<p>&nbsp;<\/p>\n","protected":false},"excerpt":{"rendered":"<p>Tota aquesta informaci\u00f3 es pot trobar ampliada\u00a0<a href=\"https:\/\/preinscripcio.gencat.cat\/ca\/estudis\/pfi\/inici\/\">al web de la Generalitat de Catalunya<\/a>.<br \/>\n&nbsp;<br \/>\nProc\u00e9s de preinscripci\u00f3 a un PFI<br \/>\nEls centres educatius de Catalunya ofereixen una quantitat limitada de places. Si el nombre de sol\u00b7licituds que s&#8217;han fet en un centre determinat \u00e9s superior al nombre&hellip;  <a href=\"https:\/\/agora.xtec.cat\/ifp-alguero\/estudis\/preinscripcio-al-curs-pfi-dauxiliar-darts-grafiques-i-serigrafia-curs-2023-2024\/\" title=\"Read Preinscripci\u00f3 i matr\u00edcula al curs PFI d&#8217;Auxiliar d&#8217;arts gr\u00e0fiques i serigrafia \u2013 Curs 2023-2024\">Llegeix m\u00e9s\u00bb<\/a><\/p>\n","protected":false},"author":1,"featured_media":0,"parent":195,"menu_order":0,"comment_status":"closed","ping_status":"closed","template":"","meta":{"_bbp_topic_count":0,"_bbp_reply_count":0,"_bbp_total_topic_count":0,"_bbp_total_reply_count":0,"_bbp_voice_count":0,"_bbp_anonymous_reply_count":0,"_bbp_topic_count_hidden":0,"_bbp_reply_count_hidden":0,"_bbp_forum_subforum_count":0,"footnotes":""},"class_list":["post-2199","page","type-page","status-publish","hentry"],"post_mailing_queue_ids":[],"_links":{"self":[{"href":"https:\/\/agora.xtec.cat\/ifp-alguero\/wp-json\/wp\/v2\/pages\/2199","targetHints":{"allow":["GET"]}}],"collection":[{"href":"https:\/\/agora.xtec.cat\/ifp-alguero\/wp-json\/wp\/v2\/pages"}],"about":[{"href":"https:\/\/agora.xtec.cat\/ifp-alguero\/wp-json\/wp\/v2\/types\/page"}],"author":[{"embeddable":true,"href":"https:\/\/agora.xtec.cat\/ifp-alguero\/wp-json\/wp\/v2\/users\/1"}],"replies":[{"embeddable":true,"href":"https:\/\/agora.xtec.cat\/ifp-alguero\/wp-json\/wp\/v2\/comments?post=2199"}],"version-history":[{"count":3,"href":"https:\/\/agora.xtec.cat\/ifp-alguero\/wp-json\/wp\/v2\/pages\/2199\/revisions"}],"predecessor-version":[{"id":2607,"href":"https:\/\/agora.xtec.cat\/ifp-alguero\/wp-json\/wp\/v2\/pages\/2199\/revisions\/2607"}],"up":[{"embeddable":true,"href":"https:\/\/agora.xtec.cat\/ifp-alguero\/wp-json\/wp\/v2\/pages\/195"}],"wp:attachment":[{"href":"https:\/\/agora.xtec.cat\/ifp-alguero\/wp-json\/wp\/v2\/media?parent=2199"}],"curies":[{"name":"wp","href":"https:\/\/api.w.org\/{rel}","templated":true}]}}