{"id":1262,"date":"2022-04-13T12:46:57","date_gmt":"2022-04-13T10:46:57","guid":{"rendered":"https:\/\/agora.xtec.cat\/ifp-alguero\/?page_id=1262"},"modified":"2025-07-07T18:51:01","modified_gmt":"2025-07-07T16:51:01","slug":"moduls-cfgs-disseny-i-gestio-de-la-produccio-grafica-2n-curs-dg2-al-curs-2023-2024","status":"publish","type":"page","link":"https:\/\/agora.xtec.cat\/ifp-alguero\/estudis\/distribucio-de-moduls-pel-curs-2025-2026\/moduls-cfgs-disseny-i-gestio-de-la-produccio-grafica-2n-curs-dg2-al-curs-2023-2024\/","title":{"rendered":"M\u00f2duls CFPS Disseny i Gesti\u00f3 de la Producci\u00f3 Gr\u00e0fica 2n curs (DG2)"},"content":{"rendered":"<h3>M\u00f2duls i hores<br \/>\nCurs 2025-2026<\/h3>\n<p><span style=\"color: #ff0000;\"><strong>NOU DISSENY CURRICULAR<\/strong><\/span><\/p>\n<table dir=\"ltr\" border=\"1\" cellspacing=\"0\" cellpadding=\"0\" data-sheets-root=\"1\" data-sheets-baot=\"1\">\n<colgroup>\n<col width=\"110\" \/>\n<col width=\"340\" \/>\n<col width=\"58\" \/>\n<col width=\"58\" \/>\n<col width=\"58\" \/>\n<col width=\"58\" \/><\/colgroup>\n<tbody>\n<tr>\n<td style=\"background-color: #dcdcdc; width: 126px;\"><strong>Codi<\/strong><\/td>\n<td style=\"background-color: #dcdcdc; width: 413px;\"><strong>M\u00f2dul professional<\/strong><\/td>\n<td style=\"background-color: #dcdcdc; width: 80px; text-align: center;\"><strong>Hores centre<\/strong><\/td>\n<td style=\"background-color: #dcdcdc; width: 80px; text-align: center;\"><strong>Hores empresa<\/strong><\/td>\n<td style=\"background-color: #dcdcdc; width: 80px; text-align: center;\"><strong>Hores totals<\/strong><\/td>\n<td style=\"background-color: #dcdcdc; width: 80px; text-align: center;\"><strong>Cr\u00e8dits ECTS<\/strong><\/td>\n<\/tr>\n<tr>\n<td>1480 (MP08)<\/td>\n<td>Comercialitzaci\u00f3 de productes gr\u00e0fics i atenci\u00f3 al client<\/td>\n<td style=\"text-align: center;\">66 h<\/td>\n<td style=\"text-align: center;\">0 h<\/td>\n<td style=\"text-align: center;\"><strong>66 h<\/strong><\/td>\n<td style=\"text-align: center;\"><strong>7<\/strong><\/td>\n<\/tr>\n<tr>\n<td>1538 (MP04)<\/td>\n<td>Gesti\u00f3 de la producci\u00f3 en la ind\u00fastria gr\u00e0fica<\/td>\n<td style=\"text-align: center;\">99 h<\/td>\n<td style=\"text-align: center;\">33 h<\/td>\n<td style=\"text-align: center;\"><strong>132 h<\/strong><\/td>\n<td style=\"text-align: center;\"><strong>7<\/strong><\/td>\n<\/tr>\n<tr>\n<td>1539 (MP05)<\/td>\n<td>Gesti\u00f3 del color<\/td>\n<td style=\"text-align: center;\">66 h<\/td>\n<td style=\"text-align: center;\">33 h<\/td>\n<td style=\"text-align: center;\"><strong>99 h<\/strong><\/td>\n<td style=\"text-align: center;\"><strong>5<\/strong><\/td>\n<\/tr>\n<tr>\n<td>1540 (MP06)<\/td>\n<td>Organitzaci\u00f3 dels processos d&#8217;impressi\u00f3 gr\u00e0fica<\/td>\n<td style=\"text-align: center;\">165 h<\/td>\n<td style=\"text-align: center;\">99 h<\/td>\n<td style=\"text-align: center;\"><strong>264 h<\/strong><\/td>\n<td style=\"text-align: center;\"><strong>12<\/strong><\/td>\n<\/tr>\n<tr>\n<td>1542 (MP14)<\/td>\n<td>Projecte intermodular de Disseny i gesti\u00f3 de la producci\u00f3 gr\u00e0fica<\/td>\n<td style=\"text-align: center;\">198 h<\/td>\n<td style=\"text-align: center;\">0 h<\/td>\n<td style=\"text-align: center;\"><strong>198 h<\/strong><\/td>\n<td style=\"text-align: center;\"><strong>5<\/strong><\/td>\n<\/tr>\n<tr>\n<td>1665 (MP12)<\/td>\n<td>Digitalitzaci\u00f3 aplicada als sectors productius<\/td>\n<td style=\"text-align: center;\">33 h<\/td>\n<td style=\"text-align: center;\">0 h<\/td>\n<td style=\"text-align: center;\"><strong>33 h<\/strong><\/td>\n<td style=\"text-align: center;\"><strong>3<\/strong><\/td>\n<\/tr>\n<tr>\n<td>1710 (MP10)<\/td>\n<td>Itinerari personal per a l&#8217;ocupabilitat II<\/td>\n<td style=\"text-align: center;\">66 h<\/td>\n<td style=\"text-align: center;\">0 h<\/td>\n<td style=\"text-align: center;\"><strong>66 h<\/strong><\/td>\n<td style=\"text-align: center;\"><strong>5<\/strong><\/td>\n<\/tr>\n<\/tbody>\n<\/table>\n<ul>\n<li><a href=\"https:\/\/xtec.gencat.cat\/ca\/curriculum\/professionals\/fp\/titolsloe\/artsgrafiques\/\">Web XTEC on trobar els disseny curriculars dels ensenyaments de formaci\u00f3 professional de la fam\u00edlia d&#8217;Arts gr\u00e0fiques<\/a><\/li>\n<\/ul>\n<p>&nbsp;<\/p>\n","protected":false},"excerpt":{"rendered":"<p>M\u00f2duls i hores<br \/>\nCurs 2025-2026<br \/>\nNOU DISSENY CURRICULAR<\/p>\n<p>Codi<br \/>\nM\u00f2dul professional<br \/>\nHores centre<br \/>\nHores empresa<br \/>\nHores totals<br \/>\nCr\u00e8dits ECTS<\/p>\n<p>1480 (MP08)<br \/>\nComercialitzaci\u00f3 de productes gr\u00e0fics i atenci\u00f3 al client<br \/>\n66 h<br \/>\n0 h<br \/>\n66 h<br \/>\n7<\/p>\n<p>1538 (MP04)<br \/>\nGesti\u00f3 de la producci\u00f3 en la ind\u00fastria gr\u00e0fica<br \/>\n99 h<br \/>\n33 h<br \/>\n132 h<br \/>\n7<\/p>\n<p>1539 (MP05)<br \/>\nGesti\u00f3 del color<br \/>\n66 h<br \/>\n33 h<br \/>\n99 h<br \/>\n5<\/p>\n<p>1540 (MP06)<br \/>\nOrganitzaci\u00f3 dels processos d&#8217;impressi\u00f3 gr\u00e0fica<br \/>\n165 h<br \/>\n99&hellip;  <a href=\"https:\/\/agora.xtec.cat\/ifp-alguero\/estudis\/distribucio-de-moduls-pel-curs-2025-2026\/moduls-cfgs-disseny-i-gestio-de-la-produccio-grafica-2n-curs-dg2-al-curs-2023-2024\/\" title=\"Read M\u00f2duls CFPS Disseny i Gesti\u00f3 de la Producci\u00f3 Gr\u00e0fica 2n curs (DG2)\">Llegeix m\u00e9s\u00bb<\/a><\/p>\n","protected":false},"author":1,"featured_media":0,"parent":4458,"menu_order":12,"comment_status":"closed","ping_status":"closed","template":"page-templates\/side-menu.php","meta":{"_bbp_topic_count":0,"_bbp_reply_count":0,"_bbp_total_topic_count":0,"_bbp_total_reply_count":0,"_bbp_voice_count":0,"_bbp_anonymous_reply_count":0,"_bbp_topic_count_hidden":0,"_bbp_reply_count_hidden":0,"_bbp_forum_subforum_count":0,"footnotes":""},"class_list":["post-1262","page","type-page","status-publish","hentry"],"post_mailing_queue_ids":[],"_links":{"self":[{"href":"https:\/\/agora.xtec.cat\/ifp-alguero\/wp-json\/wp\/v2\/pages\/1262","targetHints":{"allow":["GET"]}}],"collection":[{"href":"https:\/\/agora.xtec.cat\/ifp-alguero\/wp-json\/wp\/v2\/pages"}],"about":[{"href":"https:\/\/agora.xtec.cat\/ifp-alguero\/wp-json\/wp\/v2\/types\/page"}],"author":[{"embeddable":true,"href":"https:\/\/agora.xtec.cat\/ifp-alguero\/wp-json\/wp\/v2\/users\/1"}],"replies":[{"embeddable":true,"href":"https:\/\/agora.xtec.cat\/ifp-alguero\/wp-json\/wp\/v2\/comments?post=1262"}],"version-history":[{"count":6,"href":"https:\/\/agora.xtec.cat\/ifp-alguero\/wp-json\/wp\/v2\/pages\/1262\/revisions"}],"predecessor-version":[{"id":4533,"href":"https:\/\/agora.xtec.cat\/ifp-alguero\/wp-json\/wp\/v2\/pages\/1262\/revisions\/4533"}],"up":[{"embeddable":true,"href":"https:\/\/agora.xtec.cat\/ifp-alguero\/wp-json\/wp\/v2\/pages\/4458"}],"wp:attachment":[{"href":"https:\/\/agora.xtec.cat\/ifp-alguero\/wp-json\/wp\/v2\/media?parent=1262"}],"curies":[{"name":"wp","href":"https:\/\/api.w.org\/{rel}","templated":true}]}}