{"id":1258,"date":"2022-04-13T12:46:44","date_gmt":"2022-04-13T10:46:44","guid":{"rendered":"https:\/\/agora.xtec.cat\/ifp-alguero\/?page_id=1258"},"modified":"2025-07-07T18:46:40","modified_gmt":"2025-07-07T16:46:40","slug":"moduls-cfgs-disseny-i-edicio-de-publicacions-impreses-i-multimedia-2n-curs-de2","status":"publish","type":"page","link":"https:\/\/agora.xtec.cat\/ifp-alguero\/estudis\/distribucio-de-moduls-pel-curs-2025-2026\/moduls-cfgs-disseny-i-edicio-de-publicacions-impreses-i-multimedia-2n-curs-de2\/","title":{"rendered":"M\u00f2duls CFPS Disseny i Edici\u00f3 de Publicacions Impreses i Multim\u00e8dia 2n curs (DE2)"},"content":{"rendered":"<h3>M\u00f2duls i hores<br \/>\nCurs 2025-2026<\/h3>\n<p><span style=\"color: #ff0000;\"><strong>NOU DISSENY CURRICULAR<\/strong><\/span><\/p>\n<table dir=\"ltr\" border=\"1\" cellspacing=\"0\" cellpadding=\"0\" data-sheets-root=\"1\" data-sheets-baot=\"1\">\n<colgroup>\n<col width=\"110\" \/>\n<col width=\"340\" \/>\n<col width=\"58\" \/>\n<col width=\"58\" \/>\n<col width=\"58\" \/>\n<col width=\"58\" \/><\/colgroup>\n<tbody>\n<tr>\n<td style=\"background-color: #cdcdcd; width: 126px;\"><strong>Codi<\/strong><\/td>\n<td style=\"background-color: #cdcdcd; width: 413px;\"><strong>M\u00f2dul professional<\/strong><\/td>\n<td style=\"background-color: #cdcdcd; width: 80px; text-align: center;\"><strong>Hores centre<\/strong><\/td>\n<td style=\"background-color: #cdcdcd; width: 80px; text-align: center;\"><strong>Hores empresa<\/strong><\/td>\n<td style=\"background-color: #cdcdcd; width: 80px; text-align: center;\"><strong>Hores totals<\/strong><\/td>\n<td style=\"background-color: #cdcdcd; width: 80px; text-align: center;\"><strong>Cr\u00e8dits ECTS<\/strong><\/td>\n<\/tr>\n<tr>\n<td>1480 (MP09)<\/td>\n<td>Comercialitzaci\u00f3 de productes gr\u00e0fics i atenci\u00f3 al client<\/td>\n<td style=\"text-align: center;\">66 h<\/td>\n<td style=\"text-align: center;\">0 h<\/td>\n<td style=\"text-align: center;\"><strong>66 h<\/strong><\/td>\n<td style=\"text-align: center;\"><strong>7<\/strong><\/td>\n<\/tr>\n<tr>\n<td>1484 (MP07)<\/td>\n<td>Disseny i planificaci\u00f3 de projectes editorials multim\u00e8dia<\/td>\n<td style=\"text-align: center;\">66 h<\/td>\n<td style=\"text-align: center;\">66 h<\/td>\n<td style=\"text-align: center;\"><strong>132 h<\/strong><\/td>\n<td style=\"text-align: center;\"><strong>7<\/strong><\/td>\n<\/tr>\n<tr>\n<td>1485 (MP08)<\/td>\n<td>Desenvolupament i publicaci\u00f3 de productes editorials multim\u00e8dia<\/td>\n<td style=\"text-align: center;\">165 h<\/td>\n<td style=\"text-align: center;\">99 h<\/td>\n<td style=\"text-align: center;\"><strong>264 h<\/strong><\/td>\n<td style=\"text-align: center;\"><strong>10<\/strong><\/td>\n<\/tr>\n<tr>\n<td>1486 (MP15)<\/td>\n<td>Projecte intermodular de Disseny i edici\u00f3 de publicacions impreses i multim\u00e8dia<\/td>\n<td style=\"text-align: center;\">198 h<\/td>\n<td style=\"text-align: center;\">0 h<\/td>\n<td style=\"text-align: center;\"><strong>198 h<\/strong><\/td>\n<td style=\"text-align: center;\"><strong>5<\/strong><\/td>\n<\/tr>\n<tr>\n<td>1665 (MP13)<\/td>\n<td>Digitalitzaci\u00f3 aplicada als sectors productius<\/td>\n<td style=\"text-align: center;\">33 h<\/td>\n<td style=\"text-align: center;\">0 h<\/td>\n<td style=\"text-align: center;\"><strong>33 h<\/strong><\/td>\n<td style=\"text-align: center;\"><strong>3<\/strong><\/td>\n<\/tr>\n<tr>\n<td>1710 (MP11)<\/td>\n<td>Itinerari personal per a l&#8217;ocupabilitat II<\/td>\n<td style=\"text-align: center;\">66 h<\/td>\n<td style=\"text-align: center;\">0 h<\/td>\n<td style=\"text-align: center;\"><strong>66 h<\/strong><\/td>\n<td style=\"text-align: center;\"><strong>5<\/strong><\/td>\n<\/tr>\n<tr>\n<td>MO1 (MP16)<\/td>\n<td>V\u00eddeo i animaci\u00f3<\/td>\n<td style=\"text-align: center;\">66 h<\/td>\n<td style=\"text-align: center;\">0 h<\/td>\n<td style=\"text-align: center;\"><strong>66 h<\/strong><\/td>\n<td style=\"text-align: center;\"><strong>3<\/strong><\/td>\n<\/tr>\n<tr>\n<td>MO2 (MP17)<\/td>\n<td>Publicacions per a m\u00f2bils<\/td>\n<td style=\"text-align: center;\">33 h<\/td>\n<td style=\"text-align: center;\">0 h<\/td>\n<td style=\"text-align: center;\"><strong>33 h<\/strong><\/td>\n<td style=\"text-align: center;\"><strong>2<\/strong><\/td>\n<\/tr>\n<\/tbody>\n<\/table>\n<ul>\n<li><a href=\"https:\/\/xtec.gencat.cat\/ca\/curriculum\/professionals\/fp\/titolsloe\/artsgrafiques\/\">Web XTEC on trobar els disseny curriculars dels ensenyaments de formaci\u00f3 professional de la fam\u00edlia d&#8217;Arts gr\u00e0fiques<\/a><\/li>\n<\/ul>\n<p>&nbsp;<\/p>\n","protected":false},"excerpt":{"rendered":"<p>M\u00f2duls i hores<br \/>\nCurs 2025-2026<br \/>\nNOU DISSENY CURRICULAR<\/p>\n<p>Codi<br \/>\nM\u00f2dul professional<br \/>\nHores centre<br \/>\nHores empresa<br \/>\nHores totals<br \/>\nCr\u00e8dits ECTS<\/p>\n<p>1480 (MP09)<br \/>\nComercialitzaci\u00f3 de productes gr\u00e0fics i atenci\u00f3 al client<br \/>\n66 h<br \/>\n0 h<br \/>\n66 h<br \/>\n7<\/p>\n<p>1484 (MP07)<br \/>\nDisseny i planificaci\u00f3 de projectes editorials multim\u00e8dia<br \/>\n66 h<br \/>\n66 h<br \/>\n132 h<br \/>\n7<\/p>\n<p>1485 (MP08)<br \/>\nDesenvolupament i publicaci\u00f3 de productes editorials multim\u00e8dia<br \/>\n165 h<br \/>\n99 h<br \/>\n264 h<br \/>\n10<\/p>\n<p>1486 (MP15)<br \/>\nProjecte intermodular de&hellip;  <a href=\"https:\/\/agora.xtec.cat\/ifp-alguero\/estudis\/distribucio-de-moduls-pel-curs-2025-2026\/moduls-cfgs-disseny-i-edicio-de-publicacions-impreses-i-multimedia-2n-curs-de2\/\" title=\"Read M\u00f2duls CFPS Disseny i Edici\u00f3 de Publicacions Impreses i Multim\u00e8dia 2n curs (DE2)\">Llegeix m\u00e9s\u00bb<\/a><\/p>\n","protected":false},"author":1,"featured_media":0,"parent":4458,"menu_order":10,"comment_status":"closed","ping_status":"closed","template":"page-templates\/side-menu.php","meta":{"_bbp_topic_count":0,"_bbp_reply_count":0,"_bbp_total_topic_count":0,"_bbp_total_reply_count":0,"_bbp_voice_count":0,"_bbp_anonymous_reply_count":0,"_bbp_topic_count_hidden":0,"_bbp_reply_count_hidden":0,"_bbp_forum_subforum_count":0,"footnotes":""},"class_list":["post-1258","page","type-page","status-publish","hentry"],"post_mailing_queue_ids":[],"_links":{"self":[{"href":"https:\/\/agora.xtec.cat\/ifp-alguero\/wp-json\/wp\/v2\/pages\/1258","targetHints":{"allow":["GET"]}}],"collection":[{"href":"https:\/\/agora.xtec.cat\/ifp-alguero\/wp-json\/wp\/v2\/pages"}],"about":[{"href":"https:\/\/agora.xtec.cat\/ifp-alguero\/wp-json\/wp\/v2\/types\/page"}],"author":[{"embeddable":true,"href":"https:\/\/agora.xtec.cat\/ifp-alguero\/wp-json\/wp\/v2\/users\/1"}],"replies":[{"embeddable":true,"href":"https:\/\/agora.xtec.cat\/ifp-alguero\/wp-json\/wp\/v2\/comments?post=1258"}],"version-history":[{"count":6,"href":"https:\/\/agora.xtec.cat\/ifp-alguero\/wp-json\/wp\/v2\/pages\/1258\/revisions"}],"predecessor-version":[{"id":3547,"href":"https:\/\/agora.xtec.cat\/ifp-alguero\/wp-json\/wp\/v2\/pages\/1258\/revisions\/3547"}],"up":[{"embeddable":true,"href":"https:\/\/agora.xtec.cat\/ifp-alguero\/wp-json\/wp\/v2\/pages\/4458"}],"wp:attachment":[{"href":"https:\/\/agora.xtec.cat\/ifp-alguero\/wp-json\/wp\/v2\/media?parent=1258"}],"curies":[{"name":"wp","href":"https:\/\/api.w.org\/{rel}","templated":true}]}}