{"id":961,"date":"2024-11-12T09:59:54","date_gmt":"2024-11-12T08:59:54","guid":{"rendered":"https:\/\/agora.xtec.cat\/ifeb\/?page_id=961"},"modified":"2025-03-28T09:15:46","modified_gmt":"2025-03-28T08:15:46","slug":"gestio-administrativa","status":"publish","type":"page","link":"https:\/\/agora.xtec.cat\/ifeb\/estudis-a-lifeb\/gestio-administrativa\/","title":{"rendered":"Gesti\u00f3 Administrativa"},"content":{"rendered":"\n<p><br>Cicle formatiu de grau mitj\u00e0<\/p>\n\n\n\n<p><strong><mark style=\"background-color:rgba(0, 0, 0, 0);color:#d3045e\" class=\"has-inline-color\">DESCRIPCI\u00d3<\/mark><\/strong><\/p>\n\n\n\n<figure class=\"wp-block-image alignright size-full is-resized\"><img loading=\"lazy\" decoding=\"async\" width=\"918\" height=\"636\" src=\"https:\/\/agora.xtec.cat\/ifeb\/wp-content\/uploads\/usu3035\/2025\/03\/image.png\" alt=\"\" class=\"wp-image-1320\" style=\"width:462px;height:auto\" srcset=\"https:\/\/agora.xtec.cat\/ifeb\/wp-content\/uploads\/usu3035\/2025\/03\/image.png 918w, https:\/\/agora.xtec.cat\/ifeb\/wp-content\/uploads\/usu3035\/2025\/03\/image-300x208.png 300w, https:\/\/agora.xtec.cat\/ifeb\/wp-content\/uploads\/usu3035\/2025\/03\/image-768x532.png 768w\" sizes=\"auto, (max-width: 918px) 100vw, 918px\" \/><\/figure>\n\n\n\n<p>El Cicle Formatiu de Grau Mitj\u00e0 en Gesti\u00f3 Administrativa \u00e9s una formaci\u00f3 completa que prepara els alumnes per a treballar en l&#8217;\u00e0mbit administratiu d&#8217;empreses, tant p\u00fabliques com privades. Mitjan\u00e7ant una combinaci\u00f3 d&#8217;estudis te\u00f2rics i pr\u00e0ctics,<strong> els estudiants adquireixen compet\u00e8ncies clau en gesti\u00f3 documental, comptabilitat, comunicaci\u00f3 empresarial, i atenci\u00f3 al client.<\/strong> <\/p>\n\n\n\n<p><strong><mark style=\"background-color:rgba(0, 0, 0, 0);color:#d3045e\" class=\"has-inline-color\">HORARIS<\/mark><\/strong><\/p>\n\n\n\n<p>1r Curs: horari de mat\u00ed<br>2n Curs: horari de tarda<\/p>\n\n\n\n<p><strong><mark style=\"background-color:rgba(0, 0, 0, 0);color:#d3045e\" class=\"has-inline-color\">PREU<\/mark><\/strong><\/p>\n\n\n\n<p>Matr\u00edcula gratu\u00efta. S&#8217;abonar\u00e0 el cost de material i sortides.<\/p>\n\n\n<p><span style=\"color: #d3045e;\"><strong>PREINSCRIPCI\u00d3<\/strong><\/span><\/p>\n<p><!-- \/wp:paragraph --> <!-- wp:paragraph --><\/p>\n<p>Per m\u00e9s informaci\u00f3 de la inscripci\u00f3 consulteu la seg\u00fcent <a href=\"https:\/\/preinscripcio.gencat.cat\/ca\/estudis\/fp-grau-mitja\/inici\/\"> <mark class=\"has-inline-color\" style=\"background-color: rgba(0, 0, 0, 0); color: #3636b4;\">p\u00e0gina web <\/mark><\/a>de la Generalitat.\u00a0<\/p>\n\n<!-- wp:paragraph -->\n<p><strong><mark style=\"background-color:rgba(0, 0, 0, 0);color:#d3045e\" class=\"has-inline-color\">DURADA<\/mark><\/strong><\/p>\n<!-- \/wp:paragraph -->\n\n<!-- wp:paragraph -->\n<p>El cicle t\u00e9 una durada total de 2.000 hores, distribu\u00efdes en dos cursos acad\u00e8mics.<\/p>\n<!-- \/wp:paragraph -->\n\n<!-- wp:paragraph -->\n<p>Aquest cicle t\u00e9 una durada de <strong>dos anys acad\u00e8mics, incloent-hi estades formatives en empreses<\/strong>, per a garantir una preparaci\u00f3 ajustada a les necessitats reals del mercat laboral.<\/p>\n<!-- \/wp:paragraph -->\n\n<!-- wp:paragraph -->\n<p>El segon curs del Cicle Formatiu de Grau Mitj\u00e0 en Gesti\u00f3 Administrativa est\u00e0 orientat a aprofundir i consolidar les compet\u00e8ncies adquirides durant el primer any. Els alumnes treballen en \u00e0rees espec\u00edfiques com la gesti\u00f3 de recursos humans, el tractament de la documentaci\u00f3 comptable, i la simulaci\u00f3 d\u2019activitats empresarials a trav\u00e9s del m\u00f2dul Empresa a l\u2019Aula. Tamb\u00e9 es fa \u00e8mfasi en la digitalitzaci\u00f3, la sostenibilitat i la realitzaci\u00f3 de projectes intermodulars que integren els coneixements adquirits al llarg del cicle.<\/p>\n<!-- \/wp:paragraph -->\n\n<!-- wp:paragraph -->\n<p>Aquest curs inclou l&#8217;estada en empreses (FCT), que permet als estudiants posar en pr\u00e0ctica les habilitats apreses en un entorn laboral real, millorant aix\u00ed la seva ocupabilitat i afavorint una transici\u00f3 exitosa cap al m\u00f3n professional o la continuaci\u00f3 dels estudis. \u00c9s una etapa clau per assolir el perfil professional complet d\u2019un t\u00e8cnic en gesti\u00f3 administrativa.<\/p>\n<!-- \/wp:paragraph -->\n\n<!-- wp:paragraph -->\n<p><strong><mark style=\"background-color:rgba(0, 0, 0, 0);color:#d3045e\" class=\"has-inline-color\">CONTINGUTS<\/mark><\/strong><\/p>\n<!-- \/wp:paragraph -->\n\n<!-- wp:paragraph -->\n<p><strong>CONTINGUTS PRIMER CURS:<\/strong><\/p>\n<!-- \/wp:paragraph -->\n\n<!-- wp:list -->\n<ul><!-- wp:list-item -->\n<li>Comunicaci\u00f3 empresarial i atenci\u00f3 al client: T\u00e8cniques de comunicaci\u00f3 oral i escrita, arxiu documental, atenci\u00f3 a consultes i reclamacions, i potenciaci\u00f3 de la imatge de l&#8217;empresa.<\/li>\n<!-- \/wp:list-item -->\n\n<!-- wp:list-item -->\n<li>Operacions administratives de compravenda: Documentaci\u00f3 de transaccions comercials, c\u00e0lcul de preus i descomptes, i control d&#8217;inventaris.<\/li>\n<!-- \/wp:list-item -->\n\n<!-- wp:list-item -->\n<li>Empresa i administraci\u00f3: Conceptes b\u00e0sics de l&#8217;activitat empresarial, formes jur\u00eddiques d&#8217;empresa i obligacions fiscals.<\/li>\n<!-- \/wp:list-item -->\n\n<!-- wp:list-item -->\n<li>Tractament inform\u00e0tic de la informaci\u00f3: Processament de textos, fulls de c\u00e0lcul, bases de dades i elaboraci\u00f3 de presentacions digitals.<\/li>\n<!-- \/wp:list-item -->\n\n<!-- wp:list-item -->\n<li>T\u00e8cnica comptable: Elements del patrimoni, balan\u00e7 de situaci\u00f3, i introducci\u00f3 al Pla General de Comptabilitat.<\/li>\n<!-- \/wp:list-item --><\/ul>\n<!-- \/wp:list -->\n\n<!-- wp:paragraph -->\n<p><strong>CONTINGUTS SEGON CURS:<\/strong><\/p>\n<!-- \/wp:paragraph -->\n\n<!-- wp:list -->\n<ul><!-- wp:list-item -->\n<li>Operacions administratives de recursos humans: Gesti\u00f3 de n\u00f2mines, contractes laborals, i formaci\u00f3 del personal.<\/li>\n<!-- \/wp:list-item -->\n\n<!-- wp:list-item -->\n<li>Tractament de la documentaci\u00f3 comptable: Registre i classificaci\u00f3 d&#8217;operacions comptables, amb aplicaci\u00f3 del Pla General de Comptabilitat.<\/li>\n<!-- \/wp:list-item -->\n\n<!-- wp:list-item -->\n<li>Empresa a l\u2019aula: Desenvolupament de projectes simulats per reproduir processos empresarials reals.<\/li>\n<!-- \/wp:list-item -->\n\n<!-- wp:list-item -->\n<li>Projecte intermodular: Integraci\u00f3 dels coneixements adquirits per desenvolupar un projecte pr\u00e0ctic.<\/li>\n<!-- \/wp:list-item -->\n\n<!-- wp:list-item -->\n<li>Digitalitzaci\u00f3 i sostenibilitat: Aplicaci\u00f3 de solucions digitals i sostenibles als processos administratius.<\/li>\n<!-- \/wp:list-item --><\/ul>\n<!-- \/wp:list -->\n\n<!-- wp:paragraph -->\n<p><strong><mark style=\"background-color:rgba(0, 0, 0, 0);color:#d3045e\" class=\"has-inline-color\">ACC\u00c9S<\/mark><\/strong><\/p>\n<!-- \/wp:paragraph -->\n\n<!-- wp:paragraph -->\n<p>Pots accedir als cicles de grau mitj\u00e0 si compleixes algun dels requisits seg\u00fcents:&nbsp;<\/p>\n<!-- \/wp:paragraph -->\n\n<!-- wp:paragraph -->\n<p>Tenir un d\u2019aquests t\u00edtols:<\/p>\n<!-- \/wp:paragraph -->\n\n<!-- wp:list -->\n<ul><!-- wp:list-item -->\n<li>Graduat\/ada en educaci\u00f3 secund\u00e0ria obligat\u00f2ria.&nbsp;<\/li>\n<!-- \/wp:list-item -->\n\n<!-- wp:list-item -->\n<li>T\u00e8cnic\/a b\u00e0sic\/a.&nbsp;<\/li>\n<!-- \/wp:list-item -->\n\n<!-- wp:list-item -->\n<li>T\u00e8cnic\/a.<\/li>\n<!-- \/wp:list-item -->\n\n<!-- wp:list-item -->\n<li>T\u00e8cnic\/a superior.<\/li>\n<!-- \/wp:list-item -->\n\n<!-- wp:list-item -->\n<li>T\u00e8cnic\/a auxiliar.<\/li>\n<!-- \/wp:list-item -->\n\n<!-- wp:list-item -->\n<li>Batxillerat superior (plans educatius anteriors a la Llei org\u00e0nica 2\/2006, de 3 de maig).<\/li>\n<!-- \/wp:list-item -->\n\n<!-- wp:list-item -->\n<li>Titulacions equivalents per accedir als cicles formatius de grau superior.<\/li>\n<!-- \/wp:list-item --><\/ul>\n<!-- \/wp:list -->\n\n<!-- wp:paragraph -->\n<p>O b\u00e9, haver superat:<\/p>\n<!-- \/wp:paragraph -->\n\n<!-- wp:list -->\n<ul><!-- wp:list-item -->\n<li>Una oferta formativa de certificat professional inclosa en el cicle.&nbsp;<\/li>\n<!-- \/wp:list-item -->\n\n<!-- wp:list-item -->\n<li>Un curs de formaci\u00f3 preparatori per a l\u2019acc\u00e9s als cicles de grau mitj\u00e0.<\/li>\n<!-- \/wp:list-item -->\n\n<!-- wp:list-item -->\n<li>Una prova d\u2019acc\u00e9s.&nbsp;<\/li>\n<!-- \/wp:list-item -->\n\n<!-- wp:list-item -->\n<li>El segon curs del primer cicle experimental de reforma dels ensenyaments mitjans.&nbsp;<\/li>\n<!-- \/wp:list-item -->\n\n<!-- wp:list-item -->\n<li>El tercer curs del Pla 1963 o segon de comuns experimental dels ensenyaments d\u2019arts aplicades i oficis art\u00edstics.&nbsp;<\/li>\n<!-- \/wp:list-item -->\n\n<!-- wp:list-item -->\n<li>El segon curs de BUP, amb un m\u00e0xim de dues mat\u00e8ries suspeses.&nbsp;<\/li>\n<!-- \/wp:list-item -->\n\n<!-- wp:list-item -->\n<li>Haver superat la prova d\u2019acc\u00e9s a la universitat per a m\u00e9s grans de 25 o de 45 anys, o haver accedit a la universitat per tenir 40 anys o m\u00e9s i acreditar experi\u00e8ncia laboral o professional.&nbsp;<\/li>\n<!-- \/wp:list-item -->\n\n<!-- wp:list-item -->\n<li>Altres estudis o cursos de formaci\u00f3 equivalents acad\u00e8micament.<\/li>\n<!-- \/wp:list-item --><\/ul>\n<!-- \/wp:list -->\n\n<!-- wp:paragraph -->\n<p><strong><mark style=\"background-color:rgba(0, 0, 0, 0);color:#d3045e\" class=\"has-inline-color\">CONTINU\u00cfTAT<\/mark><\/strong><\/p>\n<!-- \/wp:paragraph -->\n\n<!-- wp:paragraph -->\n<p><strong>Sortides professionals<\/strong><\/p>\n<!-- \/wp:paragraph -->\n\n<!-- wp:paragraph -->\n<p>Els alumnes graduats poden accedir a una \u00e0mplia gamma de llocs de treball dins del sector administratiu, com ara:<\/p>\n<!-- \/wp:paragraph -->\n\n<!-- wp:list -->\n<ul><!-- wp:list-item -->\n<li>Auxiliar administratiu en empreses privades i institucions p\u00fabliques.<\/li>\n<!-- \/wp:list-item -->\n\n<!-- wp:list-item -->\n<li>Administraci\u00f3 de recursos humans i suport comptable.<\/li>\n<!-- \/wp:list-item -->\n\n<!-- wp:list-item -->\n<li>Gestor de tresoreria o responsable d&#8217;atenci\u00f3 al client.<\/li>\n<!-- \/wp:list-item -->\n\n<!-- wp:list-item -->\n<li>Suport en departaments comercials i log\u00edstics.<br>Aquest cicle tamb\u00e9 serveix com a plataforma per continuar estudis superiors en formaci\u00f3 professional o accedir al mercat laboral amb garanties de qualificaci\u00f3\u200b.<\/li>\n<!-- \/wp:list-item --><\/ul>\n<!-- \/wp:list -->\n\n<!-- wp:paragraph -->\n<p><strong><mark style=\"background-color:rgba(0, 0, 0, 0);color:#d3045e\" class=\"has-inline-color\">ESTADA A L\u2019EMPRESA<\/mark><\/strong><\/p>\n<!-- \/wp:paragraph -->\n\n<!-- wp:paragraph -->\n<p>L&#8217;estada en empreses \u00e9s una part fonamental del Cicle Formatiu de Grau Mitj\u00e0 en Gesti\u00f3 Administrativa que es realitza&nbsp; en el segon curs. Aquesta experi\u00e8ncia permet als alumnes posar en pr\u00e0ctica els coneixements adquirits al llarg del cicle en un entorn laboral real, millorant les seves habilitats t\u00e8cniques i personals. L&#8217;estada inclou la realitzaci\u00f3 de tasques com la gesti\u00f3 documental, el suport comptable, l&#8217;atenci\u00f3 al client i altres funcions administratives.<\/p>\n<!-- \/wp:paragraph -->\n\n<!-- wp:paragraph -->\n<p>Aquest per\u00edode no nom\u00e9s facilita l\u2019adquisici\u00f3 de compet\u00e8ncies professionals, sin\u00f3 que tamb\u00e9 ajuda l\u2019alumnat a establir contactes amb empreses del sector i a con\u00e8ixer de prop les din\u00e0miques del m\u00f3n laboral, afavorint aix\u00ed la seva futura inserci\u00f3 al mercat laboral\u200b.&nbsp;<\/p>\n<!-- \/wp:paragraph -->\n\n<!-- wp:paragraph -->\n<p><strong><mark style=\"background-color:rgba(0, 0, 0, 0);color:#d3045e\" class=\"has-inline-color\">NORMATIVA<\/mark><\/strong><\/p>\n<!-- \/wp:paragraph -->\n\n<!-- wp:paragraph -->\n<p>Reial decret 499\/2024, de 21 de maig, pel qual es modifiquen determinats reials decrets pels quals s\u2019estableixen t\u00edtols de formaci\u00f3 professional de grau mitj\u00e0 i es fixen els seus ensenyaments m\u00ednims (BOE n\u00fam. 129, de 28.5.2024)&nbsp;<\/p>\n<!-- \/wp:paragraph -->\n\n<!-- wp:paragraph -->\n<p>Reial Decret 1688\/2011, de 18 de novembre, pel qual s\u2019estableix el t\u00edtol de t\u00e8cnic en Gesti\u00f3 Administrativa i se\u2019n fixen els ensenyaments m\u00ednims (BOE n\u00fam. 311, de 27.12.2011)<\/p>\n<!-- \/wp:paragraph -->\n\n<!-- wp:paragraph -->\n<p>Per m\u00e9s informaci\u00f3 a la <a href=\"https:\/\/preinscripcio.gencat.cat\/ca\/inici\">p\u00e0gina web <\/a>de la Generalitat.&nbsp;<\/p>\n<!-- \/wp:paragraph -->\n\n<!-- wp:separator -->\n<hr class=\"wp-block-separator has-alpha-channel-opacity\"\/>\n<!-- \/wp:separator -->\n\n<!-- wp:paragraph {\"align\":\"right\"} -->\n<p class=\"has-text-align-right\">Darrera actualitzaci\u00f3: 04\/03\/2025<\/p>\n<!-- \/wp:paragraph -->","protected":false},"excerpt":{"rendered":"<p>Cicle formatiu de grau mitj\u00e0 DESCRIPCI\u00d3 El Cicle Formatiu de Grau Mitj\u00e0 en Gesti\u00f3 Administrativa \u00e9s una formaci\u00f3 completa que prepara els alumnes per a treballar en l&#8217;\u00e0mbit administratiu d&#8217;empreses, tant p\u00fabliques com privades. Mitjan\u00e7ant una combinaci\u00f3 d&#8217;estudis te\u00f2rics i pr\u00e0ctics, els estudiants adquireixen compet\u00e8ncies clau en gesti\u00f3 documental, comptabilitat, comunicaci\u00f3 empresarial, i atenci\u00f3 al [&hellip;]<\/p>\n","protected":false},"author":5,"featured_media":0,"parent":973,"menu_order":30,"comment_status":"closed","ping_status":"close","template":"","meta":{"site-sidebar-layout":"default","site-content-layout":"","ast-site-content-layout":"","site-content-style":"default","site-sidebar-style":"default","ast-global-header-display":"","ast-banner-title-visibility":"","ast-main-header-display":"","ast-hfb-above-header-display":"","ast-hfb-below-header-display":"","ast-hfb-mobile-header-display":"","site-post-title":"","ast-breadcrumbs-content":"","ast-featured-img":"","footer-sml-layout":"","theme-transparent-header-meta":"","adv-header-id-meta":"","stick-header-meta":"","header-above-stick-meta":"","header-main-stick-meta":"","header-below-stick-meta":"","astra-migrate-meta-layouts":"default","ast-page-background-enabled":"default","ast-page-background-meta":{"desktop":{"background-color":"var(--ast-global-color-4)","background-image":"","background-repeat":"repeat","background-position":"center center","background-size":"auto","background-attachment":"scroll","background-type":"","background-media":"","overlay-type":"","overlay-color":"","overlay-opacity":"","overlay-gradient":""},"tablet":{"background-color":"","background-image":"","background-repeat":"repeat","background-position":"center center","background-size":"auto","background-attachment":"scroll","background-type":"","background-media":"","overlay-type":"","overlay-color":"","overlay-opacity":"","overlay-gradient":""},"mobile":{"background-color":"","background-image":"","background-repeat":"repeat","background-position":"center center","background-size":"auto","background-attachment":"scroll","background-type":"","background-media":"","overlay-type":"","overlay-color":"","overlay-opacity":"","overlay-gradient":""}},"ast-content-background-meta":{"desktop":{"background-color":"var(--ast-global-color-5)","background-image":"","background-repeat":"repeat","background-position":"center center","background-size":"auto","background-attachment":"scroll","background-type":"","background-media":"","overlay-type":"","overlay-color":"","overlay-opacity":"","overlay-gradient":""},"tablet":{"background-color":"var(--ast-global-color-5)","background-image":"","background-repeat":"repeat","background-position":"center center","background-size":"auto","background-attachment":"scroll","background-type":"","background-media":"","overlay-type":"","overlay-color":"","overlay-opacity":"","overlay-gradient":""},"mobile":{"background-color":"var(--ast-global-color-5)","background-image":"","background-repeat":"repeat","background-position":"center center","background-size":"auto","background-attachment":"scroll","background-type":"","background-media":"","overlay-type":"","overlay-color":"","overlay-opacity":"","overlay-gradient":""}},"footnotes":""},"class_list":["post-961","page","type-page","status-publish","hentry"],"post_mailing_queue_ids":[],"_links":{"self":[{"href":"https:\/\/agora.xtec.cat\/ifeb\/wp-json\/wp\/v2\/pages\/961","targetHints":{"allow":["GET"]}}],"collection":[{"href":"https:\/\/agora.xtec.cat\/ifeb\/wp-json\/wp\/v2\/pages"}],"about":[{"href":"https:\/\/agora.xtec.cat\/ifeb\/wp-json\/wp\/v2\/types\/page"}],"author":[{"embeddable":true,"href":"https:\/\/agora.xtec.cat\/ifeb\/wp-json\/wp\/v2\/users\/5"}],"replies":[{"embeddable":true,"href":"https:\/\/agora.xtec.cat\/ifeb\/wp-json\/wp\/v2\/comments?post=961"}],"version-history":[{"count":6,"href":"https:\/\/agora.xtec.cat\/ifeb\/wp-json\/wp\/v2\/pages\/961\/revisions"}],"predecessor-version":[{"id":1505,"href":"https:\/\/agora.xtec.cat\/ifeb\/wp-json\/wp\/v2\/pages\/961\/revisions\/1505"}],"up":[{"embeddable":true,"href":"https:\/\/agora.xtec.cat\/ifeb\/wp-json\/wp\/v2\/pages\/973"}],"wp:attachment":[{"href":"https:\/\/agora.xtec.cat\/ifeb\/wp-json\/wp\/v2\/media?parent=961"}],"curies":[{"name":"wp","href":"https:\/\/api.w.org\/{rel}","templated":true}]}}