{"id":955,"date":"2024-11-12T09:49:53","date_gmt":"2024-11-12T08:49:53","guid":{"rendered":"https:\/\/agora.xtec.cat\/ifeb\/?page_id=955"},"modified":"2025-03-28T09:13:55","modified_gmt":"2025-03-28T08:13:55","slug":"assistencia-a-la-direccio","status":"publish","type":"page","link":"https:\/\/agora.xtec.cat\/ifeb\/estudis-a-lifeb\/assistencia-a-la-direccio\/","title":{"rendered":"Assist\u00e8ncia a la Direcci\u00f3"},"content":{"rendered":"\n<p>Cicle formatiu de grau superior<\/p>\n\n\n\n<figure class=\"wp-block-image alignleft size-large is-resized\"><img loading=\"lazy\" decoding=\"async\" width=\"4500\" height=\"3000\" src=\"https:\/\/agora.xtec.cat\/ifeb\/wp-content\/uploads\/usu3035\/2024\/12\/direccion-1-2-4500x3000.jpg\" alt=\"\" class=\"wp-image-1094\" style=\"width:525px;height:auto\" srcset=\"https:\/\/agora.xtec.cat\/ifeb\/wp-content\/uploads\/usu3035\/2024\/12\/direccion-1-2-4500x3000.jpg 4500w, https:\/\/agora.xtec.cat\/ifeb\/wp-content\/uploads\/usu3035\/2024\/12\/direccion-1-2-300x200.jpg 300w, https:\/\/agora.xtec.cat\/ifeb\/wp-content\/uploads\/usu3035\/2024\/12\/direccion-1-2-768x512.jpg 768w, https:\/\/agora.xtec.cat\/ifeb\/wp-content\/uploads\/usu3035\/2024\/12\/direccion-1-2-1536x1024.jpg 1536w, https:\/\/agora.xtec.cat\/ifeb\/wp-content\/uploads\/usu3035\/2024\/12\/direccion-1-2-2048x1365.jpg 2048w\" sizes=\"auto, (max-width: 4500px) 100vw, 4500px\" \/><\/figure>\n\n\n\n<p><strong><mark style=\"background-color:rgba(0, 0, 0, 0);color:#d3045e\" class=\"has-inline-color\">DESCRIPCI\u00d3<\/mark><\/strong><\/p>\n\n\n\n<p>Els estudis d\u2019Assist\u00e8ncia a la Direcci\u00f3 capaciten per assistir a la direcci\u00f3 i a altres departaments en les activitats d\u2019organitzaci\u00f3, representaci\u00f3 de l\u2019entitat i funcions administrativa i documental; gestionar-ne la informaci\u00f3 i la comunicaci\u00f3 interna i externa, i realitzar altres tasques per delegaci\u00f3, utilitzant, en cas que sigui necessari, la llengua anglesa i\/o una altra llengua estrangera, aplicant la normativa vigent i els protocols de gesti\u00f3 de qualitat que asseguren la satisfacci\u00f3 del client o usuari i actuant segons les normes de prevenci\u00f3 de riscos laborals i protecci\u00f3 mediambiental.<\/p>\n\n\n\n<div style=\"height:23px\" aria-hidden=\"true\" class=\"wp-block-spacer\"><\/div>\n\n\n\n<p><strong><mark style=\"background-color:rgba(0, 0, 0, 0);color:#d3045e\" class=\"has-inline-color\">HORARIS<\/mark><\/strong><\/p>\n\n\n\n<p>1r Curs: horari de mat\u00ed<br>2n Curs: horari de tarda<\/p>\n\n\n\n<p><strong><mark style=\"background-color:rgba(0, 0, 0, 0);color:#d3045e\" class=\"has-inline-color\">PREU<\/mark><\/strong><\/p>\n\n\n\n<p>Matr\u00edcula: <a href=\"https:\/\/educacio.gencat.cat\/ca\/departament\/normativa\/taxes-preus-publics\/preu-public\/index.html\"><mark style=\"background-color:rgba(0, 0, 0, 0);color:#3636b4\" class=\"has-inline-color\">Enlla\u00e7 a preus p\u00fablics<\/mark><\/a>. S&#8217;abonar\u00e0 el cost de material i sortides.<\/p>\n\n\n<p><span style=\"color: #d3045e;\"><strong>PREINSCRIPCI\u00d3<\/strong><\/span><\/p>\n<p><!-- \/wp:paragraph --> <!-- wp:paragraph --><\/p>\n<p>Per m\u00e9s informaci\u00f3 de la inscripci\u00f3 consulteu la seg\u00fcent <a href=\"https:\/\/preinscripcio.gencat.cat\/ca\/estudis\/fp-grau-superior\/inici\/index.html\"> <mark class=\"has-inline-color\" style=\"background-color: rgba(0, 0, 0, 0); color: #3636b4;\">p\u00e0gina web <\/mark><\/a>de la Generalitat.\u00a0<\/p>\n<p><!-- wp:paragraph --><\/p>\n<p style=\"font-size: 17px;\"><strong><mark class=\"has-inline-color\" style=\"background-color: rgba(0, 0, 0, 0); color: #d3045e;\">DURADA<\/mark><\/strong><\/p>\n<p><!-- \/wp:paragraph --><\/p>\n<p><!-- wp:paragraph --><\/p>\n<p style=\"font-size: 17px;\">La durada d\u2019aquests estudis \u00e9s de <strong>2.000 hores<\/strong> distribu\u00efdes en dos cursos acad\u00e8mics <strong>(DUAL<\/strong> en r\u00e8gim general: 1.485 h en el centre educatiu i 515 h d\u2019estada a l\u2019empresa en un centre de treball. Possibilitat de DUAL en r\u00e8gim intensiu).<\/p>\n<p><!-- \/wp:paragraph --><\/p>\n<p><!-- wp:paragraph --><\/p>\n<p style=\"font-size: 17px;\"><strong><mark class=\"has-inline-color\" style=\"background-color: rgba(0, 0, 0, 0); color: #d3045e;\">CONTINGUTS<\/mark><\/strong><\/p>\n<p><!-- \/wp:paragraph --><\/p>\n<p><!-- wp:list --><\/p>\n<ul><!-- wp:list-item --><\/ul>\n<p>\u00a0<\/p>\n<ul>\n<li><strong>Gesti\u00f3 de la documentaci\u00f3 jur\u00eddica i empresarial*<\/strong>: Tramitaci\u00f3 de documents legals i administratius en l&#8217;\u00e0mbit empresarial.<\/li>\n<\/ul>\n<p>\u00a0<\/p>\n<p><!-- \/wp:list-item --><\/p>\n<p><!-- wp:list-item --><\/p>\n<p>\u00a0<\/p>\n<ul>\n<li><strong>Recursos humans i responsabilitat social corporativa*<\/strong>: Gesti\u00f3 del personal i implementaci\u00f3 d\u2019estrat\u00e8gies de sostenibilitat i responsabilitat social.<\/li>\n<\/ul>\n<p>\u00a0<\/p>\n<p><!-- \/wp:list-item --><\/p>\n<p><!-- wp:list-item --><\/p>\n<p>\u00a0<\/p>\n<ul>\n<li><strong>Ofim\u00e0tica i proc\u00e9s de la informaci\u00f3*<\/strong>: Domini d\u2019eines digitals per a la gesti\u00f3 eficient de dades i documents.<\/li>\n<\/ul>\n<p>\u00a0<\/p>\n<p><!-- \/wp:list-item --><\/p>\n<p><!-- wp:list-item --><\/p>\n<p>\u00a0<\/p>\n<ul>\n<li><strong>Proc\u00e9s integral de l\u2019activitat comercial*<\/strong>: Planificaci\u00f3 i execuci\u00f3 de totes les fases del proc\u00e9s comercial.<\/li>\n<\/ul>\n<p>\u00a0<\/p>\n<p><!-- \/wp:list-item --><\/p>\n<p><!-- wp:list-item --><\/p>\n<p>\u00a0<\/p>\n<ul>\n<li><strong>Comunicaci\u00f3 i atenci\u00f3 al client*<\/strong>: Estrat\u00e8gies per millorar la comunicaci\u00f3 i oferir un servei d\u2019atenci\u00f3 al client de qualitat.<\/li>\n<\/ul>\n<p>\u00a0<\/p>\n<p><!-- \/wp:list-item --><\/p>\n<p><!-- wp:list-item --><\/p>\n<p>\u00a0<\/p>\n<ul>\n<li><strong>Protocol empresarial*<\/strong>: Normes i pr\u00e0ctiques per gestionar relacions empresarials formals.<\/li>\n<\/ul>\n<p>\u00a0<\/p>\n<p><!-- \/wp:list-item --><\/p>\n<p><!-- wp:list-item --><\/p>\n<p>\u00a0<\/p>\n<ul>\n<li><strong>Organitzaci\u00f3 d\u2019esdeveniments empresarials*<\/strong>: Planificaci\u00f3 d\u2019actes corporatius per refor\u00e7ar la imatge de l\u2019empresa.<\/li>\n<\/ul>\n<p>\u00a0<\/p>\n<p><!-- \/wp:list-item --><\/p>\n<p><!-- wp:list-item --><\/p>\n<p>\u00a0<\/p>\n<ul>\n<li><strong>Gesti\u00f3 avan\u00e7ada de la informaci\u00f3*<\/strong>: An\u00e0lisi i \u00fas de dades per a la presa de decisions empresarials.<\/li>\n<\/ul>\n<p>\u00a0<\/p>\n<p><!-- \/wp:list-item --><\/p>\n<p><!-- wp:list-item --><\/p>\n<p>\u00a0<\/p>\n<ul>\n<li><strong>Catal\u00e0 professional<\/strong>: Millora de la comunicaci\u00f3 escrita i oral en catal\u00e0 per a l&#8217;entorn laboral.<\/li>\n<\/ul>\n<p>\u00a0<\/p>\n<p><!-- \/wp:list-item --><\/p>\n<p><!-- wp:list-item --><\/p>\n<p>\u00a0<\/p>\n<ul>\n<li><strong>Angl\u00e8s professional<\/strong>: Desenvolupament de compet\u00e8ncies ling\u00fc\u00edstiques en angl\u00e8s per a contextos professionals.<\/li>\n<\/ul>\n<p>\u00a0<\/p>\n<p><!-- \/wp:list-item --><\/p>\n<p><!-- wp:list-item --><\/p>\n<p>\u00a0<\/p>\n<ul>\n<li><strong>Digitalitzaci\u00f3 aplicada als sectors productius<\/strong>: Integraci\u00f3 de noves tecnologies en processos empresarials.<\/li>\n<\/ul>\n<p>\u00a0<\/p>\n<p><!-- \/wp:list-item --><\/p>\n<p><!-- wp:list-item --><\/p>\n<p>\u00a0<\/p>\n<ul>\n<li><strong>Segona llengua estrangera (alemany)*<\/strong>: Aprenentatge d&#8217;alemany per ampliar les oportunitats comercials internacionals.<\/li>\n<\/ul>\n<p>\u00a0<\/p>\n<p><!-- \/wp:list-item --><\/p>\n<p><!-- wp:list-item --><\/p>\n<p>\u00a0<\/p>\n<ul>\n<li><strong>Sostenibilitat aplicada al sistema productiu<\/strong>: Implementaci\u00f3 de pr\u00e0ctiques sostenibles en l&#8217;empresa.<\/li>\n<\/ul>\n<p>\u00a0<\/p>\n<p><!-- \/wp:list-item --><\/p>\n<p><!-- wp:list-item --><\/p>\n<p>\u00a0<\/p>\n<ul>\n<li><strong>Itinerari personal per a l\u2019ocupabilitat I i II<\/strong>: Desenvolupament d\u2019habilitats per a la inserci\u00f3 i millora de la carrera professional.<\/li>\n<\/ul>\n<p>\u00a0<\/p>\n<p><!-- \/wp:list-item --><\/p>\n<p><!-- wp:list-item --><\/p>\n<p>\u00a0<\/p>\n<ul>\n<li><strong>Projecte Intermodular<\/strong>: Aplicaci\u00f3 pr\u00e0ctica dels coneixements adquirits en un projecte global.<\/li>\n<\/ul>\n<p>\u00a0<\/p>\n<p><!-- \/wp:list-item --><\/p>\n<p><!-- wp:list-item --><\/p>\n<p>\u00a0<\/p>\n<ul>\n<li><strong>M\u00f2dul professional optatiu<\/strong>: Assignatura especialitzada per complementar la formaci\u00f3 segons interessos o necessitats de l\u2019alumne.<\/li>\n<\/ul>\n<p>\u00a0<\/p>\n<p><!-- \/wp:list-item --><\/p>\n<p><!-- \/wp:list --><\/p>\n<p><!-- wp:paragraph --><\/p>\n<p style=\"font-size: 17px;\">*Aquests m\u00f2duls inclouen hores d\u2019estada a l\u2019empresa.<\/p>\n<p><!-- \/wp:paragraph --><\/p>\n<p><!-- wp:paragraph --><\/p>\n<p style=\"font-size: 17px;\"><strong><mark class=\"has-inline-color\" style=\"background-color: rgba(0, 0, 0, 0); color: #d3045e;\">ACC\u00c9S<\/mark><\/strong><\/p>\n<p><!-- \/wp:paragraph --><\/p>\n<p><!-- wp:paragraph --><\/p>\n<p style=\"font-size: 17px;\">Per al curs 2024-2025, pots accedir als cicles de grau superior si compleixes algun dels requisits seg\u00fcents:<\/p>\n<p><!-- \/wp:paragraph --><\/p>\n<p><!-- wp:paragraph --><\/p>\n<p style=\"font-size: 17px;\">Tenir un d\u2019aquests t\u00edtols:<\/p>\n<p><!-- \/wp:paragraph --><\/p>\n<p><!-- wp:list --><\/p>\n<ul><!-- wp:list-item --><\/ul>\n<p>\u00a0<\/p>\n<ul>\n<li>Batxillerat.<\/li>\n<\/ul>\n<p>\u00a0<\/p>\n<p><!-- \/wp:list-item --><\/p>\n<p><!-- wp:list-item --><\/p>\n<p>\u00a0<\/p>\n<ul>\n<li>Batxillerat LOGSE.<\/li>\n<\/ul>\n<p>\u00a0<\/p>\n<p><!-- \/wp:list-item --><\/p>\n<p><!-- wp:list-item --><\/p>\n<p>\u00a0<\/p>\n<ul>\n<li>BUP.<\/li>\n<\/ul>\n<p>\u00a0<\/p>\n<p><!-- \/wp:list-item --><\/p>\n<p><!-- wp:list-item --><\/p>\n<p>\u00a0<\/p>\n<ul>\n<li>T\u00e8cnic\/a superior de formaci\u00f3 professional o grau universitari o equivalent.<\/li>\n<\/ul>\n<p>\u00a0<\/p>\n<p><!-- \/wp:list-item --><\/p>\n<p><!-- wp:list-item --><\/p>\n<p>\u00a0<\/p>\n<ul>\n<li>T\u00e8cnic\/a especialista, t\u00e8cnic\/a superior o equivalent.<\/li>\n<\/ul>\n<p>\u00a0<\/p>\n<p><!-- \/wp:list-item --><\/p>\n<p><!-- wp:list-item --><\/p>\n<p>\u00a0<\/p>\n<ul>\n<li>T\u00e8cnic\/a de grau mitj\u00e0 de formaci\u00f3 professional o t\u00edtol de t\u00e8cnic\/a o t\u00e8cnic\/a d\u2019arts pl\u00e0stiques i disseny.<\/li>\n<\/ul>\n<p>\u00a0<\/p>\n<p><!-- \/wp:list-item --><\/p>\n<p><!-- \/wp:list --><\/p>\n<p><!-- wp:paragraph --><\/p>\n<p style=\"font-size: 17px;\">O b\u00e9, <strong>haver superat<\/strong>:<\/p>\n<p><!-- \/wp:paragraph --><\/p>\n<p><!-- wp:list --><\/p>\n<ul><!-- wp:list-item --><\/ul>\n<p>\u00a0<\/p>\n<ul>\n<li>Una oferta formativa de certificat professional inclosa en el cicle.<\/li>\n<\/ul>\n<p>\u00a0<\/p>\n<p><!-- \/wp:list-item --><\/p>\n<p><!-- wp:list-item --><\/p>\n<p>\u00a0<\/p>\n<ul>\n<li>Un curs de formaci\u00f3 espec\u00edfic per a l\u2019acc\u00e9s als cicles de grau superior.<\/li>\n<\/ul>\n<p>\u00a0<\/p>\n<p><!-- \/wp:list-item --><\/p>\n<p><!-- wp:list-item --><\/p>\n<p>\u00a0<\/p>\n<ul>\n<li>Una prova d\u2019acc\u00e9s.<\/li>\n<\/ul>\n<p>\u00a0<\/p>\n<p><!-- \/wp:list-item --><\/p>\n<p><!-- wp:list-item --><\/p>\n<p>\u00a0<\/p>\n<ul>\n<li>El segon curs de qualsevol modalitat de batxillerat experimental.<\/li>\n<\/ul>\n<p>\u00a0<\/p>\n<p><!-- \/wp:list-item --><\/p>\n<p><!-- wp:list-item --><\/p>\n<p>\u00a0<\/p>\n<ul>\n<li>El COU o un curs preuniversitari.<\/li>\n<\/ul>\n<p>\u00a0<\/p>\n<p><!-- \/wp:list-item --><\/p>\n<p><!-- wp:list-item --><\/p>\n<p>\u00a0<\/p>\n<ul>\n<li>Haver superat la prova d\u2019acc\u00e9s a la universitat per a m\u00e9s grans de 25 o de 45 anys, o haver accedit a la universitat per tenir 40 anys o m\u00e9s i acreditar experi\u00e8ncia laboral o professional.<\/li>\n<\/ul>\n<p>\u00a0<\/p>\n<p><!-- \/wp:list-item --><\/p>\n<p><!-- \/wp:list --><\/p>\n<p><!-- wp:paragraph --><\/p>\n<p style=\"font-size: 17px;\"><strong><mark class=\"has-inline-color\" style=\"background-color: rgba(0, 0, 0, 0); color: #d3045e;\">CONTINU\u00cfTAT\u00a0\u00a0<\/mark><\/strong><\/p>\n<p><!-- \/wp:paragraph --><\/p>\n<p><!-- wp:paragraph --><\/p>\n<p style=\"font-size: 17px;\"><strong>Sortides acad\u00e8miques<\/strong><\/p>\n<p><!-- \/wp:paragraph --><\/p>\n<p><!-- wp:paragraph --><\/p>\n<p style=\"font-size: 17px;\">Amb aquests estudis s\u2019obt\u00e9 el t\u00edtol de t\u00e8cnic\/a superior, que permet l\u2019acc\u00e9s a qualsevol estudi universitari oficial de grau. Les persones que s\u2019han graduat en un cicle formatiu de grau superior poden obtenir la convalidaci\u00f3 de cr\u00e8dits universitaris ECTS.<\/p>\n<p><!-- \/wp:paragraph --><\/p>\n<p><!-- wp:paragraph --><\/p>\n<p style=\"font-size: 17px;\">Per a m\u00e9s informaci\u00f3, consulteu el <a href=\"https:\/\/universitats.gencat.cat\/ca\/inici\/index.html\">Canal Universitats.<\/a><\/p>\n<p><!-- \/wp:paragraph --><\/p>\n<p><!-- wp:paragraph --><\/p>\n<p style=\"font-size: 17px;\"><strong>Sortides professionals<\/strong><\/p>\n<p><!-- \/wp:paragraph --><\/p>\n<p><!-- wp:paragraph --><\/p>\n<p style=\"font-size: 17px;\">Les principals ocupacions i llocs de treball s\u00f3n:<\/p>\n<p><!-- \/wp:paragraph --><\/p>\n<p><!-- wp:list --><\/p>\n<ul><!-- wp:list-item --><\/ul>\n<p>\u00a0<\/p>\n<ul>\n<li><strong>Assistent\/a a la direcci\u00f3<\/strong>: Suport en la planificaci\u00f3 i gesti\u00f3 d&#8217;activitats directives, incloent la coordinaci\u00f3 de reunions i tasques administratives.<\/li>\n<\/ul>\n<p>\u00a0<\/p>\n<p><!-- \/wp:list-item --><\/p>\n<p><!-- wp:list-item --><\/p>\n<p>\u00a0<\/p>\n<ul>\n<li><strong>Assistent\/a personal<\/strong>: Gesti\u00f3 de tasques personals i professionals per facilitar el dia a dia d&#8217;una persona o directiu\/a.<\/li>\n<\/ul>\n<p>\u00a0<\/p>\n<p><!-- \/wp:list-item --><\/p>\n<p><!-- wp:list-item --><\/p>\n<p>\u00a0<\/p>\n<ul>\n<li><strong>Secretari\/a de direcci\u00f3<\/strong>: Coordinaci\u00f3 de la comunicaci\u00f3, organitzaci\u00f3 d&#8217;agendes i gesti\u00f3 documental per a equips directius.<\/li>\n<\/ul>\n<p>\u00a0<\/p>\n<p><!-- \/wp:list-item --><\/p>\n<p><!-- wp:list-item --><\/p>\n<p>\u00a0<\/p>\n<ul>\n<li><strong>Assistent\/a de despatxos i oficines<\/strong>: Suport administratiu general en empreses, despatxos professionals o oficines.<\/li>\n<\/ul>\n<p>\u00a0<\/p>\n<p><!-- \/wp:list-item --><\/p>\n<p><!-- wp:list-item --><\/p>\n<p>\u00a0<\/p>\n<ul>\n<li><strong>Assistent\/a jur\u00eddic\/a<\/strong>: Gesti\u00f3 i tramitaci\u00f3 de documents legals i suport administratiu en despatxos o departaments jur\u00eddics.<\/li>\n<\/ul>\n<p>\u00a0<\/p>\n<p><!-- \/wp:list-item --><\/p>\n<p><!-- wp:list-item --><\/p>\n<p>\u00a0<\/p>\n<ul>\n<li><strong>Assistent\/a en departaments de recursos humans<\/strong>: Suport en processos de selecci\u00f3, formaci\u00f3 i administraci\u00f3 del personal.<\/li>\n<\/ul>\n<p>\u00a0<\/p>\n<p><!-- \/wp:list-item --><\/p>\n<p><!-- wp:list-item --><\/p>\n<p>\u00a0<\/p>\n<ul>\n<li><strong>Administratiu\/va en les administracions i organismes p\u00fablics<\/strong>: Gesti\u00f3 i organitzaci\u00f3 de processos administratius en institucions p\u00fabliques.<\/li>\n<\/ul>\n<p>\u00a0<\/p>\n<p><!-- \/wp:list-item --><\/p>\n<p><!-- \/wp:list --><\/p>\n<p><!-- wp:paragraph --><\/p>\n<p><!-- \/wp:paragraph --><\/p>\n<p><!-- wp:paragraph --><\/p>\n<p style=\"font-size: 17px;\"><strong><mark class=\"has-inline-color\" style=\"background-color: rgba(0, 0, 0, 0); color: #d3045e;\">NORMATIVA<\/mark><\/strong><\/p>\n<p><!-- \/wp:paragraph --><\/p>\n<p><!-- wp:list --><\/p>\n<ul><!-- wp:list-item --><\/ul>\n<p>\u00a0<\/p>\n<ul>\n<li>Reial decret 500\/2024, de 21 de maig, pel qual es modifiquen determinats reials decrets pels quals s\u2019estableixen t\u00edtols de Formaci\u00f3 Professional de grau superior i es fixen els seus ensenyaments m\u00ednims.<\/li>\n<\/ul>\n<p>\u00a0<\/p>\n<p><!-- \/wp:list-item --><\/p>\n<p><!-- wp:list-item --><\/p>\n<p>\u00a0<\/p>\n<ul>\n<li>Reial decret 1582\/2011, de 4 de novembre, pel que s\u2019estableix el t\u00edtol del cicle formatiu de grau superior de t\u00e8cnic\/a superior en Assist\u00e8ncia a la Direcci\u00f3.<\/li>\n<\/ul>\n<p>\u00a0<\/p>\n<p><!-- \/wp:list-item --><\/p>\n<p><!-- \/wp:list --><\/p>\n<p><!-- wp:paragraph --><\/p>\n<p style=\"font-size: 17px;\">Per m\u00e9s informaci\u00f3 a la <a href=\"https:\/\/preinscripcio.gencat.cat\/ca\/inici\">p\u00e0gina web <\/a>de la Generalitat.<\/p>\n<p><!-- \/wp:paragraph --><\/p>\n<p><!-- wp:separator --><\/p>\n<hr class=\"wp-block-separator has-alpha-channel-opacity\" \/>\n<p><!-- \/wp:separator --><\/p>\n<p><!-- wp:paragraph {\"align\":\"right\"} --><\/p>\n<p class=\"has-text-align-right\" style=\"font-size: 17px;\">Darrera actualitzaci\u00f3: 13\/11\/2024<\/p>\n<p><!-- \/wp:paragraph --><\/p>","protected":false},"excerpt":{"rendered":"<p>Cicle formatiu de grau superior DESCRIPCI\u00d3 Els estudis d\u2019Assist\u00e8ncia a la Direcci\u00f3 capaciten per assistir a la direcci\u00f3 i a altres departaments en les activitats d\u2019organitzaci\u00f3, representaci\u00f3 de l\u2019entitat i funcions administrativa i documental; gestionar-ne la informaci\u00f3 i la comunicaci\u00f3 interna i externa, i realitzar altres tasques per delegaci\u00f3, utilitzant, en cas que sigui necessari, [&hellip;]<\/p>\n","protected":false},"author":5,"featured_media":0,"parent":973,"menu_order":20,"comment_status":"closed","ping_status":"close","template":"","meta":{"site-sidebar-layout":"default","site-content-layout":"","ast-site-content-layout":"","site-content-style":"default","site-sidebar-style":"default","ast-global-header-display":"","ast-banner-title-visibility":"","ast-main-header-display":"","ast-hfb-above-header-display":"","ast-hfb-below-header-display":"","ast-hfb-mobile-header-display":"","site-post-title":"","ast-breadcrumbs-content":"","ast-featured-img":"","footer-sml-layout":"","theme-transparent-header-meta":"","adv-header-id-meta":"","stick-header-meta":"","header-above-stick-meta":"","header-main-stick-meta":"","header-below-stick-meta":"","astra-migrate-meta-layouts":"default","ast-page-background-enabled":"default","ast-page-background-meta":{"desktop":{"background-color":"var(--ast-global-color-4)","background-image":"","background-repeat":"repeat","background-position":"center center","background-size":"auto","background-attachment":"scroll","background-type":"","background-media":"","overlay-type":"","overlay-color":"","overlay-opacity":"","overlay-gradient":""},"tablet":{"background-color":"","background-image":"","background-repeat":"repeat","background-position":"center center","background-size":"auto","background-attachment":"scroll","background-type":"","background-media":"","overlay-type":"","overlay-color":"","overlay-opacity":"","overlay-gradient":""},"mobile":{"background-color":"","background-image":"","background-repeat":"repeat","background-position":"center center","background-size":"auto","background-attachment":"scroll","background-type":"","background-media":"","overlay-type":"","overlay-color":"","overlay-opacity":"","overlay-gradient":""}},"ast-content-background-meta":{"desktop":{"background-color":"var(--ast-global-color-5)","background-image":"","background-repeat":"repeat","background-position":"center center","background-size":"auto","background-attachment":"scroll","background-type":"","background-media":"","overlay-type":"","overlay-color":"","overlay-opacity":"","overlay-gradient":""},"tablet":{"background-color":"var(--ast-global-color-5)","background-image":"","background-repeat":"repeat","background-position":"center center","background-size":"auto","background-attachment":"scroll","background-type":"","background-media":"","overlay-type":"","overlay-color":"","overlay-opacity":"","overlay-gradient":""},"mobile":{"background-color":"var(--ast-global-color-5)","background-image":"","background-repeat":"repeat","background-position":"center center","background-size":"auto","background-attachment":"scroll","background-type":"","background-media":"","overlay-type":"","overlay-color":"","overlay-opacity":"","overlay-gradient":""}},"footnotes":""},"class_list":["post-955","page","type-page","status-publish","hentry"],"post_mailing_queue_ids":[],"_links":{"self":[{"href":"https:\/\/agora.xtec.cat\/ifeb\/wp-json\/wp\/v2\/pages\/955","targetHints":{"allow":["GET"]}}],"collection":[{"href":"https:\/\/agora.xtec.cat\/ifeb\/wp-json\/wp\/v2\/pages"}],"about":[{"href":"https:\/\/agora.xtec.cat\/ifeb\/wp-json\/wp\/v2\/types\/page"}],"author":[{"embeddable":true,"href":"https:\/\/agora.xtec.cat\/ifeb\/wp-json\/wp\/v2\/users\/5"}],"replies":[{"embeddable":true,"href":"https:\/\/agora.xtec.cat\/ifeb\/wp-json\/wp\/v2\/comments?post=955"}],"version-history":[{"count":6,"href":"https:\/\/agora.xtec.cat\/ifeb\/wp-json\/wp\/v2\/pages\/955\/revisions"}],"predecessor-version":[{"id":1500,"href":"https:\/\/agora.xtec.cat\/ifeb\/wp-json\/wp\/v2\/pages\/955\/revisions\/1500"}],"up":[{"embeddable":true,"href":"https:\/\/agora.xtec.cat\/ifeb\/wp-json\/wp\/v2\/pages\/973"}],"wp:attachment":[{"href":"https:\/\/agora.xtec.cat\/ifeb\/wp-json\/wp\/v2\/media?parent=955"}],"curies":[{"name":"wp","href":"https:\/\/api.w.org\/{rel}","templated":true}]}}