{"id":952,"date":"2024-11-12T09:48:57","date_gmt":"2024-11-12T08:48:57","guid":{"rendered":"https:\/\/agora.xtec.cat\/ifeb\/?page_id=952"},"modified":"2025-03-27T09:40:12","modified_gmt":"2025-03-27T08:40:12","slug":"administracio-i-finances","status":"publish","type":"page","link":"https:\/\/agora.xtec.cat\/ifeb\/estudis-a-lifeb\/administracio-i-finances\/","title":{"rendered":"Administraci\u00f3 i Finances"},"content":{"rendered":"\n<p>Cicle formatiu de grau superior<\/p>\n\n\n\n<p class=\"has-text-align-center\"><\/p>\n\n\n\n<figure class=\"wp-block-image alignleft size-large is-resized is-style-default\"><img loading=\"lazy\" decoding=\"async\" width=\"4500\" height=\"3000\" src=\"https:\/\/agora.xtec.cat\/ifeb\/wp-content\/uploads\/usu3035\/2024\/12\/admin-min-1-4500x3000.jpg\" alt=\"\" class=\"wp-image-1074\" style=\"width:563px;height:auto\" srcset=\"https:\/\/agora.xtec.cat\/ifeb\/wp-content\/uploads\/usu3035\/2024\/12\/admin-min-1-4500x3000.jpg 4500w, https:\/\/agora.xtec.cat\/ifeb\/wp-content\/uploads\/usu3035\/2024\/12\/admin-min-1-300x200.jpg 300w, https:\/\/agora.xtec.cat\/ifeb\/wp-content\/uploads\/usu3035\/2024\/12\/admin-min-1-768x512.jpg 768w, https:\/\/agora.xtec.cat\/ifeb\/wp-content\/uploads\/usu3035\/2024\/12\/admin-min-1-1536x1024.jpg 1536w, https:\/\/agora.xtec.cat\/ifeb\/wp-content\/uploads\/usu3035\/2024\/12\/admin-min-1-2048x1365.jpg 2048w\" sizes=\"auto, (max-width: 4500px) 100vw, 4500px\" \/><\/figure>\n\n\n<p><!-- wp:paragraph{\"style\":{\"typography\":{\"fontSize\":\"17px\"}}} --><\/p>\n<p style=\"font-size: 17px;\"><strong><mark class=\"has-inline-color\" style=\"background-color: rgba(0, 0, 0, 0); color: #d3045e;\">DESCRIPCI\u00d3<\/mark><\/strong><\/p>\n<p><!-- \/wp:paragraph --><\/p>\n<p><!-- wp:paragraph{\"style\":{\"typography\":{\"fontSize\":\"17px\"}}} --><\/p>\n<p style=\"font-size: 17px;\">Els estudis d\u2019<strong>Administraci\u00f3 i Finances<\/strong> <strong>capaciten per organitzar i executar les operacions de gesti\u00f3 i administraci\u00f3 en els processos comercials, laborals, comptables, fiscals i financers d\u2019una empresa p\u00fablica o privada<\/strong>, aplicant la normativa vigent i els protocols de gesti\u00f3 de qualitat, gestionant la informaci\u00f3, assegurant la satisfacci\u00f3 del client i\/o usuari i actuant segons les normes de prevenci\u00f3 de riscos laborals i protecci\u00f3 mediambiental.\u00a0<\/p>\n<p><!-- \/wp:paragraph --><\/p>\n<p><!-- wp:paragraph{\"style\":{\"typography\":{\"fontSize\":\"17px\"}}} --><\/p>\n<p><strong><mark class=\"has-inline-color\" style=\"background-color: rgba(0, 0, 0, 0); color: #d3045e;\">HORARIS<\/mark><\/strong><\/p>\n<p><!-- \/wp:paragraph --><\/p>\n<p><!-- wp:paragraph{\"style\":{\"typography\":{\"fontSize\":\"17px\"}}} --><\/p>\n<p>1r Curs: 1 grup de mat\u00ed i un grup de 1r tarda<br \/>2n Curs: tots els grups de tarda<\/p>\n<p><!-- \/wp:paragraph --><\/p>\n<p><!-- wp:paragraph{\"style\":{\"typography\":{\"fontSize\":\"17px\"}}} --><\/p>\n<p><strong><mark class=\"has-inline-color\" style=\"background-color: rgba(0, 0, 0, 0); color: #d3045e;\">PREU<\/mark><\/strong><\/p>\n<p><!-- \/wp:paragraph --><\/p>\n<p><!-- wp:paragraph{\"style\":{\"typography\":{\"fontSize\":\"17px\"}}} --><\/p>\n<p>Matr\u00edcula: <a href=\"https:\/\/educacio.gencat.cat\/ca\/departament\/normativa\/taxes-preus-publics\/preu-public\/index.html\"><mark class=\"has-inline-color\" style=\"background-color: rgba(0, 0, 0, 0); color: #3636b4;\">Enlla\u00e7 a preus p\u00fablics<\/mark><\/a>. S&#8217;abonar\u00e0 el cost de material i sortides.<\/p>\n<p><!-- wp:paragraph --><\/p>\n<p><span style=\"color: #d3045e;\"><strong>PREINSCRIPCI\u00d3<\/strong><\/span><\/p>\n<p><!-- \/wp:paragraph --> <!-- wp:paragraph --><\/p>\n<p>Per m\u00e9s informaci\u00f3 de la inscripci\u00f3 consulteu la seg\u00fcent  <a href=\"https:\/\/preinscripcio.gencat.cat\/ca\/estudis\/fp-grau-superior\/inici\/index.html\"> <mark class=\"has-inline-color\" style=\"background-color: rgba(0, 0, 0, 0); color: #3636b4;\">p\u00e0gina web <\/a><\/span>de la Generalitat.\u00a0<\/p>\n<p><!-- \/wp:paragraph --><\/p>\n<p><!-- \/wp:paragraph --><\/p>\n<p><!-- wp:paragraph --><\/p>\n<p><strong><mark class=\"has-inline-color\" style=\"background-color: rgba(0, 0, 0, 0); color: #d3045e;\">DURADA<\/mark><\/strong><\/p>\n<p><!-- \/wp:paragraph --><\/p>\n<p><!-- wp:group {\"layout\":{\"type\":\"flex\",\"flexWrap\":\"nowrap\"}} --><\/p>\n<div class=\"wp-block-group\"><!-- wp:paragraph {\"style\":{\"typography\":{\"fontSize\":\"17px\"},\"layout\":{\"selfStretch\":\"fit\",\"flexSize\":null}}} -->\n<p style=\"font-size: 17px;\">La durada d\u2019aquests estudis \u00e9s de <strong>2.000 hores<\/strong> distribu\u00efdes en dos cursos acad\u00e8mics (<strong>DUAL<\/strong> en r\u00e8gim general: 1.485 h en el centre educatiu i 515 h d\u2019estada a l\u2019empresa en un centre de treball. Possibilitat de DUAL en r\u00e8gim intensiu).<\/p>\n<p><!-- \/wp:paragraph --><\/p>\n<\/div>\n<p><!-- \/wp:group --><\/p>\n<p><!-- wp:paragraph --><\/p>\n<p><!-- \/wp:paragraph --><\/p>\n<p><!-- wp:paragraph --><\/p>\n<p><strong><mark class=\"has-inline-color\" style=\"background-color: rgba(0, 0, 0, 0); color: #d3045e;\">CONTINGUTS<\/mark><\/strong><\/p>\n<p><!-- \/wp:paragraph --><\/p>\n<p><!-- wp:list {\"style\":{\"typography\":{\"fontSize\":\"17px\"}}} --><\/p>\n<ul style=\"font-size: 17px;\">\n<li style=\"list-style-type: none;\">\n<ul style=\"font-size: 17px;\"><!-- wp:list-item {\"style\":{\"typography\":{\"fontSize\":\"17px\"}}} -->\n<li style=\"font-size: 17px;\"><strong>Gesti\u00f3 de la documentaci\u00f3 jur\u00eddica i empresarial*<\/strong>: Tramitaci\u00f3 i organitzaci\u00f3 de documents legals i administratius en empreses.<\/li>\n<\/ul>\n<\/li>\n<\/ul>\n<p><!-- \/wp:list-item --><\/p>\n<p><!-- wp:list-item {\"style\":{\"typography\":{\"fontSize\":\"17px\"}}} --><\/p>\n<ul style=\"font-size: 17px;\">\n<li style=\"list-style-type: none;\">\n<ul style=\"font-size: 17px;\">\n<li style=\"font-size: 17px;\"><strong>Recursos humans i responsabilitat social corporativa*<\/strong>: Planificaci\u00f3 de gesti\u00f3 del personal i implementaci\u00f3 de pol\u00edtiques sostenibles i socials.<\/li>\n<\/ul>\n<\/li>\n<\/ul>\n<p><!-- \/wp:list-item --><\/p>\n<p><!-- wp:list-item {\"style\":{\"typography\":{\"fontSize\":\"17px\"}}} --><\/p>\n<ul style=\"font-size: 17px;\">\n<li style=\"list-style-type: none;\">\n<ul style=\"font-size: 17px;\">\n<li style=\"font-size: 17px;\"><strong>Ofim\u00e0tica i proc\u00e9s de la informaci\u00f3*<\/strong>: Domini de programes inform\u00e0tics i eines digitals per optimitzar la gesti\u00f3 de dades.<\/li>\n<\/ul>\n<\/li>\n<\/ul>\n<p><!-- \/wp:list-item --><\/p>\n<p><!-- wp:list-item {\"style\":{\"typography\":{\"fontSize\":\"17px\"}}} --><\/p>\n<ul style=\"font-size: 17px;\">\n<li style=\"list-style-type: none;\">\n<ul style=\"font-size: 17px;\">\n<li style=\"font-size: 17px;\"><strong>Proc\u00e9s integral de l\u2019activitat comercial*<\/strong>: Coordinaci\u00f3 de totes les fases del proc\u00e9s comercial, des de la compra fins a la venda.<\/li>\n<\/ul>\n<\/li>\n<\/ul>\n<p><!-- \/wp:list-item --><\/p>\n<p><!-- wp:list-item {\"style\":{\"typography\":{\"fontSize\":\"17px\"}}} --><\/p>\n<ul style=\"font-size: 17px;\">\n<li style=\"list-style-type: none;\">\n<ul style=\"font-size: 17px;\">\n<li style=\"font-size: 17px;\"><strong>Comunicaci\u00f3 i atenci\u00f3 al client*<\/strong>: T\u00e8cniques per garantir una comunicaci\u00f3 efica\u00e7 i un servei d\u2019atenci\u00f3 al client de qualitat.<\/li>\n<\/ul>\n<\/li>\n<\/ul>\n<p><!-- \/wp:list-item --><\/p>\n<p><!-- wp:list-item {\"style\":{\"typography\":{\"fontSize\":\"17px\"}}} --><\/p>\n<ul style=\"font-size: 17px;\">\n<li style=\"list-style-type: none;\">\n<ul style=\"font-size: 17px;\">\n<li style=\"font-size: 17px;\"><strong>Gesti\u00f3 de recursos humans*<\/strong>: Administraci\u00f3 de processos relacionats amb la selecci\u00f3, contractaci\u00f3 i desenvolupament del personal.<\/li>\n<\/ul>\n<\/li>\n<\/ul>\n<p><!-- \/wp:list-item --><\/p>\n<p><!-- wp:list-item {\"style\":{\"typography\":{\"fontSize\":\"17px\"}}} --><\/p>\n<ul style=\"font-size: 17px;\">\n<li style=\"list-style-type: none;\">\n<ul style=\"font-size: 17px;\">\n<li style=\"font-size: 17px;\"><strong>Gesti\u00f3 financera*<\/strong>: An\u00e0lisi i planificaci\u00f3 dels recursos econ\u00f2mics per garantir l\u2019estabilitat empresarial.<\/li>\n<\/ul>\n<\/li>\n<\/ul>\n<p><!-- \/wp:list-item --><\/p>\n<p><!-- wp:list-item {\"style\":{\"typography\":{\"fontSize\":\"17px\"}}} --><\/p>\n<ul style=\"font-size: 17px;\">\n<li style=\"list-style-type: none;\">\n<ul style=\"font-size: 17px;\">\n<li style=\"font-size: 17px;\"><strong>Gesti\u00f3 log\u00edstica i comercial<\/strong>: Planificaci\u00f3 i execuci\u00f3 d\u2019operacions log\u00edstiques i de distribuci\u00f3.<\/li>\n<\/ul>\n<\/li>\n<\/ul>\n<p><!-- \/wp:list-item --><\/p>\n<p><!-- wp:list-item {\"style\":{\"typography\":{\"fontSize\":\"17px\"}}} --><\/p>\n<ul style=\"font-size: 17px;\">\n<li style=\"list-style-type: none;\">\n<ul style=\"font-size: 17px;\">\n<li style=\"font-size: 17px;\"><strong>Simulaci\u00f3 empresarial<\/strong>: Pr\u00e0ctiques aplicades per reproduir situacions reals de gesti\u00f3 en empreses.<\/li>\n<\/ul>\n<\/li>\n<\/ul>\n<p><!-- \/wp:list-item --><\/p>\n<p><!-- wp:list-item {\"style\":{\"typography\":{\"fontSize\":\"17px\"}}} --><\/p>\n<ul style=\"font-size: 17px;\">\n<li style=\"list-style-type: none;\">\n<ul style=\"font-size: 17px;\">\n<li style=\"font-size: 17px;\"><strong>Catal\u00e0 professional<\/strong>: Millora de la compet\u00e8ncia ling\u00fc\u00edstica en catal\u00e0 per al context laboral.<\/li>\n<\/ul>\n<\/li>\n<\/ul>\n<p><!-- \/wp:list-item --><\/p>\n<p><!-- wp:list-item {\"style\":{\"typography\":{\"fontSize\":\"17px\"}}} --><\/p>\n<ul style=\"font-size: 17px;\">\n<li style=\"list-style-type: none;\">\n<ul style=\"font-size: 17px;\">\n<li style=\"font-size: 17px;\"><strong>Angl\u00e8s professional<\/strong>: Desenvolupament de les habilitats comunicatives en angl\u00e8s per a situacions empresarials.<\/li>\n<\/ul>\n<\/li>\n<\/ul>\n<p><!-- \/wp:list-item --><\/p>\n<p><!-- wp:list-item {\"style\":{\"typography\":{\"fontSize\":\"17px\"}}} --><\/p>\n<ul style=\"font-size: 17px;\">\n<li style=\"list-style-type: none;\">\n<ul style=\"font-size: 17px;\">\n<li style=\"font-size: 17px;\"><strong>Digitalitzaci\u00f3 aplicada als sectors productius<\/strong>: Implementaci\u00f3 de noves tecnologies en processos administratius i productius.<\/li>\n<\/ul>\n<\/li>\n<\/ul>\n<p><!-- \/wp:list-item --><\/p>\n<p><!-- wp:list-item {\"style\":{\"typography\":{\"fontSize\":\"17px\"}}} --><\/p>\n<ul style=\"font-size: 17px;\">\n<li style=\"list-style-type: none;\">\n<ul style=\"font-size: 17px;\">\n<li style=\"font-size: 17px;\"><strong>Itinerari personal per a l\u2019ocupabilitat I i II<\/strong>: Habilitats personals i professionals per facilitar la inserci\u00f3 laboral.<\/li>\n<\/ul>\n<\/li>\n<\/ul>\n<p><!-- \/wp:list-item --><\/p>\n<p><!-- wp:list-item {\"style\":{\"typography\":{\"fontSize\":\"17px\"}}} --><\/p>\n<ul style=\"font-size: 17px;\">\n<li style=\"list-style-type: none;\">\n<ul style=\"font-size: 17px;\">\n<li style=\"font-size: 17px;\"><strong>Projecte intermodular d\u2019administraci\u00f3 i finances<\/strong>: Treball pr\u00e0ctic integrador que aplica els coneixements adquirits durant el cicle.<\/li>\n<\/ul>\n<\/li>\n<\/ul>\n<p><!-- \/wp:list-item --><\/p>\n<p><!-- wp:list-item {\"style\":{\"typography\":{\"fontSize\":\"17px\"}}} --><\/p>\n<ul style=\"font-size: 17px;\">\n<li style=\"list-style-type: none;\">\n<ul style=\"font-size: 17px;\">\n<li style=\"font-size: 17px;\"><strong>M\u00f2dul professional optatiu<\/strong>: Assignatura personalitzada per ampliar la formaci\u00f3 en funci\u00f3 de les necessitats o interessos de l\u2019estudiant.<\/li>\n<\/ul>\n<\/li>\n<\/ul>\n<p><!-- \/wp:list-item --><\/p>\n<p><!-- \/wp:list --><\/p>\n<p><!-- wp:paragraph {\"style\":{\"typography\":{\"fontSize\":\"17px\"}}} --><\/p>\n<p style=\"font-size: 17px;\">*Aquests m\u00f2duls inclouen hores d\u2019estada a l\u2019empresa.<\/p>\n<p><!-- \/wp:paragraph --><\/p>\n<p><!-- wp:paragraph {\"style\":{\"typography\":{\"fontSize\":\"17px\"}}} --><\/p>\n<p style=\"font-size: 17px;\"><strong><mark class=\"has-inline-color\" style=\"background-color: rgba(0, 0, 0, 0); color: #d3045e;\">ACC\u00c9S<\/mark><\/strong><\/p>\n<p><!-- \/wp:paragraph --><\/p>\n<p><!-- wp:paragraph {\"style\":{\"typography\":{\"fontSize\":\"17px\"}}} --><\/p>\n<p style=\"font-size: 17px;\">Per al curs 2024-2025, pots accedir als cicles de grau superior si compleixes algun dels requisits seg\u00fcents:<\/p>\n<p><!-- \/wp:paragraph --><\/p>\n<p><!-- wp:paragraph --><\/p>\n<p>Tenir un d\u2019aquests t\u00edtols:<\/p>\n<p><!-- \/wp:paragraph --><\/p>\n<p><!-- wp:list --><\/p>\n<ul>\n<li style=\"list-style-type: none;\">\n<ul><!-- wp:list-item {\"style\":{\"typography\":{\"fontSize\":\"17px\"}}} -->\n<li style=\"font-size: 17px;\">Batxillerat.<\/li>\n<\/ul>\n<\/li>\n<\/ul>\n<p><!-- \/wp:list-item --><\/p>\n<p><!-- wp:list-item {\"style\":{\"typography\":{\"fontSize\":\"17px\"}}} --><\/p>\n<ul>\n<li style=\"list-style-type: none;\">\n<ul>\n<li style=\"font-size: 17px;\">Batxillerat LOGSE.<\/li>\n<\/ul>\n<\/li>\n<\/ul>\n<p><!-- \/wp:list-item --><\/p>\n<p><!-- wp:list-item {\"style\":{\"typography\":{\"fontSize\":\"17px\"}}} --><\/p>\n<ul>\n<li style=\"list-style-type: none;\">\n<ul>\n<li style=\"font-size: 17px;\">BUP.\u00a0<\/li>\n<\/ul>\n<\/li>\n<\/ul>\n<p><!-- \/wp:list-item --><\/p>\n<p><!-- wp:list-item {\"style\":{\"typography\":{\"fontSize\":\"17px\"}}} --><\/p>\n<ul>\n<li style=\"list-style-type: none;\">\n<ul>\n<li style=\"font-size: 17px;\">T\u00e8cnic\/a superior de formaci\u00f3 professional o grau universitari o equivalent.<\/li>\n<\/ul>\n<\/li>\n<\/ul>\n<p><!-- \/wp:list-item --><\/p>\n<p><!-- wp:list-item {\"style\":{\"typography\":{\"fontSize\":\"17px\"}}} --><\/p>\n<ul>\n<li style=\"list-style-type: none;\">\n<ul>\n<li style=\"font-size: 17px;\">T\u00e8cnic\/a especialista, t\u00e8cnic\/a superior o equivalent.<\/li>\n<\/ul>\n<\/li>\n<\/ul>\n<p><!-- \/wp:list-item --><\/p>\n<p><!-- wp:list-item {\"style\":{\"typography\":{\"fontSize\":\"17px\"}}} --><\/p>\n<ul>\n<li style=\"list-style-type: none;\">\n<ul>\n<li style=\"font-size: 17px;\">T\u00e8cnic\/a de grau mitj\u00e0 de formaci\u00f3 professional o t\u00edtol de t\u00e8cnic\/a o t\u00e8cnic\/a d\u2019arts pl\u00e0stiques i disseny.\u00a0<\/li>\n<\/ul>\n<\/li>\n<\/ul>\n<p><!-- \/wp:list-item --><\/p>\n<p><!-- \/wp:list --><\/p>\n<p><!-- wp:paragraph --><\/p>\n<p>O b\u00e9, <strong>haver superat<\/strong>:\u00a0<\/p>\n<p><!-- \/wp:paragraph --><\/p>\n<p><!-- wp:list --><\/p>\n<ul>\n<li style=\"list-style-type: none;\">\n<ul><!-- wp:list-item {\"style\":{\"typography\":{\"fontSize\":\"17px\"}}} -->\n<li style=\"font-size: 17px;\">Una oferta formativa de certificat professional inclosa en el cicle.\u00a0<\/li>\n<\/ul>\n<\/li>\n<\/ul>\n<p><!-- \/wp:list-item --><\/p>\n<p><!-- wp:list-item {\"style\":{\"typography\":{\"fontSize\":\"17px\"}}} --><\/p>\n<ul>\n<li style=\"list-style-type: none;\">\n<ul>\n<li style=\"font-size: 17px;\">Un curs de formaci\u00f3 espec\u00edfic per a l\u2019acc\u00e9s als cicles de grau superior.\u00a0<\/li>\n<\/ul>\n<\/li>\n<\/ul>\n<p><!-- \/wp:list-item --><\/p>\n<p><!-- wp:list-item {\"style\":{\"typography\":{\"fontSize\":\"17px\"}}} --><\/p>\n<ul>\n<li style=\"list-style-type: none;\">\n<ul>\n<li style=\"font-size: 17px;\">Una prova d\u2019acc\u00e9s.\u00a0<\/li>\n<\/ul>\n<\/li>\n<\/ul>\n<p><!-- \/wp:list-item --><\/p>\n<p><!-- wp:list-item {\"style\":{\"typography\":{\"fontSize\":\"17px\"}}} --><\/p>\n<ul>\n<li style=\"list-style-type: none;\">\n<ul>\n<li style=\"font-size: 17px;\">El segon curs de qualsevol modalitat de batxillerat experimental.\u00a0<\/li>\n<\/ul>\n<\/li>\n<\/ul>\n<p><!-- \/wp:list-item --><\/p>\n<p><!-- wp:list-item {\"style\":{\"typography\":{\"fontSize\":\"17px\"}}} --><\/p>\n<ul>\n<li style=\"list-style-type: none;\">\n<ul>\n<li style=\"font-size: 17px;\">El COU o un curs preuniversitari.\u00a0<\/li>\n<\/ul>\n<\/li>\n<\/ul>\n<p><!-- \/wp:list-item --><\/p>\n<p><!-- wp:list-item {\"style\":{\"typography\":{\"fontSize\":\"17px\"}}} --><\/p>\n<ul>\n<li style=\"list-style-type: none;\">\n<ul>\n<li style=\"font-size: 17px;\">Haver superat la prova d\u2019acc\u00e9s a la universitat per a m\u00e9s grans de 25 o de 45 anys, o haver accedit a la universitat per tenir 40 anys o m\u00e9s i acreditar experi\u00e8ncia laboral o professional.\u00a0<\/li>\n<\/ul>\n<\/li>\n<\/ul>\n<p><!-- \/wp:list-item --><\/p>\n<p><!-- \/wp:list --><\/p>\n<p><!-- wp:paragraph {\"style\":{\"typography\":{\"fontSize\":\"17px\"}}} --><\/p>\n<p style=\"font-size: 17px;\"><strong><mark class=\"has-inline-color\" style=\"background-color: rgba(0, 0, 0, 0); color: #d3045e;\">CONTINU\u00cfTAT<\/mark><\/strong><\/p>\n<p><!-- \/wp:paragraph --><\/p>\n<p><!-- wp:paragraph --><\/p>\n<p><strong>Sortides acad\u00e8miques<\/strong><\/p>\n<p><!-- \/wp:paragraph --><\/p>\n<p><!-- wp:paragraph {\"style\":{\"typography\":{\"fontSize\":\"17px\"}}} --><\/p>\n<p style=\"font-size: 17px;\">Amb aquests estudis s\u2019obt\u00e9 el t\u00edtol de t\u00e8cnic\/a superior, que permet l\u2019acc\u00e9s a qualsevol estudi universitari oficial de grau. Les persones que s\u2019han graduat en un cicle formatiu de grau superior poden obtenir la convalidaci\u00f3 de cr\u00e8dits universitaris ECTS.<\/p>\n<p><!-- \/wp:paragraph --><\/p>\n<p><!-- wp:paragraph --><\/p>\n<p>Per a m\u00e9s informaci\u00f3, consulteu el <a href=\"https:\/\/universitats.gencat.cat\/ca\/inici\/index.html\">Canal Universitats.<\/a><\/p>\n<p><!-- \/wp:paragraph --><\/p>\n<p><!-- wp:paragraph --><\/p>\n<p><strong>Sortides professionals<\/strong><\/p>\n<p><!-- \/wp:paragraph --><\/p>\n<p><!-- wp:list --><\/p>\n<ul>\n<li style=\"list-style-type: none;\">\n<ul><!-- wp:list-item {\"style\":{\"typography\":{\"fontSize\":\"17px\"}}} -->\n<li style=\"font-size: 17px;\"><strong>Administratiu\/va d\u2019oficina<\/strong>: Gesti\u00f3 general de tasques administratives en empreses o oficines.<\/li>\n<\/ul>\n<\/li>\n<\/ul>\n<p><!-- \/wp:list-item --><\/p>\n<p><!-- wp:list-item {\"style\":{\"typography\":{\"fontSize\":\"17px\"}}} --><\/p>\n<ul>\n<li style=\"list-style-type: none;\">\n<ul>\n<li style=\"font-size: 17px;\"><strong>Administratiu\/va comercial<\/strong>: Suport administratiu en processos comercials, com la gesti\u00f3 de comandes i clients.<\/li>\n<\/ul>\n<\/li>\n<\/ul>\n<p><!-- \/wp:list-item --><\/p>\n<p><!-- wp:list-item {\"style\":{\"typography\":{\"fontSize\":\"17px\"}}} --><\/p>\n<ul>\n<li style=\"list-style-type: none;\">\n<ul>\n<li style=\"font-size: 17px;\"><strong>Administratiu\/va financer<\/strong>: Gesti\u00f3 de documents i processos relacionats amb finances i pressupostos.<\/li>\n<\/ul>\n<\/li>\n<\/ul>\n<p><!-- \/wp:list-item --><\/p>\n<p><!-- wp:list-item {\"style\":{\"typography\":{\"fontSize\":\"17px\"}}} --><\/p>\n<ul>\n<li style=\"list-style-type: none;\">\n<ul>\n<li style=\"font-size: 17px;\"><strong>Administratiu\/va comptable<\/strong>: Gesti\u00f3 de la comptabilitat i el registre d\u2019operacions econ\u00f2miques de l\u2019empresa.<\/li>\n<\/ul>\n<\/li>\n<\/ul>\n<p><!-- \/wp:list-item --><\/p>\n<p><!-- wp:list-item {\"style\":{\"typography\":{\"fontSize\":\"17px\"}}} --><\/p>\n<ul>\n<li style=\"list-style-type: none;\">\n<ul>\n<li style=\"font-size: 17px;\"><strong>Administratiu\/va de log\u00edstica<\/strong>: Coordinaci\u00f3 i gesti\u00f3 administrativa de processos log\u00edstics i de subministrament.<\/li>\n<\/ul>\n<\/li>\n<\/ul>\n<p><!-- \/wp:list-item --><\/p>\n<p><!-- wp:list-item {\"style\":{\"typography\":{\"fontSize\":\"17px\"}}} --><\/p>\n<ul>\n<li style=\"list-style-type: none;\">\n<ul>\n<li style=\"font-size: 17px;\"><strong>Administratiu\/va de banca i assegurances<\/strong>: Suport administratiu en operacions banc\u00e0ries o de gesti\u00f3 d\u2019assegurances.<\/li>\n<\/ul>\n<\/li>\n<\/ul>\n<p><!-- \/wp:list-item --><\/p>\n<p><!-- wp:list-item {\"style\":{\"typography\":{\"fontSize\":\"17px\"}}} --><\/p>\n<ul>\n<li style=\"list-style-type: none;\">\n<ul>\n<li style=\"font-size: 17px;\"><strong>Administratiu\/va de recursos humans<\/strong>: Gesti\u00f3 de n\u00f2mines, contractes i altres processos del departament de personal.<\/li>\n<\/ul>\n<\/li>\n<\/ul>\n<p><!-- \/wp:list-item --><\/p>\n<p><!-- wp:list-item {\"style\":{\"typography\":{\"fontSize\":\"17px\"}}} --><\/p>\n<ul>\n<li style=\"list-style-type: none;\">\n<ul>\n<li style=\"font-size: 17px;\"><strong>Administratiu\/va de l\u2019administraci\u00f3 p\u00fablica<\/strong>: Gesti\u00f3 de tr\u00e0mits i processos en institucions i organismes p\u00fablics.<\/li>\n<\/ul>\n<\/li>\n<\/ul>\n<p><!-- \/wp:list-item --><\/p>\n<p><!-- wp:list-item {\"style\":{\"typography\":{\"fontSize\":\"17px\"}}} --><\/p>\n<ul>\n<li style=\"list-style-type: none;\">\n<ul>\n<li style=\"font-size: 17px;\"><strong>Administratiu\/va en assessories i gestories<\/strong>: Suport en la gesti\u00f3 jur\u00eddica, comptable, fiscal o laboral per a empreses i particulars.<\/li>\n<\/ul>\n<\/li>\n<\/ul>\n<p><!-- \/wp:list-item --><\/p>\n<p><!-- wp:list-item {\"style\":{\"typography\":{\"fontSize\":\"17px\"}}} --><\/p>\n<ul>\n<li style=\"list-style-type: none;\">\n<ul>\n<li style=\"font-size: 17px;\"><strong>T\u00e8cnic\/a en gesti\u00f3 de cobraments<\/strong>: Supervisi\u00f3 i gesti\u00f3 de processos relacionats amb el cobrament de deutes i factures.<\/li>\n<\/ul>\n<\/li>\n<\/ul>\n<p><!-- \/wp:list-item --><\/p>\n<p><!-- wp:list-item {\"style\":{\"typography\":{\"fontSize\":\"17px\"}}} --><\/p>\n<ul>\n<li style=\"list-style-type: none;\">\n<ul>\n<li style=\"font-size: 17px;\"><strong>Responsable d\u2019atenci\u00f3 al client<\/strong>: Coordinaci\u00f3 de l\u2019equip d\u2019atenci\u00f3 i resoluci\u00f3 d\u2019incid\u00e8ncies amb els clients.<\/li>\n<\/ul>\n<\/li>\n<\/ul>\n<p><!-- \/wp:list-item --><\/p>\n<p><!-- \/wp:list --><\/p>\n<p><!-- wp:paragraph {\"style\":{\"typography\":{\"fontSize\":\"17px\"}}} --><\/p>\n<p style=\"font-size: 17px;\">Aquestes ocupacions permeten als titulats desenvolupar-se en diversos sectors empresarials i institucionals.<\/p>\n<p><!-- \/wp:paragraph --><\/p>\n<p><!-- wp:paragraph {\"style\":{\"typography\":{\"fontSize\":\"17px\"}}} --><\/p>\n<p style=\"font-size: 17px;\"><strong><mark class=\"has-inline-color\" style=\"background-color: rgba(0, 0, 0, 0); color: #d3045e;\">NORMATIVA<\/mark><\/strong><\/p>\n<p><!-- \/wp:paragraph --><\/p>\n<p><!-- wp:list --><\/p>\n<ul>\n<li style=\"list-style-type: none;\">\n<ul><!-- wp:list-item {\"style\":{\"typography\":{\"fontSize\":\"17px\"}}} -->\n<li style=\"font-size: 17px;\">Reial decret 500\/2024, de 21 de maig, pel qual es modifiquen determinats reials decrets pels quals s\u2019estableixen t\u00edtols de Formaci\u00f3 Professional de grau superior i es fixen els seus ensenyaments m\u00ednims.\u00a0<\/li>\n<\/ul>\n<\/li>\n<\/ul>\n<p><!-- \/wp:list-item --><\/p>\n<p><!-- wp:list-item {\"style\":{\"typography\":{\"fontSize\":\"17px\"}}} --><\/p>\n<ul>\n<li style=\"list-style-type: none;\">\n<ul>\n<li style=\"font-size: 17px;\">Reial decret 1584\/2011, de 4 de novembre, pel que s\u2019estableix el t\u00edtol del cicle formatiu de grau superior de t\u00e8cnic\/a superior d\u2019Administraci\u00f3 i Finances.<\/li>\n<\/ul>\n<\/li>\n<\/ul>\n<p><!-- \/wp:list-item --><\/p>\n<p><!-- \/wp:list --><\/p>\n<p><!-- wp:paragraph {\"style\":{\"typography\":{\"fontSize\":\"17px\"}}} --><\/p>\n<p style=\"font-size: 17px;\">Per m\u00e9s informaci\u00f3 a la <a href=\"https:\/\/preinscripcio.gencat.cat\/ca\/inici\">p\u00e0gina web <\/a>de la Generalitat.\u00a0<\/p>\n<p><!-- \/wp:paragraph --><\/p>\n<p><!-- wp:separator --><\/p>\n<hr class=\"wp-block-separator has-alpha-channel-opacity\" \/><!-- \/wp:separator -->\n<p><!-- wp:paragraph {\"align\":\"right\",\"style\":{\"typography\":{\"fontSize\":\"17px\"}}} --><\/p>\n<p class=\"has-text-align-right\" style=\"font-size: 17px;\">Darrera actualitzaci\u00f3: 13\/11\/2024<\/p>\n<p><!-- \/wp:paragraph --><\/p>","protected":false},"excerpt":{"rendered":"<p>Cicle formatiu de grau superior DESCRIPCI\u00d3 Els estudis d\u2019Administraci\u00f3 i Finances capaciten per organitzar i executar les operacions de gesti\u00f3 i administraci\u00f3 en els processos comercials, laborals, comptables, fiscals i financers d\u2019una empresa p\u00fablica o privada, aplicant la normativa vigent i els protocols de gesti\u00f3 de qualitat, gestionant la informaci\u00f3, assegurant la satisfacci\u00f3 del client [&hellip;]<\/p>\n","protected":false},"author":5,"featured_media":0,"parent":973,"menu_order":10,"comment_status":"closed","ping_status":"close","template":"","meta":{"site-sidebar-layout":"default","site-content-layout":"","ast-site-content-layout":"","site-content-style":"default","site-sidebar-style":"default","ast-global-header-display":"","ast-banner-title-visibility":"","ast-main-header-display":"","ast-hfb-above-header-display":"","ast-hfb-below-header-display":"","ast-hfb-mobile-header-display":"","site-post-title":"","ast-breadcrumbs-content":"","ast-featured-img":"","footer-sml-layout":"","theme-transparent-header-meta":"","adv-header-id-meta":"","stick-header-meta":"","header-above-stick-meta":"","header-main-stick-meta":"","header-below-stick-meta":"","astra-migrate-meta-layouts":"default","ast-page-background-enabled":"default","ast-page-background-meta":{"desktop":{"background-color":"var(--ast-global-color-4)","background-image":"","background-repeat":"repeat","background-position":"center center","background-size":"auto","background-attachment":"scroll","background-type":"","background-media":"","overlay-type":"","overlay-color":"","overlay-opacity":"","overlay-gradient":""},"tablet":{"background-color":"","background-image":"","background-repeat":"repeat","background-position":"center center","background-size":"auto","background-attachment":"scroll","background-type":"","background-media":"","overlay-type":"","overlay-color":"","overlay-opacity":"","overlay-gradient":""},"mobile":{"background-color":"","background-image":"","background-repeat":"repeat","background-position":"center center","background-size":"auto","background-attachment":"scroll","background-type":"","background-media":"","overlay-type":"","overlay-color":"","overlay-opacity":"","overlay-gradient":""}},"ast-content-background-meta":{"desktop":{"background-color":"var(--ast-global-color-5)","background-image":"","background-repeat":"repeat","background-position":"center center","background-size":"auto","background-attachment":"scroll","background-type":"","background-media":"","overlay-type":"","overlay-color":"","overlay-opacity":"","overlay-gradient":""},"tablet":{"background-color":"var(--ast-global-color-5)","background-image":"","background-repeat":"repeat","background-position":"center center","background-size":"auto","background-attachment":"scroll","background-type":"","background-media":"","overlay-type":"","overlay-color":"","overlay-opacity":"","overlay-gradient":""},"mobile":{"background-color":"var(--ast-global-color-5)","background-image":"","background-repeat":"repeat","background-position":"center center","background-size":"auto","background-attachment":"scroll","background-type":"","background-media":"","overlay-type":"","overlay-color":"","overlay-opacity":"","overlay-gradient":""}},"footnotes":""},"class_list":["post-952","page","type-page","status-publish","hentry"],"post_mailing_queue_ids":[],"_links":{"self":[{"href":"https:\/\/agora.xtec.cat\/ifeb\/wp-json\/wp\/v2\/pages\/952","targetHints":{"allow":["GET"]}}],"collection":[{"href":"https:\/\/agora.xtec.cat\/ifeb\/wp-json\/wp\/v2\/pages"}],"about":[{"href":"https:\/\/agora.xtec.cat\/ifeb\/wp-json\/wp\/v2\/types\/page"}],"author":[{"embeddable":true,"href":"https:\/\/agora.xtec.cat\/ifeb\/wp-json\/wp\/v2\/users\/5"}],"replies":[{"embeddable":true,"href":"https:\/\/agora.xtec.cat\/ifeb\/wp-json\/wp\/v2\/comments?post=952"}],"version-history":[{"count":6,"href":"https:\/\/agora.xtec.cat\/ifeb\/wp-json\/wp\/v2\/pages\/952\/revisions"}],"predecessor-version":[{"id":1499,"href":"https:\/\/agora.xtec.cat\/ifeb\/wp-json\/wp\/v2\/pages\/952\/revisions\/1499"}],"up":[{"embeddable":true,"href":"https:\/\/agora.xtec.cat\/ifeb\/wp-json\/wp\/v2\/pages\/973"}],"wp:attachment":[{"href":"https:\/\/agora.xtec.cat\/ifeb\/wp-json\/wp\/v2\/media?parent=952"}],"curies":[{"name":"wp","href":"https:\/\/api.w.org\/{rel}","templated":true}]}}