{"id":950,"date":"2024-11-12T09:48:03","date_gmt":"2024-11-12T08:48:03","guid":{"rendered":"https:\/\/agora.xtec.cat\/ifeb\/?page_id=950"},"modified":"2025-03-28T09:15:27","modified_gmt":"2025-03-28T08:15:27","slug":"activitats-comercials-moda","status":"publish","type":"page","link":"https:\/\/agora.xtec.cat\/ifeb\/estudis-a-lifeb\/activitats-comercials-moda\/","title":{"rendered":"Activitats comercials (moda)"},"content":{"rendered":"\n<p>Cicle formatiu de grau mitj\u00e0<\/p>\n\n\n\n<p><strong><mark style=\"background-color:rgba(0, 0, 0, 0);color:#d3045e\" class=\"has-inline-color\">DESCRIPCI\u00d3<\/mark><\/strong><\/p>\n\n\n\n<p>El Grau Mitj\u00e0 d&#8217;Activitats Comercials amb especialitzaci\u00f3 en Moda ofereix una formaci\u00f3 integral en el sector comercial amb un enfocament espec\u00edfic en l&#8217;\u00e0mbit de la moda. <strong>Aquest programa prepara els estudiants per entendre i con\u00e8ixer la distribuci\u00f3 del sector, gestionar punts de venda, desenvolupar aparadors creatius i adaptar estrat\u00e8gies de comer\u00e7 electr\u00f2nic per a marques de moda<\/strong>. Tot plegat, amb una visi\u00f3 molt pr\u00e0ctica i engrescadora que inclou l\u2019estudi de casos reals, realitzaci\u00f3 de simulacions i casos pr\u00e0ctics.<\/p>\n\n\n\n<p>A m\u00e9s de les t\u00e8cniques comercials i de m\u00e0rqueting, <strong>el pla d&#8217;estudis inclou un acurat coneixement dels materials i teixits, essencials per entendre les qualitats i caracter\u00edstiques espec\u00edfiques de cada pe\u00e7a<\/strong>. Els estudiants aprenen a assessorar clients amb professionalitat, seleccionant productes segons tend\u00e8ncies, prefer\u00e8ncies i caracter\u00edstiques t\u00e8xtils. Tamb\u00e9 tenen l\u2019oportunitat de viure l\u2019experi\u00e8ncia del m\u00f3n laboral real i, d\u2019aquesta manera, poder aplicar els coneixements adquirits. Aix\u00ed, es preparen per a una integraci\u00f3 exitosa al mercat de treball.<\/p>\n\n\n\n<p>Empreses i futurs alumnes poden confiar en la nostra formaci\u00f3 especialitzada per desenvolupar-se en un sector en constant canvi, preparant professionals amb sensibilitat per l&#8217;estil i capacitat d&#8217;innovaci\u00f3 dins del mercat de la moda.<\/p>\n\n\n\n<p><strong><mark style=\"background-color:rgba(0, 0, 0, 0);color:#d3045e\" class=\"has-inline-color\">HORARIS<\/mark><\/strong><\/p>\n\n\n\n<p>1r Curs: horari de mat\u00ed<br>2n Curs: horari de mat\u00ed<\/p>\n\n\n\n<p><strong><mark style=\"background-color:rgba(0, 0, 0, 0);color:#d3045e\" class=\"has-inline-color\">PREU<\/mark><\/strong><\/p>\n\n\n\n<p>Matr\u00edcula gratu\u00efta. S&#8217;abonar\u00e0 el cost de material i sortides.<\/p>\n\n\n<p><span style=\"color: #d3045e;\"><strong>PREINSCRIPCI\u00d3<\/strong><\/span><\/p>\n<p><!-- \/wp:paragraph --> <!-- wp:paragraph --><\/p>\n<p>Per m\u00e9s informaci\u00f3 de la inscripci\u00f3 consulteu la seg\u00fcent <a href=\"https:\/\/preinscripcio.gencat.cat\/ca\/estudis\/fp-grau-mitja\/inici\/\"> <mark class=\"has-inline-color\" style=\"background-color: rgba(0, 0, 0, 0); color: #3636b4;\">p\u00e0gina web <\/mark><\/a>de la Generalitat.\u00a0<\/p>\n\n<!-- wp:paragraph -->\n<p><strong><mark style=\"background-color:rgba(0, 0, 0, 0);color:#d3045e\" class=\"has-inline-color\">DURADA<\/mark><\/strong><\/p>\n<!-- \/wp:paragraph -->\n\n<!-- wp:paragraph -->\n<p>Aquest cicle t\u00e9 una durada de<strong> 2.000 hores distribu\u00efdes en dos cursos acad\u00e8mics<\/strong>, que inclouen tant formaci\u00f3 te\u00f2rica com estada en empreses del sector.<\/p>\n<!-- \/wp:paragraph -->\n\n<!-- wp:paragraph -->\n<p><strong><mark style=\"background-color:rgba(0, 0, 0, 0);color:#d3045e\" class=\"has-inline-color\"><strong><mark style=\"background-color:rgba(0, 0, 0, 0);color:#d3045e\" class=\"has-inline-color\"><strong><mark style=\"background-color:rgba(0, 0, 0, 0);color:#d3045e\" class=\"has-inline-color\"><strong><mark style=\"background-color:rgba(0, 0, 0, 0);color:#d3045e\" class=\"has-inline-color\">CONTINGUTS<\/mark><\/strong><\/mark><\/strong><\/mark><\/strong><\/mark><\/strong><\/p>\n<!-- \/wp:paragraph -->\n\n<!-- wp:paragraph -->\n<p>El contingut d\u2019aquest cicle es treballar\u00e0 a trav\u00e9s dels seg\u00fcent m\u00f2duls:<\/p>\n<!-- \/wp:paragraph -->\n\n<!-- wp:list -->\n<ul><!-- wp:list-item -->\n<li>M\u00e0rqueting en l\u2019activitat comercial<\/li>\n<!-- \/wp:list-item -->\n\n<!-- wp:list-item -->\n<li>Gesti\u00f3 d\u2019un petit comer\u00e7<\/li>\n<!-- \/wp:list-item -->\n\n<!-- wp:list-item -->\n<li>T\u00e8cniques de magatzem<\/li>\n<!-- \/wp:list-item -->\n\n<!-- wp:list-item -->\n<li>Gesti\u00f3 de compres<\/li>\n<!-- \/wp:list-item -->\n\n<!-- wp:list-item -->\n<li>Venda t\u00e8cnica<\/li>\n<!-- \/wp:list-item -->\n\n<!-- wp:list-item -->\n<li>Dinamitzaci\u00f3 del punt de venda<\/li>\n<!-- \/wp:list-item -->\n\n<!-- wp:list-item -->\n<li>Processos de venda<\/li>\n<!-- \/wp:list-item -->\n\n<!-- wp:list-item -->\n<li>Aplicacions inform\u00e0tiques per al comer\u00e7<\/li>\n<!-- \/wp:list-item -->\n\n<!-- wp:list-item -->\n<li>Serveis d\u2019atenci\u00f3 comercial<\/li>\n<!-- \/wp:list-item -->\n\n<!-- wp:list-item -->\n<li>Comer\u00e7 electr\u00f2nic<\/li>\n<!-- \/wp:list-item -->\n\n<!-- wp:list-item -->\n<li>Catal\u00e0 professional<\/li>\n<!-- \/wp:list-item -->\n\n<!-- wp:list-item -->\n<li>Angl\u00e8s professional<\/li>\n<!-- \/wp:list-item -->\n\n<!-- wp:list-item -->\n<li>Digitalitzaci\u00f3 aplicada als sectors productius<\/li>\n<!-- \/wp:list-item -->\n\n<!-- wp:list-item -->\n<li>Sostenibilitat aplicada al sistema productiu<\/li>\n<!-- \/wp:list-item -->\n\n<!-- wp:list-item -->\n<li>Itinerari personal per a l&#8217;ocupabilitat I<\/li>\n<!-- \/wp:list-item -->\n\n<!-- wp:list-item -->\n<li>Itinerari personal per a l&#8217;ocupabilitat II<\/li>\n<!-- \/wp:list-item -->\n\n<!-- wp:list-item -->\n<li>Projecte intermodular<\/li>\n<!-- \/wp:list-item -->\n\n<!-- wp:list-item -->\n<li>Comercialitzaci\u00f3 de Moda i Complements&nbsp;<\/li>\n<!-- \/wp:list-item -->\n\n<!-- wp:list-item -->\n<li>Mat\u00e8ries T\u00e8xtils i Pell per a la Moda<\/li>\n<!-- \/wp:list-item --><\/ul>\n<!-- \/wp:list -->\n\n<!-- wp:paragraph -->\n<p><strong><mark style=\"background-color:rgba(0, 0, 0, 0);color:#d3045e\" class=\"has-inline-color\">ACC\u00c9S<\/mark><\/strong><\/p>\n<!-- \/wp:paragraph -->\n\n<!-- wp:paragraph -->\n<p>Pots accedir als cicles de grau mitj\u00e0 si compleixes algun dels requisits seg\u00fcents:&nbsp;<\/p>\n<!-- \/wp:paragraph -->\n\n<!-- wp:list -->\n<ul><!-- wp:list-item -->\n<li>Tenir un d\u2019aquests t\u00edtols:<!-- wp:list -->\n<ul><!-- wp:list-item -->\n<li>Graduat\/ada en educaci\u00f3 secund\u00e0ria obligat\u00f2ria.&nbsp;<\/li>\n<!-- \/wp:list-item -->\n\n<!-- wp:list-item -->\n<li>T\u00e8cnic\/a b\u00e0sic\/a.&nbsp;<\/li>\n<!-- \/wp:list-item -->\n\n<!-- wp:list-item -->\n<li>T\u00e8cnic\/a.<\/li>\n<!-- \/wp:list-item -->\n\n<!-- wp:list-item -->\n<li>T\u00e8cnic\/a superior.<\/li>\n<!-- \/wp:list-item -->\n\n<!-- wp:list-item -->\n<li>T\u00e8cnic\/a auxiliar.<\/li>\n<!-- \/wp:list-item -->\n\n<!-- wp:list-item -->\n<li>Batxillerat superior (plans educatius anteriors a la Llei org\u00e0nica 2\/2006, de 3 de maig).<\/li>\n<!-- \/wp:list-item -->\n\n<!-- wp:list-item -->\n<li>Titulacions equivalents per accedir als cicles formatius de grau superior.<\/li>\n<!-- \/wp:list-item --><\/ul>\n<!-- \/wp:list --><\/li>\n<!-- \/wp:list-item --><\/ul>\n<!-- \/wp:list -->\n\n<!-- wp:list -->\n<ul><!-- wp:list-item -->\n<li>O b\u00e9, haver superat:<!-- wp:list -->\n<ul><!-- wp:list-item -->\n<li>Una oferta formativa de certificat professional inclosa en el cicle.&nbsp;<\/li>\n<!-- \/wp:list-item -->\n\n<!-- wp:list-item -->\n<li>Un curs de formaci\u00f3 preparatori per a l&#8217;acc\u00e9s als cicles de grau mitj\u00e0.<\/li>\n<!-- \/wp:list-item -->\n\n<!-- wp:list-item -->\n<li>Una prova d&#8217;acc\u00e9s.&nbsp;<\/li>\n<!-- \/wp:list-item -->\n\n<!-- wp:list-item -->\n<li>El segon curs del primer cicle experimental de reforma dels ensenyaments mitjans.&nbsp;<\/li>\n<!-- \/wp:list-item -->\n\n<!-- wp:list-item -->\n<li>El tercer curs del Pla 1963 o segon de comuns experimental dels ensenyaments d&#8217;arts aplicades i oficis art\u00edstics.&nbsp;<\/li>\n<!-- \/wp:list-item -->\n\n<!-- wp:list-item -->\n<li>El segon curs de BUP, amb un m\u00e0xim de dues mat\u00e8ries suspeses.&nbsp;<\/li>\n<!-- \/wp:list-item -->\n\n<!-- wp:list-item -->\n<li>Haver superat la prova d&#8217;acc\u00e9s a la universitat per a m\u00e9s grans de 25 o de 45 anys, o haver accedit a la universitat per tenir 40 anys o m\u00e9s i acreditar experi\u00e8ncia laboral o professional.&nbsp;<\/li>\n<!-- \/wp:list-item -->\n\n<!-- wp:list-item -->\n<li>Altres estudis o cursos de formaci\u00f3 equivalents acad\u00e8micament.<\/li>\n<!-- \/wp:list-item --><\/ul>\n<!-- \/wp:list --><\/li>\n<!-- \/wp:list-item --><\/ul>\n<!-- \/wp:list -->\n\n<!-- wp:paragraph -->\n<p><strong><mark style=\"background-color:rgba(0, 0, 0, 0);color:#d3045e\" class=\"has-inline-color\">TR\u00c0MIT<\/mark><\/strong><\/p>\n<!-- \/wp:paragraph -->\n\n<!-- wp:paragraph -->\n<p>Per cursar el cicle cal formalitzar una sol\u00b7licitud d&#8217;admissi\u00f3 i presentar-la al centre i per a l&#8217;ensenyament demanat en primer lloc.&nbsp;<\/p>\n<!-- \/wp:paragraph -->\n\n<!-- wp:paragraph -->\n<p>Trobareu m\u00e9s informaci\u00f3 al web <a href=\"http:\/\/preinscripcio.gencat.cat\">preinscripcio.gencat.cat<\/a>.<\/p>\n<!-- \/wp:paragraph -->\n\n<!-- wp:paragraph -->\n<p><strong><mark style=\"background-color:rgba(0, 0, 0, 0);color:#d3045e\" class=\"has-inline-color\">CONTINU\u00cfTAT<\/mark><\/strong><\/p>\n<!-- \/wp:paragraph -->\n\n<!-- wp:paragraph -->\n<p><strong> Sortides acad\u00e8miques i professionals<\/strong><\/p>\n<!-- \/wp:paragraph -->\n\n<!-- wp:paragraph -->\n<p>L&#8217;alumnat que superi el cicle formatiu obt\u00e9 el t\u00edtol de t\u00e8cnic o t\u00e8cnica en activitats comercials especialitat en moda, que els permet accedir:<\/p>\n<!-- \/wp:paragraph -->\n\n<!-- wp:list -->\n<ul><!-- wp:list-item -->\n<li>al batxillerat,<\/li>\n<!-- \/wp:list-item -->\n\n<!-- wp:list-item -->\n<li>a un cicle de grau superior de formaci\u00f3 professional,<\/li>\n<!-- \/wp:list-item -->\n\n<!-- wp:list-item -->\n<li>al m\u00f3n laboral. Les principals ocupacions i llocs de treball que es poden ocupar s\u00f3n:<!-- wp:list -->\n<ul><!-- wp:list-item -->\n<li>venedor o venedora,&nbsp;<\/li>\n<!-- \/wp:list-item -->\n\n<!-- wp:list-item -->\n<li>venedor o venedora de roba,<\/li>\n<!-- \/wp:list-item -->\n\n<!-- wp:list-item -->\n<li>venedor o venedora de sabates,<\/li>\n<!-- \/wp:list-item -->\n\n<!-- wp:list-item -->\n<li>venedor o venedora de complements,&nbsp;<\/li>\n<!-- \/wp:list-item -->\n\n<!-- wp:list-item -->\n<li>venedor t\u00e8cnic o venedora t\u00e8cnica,&nbsp;<\/li>\n<!-- \/wp:list-item -->\n\n<!-- wp:list-item -->\n<li>representant comercial,&nbsp;<\/li>\n<!-- \/wp:list-item -->\n\n<!-- wp:list-item -->\n<li>orientador o orientadora comercial,&nbsp;<\/li>\n<!-- \/wp:list-item -->\n\n<!-- wp:list-item -->\n<li>promotor o promotora,&nbsp;<\/li>\n<!-- \/wp:list-item -->\n\n<!-- wp:list-item -->\n<li>televenedor o televenedora,&nbsp;<\/li>\n<!-- \/wp:list-item -->\n\n<!-- wp:list-item -->\n<li>agent en la venda a dist\u00e0ncia, teleoperador o teleoperadora (centre d\u2019operaci\u00f3 telef\u00f2nica),&nbsp;<\/li>\n<!-- \/wp:list-item -->\n\n<!-- wp:list-item -->\n<li>agent d\u2019informaci\u00f3 i atenci\u00f3 al client,&nbsp;<\/li>\n<!-- \/wp:list-item -->\n\n<!-- wp:list-item -->\n<li>caixer o caixera o reposador o reposadora,&nbsp;<\/li>\n<!-- \/wp:list-item -->\n\n<!-- wp:list-item -->\n<li>operador o operadora de centre d\u2019atenci\u00f3 multicanal,<\/li>\n<!-- \/wp:list-item -->\n\n<!-- wp:list-item -->\n<li>administrador o administradora de continguts en l\u00ednia,<\/li>\n<!-- \/wp:list-item -->\n\n<!-- wp:list-item -->\n<li>comerciant de botiga,&nbsp;<\/li>\n<!-- \/wp:list-item -->\n\n<!-- wp:list-item -->\n<li>gerent de petit comer\u00e7,<\/li>\n<!-- \/wp:list-item -->\n\n<!-- wp:list-item -->\n<li>t\u00e8cnic o t\u00e8cnica en gesti\u00f3 d&#8217;estocs i magatzem,&nbsp;<\/li>\n<!-- \/wp:list-item -->\n\n<!-- wp:list-item -->\n<li>cap de magatzem,<\/li>\n<!-- \/wp:list-item -->\n\n<!-- wp:list-item -->\n<li>responsable de recepci\u00f3 de mercaderies,<\/li>\n<!-- \/wp:list-item -->\n\n<!-- wp:list-item -->\n<li>responsable d&#8217;expedici\u00f3 de mercaderies,<\/li>\n<!-- \/wp:list-item -->\n\n<!-- wp:list-item -->\n<li>t\u00e8cnic o t\u00e8cnica en log\u00edstica de magatzems,&nbsp;<\/li>\n<!-- \/wp:list-item -->\n\n<!-- wp:list-item -->\n<li>t\u00e8cnic o t\u00e8cnica d&#8217;informaci\u00f3 i atenci\u00f3 al client en empreses.<\/li>\n<!-- \/wp:list-item --><\/ul>\n<!-- \/wp:list --><\/li>\n<!-- \/wp:list-item --><\/ul>\n<!-- \/wp:list -->\n\n<!-- wp:paragraph -->\n<p><strong><strong><mark style=\"background-color:rgba(0, 0, 0, 0);color:#d3045e\" class=\"has-inline-color\">NORMATIVA<\/mark><\/strong><\/strong><\/p>\n<!-- \/wp:paragraph -->\n\n<!-- wp:paragraph -->\n<p>Reial decret 499\/2024, de 21 de maig, pel qual es modifiquen determinats reials decrets pels quals s&#8217;estableixen t\u00edtols de formaci\u00f3 professional de grau mitj\u00e0 i es fixen els seus ensenyaments m\u00ednims (BOE n\u00fam. 129, de 28.5.2024)&nbsp;<\/p>\n<!-- \/wp:paragraph -->\n\n<!-- wp:paragraph -->\n<p>Reial Decret 1688\/2011, de 18 de novembre, pel qual s&#8217;estableix el t\u00edtol de t\u00e8cnic en Activitats Comercials i se&#8217;n fixen els ensenyaments m\u00ednims (BOE n\u00fam. 311, de 27.12.2011)<\/p>\n<!-- \/wp:paragraph -->","protected":false},"excerpt":{"rendered":"<p>Cicle formatiu de grau mitj\u00e0 DESCRIPCI\u00d3 El Grau Mitj\u00e0 d&#8217;Activitats Comercials amb especialitzaci\u00f3 en Moda ofereix una formaci\u00f3 integral en el sector comercial amb un enfocament espec\u00edfic en l&#8217;\u00e0mbit de la moda. Aquest programa prepara els estudiants per entendre i con\u00e8ixer la distribuci\u00f3 del sector, gestionar punts de venda, desenvolupar aparadors creatius i adaptar estrat\u00e8gies [&hellip;]<\/p>\n","protected":false},"author":5,"featured_media":0,"parent":973,"menu_order":20,"comment_status":"closed","ping_status":"close","template":"","meta":{"site-sidebar-layout":"default","site-content-layout":"","ast-site-content-layout":"","site-content-style":"default","site-sidebar-style":"default","ast-global-header-display":"","ast-banner-title-visibility":"","ast-main-header-display":"","ast-hfb-above-header-display":"","ast-hfb-below-header-display":"","ast-hfb-mobile-header-display":"","site-post-title":"","ast-breadcrumbs-content":"","ast-featured-img":"","footer-sml-layout":"","theme-transparent-header-meta":"","adv-header-id-meta":"","stick-header-meta":"","header-above-stick-meta":"","header-main-stick-meta":"","header-below-stick-meta":"","astra-migrate-meta-layouts":"default","ast-page-background-enabled":"default","ast-page-background-meta":{"desktop":{"background-color":"var(--ast-global-color-4)","background-image":"","background-repeat":"repeat","background-position":"center center","background-size":"auto","background-attachment":"scroll","background-type":"","background-media":"","overlay-type":"","overlay-color":"","overlay-opacity":"","overlay-gradient":""},"tablet":{"background-color":"","background-image":"","background-repeat":"repeat","background-position":"center center","background-size":"auto","background-attachment":"scroll","background-type":"","background-media":"","overlay-type":"","overlay-color":"","overlay-opacity":"","overlay-gradient":""},"mobile":{"background-color":"","background-image":"","background-repeat":"repeat","background-position":"center center","background-size":"auto","background-attachment":"scroll","background-type":"","background-media":"","overlay-type":"","overlay-color":"","overlay-opacity":"","overlay-gradient":""}},"ast-content-background-meta":{"desktop":{"background-color":"var(--ast-global-color-5)","background-image":"","background-repeat":"repeat","background-position":"center center","background-size":"auto","background-attachment":"scroll","background-type":"","background-media":"","overlay-type":"","overlay-color":"","overlay-opacity":"","overlay-gradient":""},"tablet":{"background-color":"var(--ast-global-color-5)","background-image":"","background-repeat":"repeat","background-position":"center center","background-size":"auto","background-attachment":"scroll","background-type":"","background-media":"","overlay-type":"","overlay-color":"","overlay-opacity":"","overlay-gradient":""},"mobile":{"background-color":"var(--ast-global-color-5)","background-image":"","background-repeat":"repeat","background-position":"center center","background-size":"auto","background-attachment":"scroll","background-type":"","background-media":"","overlay-type":"","overlay-color":"","overlay-opacity":"","overlay-gradient":""}},"footnotes":""},"class_list":["post-950","page","type-page","status-publish","hentry"],"post_mailing_queue_ids":[],"_links":{"self":[{"href":"https:\/\/agora.xtec.cat\/ifeb\/wp-json\/wp\/v2\/pages\/950","targetHints":{"allow":["GET"]}}],"collection":[{"href":"https:\/\/agora.xtec.cat\/ifeb\/wp-json\/wp\/v2\/pages"}],"about":[{"href":"https:\/\/agora.xtec.cat\/ifeb\/wp-json\/wp\/v2\/types\/page"}],"author":[{"embeddable":true,"href":"https:\/\/agora.xtec.cat\/ifeb\/wp-json\/wp\/v2\/users\/5"}],"replies":[{"embeddable":true,"href":"https:\/\/agora.xtec.cat\/ifeb\/wp-json\/wp\/v2\/comments?post=950"}],"version-history":[{"count":6,"href":"https:\/\/agora.xtec.cat\/ifeb\/wp-json\/wp\/v2\/pages\/950\/revisions"}],"predecessor-version":[{"id":1504,"href":"https:\/\/agora.xtec.cat\/ifeb\/wp-json\/wp\/v2\/pages\/950\/revisions\/1504"}],"up":[{"embeddable":true,"href":"https:\/\/agora.xtec.cat\/ifeb\/wp-json\/wp\/v2\/pages\/973"}],"wp:attachment":[{"href":"https:\/\/agora.xtec.cat\/ifeb\/wp-json\/wp\/v2\/media?parent=950"}],"curies":[{"name":"wp","href":"https:\/\/api.w.org\/{rel}","templated":true}]}}