{"id":9,"date":"2014-09-12T10:15:01","date_gmt":"2014-09-12T10:15:01","guid":{"rendered":"http:\/\/agora.xtec.cat\/ifeb\/?page_id=9"},"modified":"2026-04-30T10:11:26","modified_gmt":"2026-04-30T08:11:26","slug":"pagina-dinici-buida","status":"publish","type":"page","link":"https:\/\/agora.xtec.cat\/ifeb\/","title":{"rendered":""},"content":{"rendered":"\n<div class=\"wp-block-getwid-section alignfull alignfull getwid-section-content-full-width\"><div class=\"wp-block-getwid-section__wrapper getwid-padding-top-large getwid-padding-bottom-large getwid-padding-left-medium getwid-padding-right-medium\" style=\"min-height:70vh\"><div class=\"wp-block-getwid-section__inner-wrapper\"><div class=\"wp-block-getwid-section__background-holder\"><div class=\"wp-block-getwid-section__background has-background has-white-background-color\" style=\"background-image:url('https:\/\/agora.xtec.cat\/ifeb\/wp-content\/uploads\/usu3035\/2024\/06\/logo-simplificat-color.jpg')\"><div class=\"wp-block-getwid-section__background-image-wrapper\"><img decoding=\"async\" class=\"wp-block-getwid-section__background-image\" src=\"https:\/\/agora.xtec.cat\/ifeb\/wp-content\/uploads\/usu3035\/2024\/06\/logo-simplificat-color.jpg\" alt=\"\"\/><\/div><\/div><div class=\"wp-block-getwid-section__foreground\" style=\"opacity:0.6;background-color:#000000\"><\/div><\/div><div class=\"wp-block-getwid-section__content\"><div class=\"wp-block-getwid-section__inner-content\">\n\n<div class=\"wp-block-getwid-advanced-heading\" style=\"margin-bottom:0px;margin-top:0px\"><span class=\"wp-block-getwid-advanced-heading__content has-text-color\" style=\"text-align:center;color:#ffffff\"><\/span><\/div>\n\n\n<div class=\"wp-block-getwid-advanced-heading has-custom-font-size\" style=\"font-size:51px;margin-bottom:30px;margin-top:10px\"><h2 class=\"wp-block-getwid-advanced-heading__content has-text-color has-white-color\" style=\"text-align:center\">Estudis a l&#8217;IFEB<\/h2><\/div>\n\n<style>\n.program-cards { gap: 2rem; margin: 3rem auto; }\n.program-card { background: white; border-radius: 8px; padding: 2rem; box-shadow: 0 4px 12px rgba(0,0,0,0.1); transition: transform 0.3s ease; }\n.program-card:hover { transform: translateY(-5px); }\n.card-icon { font-size: 2.5rem; margin-bottom: 1rem; color: #e63946; text-align: center; } \/* Rojo vibrante *\/\n.program-list { list-style-type: none; padding-left: 0; }\n.program-list li { margin-bottom: 0.5rem; padding-left: 1.5rem; position: relative; }\n.program-list li:before { content: \"\u2192\"; position: absolute; left: 0; color: #003366; }\nh3 { color: #003366; border-bottom: 2px solid #e63946; padding-bottom: 0.5rem; display: inline-block; } \/* Azul corporativo con subrayado rojo *\/\n<\/style>\n\n<div class=\"wp-block-columns program-cards has-3-columns is-layout-flex wp-container-core-columns-is-layout-1 wp-block-columns-is-layout-flex\">\n    \n\n<div class=\"wp-block-column program-card is-layout-flow wp-block-column-is-layout-flow\">\n        <div class=\"card-icon\">\n            <i class=\"fas fa-graduation-cap\"><\/i>\n        <\/div>\n        <h3>Grau Superior<\/h3>\n        <p class=\"card-description\" style=\"font-size:18px\">Descobreix els cicles de Grau Superior de l&#8217;IFEB i impulsa el teu futur!<\/p>\n        <p>Forma&#8217;t en:<\/p>\n        <ul class=\"program-list\">\n            <li><strong><a href=\"https:\/\/agora.xtec.cat\/ifeb\/estudis\/cicles-formatius-de-grau-superior\/administracio-i-finances\/\">Administraci\u00f3 i Finances<\/a><\/strong><\/li>\n            <li><strong><a href=\"https:\/\/agora.xtec.cat\/ifeb\/estudis\/cicles-formatius-de-grau-superior\/assistencia-a-la-direccio\/\">Assist\u00e8ncia a Direcci\u00f3<\/a><\/strong><\/li>\n            <li><strong><a href=\"https:\/\/agora.xtec.cat\/ifeb\/estudis\/cicles-formatius-de-grau-superior\/gestio-de-vendes-i-espais-comercials\/\">Gesti\u00f3 de Vendes i Espais Comercials<\/a><\/strong><\/li>\n            <li><strong><a href=\"https:\/\/agora.xtec.cat\/ifeb\/estudis\/cicles-formatius-de-grau-superior\/marqueting-i-publicitat\/\">M\u00e0rqueting i Publicitat<\/a><\/strong><\/li>\n        <\/ul>\n    <\/div>\n\n    \n\n<div class=\"wp-block-column program-card is-layout-flow wp-block-column-is-layout-flow\">\n        <div class=\"card-icon\">\n            <i class=\"fas fa-user-graduate\"><\/i>\n        <\/div>\n        <h3>Grau Mitj\u00e0<\/h3>\n        <p class=\"card-description\" style=\"font-size:18px\">Endinsa&#8217;t en els cicles de Grau Mitj\u00e0 i comen\u00e7a a construir el teu cam\u00ed!<\/p>\n        <p>Forma&#8217;t en:<\/p>\n        <ul class=\"program-list\">\n            <li><strong><a href=\"https:\/\/agora.xtec.cat\/ifeb\/estudis\/cicles-formatius-de-grau-mitja\/activitats-comercials\/\">Activitats Comercials<\/a><\/strong><\/li>\n            <li><strong><a href=\"https:\/\/agora.xtec.cat\/ifeb\/estudis\/cicles-formatius-de-grau-mitja\/activitats-comercials-moda\/\">Activitats Comercials (Moda)<\/a><\/strong><\/li>\n            <li><strong><a href=\"https:\/\/agora.xtec.cat\/ifeb\/estudis\/cicles-formatius-de-grau-mitja\/gestio-administrativa\/\">Gesti\u00f3 Administrativa<\/a><\/strong><\/li>\n            <li><strong><a href=\"https:\/\/agora.xtec.cat\/ifeb\/estudis\/cicle-formatiu-de-grau-basic\/formacio-professional-basica-en-serveis-comercials\/gestio-administrativa-ambit-juridic\/\">Gesti\u00f3 Administrativa (\u00e0mbit jur\u00eddic)<\/a><\/strong><\/li>\n        <\/ul>\n    <\/div>\n\n\n<div class=\"wp-block-column program-card is-layout-flow wp-block-column-is-layout-flow\">\n        <div class=\"card-icon\">\n            <i class=\"fas fa-school\"><\/i>\n        <\/div>\n        <h3><a href=\"https:\/\/agora.xtec.cat\/ifeb\/estudis-a-lifeb\/fp-basica\/\">FP B\u00e0sic<\/a><\/h3>\n        <p class=\"card-description\" style=\"font-size:18px\">Forma&#8217;t en operacions comercials i log\u00edstiques mentre adquireixes habilitats en catal\u00e0, castell\u00e0 i angl\u00e8s b\u00e0sic. Qualitat, seguretat i sostenibilitat s\u00f3n els pilars d&#8217;un programa que et preparar\u00e0 en un sector ple d&#8217;oportunitats.<\/p>\n    <\/div>\n\n  \n<\/div>\n\n\n<hr class=\"wp-block-separator has-alpha-channel-opacity\" style=\"margin-top:var(--wp--preset--spacing--large);margin-bottom:var(--wp--preset--spacing--large)\"\/>\n\n\n<div class=\"wp-block-columns program-cards has-3-columns is-layout-flex wp-container-core-columns-is-layout-2 wp-block-columns-is-layout-flex\">\n     \n\n<div class=\"wp-block-column program-card is-layout-flow wp-block-column-is-layout-flow\">\n        <div class=\"card-icon\">\n            <i class=\"fas fa-user-tie\"><\/i>\n        <\/div>\n        <h3>Programes de Formaci\u00f3 i Inserci\u00f3 (PFI)<\/h3>\n        <p class=\"card-description\" style=\"font-size:18px\">Inicia la teva carrera amb la Formaci\u00f3 Professional B\u00e0sica en <strong><a href=\"https:\/\/agora.xtec.cat\/ifeb\/estudis\/programes-de-formacio-i-insercio\/auxiliar-de-vendes-oficina-i-atencio-al-public\/\">Auxiliar de Comer\u00e7 i Atenci\u00f3 al P\u00fablic<\/a><\/strong> a l&#8217;IFEB!<\/p>\n    <\/div>\n\n    \n\n<div class=\"wp-block-column program-card is-layout-flow wp-block-column-is-layout-flow\">\n            <div class=\"card-icon\">\n                <i class=\"fas fa-chalkboard-teacher\"><\/i>\n            <\/div>\n            <h3><a href=\"https:\/\/agora.xtec.cat\/ifeb\/estudis-a-lifeb\/redaccio-de-continguts-digitals-per-a-marqueting-i-vendes\/\">M\u00e0ster F.P.<\/a><\/h3>\n            <p class=\"card-description\" style=\"font-size:18px\">Impulsa la teva carrera amb el M\u00e0ster de F.P. en <a href=\"https:\/\/agora.xtec.cat\/ifeb\/estudis-a-lifeb\/redaccio-de-continguts-digitals-per-a-marqueting-i-vendes\/\">Redacci\u00f3 de Continguts Digitals<\/a>: Creativitat i Estrat\u00e8gia a l&#8217;\u00c8poca Digital!<\/p>\n        <\/div>\n\n    \n\n<div class=\"wp-block-column program-card is-layout-flow wp-block-column-is-layout-flow\">\n        <div class=\"card-icon\">\n            <i class=\"fas fa-award\"><\/i>\n        <\/div>\n        <h3><a href=\"https:\/\/agora.xtec.cat\/ifeb\/estudis-a-lifeb\/certificats-de-professionalitat\/\">Certificats de Professionalitat<\/a><\/h3>\n        <p class=\"card-description\" style=\"font-size:18px\">Accedeix als nostres <a href=\"https:\/\/agora.xtec.cat\/ifeb\/estudis-a-lifeb\/certificats-de-professionalitat\/\">certificats de professionalitat<\/a> i obre&#8217;t noves oportunitats laborals!<\/p>\n    <\/div>\n\n<\/div>\n\n<\/div><\/div><\/div><\/div><\/div>\n\n\n\n<p><\/p>\n\n\n\n<hr class=\"wp-block-separator has-text-color has-white-color has-alpha-channel-opacity has-white-background-color has-background\"\/>\n\n\n        <div class=\"wp-block-getwid-custom-post-type custom-post-type-post has-layout-list\">\n            <div class=\"wp-block-getwid-custom-post-type__wrapper\">\n                \t\t\t\t\t\t\t\t<div class='wp-block-getwid-custom-post-type__post'>\n\t\t\t\t\t\t\t\t\t\n<div class=\"wp-block-getwid-custom-post-type__post-wrapper\">\n        <div class=\"wp-block-getwid-custom-post-type__content-wrapper\">\n        <div class=\"wp-block-getwid-custom-post-type__post-header\">\n            <h3 class=\"wp-block-getwid-custom-post-type__post-title\"><a href=\"https:\/\/agora.xtec.cat\/ifeb\/general\/jornades-tecniques-ifeb-2026\/\">Jornades T\u00e8cniques IFEB 2026<\/a><\/h3>        <\/div>\n        <div class=\"wp-block-getwid-custom-post-type__post-excerpt \"><p>Del 23 al 27 de febrer de 2026, l\u2019Institut de Formaci\u00f3 Empresarial de Barcelona (IFEB) celebra una nova edici\u00f3 de les Jornades T\u00e8cniques, un espai de trobada entre l\u2019alumnat i professionals del sector. Aquestes jornades tenen com a objectiu apropar la realitat del m\u00f3n laboral a l\u2019aula mitjan\u00e7ant xerrades, tallers i pon\u00e8ncies impartides per experts, [&hellip;]<\/p>\n<\/div>\n    <\/div>\n<\/div>\n\t\t\t\t\t\t\t\t<\/div>\n\t\t\t\t\t\t\t\t\t\t\t\t\t\t\t<div class='wp-block-getwid-custom-post-type__post'>\n\t\t\t\t\t\t\t\t\t\n<div class=\"wp-block-getwid-custom-post-type__post-wrapper\">\n        <div class=\"wp-block-getwid-custom-post-type__content-wrapper\">\n        <div class=\"wp-block-getwid-custom-post-type__post-header\">\n            <h3 class=\"wp-block-getwid-custom-post-type__post-title\"><a href=\"https:\/\/agora.xtec.cat\/ifeb\/general\/primera-sessio-del-projecte-ifeb-mirai-lab-potenciar-la-creativitat-amb-cristina-font\/\">Primera sessi\u00f3 del projecte IFEB MIRAI LAB: potenciar la creativitat amb Cristina Font<\/a><\/h3>        <\/div>\n        <div class=\"wp-block-getwid-custom-post-type__post-excerpt \"><p>L\u2019IFEB ha donat el tret de sortida al nou projecte d\u2019emprenedoria IFEB MIRAI LAB amb una sessi\u00f3 inspiradora dedicada al pensament creatiu. Creativitat per innovar La dissenyadora gr\u00e0fica i creativa Cristina Font ha impartit una masterclass adre\u00e7ada a l\u2019alumnat de 2n d\u2019Assist\u00e8ncia a la Direcci\u00f3 i del Curs d\u2019Especialitzaci\u00f3 en Redacci\u00f3 de Continguts Digitals, centrada [&hellip;]<\/p>\n<\/div>\n    <\/div>\n<\/div>\n\t\t\t\t\t\t\t\t<\/div>\n\t\t\t\t\t\t\t\t\t\t\t\t\t\t\t<div class='wp-block-getwid-custom-post-type__post'>\n\t\t\t\t\t\t\t\t\t\n<div class=\"wp-block-getwid-custom-post-type__post-wrapper\">\n        <div class=\"wp-block-getwid-custom-post-type__content-wrapper\">\n        <div class=\"wp-block-getwid-custom-post-type__post-header\">\n            <h3 class=\"wp-block-getwid-custom-post-type__post-title\"><a href=\"https:\/\/agora.xtec.cat\/ifeb\/portada\/compromis-amb-la-qualitat-i-la-millora-continua-a-lifeb\/\">Comprom\u00eds amb la qualitat i la millora cont\u00ednua a l\u2019IFEB<\/a><\/h3>        <\/div>\n        <div class=\"wp-block-getwid-custom-post-type__post-excerpt \"><p>El setembre de 2024, l\u2019Institut de Formaci\u00f3 Empresarial de Barcelona s\u2019incorpora al &nbsp;Projecte de qualitat i millora cont\u00ednua del Departament d\u2019Educaci\u00f3, &nbsp;amb l\u2019objectiu d\u2019implementar un sistema de gesti\u00f3 per processos basat en la norma ISO 9001:2015. L&#8217;actuaci\u00f3 de l&#8217;Institut, liderada per l\u2019equip directiu, d&#8217;acord amb el projecte educatiu de centre, s\u2019enfoca en: El comprom\u00eds amb [&hellip;]<\/p>\n<\/div>\n    <\/div>\n<\/div>\n\t\t\t\t\t\t\t\t<\/div>\n\t\t\t\t\t\t\t\t\t\t\t\t\t\t\t<div class='wp-block-getwid-custom-post-type__post'>\n\t\t\t\t\t\t\t\t\t\n<div class=\"wp-block-getwid-custom-post-type__post-wrapper\">\n        <div class=\"wp-block-getwid-custom-post-type__content-wrapper\">\n        <div class=\"wp-block-getwid-custom-post-type__post-header\">\n            <h3 class=\"wp-block-getwid-custom-post-type__post-title\"><a href=\"https:\/\/agora.xtec.cat\/ifeb\/portada\/oferta-formativa-2025-2026-ja-disponible-la-preinscripcio-als-cicles-formatius-de-linstitut-de-formacio-empresarial-de-barcelona\/\">Oferta formativa 2025-2026: Ja disponible la preinscripci\u00f3 als cicles formatius de l\u2019Institut de Formaci\u00f3 Empresarial de Barcelona<\/a><\/h3>        <\/div>\n        <div class=\"wp-block-getwid-custom-post-type__post-excerpt \"><p>L\u2019Institut de Formaci\u00f3 Empresarial de Barcelona ha publicat l\u2019oferta inicial de places per als cicles de formaci\u00f3 professional de grau mitj\u00e0 i superior per al curs 2025-2026. Aquesta oferta inclou una \u00e0mplia varietat de titulacions dins dels \u00e0mbits de l\u2019administraci\u00f3, el m\u00e0rqueting, la gesti\u00f3 de vendes i les activitats comercials, tant en horari de mat\u00ed [&hellip;]<\/p>\n<\/div>\n    <\/div>\n<\/div>\n\t\t\t\t\t\t\t\t<\/div>\n\t\t\t\t\t\t\t\t\t\t\t\t\t\t\t<div class='wp-block-getwid-custom-post-type__post'>\n\t\t\t\t\t\t\t\t\t\n<div class=\"wp-block-getwid-custom-post-type__post-wrapper\">\n        <div class=\"wp-block-getwid-custom-post-type__content-wrapper\">\n        <div class=\"wp-block-getwid-custom-post-type__post-header\">\n            <h3 class=\"wp-block-getwid-custom-post-type__post-title\"><a href=\"https:\/\/agora.xtec.cat\/ifeb\/general\/nova-oferta-formativa-2025-2026-a-linstitut-de-formacio-empresarial-de-barcelona\/\">Nova oferta formativa 2025-2026 a l\u2019Institut de Formaci\u00f3 Empresarial de Barcelona<\/a><\/h3>        <\/div>\n        <div class=\"wp-block-getwid-custom-post-type__post-excerpt \"><p>Ja est\u00e0 publicada l\u2019oferta inicial de places per al curs 2025-2026 del Programa de Formaci\u00f3 i Inserci\u00f3 (PFI). L\u2019Institut de Formaci\u00f3 Empresarial de Barcelona ofereix el PFI Auxiliar de comer\u00e7 i atenci\u00f3 al p\u00fablic en horari di\u00fcrn (mat\u00ed i tarda), amb un total de 17 places, de les quals 1 est\u00e0 reservada per a alumnes [&hellip;]<\/p>\n<\/div>\n    <\/div>\n<\/div>\n\t\t\t\t\t\t\t\t<\/div>\n\t\t\t\t\t\t\t            <\/div>\n\n                    <\/div>\n        ","protected":false},"excerpt":{"rendered":"","protected":false},"author":1,"featured_media":0,"parent":7,"menu_order":0,"comment_status":"closed","ping_status":"closed","template":"","meta":{"site-sidebar-layout":"default","site-content-layout":"","ast-site-content-layout":"full-width-container","site-content-style":"unboxed","site-sidebar-style":"default","ast-global-header-display":"","ast-banner-title-visibility":"","ast-main-header-display":"","ast-hfb-above-header-display":"","ast-hfb-below-header-display":"","ast-hfb-mobile-header-display":"","site-post-title":"disabled","ast-breadcrumbs-content":"","ast-featured-img":"","footer-sml-layout":"","theme-transparent-header-meta":"","adv-header-id-meta":"","stick-header-meta":"","header-above-stick-meta":"","header-main-stick-meta":"","header-below-stick-meta":"","astra-migrate-meta-layouts":"set","ast-page-background-enabled":"default","ast-page-background-meta":{"desktop":{"background-color":"var(--ast-global-color-4)","background-image":"","background-repeat":"repeat","background-position":"center center","background-size":"auto","background-attachment":"scroll","background-type":"","background-media":"","overlay-type":"","overlay-color":"","overlay-opacity":"","overlay-gradient":""},"tablet":{"background-color":"","background-image":"","background-repeat":"repeat","background-position":"center center","background-size":"auto","background-attachment":"scroll","background-type":"","background-media":"","overlay-type":"","overlay-color":"","overlay-opacity":"","overlay-gradient":""},"mobile":{"background-color":"","background-image":"","background-repeat":"repeat","background-position":"center center","background-size":"auto","background-attachment":"scroll","background-type":"","background-media":"","overlay-type":"","overlay-color":"","overlay-opacity":"","overlay-gradient":""}},"ast-content-background-meta":{"desktop":{"background-color":"var(--ast-global-color-5)","background-image":"","background-repeat":"repeat","background-position":"center center","background-size":"auto","background-attachment":"scroll","background-type":"","background-media":"","overlay-type":"","overlay-color":"","overlay-opacity":"","overlay-gradient":""},"tablet":{"background-color":"var(--ast-global-color-5)","background-image":"","background-repeat":"repeat","background-position":"center center","background-size":"auto","background-attachment":"scroll","background-type":"","background-media":"","overlay-type":"","overlay-color":"","overlay-opacity":"","overlay-gradient":""},"mobile":{"background-color":"var(--ast-global-color-5)","background-image":"","background-repeat":"repeat","background-position":"center center","background-size":"auto","background-attachment":"scroll","background-type":"","background-media":"","overlay-type":"","overlay-color":"","overlay-opacity":"","overlay-gradient":""}},"footnotes":""},"class_list":["post-9","page","type-page","status-publish","hentry"],"post_mailing_queue_ids":[],"_links":{"self":[{"href":"https:\/\/agora.xtec.cat\/ifeb\/wp-json\/wp\/v2\/pages\/9","targetHints":{"allow":["GET"]}}],"collection":[{"href":"https:\/\/agora.xtec.cat\/ifeb\/wp-json\/wp\/v2\/pages"}],"about":[{"href":"https:\/\/agora.xtec.cat\/ifeb\/wp-json\/wp\/v2\/types\/page"}],"author":[{"embeddable":true,"href":"https:\/\/agora.xtec.cat\/ifeb\/wp-json\/wp\/v2\/users\/1"}],"replies":[{"embeddable":true,"href":"https:\/\/agora.xtec.cat\/ifeb\/wp-json\/wp\/v2\/comments?post=9"}],"version-history":[{"count":5,"href":"https:\/\/agora.xtec.cat\/ifeb\/wp-json\/wp\/v2\/pages\/9\/revisions"}],"predecessor-version":[{"id":2331,"href":"https:\/\/agora.xtec.cat\/ifeb\/wp-json\/wp\/v2\/pages\/9\/revisions\/2331"}],"up":[{"embeddable":true,"href":"https:\/\/agora.xtec.cat\/ifeb\/wp-json\/wp\/v2\/pages\/7"}],"wp:attachment":[{"href":"https:\/\/agora.xtec.cat\/ifeb\/wp-json\/wp\/v2\/media?parent=9"}],"curies":[{"name":"wp","href":"https:\/\/api.w.org\/{rel}","templated":true}]}}