{"id":1782,"date":"2025-06-14T17:30:24","date_gmt":"2025-06-14T15:30:24","guid":{"rendered":"https:\/\/agora.xtec.cat\/ifeb\/?page_id=1782"},"modified":"2025-09-30T17:39:50","modified_gmt":"2025-09-30T15:39:50","slug":"preinscripcio-del-curs-despecialitzacio-master-fp-de-redaccio-de-continguts-digitals","status":"publish","type":"page","link":"https:\/\/agora.xtec.cat\/ifeb\/preinscripcio-del-curs-despecialitzacio-master-fp-de-redaccio-de-continguts-digitals\/","title":{"rendered":"Preinscripci\u00f3 del Curs d&#8217;especialitzaci\u00f3 (M\u00e0ster FP) de Redacci\u00f3 de continguts digitals"},"content":{"rendered":"\n<h2 class=\"wp-block-heading has-text-align-center\"><mark><b>OBERT<\/b>A MATR\u00cdCULA <strong> EXTRAORDIN\u00c0RIA<\/strong><\/mark><\/h2>\n\n\n\n<div class=\"wp-block-getwid-advanced-heading\"><span class=\"wp-block-getwid-advanced-heading__content\" style=\"text-align:center\"> <strong>Fins el 15 d&#8217;octubre de 2025<\/strong><\/span><\/div>\n\n\n\n<p><strong><mark style=\"background-color:rgba(0, 0, 0, 0)\" class=\"has-inline-color has-ast-global-color-0-color\">Informaci\u00f3 general<\/mark><\/strong><\/p>\n\n\n\n<ul class=\"wp-block-list\">\n<li><strong>Nombre de places: <\/strong>20<\/li>\n\n\n\n<li><strong>Horaris i calendari del curs:<\/strong> dilluns a dijous de 18:30 a 21:30, de setembre a maig. 410h en total.<\/li>\n\n\n\n<li><strong>Preu total del curs amb materials inclosos: <\/strong>395\u20ac<\/li>\n\n\n\n<li><strong>Titulaci\u00f3 final:<\/strong>  M\u00e0ster de FP  en Redacci\u00f3 de Continguts Digitals per a M\u00e0rqueting i Vendes.<\/li>\n\n\n\n<li>Per<strong> informaci\u00f3 de continguts i vies d&#8217;acc\u00e9s <\/strong>podeu consultar la<strong> <a href=\"https:\/\/agora.xtec.cat\/ifeb\/estudis-a-lifeb\/redaccio-de-continguts-digitals-per-a-marqueting-i-vendes\/\">p\u00e0gina web del curs<\/a>.<\/strong><\/li>\n<\/ul>\n\n\n\n<p><strong><mark style=\"background-color:rgba(0, 0, 0, 0)\" class=\"has-inline-color has-ast-global-color-0-color\">Com funciona la preinscripci\u00f3 del Curs d&#8217;especialitzaci\u00f3<\/mark><\/strong>?<\/p>\n\n\n\n<p>Cal demanar l&#8217;acc\u00e9s a trav\u00e9s del correu ifeb.comunicacio@gmail.com <\/p>\n\n\n\n<p><\/p>\n\n\n\n<p><strong><mark style=\"background-color:rgba(0, 0, 0, 0)\" class=\"has-inline-color has-ast-global-color-0-color\">Quina documentaci\u00f3 necessitar\u00e9?<\/mark><\/strong><\/p>\n\n\n\n<p>(1) DNI, NIE, passaport o <strong>document d&#8217;identitat<\/strong> d&#8217;un pa\u00eds membre de la Uni\u00f3 Europea.<\/p>\n\n\n\n<p>(2) Cal presentar el&nbsp;<strong>certificat de la qualificaci\u00f3 mitjana del cicle de formaci\u00f3 professional que permet l&#8217;acc\u00e9s<\/strong>.<\/p>\n\n\n\n<p><strong><mark style=\"background-color:rgba(0, 0, 0, 0)\" class=\"has-inline-color has-ast-global-color-0-color\">Quin \u00e9s el calendari ordinari?<\/mark><\/strong><\/p>\n\n\n\n<div class=\"wp-block-group is-layout-constrained wp-block-group-is-layout-constrained\">\n<div class=\"wp-block-group is-layout-constrained wp-block-group-is-layout-constrained\">\n<ul class=\"wp-block-list\">\n<li>Preinscripci\u00f3 i matriculaci\u00f3 extraordin\u00e0ria: Fins el 15 d&#8217;octubre<\/li>\n\n\n\n<li><strong>Preinscripci\u00f3 ordin\u00e0ria: <\/strong>Del<strong> 25 de juny al 4 de juliol. <\/strong> Presentaci\u00f3 de sol\u00b7licituds.<\/li>\n\n\n\n<li><strong>Publicaci\u00f3 de la llista de sol\u00b7licituds de preinscripci\u00f3 al centre amb la puntuaci\u00f3 provisional:<\/strong>&nbsp;5 juliol a partir de les 13h.<\/li>\n\n\n\n<li><strong>Sorteig per obtenir el n\u00famero de desempat<\/strong>: 5 de juliol a les 10h a secretaria de l&#8217;IFEB.<\/li>\n\n\n\n<li><strong>Termini per presentar reclamacions<\/strong>: del 6-12 juliol, de forma presencial, en horari de secretaria de l&#8217;IFEB.<\/li>\n\n\n\n<li><strong>Publicaci\u00f3 de la llista de sol\u00b7licituds amb la puntuaci\u00f3 i llista d&#8217;admesos definitius:<\/strong> 13 juliol a partir de les 13h.<\/li>\n\n\n\n<li><strong>Per\u00edode de matr\u00edcula i pagament: <\/strong>del 13 al 20 de juliol (s&#8217;enviar\u00e0 un correu electr\u00f2nic amb la informaci\u00f3 a l&#8217;alumnat adm\u00e8s).<\/li>\n<\/ul>\n<\/div>\n<\/div>\n\n\n\n<p><\/p>\n\n\n\n<p><\/p>\n\n\n\n<p><strong><mark style=\"background-color:rgba(0, 0, 0, 0)\" class=\"has-inline-color has-ast-global-color-0-color\">Normativa aplicable<\/mark><\/strong><\/p>\n\n\n\n<ul class=\"wp-block-list\">\n<li>Real Decreto 144\/2024, de 6 de febrero, por el que se establece el Curso de especializaci\u00f3n de Formaci\u00f3n Profesional de Grado Superior en Redacci\u00f3n de contenidos digitales para marketing y ventas y se fijan los aspectos b\u00e1sicos del curr\u00edculo. <a href=\"https:\/\/www.boe.es\/diario_boe\/txt.php?id=BOE-A-2024-3538\">https:\/\/www.boe.es\/diario_boe\/txt.php?id=BOE-A-2024-3538<\/a><\/li>\n\n\n\n<li><a href=\"http:\/\/dogc.gencat.cat\/ca\/pdogc_canals_interns\/pdogc_resultats_fitxa\/?action=fitxa&amp;documentId=1009132\" target=\"_blank\" rel=\"noreferrer noopener\">Resoluci\u00f3 EDF\/889\/2025, de 12 de mar\u00e7, per la qual es determinen el calendari i les condicions de la preinscripci\u00f3 i matr\u00edcula, per al curs 2025-2026, al curs de formaci\u00f3 preparatori per a l&#8217;acc\u00e9s a cicles formatius de grau mitj\u00e0, al curs de formaci\u00f3 preparatori per a l&#8217;acc\u00e9s a cicles formatius de grau superior, als itineraris formatius espec\u00edfics, als cicles formatius de formaci\u00f3 professional de grau b\u00e0sic, als cicles formatius de formaci\u00f3 professional de grau mitj\u00e0, als cicles formatius de formaci\u00f3 professional de grau superior, als cursos d&#8217;especialitzaci\u00f3 de formaci\u00f3 professional, als cicles formatius d&#8217;arts pl\u00e0stiques i disseny de grau mitj\u00e0 i de grau superior, als ensenyaments esportius, als programes de formaci\u00f3 i inserci\u00f3, als ensenyaments d&#8217;arts esc\u00e8niques i als ensenyaments impartits en centres i aules de formaci\u00f3 d&#8217;adults<\/a>. (DOGC&nbsp; n\u00fam.&nbsp; 9372 &nbsp;publicat el&nbsp;17\/03\/2025)&nbsp;<\/li>\n\n\n\n<li><a href=\"http:\/\/dogc.gencat.cat\/ca\/pdogc_canals_interns\/pdogc_resultats_fitxa\/?action=fitxa&amp;documentId=893678\" target=\"_blank\" rel=\"noreferrer noopener\">DECRET 11\/2021, de 16 de febrer, de la programaci\u00f3 de l&#8217;oferta educativa i del procediment d&#8217;admissi\u00f3 en els centres del Servei d&#8217;Educaci\u00f3 de Catalunya.<\/a>. (DOGC&nbsp; n\u00fam.&nbsp; 8344 &nbsp;publicat el&nbsp;18\/02\/2021)&nbsp;<\/li>\n<\/ul>\n\n\n\n<p><\/p>\n","protected":false},"excerpt":{"rendered":"<p>OBERTA MATR\u00cdCULA EXTRAORDIN\u00c0RIA Informaci\u00f3 general Com funciona la preinscripci\u00f3 del Curs d&#8217;especialitzaci\u00f3? Cal demanar l&#8217;acc\u00e9s a trav\u00e9s del correu ifeb.comunicacio@gmail.com Quina documentaci\u00f3 necessitar\u00e9? (1) DNI, NIE, passaport o document d&#8217;identitat d&#8217;un pa\u00eds membre de la Uni\u00f3 Europea. (2) Cal presentar el&nbsp;certificat de la qualificaci\u00f3 mitjana del cicle de formaci\u00f3 professional que permet l&#8217;acc\u00e9s. Quin \u00e9s [&hellip;]<\/p>\n","protected":false},"author":3,"featured_media":0,"parent":0,"menu_order":0,"comment_status":"closed","ping_status":"close","template":"","meta":{"site-sidebar-layout":"default","site-content-layout":"","ast-site-content-layout":"default","site-content-style":"default","site-sidebar-style":"default","ast-global-header-display":"","ast-banner-title-visibility":"","ast-main-header-display":"","ast-hfb-above-header-display":"","ast-hfb-below-header-display":"","ast-hfb-mobile-header-display":"","site-post-title":"","ast-breadcrumbs-content":"","ast-featured-img":"","footer-sml-layout":"","theme-transparent-header-meta":"","adv-header-id-meta":"","stick-header-meta":"","header-above-stick-meta":"","header-main-stick-meta":"","header-below-stick-meta":"","astra-migrate-meta-layouts":"set","ast-page-background-enabled":"default","ast-page-background-meta":{"desktop":{"background-color":"var(--ast-global-color-4)","background-image":"","background-repeat":"repeat","background-position":"center center","background-size":"auto","background-attachment":"scroll","background-type":"","background-media":"","overlay-type":"","overlay-color":"","overlay-opacity":"","overlay-gradient":""},"tablet":{"background-color":"","background-image":"","background-repeat":"repeat","background-position":"center center","background-size":"auto","background-attachment":"scroll","background-type":"","background-media":"","overlay-type":"","overlay-color":"","overlay-opacity":"","overlay-gradient":""},"mobile":{"background-color":"","background-image":"","background-repeat":"repeat","background-position":"center center","background-size":"auto","background-attachment":"scroll","background-type":"","background-media":"","overlay-type":"","overlay-color":"","overlay-opacity":"","overlay-gradient":""}},"ast-content-background-meta":{"desktop":{"background-color":"var(--ast-global-color-5)","background-image":"","background-repeat":"repeat","background-position":"center center","background-size":"auto","background-attachment":"scroll","background-type":"","background-media":"","overlay-type":"","overlay-color":"","overlay-opacity":"","overlay-gradient":""},"tablet":{"background-color":"var(--ast-global-color-5)","background-image":"","background-repeat":"repeat","background-position":"center center","background-size":"auto","background-attachment":"scroll","background-type":"","background-media":"","overlay-type":"","overlay-color":"","overlay-opacity":"","overlay-gradient":""},"mobile":{"background-color":"var(--ast-global-color-5)","background-image":"","background-repeat":"repeat","background-position":"center center","background-size":"auto","background-attachment":"scroll","background-type":"","background-media":"","overlay-type":"","overlay-color":"","overlay-opacity":"","overlay-gradient":""}},"footnotes":""},"class_list":["post-1782","page","type-page","status-publish","hentry"],"post_mailing_queue_ids":[],"_links":{"self":[{"href":"https:\/\/agora.xtec.cat\/ifeb\/wp-json\/wp\/v2\/pages\/1782","targetHints":{"allow":["GET"]}}],"collection":[{"href":"https:\/\/agora.xtec.cat\/ifeb\/wp-json\/wp\/v2\/pages"}],"about":[{"href":"https:\/\/agora.xtec.cat\/ifeb\/wp-json\/wp\/v2\/types\/page"}],"author":[{"embeddable":true,"href":"https:\/\/agora.xtec.cat\/ifeb\/wp-json\/wp\/v2\/users\/3"}],"replies":[{"embeddable":true,"href":"https:\/\/agora.xtec.cat\/ifeb\/wp-json\/wp\/v2\/comments?post=1782"}],"version-history":[{"count":5,"href":"https:\/\/agora.xtec.cat\/ifeb\/wp-json\/wp\/v2\/pages\/1782\/revisions"}],"predecessor-version":[{"id":1934,"href":"https:\/\/agora.xtec.cat\/ifeb\/wp-json\/wp\/v2\/pages\/1782\/revisions\/1934"}],"wp:attachment":[{"href":"https:\/\/agora.xtec.cat\/ifeb\/wp-json\/wp\/v2\/media?parent=1782"}],"curies":[{"name":"wp","href":"https:\/\/api.w.org\/{rel}","templated":true}]}}