{"id":1353,"date":"2025-03-11T12:22:00","date_gmt":"2025-03-11T11:22:00","guid":{"rendered":"https:\/\/agora.xtec.cat\/ifeb\/?page_id=1353"},"modified":"2026-03-05T12:25:35","modified_gmt":"2026-03-05T11:25:35","slug":"fp-basica","status":"publish","type":"page","link":"https:\/\/agora.xtec.cat\/ifeb\/estudis-a-lifeb\/fp-basica\/","title":{"rendered":"Serveis comercials"},"content":{"rendered":"\n<p>Cicle formatiu de grau b\u00e0sic<\/p>\n\n\n\n<p class=\"has-text-color has-link-color wp-elements-56947641bddf47351113de3634db8200\" style=\"color:#d3045e\"><strong>DESCRIPCI\u00d3<\/strong><\/p>\n\n\n\n<p>Els cicles formatius de grau b\u00e0sic (CFGB) formen part de l\u2019educaci\u00f3 b\u00e0sica, juntament amb l\u2019educaci\u00f3 prim\u00e0ria i l\u2019educaci\u00f3 secund\u00e0ria obligat\u00f2ria.<\/p>\n\n\n\n<p>Aquests cicles formatius s\u00f3n una oportunitat per a alumnes motivats pels aprenentatges pr\u00e0ctics i que poden assolir les compet\u00e8ncies de l\u2019ESO en un entorn m\u00e9s vinculat al m\u00f3n professional.<\/p>\n\n\n\n<p>Estan dirigits a estudiants que han cursat tercer d\u2019ESO (o, en casos excepcionals, segon d\u2019ESO) i que compten amb la proposta favorable de l\u2019equip docent a trav\u00e9s del Consell Orientador.<\/p>\n\n\n\n<p>Aquests estudis capaciten per fer operacions auxiliars de comercialitzaci\u00f3, marxandatge i emmagatzematge de productes i mercaderies, aix\u00ed com operacions de tractament de dades relacionades, seguint protocols establerts, criteris comercials i d\u2019imatge, treballant amb la qualitat indicada i observant les normes de prevenci\u00f3 de riscos laborals i protecci\u00f3 mediambiental corresponents, i tamb\u00e9 per comunicar-se de manera oral i escrita en llengua catalana i castellana i a nivell b\u00e0sic en llengua anglesa.<\/p>\n\n\n\n<p><strong><mark style=\"background-color:rgba(0, 0, 0, 0);color:#d3045e\" class=\"has-inline-color\">HORARIS<\/mark><\/strong><\/p>\n\n\n\n<p>1r Curs: horari de mat\u00ed<br>2n Curs: horari de mat\u00ed<\/p>\n\n\n\n<p><strong><mark style=\"background-color:rgba(0, 0, 0, 0);color:#d3045e\" class=\"has-inline-color\">PREU<\/mark><\/strong><\/p>\n\n\n\n<p>Matr\u00edcula gratu\u00efta. S&#8217;abonar\u00e0 el cost de material i sortides.<\/p>\n\n\n<p><span style=\"color: #d3045e;\"><strong>PREINSCRIPCI\u00d3<\/strong><\/span><\/p>\n<p><!-- \/wp:paragraph --> <!-- wp:paragraph --><\/p>\n<p>Per m\u00e9s informaci\u00f3 de la inscripci\u00f3 consulteu la seg\u00fcent <a href=\"https:\/\/preinscripcio.gencat.cat\/ca\/estudis\/fp-basica\/inici\/\"> <mark class=\"has-inline-color\" style=\"background-color: rgba(0, 0, 0, 0); color: #3636b4;\">p\u00e0gina web <\/mark><\/a>de la Generalitat.\u00a0<\/p>\n<p><!-- wp:paragraph {\"style\":{\"elements\":{\"link\":{\"color\":{\"text\":\"#d3045e\"}}},\"color\":{\"text\":\"#d3045e\"}}} --><\/p>\n<p class=\"has-text-color has-link-color\" style=\"color: #d3045e;\"><strong>DURADA<\/strong><\/p>\n<p><!-- \/wp:paragraph --><\/p>\n<p><!-- wp:paragraph --><\/p>\n<p>La durada \u00e9s de 2.000 hores distribu\u00efdes en dos cursos acad\u00e8mics (1.584 en un centre educatiu i 416 (hores d&#8217;estada a l&#8217;empresa) en un centre de treball).<\/p>\n<p><!-- \/wp:paragraph --><\/p>\n<p><!-- wp:paragraph {\"style\":{\"elements\":{\"link\":{\"color\":{\"text\":\"#d3045e\"}}},\"color\":{\"text\":\"#d3045e\"}}} --><\/p>\n<p class=\"has-text-color has-link-color\" style=\"color: #d3045e;\"><strong>CONTINGUTS\u00a0<\/strong><\/p>\n<p><!-- \/wp:paragraph --><\/p>\n<p><!-- wp:list --><\/p>\n<ul>\n<li style=\"list-style-type: none;\">\n<ul><!-- wp:list-item -->\n<li>Ci\u00e8ncies aplicades I<\/li>\n<\/ul>\n<\/li>\n<\/ul>\n<p><!-- \/wp:list-item --><\/p>\n<p><!-- wp:list-item --><\/p>\n<ul>\n<li style=\"list-style-type: none;\">\n<ul>\n<li>Ci\u00e8ncies aplicades II<\/li>\n<\/ul>\n<\/li>\n<\/ul>\n<p><!-- \/wp:list-item --><\/p>\n<p><!-- wp:list-item --><\/p>\n<ul>\n<li style=\"list-style-type: none;\">\n<ul>\n<li>Comunicaci\u00f3 i ci\u00e8ncies socials I<\/li>\n<\/ul>\n<\/li>\n<\/ul>\n<p><!-- \/wp:list-item --><\/p>\n<p><!-- wp:list-item --><\/p>\n<ul>\n<li style=\"list-style-type: none;\">\n<ul>\n<li>Comunicaci\u00f3 i ci\u00e8ncies socials II<\/li>\n<\/ul>\n<\/li>\n<\/ul>\n<p><!-- \/wp:list-item --><\/p>\n<p><!-- wp:list-item --><\/p>\n<ul>\n<li style=\"list-style-type: none;\">\n<ul>\n<li>Tutoria I<\/li>\n<\/ul>\n<\/li>\n<\/ul>\n<p><!-- \/wp:list-item --><\/p>\n<p><!-- wp:list-item --><\/p>\n<ul>\n<li style=\"list-style-type: none;\">\n<ul>\n<li>Tutoria II<\/li>\n<\/ul>\n<\/li>\n<\/ul>\n<p><!-- \/wp:list-item --><\/p>\n<p><!-- wp:list-item --><\/p>\n<ul>\n<li style=\"list-style-type: none;\">\n<ul>\n<li>Itinerari personal per a l&#8217;ocupabilitat<\/li>\n<\/ul>\n<\/li>\n<\/ul>\n<p><!-- \/wp:list-item --><\/p>\n<p><!-- wp:list-item --><\/p>\n<ul>\n<li style=\"list-style-type: none;\">\n<ul>\n<li>T\u00e8cniques b\u00e0siques de marxandatge<\/li>\n<\/ul>\n<\/li>\n<\/ul>\n<p><!-- \/wp:list-item --><\/p>\n<p><!-- wp:list-item --><\/p>\n<ul>\n<li style=\"list-style-type: none;\">\n<ul>\n<li>Aplicacions b\u00e0siques d&#8217;ofim\u00e0tica<\/li>\n<\/ul>\n<\/li>\n<\/ul>\n<p><!-- \/wp:list-item --><\/p>\n<p><!-- wp:list-item --><\/p>\n<ul>\n<li style=\"list-style-type: none;\">\n<ul>\n<li>Preparaci\u00f3 de comandes i venda de productes<\/li>\n<\/ul>\n<\/li>\n<\/ul>\n<p><!-- \/wp:list-item --><\/p>\n<p><!-- wp:list-item --><\/p>\n<ul>\n<li style=\"list-style-type: none;\">\n<ul>\n<li>Atenci\u00f3 al client<\/li>\n<\/ul>\n<\/li>\n<\/ul>\n<p><!-- \/wp:list-item --><\/p>\n<p><!-- wp:list-item --><\/p>\n<ul>\n<li style=\"list-style-type: none;\">\n<ul>\n<li>Tractament inform\u00e0tic de dades<\/li>\n<\/ul>\n<\/li>\n<\/ul>\n<p><!-- \/wp:list-item --><\/p>\n<p><!-- wp:list-item --><\/p>\n<ul>\n<li style=\"list-style-type: none;\">\n<ul>\n<li>Operacions auxiliars d&#8217;emmagatzematge<\/li>\n<\/ul>\n<\/li>\n<\/ul>\n<p><!-- \/wp:list-item --><\/p>\n<p><!-- wp:list-item --><\/p>\n<ul>\n<li style=\"list-style-type: none;\">\n<ul>\n<li>Projecte intermodular d&#8217;aprenentatge col\u00b7laboratiu<\/li>\n<\/ul>\n<\/li>\n<\/ul>\n<p><!-- \/wp:list-item --><\/p>\n<p><!-- \/wp:list --><\/p>\n<p><!-- wp:paragraph {\"style\":{\"elements\":{\"link\":{\"color\":{\"text\":\"#d3045e\"}}},\"color\":{\"text\":\"#d3045e\"}}} --><\/p>\n<p class=\"has-text-color has-link-color\" style=\"color: #d3045e;\"><strong>ACC\u00c9S<\/strong><\/p>\n<p><!-- \/wp:paragraph --><\/p>\n<p><!-- wp:paragraph --><\/p>\n<p>Per al curs 2025-2026, pots accedir als cicles de grau b\u00e0sic si compleixes aquests requisits:<\/p>\n<p><!-- \/wp:paragraph --><\/p>\n<p><!-- wp:list --><\/p>\n<ul>\n<li style=\"list-style-type: none;\">\n<ul><!-- wp:list-item -->\n<li>Tenir 15 anys o b\u00e9 complir-los durant l&#8217;any en curs.<\/li>\n<\/ul>\n<\/li>\n<\/ul>\n<p><!-- \/wp:list-item --><\/p>\n<p><!-- wp:list-item --><\/p>\n<ul>\n<li style=\"list-style-type: none;\">\n<ul>\n<li>Haver cursat el tercer curs de l\u2019ESO. Excepcionalment, se\u2019t pot admetre si has fet el segon curs, sempre que comptis amb el vistiplau de l&#8217;equip docent i del responsable de l&#8217;orientaci\u00f3 al centre.<\/li>\n<\/ul>\n<\/li>\n<\/ul>\n<p><!-- \/wp:list-item --><\/p>\n<p><!-- wp:list-item --><\/p>\n<ul>\n<li style=\"list-style-type: none;\">\n<ul>\n<li>Tenir aquesta proposta d\u2019estudis en el teu consell orientador, o b\u00e9 sol\u00b7licitar-ho (tu i la teva fam\u00edlia).<\/li>\n<\/ul>\n<\/li>\n<\/ul>\n<p><!-- \/wp:list-item --><\/p>\n<p><!-- \/wp:list --><\/p>\n<p><!-- wp:paragraph {\"style\":{\"elements\":{\"link\":{\"color\":{\"text\":\"#d3045e\"}}},\"color\":{\"text\":\"#d3045e\"}}} --><\/p>\n<p class=\"has-text-color has-link-color\" style=\"color: #d3045e;\"><strong>CONTINU\u00cfTAT<\/strong><\/p>\n<p><!-- \/wp:paragraph --><\/p>\n<p><!-- wp:paragraph --><\/p>\n<p>Les persones que superen el cicle formatiu obtenen el t\u00edtol de t\u00e8cnic b\u00e0sic o t\u00e8cnica b\u00e0sica i el t\u00edtol de graduat o graduada en ESO, que els permet accedir:<\/p>\n<p><!-- \/wp:paragraph --><\/p>\n<p><!-- wp:paragraph --><\/p>\n<p>A qualsevol cicle formatiu de grau mitj\u00e0 o, al m\u00f3n laboral, com a:<\/p>\n<p><!-- \/wp:paragraph --><\/p>\n<p><!-- wp:list --><\/p>\n<ul>\n<li style=\"list-style-type: none;\">\n<ul><!-- wp:list-item -->\n<li>auxiliar de dependent o dependenta de comer\u00e7,<\/li>\n<\/ul>\n<\/li>\n<\/ul>\n<p><!-- \/wp:list-item --><\/p>\n<p><!-- wp:list-item --><\/p>\n<ul>\n<li style=\"list-style-type: none;\">\n<ul>\n<li>auxiliar d&#8217;animaci\u00f3 del punt de venda,<\/li>\n<\/ul>\n<\/li>\n<\/ul>\n<p><!-- \/wp:list-item --><\/p>\n<p><!-- wp:list-item --><\/p>\n<ul>\n<li style=\"list-style-type: none;\">\n<ul>\n<li>auxiliar de venda,<\/li>\n<\/ul>\n<\/li>\n<\/ul>\n<p><!-- \/wp:list-item --><\/p>\n<p><!-- wp:list-item --><\/p>\n<ul>\n<li style=\"list-style-type: none;\">\n<ul>\n<li>auxiliar de promoci\u00f3 de vendes,<\/li>\n<\/ul>\n<\/li>\n<\/ul>\n<p><!-- \/wp:list-item --><\/p>\n<p><!-- wp:list-item --><\/p>\n<ul>\n<li style=\"list-style-type: none;\">\n<ul>\n<li>empleat o empleada de reposici\u00f3<\/li>\n<\/ul>\n<\/li>\n<\/ul>\n<p><!-- \/wp:list-item --><\/p>\n<p><!-- wp:list-item --><\/p>\n<ul>\n<li style=\"list-style-type: none;\">\n<ul>\n<li>operador o operadora de cobrament o caixer o caixera,<\/li>\n<\/ul>\n<\/li>\n<\/ul>\n<p><!-- \/wp:list-item --><\/p>\n<p><!-- wp:list-item --><\/p>\n<ul>\n<li style=\"list-style-type: none;\">\n<ul>\n<li>operari o oper\u00e0ria de comandes,<\/li>\n<\/ul>\n<\/li>\n<\/ul>\n<p><!-- \/wp:list-item --><\/p>\n<p><!-- wp:list-item --><\/p>\n<ul>\n<li style=\"list-style-type: none;\">\n<ul>\n<li>carretoner o carretonera de recepci\u00f3 i expedici\u00f3,<\/li>\n<\/ul>\n<\/li>\n<\/ul>\n<p><!-- \/wp:list-item --><\/p>\n<p><!-- wp:list-item --><\/p>\n<ul>\n<li style=\"list-style-type: none;\">\n<ul>\n<li>comptador o comptadora de recepci\u00f3 i expedici\u00f3,<\/li>\n<\/ul>\n<\/li>\n<\/ul>\n<p><!-- \/wp:list-item --><\/p>\n<p><!-- wp:list-item --><\/p>\n<ul>\n<li style=\"list-style-type: none;\">\n<ul>\n<li>operari o oper\u00e0ria de log\u00edstica, i<\/li>\n<\/ul>\n<\/li>\n<\/ul>\n<p><!-- \/wp:list-item --><\/p>\n<p><!-- wp:list-item --><\/p>\n<ul>\n<li style=\"list-style-type: none;\">\n<ul>\n<li>auxiliar d&#8217;informaci\u00f3.<\/li>\n<\/ul>\n<\/li>\n<\/ul>\n<p><!-- \/wp:list-item --><\/p>\n<p><!-- \/wp:list --><\/p>\n<p><!-- wp:paragraph {\"style\":{\"elements\":{\"link\":{\"color\":{\"text\":\"#d3045e\"}}},\"color\":{\"text\":\"#d3045e\"}}} --><\/p>\n<p class=\"has-text-color has-link-color\" style=\"color: #d3045e;\"><strong>Sortides acad\u00e8miques i professionals<\/strong><\/p>\n<p><!-- \/wp:paragraph --><\/p>\n<p><!-- wp:paragraph --><\/p>\n<p>La superaci\u00f3 de la totalitat dels \u00e0mbits inclosos en un cicle formatiu de grau b\u00e0sic permet l&#8217;obtenci\u00f3 del t\u00edtol de graduat o graduada en educaci\u00f3 secund\u00e0ria obligat\u00f2ria i del t\u00edtol de t\u00e8cnica o t\u00e8cnic b\u00e0sic en l&#8217;especialitat corresponent, que acredita les compet\u00e8ncies professionals adquirides.<\/p>\n<p><!-- \/wp:paragraph --><\/p>\n<p><!-- wp:paragraph {\"style\":{\"color\":{\"text\":\"#d3045e\"},\"elements\":{\"link\":{\"color\":{\"text\":\"#d3045e\"}}}}} --><\/p>\n<p class=\"has-text-color has-link-color\" style=\"color: #d3045e;\"><strong>TR\u00c0MITS<\/strong><\/p>\n<p><!-- \/wp:paragraph --><\/p>\n<p><!-- wp:paragraph --><\/p>\n<p>Per accedir a un cicle de grau b\u00e0sic cal fer la preinscripci\u00f3. Nom\u00e9s es pot presentar una sol\u00b7licitud per persona. La sol\u00b7licitud es presenta al centre demanat, junt amb la documentaci\u00f3 acreditativa. No s&#8217;admeten sol\u00b7licituds fora de termini. La falsedat o frau en les dades al\u00b7legades o la presentaci\u00f3 de m\u00e9s d&#8217;una sol\u00b7licitud de preinscripci\u00f3 comporten la invalidaci\u00f3 dels drets de prioritat que puguin correspondre.<\/p>\n<p><!-- \/wp:paragraph --><\/p>\n<p><!-- wp:paragraph {\"style\":{\"elements\":{\"link\":{\"color\":{\"text\":\"#d3045e\"}}},\"color\":{\"text\":\"#d3045e\"}}} --><\/p>\n<p class=\"has-text-color has-link-color\" style=\"color: #d3045e;\"><strong>NORMATIVA<\/strong><\/p>\n<p><!-- \/wp:paragraph --><\/p>\n<p><!-- wp:list --><\/p>\n<ul>\n<li style=\"list-style-type: none;\">\n<ul><!-- wp:list-item -->\n<li>Reial decret 498\/2024, de 21 de maig, pel qual es modifiquen determinats reials decrets pels quals s&#8217;estableixen t\u00edtols de formaci\u00f3 professional de grau b\u00e0sic i se&#8217;n fixen els ensenyaments m\u00ednims (BOE n\u00fam. 129, de 28.5.2024)<\/li>\n<\/ul>\n<\/li>\n<\/ul>\n<p><!-- \/wp:list-item --><\/p>\n<p><!-- wp:list-item --><\/p>\n<ul>\n<li style=\"list-style-type: none;\">\n<ul>\n<li>Reial decret 127\/2014, de 28 de febrer, pel qual es regulen aspectes espec\u00edfics de la formaci\u00f3 professional b\u00e0sica dels ensenyaments de formaci\u00f3 professional del sistema educatiu, s&#8217;aproven catorze t\u00edtols professionals b\u00e0sics, se&#8217;n fixen els curr\u00edculums b\u00e0sics i es modifica el Reial decret 1850\/2009, de 4 de desembre, sobre expedici\u00f3 de t\u00edtols acad\u00e8mics i professionals corresponents als ensenyaments que estableix la Llei org\u00e0nica 2\/2006, de 3 de maig, d&#8217;educaci\u00f3 (BOE n\u00fam. 55, de 5.3.2014).<\/li>\n<\/ul>\n<\/li>\n<\/ul>\n<p><!-- \/wp:list-item --><\/p>\n<p><!-- \/wp:list --><\/p>\n<p><!-- wp:paragraph --><\/p>\n<p>Per m\u00e9s informaci\u00f3 a la<a href=\"https:\/\/preinscripcio.gencat.cat\/ca\/inici\"> p\u00e0gina web<\/a> de la Generalitat.<\/p>\n<p><!-- \/wp:paragraph --><\/p>\n<p><!-- wp:separator --><\/p>\n<hr class=\"wp-block-separator has-alpha-channel-opacity\" \/><!-- \/wp:separator -->\n<p><!-- wp:paragraph {\"align\":\"right\"} --><\/p>\n<p class=\"has-text-align-right\">Darrera actualitzaci\u00f3: 06\/03\/2025<\/p>\n<p><!-- \/wp:paragraph --><\/p>","protected":false},"excerpt":{"rendered":"<p>Cicle formatiu de grau b\u00e0sic DESCRIPCI\u00d3 Els cicles formatius de grau b\u00e0sic (CFGB) formen part de l\u2019educaci\u00f3 b\u00e0sica, juntament amb l\u2019educaci\u00f3 prim\u00e0ria i l\u2019educaci\u00f3 secund\u00e0ria obligat\u00f2ria. Aquests cicles formatius s\u00f3n una oportunitat per a alumnes motivats pels aprenentatges pr\u00e0ctics i que poden assolir les compet\u00e8ncies de l\u2019ESO en un entorn m\u00e9s vinculat al m\u00f3n professional. [&hellip;]<\/p>\n","protected":false},"author":6,"featured_media":0,"parent":973,"menu_order":109,"comment_status":"closed","ping_status":"close","template":"","meta":{"site-sidebar-layout":"default","site-content-layout":"","ast-site-content-layout":"default","site-content-style":"default","site-sidebar-style":"default","ast-global-header-display":"","ast-banner-title-visibility":"","ast-main-header-display":"","ast-hfb-above-header-display":"","ast-hfb-below-header-display":"","ast-hfb-mobile-header-display":"","site-post-title":"","ast-breadcrumbs-content":"","ast-featured-img":"","footer-sml-layout":"","theme-transparent-header-meta":"","adv-header-id-meta":"","stick-header-meta":"","header-above-stick-meta":"","header-main-stick-meta":"","header-below-stick-meta":"","astra-migrate-meta-layouts":"set","ast-page-background-enabled":"default","ast-page-background-meta":{"desktop":{"background-color":"var(--ast-global-color-4)","background-image":"","background-repeat":"repeat","background-position":"center center","background-size":"auto","background-attachment":"scroll","background-type":"","background-media":"","overlay-type":"","overlay-color":"","overlay-opacity":"","overlay-gradient":""},"tablet":{"background-color":"","background-image":"","background-repeat":"repeat","background-position":"center center","background-size":"auto","background-attachment":"scroll","background-type":"","background-media":"","overlay-type":"","overlay-color":"","overlay-opacity":"","overlay-gradient":""},"mobile":{"background-color":"","background-image":"","background-repeat":"repeat","background-position":"center center","background-size":"auto","background-attachment":"scroll","background-type":"","background-media":"","overlay-type":"","overlay-color":"","overlay-opacity":"","overlay-gradient":""}},"ast-content-background-meta":{"desktop":{"background-color":"var(--ast-global-color-5)","background-image":"","background-repeat":"repeat","background-position":"center center","background-size":"auto","background-attachment":"scroll","background-type":"","background-media":"","overlay-type":"","overlay-color":"","overlay-opacity":"","overlay-gradient":""},"tablet":{"background-color":"var(--ast-global-color-5)","background-image":"","background-repeat":"repeat","background-position":"center center","background-size":"auto","background-attachment":"scroll","background-type":"","background-media":"","overlay-type":"","overlay-color":"","overlay-opacity":"","overlay-gradient":""},"mobile":{"background-color":"var(--ast-global-color-5)","background-image":"","background-repeat":"repeat","background-position":"center center","background-size":"auto","background-attachment":"scroll","background-type":"","background-media":"","overlay-type":"","overlay-color":"","overlay-opacity":"","overlay-gradient":""}},"footnotes":""},"class_list":["post-1353","page","type-page","status-publish","hentry"],"post_mailing_queue_ids":[],"_links":{"self":[{"href":"https:\/\/agora.xtec.cat\/ifeb\/wp-json\/wp\/v2\/pages\/1353","targetHints":{"allow":["GET"]}}],"collection":[{"href":"https:\/\/agora.xtec.cat\/ifeb\/wp-json\/wp\/v2\/pages"}],"about":[{"href":"https:\/\/agora.xtec.cat\/ifeb\/wp-json\/wp\/v2\/types\/page"}],"author":[{"embeddable":true,"href":"https:\/\/agora.xtec.cat\/ifeb\/wp-json\/wp\/v2\/users\/6"}],"replies":[{"embeddable":true,"href":"https:\/\/agora.xtec.cat\/ifeb\/wp-json\/wp\/v2\/comments?post=1353"}],"version-history":[{"count":5,"href":"https:\/\/agora.xtec.cat\/ifeb\/wp-json\/wp\/v2\/pages\/1353\/revisions"}],"predecessor-version":[{"id":2293,"href":"https:\/\/agora.xtec.cat\/ifeb\/wp-json\/wp\/v2\/pages\/1353\/revisions\/2293"}],"up":[{"embeddable":true,"href":"https:\/\/agora.xtec.cat\/ifeb\/wp-json\/wp\/v2\/pages\/973"}],"wp:attachment":[{"href":"https:\/\/agora.xtec.cat\/ifeb\/wp-json\/wp\/v2\/media?parent=1353"}],"curies":[{"name":"wp","href":"https:\/\/api.w.org\/{rel}","templated":true}]}}