{"id":26,"date":"2014-09-18T12:24:32","date_gmt":"2014-09-18T11:24:32","guid":{"rendered":"http:\/\/agora.xtec.cat\/iedecaldes\/?page_id=26"},"modified":"2026-02-02T22:12:26","modified_gmt":"2026-02-02T21:12:26","slug":"historia","status":"publish","type":"page","link":"https:\/\/agora.xtec.cat\/ietramuntana\/lescola\/historia\/","title":{"rendered":"Qui som"},"content":{"rendered":"\n<p>L\u2019<strong>Institut Escola Tramuntana <\/strong>neix el curs 2024-2025 de la fusi\u00f3 entre l\u2019escola El Mol\u00ed de Finestrelles \u2014amb una traject\u00f2ria de cinquanta anys i un fort arrelament al barri\u2014 i l\u2019Institut Vapor del Fil, un centre de nova creaci\u00f3 creat l\u2019any 2020. D\u2019aquesta uni\u00f3 en sorgeix un centre integrat 3-16 que ofereix un recorregut educatiu coherent, continu i inclusiu, pensat per afavorir una transici\u00f3 natural entre etapes (Infantil &#8211; Prim\u00e0ria &#8211; Secund\u00e0ria)  i donar resposta a les necessitats de desenvolupament de l\u2019alumnat.<\/p>\n\n\n\n<p>El <strong>projecte educatiu <\/strong>es defineix com una escola oberta a les fam\u00edlies i compromesa amb la comunitat, amb la voluntat d\u2019assegurar l\u2019\u00e8xit educatiu i afrontar els reptes del segle XXI. Promou una educaci\u00f3 integral que fomenta la conviv\u00e8ncia, la responsabilitat, la creativitat i el respecte per la diversitat, amb el prop\u00f2sit de formar persones cr\u00edtiques, aut\u00f2nomes i competents.<\/p>\n\n\n\n<p>La mirada pedag\u00f2gica \u00e9s innovadora i <strong>competencial<\/strong>, amb <strong>metodologies actives<\/strong>, cooperatives i inclusives que promouen un<strong> aprenentatge profund i significatiu<\/strong>, buscant les connexions amb els interessos de l\u2019alumnat i fomentant la descoberta, la <strong>investigaci\u00f3<\/strong>, el<strong> pensament cr\u00edtic i<\/strong> la<strong> creativitat<\/strong>.&nbsp;<\/p>\n\n\n\n<p>L\u2019Institut Escola Tramuntana es concep com un <strong>projecte viu i en constant evoluci\u00f3<\/strong>, que es revisa i es transforma per adaptar-se a les necessitats canviants de l\u2019alumnat i de l\u2019entorn. Aquesta actitud reflexiva i d\u2019aprenentatge permanent forma part de la seva identitat i garanteix la millora sostinguda de les pr\u00e0ctiques educatives.<\/p>\n\n\n\n<div class=\"wp-block-getwid-images-slider has-arrows-inside has-dots-inside has-images-center has-fitted-images has-fixed-height\"><div class=\"wp-block-getwid-images-slider__wrapper\" data-effect=\"slide\" data-slides-show=\"1\" data-slides-show-laptop=\"1\" data-slides-show-tablet=\"1\" data-slides-show-mobile=\"1\" data-slides-scroll=\"1\" data-autoplay=\"false\" data-pause-hover=\"false\" data-autoplay-speed=\"6000\" data-infinite=\"true\" data-animation-speed=\"800\" data-center-mode=\"false\" data-variable-width=\"false\" data-arrows=\"inside\" data-dots=\"inside\" data-spacing=\"none\"><div class=\"wp-block-getwid-images-slider__item\" style=\"height:500px\"><figure><img loading=\"lazy\" decoding=\"async\" width=\"768\" height=\"512\" src=\"https:\/\/agora.xtec.cat\/ietramuntana\/wp-content\/uploads\/usu3053\/2026\/01\/IMG_4809-768x512.jpg\" alt=\"\" data-id=\"1961\" data-link=\"https:\/\/agora.xtec.cat\/ietramuntana\/lescola\/historia\/attachment\/img_4809-2\/\" data-original-link=\"https:\/\/agora.xtec.cat\/ietramuntana\/wp-content\/uploads\/usu3053\/2026\/01\/IMG_4809-scaled.jpg\" class=\"wp-block-getwid-images-slider__image wp-image-1961\" srcset=\"https:\/\/agora.xtec.cat\/ietramuntana\/wp-content\/uploads\/usu3053\/2026\/01\/IMG_4809-768x512.jpg 768w, https:\/\/agora.xtec.cat\/ietramuntana\/wp-content\/uploads\/usu3053\/2026\/01\/IMG_4809-300x200.jpg 300w, https:\/\/agora.xtec.cat\/ietramuntana\/wp-content\/uploads\/usu3053\/2026\/01\/IMG_4809-1024x683.jpg 1024w, https:\/\/agora.xtec.cat\/ietramuntana\/wp-content\/uploads\/usu3053\/2026\/01\/IMG_4809-1536x1024.jpg 1536w, https:\/\/agora.xtec.cat\/ietramuntana\/wp-content\/uploads\/usu3053\/2026\/01\/IMG_4809-2048x1365.jpg 2048w\" sizes=\"auto, (max-width: 768px) 100vw, 768px\" \/><\/figure><\/div><div class=\"wp-block-getwid-images-slider__item\" style=\"height:500px\"><figure><img loading=\"lazy\" decoding=\"async\" width=\"768\" height=\"432\" src=\"https:\/\/agora.xtec.cat\/ietramuntana\/wp-content\/uploads\/usu3053\/2026\/01\/20250130_121707-768x432.jpg\" alt=\"\" data-id=\"1962\" data-link=\"https:\/\/agora.xtec.cat\/ietramuntana\/lescola\/historia\/attachment\/20250130_121707\/\" data-original-link=\"https:\/\/agora.xtec.cat\/ietramuntana\/wp-content\/uploads\/usu3053\/2026\/01\/20250130_121707-scaled.jpg\" class=\"wp-block-getwid-images-slider__image wp-image-1962\" srcset=\"https:\/\/agora.xtec.cat\/ietramuntana\/wp-content\/uploads\/usu3053\/2026\/01\/20250130_121707-768x432.jpg 768w, https:\/\/agora.xtec.cat\/ietramuntana\/wp-content\/uploads\/usu3053\/2026\/01\/20250130_121707-300x169.jpg 300w, https:\/\/agora.xtec.cat\/ietramuntana\/wp-content\/uploads\/usu3053\/2026\/01\/20250130_121707-1024x576.jpg 1024w, https:\/\/agora.xtec.cat\/ietramuntana\/wp-content\/uploads\/usu3053\/2026\/01\/20250130_121707-1536x864.jpg 1536w, https:\/\/agora.xtec.cat\/ietramuntana\/wp-content\/uploads\/usu3053\/2026\/01\/20250130_121707-2048x1153.jpg 2048w\" sizes=\"auto, (max-width: 768px) 100vw, 768px\" \/><\/figure><\/div><div class=\"wp-block-getwid-images-slider__item\" style=\"height:500px\"><figure><img loading=\"lazy\" decoding=\"async\" width=\"768\" height=\"512\" src=\"https:\/\/agora.xtec.cat\/ietramuntana\/wp-content\/uploads\/usu3053\/2026\/01\/IMG_4984-768x512.jpg\" alt=\"\" data-id=\"1963\" data-link=\"https:\/\/agora.xtec.cat\/ietramuntana\/lescola\/historia\/attachment\/img_4984-2\/\" data-original-link=\"https:\/\/agora.xtec.cat\/ietramuntana\/wp-content\/uploads\/usu3053\/2026\/01\/IMG_4984-scaled.jpg\" class=\"wp-block-getwid-images-slider__image wp-image-1963\" srcset=\"https:\/\/agora.xtec.cat\/ietramuntana\/wp-content\/uploads\/usu3053\/2026\/01\/IMG_4984-768x512.jpg 768w, https:\/\/agora.xtec.cat\/ietramuntana\/wp-content\/uploads\/usu3053\/2026\/01\/IMG_4984-300x200.jpg 300w, https:\/\/agora.xtec.cat\/ietramuntana\/wp-content\/uploads\/usu3053\/2026\/01\/IMG_4984-1024x683.jpg 1024w, https:\/\/agora.xtec.cat\/ietramuntana\/wp-content\/uploads\/usu3053\/2026\/01\/IMG_4984-1536x1024.jpg 1536w, https:\/\/agora.xtec.cat\/ietramuntana\/wp-content\/uploads\/usu3053\/2026\/01\/IMG_4984-2048x1365.jpg 2048w\" sizes=\"auto, (max-width: 768px) 100vw, 768px\" \/><\/figure><\/div><div class=\"wp-block-getwid-images-slider__item\" style=\"height:500px\"><figure><img loading=\"lazy\" decoding=\"async\" width=\"768\" height=\"432\" src=\"https:\/\/agora.xtec.cat\/ietramuntana\/wp-content\/uploads\/usu3053\/2026\/01\/20250130_121617-768x432.jpg\" alt=\"\" data-id=\"1964\" data-link=\"https:\/\/agora.xtec.cat\/ietramuntana\/lescola\/historia\/attachment\/20250130_121617-2\/\" data-original-link=\"https:\/\/agora.xtec.cat\/ietramuntana\/wp-content\/uploads\/usu3053\/2026\/01\/20250130_121617-scaled.jpg\" class=\"wp-block-getwid-images-slider__image wp-image-1964\" srcset=\"https:\/\/agora.xtec.cat\/ietramuntana\/wp-content\/uploads\/usu3053\/2026\/01\/20250130_121617-768x432.jpg 768w, https:\/\/agora.xtec.cat\/ietramuntana\/wp-content\/uploads\/usu3053\/2026\/01\/20250130_121617-300x169.jpg 300w, https:\/\/agora.xtec.cat\/ietramuntana\/wp-content\/uploads\/usu3053\/2026\/01\/20250130_121617-1024x576.jpg 1024w, https:\/\/agora.xtec.cat\/ietramuntana\/wp-content\/uploads\/usu3053\/2026\/01\/20250130_121617-1536x864.jpg 1536w, https:\/\/agora.xtec.cat\/ietramuntana\/wp-content\/uploads\/usu3053\/2026\/01\/20250130_121617-2048x1153.jpg 2048w\" sizes=\"auto, (max-width: 768px) 100vw, 768px\" \/><\/figure><\/div><\/div><\/div>\n\n\n\n<h2 class=\"wp-block-heading\">El nostre logo<\/h2>\n\n\n\n<p>A la festa d\u2019inauguraci\u00f3 del passat 19 de setembre, vam estrenar el nou logo de l\u2019Institut-Escola!<\/p>\n\n\n\n<p>Amb el <strong><mark style=\"background-color:rgba(0, 0, 0, 0)\" class=\"has-inline-color has-ast-global-color-1-color\">color taronja<\/mark><\/strong> i les formes m\u00e9s quadrades representen l\u2019edifici, l\u2019arrelament al barri, el nostre fonament i punt de trobada amb els infants i joves, que combina la ubicaci\u00f3 hist\u00f2rica del centre amb la nova construcci\u00f3. <\/p>\n\n\n\n<p>El <strong><mark style=\"background-color:rgba(0, 0, 0, 0);color:#76c0e6\" class=\"has-inline-color\">color blau<\/mark><\/strong> representa el vent, la Tramuntana, que dona nom al barri del centre i la flu\u00efdesa d\u2019un projecte que avan\u00e7a, es revisa i s\u2019adapta per acompanyar el seu alumnat en el seu progr\u00e9s i proc\u00e9s de creixement.<\/p>\n\n\n\n<figure class=\"wp-block-image size-full\"><a href=\"https:\/\/agora.xtec.cat\/ietramuntana\/wp-content\/uploads\/usu3053\/2025\/09\/logo.jpg\"><img loading=\"lazy\" decoding=\"async\" width=\"567\" height=\"155\" src=\"https:\/\/agora.xtec.cat\/ietramuntana\/wp-content\/uploads\/usu3053\/2025\/09\/logo.jpg\" alt=\"\" class=\"wp-image-1301\" srcset=\"https:\/\/agora.xtec.cat\/ietramuntana\/wp-content\/uploads\/usu3053\/2025\/09\/logo.jpg 567w, https:\/\/agora.xtec.cat\/ietramuntana\/wp-content\/uploads\/usu3053\/2025\/09\/logo-300x82.jpg 300w\" sizes=\"auto, (max-width: 567px) 100vw, 567px\" \/><\/a><\/figure>\n\n\n\n<h3 class=\"wp-block-heading\">EL NOSTRE LEMA<\/h3>\n\n\n\n<blockquote class=\"wp-block-quote is-layout-flow wp-block-quote-is-layout-flow\">\n<p class=\"has-medium-font-size\"><strong>&#8220;Aprendre,  Crear, Transformar, Construir, Comunitat&#8221;<\/strong><\/p>\n<\/blockquote>\n\n\n\n<h3 class=\"wp-block-heading\">UN CENTRE QUE APR\u00c8N<\/h3>\n\n\n\n<p>A l\u2019IE Tramuntana,<strong> els mestres i professors tamb\u00e9 som aprenents<\/strong>.<\/p>\n\n\n\n<p>Apostem per la millora constant i una innovaci\u00f3 educativa conscient, basada en el treball en equip i la reflexi\u00f3 sobre la nostra pr\u00e0ctica.&nbsp;<\/p>\n\n\n\n<p>Tamb\u00e9 cooperem amb altres centres educatius i institucions per seguir avan\u00e7ant i enriquint la nostra tasca educativa.<\/p>\n\n\n\n<ul class=\"wp-block-list\">\n<li><strong>Som centre formador:<\/strong> l\u2019acollida de futurs docents en pr\u00e0ctiques genera espais de di\u00e0leg i reflexi\u00f3 que ens ajuden a q\u00fcestionar, actualitzar i millorar la nostra pr\u00e0ctica educativa.<\/li>\n\n\n\n<li><strong>Observaci\u00f3 entre iguals: <\/strong>promovem les observacions d\u2019aula entre els docents de l\u2019equip. Observar com un company o companya fa classe i donar-nos <em>feedback<\/em> m\u00fatuament ens ajuda a aprendre els uns dels altres.\u00a0<\/li>\n\n\n\n<li><a href=\"https:\/\/elsfutursdeleducacio.cat\/\"><strong>F\u00f2rum Els Futurs de l\u2019Educaci\u00f3<\/strong><\/a><strong>: <\/strong>participem en aquesta xarxa de centres, vinculada a la UNESCO, que ens ajuda a impulsar un aprenentatge m\u00e9s inclusiu, personalitzat i orientat al b\u00e9 com\u00fa.\u00a0<\/li>\n\n\n\n<li><a href=\"https:\/\/serveiseducatius.xtec.cat\/cesire\/faig-fent-per-aprendre-imaginant-globalment\/\"><strong>Programa FAIG<\/strong><\/a><strong>: <\/strong>aquest \u00e9s el tercer curs que participem en el programa FAIG, que ens dona acompanyament i formaci\u00f3 pedag\u00f2gica per dissenyar projectes de qualitat. El programa tamb\u00e9 ens ha facilitat una dotaci\u00f3 d\u2019equipament de fabricaci\u00f3 digital<strong> <\/strong>per impulsar la millora de les pr\u00e0ctiques d\u2019ensenyament-aprenentatge en el marc dels projectes.\u00a0<\/li>\n\n\n\n<li><strong>Xarxa de compet\u00e8ncia lectora: <\/strong>participar en aquesta xarxa ens dona l\u2019oportunitat d\u2019intercanviar coneixements i bones pr\u00e0ctiques amb altres centres amb l\u2019objectiu de desenvolupar la compet\u00e8ncia lectora de l\u2019alumnat.\u00a0<\/li>\n<\/ul>\n","protected":false},"excerpt":{"rendered":"<p>L\u2019Institut Escola Tramuntana neix el curs 2024-2025 de la fusi\u00f3 entre l\u2019escola El Mol\u00ed de Finestrelles \u2014amb una traject\u00f2ria de cinquanta anys i un fort arrelament al barri\u2014 i l\u2019Institut Vapor del Fil, un centre de nova creaci\u00f3 creat l\u2019any 2020. D\u2019aquesta uni\u00f3 en sorgeix un centre integrat 3-16 que ofereix un recorregut educatiu coherent, [&hellip;]<\/p>\n","protected":false},"author":6,"featured_media":0,"parent":22,"menu_order":20,"comment_status":"closed","ping_status":"closed","template":"","meta":{"site-sidebar-layout":"default","site-content-layout":"","ast-site-content-layout":"default","site-content-style":"default","site-sidebar-style":"default","ast-global-header-display":"","ast-banner-title-visibility":"","ast-main-header-display":"","ast-hfb-above-header-display":"","ast-hfb-below-header-display":"","ast-hfb-mobile-header-display":"","site-post-title":"","ast-breadcrumbs-content":"","ast-featured-img":"","footer-sml-layout":"","theme-transparent-header-meta":"","adv-header-id-meta":"","stick-header-meta":"","header-above-stick-meta":"","header-main-stick-meta":"","header-below-stick-meta":"","astra-migrate-meta-layouts":"set","ast-page-background-enabled":"default","ast-page-background-meta":{"desktop":{"background-color":"var(--ast-global-color-4)","background-image":"","background-repeat":"repeat","background-position":"center center","background-size":"auto","background-attachment":"scroll","background-type":"","background-media":"","overlay-type":"","overlay-color":"","overlay-opacity":"","overlay-gradient":""},"tablet":{"background-color":"","background-image":"","background-repeat":"repeat","background-position":"center center","background-size":"auto","background-attachment":"scroll","background-type":"","background-media":"","overlay-type":"","overlay-color":"","overlay-opacity":"","overlay-gradient":""},"mobile":{"background-color":"","background-image":"","background-repeat":"repeat","background-position":"center center","background-size":"auto","background-attachment":"scroll","background-type":"","background-media":"","overlay-type":"","overlay-color":"","overlay-opacity":"","overlay-gradient":""}},"ast-content-background-meta":{"desktop":{"background-color":"var(--ast-global-color-5)","background-image":"","background-repeat":"repeat","background-position":"center center","background-size":"auto","background-attachment":"scroll","background-type":"","background-media":"","overlay-type":"","overlay-color":"","overlay-opacity":"","overlay-gradient":""},"tablet":{"background-color":"var(--ast-global-color-5)","background-image":"","background-repeat":"repeat","background-position":"center center","background-size":"auto","background-attachment":"scroll","background-type":"","background-media":"","overlay-type":"","overlay-color":"","overlay-opacity":"","overlay-gradient":""},"mobile":{"background-color":"var(--ast-global-color-5)","background-image":"","background-repeat":"repeat","background-position":"center center","background-size":"auto","background-attachment":"scroll","background-type":"","background-media":"","overlay-type":"","overlay-color":"","overlay-opacity":"","overlay-gradient":""}},"footnotes":""},"class_list":["post-26","page","type-page","status-publish","hentry"],"post_mailing_queue_ids":[],"_links":{"self":[{"href":"https:\/\/agora.xtec.cat\/ietramuntana\/wp-json\/wp\/v2\/pages\/26","targetHints":{"allow":["GET"]}}],"collection":[{"href":"https:\/\/agora.xtec.cat\/ietramuntana\/wp-json\/wp\/v2\/pages"}],"about":[{"href":"https:\/\/agora.xtec.cat\/ietramuntana\/wp-json\/wp\/v2\/types\/page"}],"author":[{"embeddable":true,"href":"https:\/\/agora.xtec.cat\/ietramuntana\/wp-json\/wp\/v2\/users\/6"}],"replies":[{"embeddable":true,"href":"https:\/\/agora.xtec.cat\/ietramuntana\/wp-json\/wp\/v2\/comments?post=26"}],"version-history":[{"count":6,"href":"https:\/\/agora.xtec.cat\/ietramuntana\/wp-json\/wp\/v2\/pages\/26\/revisions"}],"predecessor-version":[{"id":2234,"href":"https:\/\/agora.xtec.cat\/ietramuntana\/wp-json\/wp\/v2\/pages\/26\/revisions\/2234"}],"up":[{"embeddable":true,"href":"https:\/\/agora.xtec.cat\/ietramuntana\/wp-json\/wp\/v2\/pages\/22"}],"wp:attachment":[{"href":"https:\/\/agora.xtec.cat\/ietramuntana\/wp-json\/wp\/v2\/media?parent=26"}],"curies":[{"name":"wp","href":"https:\/\/api.w.org\/{rel}","templated":true}]}}