{"id":2405,"date":"2026-03-03T10:43:22","date_gmt":"2026-03-03T09:43:22","guid":{"rendered":"https:\/\/agora.xtec.cat\/ietramuntana\/?page_id=2405"},"modified":"2026-04-28T12:57:34","modified_gmt":"2026-04-28T10:57:34","slug":"pre-inscripcio-curs-26-27","status":"publish","type":"page","link":"https:\/\/agora.xtec.cat\/ietramuntana\/pre-inscripcio-curs-26-27\/","title":{"rendered":"Preinscripci\u00f3 curs 26-27"},"content":{"rendered":"\n<figure class=\"wp-block-image\"><img loading=\"lazy\" decoding=\"async\" width=\"555\" height=\"431\" src=\"https:\/\/agora.xtec.cat\/ietramuntana\/wp-content\/uploads\/usu3053\/2026\/04\/20260428-sorteig-obligatoris.jpg_1172691498.jpg\" alt=\"\" class=\"wp-image-2528\" srcset=\"https:\/\/agora.xtec.cat\/ietramuntana\/wp-content\/uploads\/usu3053\/2026\/04\/20260428-sorteig-obligatoris.jpg_1172691498.jpg 555w, https:\/\/agora.xtec.cat\/ietramuntana\/wp-content\/uploads\/usu3053\/2026\/04\/20260428-sorteig-obligatoris.jpg_1172691498-300x233.jpg 300w\" sizes=\"auto, (max-width: 555px) 100vw, 555px\" \/><\/figure>\n\n\n\n<p class=\"has-text-align-center has-ast-global-color-0-color has-text-color has-link-color wp-elements-fa676e87860d00573fd4fa81ea4edc67\" style=\"font-size:25px\"><strong>LLISTAT DE SOL\u00b7LICITUDS PER AL CURS 26-27 AMB PUNTUACI\u00d3 DEFINITIVA<\/strong><\/p>\n\n\n\n<div data-wp-interactive=\"core\/file\" class=\"wp-block-file\"><object data-wp-bind--hidden=\"!state.hasPdfPreview\" hidden class=\"wp-block-file__embed\" data=\"https:\/\/agora.xtec.cat\/ietramuntana\/wp-content\/uploads\/usu3053\/2026\/04\/INFORME_BAREM_RESOLTES_BAREM.pdf\" type=\"application\/pdf\" style=\"width:100%;height:600px\" aria-label=\"Incrustaci\u00f3 del fitxer INFORME_BAREM_RESOLTES_BAREM.\"><\/object><a id=\"wp-block-file--media-2150d7dc-a40c-4698-9323-a2d858e54ce6\" href=\"https:\/\/agora.xtec.cat\/ietramuntana\/wp-content\/uploads\/usu3053\/2026\/04\/INFORME_BAREM_RESOLTES_BAREM.pdf\">INFORME_BAREM_RESOLTES_BAREM<\/a><a href=\"https:\/\/agora.xtec.cat\/ietramuntana\/wp-content\/uploads\/usu3053\/2026\/04\/INFORME_BAREM_RESOLTES_BAREM.pdf\" class=\"wp-block-file__button wp-element-button\" download aria-describedby=\"wp-block-file--media-2150d7dc-a40c-4698-9323-a2d858e54ce6\">Baixa<\/a><\/div>\n\n\n\n<p>Ja est\u00e0 publicada la oferta de places inicial per al curs 2026-2027 <\/p>\n\n\n\n<p><strong> <a href=\"https:\/\/agora.xtec.cat\/ietramuntana\/wp-content\/uploads\/usu3053\/2026\/03\/INFORME_OFERTA_OME_INFORME_OFERTA-1.pdf\">OFERTA DE PLACES CURS 26-27<\/a> <\/strong><\/p>\n\n\n\n<p><a href=\"https:\/\/tramits.gencat.cat\/ca\/tramits\/tramits-temes\/perinscripcio-obligatoris?&amp;moda=1\">ENLLA\u00c7 PREINSCRIPCI\u00d3 26-27 a INFANTIL i PRIM\u00c0RIA<\/a><\/p>\n\n\n\n<p><\/p>\n\n\n\n<h2 class=\"wp-block-heading has-ast-global-color-0-color has-text-color has-link-color wp-elements-b1b97b8ab4a2df9247db72eeba9d68b2\"><strong>CALENDARI DE PREINSCRIPCI\u00d3<\/strong><\/h2>\n\n\n\n<ul class=\"wp-block-list\">\n<li><strong>Del 4 al 18 de mar\u00e7 de 2026 (a partir de les 9 hores): presentaci\u00f3 de sol\u00b7licituds Infantil i Prim\u00e0ria i del&nbsp;<\/strong>&nbsp;6 al 18 de mar\u00e7 sol.licituds de Secund\u00e0ria.&nbsp;  \u00c9s molt important respectar les dates, perqu\u00e8 les sol\u00b7licituds que es presentin fora d\u2019aquest termini perdran totes les prioritats que haurien pogut tenir a l\u2019hora d\u2019obtenir la pla\u00e7a. Els criteris de prioritat serveixen per donar una puntuaci\u00f3 a cada sol\u00b7licitud. D\u2019aquesta manera s\u2019estableix l\u2019ordre d\u2019acc\u00e9s a les places de cada centre. Cal presentar la sol\u00b7licitud i adjuntar-hi la documentaci\u00f3 d\u2019identificaci\u00f3 o de criteris que correspongui.<\/li>\n\n\n\n<li><strong>Fins al 19 de mar\u00e7 de 2026: presentaci\u00f3 de documentaci\u00f3<\/strong> Aquests dies pots presentar documentaci\u00f3 acreditativa que no hagis pogut adjuntar durant el per\u00edode de presentaci\u00f3 de sol\u00b7licituds.<\/li>\n\n\n\n<li><strong>15 d\u2019abril de 2026: llista de sol\u00b7licituds amb la puntuaci\u00f3 provisional<\/strong>Un cop acabat el per\u00edode de presentaci\u00f3 de sol\u00b7licituds, els centres educatius estudien cadascuna de les peticions que han rebut: n\u2019analitzen les dades, els criteris que les fam\u00edlies demanen que es tinguin en compte, i tamb\u00e9 els documents justificatius. Tot seguit, publiquen la llista de sol\u00b7licituds amb la puntuaci\u00f3 provisional. En aquesta llista hi ha les sol\u00b7licituds ordenades alfab\u00e8ticament amb la puntuaci\u00f3 que ha rebut cada sol\u00b7licitud en aplicar-hi el barem.<\/li>\n\n\n\n<li><strong>Del 15 al 20 d\u2019abril de 2026: presentaci\u00f3 de reclamacions<\/strong>. Durant aquest per\u00edode, si detectes alguna errada o anomalia en el barem assignat, pots presentar una reclamaci\u00f3 (utilitzant l\u2019eina electr\u00f2nica per adjuntar reclamacions).<\/li>\n\n\n\n<li><strong>23 d\u2019abril de 2026: llista de sol\u00b7licituds amb la puntuaci\u00f3 un cop resoltes les reclamacions<\/strong>. Un cop resoltes totes les reclamacions presentades, el centre publica la llista de sol\u00b7licituds amb la puntuaci\u00f3 i el n\u00famero de desempat corresponent.<\/li>\n\n\n\n<li><strong>28 d\u2019abril de 2026 a les 11 hores: sorteig per resoldre les sol\u00b7licituds de preinscripci\u00f3 empatades en punts<\/strong>. El nombre de places a cada centre educatiu \u00e9s limitat. Si el nombre de peticions supera el d\u2019alumnes que l\u2019escola pot acollir, cal aplicar un sistema de desempat entre les sol\u00b7licituds que tenen la mateixa puntuaci\u00f3. Per fer-ho, s\u2019obt\u00e9 un n\u00famero per sorteig a partir del qual s\u2019ordenen totes les peticions empatades en punts, tenint en compte el n\u00famero de desempat que s\u2019ha assignat a cada sol\u00b7licitud.<\/li>\n\n\n\n<li><strong>29 d\u2019abril de 2026: llista ordenada<\/strong>. Despr\u00e9s del sorteig, s\u2019elabora la llista de sol\u00b7licituds per a l\u2019assignaci\u00f3 de places. En aquest cas, la llista ja no s\u2019ordena alfab\u00e8ticament, sin\u00f3 tenint en compte les puntuacions de cada sol\u00b7licitud, de m\u00e9s a menys.<\/li>\n\n\n\n<li><strong>De l\u20191 al 3 de juny de 2026: ampliaci\u00f3 de peticions de preinscripci\u00f3 per a alumnes sense pla\u00e7a assignada a cap centre<\/strong>. Si no s\u2019accedeix a cap pla\u00e7a en els centres demanats i es tracta de sol\u00b7licituds en les quals s\u2019ha marcat expressament que es vol una assignaci\u00f3 d\u2019ofici, durant aquest per\u00edode es poden ampliar les peticions originals i demanar places en centres que en tinguin de disponibles. Despr\u00e9s d\u2019aquesta ampliaci\u00f3 de la sol\u00b7licitud, s\u2019acaba el proc\u00e9s d\u2019assignaci\u00f3 tenint en compte aquestes peticions ampliades.<\/li>\n\n\n\n<li><strong>16 de juny de 2025: oferta final de places escolars<\/strong> Publicaci\u00f3 del nombre de places escolars per centre i curs definitiva.<\/li>\n\n\n\n<li><strong>10 de juny de 2026: llista d\u2019alumnes admesos i llista d\u2019espera<\/strong> Finalment, es publica la llista d\u2019alumnes admesos al centre i tamb\u00e9 la llista d\u2019espera.<\/li>\n<\/ul>\n\n\n\n<ul class=\"wp-block-list\">\n<li><strong>Del 22 al 30 de juny de 2026: matriculaci\u00f3<\/strong> Un cop s\u2019ha publicat la llista final d\u2019alumnes admesos en cada centre, comen\u00e7a el per\u00edode de matriculaci\u00f3 dels preinscrits amb pla\u00e7a assignada.<\/li>\n<\/ul>\n\n\n\n<p>M\u00e9s informaci\u00f3 a la <a href=\"https:\/\/preinscripcio.gencat.cat\/\">web de la Generalitat<\/a><\/p>\n\n\n\n<p><\/p>\n","protected":false},"excerpt":{"rendered":"<p>LLISTAT DE SOL\u00b7LICITUDS PER AL CURS 26-27 AMB PUNTUACI\u00d3 DEFINITIVA Ja est\u00e0 publicada la oferta de places inicial per al curs 2026-2027 OFERTA DE PLACES CURS 26-27 ENLLA\u00c7 PREINSCRIPCI\u00d3 26-27 a INFANTIL i PRIM\u00c0RIA CALENDARI DE PREINSCRIPCI\u00d3 M\u00e9s informaci\u00f3 a la web de la Generalitat<\/p>\n","protected":false},"author":1,"featured_media":0,"parent":0,"menu_order":0,"comment_status":"closed","ping_status":"close","template":"","meta":{"site-sidebar-layout":"default","site-content-layout":"","ast-site-content-layout":"default","site-content-style":"default","site-sidebar-style":"default","ast-global-header-display":"","ast-banner-title-visibility":"","ast-main-header-display":"","ast-hfb-above-header-display":"","ast-hfb-below-header-display":"","ast-hfb-mobile-header-display":"","site-post-title":"","ast-breadcrumbs-content":"","ast-featured-img":"","footer-sml-layout":"","theme-transparent-header-meta":"","adv-header-id-meta":"","stick-header-meta":"","header-above-stick-meta":"","header-main-stick-meta":"","header-below-stick-meta":"","astra-migrate-meta-layouts":"set","ast-page-background-enabled":"default","ast-page-background-meta":{"desktop":{"background-color":"var(--ast-global-color-4)","background-image":"","background-repeat":"repeat","background-position":"center center","background-size":"auto","background-attachment":"scroll","background-type":"","background-media":"","overlay-type":"","overlay-color":"","overlay-opacity":"","overlay-gradient":""},"tablet":{"background-color":"","background-image":"","background-repeat":"repeat","background-position":"center center","background-size":"auto","background-attachment":"scroll","background-type":"","background-media":"","overlay-type":"","overlay-color":"","overlay-opacity":"","overlay-gradient":""},"mobile":{"background-color":"","background-image":"","background-repeat":"repeat","background-position":"center center","background-size":"auto","background-attachment":"scroll","background-type":"","background-media":"","overlay-type":"","overlay-color":"","overlay-opacity":"","overlay-gradient":""}},"ast-content-background-meta":{"desktop":{"background-color":"var(--ast-global-color-5)","background-image":"","background-repeat":"repeat","background-position":"center center","background-size":"auto","background-attachment":"scroll","background-type":"","background-media":"","overlay-type":"","overlay-color":"","overlay-opacity":"","overlay-gradient":""},"tablet":{"background-color":"var(--ast-global-color-5)","background-image":"","background-repeat":"repeat","background-position":"center center","background-size":"auto","background-attachment":"scroll","background-type":"","background-media":"","overlay-type":"","overlay-color":"","overlay-opacity":"","overlay-gradient":""},"mobile":{"background-color":"var(--ast-global-color-5)","background-image":"","background-repeat":"repeat","background-position":"center center","background-size":"auto","background-attachment":"scroll","background-type":"","background-media":"","overlay-type":"","overlay-color":"","overlay-opacity":"","overlay-gradient":""}},"footnotes":""},"class_list":["post-2405","page","type-page","status-publish","hentry"],"post_mailing_queue_ids":[],"_links":{"self":[{"href":"https:\/\/agora.xtec.cat\/ietramuntana\/wp-json\/wp\/v2\/pages\/2405","targetHints":{"allow":["GET"]}}],"collection":[{"href":"https:\/\/agora.xtec.cat\/ietramuntana\/wp-json\/wp\/v2\/pages"}],"about":[{"href":"https:\/\/agora.xtec.cat\/ietramuntana\/wp-json\/wp\/v2\/types\/page"}],"author":[{"embeddable":true,"href":"https:\/\/agora.xtec.cat\/ietramuntana\/wp-json\/wp\/v2\/users\/1"}],"replies":[{"embeddable":true,"href":"https:\/\/agora.xtec.cat\/ietramuntana\/wp-json\/wp\/v2\/comments?post=2405"}],"version-history":[{"count":6,"href":"https:\/\/agora.xtec.cat\/ietramuntana\/wp-json\/wp\/v2\/pages\/2405\/revisions"}],"predecessor-version":[{"id":2530,"href":"https:\/\/agora.xtec.cat\/ietramuntana\/wp-json\/wp\/v2\/pages\/2405\/revisions\/2530"}],"wp:attachment":[{"href":"https:\/\/agora.xtec.cat\/ietramuntana\/wp-json\/wp\/v2\/media?parent=2405"}],"curies":[{"name":"wp","href":"https:\/\/api.w.org\/{rel}","templated":true}]}}