{"id":1740,"date":"2025-11-11T11:01:45","date_gmt":"2025-11-11T10:01:45","guid":{"rendered":"https:\/\/agora.xtec.cat\/ietramuntana\/?page_id=1740"},"modified":"2025-11-16T17:23:11","modified_gmt":"2025-11-16T16:23:11","slug":"dinar-amb-families","status":"publish","type":"page","link":"https:\/\/agora.xtec.cat\/ietramuntana\/dinar-amb-families\/","title":{"rendered":"Dinar amb fam\u00edlies"},"content":{"rendered":"\n<p class=\"has-medium-font-size\">El menjador de l&#8217;IE Tramuntana cada dimecres obre les portes a les fam\u00edlies que vulguin observar com es desenvolupa l\u2019Espai de Migdia, un moment important dins la jornada escolar de l&#8217;alumnat.<\/p>\n\n\n\n<p class=\"has-medium-font-size\"><br>Aquestes visites tenen com a objectiu principal mostrar, amb total transpar\u00e8ncia, com es gestiona aquest espai: l\u2019organitzaci\u00f3, l\u2019acompanyament educatiu, els h\u00e0bits, les rutines, etc. No es tracta d\u2019una estona per compartir dinar amb el vostre fill o filla, sin\u00f3 d\u2019una oportunitat per veure el funcionament general del servei.<\/p>\n\n\n\n<div class=\"wp-block-group has-medium-font-size is-content-justification-center is-nowrap is-layout-flex wp-container-core-group-is-layout-1 wp-block-group-is-layout-flex\" style=\"border-style:none;border-width:0px;min-height:0px;margin-top:0;margin-bottom:0\">\n<div class=\"wp-block-buttons has-custom-font-size has-large-font-size is-layout-flex wp-block-buttons-is-layout-flex\">\n<div class=\"wp-block-button has-custom-width wp-block-button__width-50 has-custom-font-size has-medium-font-size\"><a class=\"wp-block-button__link wp-element-button\" href=\"https:\/\/docs.google.com\/forms\/d\/e\/1FAIpQLSdUWsyflCCE_4oPUV7f5Oj4Uuryq_O4OpNCBFsrsiAeKpW-6A\/viewform\" target=\"_blank\" rel=\"noreferrer noopener\">FORMULARI PER DINAR A L&#8217;ESCOLA<\/a><\/div>\n\n\n\n\n\n<div class=\"wp-block-button has-custom-width wp-block-button__width-50 has-custom-font-size has-medium-font-size\"><a class=\"wp-block-button__link wp-element-button\" href=\"https:\/\/docs.google.com\/forms\/d\/e\/1FAIpQLSc_qPnCR2M57l1dcrCiSflKUc6smZ-2kHTUTEdFeHoJRq2PXQ\/viewform\" target=\"_blank\" rel=\"noreferrer noopener\">ENQUESTA DE SATISFACCI\u00d3<\/a><\/div>\n<\/div>\n<\/div>\n\n\n\n<div class=\"wp-block-media-text alignwide is-stacked-on-mobile\" style=\"grid-template-columns:45% auto\"><figure class=\"wp-block-media-text__media\"><img loading=\"lazy\" decoding=\"async\" width=\"1024\" height=\"768\" src=\"https:\/\/agora.xtec.cat\/ietramuntana\/wp-content\/uploads\/usu3053\/2025\/11\/13212-1-1024x768.jpg\" alt=\"\" class=\"wp-image-1743 size-full\" srcset=\"https:\/\/agora.xtec.cat\/ietramuntana\/wp-content\/uploads\/usu3053\/2025\/11\/13212-1-1024x768.jpg 1024w, https:\/\/agora.xtec.cat\/ietramuntana\/wp-content\/uploads\/usu3053\/2025\/11\/13212-1-300x225.jpg 300w, https:\/\/agora.xtec.cat\/ietramuntana\/wp-content\/uploads\/usu3053\/2025\/11\/13212-1-768x576.jpg 768w, https:\/\/agora.xtec.cat\/ietramuntana\/wp-content\/uploads\/usu3053\/2025\/11\/13212-1-1536x1152.jpg 1536w, https:\/\/agora.xtec.cat\/ietramuntana\/wp-content\/uploads\/usu3053\/2025\/11\/13212-1-2048x1536.jpg 2048w\" sizes=\"auto, (max-width: 1024px) 100vw, 1024px\" \/><\/figure><div class=\"wp-block-media-text__content\">\n<h2 class=\"wp-block-heading\">NORMATIVA<\/h2>\n\n\n\n<ol class=\"wp-block-list\">\n<li class=\"has-medium-font-size\">No est\u00e0 perm\u00e8s fer fotografies ni v\u00eddeos dins del centre, ni de l&#8217;alumnat ni del personal.<\/li>\n\n\n\n<li class=\"has-medium-font-size\">Respectar el bon funcionament de l\u2019espai migdia, seguint les indicacions del<br>personal responsable.<\/li>\n\n\n\n<li class=\"has-medium-font-size\">Mantenir una actitud respectuosa i discreta durant tota l\u2019estona de la visita.<\/li>\n\n\n\n<li class=\"has-medium-font-size\">Abonar el preu del men\u00fa espor\u00e0dic del dia.<\/li>\n<\/ol>\n<\/div><\/div>\n","protected":false},"excerpt":{"rendered":"<p>El menjador de l&#8217;IE Tramuntana cada dimecres obre les portes a les fam\u00edlies que vulguin observar com es desenvolupa l\u2019Espai de Migdia, un moment important dins la jornada escolar de l&#8217;alumnat. Aquestes visites tenen com a objectiu principal mostrar, amb total transpar\u00e8ncia, com es gestiona aquest espai: l\u2019organitzaci\u00f3, l\u2019acompanyament educatiu, els h\u00e0bits, les rutines, etc. [&hellip;]<\/p>\n","protected":false},"author":6,"featured_media":0,"parent":0,"menu_order":0,"comment_status":"closed","ping_status":"close","template":"","meta":{"site-sidebar-layout":"default","site-content-layout":"","ast-site-content-layout":"default","site-content-style":"default","site-sidebar-style":"default","ast-global-header-display":"","ast-banner-title-visibility":"","ast-main-header-display":"","ast-hfb-above-header-display":"","ast-hfb-below-header-display":"","ast-hfb-mobile-header-display":"","site-post-title":"","ast-breadcrumbs-content":"","ast-featured-img":"","footer-sml-layout":"","theme-transparent-header-meta":"","adv-header-id-meta":"","stick-header-meta":"","header-above-stick-meta":"","header-main-stick-meta":"","header-below-stick-meta":"","astra-migrate-meta-layouts":"set","ast-page-background-enabled":"default","ast-page-background-meta":{"desktop":{"background-color":"var(--ast-global-color-4)","background-image":"","background-repeat":"repeat","background-position":"center center","background-size":"auto","background-attachment":"scroll","background-type":"","background-media":"","overlay-type":"","overlay-color":"","overlay-opacity":"","overlay-gradient":""},"tablet":{"background-color":"","background-image":"","background-repeat":"repeat","background-position":"center center","background-size":"auto","background-attachment":"scroll","background-type":"","background-media":"","overlay-type":"","overlay-color":"","overlay-opacity":"","overlay-gradient":""},"mobile":{"background-color":"","background-image":"","background-repeat":"repeat","background-position":"center center","background-size":"auto","background-attachment":"scroll","background-type":"","background-media":"","overlay-type":"","overlay-color":"","overlay-opacity":"","overlay-gradient":""}},"ast-content-background-meta":{"desktop":{"background-color":"var(--ast-global-color-5)","background-image":"","background-repeat":"repeat","background-position":"center center","background-size":"auto","background-attachment":"scroll","background-type":"","background-media":"","overlay-type":"","overlay-color":"","overlay-opacity":"","overlay-gradient":""},"tablet":{"background-color":"var(--ast-global-color-5)","background-image":"","background-repeat":"repeat","background-position":"center center","background-size":"auto","background-attachment":"scroll","background-type":"","background-media":"","overlay-type":"","overlay-color":"","overlay-opacity":"","overlay-gradient":""},"mobile":{"background-color":"var(--ast-global-color-5)","background-image":"","background-repeat":"repeat","background-position":"center center","background-size":"auto","background-attachment":"scroll","background-type":"","background-media":"","overlay-type":"","overlay-color":"","overlay-opacity":"","overlay-gradient":""}},"footnotes":""},"class_list":["post-1740","page","type-page","status-publish","hentry"],"post_mailing_queue_ids":[],"_links":{"self":[{"href":"https:\/\/agora.xtec.cat\/ietramuntana\/wp-json\/wp\/v2\/pages\/1740","targetHints":{"allow":["GET"]}}],"collection":[{"href":"https:\/\/agora.xtec.cat\/ietramuntana\/wp-json\/wp\/v2\/pages"}],"about":[{"href":"https:\/\/agora.xtec.cat\/ietramuntana\/wp-json\/wp\/v2\/types\/page"}],"author":[{"embeddable":true,"href":"https:\/\/agora.xtec.cat\/ietramuntana\/wp-json\/wp\/v2\/users\/6"}],"replies":[{"embeddable":true,"href":"https:\/\/agora.xtec.cat\/ietramuntana\/wp-json\/wp\/v2\/comments?post=1740"}],"version-history":[{"count":6,"href":"https:\/\/agora.xtec.cat\/ietramuntana\/wp-json\/wp\/v2\/pages\/1740\/revisions"}],"predecessor-version":[{"id":1773,"href":"https:\/\/agora.xtec.cat\/ietramuntana\/wp-json\/wp\/v2\/pages\/1740\/revisions\/1773"}],"wp:attachment":[{"href":"https:\/\/agora.xtec.cat\/ietramuntana\/wp-json\/wp\/v2\/media?parent=1740"}],"curies":[{"name":"wp","href":"https:\/\/api.w.org\/{rel}","templated":true}]}}