{"id":9,"date":"2014-09-17T15:08:18","date_gmt":"2014-09-17T14:08:18","guid":{"rendered":"http:\/\/agora.xtec.cat\/ietorrelles\/?page_id=9"},"modified":"2026-04-29T12:38:49","modified_gmt":"2026-04-29T10:38:49","slug":"pagina-dinici-buida","status":"publish","type":"page","link":"https:\/\/agora.xtec.cat\/ietorrelles\/","title":{"rendered":"Cap\u00e7alera inicial"},"content":{"rendered":"<p>&nbsp;<\/p>\n<hr \/>\n<p><img loading=\"lazy\" decoding=\"async\" class=\"alignnone size-full wp-image-3843\" src=\"https:\/\/agora.xtec.cat\/ietorrelles\/wp-content\/uploads\/usu2293\/2026\/04\/Copia-de-Tardor-IE-Torrelles-4.png\" alt=\"\" width=\"1440\" height=\"810\" srcset=\"https:\/\/agora.xtec.cat\/ietorrelles\/wp-content\/uploads\/usu2293\/2026\/04\/Copia-de-Tardor-IE-Torrelles-4.png 1440w, https:\/\/agora.xtec.cat\/ietorrelles\/wp-content\/uploads\/usu2293\/2026\/04\/Copia-de-Tardor-IE-Torrelles-4-300x169.png 300w, https:\/\/agora.xtec.cat\/ietorrelles\/wp-content\/uploads\/usu2293\/2026\/04\/Copia-de-Tardor-IE-Torrelles-4-1024x576.png 1024w, https:\/\/agora.xtec.cat\/ietorrelles\/wp-content\/uploads\/usu2293\/2026\/04\/Copia-de-Tardor-IE-Torrelles-4-768x432.png 768w\" sizes=\"auto, (max-width: 1440px) 100vw, 1440px\" \/><\/p>\n<hr \/>\n<p><a href=\"https:\/\/agora.xtec.cat\/ietorrelles\/eso-2\/preinscripcio-al-curs-2026-27\/\"><img loading=\"lazy\" decoding=\"async\" class=\"alignnone size-full wp-image-3808\" src=\"https:\/\/agora.xtec.cat\/ietorrelles\/wp-content\/uploads\/usu2293\/2026\/02\/PREINSCRIP.png\" alt=\"\" width=\"1920\" height=\"480\" srcset=\"https:\/\/agora.xtec.cat\/ietorrelles\/wp-content\/uploads\/usu2293\/2026\/02\/PREINSCRIP.png 1920w, https:\/\/agora.xtec.cat\/ietorrelles\/wp-content\/uploads\/usu2293\/2026\/02\/PREINSCRIP-300x75.png 300w, https:\/\/agora.xtec.cat\/ietorrelles\/wp-content\/uploads\/usu2293\/2026\/02\/PREINSCRIP-1024x256.png 1024w, https:\/\/agora.xtec.cat\/ietorrelles\/wp-content\/uploads\/usu2293\/2026\/02\/PREINSCRIP-768x192.png 768w, https:\/\/agora.xtec.cat\/ietorrelles\/wp-content\/uploads\/usu2293\/2026\/02\/PREINSCRIP-1536x384.png 1536w\" sizes=\"auto, (max-width: 1920px) 100vw, 1920px\" \/><\/a><\/p>\n<p dir=\"ltr\">M\u00e9s informaci\u00f3 clicant al baner.<\/p>\n<p><a href=\"https:\/\/agora.xtec.cat\/ietorrelles\/wp-content\/uploads\/usu2293\/2026\/03\/INFORME_OFERTA_OME_INFORME_OFERTA-3-marc-2026.pdf\"><strong>Llista de l&#8217;oferta inicial de places<\/strong><\/a><\/p>\n<p><strong><a href=\"https:\/\/agora.xtec.cat\/ietorrelles\/wp-content\/uploads\/usu2293\/2026\/04\/3.-INFORME_BAREM_RESOLTES_BAREM-23-abril-2026.pdf\">Llista de sol\u00b7licituds amb la puntuaci\u00f3, un cop resoltes les reclamacions<\/a><\/strong><\/p>\n<p><a href=\"https:\/\/agora.xtec.cat\/ietorrelles\/wp-content\/uploads\/usu2293\/2026\/04\/4.-Llista-de-sollicituds-ordenada-en-primera-peticio-29-abril-2026.pdf\"><strong>Llista de sol\u00b7licituds ordenada en primera petici\u00f3 29 abril 2026<\/strong><\/a><\/p>\n<hr \/>\n<p><strong><a href=\"https:\/\/agora.xtec.cat\/ietorrelles\/wp-content\/uploads\/usu2293\/2025\/11\/@ietorrelles.png\"><img loading=\"lazy\" decoding=\"async\" class=\"wp-image-3678 alignright\" src=\"https:\/\/agora.xtec.cat\/ietorrelles\/wp-content\/uploads\/usu2293\/2025\/11\/@ietorrelles.png\" alt=\"\" width=\"230\" height=\"287\" srcset=\"https:\/\/agora.xtec.cat\/ietorrelles\/wp-content\/uploads\/usu2293\/2025\/11\/@ietorrelles.png 1080w, https:\/\/agora.xtec.cat\/ietorrelles\/wp-content\/uploads\/usu2293\/2025\/11\/@ietorrelles-240x300.png 240w, https:\/\/agora.xtec.cat\/ietorrelles\/wp-content\/uploads\/usu2293\/2025\/11\/@ietorrelles-819x1024.png 819w, https:\/\/agora.xtec.cat\/ietorrelles\/wp-content\/uploads\/usu2293\/2025\/11\/@ietorrelles-768x960.png 768w\" sizes=\"auto, (max-width: 230px) 100vw, 230px\" \/><\/a><\/strong><\/p>\n<h1><strong>Seguiu-nos a Instagram per estar al dia de les activitats i avisos del centre.<\/strong><\/h1>\n<p>Vols estar al corrent de tot el que passa al nostre centre? Seguint-nos a Instagram trobar\u00e0s informaci\u00f3 actualitzada sobre activitats, avisos importants, projectes i moments especials dels nostres alumnes. \u00c9s la manera m\u00e9s f\u00e0cil de no perdre\u2019t res del que fem cada dia!<\/p>\n<p>&nbsp;<\/p>\n<p>&nbsp;<\/p>\n<hr \/>\n<p><a href=\"https:\/\/educacio.gencat.cat\/ca\/tramits\/tramits-temes\/admissio-centre-fora-proces-preinscripcio\"><img loading=\"lazy\" decoding=\"async\" class=\"wp-image-3564 size-full\" src=\"https:\/\/agora.xtec.cat\/ietorrelles\/wp-content\/uploads\/usu2293\/2025\/09\/MATRICULA-VIVA.png\" alt=\"\" width=\"1920\" height=\"480\" srcset=\"https:\/\/agora.xtec.cat\/ietorrelles\/wp-content\/uploads\/usu2293\/2025\/09\/MATRICULA-VIVA.png 1920w, https:\/\/agora.xtec.cat\/ietorrelles\/wp-content\/uploads\/usu2293\/2025\/09\/MATRICULA-VIVA-300x75.png 300w, https:\/\/agora.xtec.cat\/ietorrelles\/wp-content\/uploads\/usu2293\/2025\/09\/MATRICULA-VIVA-1024x256.png 1024w, https:\/\/agora.xtec.cat\/ietorrelles\/wp-content\/uploads\/usu2293\/2025\/09\/MATRICULA-VIVA-768x192.png 768w, https:\/\/agora.xtec.cat\/ietorrelles\/wp-content\/uploads\/usu2293\/2025\/09\/MATRICULA-VIVA-1536x384.png 1536w\" sizes=\"auto, (max-width: 1920px) 100vw, 1920px\" \/><\/a><\/p>\n","protected":false},"excerpt":{"rendered":"<p>&nbsp;<\/p>\n<p><a href=\"https:\/\/agora.xtec.cat\/ietorrelles\/eso-2\/preinscripcio-al-curs-2026-27\/\"><\/a><br \/>\nM\u00e9s informaci\u00f3 clicant al baner.<br \/>\n<a href=\"https:\/\/agora.xtec.cat\/ietorrelles\/wp-content\/uploads\/usu2293\/2026\/03\/INFORME_OFERTA_OME_INFORME_OFERTA-3-marc-2026.pdf\">Llista de l&#8217;oferta inicial de places<\/a><br \/>\n<a href=\"https:\/\/agora.xtec.cat\/ietorrelles\/wp-content\/uploads\/usu2293\/2026\/04\/3.-INFORME_BAREM_RESOLTES_BAREM-23-abril-2026.pdf\">Llista de sol\u00b7licituds amb la puntuaci\u00f3, un cop resoltes les reclamacions<\/a><br \/>\n<a href=\"https:\/\/agora.xtec.cat\/ietorrelles\/wp-content\/uploads\/usu2293\/2026\/04\/4.-Llista-de-sollicituds-ordenada-en-primera-peticio-29-abril-2026.pdf\">Llista de sol\u00b7licituds ordenada en primera petici\u00f3 29 abril 2026<\/a><\/p>\n<p><a href=\"https:\/\/agora.xtec.cat\/ietorrelles\/wp-content\/uploads\/usu2293\/2025\/11\/@ietorrelles.png\"><\/a><br \/>\nSeguiu-nos a Instagram per estar al dia de les activitats i avisos&hellip;  <a href=\"https:\/\/agora.xtec.cat\/ietorrelles\/\" title=\"Read Cap\u00e7alera inicial\">Llegeix m\u00e9s\u00bb<\/a><\/p>\n","protected":false},"author":1,"featured_media":0,"parent":7,"menu_order":0,"comment_status":"closed","ping_status":"closed","template":"page-templates\/front-page.php","meta":{"_bbp_topic_count":0,"_bbp_reply_count":0,"_bbp_total_topic_count":0,"_bbp_total_reply_count":0,"_bbp_voice_count":0,"_bbp_anonymous_reply_count":0,"_bbp_topic_count_hidden":0,"_bbp_reply_count_hidden":0,"_bbp_forum_subforum_count":0,"footnotes":""},"class_list":["post-9","page","type-page","status-publish","hentry"],"post_mailing_queue_ids":[],"_links":{"self":[{"href":"https:\/\/agora.xtec.cat\/ietorrelles\/wp-json\/wp\/v2\/pages\/9","targetHints":{"allow":["GET"]}}],"collection":[{"href":"https:\/\/agora.xtec.cat\/ietorrelles\/wp-json\/wp\/v2\/pages"}],"about":[{"href":"https:\/\/agora.xtec.cat\/ietorrelles\/wp-json\/wp\/v2\/types\/page"}],"author":[{"embeddable":true,"href":"https:\/\/agora.xtec.cat\/ietorrelles\/wp-json\/wp\/v2\/users\/1"}],"replies":[{"embeddable":true,"href":"https:\/\/agora.xtec.cat\/ietorrelles\/wp-json\/wp\/v2\/comments?post=9"}],"version-history":[{"count":8,"href":"https:\/\/agora.xtec.cat\/ietorrelles\/wp-json\/wp\/v2\/pages\/9\/revisions"}],"predecessor-version":[{"id":3868,"href":"https:\/\/agora.xtec.cat\/ietorrelles\/wp-json\/wp\/v2\/pages\/9\/revisions\/3868"}],"up":[{"embeddable":true,"href":"https:\/\/agora.xtec.cat\/ietorrelles\/wp-json\/wp\/v2\/pages\/7"}],"wp:attachment":[{"href":"https:\/\/agora.xtec.cat\/ietorrelles\/wp-json\/wp\/v2\/media?parent=9"}],"curies":[{"name":"wp","href":"https:\/\/api.w.org\/{rel}","templated":true}]}}