{"id":3498,"date":"2025-09-22T10:15:44","date_gmt":"2025-09-22T08:15:44","guid":{"rendered":"https:\/\/agora.xtec.cat\/ietorrelles\/?page_id=3498"},"modified":"2025-09-22T10:15:44","modified_gmt":"2025-09-22T08:15:44","slug":"educacio-i-cooperacio-amb-tujereng","status":"publish","type":"page","link":"https:\/\/agora.xtec.cat\/ietorrelles\/educacio-i-cooperacio-amb-tujereng\/","title":{"rendered":"Educaci\u00f3 i cooperaci\u00f3 amb Tujereng"},"content":{"rendered":"<p><span style=\"font-weight: 400;\">L\u2019Institut Escola de Torrelles, en endavant IE Torrelles,\u00a0 \u00e9s un centre de nova creaci\u00f3 que neix l\u2019any 2022 fruit de la fusi\u00f3 dels tres centres educatius (Escola Can Coll, Escola Sant Mart\u00ed i Secci\u00f3 d\u2019Institut Torrelles) que fins aleshores existien al nostre municipi, Torrelles de Llobregat.\u00a0\u00a0<\/span><\/p>\n<p><span style=\"font-weight: 400;\">Anteriorment a la constituci\u00f3 de l\u2019IE Torrelles, tots tres centres educatius havien estat duent a terme diferents activitats, promogudes per l\u2019Ajuntament de Torrelles de Llobregat i l\u2019entitat social Mbolo dins del seu projecte principal anomenat Fandema, relacionades amb l\u2019intercanvi i el coneixement social i\u00a0 cultural de G\u00e0mbia.\u00a0<\/span><\/p>\n<p><span style=\"font-weight: 400;\">L\u2019any 2017, arran de l\u2019agermanament entre els pobles de Torrelles de Llobregat (Catalunya) i Tujereng (G\u00e0mbia), totes tres escoles intensifiquen aquestes activitats i amplien el seu \u00e0mbit d\u2019actuaci\u00f3, promovent xerrades, teatralitzacions aix\u00ed com altres activitats d\u2019intercanvi.<\/span><\/p>\n<p><span style=\"font-weight: 400;\">El curs 2022-2023, dins del context de l\u2019IE Torrelles, un equip de docents amb l\u2019objectiu de donar continu\u00eftat i vertebrar el projecte, creen un grup de treball que mesos despr\u00e9s es constitueix oficialment en forma de Comissi\u00f3.<\/span><\/p>\n<p><span style=\"font-weight: 400;\">Durant el Juliol de 2023, aquest equip de treball viatge fins a Tujereng (G\u00e0mbia) per tal de con\u00e8ixer de primera m\u00e0 la realitat socio-cultural i educativa de Tujereng i establir un contacte directe de col\u00b7laboraci\u00f3 i intercanvi amb l\u2019escola de Fandema (Mbolo) i diferents escoles p\u00fabliques del municipi, per poder veure les necessitats in-situ, per tal de poder establir una col\u00b7laboraci\u00f3 conjunta m\u00e9s efectiva.<\/span><\/p>\n<p>Us fem arribar el <a href=\"https:\/\/drive.google.com\/file\/d\/14rJ1ooEbZmwBibC0tq6LvxcShKpMa58N\/view?usp=drive_link\">Projecte d&#8217;educaci\u00f3 i cooperaci\u00f3 amb Tujereng<\/a> per a que el pugueu veure.<\/p>\n","protected":false},"excerpt":{"rendered":"<p>L\u2019Institut Escola de Torrelles, en endavant IE Torrelles,\u00a0 \u00e9s un centre de nova creaci\u00f3 que neix l\u2019any 2022 fruit de la fusi\u00f3 dels tres centres educatius (Escola Can Coll, Escola Sant Mart\u00ed i Secci\u00f3 d\u2019Institut Torrelles) que fins aleshores existien al nostre municipi, Torrelles de&hellip;  <a href=\"https:\/\/agora.xtec.cat\/ietorrelles\/educacio-i-cooperacio-amb-tujereng\/\" title=\"Read Educaci\u00f3 i cooperaci\u00f3 amb Tujereng\">Llegeix m\u00e9s\u00bb<\/a><\/p>\n","protected":false},"author":2,"featured_media":0,"parent":0,"menu_order":0,"comment_status":"closed","ping_status":"closed","template":"","meta":{"_bbp_topic_count":0,"_bbp_reply_count":0,"_bbp_total_topic_count":0,"_bbp_total_reply_count":0,"_bbp_voice_count":0,"_bbp_anonymous_reply_count":0,"_bbp_topic_count_hidden":0,"_bbp_reply_count_hidden":0,"_bbp_forum_subforum_count":0,"footnotes":""},"class_list":["post-3498","page","type-page","status-publish","hentry"],"post_mailing_queue_ids":[],"_links":{"self":[{"href":"https:\/\/agora.xtec.cat\/ietorrelles\/wp-json\/wp\/v2\/pages\/3498","targetHints":{"allow":["GET"]}}],"collection":[{"href":"https:\/\/agora.xtec.cat\/ietorrelles\/wp-json\/wp\/v2\/pages"}],"about":[{"href":"https:\/\/agora.xtec.cat\/ietorrelles\/wp-json\/wp\/v2\/types\/page"}],"author":[{"embeddable":true,"href":"https:\/\/agora.xtec.cat\/ietorrelles\/wp-json\/wp\/v2\/users\/2"}],"replies":[{"embeddable":true,"href":"https:\/\/agora.xtec.cat\/ietorrelles\/wp-json\/wp\/v2\/comments?post=3498"}],"version-history":[{"count":1,"href":"https:\/\/agora.xtec.cat\/ietorrelles\/wp-json\/wp\/v2\/pages\/3498\/revisions"}],"predecessor-version":[{"id":3500,"href":"https:\/\/agora.xtec.cat\/ietorrelles\/wp-json\/wp\/v2\/pages\/3498\/revisions\/3500"}],"wp:attachment":[{"href":"https:\/\/agora.xtec.cat\/ietorrelles\/wp-json\/wp\/v2\/media?parent=3498"}],"curies":[{"name":"wp","href":"https:\/\/api.w.org\/{rel}","templated":true}]}}