{"id":2455,"date":"2024-04-24T16:25:55","date_gmt":"2024-04-24T14:25:55","guid":{"rendered":"https:\/\/agora.xtec.cat\/ietorrelles\/?page_id=2455"},"modified":"2024-04-24T16:32:30","modified_gmt":"2024-04-24T14:32:30","slug":"sostenibilitat","status":"publish","type":"page","link":"https:\/\/agora.xtec.cat\/ietorrelles\/sostenibilitat\/","title":{"rendered":"Sostenibilitat"},"content":{"rendered":"<p><span style=\"font-weight: 400;\">El nostre Institut-Escola mostra comprom\u00eds per la <strong>sostenibilitat del medi ambient<\/strong>, fent part\u00edcips a tota la <strong>comunitat educativa<\/strong>, incentivant-los amb activitats i tallers i, <strong>integrant l\u2019educaci\u00f3 ambiental<\/strong> en la programaci\u00f3 d\u2019aula.<\/span><\/p>\n<p><span style=\"font-weight: 400;\">La nostra mirada est\u00e0 focalitzada en els <strong>Objectius de Desenvolupament Sostenible<\/strong> (<\/span><a href=\"https:\/\/www.un.org\/sustainabledevelopment\/es\/2015\/09\/la-asamblea-general-adopta-la-agenda-2030-para-el-desarrollo-sostenible\/\"><span style=\"font-weight: 400;\">ODS<\/span><\/a><span style=\"font-weight: 400;\">) inclosos en l\u2019agenda 2030.<\/span><\/p>\n<p><span style=\"font-weight: 400;\">La finalitat d\u2019aquest enfocament \u00e9s que, tota la comunitat educativa, <strong>prengui consci\u00e8ncia de la import\u00e0ncia de ser proactius i proactives davant del gran repte global<\/strong> d\u2019aconseguir un <strong>m\u00f3n m\u00e9s sostenible<\/strong>.\u00a0<\/span><\/p>\n<p><span style=\"font-weight: 400;\">La comissi\u00f3 de Sostenibilitat t\u00e9 com a <strong>objectius<\/strong> principals:<\/span><span style=\"font-weight: 400;\"><br \/>\n<\/span><\/p>\n<ul>\n<li style=\"font-weight: 400;\" aria-level=\"1\"><span style=\"font-weight: 400;\">Con\u00e8ixer el significat i posar en pr\u00e0ctica les <strong>5 R<\/strong>: <strong>Reciclar, Reduir, Reutilitzar, Recuperar i Reparar<\/strong>.<\/span><\/li>\n<li style=\"font-weight: 400;\" aria-level=\"1\"><span style=\"font-weight: 400;\"><strong>Implicar<\/strong> i fer participar de manera activa a tota la<strong> comunitat educativa i agents externs<\/strong> que afavoreixin la sostenibilitat.\u00a0<\/span><\/li>\n<li style=\"font-weight: 400;\" aria-level=\"1\"><span style=\"font-weight: 400;\">Fer conscients l\u2019alumnat del seu<strong> impacte en el medi ambient<\/strong>, comportant-se d\u2019acord amb unes pautes de conviv\u00e8ncia que l\u2019apropin a una responsabilitat individual i col\u00b7lectiva.\u00a0<\/span><\/li>\n<\/ul>\n<p><span style=\"font-weight: 400;\">Les <strong>accions<\/strong> realitzades i\/o que ens hem proposat dur a terme al llarg d\u2019aquests cursos s\u00f3n les seg\u00fcents:<\/span><\/p>\n<ul>\n<li style=\"font-weight: 400;\" aria-level=\"1\"><span style=\"font-weight: 400;\">Elaboraci\u00f3 del dec\u00e0leg \u201c<em>Siguem Eco-Warriors<\/em>\u201d.<\/span><\/li>\n<li style=\"font-weight: 400;\" aria-level=\"1\"><span style=\"font-weight: 400;\">Lectura i treball del dec\u00e0leg a les aules.<\/span><\/li>\n<li style=\"font-weight: 400;\" aria-level=\"1\"><span style=\"font-weight: 400;\">Assignaci\u00f3 de delegats i delegades verdes a les tutories.<\/span><\/li>\n<li style=\"font-weight: 400;\" aria-level=\"1\"><span style=\"font-weight: 400;\">Realitzar les auditories o graelles d\u2019observaci\u00f3 referents a \u00edtems sostenibles un cop al trimestre.<\/span><\/li>\n<li style=\"font-weight: 400;\" aria-level=\"1\"><span style=\"font-weight: 400;\">Explicaci\u00f3 d\u2019un conte: \u201c<\/span><i><span style=\"font-weight: 400;\">Aminata<\/span><\/i><span style=\"font-weight: 400;\">\u201d.<\/span><\/li>\n<li style=\"font-weight: 400;\" aria-level=\"1\"><span style=\"font-weight: 400;\">Visita a la planta de triatge de Gav\u00e0-Viladecans.<\/span><\/li>\n<li style=\"font-weight: 400;\" aria-level=\"1\"><span style=\"font-weight: 400;\">Participaci\u00f3 en el taller de recollida selectiva.<\/span><\/li>\n<li style=\"font-weight: 400;\" aria-level=\"1\"><span style=\"font-weight: 400;\">Activitats per fomentar el reciclatge i la reutilitzaci\u00f3.<\/span><\/li>\n<\/ul>\n<p style=\"text-align: center;\"><b>\u201cEducar cuidant el medi ambient \u00e9s ensenyar a valorar a la vida\u201d.<\/b><\/p>\n<p><a href=\"https:\/\/agora.xtec.cat\/ietorrelles\/wp-content\/uploads\/usu2293\/2024\/04\/Actualitzat_DECALEG_page-0001-scaled.jpg\"><img loading=\"lazy\" decoding=\"async\" class=\"alignnone size-full wp-image-2456\" src=\"https:\/\/agora.xtec.cat\/ietorrelles\/wp-content\/uploads\/usu2293\/2024\/04\/Actualitzat_DECALEG_page-0001-scaled.jpg\" alt=\"\" width=\"1024\" height=\"2560\" srcset=\"https:\/\/agora.xtec.cat\/ietorrelles\/wp-content\/uploads\/usu2293\/2024\/04\/Actualitzat_DECALEG_page-0001-scaled.jpg 1024w, https:\/\/agora.xtec.cat\/ietorrelles\/wp-content\/uploads\/usu2293\/2024\/04\/Actualitzat_DECALEG_page-0001-120x300.jpg 120w, https:\/\/agora.xtec.cat\/ietorrelles\/wp-content\/uploads\/usu2293\/2024\/04\/Actualitzat_DECALEG_page-0001-410x1024.jpg 410w, https:\/\/agora.xtec.cat\/ietorrelles\/wp-content\/uploads\/usu2293\/2024\/04\/Actualitzat_DECALEG_page-0001-768x1920.jpg 768w, https:\/\/agora.xtec.cat\/ietorrelles\/wp-content\/uploads\/usu2293\/2024\/04\/Actualitzat_DECALEG_page-0001-614x1536.jpg 614w, https:\/\/agora.xtec.cat\/ietorrelles\/wp-content\/uploads\/usu2293\/2024\/04\/Actualitzat_DECALEG_page-0001-819x2048.jpg 819w\" sizes=\"auto, (max-width: 1024px) 100vw, 1024px\" \/><\/a><\/p>\n","protected":false},"excerpt":{"rendered":"<p>El nostre Institut-Escola mostra comprom\u00eds per la sostenibilitat del medi ambient, fent part\u00edcips a tota la comunitat educativa, incentivant-los amb activitats i tallers i, integrant l\u2019educaci\u00f3 ambiental en la programaci\u00f3 d\u2019aula.<br \/>\nLa nostra mirada est\u00e0 focalitzada en els Objectius de Desenvolupament Sostenible (<a href=\"https:\/\/www.un.org\/sustainabledevelopment\/es\/2015\/09\/la-asamblea-general-adopta-la-agenda-2030-para-el-desarrollo-sostenible\/\">ODS<\/a>) inclosos en&hellip;  <a href=\"https:\/\/agora.xtec.cat\/ietorrelles\/sostenibilitat\/\" title=\"Read Sostenibilitat\">Llegeix m\u00e9s\u00bb<\/a><\/p>\n","protected":false},"author":66,"featured_media":0,"parent":0,"menu_order":5,"comment_status":"closed","ping_status":"closed","template":"","meta":{"_bbp_topic_count":0,"_bbp_reply_count":0,"_bbp_total_topic_count":0,"_bbp_total_reply_count":0,"_bbp_voice_count":0,"_bbp_anonymous_reply_count":0,"_bbp_topic_count_hidden":0,"_bbp_reply_count_hidden":0,"_bbp_forum_subforum_count":0,"footnotes":""},"class_list":["post-2455","page","type-page","status-publish","hentry"],"post_mailing_queue_ids":[],"_links":{"self":[{"href":"https:\/\/agora.xtec.cat\/ietorrelles\/wp-json\/wp\/v2\/pages\/2455","targetHints":{"allow":["GET"]}}],"collection":[{"href":"https:\/\/agora.xtec.cat\/ietorrelles\/wp-json\/wp\/v2\/pages"}],"about":[{"href":"https:\/\/agora.xtec.cat\/ietorrelles\/wp-json\/wp\/v2\/types\/page"}],"author":[{"embeddable":true,"href":"https:\/\/agora.xtec.cat\/ietorrelles\/wp-json\/wp\/v2\/users\/66"}],"replies":[{"embeddable":true,"href":"https:\/\/agora.xtec.cat\/ietorrelles\/wp-json\/wp\/v2\/comments?post=2455"}],"version-history":[{"count":3,"href":"https:\/\/agora.xtec.cat\/ietorrelles\/wp-json\/wp\/v2\/pages\/2455\/revisions"}],"predecessor-version":[{"id":2459,"href":"https:\/\/agora.xtec.cat\/ietorrelles\/wp-json\/wp\/v2\/pages\/2455\/revisions\/2459"}],"wp:attachment":[{"href":"https:\/\/agora.xtec.cat\/ietorrelles\/wp-json\/wp\/v2\/media?parent=2455"}],"curies":[{"name":"wp","href":"https:\/\/api.w.org\/{rel}","templated":true}]}}