{"id":6046,"date":"2020-04-06T09:54:14","date_gmt":"2020-04-06T07:54:14","guid":{"rendered":"http:\/\/agora.xtec.cat\/iesvplantada\/?page_id=6046"},"modified":"2026-03-31T08:19:49","modified_gmt":"2026-03-31T06:19:49","slug":"preguntes-frequents","status":"publish","type":"page","link":"https:\/\/agora.xtec.cat\/iesvplantada\/portes-obertes-virtuals-2026\/portes-obertes-virtuals-cfgm-gmn-2026\/preguntes-frequents\/","title":{"rendered":"Preguntes freq\u00fcents"},"content":{"rendered":"<h4 id=\"amunt\"><\/h4>\n<table style=\"width: 900px;\">\n<tbody>\n<tr>\n<td style=\"width: 450.100px;\"><a href=\"#pregunta01\"><strong>Quantes l\u00ednies hi ha al centre?<\/strong><\/a><\/td>\n<td style=\"width: 450.100px;\"><a href=\"#pregunta02\"><strong>Quants alumnes poden accedir al Cicle Formatiu?<\/strong><\/a><\/td>\n<\/tr>\n<tr>\n<td style=\"width: 450.100px;\"><a href=\"#pregunta03\"><strong>Quins s\u00f3n els criteris de prioritat en cas que la demanda superi l&#8217;oferta de places?<\/strong><\/a><\/td>\n<td style=\"width: 450.100px;\"><a href=\"#pregunta04\"><b>L&#8217;assist\u00e8ncia \u00e9s obligat\u00f2ria?<\/b><\/a><\/td>\n<\/tr>\n<tr>\n<td style=\"width: 450.100px;\"><a href=\"#pregunta05\"><b>Quin tipus d&#8217;avaluaci\u00f3 es fa?<\/b><\/a><\/td>\n<td style=\"width: 450.100px;\"><a href=\"#pregunta06\"><b>Les sortides s\u00f3n obligat\u00f2ries?<\/b><\/a><\/td>\n<\/tr>\n<tr>\n<td style=\"width: 450.100px;\"><a href=\"#pregunta07\"><b>Quin \u00e9s l&#8217;horari?<\/b><\/a><\/td>\n<td style=\"width: 450.100px;\"><a href=\"#pregunta08\"><b>On es cursa el cicle formatiu?<\/b><\/a><\/td>\n<\/tr>\n<tr>\n<td style=\"width: 450.100px;\"><a href=\"#pregunta09\"><b>Quan s&#8217;ha de fer la preinscripci\u00f3?<\/b><\/a><\/td>\n<td style=\"width: 450.100px;\"><a href=\"#pregunta10\"><b>On es fa la preinscripci\u00f3?<\/b><\/a><\/td>\n<\/tr>\n<tr>\n<td style=\"width: 450.100px;\"><a href=\"#pregunta11\"><b>Quants centres s&#8217;ha de posar al full de preinscripci\u00f3?<\/b><\/a><\/td>\n<td style=\"width: 450.100px;\"><\/td>\n<\/tr>\n<\/tbody>\n<\/table>\n<p>&nbsp;<\/p>\n<p>Si no heu trobat la vostra pregunta, hem habilitat el correu <a href=\"mailto: portesobertes@insvplantada.cat\">portesobertes@insvplantada.cat <\/a> per atendre dubtes de car\u00e0cter particular<\/p>\n<p>&nbsp;<\/p>\n<table style=\"width: 100%; border: hidden;\">\n<tbody>\n<tr style=\"height: 100px;\">\n<td style=\"width: 95%; border: hidden; height: 100px;\">\n<h4 id=\"pregunta01\"><b>Quantes l\u00ednies hi ha al centre?<\/b><\/h4>\n<p>A GMN hi ha dos grups per a cada nivell de 30 alumnes, \u00e9s a dir, 2 grups per a primer i 2 per a segon de Grau Mitj\u00e0.<\/p>\n<p>A EASE nom\u00e9s hi ha un grup de 30 alumnes per a cada nivell. Un per primer i un per segon de Grau Superior.<\/p>\n<p>A CF hi ha un grup de 30 alumnes a 1r, ja que \u00e9s un cicle nou que iniciem aquest curs<\/td>\n<td style=\"width: 5%; border: hidden; height: 100px;\" valign=\"bottom\"><a href=\"#amunt\"><img loading=\"lazy\" decoding=\"async\" class=\"aligncenter size-full wp-image-5957\" src=\"https:\/\/agora.xtec.cat\/iesvplantada\/wp-content\/uploads\/usu537\/2020\/03\/fletxa.png\" alt=\"\" width=\"100\" height=\"100\" srcset=\"https:\/\/agora.xtec.cat\/iesvplantada\/wp-content\/uploads\/usu537\/2020\/03\/fletxa.png 512w, https:\/\/agora.xtec.cat\/iesvplantada\/wp-content\/uploads\/usu537\/2020\/03\/fletxa-150x150.png 150w, https:\/\/agora.xtec.cat\/iesvplantada\/wp-content\/uploads\/usu537\/2020\/03\/fletxa-300x300.png 300w\" sizes=\"auto, (max-width: 100px) 100vw, 100px\" \/><\/a><\/td>\n<\/tr>\n<tr style=\"height: 120px;\">\n<td style=\"width: 95%; border: hidden; height: 100px;\">\n<h4 id=\"pregunta02\"><b>Quants alumnes poden accedir al Cicle Formatiu?<\/b><\/h4>\n<p>30 per grup. Ho determina l\u2019oferta de places que es fa p\u00fablica. En aquesta oferta cal descomptar els alumnes repetidors.<\/td>\n<td style=\"width: 5%; border: hidden; height: 100px;\" valign=\"bottom\"><a href=\"#amunt\"><img loading=\"lazy\" decoding=\"async\" class=\"aligncenter size-full wp-image-5957\" src=\"https:\/\/agora.xtec.cat\/iesvplantada\/wp-content\/uploads\/usu537\/2020\/03\/fletxa.png\" alt=\"\" width=\"100\" height=\"100\" srcset=\"https:\/\/agora.xtec.cat\/iesvplantada\/wp-content\/uploads\/usu537\/2020\/03\/fletxa.png 512w, https:\/\/agora.xtec.cat\/iesvplantada\/wp-content\/uploads\/usu537\/2020\/03\/fletxa-150x150.png 150w, https:\/\/agora.xtec.cat\/iesvplantada\/wp-content\/uploads\/usu537\/2020\/03\/fletxa-300x300.png 300w\" sizes=\"auto, (max-width: 100px) 100vw, 100px\" \/><\/a><\/td>\n<\/tr>\n<tr style=\"height: 100px;\">\n<td style=\"width: 95%; border: hidden; height: 100px;\">\n<h4 id=\"pregunta03\"><b>Quins s\u00f3n els criteris de prioritat en el cas que la demanda superi l&#8217;oferta de places?<\/b><\/h4>\n<p><span style=\"font-weight: 400;\">Exclusivament la nota del curs i\/o procediment d&#8217;acc\u00e9s.<\/span><b><\/b><\/td>\n<td style=\"width: 5%; border: hidden; height: 100px;\" valign=\"bottom\"><a href=\"#amunt\"><img loading=\"lazy\" decoding=\"async\" class=\"aligncenter size-full wp-image-5957\" src=\"https:\/\/agora.xtec.cat\/iesvplantada\/wp-content\/uploads\/usu537\/2020\/03\/fletxa.png\" alt=\"\" width=\"100\" height=\"100\" srcset=\"https:\/\/agora.xtec.cat\/iesvplantada\/wp-content\/uploads\/usu537\/2020\/03\/fletxa.png 512w, https:\/\/agora.xtec.cat\/iesvplantada\/wp-content\/uploads\/usu537\/2020\/03\/fletxa-150x150.png 150w, https:\/\/agora.xtec.cat\/iesvplantada\/wp-content\/uploads\/usu537\/2020\/03\/fletxa-300x300.png 300w\" sizes=\"auto, (max-width: 100px) 100vw, 100px\" \/><\/a><\/td>\n<\/tr>\n<tr style=\"height: 100px;\">\n<td style=\"width: 95%; border: hidden; height: 100px;\">\n<h4 id=\"pregunta04\"><b>L&#8217;assist\u00e8ncia \u00e9s obligat\u00f2ria?<\/b><\/h4>\n<p><span style=\"font-weight: 400;\">S\u00ed. Per poder optar a l\u2019avaluaci\u00f3 continuada cal assistir amb aprofitament a un 80% de la mat\u00e8ria, unitat formativa, o M\u00f2dul professional.<\/span><\/td>\n<td style=\"width: 5%; border: hidden; height: 100px;\" valign=\"bottom\"><a href=\"#amunt\"><img loading=\"lazy\" decoding=\"async\" class=\"aligncenter size-full wp-image-5957\" src=\"https:\/\/agora.xtec.cat\/iesvplantada\/wp-content\/uploads\/usu537\/2020\/03\/fletxa.png\" alt=\"\" width=\"100\" height=\"100\" srcset=\"https:\/\/agora.xtec.cat\/iesvplantada\/wp-content\/uploads\/usu537\/2020\/03\/fletxa.png 512w, https:\/\/agora.xtec.cat\/iesvplantada\/wp-content\/uploads\/usu537\/2020\/03\/fletxa-150x150.png 150w, https:\/\/agora.xtec.cat\/iesvplantada\/wp-content\/uploads\/usu537\/2020\/03\/fletxa-300x300.png 300w\" sizes=\"auto, (max-width: 100px) 100vw, 100px\" \/><\/a><\/td>\n<\/tr>\n<tr style=\"height: 100px;\">\n<td style=\"width: 95%; border: hidden; height: 100px;\">\n<h4 id=\"pregunta05\"><b>Quin tipus d&#8217;avaluaci\u00f3 es fa?<\/b><\/h4>\n<p><span style=\"font-weight: 400;\">Es fa avaluaci\u00f3 cont\u00ednua. En cas que un alumne superi el percentatge d\u2019abs\u00e8ncies, passa a fer un examen final.<\/span><\/td>\n<td style=\"width: 5%; border: hidden; height: 100px;\" valign=\"bottom\"><a href=\"#amunt\"><img loading=\"lazy\" decoding=\"async\" class=\"aligncenter size-full wp-image-5957\" src=\"https:\/\/agora.xtec.cat\/iesvplantada\/wp-content\/uploads\/usu537\/2020\/03\/fletxa.png\" alt=\"\" width=\"100\" height=\"100\" srcset=\"https:\/\/agora.xtec.cat\/iesvplantada\/wp-content\/uploads\/usu537\/2020\/03\/fletxa.png 512w, https:\/\/agora.xtec.cat\/iesvplantada\/wp-content\/uploads\/usu537\/2020\/03\/fletxa-150x150.png 150w, https:\/\/agora.xtec.cat\/iesvplantada\/wp-content\/uploads\/usu537\/2020\/03\/fletxa-300x300.png 300w\" sizes=\"auto, (max-width: 100px) 100vw, 100px\" \/><\/a><\/td>\n<\/tr>\n<tr style=\"height: 100px;\">\n<td style=\"width: 95%; border: hidden; height: 100px;\">\n<h4 id=\"pregunta06\"><b>Les sortides s\u00f3n obligat\u00f2ries?<\/b><\/h4>\n<p><span style=\"font-weight: 400;\">S\u00ed, s\u00f3n curriculars i diferents en cada curs i cicle, en funci\u00f3 de les mat\u00e8ries i \/o m\u00f2duls que s\u2019estiguin cursant.<\/span><\/td>\n<td style=\"width: 5%; border: hidden; height: 100px;\" valign=\"bottom\"><a href=\"#amunt\"><img loading=\"lazy\" decoding=\"async\" class=\"aligncenter size-full wp-image-5957\" src=\"https:\/\/agora.xtec.cat\/iesvplantada\/wp-content\/uploads\/usu537\/2020\/03\/fletxa.png\" alt=\"\" width=\"100\" height=\"100\" srcset=\"https:\/\/agora.xtec.cat\/iesvplantada\/wp-content\/uploads\/usu537\/2020\/03\/fletxa.png 512w, https:\/\/agora.xtec.cat\/iesvplantada\/wp-content\/uploads\/usu537\/2020\/03\/fletxa-150x150.png 150w, https:\/\/agora.xtec.cat\/iesvplantada\/wp-content\/uploads\/usu537\/2020\/03\/fletxa-300x300.png 300w\" sizes=\"auto, (max-width: 100px) 100vw, 100px\" \/><\/a><\/td>\n<\/tr>\n<tr style=\"height: 100px;\">\n<td style=\"width: 95%; border: hidden; height: 100px;\">\n<h4 id=\"pregunta07\"><b>Quin \u00e9s l&#8217;horari?<\/b><\/h4>\n<p><span style=\"font-weight: 400;\">De 8 a 14,30. Per\u00f2 cal tenir present que alguns dies es pot entrar m\u00e9s tard o sortir m\u00e9s d\u2019hora (quedar\u00e0 determinat en l\u2019horari), i que en cas de les sortides, en especial les que es fan en el medi natural, mai es pot garantir l\u2019hora d\u2019arribada.<\/span><b><\/b><\/td>\n<td style=\"width: 5%; border: hidden; height: 100px;\" valign=\"bottom\"><a href=\"#amunt\"><img loading=\"lazy\" decoding=\"async\" class=\"aligncenter size-full wp-image-5957\" src=\"https:\/\/agora.xtec.cat\/iesvplantada\/wp-content\/uploads\/usu537\/2020\/03\/fletxa.png\" alt=\"\" width=\"100\" height=\"100\" srcset=\"https:\/\/agora.xtec.cat\/iesvplantada\/wp-content\/uploads\/usu537\/2020\/03\/fletxa.png 512w, https:\/\/agora.xtec.cat\/iesvplantada\/wp-content\/uploads\/usu537\/2020\/03\/fletxa-150x150.png 150w, https:\/\/agora.xtec.cat\/iesvplantada\/wp-content\/uploads\/usu537\/2020\/03\/fletxa-300x300.png 300w\" sizes=\"auto, (max-width: 100px) 100vw, 100px\" \/><\/a><\/td>\n<\/tr>\n<tr style=\"height: 100px;\">\n<td style=\"width: 95%; border: hidden; height: 100px;\">\n<h4 id=\"pregunta08\"><b>On es cursa el cicle formatiu?<\/b><\/h4>\n<p><span style=\"font-weight: 400;\">La part de les classes pr\u00e0ctiques a l\u2019Institut i a l\u2019Escola Joan Salvat Papasseit, i les pr\u00e0ctiques a diferents instal\u00b7lacions del Municipi i rodalies.<\/span><b><\/b><\/td>\n<td style=\"width: 5%; border: hidden; height: 100px;\" valign=\"bottom\"><a href=\"#amunt\"><img loading=\"lazy\" decoding=\"async\" class=\"aligncenter size-full wp-image-5957\" src=\"https:\/\/agora.xtec.cat\/iesvplantada\/wp-content\/uploads\/usu537\/2020\/03\/fletxa.png\" alt=\"\" width=\"100\" height=\"100\" srcset=\"https:\/\/agora.xtec.cat\/iesvplantada\/wp-content\/uploads\/usu537\/2020\/03\/fletxa.png 512w, https:\/\/agora.xtec.cat\/iesvplantada\/wp-content\/uploads\/usu537\/2020\/03\/fletxa-150x150.png 150w, https:\/\/agora.xtec.cat\/iesvplantada\/wp-content\/uploads\/usu537\/2020\/03\/fletxa-300x300.png 300w\" sizes=\"auto, (max-width: 100px) 100vw, 100px\" \/><\/a><\/td>\n<\/tr>\n<tr style=\"height: 100px;\">\n<td style=\"width: 95%; border: hidden; height: 100px;\">\n<h4 id=\"pregunta09\"><b>Quan s&#8217;ha de fer la preinscripci\u00f3?<\/b><\/h4>\n<p><span style=\"font-weight: 400;\">Quan ho determini l\u2019Administraci\u00f3 competent.<\/span><\/td>\n<td style=\"width: 5%; border: hidden; height: 100px;\" valign=\"bottom\"><a href=\"#amunt\"><img loading=\"lazy\" decoding=\"async\" class=\"aligncenter size-full wp-image-5957\" src=\"https:\/\/agora.xtec.cat\/iesvplantada\/wp-content\/uploads\/usu537\/2020\/03\/fletxa.png\" alt=\"\" width=\"100\" height=\"100\" srcset=\"https:\/\/agora.xtec.cat\/iesvplantada\/wp-content\/uploads\/usu537\/2020\/03\/fletxa.png 512w, https:\/\/agora.xtec.cat\/iesvplantada\/wp-content\/uploads\/usu537\/2020\/03\/fletxa-150x150.png 150w, https:\/\/agora.xtec.cat\/iesvplantada\/wp-content\/uploads\/usu537\/2020\/03\/fletxa-300x300.png 300w\" sizes=\"auto, (max-width: 100px) 100vw, 100px\" \/><\/a><\/td>\n<\/tr>\n<tr style=\"height: 100px;\">\n<td style=\"width: 95%; border: hidden; height: 100px;\">\n<h4 id=\"pregunta10\"><b>On es fa la preinscripci\u00f3?<\/b><\/h4>\n<p><span style=\"font-weight: 400;\">Telem\u00e0ticament a l\u2019aplicatiu que l\u2019administraci\u00f3 posar\u00e0 a l&#8217;abast dels alumnes.\u00a0<\/span><\/td>\n<td style=\"width: 5%; border: hidden; height: 100px;\" valign=\"bottom\"><a href=\"#amunt\"><img loading=\"lazy\" decoding=\"async\" class=\"aligncenter size-full wp-image-5957\" src=\"https:\/\/agora.xtec.cat\/iesvplantada\/wp-content\/uploads\/usu537\/2020\/03\/fletxa.png\" alt=\"\" width=\"100\" height=\"100\" srcset=\"https:\/\/agora.xtec.cat\/iesvplantada\/wp-content\/uploads\/usu537\/2020\/03\/fletxa.png 512w, https:\/\/agora.xtec.cat\/iesvplantada\/wp-content\/uploads\/usu537\/2020\/03\/fletxa-150x150.png 150w, https:\/\/agora.xtec.cat\/iesvplantada\/wp-content\/uploads\/usu537\/2020\/03\/fletxa-300x300.png 300w\" sizes=\"auto, (max-width: 100px) 100vw, 100px\" \/><\/a><\/td>\n<\/tr>\n<tr style=\"height: 100px;\">\n<td style=\"width: 95%; border: hidden; height: 100px;\">\n<h4 id=\"pregunta11\"><b>Quants centres s&#8217;ha de posar al full de preinscripci\u00f3?<\/b><\/h4>\n<p><span style=\"font-weight: 400;\">Tants com ho permeti la preinscripci\u00f3, per\u00f2 nom\u00e9s s\u2019ha de presentar una vegada.<\/span><\/td>\n<td style=\"width: 5%; border: hidden; height: 100px;\" valign=\"bottom\"><a href=\"#amunt\"><img loading=\"lazy\" decoding=\"async\" class=\"aligncenter size-full wp-image-5957\" src=\"https:\/\/agora.xtec.cat\/iesvplantada\/wp-content\/uploads\/usu537\/2020\/03\/fletxa.png\" alt=\"\" width=\"100\" height=\"100\" srcset=\"https:\/\/agora.xtec.cat\/iesvplantada\/wp-content\/uploads\/usu537\/2020\/03\/fletxa.png 512w, https:\/\/agora.xtec.cat\/iesvplantada\/wp-content\/uploads\/usu537\/2020\/03\/fletxa-150x150.png 150w, https:\/\/agora.xtec.cat\/iesvplantada\/wp-content\/uploads\/usu537\/2020\/03\/fletxa-300x300.png 300w\" sizes=\"auto, (max-width: 100px) 100vw, 100px\" \/><\/a><\/td>\n<\/tr>\n<\/tbody>\n<\/table>\n<p>&nbsp;<\/p>\n","protected":false},"excerpt":{"rendered":"<p><a href=\"#pregunta01\">Quantes l\u00ednies hi ha al centre?<\/a><br \/>\n<a href=\"#pregunta02\">Quants alumnes poden accedir al Cicle Formatiu?<\/a><\/p>\n<p><a href=\"#pregunta03\">Quins s\u00f3n els criteris de prioritat en cas que la demanda superi l&#8217;oferta de places?<\/a><br \/>\n<a href=\"#pregunta04\">L&#8217;assist\u00e8ncia \u00e9s obligat\u00f2ria?<\/a><\/p>\n<p><a href=\"#pregunta05\">Quin tipus d&#8217;avaluaci\u00f3 es fa?<\/a><br \/>\n<a href=\"#pregunta06\">Les sortides s\u00f3n obligat\u00f2ries?<\/a><\/p>\n<p><a href=\"#pregunta07\">Quin \u00e9s l&#8217;horari?<\/a><br \/>\n<a href=\"#pregunta08\">On&hellip;  <a href=\"https:\/\/agora.xtec.cat\/iesvplantada\/portes-obertes-virtuals-2026\/portes-obertes-virtuals-cfgm-gmn-2026\/preguntes-frequents\/\" title=\"Read Preguntes freq\u00fcents\">Llegeix m\u00e9s\u00bb<\/a><\/p>\n","protected":false},"author":7,"featured_media":0,"parent":6044,"menu_order":0,"comment_status":"closed","ping_status":"closed","template":"","meta":{"_bbp_topic_count":0,"_bbp_reply_count":0,"_bbp_total_topic_count":0,"_bbp_total_reply_count":0,"_bbp_voice_count":0,"_bbp_anonymous_reply_count":0,"_bbp_topic_count_hidden":0,"_bbp_reply_count_hidden":0,"_bbp_forum_subforum_count":0,"footnotes":""},"class_list":["post-6046","page","type-page","status-publish","hentry"],"post_mailing_queue_ids":[],"_links":{"self":[{"href":"https:\/\/agora.xtec.cat\/iesvplantada\/wp-json\/wp\/v2\/pages\/6046","targetHints":{"allow":["GET"]}}],"collection":[{"href":"https:\/\/agora.xtec.cat\/iesvplantada\/wp-json\/wp\/v2\/pages"}],"about":[{"href":"https:\/\/agora.xtec.cat\/iesvplantada\/wp-json\/wp\/v2\/types\/page"}],"author":[{"embeddable":true,"href":"https:\/\/agora.xtec.cat\/iesvplantada\/wp-json\/wp\/v2\/users\/7"}],"replies":[{"embeddable":true,"href":"https:\/\/agora.xtec.cat\/iesvplantada\/wp-json\/wp\/v2\/comments?post=6046"}],"version-history":[{"count":6,"href":"https:\/\/agora.xtec.cat\/iesvplantada\/wp-json\/wp\/v2\/pages\/6046\/revisions"}],"predecessor-version":[{"id":11376,"href":"https:\/\/agora.xtec.cat\/iesvplantada\/wp-json\/wp\/v2\/pages\/6046\/revisions\/11376"}],"up":[{"embeddable":true,"href":"https:\/\/agora.xtec.cat\/iesvplantada\/wp-json\/wp\/v2\/pages\/6044"}],"wp:attachment":[{"href":"https:\/\/agora.xtec.cat\/iesvplantada\/wp-json\/wp\/v2\/media?parent=6046"}],"curies":[{"name":"wp","href":"https:\/\/api.w.org\/{rel}","templated":true}]}}